{"id":9198,"date":"2018-01-17T11:07:46","date_gmt":"2018-01-17T10:07:46","guid":{"rendered":"http:\/\/serveiseducatius.xtec.cat\/vallesoccidental7\/?page_id=9198"},"modified":"2022-09-20T10:27:04","modified_gmt":"2022-09-20T08:27:04","slug":"latencio-a-la-diversitat-a-primaria-compartint-practiques-i-criteris-mestres-deducacio-especial","status":"publish","type":"page","link":"https:\/\/serveiseducatius.xtec.cat\/vallesoccidental7\/formacio\/latencio-a-la-diversitat-a-primaria-compartint-practiques-i-criteris-mestres-deducacio-especial\/","title":{"rendered":"Seminari  d&#8217;Inclusi\u00f3"},"content":{"rendered":"<h3>Curs 2021\/2022<\/h3>\n<table style=\"border-collapse: collapse; width: 100%; height: 150px;\">\n<tbody>\n<tr style=\"height: 30px;\">\n<td style=\"width: 100%; height: 30px;\"><a href=\"https:\/\/docs.google.com\/document\/d\/12vo-gHD18jmF7VMR4fZ6GxktoMxQ793Jf9i2vYjxg8I\/edit?usp=sharing\">Sessi\u00f3 1 (14 Octubre 2021)<\/a><\/td>\n<\/tr>\n<tr style=\"height: 30px;\">\n<td style=\"width: 100%; height: 30px;\"><a href=\"https:\/\/docs.google.com\/document\/d\/1JM6GvOQkpraWvQEQfpdnEwPjPFW9hTyDrNpUruS6wLc\/edit\">Sessi\u00f3 2 (25 Novembre 2021)<\/a><\/td>\n<\/tr>\n<tr style=\"height: 30px;\">\n<td style=\"width: 100%; height: 30px;\"><a href=\"https:\/\/docs.google.com\/document\/d\/1OsnQXewaoHyLX9pk6cSXT9ZOZlzSKMc2wGntaYBak7w\/edit\">Sessi\u00f3 3 (10 Febrer 2022)<\/a><\/td>\n<\/tr>\n<tr style=\"height: 30px;\">\n<td style=\"width: 100%; height: 30px;\"><a href=\"https:\/\/docs.google.com\/document\/d\/1emdpJ1ryia2Aa77hRCE8vM5CRN-TM1EZjJiZ4svdHeU\/edit\">Sessi\u00f3 4 (31 Mar\u00e7 2022)<\/a><\/p>\n<p><a href=\"https:\/\/docs.google.com\/presentation\/d\/1JQve8LpzapgswyTPUMIVBFfWGxMZ3ix69Mnq54g2dHg\/edit?usp=sharing\">POWER POINT DE LA SESSI\u00d3<\/a><\/td>\n<\/tr>\n<tr style=\"height: 30px;\">\n<td style=\"width: 100%; height: 30px;\"><a href=\"https:\/\/docs.google.com\/document\/d\/10CIxcZqyWn9Kwi3wZBGuPD5Q-olFUJ3e\/edit\">Sessi\u00f3 5 (21 Abril 2022)<\/a><\/p>\n<p><a href=\"https:\/\/docs.google.com\/document\/d\/1dMlhGXzxd1HES1N61oZWa96sH6kl-a2d\/edit?usp=sharing&amp;ouid=106559204126929406362&amp;rtpof=true&amp;sd=true\">PASSAPARAULA CONTRA LA VIOL\u00c8NCIA CICLE INFANTIL\/INCIAL<\/a><\/p>\n<p><a href=\"https:\/\/docs.google.com\/document\/d\/1dMlhGXzxd1HES1N61oZWa96sH6kl-a2d\/edit?usp=sharing&amp;ouid=106559204126929406362&amp;rtpof=true&amp;sd=true\">PASSAPARAULA CONTRA LA VIOL\u00c8NCIA CICLE MITJ\u00c0<\/a><\/p>\n<p><a href=\"https:\/\/docs.google.com\/document\/d\/16fSCsEVYjmRqn2ESz9H1J7Y1R7WinoTR\/edit?usp=sharing&amp;ouid=106559204126929406362&amp;rtpof=true&amp;sd=true\">PASSAPARAULA CONTRA LA VIOL\u00c8NCIA CICLE SUPERIOR<\/a><\/p>\n<p><a href=\"https:\/\/docs.google.com\/presentation\/d\/1SMhTxIqbOD-kp6FnRl4ZLcqi0gzjmlkdzhfbHJQJNc0\/edit?usp=sharing\">POWER POINT DE LA SESSI\u00d3<\/a><\/td>\n<\/tr>\n<\/tbody>\n<\/table>\n<h3>Curs 2020\/2021<\/h3>\n<table style=\"height: 155px;\" width=\"793\">\n<tbody>\n<tr style=\"height: 31px;\">\n<td style=\"width: 787px; height: 31px;\"><a href=\"https:\/\/docs.google.com\/document\/d\/1YIcUv8_BHwNo11MZZlXjKv5LNiG_47DGondpZSt05Uc\/edit\">Sessi\u00f3 1 (5 novembre 2020)<\/a><\/td>\n<\/tr>\n<tr style=\"height: 31px;\">\n<td style=\"width: 787px; height: 31px;\"><a href=\"https:\/\/docs.google.com\/document\/d\/1GepDQXLGwiCzo5OUhuQDfvfxrAY7XbqyN_RCEB_zdf4\/edit\">Sessi\u00f3 2 (14 gener 2021)<\/a><\/td>\n<\/tr>\n<tr style=\"height: 31px;\">\n<td style=\"width: 787px; height: 31px;\"><a href=\"https:\/\/docs.google.com\/document\/d\/1ffj6BwkH26TN0A0DPhkr3oO2XpxUEF_LJF03lMmBA9M\/edit?usp=sharing\">Sessi\u00f3 3 ( 18 febrer 2021)<\/a><\/td>\n<\/tr>\n<tr style=\"height: 31px;\">\n<td style=\"width: 787px; height: 31px;\"><a href=\"https:\/\/docs.google.com\/document\/d\/1Y_z6ZchLrYlM1BAiYQhu6SUqxYULvt3y6nyXU0vnwNg\/edit\">Sessi\u00f3 4 (22 abril 2021)<\/a><\/td>\n<\/tr>\n<tr style=\"height: 31px;\">\n<td style=\"width: 787px; height: 31px;\"><a href=\"https:\/\/docs.google.com\/document\/d\/13uo67g1ycDs-jDaugWSQfWzvONlfHrvjFoH8qURWBik\/edit?usp=sharing\">Sessi\u00f3 5 (13 maig 2021)<\/a><\/td>\n<\/tr>\n<\/tbody>\n<\/table>\n<h3>Curs 2019\/2020<\/h3>\n<table style=\"width: 1362px;\">\n<tbody>\n<tr>\n<td style=\"width: 1356px;\">Sessi\u00f3 1 (24 octubre 2019)<\/td>\n<\/tr>\n<tr>\n<td style=\"width: 1356px;\">Sessi\u00f3 2 (21 de novembre 2019)<\/td>\n<\/tr>\n<tr>\n<td style=\"width: 1356px;\">Sessi\u00f3 3 (30 de gener del 2020)<\/td>\n<\/tr>\n<tr>\n<td style=\"width: 1356px;\">Sessi\u00f3 4 (5 de mar\u00e7 del 2020)<\/td>\n<\/tr>\n<tr>\n<td style=\"width: 1356px;\">Sessi\u00f3 5 (2 d&#8217;abril del 2020)<\/td>\n<\/tr>\n<tr>\n<td style=\"width: 1356px;\">L&#8217;horari de les sessions ser\u00e0 el dijous de 12h a 14h<\/td>\n<\/tr>\n<\/tbody>\n<\/table>\n<h3>Curs 2018\/2019<\/h3>\n<table style=\"width: 611px; height: 311px;\">\n<tbody>\n<tr style=\"height: 31px;\">\n<td style=\"width: 605px; height: 31px;\"><strong>Sessi\u00f3 1 (11\/10\/2018)<\/strong><\/p>\n<ul>\n<li><a href=\"https:\/\/docs.google.com\/document\/d\/1Tgrp4AGGUc6gR-NGq38cSiJ6uttiK4KfykuwLXaDsLE\/edit?usp=sharing\"><em>Aprendre junts a l&#8217;aula una proposta inclusiva <\/em>(V\u00eddeo i reflexions)<\/a>.\n<ul>\n<li><a href=\"https:\/\/drive.google.com\/file\/d\/1GVY-Z6wLFs9hO2o3GupIEDurRgPj5JrZ\/view?usp=sharing\" target=\"_blank\" rel=\"noopener noreferrer\">Buidat reflexions doc\u00e8ncia compartida<\/a><\/li>\n<\/ul>\n<\/li>\n<li><a href=\"https:\/\/drive.google.com\/open?id=1T9b4mP5rdxmIaul4gFSwFp3XxEtIKMnR\" target=\"_blank\" rel=\"noopener noreferrer\">Algunes idees err\u00f2nies o confusions habituals sobre la doc\u00e8ncia compartida<\/a><\/li>\n<\/ul>\n<div class=\"ast-oembed-container \" style=\"height: 100%;\"><iframe loading=\"lazy\" title=\"Doc\u00e8ncia compartida: Aprenentatge docent entre iguals per a l&#039;atenci\u00f3 a la diversitat\" width=\"500\" height=\"281\" src=\"https:\/\/www.youtube.com\/embed\/Co4wHFJhnoM?feature=oembed\" frameborder=\"0\" allow=\"accelerometer; autoplay; clipboard-write; encrypted-media; gyroscope; picture-in-picture; web-share\" referrerpolicy=\"strict-origin-when-cross-origin\" allowfullscreen><\/iframe><\/div>\n<\/td>\n<\/tr>\n<tr style=\"height: 31px;\">\n<td style=\"width: 605px; height: 31px;\"><strong>Sessi\u00f3 2 (13\/12\/2018)<\/strong><\/p>\n<ul>\n<li><a href=\"https:\/\/drive.google.com\/file\/d\/1PMObVo--APNLvilt8Q1Kg3ma1GRlXRt4\/view?usp=sharing\" target=\"_blank\" rel=\"noopener noreferrer\">Diverses maneres d&#8217;organitzar la doc\u00e8ncia compartida<\/a><\/li>\n<li><a href=\"https:\/\/drive.google.com\/file\/d\/0B-RzBOhl-KdxeHk5bXFUdDRPdVJ0eXk1REd6by1TanI2dTBF\/view?usp=sharing\" target=\"_blank\" rel=\"noopener noreferrer\">Document per reflexionar sobre la doc\u00e8ncia compartida<\/a>:\n<ul>\n<li><a href=\"https:\/\/serveiseducatius.xtec.cat\/vallesoccidental7\/wp-content\/uploads\/usu1104\/2019\/03\/Buidatge_2.pdf\" target=\"_blank\" rel=\"noopener noreferrer\">Buidat reflexions<\/a><\/li>\n<\/ul>\n<\/li>\n<\/ul>\n<\/td>\n<\/tr>\n<tr style=\"height: 31px;\">\n<td style=\"width: 605px; height: 31px;\"><strong>Sessi\u00f3 3 (17\/01\/2019)<\/strong><\/p>\n<ul>\n<li><a href=\"https:\/\/drive.google.com\/file\/d\/1u2oJPrFMZ5YASrEUzcRqgm1ZKBhMee9Y\/view?usp=sharing\" target=\"_blank\" rel=\"noopener noreferrer\">Disseny d&#8217;una activitat de doc\u00e8ncia compartida a l&#8217;aula<\/a>\n<ul>\n<li><a href=\"https:\/\/serveiseducatius.xtec.cat\/vallesoccidental7\/wp-content\/uploads\/usu1104\/2019\/03\/Buidatge-2_SEE-.pdf\" target=\"_blank\" rel=\"noopener noreferrer\">Buidat reflexions<\/a><\/li>\n<\/ul>\n<\/li>\n<\/ul>\n<\/td>\n<\/tr>\n<tr style=\"height: 31px;\">\n<td style=\"width: 605px; height: 31px;\"><strong>Sessi\u00f3 4 (07\/03\/2019)<\/strong><\/p>\n<ul>\n<li><a href=\"https:\/\/sites.google.com\/a\/xtec.cat\/thuguet\/\">Site Teresa Huguet<\/a><\/li>\n<\/ul>\n<\/td>\n<\/tr>\n<tr style=\"height: 31px;\">\n<td style=\"width: 605px; height: 31px;\"><strong>Sessi\u00f3 5 (16\/05\/2019)<\/strong><\/p>\n<ul>\n<li><a href=\"https:\/\/drive.google.com\/file\/d\/10UJ2tct9wbcZfb18N4vMRXDO5dIHgJZu\/view?usp=sharing\">Habilitats comunicatives<\/a><\/li>\n<li><a href=\"https:\/\/drive.google.com\/file\/d\/13LEVFByk4nXf1reGCCa7SsTI8xk53WZA\/view?usp=sharing\">El treball col\u00b7laboratiu entre el professorat<\/a><\/li>\n<li><a href=\"https:\/\/drive.google.com\/file\/d\/10dybhBl-9KFthd7AUrepNP_EqK36_jwd\/view?usp=sharing\">Tipus suports personalitzats<\/a><\/li>\n<li><a href=\"https:\/\/drive.google.com\/drive\/folders\/1XVI21ZRu2UdLpYO0afoKFROHtjOfjZlL?usp=sharing\">Reflexions mestres propostes de millora<\/a><\/li>\n<\/ul>\n<\/td>\n<\/tr>\n<\/tbody>\n<\/table>\n<h3>Curs 2017\/2018<\/h3>\n<table style=\"width: 611px; height: 184px;\">\n<tbody>\n<tr style=\"height: 31px;\">\n<td style=\"width: 605px; height: 31px;\"><a href=\"https:\/\/drive.google.com\/file\/d\/0B1sgwZUJUjQZenhUSms5ZFM1UVZJVXdkUTRDT1FRb0NOU3E4\/view?usp=sharing\" target=\"_blank\" rel=\"noopener noreferrer\">Sessi\u00f3 1<\/a> (2\/02\/2018)<\/td>\n<\/tr>\n<tr style=\"height: 31px;\">\n<td style=\"width: 605px; height: 31px;\"><a href=\"https:\/\/drive.google.com\/file\/d\/1jLW4_2H1Y_KPGwA8grZuNdj2jYFfud8p\/view\" target=\"_blank\" rel=\"noopener noreferrer\">Sessi\u00f3 2<\/a> (15\/02\/2018)<\/td>\n<\/tr>\n<tr style=\"height: 31px;\">\n<td style=\"width: 605px; height: 31px;\"><a href=\"https:\/\/docs.google.com\/document\/d\/1PvOveg8XdnIJu5jRVHoYS_x-N_cE7r1YM9NQwKImPkY\/edit#\" target=\"_blank\" rel=\"noopener noreferrer\">Sessi\u00f3 3<\/a> (8\/03\/2018)<\/td>\n<\/tr>\n<tr style=\"height: 31px;\">\n<td style=\"width: 605px; height: 31px;\">Sessi\u00f3 4 (19\/04\/2018)<\/td>\n<\/tr>\n<tr style=\"height: 31px;\">\n<td style=\"width: 605px; height: 31px;\"><a href=\"https:\/\/docs.google.com\/document\/d\/1b8l_Y6-ROAl18eMa5_FqxkEB_X3VNbx-wcS0OPVYDJs\/edit?usp=sharing\" target=\"_blank\" rel=\"noopener noreferrer\">Sessi\u00f3 5<\/a> (17\/05\/2018)<\/td>\n<\/tr>\n<\/tbody>\n<\/table>\n<p><strong>Documents de refer\u00e8ncia<\/strong><\/p>\n<ul>\n<li><a href=\"http:\/\/ensenyament.gencat.cat\/web\/.content\/home\/departament\/publicacions\/colleccions\/inclusio\/escola-inclusiva.pdf\" target=\"_blank\" rel=\"noopener noreferrer\">De l&#8217;escola inclusiva al sistema inclusiu<\/a><\/li>\n<\/ul>\n<p style=\"text-align: left;\"><sup>Infografia<\/sup><br \/>\n<a href=\"http:\/\/ensenyament.gencat.cat\/web\/.content\/home\/departament\/publicacions\/a-cop-ull\/escola-inclusiva-sistema-inclusiu.pdf\" target=\"_blank\" rel=\"noopener noreferrer\"><img loading=\"lazy\" decoding=\"async\" class=\"wp-image-9383 alignnone\" src=\"http:\/\/serveiseducatius.xtec.cat\/vallesoccidental7\/wp-content\/uploads\/usu1104\/2018\/01\/DI.png\" alt=\"\" width=\"144\" height=\"210\" srcset=\"https:\/\/serveiseducatius.xtec.cat\/vallesoccidental7\/wp-content\/uploads\/usu1104\/2018\/01\/DI.png 356w, https:\/\/serveiseducatius.xtec.cat\/vallesoccidental7\/wp-content\/uploads\/usu1104\/2018\/01\/DI-206x300.png 206w\" sizes=\"auto, (max-width: 144px) 100vw, 144px\" \/><\/a><\/p>\n<ul>\n<li style=\"text-align: left;\">\u00a0<a href=\"http:\/\/ensenyament.gencat.cat\/web\/.content\/home\/departament\/publicacions\/colleccions\/inclusio\/guia_educacio_inclusiva.pdf\" target=\"_blank\" rel=\"noopener noreferrer\">Guia per a l&#8217;an\u00e0lisi, la reflexi\u00f3 i la valoraci\u00f3 de pr\u00e0ctiques inclusives<\/a><\/li>\n<li><a href=\"http:\/\/ensenyament.gencat.cat\/web\/.content\/home\/departament\/publicacions\/colleccions\/inclusio\/tdah.pdf\" target=\"_blank\" rel=\"noopener noreferrer\">El TDAH: detecci\u00f3 i actuaci\u00f3 en l&#8217;\u00e0mbit educatiu<\/a><\/li>\n<li><a href=\"http:\/\/ensenyament.gencat.cat\/ca\/departament\/publicacions\/colleccions\/competencies-basiques\/primaria\/\" target=\"_blank\" rel=\"noopener noreferrer\">Col\u00b7lecci\u00f3 Compet\u00e8ncies B\u00e0siques (Prim\u00e0ria)<\/a><\/li>\n<li><a title=\"Programar per compet\u00e8ncies a l'educaci\u00f3 prim\u00e0ria\" href=\"http:\/\/ensenyament.gencat.cat\/web\/.content\/home\/departament\/publicacions\/colleccions\/competencies-basiques\/primaria\/programar-educacio-primaria.pdf\" target=\"_blank\" rel=\"noopener noreferrer\">Programar per compet\u00e8ncies a l&#8217;educaci\u00f3 prim\u00e0ria<\/a><\/li>\n<\/ul>\n","protected":false},"excerpt":{"rendered":"<p>Curs 2021\/2022 Sessi\u00f3 1 (14 Octubre 2021) Sessi\u00f3 2 (25 Novembre 2021) Sessi\u00f3 3 (10 Febrer 2022) Sessi\u00f3 4 (31 Mar\u00e7 2022) POWER POINT DE LA SESSI\u00d3 Sessi\u00f3 5 (21 Abril 2022) PASSAPARAULA CONTRA LA VIOL\u00c8NCIA CICLE INFANTIL\/INCIAL PASSAPARAULA CONTRA LA VIOL\u00c8NCIA CICLE MITJ\u00c0 PASSAPARAULA CONTRA LA VIOL\u00c8NCIA CICLE SUPERIOR POWER POINT DE LA SESSI\u00d3 [&hellip;]<\/p>\n","protected":false},"author":1,"featured_media":0,"parent":416,"menu_order":0,"comment_status":"closed","ping_status":"closed","template":"","meta":{"_bbp_topic_count":0,"_bbp_reply_count":0,"_bbp_total_topic_count":0,"_bbp_total_reply_count":0,"_bbp_voice_count":0,"_bbp_anonymous_reply_count":0,"_bbp_topic_count_hidden":0,"_bbp_reply_count_hidden":0,"_bbp_forum_subforum_count":0,"site-sidebar-layout":"default","site-content-layout":"","ast-site-content-layout":"","site-content-style":"default","site-sidebar-style":"default","ast-global-header-display":"","ast-banner-title-visibility":"","ast-main-header-display":"","ast-hfb-above-header-display":"","ast-hfb-below-header-display":"","ast-hfb-mobile-header-display":"","site-post-title":"","ast-breadcrumbs-content":"","ast-featured-img":"","footer-sml-layout":"","theme-transparent-header-meta":"","adv-header-id-meta":"","stick-header-meta":"","header-above-stick-meta":"","header-main-stick-meta":"","header-below-stick-meta":"","astra-migrate-meta-layouts":"default","ast-page-background-enabled":"default","ast-page-background-meta":{"desktop":{"background-color":"var(--ast-global-color-4)","background-image":"","background-repeat":"repeat","background-position":"center center","background-size":"auto","background-attachment":"scroll","background-type":"","background-media":"","overlay-type":"","overlay-color":"","overlay-opacity":"","overlay-gradient":""},"tablet":{"background-color":"","background-image":"","background-repeat":"repeat","background-position":"center center","background-size":"auto","background-attachment":"scroll","background-type":"","background-media":"","overlay-type":"","overlay-color":"","overlay-opacity":"","overlay-gradient":""},"mobile":{"background-color":"","background-image":"","background-repeat":"repeat","background-position":"center center","background-size":"auto","background-attachment":"scroll","background-type":"","background-media":"","overlay-type":"","overlay-color":"","overlay-opacity":"","overlay-gradient":""}},"ast-content-background-meta":{"desktop":{"background-color":"var(--ast-global-color-5)","background-image":"","background-repeat":"repeat","background-position":"center center","background-size":"auto","background-attachment":"scroll","background-type":"","background-media":"","overlay-type":"","overlay-color":"","overlay-opacity":"","overlay-gradient":""},"tablet":{"background-color":"var(--ast-global-color-5)","background-image":"","background-repeat":"repeat","background-position":"center center","background-size":"auto","background-attachment":"scroll","background-type":"","background-media":"","overlay-type":"","overlay-color":"","overlay-opacity":"","overlay-gradient":""},"mobile":{"background-color":"var(--ast-global-color-5)","background-image":"","background-repeat":"repeat","background-position":"center center","background-size":"auto","background-attachment":"scroll","background-type":"","background-media":"","overlay-type":"","overlay-color":"","overlay-opacity":"","overlay-gradient":""}},"footnotes":""},"class_list":["post-9198","page","type-page","status-publish","hentry"],"post_mailing_queue_ids":[],"_links":{"self":[{"href":"https:\/\/serveiseducatius.xtec.cat\/vallesoccidental7\/wp-json\/wp\/v2\/pages\/9198","targetHints":{"allow":["GET"]}}],"collection":[{"href":"https:\/\/serveiseducatius.xtec.cat\/vallesoccidental7\/wp-json\/wp\/v2\/pages"}],"about":[{"href":"https:\/\/serveiseducatius.xtec.cat\/vallesoccidental7\/wp-json\/wp\/v2\/types\/page"}],"author":[{"embeddable":true,"href":"https:\/\/serveiseducatius.xtec.cat\/vallesoccidental7\/wp-json\/wp\/v2\/users\/1"}],"replies":[{"embeddable":true,"href":"https:\/\/serveiseducatius.xtec.cat\/vallesoccidental7\/wp-json\/wp\/v2\/comments?post=9198"}],"version-history":[{"count":7,"href":"https:\/\/serveiseducatius.xtec.cat\/vallesoccidental7\/wp-json\/wp\/v2\/pages\/9198\/revisions"}],"predecessor-version":[{"id":11666,"href":"https:\/\/serveiseducatius.xtec.cat\/vallesoccidental7\/wp-json\/wp\/v2\/pages\/9198\/revisions\/11666"}],"up":[{"embeddable":true,"href":"https:\/\/serveiseducatius.xtec.cat\/vallesoccidental7\/wp-json\/wp\/v2\/pages\/416"}],"wp:attachment":[{"href":"https:\/\/serveiseducatius.xtec.cat\/vallesoccidental7\/wp-json\/wp\/v2\/media?parent=9198"}],"curies":[{"name":"wp","href":"https:\/\/api.w.org\/{rel}","templated":true}]}}