{"id":9108,"date":"2017-11-13T14:01:58","date_gmt":"2017-11-13T13:01:58","guid":{"rendered":"http:\/\/serveiseducatius.xtec.cat\/vallesoccidental7\/?page_id=9108"},"modified":"2026-04-22T17:21:36","modified_gmt":"2026-04-22T15:21:36","slug":"seminari-secretaria","status":"publish","type":"page","link":"https:\/\/serveiseducatius.xtec.cat\/vallesoccidental7\/formacio\/seminari-secretaria\/","title":{"rendered":"Seminari Secretaria"},"content":{"rendered":"\n<p><a href=\"https:\/\/serveiseducatius.xtec.cat\/vallesoccidental7\/categoria\/formacio\/secretaria\/\">Enlla\u00e7 a les noticies relacionades amb la secretaria dels centres educatius&nbsp;<\/a><\/p>\n\n\n\n<figure class=\"wp-block-image is-resized\"><a href=\"https:\/\/serveiseducatius.xtec.cat\/vallesoccidental7\/categoria\/formacio\/secretaria\/\"><img loading=\"lazy\" decoding=\"async\" width=\"672\" height=\"232\" src=\"https:\/\/serveiseducatius.xtec.cat\/vallesoccidental7\/wp-content\/uploads\/usu1104\/2021\/03\/secretaria.jpg\" alt=\"\" class=\"wp-image-10825\" style=\"width:336px;height:auto\" srcset=\"https:\/\/serveiseducatius.xtec.cat\/vallesoccidental7\/wp-content\/uploads\/usu1104\/2021\/03\/secretaria.jpg 672w, https:\/\/serveiseducatius.xtec.cat\/vallesoccidental7\/wp-content\/uploads\/usu1104\/2021\/03\/secretaria-300x104.jpg 300w\" sizes=\"auto, (max-width: 672px) 100vw, 672px\" \/><\/a><\/figure>\n\n\n\n<p>El seminari de coordinaci\u00f3 de secretaria. T\u00e9 com a objectiu consolidar la xarxa de professionals que desenvolupen la tasca de secretaris i secret\u00e0ries als centres educatius.<\/p>\n\n\n\n<p>Enlla\u00e7os al continguts tractat a les sessions.<\/p>\n\n\n\n<figure class=\"wp-block-table\"><table class=\"has-fixed-layout\"><tbody><tr><td>Sessi\u00f3<\/td><td>Contingut<\/td><\/tr><tr><td>Sessi\u00f3 1; 30 de setembre<\/td><td><a href=\"https:\/\/docs.google.com\/document\/d\/1dxMqJiwKj8o19QwuHsa0b4cxcFdcQt23gyi-pkXTNS4\/edit?usp=sharing\">https:\/\/docs.google.com\/document\/d\/1dxMqJiwKj8o19QwuHsa0b4cxcFdcQt23gyi-pkXTNS4\/edit?usp=sharing<\/a><\/td><\/tr><tr><td>Sessi\u00f3 2; 4 novembre<\/td><td><a href=\"https:\/\/docs.google.com\/document\/d\/1xBzGm8cnEPi3WM6yfnEP8fCTd6kxdP_VbqEHqF9PVPA\/edit?usp=sharing\">https:\/\/docs.google.com\/document\/d\/1xBzGm8cnEPi3WM6yfnEP8fCTd6kxdP_VbqEHqF9PVPA\/edit?usp=sharing<\/a><\/td><\/tr><tr><td>Sessi\u00f3 3: 27 de gener<\/td><td><a href=\"https:\/\/docs.google.com\/document\/d\/1IVUpVbEZMDfvHZW58ci-zHtvzPWtRy2bvRLwFT6WONg\/edit?usp=sharing\">https:\/\/docs.google.com\/document\/d\/1IVUpVbEZMDfvHZW58ci-zHtvzPWtRy2bvRLwFT6WONg\/edit?usp=sharing<\/a><\/td><\/tr><tr><td>Sessi\u00f3 4; 24 de febrer<\/td><td><a href=\"https:\/\/docs.google.com\/document\/d\/1Dp_sTZVl4fkZJOZLgxvn-FNfPttc7zuySaztHmP__yE\/edit?usp=sharing\">https:\/\/docs.google.com\/document\/d\/1Dp_sTZVl4fkZJOZLgxvn-FNfPttc7zuySaztHmP__yE\/edit?usp=sharing<\/a><\/td><\/tr><tr><td>Sessi\u00f3 5: 28 d&#8217;abril<\/td><td>&nbsp;<\/td><\/tr><tr><td>Sessi\u00f3 6: 19 de maig<\/td><td>&nbsp;<\/td><\/tr><\/tbody><\/table><\/figure>\n\n\n\n<p>Curs 24-25<\/p>\n\n\n\n<figure class=\"wp-block-table\"><table class=\"has-fixed-layout\"><tbody><tr><td>Sessi\u00f3<\/td><td>Contingut<\/td><\/tr><tr><td>1 (8\/10)<\/td><td>Que s&#8217;ha de fer cada trimestreMotxilles, Vals i Dotaci\u00f3 de llibresCalendari<a href=\"https:\/\/docs.google.com\/document\/d\/1cuOhImlDvdXYa56bVHuVRapmqS6KgBJjWC2slErzUhU\/edit?usp=sharing\">https:\/\/docs.google.com\/document\/d\/1cuOhImlDvdXYa56bVHuV<\/a> <a href=\"https:\/\/docs.google.com\/document\/d\/1cuOhImlDvdXYa56bVHuVRapmqS6KgBJjWC2slErzUhU\/edit?usp=sharing\">RapmqS6KgBJjWC2slErzUhU\/edit?usp=sharing<\/a><\/td><\/tr><tr><td>2 (12\/11)<\/td><td><a href=\"https:\/\/docs.google.com\/document\/d\/1dAQQxlguOZyoyU3XzJ-GWHyE_nlYowEIgptC6DSeePM\/edit?usp=sharing\">https:\/\/docs.google.com\/document\/d\/1dAQQxlguOZyoyU3XzJ-GWHyE_nlYowEIgptC6DSeePM\/edit?usp=sharing<\/a>Hem treballat el comte compensatori, hem compartit la presentaci\u00f3 de secretaris novells.<\/td><\/tr><tr><td>3 (10\/12)<\/td><td><a href=\"https:\/\/docs.google.com\/document\/d\/1nxEhJKoI85zdjtt-HkQeFVh16VTRYuSKB6tYNBmob9c\/edit?usp=sharing\">https:\/\/docs.google.com\/document\/d\/1nxEhJKoI85zdjtt-HkQeFVh16VTRYuSKB6tYNBmob9c\/edit?usp=sharing<\/a>Hem treballat el tancament econ\u00f2mic 2024<\/td><\/tr><tr><td>4 (14\/01)<\/td><td><a href=\"https:\/\/docs.google.com\/document\/d\/1QEK7szyrHsIT5PU3yZjPKBntmmSbILXKTA1-pxqfEWQ\/edit?usp=sharing\">https:\/\/docs.google.com\/document\/d\/1QEK7szyrHsIT5PU3yZjPKBntmmSbILXKTA1-pxqfEWQ\/edit?usp=sharing<\/a>Hem treballat els documents d&#8217;intervenci\u00f3, dubtes i preguntes de tancament obertura i codis finalistes<a href=\"https:\/\/drive.google.com\/drive\/folders\/1ggGLrAdLFXh7Q0S9WwIqvNTNpmU_ndO7?usp=sharing\">Presentacions de bombolles econ\u00f2miques 24-25<\/a><\/td><\/tr><tr><td>5 (11\/02)<\/td><td>Cancel\u00b7lada<\/td><\/tr><tr><td>6 (06\/05)<\/td><td><a href=\"https:\/\/docs.google.com\/document\/d\/19sa2SezJah3MhAv_D5fgJTK4huVeID40ig5pnQGoaP4\/edit?usp=sharing\">https:\/\/docs.google.com\/document\/d\/19sa2SezJah3MhAv_D5fgJTK4huVeID40ig5pnQGoaP4\/edit?usp=sharing<\/a><\/td><\/tr><tr><td>7 (03\/06)<\/td><td>Proposta de dia:<a href=\"https:\/\/docs.google.com\/document\/d\/1A031BOU-sC8bkFEgWQGF2XUhRH1EciLq1DocuHqExyo\/edit?usp=sharing\">acta: https:\/\/docs.google.com\/document\/d\/1A031BOU-sC8bkFEgWQGF2XUhRH1EciLq1DocuHqExyo\/edit?usp=sharing<\/a><\/td><\/tr><\/tbody><\/table><\/figure>\n\n\n\n<p>Curs 23-24<\/p>\n\n\n\n<figure class=\"wp-block-table\"><table class=\"has-fixed-layout\"><tbody><tr><td>Sessi\u00f3<\/td><td>Dia<\/td><\/tr><tr><td rowspan=\"3\">1<\/td><td>10 OCT. 2023, DT.<\/td><\/tr><tr><td>11:30-13:30<\/td><\/tr><tr><td><a href=\"https:\/\/docs.google.com\/document\/d\/1QGNLQ0rdEgZnn0_lCDstb2p7yvKH-B7rHBu87kD8g8s\/edit?usp=sharing\">https:\/\/docs.google.com\/document\/d\/1QGNLQ0rdEgZnn0_lCDstb2p7yvKH-B7rHBu87kD8g8s\/edit?usp=sharing<\/a><\/td><\/tr><tr><td rowspan=\"3\">2<\/td><td>7 NOV. 2023, DT.<\/td><\/tr><tr><td>11:30-13:30<\/td><\/tr><tr><td><a href=\"https:\/\/docs.google.com\/document\/d\/1VDUaiRCBgrp5m9xGf9IrubzilwaKnyLIsp63XNiSRXQ\/edit?usp=sharing\">https:\/\/docs.google.com\/document\/d\/1VDUaiRCBgrp5m9xGf9IrubzilwaKnyLIsp63XNiSRXQ\/edit?usp=sharing<\/a><\/td><\/tr><tr><td rowspan=\"3\">3<\/td><td>Inicial 12 de desembre proposta 9 GEN. 2024, DT.<\/td><\/tr><tr><td>11:30-13:30<\/td><\/tr><tr><td><a href=\"https:\/\/docs.google.com\/document\/d\/1dln37fsCi4bQgtjnjaten-5nE_AuF0fwe4Xr2ElTt70\/edit?usp=sharing\">https:\/\/docs.google.com\/document\/d\/1dln37fsCi4bQgtjnjaten-5nE_AuF0fwe4Xr2ElTt70\/edit?usp=sharing<\/a><\/td><\/tr><tr><td rowspan=\"3\">4<\/td><td>6 FEB. 2024, DT.<\/td><\/tr><tr><td>11:30-13:30<\/td><\/tr><tr><td><a href=\"https:\/\/docs.google.com\/document\/d\/173uAVjvBaFkKkVm3jAbBHKW__lNcRdTVE2Fm3_pKlW4\/edit?usp=sharing\">https:\/\/docs.google.com\/document\/d\/173uAVjvBaFkKkVm3jAbBHKW__lNcRdTVE2Fm3_pKlW4\/edit?usp=sharing<\/a><\/td><\/tr><tr><td rowspan=\"3\">5<\/td><td>5 MAR\u00c7. 2024, DT.<\/td><\/tr><tr><td>11:30-13:30<\/td><\/tr><tr><td><a href=\"https:\/\/docs.google.com\/document\/d\/1nYzx0BaEzU8CuvBuQ-QlIZcvBP4YNeRaQTwd9v6utTw\/edit?usp=sharing\">https:\/\/docs.google.com\/document\/d\/1nYzx0BaEzU8CuvBuQ-QlIZcvBP4YNeRaQTwd9v6utTw\/edit?usp=sharing<\/a><\/td><\/tr><tr><td rowspan=\"3\">6<\/td><td>7 MAIG. 2024, DT.<\/td><\/tr><tr><td>11:30-13:30<\/td><\/tr><tr><td><a href=\"https:\/\/docs.google.com\/document\/d\/1Hp6nVoGk2qOQDOaVQofuyHPuIRqBJ6Z3nmg4PK_iOr4\/edit?usp=sharing\">https:\/\/docs.google.com\/document\/d\/1Hp6nVoGk2qOQDOaVQofuyHPuIRqBJ6Z3nmg4PK_iOr4\/edit?usp=sharing<\/a><\/td><\/tr><\/tbody><\/table><\/figure>\n\n\n\n<p>Curs 22-23<\/p>\n\n\n\n<figure class=\"wp-block-table\"><table class=\"has-fixed-layout\"><tbody><tr><td><a href=\"https:\/\/docs.google.com\/document\/d\/1WAcsail9y3SvVymx8Xpm_s_pz_kTHkcw06jGrskAEdU\/edit?usp=sharing\">Sessi\u00f3 1: 11\/10\/2022<\/a><\/td><td>https:\/\/docs.google.com\/document\/d\/1WAcsail9y3SvVymx8Xpm_s_pz_kTHkcw06jGrskAEdU\/edit?usp=sharing<\/td><\/tr><tr><td><a href=\"https:\/\/docs.google.com\/document\/d\/1rtgr0jUAoA-jW_oj5BiSBO-ZTJAkbSA_CKskfS0cTlE\/edit?usp=sharing\">Sessi\u00f3 2: 8\/11\/2022<\/a><\/td><td>https:\/\/docs.google.com\/document\/d\/1rtgr0jUAoA-jW_oj5BiSBO-ZTJAkbSA_CKskfS0cTlE\/edit?usp=sharing<\/td><\/tr><tr><td><a href=\"https:\/\/docs.google.com\/document\/d\/1Van07EVdIGhd4s1vPcx7NLVy6Gq4E04xfsC0MJ7748w\/edit?usp=sharing\">Sessi\u00f3 3: 10\/01\/2023<\/a><\/td><td><a href=\"https:\/\/docs.google.com\/document\/d\/1Van07EVdIGhd4s1vPcx7NLVy6Gq4E04xfsC0MJ7748w\/edit?usp=sharing\">https:\/\/docs.google.com\/document\/d\/1Van07EVdIGhd4s1vPcx7NLVy6Gq4E04xfsC0MJ7748w\/edit?usp=sharing<\/a><\/td><\/tr><tr><td>Sessi\u00f3 4: 31\/01\/2023<\/td><td>Sessi\u00f3 Arxiu digital amb Francesc L\u00f3pez<a href=\"https:\/\/drive.google.com\/file\/d\/1Jch1Lrw3L4bqSUiWYU5APKWklS46S_x8\/view?usp=sharing\">https:\/\/drive.google.com\/file\/d\/1Jch1Lrw3L4bqSUiWYU5APKWklS46S_x8\/view?usp=sharing<\/a><\/td><\/tr><tr><td>Sessi\u00f3 5: 28\/02\/2023<\/td><td><a href=\"https:\/\/docs.google.com\/document\/d\/1zRMd6HioUhE0WMfcW6A84R-ojHAKivoaT9prUNrPP7w\/edit?usp=sharing\">https:\/\/docs.google.com\/document\/d\/1zRMd6HioUhE0WMfcW6A84R-ojHAKivoaT9prUNrPP7w\/edit?usp=sharing<\/a><\/td><\/tr><tr><td>Sessi\u00f3 6: 11\/04\/2023<\/td><td><a href=\"https:\/\/docs.google.com\/document\/d\/1G1PWDIzU0MD-KO3AgMxryM9fKSLPS8ZlNFgKCXVghnE\/edit?usp=sharing\">https:\/\/docs.google.com\/document\/d\/1G1PWDIzU0MD-KO3AgMxryM9fKSLPS8ZlNFgKCXVghnE\/edit?usp=sharing<\/a><\/td><\/tr><\/tbody><\/table><\/figure>\n\n\n\n<p>Curs 21-22<\/p>\n\n\n\n<figure class=\"wp-block-table\"><table class=\"has-fixed-layout\"><tbody><tr><td><a href=\"https:\/\/docs.google.com\/document\/d\/1NLKKzQp4oWnNi8dkiszrYBfXzCubjwSgupLgRJh5OaE\/edit?usp=sharing\">Sessi\u00f3 1: 28\/09\/2021<\/a><\/td><td><a href=\"https:\/\/docs.google.com\/document\/d\/1bnkVGNmxLmZ6vYy9dTiSrZjl8W64RqnyJtRpzoAMpUc\/edit?usp=sharing\">https:\/\/docs.google.com\/document\/d\/1bnkVGNmxLmZ6vYy9dTiSrZjl8W64RqnyJtRpzoAMpUc\/edit?usp=sharing<\/a><\/td><\/tr><tr><td><a href=\"https:\/\/docs.google.com\/document\/d\/1ASv_w8V5FHzmgUZiwHPviKICkmdUpt4bca5QKpoAiKQ\/edit?usp=sharing\">Sessi\u00f3 2: 26\/10\/2021<\/a><\/td><td><a href=\"https:\/\/docs.google.com\/document\/d\/1ASv_w8V5FHzmgUZiwHPviKICkmdUpt4bca5QKpoAiKQ\/edit?usp=sharing\">https:\/\/docs.google.com\/document\/d\/1ASv_w8V5FHzmgUZiwHPviKICkmdUpt4bca5QKpoAiKQ\/edit?usp=sharing<\/a><\/td><\/tr><tr><td><a href=\"https:\/\/docs.google.com\/document\/d\/1IMr3mX-GFYc4bvRDO0KCpcjhA4g2NEWY7SusKAVizbM\/edit?usp=sharing\">Sessi\u00f3 3: 23\/11\/2021<\/a><\/td><td><a href=\"https:\/\/docs.google.com\/document\/d\/1IMr3mX-GFYc4bvRDO0KCpcjhA4g2NEWY7SusKAVizbM\/edit?usp=sharing\">https:\/\/docs.google.com\/document\/d\/1IMr3mX-GFYc4bvRDO0KCpcjhA4g2NEWY7SusKAVizbM\/edit?usp=sharing<\/a><\/td><\/tr><tr><td><a href=\"https:\/\/docs.google.com\/document\/d\/1SA1WEIBuf9trvBvl_p-BhnktRe83K2KKiCSqa50owT8\/edit?usp=sharing\">Sessi\u00f3 4: 08\/02\/2022<\/a><\/td><td><a href=\"https:\/\/docs.google.com\/document\/d\/1SA1WEIBuf9trvBvl_p-BhnktRe83K2KKiCSqa50owT8\/edit?usp=sharing\">https:\/\/docs.google.com\/document\/d\/1SA1WEIBuf9trvBvl_p-BhnktRe83K2KKiCSqa50owT8\/edit?usp=sharing<\/a><\/td><\/tr><tr><td>Sessi\u00f3 5: 15\/03\/2022<\/td><td><a href=\"https:\/\/docs.google.com\/document\/d\/1vxyFkKzP8ObiQ_sAX7ExVEcVxXChHs3rlNfAOqFGt8Y\/edit?usp=sharing\">https:\/\/docs.google.com\/document\/d\/1vxyFkKzP8ObiQ_sAX7ExVEcVxXChHs3rlNfAOqFGt8Y\/edit?usp=sharing<\/a><\/td><\/tr><\/tbody><\/table><\/figure>\n\n\n\n<p>Curs 2020\/2021<\/p>\n\n\n\n<figure class=\"wp-block-table\"><table class=\"has-fixed-layout\"><tbody><tr><td><a href=\"https:\/\/docs.google.com\/document\/d\/1wsYEFhuK5DWkvAtrowv4uQIwcRiZTjiOc1ExWUKO5hc\/edit?usp=sharing\">Sessi\u00f3 1: 13\/10\/2020<\/a><a href=\"https:\/\/docs.google.com\/document\/d\/1Vhju23jIbQ_WQzjByEAuV072hlWHzB53dlNeUDdpFTA\/edit?usp=sharing\">Documents tasques anuals<\/a> <a href=\"https:\/\/docs.google.com\/document\/d\/1wsYEFhuK5DWkvAtrowv4uQIwcRiZTjiOc1ExWUKO5hc\/edit#heading=h.b274cpkebjh8\">Calendaritzaci\u00f3, sessions del seminaris concretes.<\/a> <a href=\"https:\/\/docs.google.com\/document\/d\/1wsYEFhuK5DWkvAtrowv4uQIwcRiZTjiOc1ExWUKO5hc\/edit#heading=h.w62cqvrjpluu\">Presentar el calendari de tasques&nbsp; i confeccionar-lo amb el SEM Secretaris de la zona ENLLA\u00c7<\/a> <a href=\"https:\/\/docs.google.com\/document\/d\/1wsYEFhuK5DWkvAtrowv4uQIwcRiZTjiOc1ExWUKO5hc\/edit#heading=h.3ehpr1ss24lh\">\u201cApadrinar\u201d un&nbsp; SEC \u201cveterans\u201d perqu\u00e8 tutoritzin temes concrets.<\/a> <a href=\"https:\/\/docs.google.com\/document\/d\/1wsYEFhuK5DWkvAtrowv4uQIwcRiZTjiOc1ExWUKO5hc\/edit#heading=h.sejoxjegjudq\">Com fan les tasques els SEC cadasc\u00fa?<\/a> <a href=\"https:\/\/docs.google.com\/document\/d\/1wsYEFhuK5DWkvAtrowv4uQIwcRiZTjiOc1ExWUKO5hc\/edit#heading=h.n2you6cu9660\">Temes a tractar al llarg del curs, propostes&#8230;.<\/a> <a href=\"https:\/\/docs.google.com\/document\/d\/1wsYEFhuK5DWkvAtrowv4uQIwcRiZTjiOc1ExWUKO5hc\/edit#heading=h.vs9vrv7ff2jm\">ACORDS:<\/a><\/td><\/tr><tr><td><a href=\"https:\/\/docs.google.com\/document\/d\/143KDdwNYDxSV0wHAmLUq-JiU3LbhXB09QwVDc1HHRqQ\/edit?usp=sharing\">Sessi\u00f3 2: 10\/11\/2020<\/a><\/td><\/tr><tr><td><a href=\"https:\/\/docs.google.com\/document\/d\/1yuzbB0zmfd6F2QoK0QoYLP4G3NxUcJZFfB3LmwURyiE\/edit?usp=sharing\">Sessi\u00f3 3: 01\/12\/2020<\/a><\/td><\/tr><tr><td><a href=\"https:\/\/docs.google.com\/document\/d\/1bXsfS9Cl3kbMr2KV2O1a2AuV7vCWLDJrxqL3XvQcy3g\/edit?usp=sharing\">Sessi\u00f3 4: 12\/01\/2021<\/a><\/td><\/tr><tr><td><a href=\"https:\/\/docs.google.com\/document\/d\/1Os56_99Zw5GXFOr6JLACFdDhZ3xMNh6SLpP4jBnVECs\/edit?usp=sharing\">Sessi\u00f3 5: 09\/02\/2021<\/a><\/td><\/tr><tr><td><a href=\"https:\/\/docs.google.com\/document\/d\/1fh73YD5rp-Jy-jJYpNXwP5xISYwVLzIUySCgxfQ86VE\/edit?usp=sharing\">Enlla\u00e7 a l&#8217;acta: Sessi\u00f3 6: 16\/03\/2021<\/a> <a href=\"https:\/\/docs.google.com\/presentation\/d\/1SZTGe_9n9fKLpnmkeDSl5JvZZuIOwGn91wNSydJ6120\/edit?usp=sharing\">&nbsp; &nbsp; Enlla\u00e7 al (Power)<\/a><\/td><\/tr><tr><td><a href=\"https:\/\/docs.google.com\/document\/d\/1pMTCoeoPprnF0L1VqtZihBF_jUcu5_4i9060hCEdGYY\/edit?usp=sharing\">Sessi\u00f3 7: 27\/04\/2021<\/a><\/td><\/tr><\/tbody><\/table><\/figure>\n\n\n\n<p><strong>Curs 2019\/2020<\/strong><\/p>\n\n\n\n<figure class=\"wp-block-table\"><table class=\"has-fixed-layout\"><tbody><tr><td><a href=\"https:\/\/docs.google.com\/document\/d\/11Gc37bhJoP12Gl99Pt0BOuYhJCTgoOjBqssFJ1nmThc\/edit?usp=sharing\">Sessi\u00f3 1 (22 d&#8217;octubre del 2019) 11:30h a 13:30h<\/a><\/td><\/tr><tr><td><a href=\"https:\/\/docs.google.com\/document\/d\/1JlUaQwY6YOFOJMAAoctayd6lcvD-YugB2yqH0yxx678\/edit?usp=sharing\">Sessi\u00f3 2 (12 de novembre del 2019) 11:30h a 13:30h<\/a><\/td><\/tr><tr><td>Sessi\u00f3 3 (10 de desembre del 2019) 11:30h a 13:30h Aquesta sessi\u00f3 es far\u00e0 al Federica Monstseny. Ens ensenyar\u00e0 com s&#8217;organitza<\/td><\/tr><tr><td><a href=\"https:\/\/docs.google.com\/document\/d\/1w4CKc8xSn_puINMRPGDWLAhhFjNC8WKrSWb0Y_JI6Rs\/edit?usp=sharing\">Sessi\u00f3 4 (14 de gener del 2020) 11:30h a 13:30h<\/a><\/td><\/tr><tr><td><a href=\"https:\/\/docs.google.com\/document\/d\/1MEqYrSA-Zj3QqNtLEPgaUcOqHACufOKJk0oxjNKsCOw\/edit?usp=sharing\">Sessi\u00f3 5 (11 de febrer del 2020) 11:30h a 13:30h<\/a><\/td><\/tr><tr><td><a href=\"https:\/\/docs.google.com\/document\/d\/1qn7CCQQrNaVfPP6iYYhAZk91bDR9HydcpY3xlH0bA5w\/edit?usp=sharing\">Sessi\u00f3 6 (28 d&#8217;abril del 2020) 11:30h a 13:30h<\/a><\/td><\/tr><tr><td>Sessi\u00f3 7 ( maig del 2020) 11:30h a 13:30h<\/td><\/tr><\/tbody><\/table><\/figure>\n\n\n\n<h5 class=\"wp-block-heading\"><strong>Curs 2018\/2019<\/strong><\/h5>\n\n\n\n<figure class=\"wp-block-table\"><table class=\"has-fixed-layout\"><tbody><tr><td><strong>Sessi\u00f3 1 (10\/10\/18)<\/strong> <a href=\"https:\/\/docs.google.com\/document\/d\/1rJroAK_dyWoF0dSUeyzkH7zgZAVjlqNhzN7TVUagu6k\/edit#heading=h.s02tyugg2wj2\">Organitzaci\u00f3 seminari<\/a> <a href=\"https:\/\/docs.google.com\/document\/d\/1rJroAK_dyWoF0dSUeyzkH7zgZAVjlqNhzN7TVUagu6k\/edit#heading=h.xc9dhaan3qo5\">Gesti\u00f3 econ\u00f2mica, acad\u00e8mica i administrativa del centre. Registre d&#8217;alumnes (Documents per a l&#8217;organitzaci\u00f3 i la gesti\u00f3 dels centres)<\/a> <a href=\"https:\/\/docs.google.com\/document\/d\/1rJroAK_dyWoF0dSUeyzkH7zgZAVjlqNhzN7TVUagu6k\/edit#heading=h.k8xye0piw1pq\">Document per al relleu de la direcci\u00f3 del centre<\/a> <a href=\"https:\/\/docs.google.com\/document\/d\/1rJroAK_dyWoF0dSUeyzkH7zgZAVjlqNhzN7TVUagu6k\/edit#heading=h.vhq8o9l94vv0\">Signatura electr\u00f2nica (enlla\u00e7 a presentaci\u00f3)<\/a> <a href=\"https:\/\/docs.google.com\/document\/d\/1rJroAK_dyWoF0dSUeyzkH7zgZAVjlqNhzN7TVUagu6k\/edit#heading=h.bwiceztjrq2y\">Contractaci\u00f3 (Data d&#8217;actualitzaci\u00f3: 10\/10\/2018)<\/a> <a href=\"https:\/\/docs.google.com\/document\/d\/1rJroAK_dyWoF0dSUeyzkH7zgZAVjlqNhzN7TVUagu6k\/edit#heading=h.se4d6esyeswe\">Materials de formaci\u00f3 Esfera a Ateneu<\/a><\/td><td><strong>Sessi\u00f3 2 (13\/11\/18)<\/strong> Visita secretaria ESC Pablo Picasso <a href=\"https:\/\/docs.google.com\/document\/d\/1kdGh50lzeCvlOjlm-mHBiXBuSkrNc1J7j_L2GEKfeA8\/edit#heading=h.s02tyugg2wj2\">Informacions&nbsp;<\/a> <a href=\"https:\/\/docs.google.com\/document\/d\/1kdGh50lzeCvlOjlm-mHBiXBuSkrNc1J7j_L2GEKfeA8\/edit#heading=h.eqeh9r34b7rs\">No podem emetre factures<\/a> <a href=\"https:\/\/docs.google.com\/document\/d\/1kdGh50lzeCvlOjlm-mHBiXBuSkrNc1J7j_L2GEKfeA8\/edit#heading=h.m35d5gjw78tt\">Quants temps hem de guardar a l\u2019arxiu la documentaci\u00f3 econ\u00f2mica?<\/a> <a href=\"https:\/\/docs.google.com\/document\/d\/1kdGh50lzeCvlOjlm-mHBiXBuSkrNc1J7j_L2GEKfeA8\/edit#heading=h.xx9jz0h1h4cy\">Plantilles de documents<\/a> <a href=\"https:\/\/docs.google.com\/document\/d\/1kdGh50lzeCvlOjlm-mHBiXBuSkrNc1J7j_L2GEKfeA8\/edit#heading=h.bifldsly7c8w\">Elaboraci\u00f3 de documents i plantilles&nbsp;<\/a><\/td><\/tr><tr><td><strong>Sessi\u00f3 3 (04\/12\/18)<\/strong> Visita secretaria INS Federica Montseny <a href=\"https:\/\/docs.google.com\/document\/d\/1tnbx94KU_5xpNpcQEIO50W3VQn07zmyBfPosfM9VFIA\/edit#heading=h.e93d7ggeungm\">Informacions<\/a> <a href=\"https:\/\/docs.google.com\/document\/d\/1tnbx94KU_5xpNpcQEIO50W3VQn07zmyBfPosfM9VFIA\/edit#heading=h.gmu0k29a0qvh\">Tasques de primer trimestre a Esfer@<\/a> <a href=\"https:\/\/docs.google.com\/document\/d\/1tnbx94KU_5xpNpcQEIO50W3VQn07zmyBfPosfM9VFIA\/edit#heading=h.m35d5gjw78tt\">Novetats Justificaci\u00f3 despeses Manteniment edifici a l\u2019Ajuntament BdV<\/a> <a href=\"https:\/\/docs.google.com\/document\/d\/1tnbx94KU_5xpNpcQEIO50W3VQn07zmyBfPosfM9VFIA\/edit#heading=h.1wcd2qhubejb\">Servei Estaci\u00f3 de Treball (Nou entorn TIC) (portal de centre)<\/a> <a href=\"https:\/\/docs.google.com\/document\/d\/1tnbx94KU_5xpNpcQEIO50W3VQn07zmyBfPosfM9VFIA\/edit#heading=h.afpweoclyusc\">Organitzaci\u00f3 arxiu electr\u00f2nic<\/a> <a href=\"https:\/\/docs.google.com\/document\/d\/1tnbx94KU_5xpNpcQEIO50W3VQn07zmyBfPosfM9VFIA\/edit#heading=h.lm0vlx3bx6nx\">Presentaci\u00f3 Administraci\u00f3 electr\u00f2nica (gener18)<\/a> <a href=\"https:\/\/docs.google.com\/document\/d\/1tnbx94KU_5xpNpcQEIO50W3VQn07zmyBfPosfM9VFIA\/edit#heading=h.pqr3la3yss6f\">Presentaci\u00f3 gesti\u00f3 econ\u00f2mica (rep\u00e0s)<\/a> <a href=\"https:\/\/docs.google.com\/document\/d\/1WE_EbAiFPx3mE-vfTrVQhssoQ5S7dMdyyt8u1ePShIk\/edit\">Model Declaraci\u00f3 responsable de la direcci\u00f3 <\/a>sobre la gesti\u00f3 econ\u00f2mica \/\/www.slideshare.net\/slideshow\/embed_code\/key\/CSbjKU9GoIB68u <a href=\"https:\/\/docs.google.com\/document\/d\/1tnbx94KU_5xpNpcQEIO50W3VQn07zmyBfPosfM9VFIA\/edit#heading=h.edhz8l3ftxoa\">Altres: Consulta sobre arxivament d\u2019expedients<\/a> <a href=\"https:\/\/docs.google.com\/document\/d\/1tnbx94KU_5xpNpcQEIO50W3VQn07zmyBfPosfM9VFIA\/edit#heading=h.r1rvu13ujom3\">Altres: Trasp\u00e0s de cust\u00f2dia de l\u2019expedient entre centres<\/a><\/td><td><strong>Sessi\u00f3 4 (15\/01\/19)<\/strong><a href=\"https:\/\/docs.google.com\/document\/d\/1-VFau03_wgmvLBrQGmMsreF9acISGRDHhR0--x2-wng\/edit#heading=h.e93d7ggeungm\"><strong>Informacions<\/strong> <\/a>Canvis en la coordinaci\u00f3 del seminari.<strong>Temes que tractarem:&nbsp;<\/strong><strong>Pressupost<\/strong> Com el definim a cada centre. Compartim &nbsp;maneres de fer. Parlem de com fer-ho en un institut escola. Can Llobet &nbsp;viur\u00e0 la novetat. Preguntarem com es gestionen els altres instituts escola. <strong>Dubtes<\/strong> Cal demanar el certificat a final d\u2019any Al final del banc es pot treure el certificat i no val diners, no \u00e9s l\u2019extracte, \u00e9s un certificat de saldo. No cal pagar els 30,00\u20ac Model 347. factures de m\u00e9s de 3000,00\u20ac. Li proposen que tregui la pestanyeta del 347.&nbsp; Justificaci\u00f3 del romanent. Quan cal justificar-ho. M\u00e9s d\u2019un 20% . Cal fer un escrit. est\u00e0 a les instruccions de tancament. Abans del 30 de gener s\u2019ha d\u2019informar al consell escolar el pressupost &nbsp;del 2019. Hi ha tasques que cal fer al llarg del segon trimestre de curs per tal d&#8217;assegurar la millor gesti\u00f3 de les dades del centre. L\u2019explicaci\u00f3 de cadascuna d\u2019aquestes es pot consultar a l&#8217;<a href=\"http:\/\/ateneu.xtec.cat\/wikiform\/wikiexport\/esfera\/mgap1\/trimestre1\">Ateneu<\/a>. <strong>Temes per al proper dia<\/strong> Nou sistema de registre digital. Entrades i sortides Com fem les actes dels claustres. Com ho arxivem. Factures electr\u00f2niques, N\u00famero d\u2019assentament?, n\u00famero de registre d\u2019entrada? com ho fem els altres? <strong>Acords<\/strong> Per la propera sessi\u00f3 portaran cadasc\u00fa la definici\u00f3 del pressupost Preguntarem com es gestionen els altres instituts escola. Portarem cadasc\u00fa el que tinguem i que pugui ajudar als dubtes.<\/td><\/tr><tr><td><strong>Sessi\u00f3 5<\/strong><a href=\"https:\/\/docs.google.com\/document\/d\/1pXe9QJmIgQHMHzjqFDSRm3teQ3gePG73bPi9IDmpwoc\/edit#heading=h.e93d7ggeungm\"><strong>Informacions<\/strong> <\/a>L\u2019Albert ha canviat de feina, ara es Miquel es far\u00e0 c\u00e0rrec de la coordinaci\u00f3 de seminari de secretaris. <strong>Pressupost 2019<\/strong> Comentem-los, com ens organitzem. Justificacions econ\u00f2miques, sortides, etc\u2026 Una companya ens ensenya el seu pressupost i ens explica que ella fa partides molt generals per no haver de modificar el pressupost. Es comenta que en ocasions, si has de justificar amb factures alguna cosa va molt b\u00e9 poder crear una partida espec\u00edfica. <a href=\"https:\/\/drive.google.com\/a\/xtec.cat\/file\/d\/0ByJwd5pxwRS6UTk3X09ueU1hLUZpU3JuWWRNLVR6WVU3Ny1n\/view?usp=sharing\">Document liquidaci\u00f3 2018<\/a> <a href=\"https:\/\/drive.google.com\/a\/xtec.cat\/file\/d\/0ByJwd5pxwRS6X3JIX0tpX2tIaUk0azRWc0pneUJtSS1oTjFV\/view?usp=sharing\">Pas a pas liquidaci\u00f3<\/a> <strong>Tasques 2n Trimestre esfer@<\/strong> <a href=\"http:\/\/ateneu.xtec.cat\/wikiform\/wikiexport\/esfera\/mgad1\/gest_adm\/reg_correspon\">Registrar la correspond\u00e8ncia<\/a> Tancar el registre de l\u2019any anterior Crear l\u2019exercici del nou any <a href=\"http:\/\/ateneu.xtec.cat\/wikiform\/wikiexport\/esfera\/mgac\/aval\/omavparcila2\">Dur a terme les avaluacions parcials<\/a> Crear la sessi\u00f3 d\u2019avaluaci\u00f3 Avaluar els alumnes Imprimir actes i informes Signar les sessions d\u2019avaluaci\u00f3 Efectuar la preinscripci\u00f3 dels alumnes pel curs seg\u00fcent Definir el curs que cal mostrar per defecte a la matr\u00edcula configurant el par\u00e0metre de centre<a href=\"http:\/\/ateneu.xtec.cat\/wikiform\/wikiexport\/esfera\/mgac\/cnf\/cnf-param_centre\">\u2192<\/a> Realitzar la preinscripci\u00f3 <a href=\"http:\/\/ateneu.xtec.cat\/wikiform\/wikiexport\/esfera\/mgac\/mat\/mat_pre\">\u2192<\/a> <strong>Arxivament<\/strong> <a href=\"https:\/\/drive.google.com\/drive\/folders\/1biEj4YU9rTFeGy7ymOUsNBthg_EAQ02f?usp=sharing\">Nomenclatura departament<\/a> <a href=\"https:\/\/drive.google.com\/file\/d\/10EUtnteCwbA6vdpDy5Ae_SpUZt5MKfxE\/view?usp=sharing\">Document per facilitar l\u2019arxivament<\/a> <a href=\"https:\/\/docs.google.com\/presentation\/d\/1WKJw-HXBlyECt7u5jI3eoOjEs6Lvmd5W5GJF0d_z4H4\/edit#slide=id.p1\">Power presentaci\u00f3 de l\u2019arxivament<\/a> <strong>Resposta de Dubtes &nbsp;<\/strong> Justificaci\u00f3 del romanent. Quan cal justificar-ho. M\u00e9s d\u2019un 20% . Cal fer un escrit. est\u00e0 a les instruccions de tancament. <strong>Dubtes del dia anterior:<\/strong> 1.Com fem les actes dels claustres. Com ho arxivem. <a href=\"http:\/\/www.xtec.cat\/~ncaballe\/materials\/Com%20fer%20actes.pdf\">Qu\u00e8 ha de tenir una acta???<\/a> <a href=\"http:\/\/www.xtec.cat\/~ncaballe\/materials\/actaUAB.pdf\">M\u00e9s exemples<\/a> 2.Factures electr\u00f2niques, N\u00famero d\u2019assentament?, n\u00famero de registre d\u2019entrada? com ho fem els altres? Doc de refer\u00e8ncia <strong>3.Definici\u00f3 del pressupost.:<\/strong> Un <strong>pressupost<\/strong> \u00e9s la previsi\u00f3 de despeses i ingressos per a un determinat lapse, en general un any.<a href=\"https:\/\/ca.wikipedia.org\/wiki\/Pressupost#cite_note-1\">[1]<\/a> Permet a les empreses, els governs, les organitzacions privades i les fam\u00edlies establir prioritats i avaluar la consecuci\u00f3 dels seus objectius. Per a arribar a aquestes fins pot ser necessari inc\u00f3rrer en d\u00e8ficit (que les despeses superin als ingressos) o, per contra, \u00e9s possible estalviar, en aquest cas el pressupost presentar\u00e0 un super\u00e0vit (els ingressos superen a les despeses). En l&#8217;\u00e0mbit del comer\u00e7 \u00e9s tamb\u00e9 un document o informe que detalla el cost que tindr\u00e0 un servei en cas de realitzar-se. El qual realitza el pressupost s&#8217;ha d&#8217;atenir a ell i no pot cobrar-lo si el client accepta el servei. El pressupost es pot cobrar o no en cas de no ser acceptat. <strong>Dubte Pendents sessi\u00f3 4<\/strong> Cal demanar el certificat a final d\u2019any Model 347. factures de m\u00e9s de 3000,00\u20ac. Li proposen que tregui la pestanyeta del 347 Preguntarem com es gestionen els altres instituts escola <strong>Acords:<\/strong> Ens veiem el 26 de mar\u00e7 <strong>Dubtes<\/strong> Com registrar les factures electr\u00f2niques, per trobar-les a l\u2019arxiu. Quan les registres no surten a factures i per tant no tenen factures assentament i costa trobar-les en el registre. Signatura digital Preparar uns documents per arxivar amb la nomenclatura del departament (Pas a Pas)<\/td><td><strong>Sessi\u00f3 6<\/strong><a href=\"https:\/\/docs.google.com\/document\/d\/1yIW9hUcc0V7CIOk1LrqGfr4jCu6luyIwIfRlHi-O2dk\/edit#heading=h.e93d7ggeungm\"><strong>Informacions<\/strong><\/a> Com registrar les factures electr\u00f2niques, per trobar-les a l\u2019arxiu. Quan les registres no surten a factures i per tant no tenen factures assentament i costa trobar-les en el registre. Signatura digital Preparar uns documents per arxivar amb la nomenclatura del departament (Pas a Pas) Factures electr\u00f2niques: Comenten des de SSTT que quan acceptes les factures electr\u00f2niques apareix una opci\u00f3 dins de la mateixa que et diu registre, s&#8217;obrir\u00e0 el programa de introducci\u00f3 de factures i ho gestiones com en una factura normal i corrent. Obrirem el seu program i ho farem in situ Signatura digital <a href=\"http:\/\/educacio.gencat.cat\/documents\/IPCAministracioElectron\/Signatura_electronica_presentacio.pdf\">http:\/\/educacio.gencat.cat\/documents\/<\/a> <a href=\"http:\/\/educacio.gencat.cat\/documents\/IPCAministracioElectron\/Signatura_electronica_presentacio.pdf\">IPCAministracioElectron\/Signatura_electronica_presentacio.pdf<\/a> Pag 28 Nom\u00e9s amb DNI <a href=\"https:\/\/www.idcat.cat\/idcat\/ciutada\/menu.do\">https:\/\/www.idcat.cat\/idcat\/ciutada\/menu.do<\/a> No es v\u00e0lid a nivell departament per\u00f2 si a nivell personal Ensenyar Xolido amb el meu DNI i portatil <strong>Arxivament\/e-valisa<\/strong> <a href=\"http:\/\/educacio.gencat.cat\/documents\/IPCAministracioElectron\/Presentacio_gestio_documental.pdf\"><strong>Presentaci\u00f3 departament<\/strong><\/a><strong> arxivament<\/strong> <a href=\"https:\/\/drive.google.com\/drive\/folders\/1biEj4YU9rTFeGy7ymOUsNBthg_EAQ02f?usp=sharing\">Nomenclatura departament<\/a> arxivament <a href=\"https:\/\/docs.google.com\/presentation\/d\/1WKJw-HXBlyECt7u5jI3eoOjEs6Lvmd5W5GJF0d_z4H4\/edit#slide=id.p1\">Power presentaci\u00f3 de l\u2019arxivament<\/a> <a href=\"https:\/\/drive.google.com\/drive\/u\/0\/folders\/1HpJ9dW-R8QGOofmP5_UaLmUITyDAGWqW\">Codis per arxivar i explicaci\u00f3<\/a> Tasca pr\u00e0ctica <a href=\"https:\/\/drive.google.com\/file\/d\/10EUtnteCwbA6vdpDy5Ae_SpUZt5MKfxE\/view?usp=sharing\">Document per facilitar <\/a>e-valisa <a href=\"https:\/\/drive.google.com\/open?id=1gf6gRtrnOPCmoneyVLZuQ-bOlb04hVXf\">Tasca per penjar carpetes drive arxivament<\/a> Id escola_Nom procediment i persona si s\u2019escau_data_ <a href=\"https:\/\/docs.google.com\/presentation\/d\/1ebIWQIDuB6Y6QmxLD4NHksdpoLqXnmqaXKkl8ftvt0o\/edit?usp=sharing\">Esfer@:<\/a> <strong>Acords:<\/strong> <strong>Dubtes<\/strong><\/td><\/tr><tr><td><strong>Sessi\u00f3 7<\/strong> <strong>Calendari<\/strong> <strong>Incid\u00e8ncies esfer@ i altres<\/strong> <strong>Planificaci\u00f3 curs 2019-2020<\/strong> <strong>Pregs i preguntes (Valoraci\u00f3)<\/strong> <strong>Calendari<\/strong> <strong>&#8211;<\/strong><a href=\"https:\/\/docs.google.com\/document\/d\/1aQX7gMnwVIqsG7UD6b6E1T_Cxm1_mxDByzf9iPrVmmI\/edit#heading=h.e93d7ggeungm\"><strong>!<\/strong><\/a> <strong>\ueffe<\/strong> <strong>Incid\u00e8ncies esfer@ i resum de la formaci\u00f3<\/strong> Espai per compartir <a href=\"https:\/\/drive.google.com\/file\/d\/0ByJwd5pxwRS6TE1KMDJiT0tDalNGQThzeUFHVk9wQ1c5cW00\/view?usp=sharing\">Power esfer@<\/a> <strong>Planificaci\u00f3 del curs 2019-2020<\/strong> Horari nombre de sessions 7 sessions 11:30h a 13:30h 111 i 190 <strong>Divendres??<\/strong> <strong>Pregs i preguntes<\/strong> <a href=\"https:\/\/forms.gle\/yzXmsLo1PiryHVWh7\"><strong>S\u2019ha d\u2019omplir el q\u00fcestionari<\/strong><\/a> <strong>Acords: Pendent curs 19-20<\/strong> Mira de canviar el dia a divendres. El curs vinent fer un document drive especificant que s\u2019ha d&#8217;aprovar per consell a cada mes. Parlar de les targetes de cr\u00e8dit, prepagament. Obligacions tribut\u00e0ria, IRPF <strong>Dubtes<\/strong><\/td><td><\/td><\/tr><\/tbody><\/table><\/figure>\n\n\n\n<h5 class=\"wp-block-heading\"><strong>Curs 2017\/2018<\/strong><\/h5>\n\n\n\n<figure class=\"wp-block-table\"><table class=\"has-fixed-layout\"><tbody><tr><td><strong>Sessi\u00f3 1 (17\/11\/17)<\/strong><a href=\"https:\/\/docs.google.com\/document\/d\/1blyVQdKmph2WJMDLTR-1cuTgVgn-LKdGy83S7o9bBO0\/edit#heading=h.8k09he3ol5m9\"><strong>Informacions<\/strong><\/a> <a href=\"https:\/\/docs.google.com\/document\/d\/1blyVQdKmph2WJMDLTR-1cuTgVgn-LKdGy83S7o9bBO0\/edit#heading=h.qt0b4l70j88y\">Gesti\u00f3 centre p\u00fablic PRI (Documents per a l&#8217;organitzaci\u00f3 i la gesti\u00f3)<\/a> <a href=\"https:\/\/docs.google.com\/document\/d\/1blyVQdKmph2WJMDLTR-1cuTgVgn-LKdGy83S7o9bBO0\/edit#heading=h.9j0onypmtcs6\">Gesti\u00f3 centre p\u00fablic ESO (Documents per a l&#8217;organitzaci\u00f3 i la gesti\u00f3)<\/a> <a href=\"https:\/\/docs.google.com\/document\/d\/1blyVQdKmph2WJMDLTR-1cuTgVgn-LKdGy83S7o9bBO0\/edit#heading=h.35nm13k8kffb\">Funcions secretari@ (DECRET 102\/2010, d&#8217;autonomia de centres educatius)<\/a> <a href=\"https:\/\/docs.google.com\/document\/d\/1blyVQdKmph2WJMDLTR-1cuTgVgn-LKdGy83S7o9bBO0\/edit#heading=h.klmu6418s92q\"><strong>Funcions del personal auxiliar d&#8217;administraci\u00f3 (Documents per a l&#8217;organitzaci\u00f3 i la gesti\u00f3)<\/strong><\/a> <a href=\"https:\/\/docs.google.com\/document\/d\/1blyVQdKmph2WJMDLTR-1cuTgVgn-LKdGy83S7o9bBO0\/edit#heading=h.qeubz0pynd1u\"><strong>Model minuta formador<\/strong><\/a> <a href=\"https:\/\/docs.google.com\/document\/d\/1blyVQdKmph2WJMDLTR-1cuTgVgn-LKdGy83S7o9bBO0\/edit#heading=h.xse528qk7d04\"><strong>Liquidaci\u00f3 d&#8217;IRPF amb Esfer@ (actualitzaci\u00f3 18\/07\/17)<\/strong><\/a> <a href=\"https:\/\/docs.google.com\/document\/d\/1blyVQdKmph2WJMDLTR-1cuTgVgn-LKdGy83S7o9bBO0\/edit#heading=h.ing948zbo2lz\">Pas a pas per fer la liquidaci\u00f3 trimestral d&#8217;IRPF<\/a> <a href=\"https:\/\/docs.google.com\/document\/d\/1blyVQdKmph2WJMDLTR-1cuTgVgn-LKdGy83S7o9bBO0\/edit#heading=h.4q0g4rticgx2\">Certificat digital de l&#8217;Ag\u00e8ncia Tribut\u00e0ria<\/a> <a href=\"https:\/\/docs.google.com\/document\/d\/1blyVQdKmph2WJMDLTR-1cuTgVgn-LKdGy83S7o9bBO0\/edit#heading=h.lfqh1cwjmadk\">Material de formaci\u00f3 a l\u2019Ateneu&nbsp;<\/a> <a href=\"https:\/\/docs.google.com\/document\/d\/1blyVQdKmph2WJMDLTR-1cuTgVgn-LKdGy83S7o9bBO0\/edit#heading=h.q7rshowtxd1u\"><strong>Contractaci\u00f3<\/strong><\/a><\/td><td><strong>Sessi\u00f3 2 (18\/01\/18)<\/strong><a href=\"https:\/\/docs.google.com\/document\/d\/1vchk3U-SbP_Q-CkutF_pHMR-idMV34rx-un_WFObWBk\/edit#heading=h.3axwxp9a6piu\"><strong>Informacions<\/strong><\/a><strong><a href=\"https:\/\/drive.google.com\/open?id=16hnhISwWfO8LmZZCdeLYXCj_wf8ZGEALOEe2Z88mes0\" target=\"_blank\" rel=\"noreferrer noopener\">Conceptes tancament de l\u2019exercici (gesti\u00f3 econ\u00f2mica)<\/a>&nbsp;<\/strong>presentaci\u00f3 <a href=\"http:\/\/ateneu.xtec.cat\/wikiform\/wikiexport\/esfera\/mge1\/bloc1\/ap12#passar_el_pressupost_a_l_estat_liquidat_pendent\" target=\"_blank\" rel=\"noreferrer noopener\">Pas a pas als materials de formaci\u00f3 de l\u2019Ateneu (gesti\u00f3 econ\u00f2mica amb Esfer@)<\/a> <a href=\"https:\/\/drive.google.com\/open?id=0B0sXTTE9k_9KODRxTlNYa0cyVzRuWkkzVWdrbFVKemJ2WWVZ\" target=\"_blank\" rel=\"noreferrer noopener\"><strong>Presentaci\u00f3 Formaci\u00f3 Esfer@ Tancament Exercici 2017 &nbsp;(gener 2018)<\/strong><\/a> <a href=\"http:\/\/educacio.gencat.cat\/documents\/PC\/GestioEconomica\/Tancament_esfera_2017.pdf\" target=\"_blank\" rel=\"noreferrer noopener\"><\/a><\/td><\/tr><tr><td><strong>Sessi\u00f3&nbsp;3 (13\/03\/18)<\/strong><a href=\"https:\/\/docs.google.com\/document\/d\/1GVX-NS8wxv8yEp2iiNPX2oKG9-sLPgk1W9Z2MjYXvtw\/edit#heading=h.3axwxp9a6piu\"><strong>Informacions<\/strong><\/a> <a href=\"https:\/\/docs.google.com\/document\/d\/1GVX-NS8wxv8yEp2iiNPX2oKG9-sLPgk1W9Z2MjYXvtw\/edit#heading=h.et1kpxxr19yv\">Instruccions liquidaci\u00f3 2017 (16\/02\/2018)<\/a> <a href=\"https:\/\/docs.google.com\/document\/d\/1GVX-NS8wxv8yEp2iiNPX2oKG9-sLPgk1W9Z2MjYXvtw\/edit#heading=h.nh777kd9muzz\">G.E.: Informaci\u00f3 incid\u00e8ncies 23\/02\/2018<\/a> <a href=\"https:\/\/docs.google.com\/document\/d\/1GVX-NS8wxv8yEp2iiNPX2oKG9-sLPgk1W9Z2MjYXvtw\/edit#heading=h.col5zw23ylyt\">G.E.: Informaci\u00f3 incid\u00e8ncies 21\/02\/2018<\/a> <a href=\"https:\/\/docs.google.com\/document\/d\/1GVX-NS8wxv8yEp2iiNPX2oKG9-sLPgk1W9Z2MjYXvtw\/edit#heading=h.q72rx82ik51m\">Signar digitalment director\/a i secretari\/a (v\u00eddeo)<br>(complement\u00e0ria a la formaci\u00f3 sobre el tancament econ\u00f2mic)<\/a> <a href=\"https:\/\/docs.google.com\/document\/d\/1GVX-NS8wxv8yEp2iiNPX2oKG9-sLPgk1W9Z2MjYXvtw\/edit#heading=h.lztq2j2totrz\"><strong>Liquidaci\u00f3 IRPF (Portal de centre)<\/strong><\/a> <a href=\"https:\/\/docs.google.com\/document\/d\/1GVX-NS8wxv8yEp2iiNPX2oKG9-sLPgk1W9Z2MjYXvtw\/edit#heading=h.g7snji9ys9j\">Pas a pas per a la liquidaci\u00f3 anual de l\u2019IRPF<\/a> <a href=\"https:\/\/docs.google.com\/document\/d\/1GVX-NS8wxv8yEp2iiNPX2oKG9-sLPgk1W9Z2MjYXvtw\/edit#heading=h.854fgypzbyeg\">Pas a pas per a la liquidaci\u00f3 trimestral de l\u2019IRPF<\/a> <a href=\"https:\/\/docs.google.com\/document\/d\/1GVX-NS8wxv8yEp2iiNPX2oKG9-sLPgk1W9Z2MjYXvtw\/edit#heading=h.m4g0gms9r2yw\"><strong>Administraci\u00f3 electr\u00f2nica (Formaci\u00f3 gener 2018)<\/strong><\/a> <a href=\"https:\/\/docs.google.com\/document\/d\/1GVX-NS8wxv8yEp2iiNPX2oKG9-sLPgk1W9Z2MjYXvtw\/edit#heading=h.opmhmnwdmf0g\"><strong>Gesti\u00f3 acad\u00e8mica i administrativa (Formaci\u00f3 Esfer@ febrer 2018)<\/strong><\/a> <strong><a href=\"https:\/\/docs.google.com\/document\/d\/1GVX-NS8wxv8yEp2iiNPX2oKG9-sLPgk1W9Z2MjYXvtw\/edit#heading=h.b596koedha4\">Nova llei de contractes del sector p\u00fablic &#8211; 01\/03\/2018<\/a><\/strong><\/td><td>&nbsp;<strong>Sessi\u00f3&nbsp;4 (24\/04\/18)<\/strong> <a href=\"https:\/\/docs.google.com\/document\/d\/1WDAUm7TT0iaqHM8y8zSmlfvbQ-3IBnm1SdMqfi0jmIk\/edit#heading=h.1402zkvtx6g9\">Tasques que cal fer al llarg del tercer trimestre de curs a Esfer@.&nbsp;<\/a> <a href=\"https:\/\/docs.google.com\/document\/d\/1WDAUm7TT0iaqHM8y8zSmlfvbQ-3IBnm1SdMqfi0jmIk\/edit#heading=h.5ip8g4dl222z\">Preparar i efectuar les avaluacions finals i la matr\u00edcula per al proper curs amb Esfer@<\/a> <a href=\"https:\/\/docs.google.com\/document\/d\/1WDAUm7TT0iaqHM8y8zSmlfvbQ-3IBnm1SdMqfi0jmIk\/edit#heading=h.opmhmnwdmf0g\">Gesti\u00f3 acad\u00e8mica i administrativa (Formaci\u00f3 Esfer@ abril 2018)<\/a> <a href=\"https:\/\/docs.google.com\/document\/d\/1WDAUm7TT0iaqHM8y8zSmlfvbQ-3IBnm1SdMqfi0jmIk\/edit#heading=h.77txfav1x9y1\">Documentaci\u00f3 que cal generar dels alumnes que acaben 6\u00e8 de prim\u00e0ria<\/a><a href=\"https:\/\/drive.google.com\/open?id=1RKIwODDrRHeYw6nF3WsUNM9yK2Y6RPR-\" target=\"_blank\" rel=\"noreferrer noopener\"><\/a><\/td><\/tr><tr><td><strong>Sessi\u00f3 5&nbsp;(25\/05\/18)<\/strong> <a href=\"https:\/\/docs.google.com\/document\/d\/130fq22bMOWkFhniJW5qOY0hue5PHQoxPJMTTs6zgBGM\/edit#heading=h.1402zkvtx6g9\">Informacions<\/a> <a href=\"https:\/\/docs.google.com\/document\/d\/130fq22bMOWkFhniJW5qOY0hue5PHQoxPJMTTs6zgBGM\/edit#heading=h.5ip8g4dl222z\">Gesti\u00f3 econ\u00f2mica\/administrativa: possibles tasques de final de curs (SEM secretaria SE VOC I)<\/a> <a href=\"https:\/\/docs.google.com\/document\/d\/130fq22bMOWkFhniJW5qOY0hue5PHQoxPJMTTs6zgBGM\/edit#heading=h.kplb1y1bselc\">Portal de centres (FAQ i material de suport)<\/a> <a href=\"https:\/\/docs.google.com\/document\/d\/130fq22bMOWkFhniJW5qOY0hue5PHQoxPJMTTs6zgBGM\/edit#heading=h.siyetq5qtmnk\">Tasques de final de curs i preparar el curs vinent a Esfera<\/a> <a href=\"https:\/\/docs.google.com\/document\/d\/130fq22bMOWkFhniJW5qOY0hue5PHQoxPJMTTs6zgBGM\/edit#heading=h.xbhihzv6iwys\">Curr\u00edculum i avaluaci\u00f3<\/a> <a href=\"https:\/\/docs.google.com\/document\/d\/130fq22bMOWkFhniJW5qOY0hue5PHQoxPJMTTs6zgBGM\/edit#heading=h.nrp5rx9437o3\">Dades i matr\u00edcula<\/a> <a href=\"https:\/\/docs.google.com\/document\/d\/130fq22bMOWkFhniJW5qOY0hue5PHQoxPJMTTs6zgBGM\/edit#heading=h.to0mrdyga226\">Documentaci\u00f3 dels alumnes<\/a><\/td><td>&nbsp;<\/td><\/tr><\/tbody><\/table><\/figure>\n\n\n\n<h5 class=\"wp-block-heading\"><strong>Curs 2016\/2017<\/strong><\/h5>\n\n\n\n<figure class=\"wp-block-table\"><table class=\"has-fixed-layout\"><tbody><tr><td><strong>Sessi\u00f3 1 (21\/10\/16)<\/strong> <a href=\"https:\/\/docs.google.com\/document\/d\/1O5NCewvPM8dpW0eI4UJm7agx9nA3JhNAYud38APhqBY\/edit#heading=h.ey6g0c655x73\">Dates reunions<\/a> <a href=\"https:\/\/docs.google.com\/document\/d\/1O5NCewvPM8dpW0eI4UJm7agx9nA3JhNAYud38APhqBY\/edit#heading=h.nouenlw9b7l8\">Informacions<\/a> <a href=\"https:\/\/docs.google.com\/document\/d\/1O5NCewvPM8dpW0eI4UJm7agx9nA3JhNAYud38APhqBY\/edit#heading=h.2leb7ju3midj\">Gesti\u00f3 Econ\u00f2mica<\/a> <a href=\"https:\/\/docs.google.com\/document\/d\/1O5NCewvPM8dpW0eI4UJm7agx9nA3JhNAYud38APhqBY\/edit#heading=h.trusmsopcms7\">Propostes temes per a properes reunions<\/a><\/td><td><strong>Sessi\u00f3 2 (2\/12\/16)<\/strong> <a href=\"https:\/\/docs.google.com\/document\/d\/1sxNORQTEwpNdUXHIAuW-jhJYSEecgtYHpQDAjU5JZZ4\/edit#heading=h.ey6g0c655x73\">Informacions&nbsp;&nbsp;&nbsp;<\/a> <a href=\"https:\/\/docs.google.com\/document\/d\/1sxNORQTEwpNdUXHIAuW-jhJYSEecgtYHpQDAjU5JZZ4\/edit#heading=h.7udyx98vuznq\">Papereria\/logos&nbsp;&nbsp;<\/a> <a href=\"https:\/\/docs.google.com\/document\/d\/1sxNORQTEwpNdUXHIAuW-jhJYSEecgtYHpQDAjU5JZZ4\/edit#heading=h.jfhqtn4km3i\">Signatura als missatge de correus electr\u00f2nics&nbsp; &nbsp;<\/a> <a href=\"https:\/\/docs.google.com\/document\/d\/1sxNORQTEwpNdUXHIAuW-jhJYSEecgtYHpQDAjU5JZZ4\/edit#heading=h.544bmgiuy1up\">Bones pr\u00e0ctiques \u00fas del correu electr\u00f2nic&nbsp;&nbsp;&nbsp;<\/a> <a href=\"https:\/\/docs.google.com\/document\/d\/1sxNORQTEwpNdUXHIAuW-jhJYSEecgtYHpQDAjU5JZZ4\/edit#heading=h.7a5cj9vn5uyp\">Models de documents control dels pagaments i gesti\u00f3 dels impagats&nbsp;&nbsp;&nbsp;<\/a> <a href=\"https:\/\/docs.google.com\/document\/d\/1sxNORQTEwpNdUXHIAuW-jhJYSEecgtYHpQDAjU5JZZ4\/edit#heading=h.e4e494pksxc2\">Rep\u00e0s\/dubtes formaci\u00f3 gesti\u00f3 econ\u00f2mica amb Esfer@<\/a><\/td><\/tr><tr><td><strong>Sessi\u00f3 3 (20\/01\/17)<\/strong> <a href=\"https:\/\/docs.google.com\/document\/d\/1uGp1ilQ44tHmDB9NgtPF0lEX79S_DxSLNJupoAdTUPQ\/edit#heading=h.ey6g0c655x73\">Informacions&nbsp;&nbsp;&nbsp;<\/a> <a href=\"https:\/\/docs.google.com\/document\/d\/1uGp1ilQ44tHmDB9NgtPF0lEX79S_DxSLNJupoAdTUPQ\/edit#heading=h.bajdfhia25da\">Novetats tramitaci\u00f3 certificat electr\u00f2nic (347) (Gregori P\u00e9rez)&nbsp;&nbsp;&nbsp;<\/a> <a href=\"https:\/\/docs.google.com\/document\/d\/1uGp1ilQ44tHmDB9NgtPF0lEX79S_DxSLNJupoAdTUPQ\/edit#heading=h.do82ura291kv\">Inici de l\u2019exercici 2017 amb Esfer@&nbsp;&nbsp;&nbsp;<\/a> <a href=\"https:\/\/docs.google.com\/document\/d\/1uGp1ilQ44tHmDB9NgtPF0lEX79S_DxSLNJupoAdTUPQ\/edit#heading=h.wqc8trnf9lib\">Pas a pas per iniciar l&#8217;exercici econ\u00f2mic a Esfer@&nbsp;&nbsp;&nbsp;<\/a> <a href=\"https:\/\/docs.google.com\/document\/d\/1uGp1ilQ44tHmDB9NgtPF0lEX79S_DxSLNJupoAdTUPQ\/edit#heading=h.qqev9amosug6\">Liquidaci\u00f3 de l\u2019exercici 2016 amb SAGA<\/a><\/td><td>&nbsp;<strong>Sessi\u00f3&nbsp;4 (10\/03\/17)<\/strong> <a href=\"https:\/\/docs.google.com\/document\/d\/17y3VD5ftWnG4-X3fFZU-blh4OVPSSYpQYgpo2Nkp5cQ\/edit#heading=h.ey6g0c655x73\">Informacions&nbsp;&nbsp;&nbsp;<\/a> <a href=\"https:\/\/docs.google.com\/document\/d\/17y3VD5ftWnG4-X3fFZU-blh4OVPSSYpQYgpo2Nkp5cQ\/edit#heading=h.bajdfhia25da\">Recordatori aclariment despeses tel\u00e8fon&nbsp;&nbsp;&nbsp;<\/a> <a href=\"https:\/\/docs.google.com\/document\/d\/17y3VD5ftWnG4-X3fFZU-blh4OVPSSYpQYgpo2Nkp5cQ\/edit#heading=h.df5nhb4nqfil\">Presinscripci\u00f3 curs 2017-2018&nbsp;&nbsp;&nbsp;<\/a> <a href=\"https:\/\/docs.google.com\/document\/d\/17y3VD5ftWnG4-X3fFZU-blh4OVPSSYpQYgpo2Nkp5cQ\/edit#heading=h.6n176xvghpd3\">Migraci\u00f3 SAGA \u2192 Esfer@&nbsp;&nbsp;&nbsp;<\/a> <a href=\"https:\/\/docs.google.com\/document\/d\/17y3VD5ftWnG4-X3fFZU-blh4OVPSSYpQYgpo2Nkp5cQ\/edit#heading=h.o1ao7ajgw3j6\">Preparar les dades a SAGA per assegurar la migraci\u00f3 al nou sistema.&nbsp;&nbsp;&nbsp;<\/a> <a href=\"https:\/\/docs.google.com\/document\/d\/17y3VD5ftWnG4-X3fFZU-blh4OVPSSYpQYgpo2Nkp5cQ\/edit#heading=h.ppf30cxn0umd\">Extreure les possibles dades necess\u00e0ries durant el per\u00edode d&#8217;aturada de SAGA (10\/04-02\/05)&nbsp;&nbsp;&nbsp;<\/a> <a href=\"https:\/\/docs.google.com\/document\/d\/17y3VD5ftWnG4-X3fFZU-blh4OVPSSYpQYgpo2Nkp5cQ\/edit#heading=h.68n7bmh5g4gx\">Dades que es migren&nbsp;&nbsp;&nbsp;<\/a> <a href=\"https:\/\/docs.google.com\/document\/d\/17y3VD5ftWnG4-X3fFZU-blh4OVPSSYpQYgpo2Nkp5cQ\/edit#heading=h.5xgsxgz3wded\">Dades que no es migren<\/a><\/td><\/tr><tr><td><strong>Sessi\u00f3 5 (5\/05\/17)<\/strong> <a href=\"https:\/\/docs.google.com\/document\/d\/1UA_251aWtBi--jP73TEp-hByFKZwt6LbYjVK0iHREGU\/edit#heading=h.tk82p8zh3k0w\">Informacions<\/a> (Portal de centre) <a href=\"https:\/\/docs.google.com\/document\/d\/1UA_251aWtBi--jP73TEp-hByFKZwt6LbYjVK0iHREGU\/edit#heading=h.lh3guo2qj0qo\">Intranet d&#8217;Ensenyament \u00bb Portal de centre \u00bb Cat\u00e0leg de protocols i marcs d&#8217;actuaci\u00f3&nbsp;&nbsp;&nbsp;<\/a> <a href=\"https:\/\/docs.google.com\/document\/d\/1UA_251aWtBi--jP73TEp-hByFKZwt6LbYjVK0iHREGU\/edit#heading=h.hwlz953wu5xy\">Comptabilitzar una factura electr\u00f2nica a Esfer@&nbsp;&nbsp;&nbsp;<\/a> <a href=\"https:\/\/docs.google.com\/document\/d\/1UA_251aWtBi--jP73TEp-hByFKZwt6LbYjVK0iHREGU\/edit#heading=h.1hi5lve68xgi\">Gesti\u00f3 dels documents electr\u00f2nics&nbsp;&nbsp;&nbsp;<\/a> <a href=\"https:\/\/docs.google.com\/document\/d\/1UA_251aWtBi--jP73TEp-hByFKZwt6LbYjVK0iHREGU\/edit#heading=h.hhv05y1bgw4i\">Pautes per comen\u00e7ar a treballar amb Esfer@<\/a><\/td><td>&nbsp;<\/td><\/tr><\/tbody><\/table><\/figure>\n","protected":false},"excerpt":{"rendered":"<p>Enlla\u00e7 a les noticies relacionades amb la secretaria dels centres educatius&nbsp; El seminari de coordinaci\u00f3 de secretaria. T\u00e9 com a objectiu consolidar la xarxa de professionals que desenvolupen la tasca de secretaris i secret\u00e0ries als centres educatius. Enlla\u00e7os al continguts tractat a les sessions. Sessi\u00f3 Contingut Sessi\u00f3 1; 30 de setembre https:\/\/docs.google.com\/document\/d\/1dxMqJiwKj8o19QwuHsa0b4cxcFdcQt23gyi-pkXTNS4\/edit?usp=sharing Sessi\u00f3 2; 4 [&hellip;]<\/p>\n","protected":false},"author":1,"featured_media":0,"parent":416,"menu_order":0,"comment_status":"closed","ping_status":"closed","template":"","meta":{"_bbp_topic_count":0,"_bbp_reply_count":0,"_bbp_total_topic_count":0,"_bbp_total_reply_count":0,"_bbp_voice_count":0,"_bbp_anonymous_reply_count":0,"_bbp_topic_count_hidden":0,"_bbp_reply_count_hidden":0,"_bbp_forum_subforum_count":0,"site-sidebar-layout":"default","site-content-layout":"","ast-site-content-layout":"default","site-content-style":"default","site-sidebar-style":"default","ast-global-header-display":"","ast-banner-title-visibility":"","ast-main-header-display":"","ast-hfb-above-header-display":"","ast-hfb-below-header-display":"","ast-hfb-mobile-header-display":"","site-post-title":"","ast-breadcrumbs-content":"","ast-featured-img":"","footer-sml-layout":"","theme-transparent-header-meta":"default","adv-header-id-meta":"","stick-header-meta":"","header-above-stick-meta":"","header-main-stick-meta":"","header-below-stick-meta":"","astra-migrate-meta-layouts":"set","ast-page-background-enabled":"default","ast-page-background-meta":{"desktop":{"background-color":"var(--ast-global-color-4)","background-image":"","background-repeat":"repeat","background-position":"center center","background-size":"auto","background-attachment":"scroll","background-type":"","background-media":"","overlay-type":"","overlay-color":"","overlay-opacity":"","overlay-gradient":""},"tablet":{"background-color":"","background-image":"","background-repeat":"repeat","background-position":"center center","background-size":"auto","background-attachment":"scroll","background-type":"","background-media":"","overlay-type":"","overlay-color":"","overlay-opacity":"","overlay-gradient":""},"mobile":{"background-color":"","background-image":"","background-repeat":"repeat","background-position":"center center","background-size":"auto","background-attachment":"scroll","background-type":"","background-media":"","overlay-type":"","overlay-color":"","overlay-opacity":"","overlay-gradient":""}},"ast-content-background-meta":{"desktop":{"background-color":"var(--ast-global-color-5)","background-image":"","background-repeat":"repeat","background-position":"center center","background-size":"auto","background-attachment":"scroll","background-type":"","background-media":"","overlay-type":"","overlay-color":"","overlay-opacity":"","overlay-gradient":""},"tablet":{"background-color":"var(--ast-global-color-5)","background-image":"","background-repeat":"repeat","background-position":"center center","background-size":"auto","background-attachment":"scroll","background-type":"","background-media":"","overlay-type":"","overlay-color":"","overlay-opacity":"","overlay-gradient":""},"mobile":{"background-color":"var(--ast-global-color-5)","background-image":"","background-repeat":"repeat","background-position":"center center","background-size":"auto","background-attachment":"scroll","background-type":"","background-media":"","overlay-type":"","overlay-color":"","overlay-opacity":"","overlay-gradient":""}},"footnotes":""},"class_list":["post-9108","page","type-page","status-publish","hentry"],"post_mailing_queue_ids":[],"_links":{"self":[{"href":"https:\/\/serveiseducatius.xtec.cat\/vallesoccidental7\/wp-json\/wp\/v2\/pages\/9108","targetHints":{"allow":["GET"]}}],"collection":[{"href":"https:\/\/serveiseducatius.xtec.cat\/vallesoccidental7\/wp-json\/wp\/v2\/pages"}],"about":[{"href":"https:\/\/serveiseducatius.xtec.cat\/vallesoccidental7\/wp-json\/wp\/v2\/types\/page"}],"author":[{"embeddable":true,"href":"https:\/\/serveiseducatius.xtec.cat\/vallesoccidental7\/wp-json\/wp\/v2\/users\/1"}],"replies":[{"embeddable":true,"href":"https:\/\/serveiseducatius.xtec.cat\/vallesoccidental7\/wp-json\/wp\/v2\/comments?post=9108"}],"version-history":[{"count":6,"href":"https:\/\/serveiseducatius.xtec.cat\/vallesoccidental7\/wp-json\/wp\/v2\/pages\/9108\/revisions"}],"predecessor-version":[{"id":14117,"href":"https:\/\/serveiseducatius.xtec.cat\/vallesoccidental7\/wp-json\/wp\/v2\/pages\/9108\/revisions\/14117"}],"up":[{"embeddable":true,"href":"https:\/\/serveiseducatius.xtec.cat\/vallesoccidental7\/wp-json\/wp\/v2\/pages\/416"}],"wp:attachment":[{"href":"https:\/\/serveiseducatius.xtec.cat\/vallesoccidental7\/wp-json\/wp\/v2\/media?parent=9108"}],"curies":[{"name":"wp","href":"https:\/\/api.w.org\/{rel}","templated":true}]}}