{"id":8976,"date":"2017-10-24T16:29:44","date_gmt":"2017-10-24T14:29:44","guid":{"rendered":"http:\/\/serveiseducatius.xtec.cat\/vallesoccidental7\/?page_id=8976"},"modified":"2026-04-22T15:26:54","modified_gmt":"2026-04-22T13:26:54","slug":"seminaris-primaria-secundaria","status":"publish","type":"page","link":"https:\/\/serveiseducatius.xtec.cat\/vallesoccidental7\/formacio\/seminaris-primaria-secundaria\/","title":{"rendered":"Seminaris de coordinaci\u00f3 Prim\u00e0ria-Secund\u00e0ria"},"content":{"rendered":"\n<figure class=\"wp-block-table is-style-regular\"><table class=\"has-cyan-bluish-gray-background-color has-background has-fixed-layout\"><tbody><tr><td><strong>CURS 2025-2026&nbsp; &nbsp; &nbsp; &nbsp;<\/strong><\/td><td><strong> <\/strong>10\/10, 14\/11, 12\/12, 13\/02 (canvi data 27 de febrer) , 20\/03<br>Trasp\u00e0s 30\/01, 06\/02<\/td><\/tr><tr><td>Sessi\u00f3 1: 10\/10\/2025<\/td><td>Sessi\u00f3 1: 10\/10\/2025Pr\u00e0ctiques de refer\u00e8ncia: WEB CRP Badia Etiqueta de pr\u00e0ctiques de refer\u00e8ncia.<img loading=\"lazy\" decoding=\"async\" width=\"618\" height=\"343\" src=\"https:\/\/serveiseducatius.xtec.cat\/vallesoccidental7\/wp-content\/uploads\/usu1104\/2025\/10\/crp-1024x568.jpg\" alt=\"\">Restauratius+ pr\u00e0ctiques de refer\u00e8ncia<a href=\"https:\/\/docs.google.com\/document\/d\/1QCOmQou4v37UBbpWcRghN2Lzly9aAr5PXttEcTgwwAM\/edit?usp=sharing\">Document per analitzar les pr\u00e0ctiques de refer\u00e8ncia<\/a><a href=\"https:\/\/docs.google.com\/document\/d\/1zAuQt9kjAhDEOFUUYZTfKKrnxveSDT-9ft-IS4nPTMM\/edit?usp=sharing\">Post-its&nbsp; pr\u00e0ctiques de refer\u00e8ncia<\/a><a href=\"https:\/\/docs.google.com\/document\/d\/1dBdhnBhfX53weezO2SUZpZhX88KAckCuz9CqFAxiJzU\/edit?usp=sharing\">Fitxa pr\u00e0ctica de refer\u00e8ncia<\/a><\/td><\/tr><tr><td>Sessi\u00f3 2: 14\/11\/2025<br><br><br><br><br><\/td><td>Benestar<\/td><\/tr><tr><td>Sessi\u00f3 3: 12\/12\/2025<\/td><td>T. Personal pr\u00e0ctiques de refer\u00e8ncia de centres.Cada centre ha d&#8217;escollir una pr\u00e0ctica de refer\u00e8ncia seva i omplir la fitxa per penjar-la a la carpeta.En la sessi\u00f3 4 compartiran&nbsp; la pr\u00e0ctica de refer\u00e8ncia. <br>1.&nbsp;<a href=\"https:\/\/sites.google.com\/xtec.cat\/servei-educatiu-voc-ii\/presentaci%C3%B3\" target=\"_blank\" rel=\"noreferrer noopener\">Sites amb pr\u00e0ctiques &#8220;model&#8221;<\/a><br>2.&nbsp;<a href=\"https:\/\/drive.google.com\/drive\/folders\/1Ia8j_h1kfvpRL6zkcf9GmRYZ5cy-0RPp?usp=drive_link\" target=\"_blank\" rel=\"noreferrer noopener\">Carpeta compartida per penjar els documents<\/a><br>3.&nbsp;<a href=\"https:\/\/docs.google.com\/document\/d\/1RVoxORcae-3yicvOWmShMfdrpuvnfgb4u3Iow7Ga7ho\/edit?usp=sharing\">Document a omplir<\/a><\/td><\/tr><tr><td>Trasp\u00e0s 30\/1\/2026 I 6\/2\/2026<\/td><td>En aquesta sessi\u00f3 cada centre de prim\u00e0ria fa una trobada virtual amb els centres de secund\u00e0ria on han anat els seus alumnes.Recordeu entrar amb XTEC dubtes podeu trucar al SE<br><a href=\"https:\/\/docs.google.com\/document\/d\/1LgGqYwsVfKdxcieEg_T_-pLd_ybbKw9FVDMgEfbaDUs\/edit?usp=sharing\">Enlla\u00e7 al document amb els enlla\u00e7os i horaris<\/a><\/td><\/tr><tr><td>Sessi\u00f3 4: 13\/2\/2026 (proposta de canvi de data a 27 de febrer)<\/td><td>Compartir pr\u00e0ctiques de refer\u00e8ncia<br>Centres pendents de presentar:<br>Marta ata;&nbsp;Bit\u00e0cola;&nbsp;Federica Montseny; Pablo Picasso; Oreneta<\/td><\/tr><tr><td>Sessi\u00f3 5: 20\/3\/20206<\/td><td>Penents de presentar Bones pr\u00e0ctiques i&nbsp;Restaurativa din\u00e0mica i material<br>Enlla\u00e7 al q\u00fcestionari satisfacci\u00f3 : <a href=\"https:\/\/ja.cat\/252606\">https:\/\/ja.cat\/252606<\/a><br><a href=\"https:\/\/drive.google.com\/drive\/folders\/1-8VCs7ocE6cKFQjdL8APqTAXTxHvc8Vf?usp=sharing\">Dossiers cercles restauratius<\/a><br><a href=\"https:\/\/docs.google.com\/document\/d\/1bMUeN7Au2X1U0gjqKZkoWdNmuEQ7YL-S\/edit?usp=drive_link&amp;ouid=111832266179429570178&amp;rtpof=true&amp;sd=true\">Exemple de sessi\u00f3<\/a><\/td><\/tr><tr><td>TRASP\u00c0S<\/td><td><a href=\"https:\/\/docs.google.com\/spreadsheets\/d\/1FAc9JTN-pIqFuVEWkzvajFtTZQm-JtE0QNHnin_ewv0\/edit?usp=sharing\" target=\"_blank\" rel=\"noreferrer noopener\">Informe de trasp\u00e0s actualitzat<\/a><br> Enlla\u00e7 al q\u00fcestionari satisfacci\u00f3 : <a href=\"https:\/\/ja.cat\/252606\">https:\/\/ja.cat\/252606<\/a><\/td><\/tr><tr><td><\/td><td><\/td><\/tr><\/tbody><\/table><\/figure>\n\n\n\n<figure class=\"wp-block-table\"><table class=\"has-fixed-layout\"><tbody><tr><td><br><br>CURS 2024-2025<br><br><\/td><td><a href=\"https:\/\/docs.google.com\/presentation\/d\/1pPCtlVRsVpjbJmY2JOlEYxnuVLG1X4wPVSTXOCcXHsw\/edit?usp=sharing\" data-type=\"link\" data-id=\"https:\/\/docs.google.com\/presentation\/d\/1pPCtlVRsVpjbJmY2JOlEYxnuVLG1X4wPVSTXOCcXHsw\/edit?usp=sharing\">25\/10 Document de trasp\u00e0s<\/a><br>Continguts<\/td><\/tr><tr><td><a href=\"https:\/\/docs.google.com\/presentation\/d\/1pPCtlVRsVpjbJmY2JOlEYxnuVLG1X4wPVSTXOCcXHsw\/edit?usp=sharing\" target=\"_blank\" rel=\"noreferrer noopener\">SESSI\u00d3 1<\/a><\/td><td>25\/10<a href=\"https:\/\/docs.google.com\/presentation\/d\/1pPCtlVRsVpjbJmY2JOlEYxnuVLG1X4wPVSTXOCcXHsw\/edit?usp=sharing\" data-type=\"link\" data-id=\"https:\/\/docs.google.com\/presentation\/d\/1pPCtlVRsVpjbJmY2JOlEYxnuVLG1X4wPVSTXOCcXHsw\/edit?usp=sharing\"> Document de trasp\u00e0s<\/a><br>Continguts<\/td><\/tr><tr><td><br>SESSI\u00d3 2<\/td><td><a href=\"https:\/\/docs.google.com\/presentation\/d\/1jxIQuiyhru1rfs1pNwvG8qFGO87zbN7mMGP7OE9ruKY\/edit?usp=sharing\" data-type=\"link\" data-id=\"https:\/\/docs.google.com\/presentation\/d\/1jxIQuiyhru1rfs1pNwvG8qFGO87zbN7mMGP7OE9ruKY\/edit?usp=sharing\">22\/11 t\u00e8cniques de treball Document de treball: <\/a><br><a href=\"https:\/\/drive.google.com\/file\/d\/1p5iYcW2Ixb-jyx54ooC492zeDO_1pItQ\/view?usp=sharing\" data-type=\"link\" data-id=\"https:\/\/drive.google.com\/file\/d\/1p5iYcW2Ixb-jyx54ooC492zeDO_1pItQ\/view?usp=sharing\">T\u00e8cniques d&#8217;estudi.<\/a><\/td><\/tr><tr><td>SESSIONS 3 i 4<\/td><td><a href=\"https:\/\/docs.google.com\/document\/d\/1Jf22WoIn1ZUUDrVL88ZNDGuFf72zTQRmeovobhA-eqg\/edit?usp=sharing\" data-type=\"link\" data-id=\"https:\/\/docs.google.com\/document\/d\/1Jf22WoIn1ZUUDrVL88ZNDGuFf72zTQRmeovobhA-eqg\/edit?usp=sharing\">24\/1 i 31\/1 Trasp\u00e0s telem\u00e0tic<\/a><\/td><\/tr><tr><td>SESSI\u00d3 5<\/td><td>21\/2 Sessi\u00f3 de treball personal. Cada centre haur\u00e0 d&#8217;omplir el document que s&#8217;ha compartit per correu. Aquesta sessi\u00f3 cada persona responsable del centre la dedicar\u00e0 a omplir el document compartir.<a href=\"https:\/\/docs.google.com\/document\/d\/160Kfhc2f6nhlftMdz2lmxS1xRoP8cXSD8J5ejwk-uxI\/edit?usp=sharing\" data-type=\"link\" data-id=\"https:\/\/docs.google.com\/document\/d\/160Kfhc2f6nhlftMdz2lmxS1xRoP8cXSD8J5ejwk-uxI\/edit?usp=sharing\">Correu enviat<\/a><\/td><\/tr><tr><td>SESSI\u00d3 6<\/td><td><a href=\"https:\/\/docs.google.com\/presentation\/d\/1xDuoRkB4_7C6hqL-7ay9OSWRsBjVqSor-byo_cjVTN0\/edit?usp=sharing\" data-type=\"link\" data-id=\"https:\/\/docs.google.com\/presentation\/d\/1xDuoRkB4_7C6hqL-7ay9OSWRsBjVqSor-byo_cjVTN0\/edit?usp=sharing\">4\/4 Acta sessi\u00f3 4 d&#8217;abril<\/a><\/td><\/tr><tr><td><a href=\"https:\/\/docs.google.com\/presentation\/d\/1xDuoRkB4_7C6hqL-7ay9OSWRsBjVqSor-byo_cjVTN0\/edit?usp=sharing\" target=\"_blank\" rel=\"noreferrer noopener\">SESSI\u00d3 7<\/a><\/td><td><a href=\"https:\/\/docs.google.com\/presentation\/d\/13pAlgEzz3aTGphO8TPR3m5BaEJbuFlabEPVYJj-SEBo\/edit?usp=sharing\" data-type=\"link\" data-id=\"https:\/\/docs.google.com\/presentation\/d\/13pAlgEzz3aTGphO8TPR3m5BaEJbuFlabEPVYJj-SEBo\/edit?usp=sharing\">23\/5 Acta resum 23 de maig<\/a><\/td><\/tr><\/tbody><\/table><\/figure>\n\n\n\n<figure class=\"wp-block-table\"><table class=\"has-white-background-color has-background has-fixed-layout\"><tbody><tr><td>Curs 2023-2024<br>Tema escollit: H\u00e0bits de treball i t\u00e8cniques d&#8217;estudi<\/td><td><\/td><\/tr><tr><td>Sessi\u00f3 1<\/td><td><a href=\"https:\/\/docs.google.com\/presentation\/d\/1FExtS-qj0a4cBKemt66YNlC-wdCW4X-eWZkh65TVKZU\/edit?usp=sharing\" target=\"_blank\" rel=\"noreferrer noopener\">20\/10\/23<\/a><\/td><\/tr><tr><td>Sessi\u00f3 2<\/td><td><a href=\"https:\/\/docs.google.com\/presentation\/d\/1zL-Yy0fO8-xL2eBGI9CZX0ffzWZVlusEg-rP82e_4pk\/edit?usp=sharing\" target=\"_blank\" rel=\"noreferrer noopener\"><strong>24\/11\/23 el Nou Curr\u00edculum<\/strong><\/a><\/td><\/tr><tr><td>Sessi\u00f3 3<\/td><td><a href=\"https:\/\/docs.google.com\/document\/d\/1W_LNoqbpeCXLzHUA625HAtBv4NJLE--xlaTowr3lLLM\/edit?usp=sharing\" target=\"_blank\" rel=\"noreferrer noopener\"><strong>26\/1\/24 Trasp\u00e0s telem\u00e0tic<\/strong><\/a><\/td><\/tr><tr><td>Sessi\u00f3 4<\/td><td><a href=\"https:\/\/docs.google.com\/document\/d\/1W_LNoqbpeCXLzHUA625HAtBv4NJLE--xlaTowr3lLLM\/edit?usp=sharing\" target=\"_blank\" rel=\"noreferrer noopener\"><strong>2\/2\/24 Trasp\u00e0s telem\u00e0tic (opcional)<\/strong><\/a><\/td><\/tr><tr><td>Sessi\u00f3 5<\/td><td>8\/3\/24 (dia de la dona, s&#8217;ha canviat a 15\/3\/2024) Sessi\u00f3 MISU<br>Acci\u00f3 tutorial En aquesta sessi\u00f3 cal portar l&#8217;ordinadorDocuments de treball:<br><a target=\"_blank\" href=\"https:\/\/docs.google.com\/document\/d\/13NYRbwCB129wlGgWPaVjdYnVUxL_PvQhMP9tIwsnFWo\/edit?usp=sharing\" rel=\"noreferrer noopener\">PRI-SEC Badia 1.ACOLLIDA: Compartim experi\u00e8ncies<\/a><br><a target=\"_blank\" href=\"https:\/\/docs.google.com\/document\/d\/1ne7SttpozJQw-Z2VvZ9SrNhpKJfHT1nbwiMU8Kp7tVk\/edit?usp=drive_link\" rel=\"noreferrer noopener\">PRI-SEC Badia 2. TRANSICIONS ENTRE ETAPES I ENSENYAMENTS: Compartim experi\u00e8ncies<\/a><\/td><\/tr><tr><td>Sessi\u00f3 6<\/td><td><a href=\"https:\/\/docs.google.com\/document\/d\/1ne7SttpozJQw-Z2VvZ9SrNhpKJfHT1nbwiMU8Kp7tVk\/edit?usp=drive_link\" target=\"_blank\" rel=\"noreferrer noopener\">19\/4\/24<\/a><\/td><\/tr><tr><td>Sessi\u00f3 7<\/td><td><a href=\"https:\/\/docs.google.com\/presentation\/d\/1_FH2Yrpf3e9XaDxjT1bnzlQBuIUd9y0kwB9YW08RHxc\/edit?usp=sharing\" target=\"_blank\" rel=\"noreferrer noopener\">31\/5\/24<\/a><\/td><\/tr><tr><td>Trasp\u00e0s prim-sec<\/td><td><a target=\"_blank\" href=\"https:\/\/docs.google.com\/document\/d\/1fZrMQ8OhqZAo7n-92ejHXTBiP2D4e4WD\/edit?usp=sharing&amp;ouid=111832266179429570178&amp;rtpof=true&amp;sd=true\" rel=\"noreferrer noopener\">BARBER\u00c0 <\/a>&nbsp;&nbsp;&nbsp;&nbsp;&nbsp; &nbsp;&nbsp; <a target=\"_blank\" href=\"https:\/\/docs.google.com\/document\/d\/1sPbqhT4Au3A491_AP5hq2NqfwRRatc_e\/edit?usp=sharing&amp;ouid=111832266179429570178&amp;rtpof=true&amp;sd=true\" rel=\"noreferrer noopener\">BADIA<\/a><\/td><\/tr><tr><td>Barber\u00e0 del Vall\u00e8s<\/td><td>Badia del Vall\u00e8s<\/td><\/tr><tr><td>Horari: 12:00-13:30 h<br>Lloc: Servei Educatiu VOC VII<\/td><td>Horari: 12:00-13:30 h<br>Lloc: Servei Educatiu VOC VII<\/td><\/tr><tr><td><a href=\"https:\/\/drive.google.com\/file\/d\/1mvy3UQ98SgBHdLaAN_dZCaCUfmgXbtHi\/view?usp=sharing\" target=\"_blank\" rel=\"noreferrer noopener\">1-21\/10\/2022<\/a><\/td><td>12:00 PM<\/td><\/tr><tr><td>2- 25\/11\/2022 <a target=\"_blank\" href=\"https:\/\/docs.google.com\/spreadsheets\/d\/14GuxPmdGzdz4PfKpKEYL90wfZ7B3O5Yn2uON-Hpk5LQ\/edit?usp=sharing\" rel=\"noreferrer noopener\">Document de treball<\/a><br><a target=\"_blank\" href=\"https:\/\/drive.google.com\/file\/d\/10fAtHzfrc4xeuxCxv1-_b7ilHe46voiQ\/view?usp=share_link\" rel=\"noreferrer noopener\">Presentaci\u00f3<\/a><\/td><td>12:00 PM<\/td><\/tr><tr><td><a href=\"https:\/\/docs.google.com\/document\/d\/1W_LNoqbpeCXLzHUA625HAtBv4NJLE--xlaTowr3lLLM\/edit?usp=sharing\" target=\"_blank\" rel=\"noreferrer noopener\">3- 27\/01\/2023 i 3\/02\/2023 Sessi\u00f3 de trasp\u00e0s<\/a><\/td><td><a href=\"https:\/\/docs.google.com\/document\/d\/1W_LNoqbpeCXLzHUA625HAtBv4NJLE--xlaTowr3lLLM\/edit?usp=sharing\" target=\"_blank\" rel=\"noreferrer noopener\">12:00 PM<\/a><\/td><\/tr><tr><td><a target=\"_blank\" href=\"https:\/\/drive.google.com\/drive\/folders\/1EwsoLIXCn8_ON3q43dAfDS1-vJgNOqj3?usp=share_link\" rel=\"noreferrer noopener\">4- 24\/02\/2023<\/a><a target=\"_blank\" href=\"https:\/\/drive.google.com\/drive\/folders\/1EwsoLIXCn8_ON3q43dAfDS1-vJgNOqj3?usp=share_link\" rel=\"noreferrer noopener\">Experta: Marina Castro<\/a><\/td><td><a href=\"https:\/\/drive.google.com\/drive\/folders\/1EwsoLIXCn8_ON3q43dAfDS1-vJgNOqj3?usp=share_link\" target=\"_blank\" rel=\"noreferrer noopener\">12:00 PM<\/a><\/td><\/tr><tr><td><a href=\"https:\/\/docs.google.com\/presentation\/d\/17uBzLiRjH1BYPpwJBRWSymLMyqJXGBaZEsKbs39p5Sg\/edit?usp=sharing\" target=\"_blank\" rel=\"noreferrer noopener\">5- 28\/04\/2023<\/a><\/td><td><a href=\"https:\/\/docs.google.com\/presentation\/d\/17uBzLiRjH1BYPpwJBRWSymLMyqJXGBaZEsKbs39p5Sg\/edit?usp=sharing\" target=\"_blank\" rel=\"noreferrer noopener\">12:00 PM<\/a><\/td><\/tr><tr><td>6 i 7 Sessi\u00f3 de trasp\u00e0s<\/td><td><a target=\"_blank\" href=\"https:\/\/drive.google.com\/file\/d\/1RRr8ns_DFwAx4gRomVb8HiEdozRQqLE6\/view?usp=share_link\" rel=\"noreferrer noopener\">Calendari de trasp\u00e0s Barber\u00e0 del Vall\u00e8s<\/a><br><a target=\"_blank\" href=\"https:\/\/drive.google.com\/file\/d\/1Si2nKZYD6m3SwGBfZFL3UX9rqxqYcx8K\/view?usp=share_link\" rel=\"noreferrer noopener\">Calendari de trasp\u00e0s Badia del Vall\u00e8s<\/a><\/td><\/tr><tr><td colspan=\"2\">Curs 2021-2022<br>Aprendre a aprendre<br>Compartir criteris organitzatius, de gesti\u00f3 i pedag\u00f2gics per aprendre uns dels altres<br>Dissenyar conjuntament el projecte de trasp\u00e0s de prim\u00e0ria secund\u00e0ria amb els centres de Badia i de Barber\u00e0<br>Q\u00fcestionari de valoraci\u00f3: <a target=\"_blank\" href=\"https:\/\/forms.gle\/w62vDRV6vzvKJtGW7\" rel=\"noreferrer noopener\">https:\/\/forms.gle\/w62vDRV6vzvKJtGW7<\/a><\/td><\/tr><tr><td>Barber\u00e0 del Vall\u00e8s<\/td><td>Badia del Vall\u00e8s<\/td><\/tr><tr><td>Horari: 12:00-13:30 h<br>Lloc: Servei Educatiu VOC VII<\/td><td>Horari: 12:00-13:30 h<br>Lloc: Servei Educatiu VOC VII<\/td><\/tr><tr><td>1-<a target=\"_blank\" href=\"https:\/\/docs.google.com\/presentation\/d\/1sDJL8lQF_UUoxm0gDR8E3gu3VXIxO1bIlAxeOHx2wuQ\/edit?usp=sharing\" rel=\"noreferrer noopener\">15\/10\/2021<\/a><\/td><td>12:00 PM<\/td><\/tr><tr><td><a href=\"https:\/\/docs.google.com\/presentation\/d\/1gHUdjTyIxmek2_STQM4iUR7nHFfAe2BW3GcuUbzK5lw\/edit?usp=sharing\" target=\"_blank\" rel=\"noreferrer noopener\">2- 26\/11\/2021<\/a><\/td><td>12:00 PM<\/td><\/tr><tr><td><a href=\"https:\/\/docs.google.com\/document\/d\/1hf_cXl634TKlwWQMUi0cT3FI3xqC7NH7aoQAHxlFQ_o\/edit?usp=sharing\" target=\"_blank\" rel=\"noreferrer noopener\">3- 14\/01\/2022 i 21\/01\/2022 Sessi\u00f3 de trasp\u00e0s<\/a><\/td><td>12:00 PM<\/td><\/tr><tr><td>4- <a target=\"_blank\" href=\"https:\/\/docs.google.com\/presentation\/d\/1FWCh4QWEOZoC_44IBt1zMQ2s788gDazweQUXGUghntc\/edit?usp=sharing\" rel=\"noreferrer noopener\">18\/02\/2022<\/a><\/td><td>12:00 PM<\/td><\/tr><tr><td>5- <a target=\"_blank\" href=\"https:\/\/docs.google.com\/document\/d\/1ombFmR31Klkw8NalrtEwfBrjCaiSwAvT7oTypfvnysM\/edit?usp=sharing\" rel=\"noreferrer noopener\">11\/03\/2022<\/a><\/td><td>12:00 PM<\/td><\/tr><tr><td>6- <a target=\"_blank\" href=\"https:\/\/docs.google.com\/document\/d\/1mLcPfqRMRbrtKhvA4KXH5vhRKBD0fgBPCU7CRnf7EwQ\/edit?usp=sharing\" rel=\"noreferrer noopener\">01\/04\/2022<\/a><\/td><td>12:00 PM<\/td><\/tr><tr><td>Fotos de la sessi\u00f3<\/td><td><a href=\"https:\/\/drive.google.com\/drive\/folders\/1MkMYnBLVSJFz7W8H5HCuk2Ahhzb75LaK?usp=share_link\" target=\"_blank\" rel=\"noreferrer noopener\">Carpeta compartida<\/a><\/td><\/tr><tr><td colspan=\"2\">Curs 2020-2021<br>Aprendre a aprendre<br>Compartir criteris metodol\u00f2gics per a la programaci\u00f3 i avaluaci\u00f3 de les compet\u00e8ncies de l\u2019\u00e0mbit d\u2019aprendre a aprendre.<br>Dissenyar documents que puguin ser d\u2019\u00fas com\u00fa als centres per a facilitar l\u2019assoliment d\u2019aquestes compet\u00e8ncies.<\/td><\/tr><tr><td>Barber\u00e0 del Vall\u00e8s<\/td><td>Badia del Vall\u00e8s<\/td><\/tr><tr><td>Horari: 12:40-14:00 h<br>Lloc: Servei Educatiu VOC VII<\/td><td>Horari: 12:40-14:00 h<br>Lloc: Servei Educatiu VOC VII<\/td><\/tr><tr><td><a target=\"_blank\" href=\"https:\/\/docs.google.com\/document\/d\/17JFJeZ5WeDV2sXXaDBv3hHAUNHkidndq62icwVGZZXk\/edit\" rel=\"noreferrer noopener\">16\/10\/2020<\/a><br><a target=\"_blank\" href=\"https:\/\/docs.google.com\/presentation\/d\/1lSzK4AB2tRq3KDX_qrkR_MuMpQqnQaRIZyi614Dte9k\/edit?usp=sharing\" rel=\"noreferrer noopener\">27\/11\/2020 Presentaci\u00f3 multinivell<\/a><br>15\/01\/2021 (trasp\u00e0s, sense acta)<br><a target=\"_blank\" href=\"https:\/\/docs.google.com\/document\/d\/1NL-mAMZCs0RffL1DGJXOME84tbZf6w8XKZGuhT7oumk\/edit?usp=sharing\" rel=\"noreferrer noopener\">19\/02\/2021<\/a><br><a target=\"_blank\" href=\"https:\/\/docs.google.com\/document\/d\/1tA94w8LWWZf3_jvMlI-pP4pDVMh9jsNBtNvjKy1Z5xQ\/edit?usp=sharing\" rel=\"noreferrer noopener\">12\/03\/2021<\/a><br>16\/04\/2021 <a target=\"_blank\" href=\"https:\/\/docs.google.com\/presentation\/d\/1ZrOsgY2osZkG60QoIXoi8jrH_VQEOgeR6MGgx_UD7iE\/edit?usp=sharing\" rel=\"noreferrer noopener\">(material per la sessi\u00f3)<\/a><\/td><td><a target=\"_blank\" href=\"https:\/\/serveiseducatius.xtec.cat\/vallesoccidental7\/formacio\/seminaris-primaria-secundaria\/\" rel=\"noreferrer noopener\">16\/10\/2020<\/a><br><a target=\"_blank\" href=\"https:\/\/docs.google.com\/presentation\/d\/1lSzK4AB2tRq3KDX_qrkR_MuMpQqnQaRIZyi614Dte9k\/edit?usp=sharing\" rel=\"noreferrer noopener\">27\/11\/2020 Presentaci\u00f3 multinivell<\/a><br>15\/01\/2021 (trasp\u00e0s, sense acta)<br><a target=\"_blank\" href=\"https:\/\/docs.google.com\/document\/d\/1NL-mAMZCs0RffL1DGJXOME84tbZf6w8XKZGuhT7oumk\/edit?usp=sharing\" rel=\"noreferrer noopener\">19\/02\/2021<\/a><br><a target=\"_blank\" href=\"https:\/\/docs.google.com\/document\/d\/1tA94w8LWWZf3_jvMlI-pP4pDVMh9jsNBtNvjKy1Z5xQ\/edit?usp=sharing\" rel=\"noreferrer noopener\">12\/03\/2021<\/a><br>16\/04\/2021 <a target=\"_blank\" href=\"https:\/\/docs.google.com\/presentation\/d\/1ZrOsgY2osZkG60QoIXoi8jrH_VQEOgeR6MGgx_UD7iE\/edit?usp=sharing\" rel=\"noreferrer noopener\">(material per la sessi\u00f3)<\/a><\/td><\/tr><tr><td colspan=\"2\">Curs 2019-2020<br>Aprendre a aprendre<br>Compartir criteris metodol\u00f2gics per a la programaci\u00f3 i avaluaci\u00f3 de les compet\u00e8ncies de l\u2019\u00e0mbit d\u2019aprendre a aprendre.<br>Dissenyar documents que puguin ser d\u2019\u00fas com\u00fa als centres per a facilitar l\u2019assoliment d\u2019aquestes compet\u00e8ncies.<\/td><\/tr><tr><td>Barber\u00e0 del Vall\u00e8s<\/td><td>Badia del Vall\u00e8s<\/td><\/tr><tr><td>Horari: 12:00-13:30 h<br>Lloc: Servei Educatiu VOC VII<\/td><td>Horari: 12:30-14:00 h<br>Lloc: Servei Educatiu VOC VII<\/td><\/tr><tr><td><a target=\"_blank\" href=\"https:\/\/docs.google.com\/document\/d\/1FXZP32leMWmGjedP-CA7pqKlSXmeZOM4XHYvSQF7vBw\/edit?usp=sharing\" rel=\"noreferrer noopener\">11\/10\/2019<\/a><br><a target=\"_blank\" href=\"https:\/\/docs.google.com\/document\/d\/1t-M1b-HWmp2huQIoeB5dS6hDSfMgnamqYXywfqqWb-w\/edit?usp=sharing\" rel=\"noreferrer noopener\">08\/11\/2019<\/a><br><a target=\"_blank\" href=\"https:\/\/docs.google.com\/document\/d\/1rOWdwt6Yjo0rW7g9jAGM_mp9vyvQkMRRuMnhzeYjiLY\/edit?usp=sharing\" rel=\"noreferrer noopener\">29\/11\/2019<\/a><br><a target=\"_blank\" href=\"https:\/\/docs.google.com\/document\/d\/1eyapDJlofXdp2cpvCBtjtfPRWOIvs_unYEH2Tiy0kl0\/edit?usp=sharing\" rel=\"noreferrer noopener\">10\/01\/2020<\/a><br><a target=\"_blank\" href=\"https:\/\/docs.google.com\/document\/d\/1NPd7cgRE5MSGvCbqOq-vvW5Knk5nIgMjFDfnsZdCgDw\/edit?usp=sharing\" rel=\"noreferrer noopener\">07\/02\/2020<\/a><br><a target=\"_blank\" href=\"https:\/\/docs.google.com\/document\/d\/1YEhpidqPvgb98Fo1zOvv8ipY4wV96X3zknxAspeNfHA\/edit?usp=sharing\" rel=\"noreferrer noopener\">06\/03\/2020<\/a><br><a target=\"_blank\" href=\"https:\/\/docs.google.com\/document\/d\/1YKf-b9fr6sB76vBQXyoHqUW6xezyGdKBX0m5zWKOiHA\/edit?usp=sharing\" rel=\"noreferrer noopener\">27\/03\/2020<\/a><br>24\/04\/2020<\/td><td><a target=\"_blank\" href=\"https:\/\/docs.google.com\/document\/d\/1FXZP32leMWmGjedP-CA7pqKlSXmeZOM4XHYvSQF7vBw\/edit?usp=sharing\" rel=\"noreferrer noopener\">11\/10\/2019<\/a><br><a target=\"_blank\" href=\"https:\/\/docs.google.com\/document\/d\/1t-M1b-HWmp2huQIoeB5dS6hDSfMgnamqYXywfqqWb-w\/edit?usp=sharing\" rel=\"noreferrer noopener\">08\/11\/2019<\/a><br><a target=\"_blank\" href=\"https:\/\/docs.google.com\/document\/d\/1rOWdwt6Yjo0rW7g9jAGM_mp9vyvQkMRRuMnhzeYjiLY\/edit?usp=sharing\" rel=\"noreferrer noopener\">29\/11\/2019<\/a><br><a target=\"_blank\" href=\"https:\/\/docs.google.com\/document\/d\/1eyapDJlofXdp2cpvCBtjtfPRWOIvs_unYEH2Tiy0kl0\/edit?usp=sharing\" rel=\"noreferrer noopener\">10\/01\/2020<\/a><br><a target=\"_blank\" href=\"https:\/\/docs.google.com\/document\/d\/1NPd7cgRE5MSGvCbqOq-vvW5Knk5nIgMjFDfnsZdCgDw\/edit?usp=sharing\" rel=\"noreferrer noopener\">07\/02\/2020<\/a><br><a target=\"_blank\" href=\"https:\/\/docs.google.com\/document\/d\/1YEhpidqPvgb98Fo1zOvv8ipY4wV96X3zknxAspeNfHA\/edit?usp=sharing\" rel=\"noreferrer noopener\">06\/03\/2020<\/a><br><a target=\"_blank\" href=\"https:\/\/docs.google.com\/document\/d\/1YKf-b9fr6sB76vBQXyoHqUW6xezyGdKBX0m5zWKOiHA\/edit?usp=sharing\" rel=\"noreferrer noopener\">27\/03\/2020<\/a><br>24\/04\/2020<\/td><\/tr><tr><td colspan=\"2\">Curs 2018-2019<br>Aprendre a aprendre<br>Compartir criteris metodol\u00f2gics per a la programaci\u00f3 i avaluaci\u00f3 de les compet\u00e8ncies de l\u2019\u00e0mbit d\u2019aprendre a aprendre.<br>Dissenyar documents que puguin ser d\u2019\u00fas com\u00fa als centres per a facilitar l\u2019assoliment d\u2019aquestes compet\u00e8ncies.<\/td><\/tr><tr><td>Barber\u00e0 del Vall\u00e8s<\/td><td>Badia del Vall\u00e8s<\/td><\/tr><tr><td>Horari: 12:00-13:30 h<br>Lloc: Servei Educatiu VOC VII<\/td><td>Horari: 12:30-14:00 h<br>Lloc: Servei Educatiu VOC VII<\/td><\/tr><tr><td><a target=\"_blank\" href=\"https:\/\/docs.google.com\/presentation\/d\/1DOPfSIxkSYuM-uoNIqsXMtI_EMs9H6JYNiFq6MDW780\/edit?usp=sharing\" rel=\"noreferrer noopener\">19\/10\/2018<\/a><br><a target=\"_blank\" href=\"https:\/\/drive.google.com\/open?id=1QurM9Rnon3nEG8pUlXJtPy3wFu_zaUrCtPGAF6tasmI\" rel=\"noreferrer noopener\">09\/11\/2018<\/a><br><a target=\"_blank\" href=\"https:\/\/docs.google.com\/presentation\/d\/1tGGNVsHb0Hkd79YZ4MipU0vXp9gQYgW1w8uQCvl_qYA\/edit?usp=sharing\" rel=\"noreferrer noopener\">30\/11\/2018<\/a><br><a target=\"_blank\" href=\"https:\/\/drive.google.com\/open?id=1NTMgV3hhAvrpcOEZSZ_Vb7U17n8IfvRe30sCZHfg7C8\" rel=\"noreferrer noopener\">18\/01\/2019<\/a><br>08\/02\/2019<br>08\/03\/2019<br>29\/03\/2019<br>10\/05\/2019<\/td><td><a target=\"_blank\" href=\"https:\/\/drive.google.com\/open?id=1Uidg800gjjDBXTQ6iHUQmanGRRwS-Ihooyt-7KP0_NM\" rel=\"noreferrer noopener\">26\/10\/2018<\/a><br><a target=\"_blank\" href=\"https:\/\/drive.google.com\/open?id=1V8c-ApQlKRbR80q2oZ4IJ-A1IzkjO5E8qHaVNXXesqE\" rel=\"noreferrer noopener\">16\/11\/2018<\/a><br><a target=\"_blank\" href=\"https:\/\/docs.google.com\/presentation\/d\/1MrYR-VR6TOqKiB4hqjae-724d9GJuEp9ypx3EVwjdZI\/edit?usp=sharing\" rel=\"noreferrer noopener\">14\/12\/2018<\/a><br><a target=\"_blank\" href=\"https:\/\/docs.google.com\/presentation\/d\/14a81Q_udAOaSRJ63X2jojdBhXl_14-mAEzdsn7OpIYA\/edit#slide=id.g461ed76173_0_90\" rel=\"noreferrer noopener\">01\/02\/2019<\/a><br><a target=\"_blank\" href=\"https:\/\/drive.google.com\/open?id=1oSu_KqdD61pD2ykkC8UB3JgcrgA9NE70izUot4iV_ZI\" rel=\"noreferrer noopener\">15\/02\/2019<\/a><br>15\/03\/2019<br>05\/04\/2019<br>17\/05\/2019<\/td><\/tr><tr><td colspan=\"2\">Curs 2017-2018<br><br>Avaluar per aprendre Debatre i consensuar, en la mesura del possible, criteris pedag\u00f2gics en relaci\u00f3 a l\u2019avaluaci\u00f3 formadora<br>Compartir, dissenyar\u2026 instruments i\/o documentaci\u00f3 per afavorir l\u2019avaluaci\u00f3 formativa i formadora (AxA) en els centres.<\/td><\/tr><tr><td>Barber\u00e0 del Vall\u00e8s<\/td><td>Badia del Vall\u00e8s<\/td><\/tr><tr><td>Horari: 12:30-14:00 h<br>Lloc: Servei Educatiu VOC VII<\/td><td>Horari: 12:30-14:00 h<br>Lloc: Servei Educatiu VOC VII<\/td><\/tr><tr><td><a target=\"_blank\" href=\"https:\/\/drive.google.com\/open?id=104xYALhRBHTouBo8T7BB_8Iw4q1PKvUZk_xKJ6wQ3Bc\" rel=\"noreferrer noopener\">Sessi\u00f3 1<\/a> (27\/10\/17)<br><a target=\"_blank\" href=\"https:\/\/drive.google.com\/open?id=1Uq3ka4x0cNe2eNA5OMs7vfWSXS-0zSM5X674dH68HU8\" rel=\"noreferrer noopener\">Sessi\u00f3 2 <\/a>(10\/11\/17)<br><a target=\"_blank\" href=\"https:\/\/docs.google.com\/document\/d\/1vRR0qZoUoiIbx1QGlEd7bM_cZf67LqVRvEoQP_vrcwM\/edit\" rel=\"noreferrer noopener\">Sessi\u00f3 3<\/a> (24\/11\/17)<br><a target=\"_blank\" href=\"https:\/\/drive.google.com\/open?id=19sZu9a2EU1WgMeCryh1BV-8qfDQ9B47GHajeCE1GeV0\" rel=\"noreferrer noopener\">Sessi\u00f3 4<\/a> (19\/01\/18)<br><a target=\"_blank\" href=\"https:\/\/docs.google.com\/document\/d\/18reRzXO2jn3TYI9mpzDpAvDZ3XQzXNGbvlt8o_flo3s\/edit?usp=sharing\" rel=\"noreferrer noopener\">Sessi\u00f3 5<\/a> (16\/02\/18)<br><a target=\"_blank\" href=\"https:\/\/docs.google.com\/document\/d\/1P49DKWzNnfJ7PhlI6M69htSinO8bw3NUugPrHdKw0cQ\/edit?usp=sharing\" rel=\"noreferrer noopener\">Sessi\u00f3 6<\/a> (09\/03\/18)<br><a target=\"_blank\" href=\"https:\/\/docs.google.com\/document\/d\/1kMUJyk9YIsF4EDzrIXEQoRZAce1E1bNw0K364VlnCFc\/edit?usp=sharing\" rel=\"noreferrer noopener\">Sessi\u00f3 7<\/a> (27\/04\/18)<br><a target=\"_blank\" href=\"https:\/\/docs.google.com\/document\/d\/14TG5TtHgCv0ObQwA_roIyW73T-wL8zLo3d8eFtEA1qY\/edit?usp=sharing\" rel=\"noreferrer noopener\">Sessi\u00f3 8<\/a> (25\/05\/18)<\/td><td><a target=\"_blank\" href=\"https:\/\/docs.google.com\/a\/xtec.cat\/document\/d\/1-Vfyn-2IRuFpMo5vu4ShzcVrQNOtiFNi4sZy0CcW49U\/edit?usp=sharing\" rel=\"noreferrer noopener\">Sessi\u00f3 1<\/a> (3\/11\/17)<br><a target=\"_blank\" href=\"https:\/\/docs.google.com\/document\/d\/16ILK4MwhVcKIoyTI6TZ_1ausfn39b91I6cxyYjC6Ups\/edit?usp=sharing\" rel=\"noreferrer noopener\">Sessi\u00f3 2<\/a> (15\/12\/17)<br><a target=\"_blank\" href=\"https:\/\/docs.google.com\/document\/d\/1DZ3aNhvLIqlWCKzhtphAmCCNJVQf4C25BWpqjRh-A0c\/edit?usp=sharing\" rel=\"noreferrer noopener\">Sessi\u00f3 3<\/a> (12\/01\/18)<br><a target=\"_blank\" href=\"https:\/\/docs.google.com\/document\/d\/12QLdrUHOSLVIymOdAXaoZX60ocVbILHHrjuvKDukJg4\/edit?usp=sharing\" rel=\"noreferrer noopener\">Sessi\u00f3 4 <\/a>(26\/01\/18)<br><a target=\"_blank\" href=\"https:\/\/docs.google.com\/document\/d\/192RlJ1njIweIHHr1W3_SZafY69EozSlUhP-3okhGQLc\/edit?usp=sharing\" rel=\"noreferrer noopener\">Sessi\u00f3 5<\/a> (16\/03\/18)<br><a target=\"_blank\" href=\"https:\/\/docs.google.com\/document\/d\/1aj5cmRC2HmYcDKxiVE3kCxCtQSkDB-597fwLb0jMbaM\/edit?usp=sharing\" rel=\"noreferrer noopener\">Sessi\u00f3 6<\/a> (13\/04\/18)<br><a target=\"_blank\" href=\"https:\/\/docs.google.com\/document\/d\/1Px3RVGWRetneaOH_JdXLPCtPwlfKb-syKiq5tCgTFf4\/edit?usp=sharing\" rel=\"noreferrer noopener\">Sessi\u00f3 7<\/a> (04\/05\/18)<br><a target=\"_blank\" href=\"https:\/\/docs.google.com\/document\/d\/15pOJrj9BpmTrq-xsgFVb5_IiQlhFj0DyZBEFHvkX1HU\/edit?usp=sharing\" rel=\"noreferrer noopener\">Sessi\u00f3 8<\/a> (18\/05\/18)<\/td><\/tr><\/tbody><\/table><\/figure>\n","protected":false},"excerpt":{"rendered":"<p>CURS 2025-2026&nbsp; &nbsp; &nbsp; &nbsp; 10\/10, 14\/11, 12\/12, 13\/02 (canvi data 27 de febrer) , 20\/03Trasp\u00e0s 30\/01, 06\/02 Sessi\u00f3 1: 10\/10\/2025 Sessi\u00f3 1: 10\/10\/2025Pr\u00e0ctiques de refer\u00e8ncia: WEB CRP Badia Etiqueta de pr\u00e0ctiques de refer\u00e8ncia.Restauratius+ pr\u00e0ctiques de refer\u00e8nciaDocument per analitzar les pr\u00e0ctiques de refer\u00e8nciaPost-its&nbsp; pr\u00e0ctiques de refer\u00e8nciaFitxa pr\u00e0ctica de refer\u00e8ncia Sessi\u00f3 2: 14\/11\/2025 Benestar Sessi\u00f3 3: [&hellip;]<\/p>\n","protected":false},"author":1,"featured_media":0,"parent":416,"menu_order":0,"comment_status":"closed","ping_status":"closed","template":"","meta":{"_bbp_topic_count":0,"_bbp_reply_count":0,"_bbp_total_topic_count":0,"_bbp_total_reply_count":0,"_bbp_voice_count":0,"_bbp_anonymous_reply_count":0,"_bbp_topic_count_hidden":0,"_bbp_reply_count_hidden":0,"_bbp_forum_subforum_count":0,"site-sidebar-layout":"default","site-content-layout":"","ast-site-content-layout":"default","site-content-style":"default","site-sidebar-style":"default","ast-global-header-display":"","ast-banner-title-visibility":"","ast-main-header-display":"","ast-hfb-above-header-display":"","ast-hfb-below-header-display":"","ast-hfb-mobile-header-display":"","site-post-title":"","ast-breadcrumbs-content":"","ast-featured-img":"","footer-sml-layout":"","theme-transparent-header-meta":"default","adv-header-id-meta":"","stick-header-meta":"","header-above-stick-meta":"","header-main-stick-meta":"","header-below-stick-meta":"","astra-migrate-meta-layouts":"set","ast-page-background-enabled":"default","ast-page-background-meta":{"desktop":{"background-color":"var(--ast-global-color-4)","background-image":"","background-repeat":"repeat","background-position":"center center","background-size":"auto","background-attachment":"scroll","background-type":"","background-media":"","overlay-type":"","overlay-color":"","overlay-opacity":"","overlay-gradient":""},"tablet":{"background-color":"","background-image":"","background-repeat":"repeat","background-position":"center center","background-size":"auto","background-attachment":"scroll","background-type":"","background-media":"","overlay-type":"","overlay-color":"","overlay-opacity":"","overlay-gradient":""},"mobile":{"background-color":"","background-image":"","background-repeat":"repeat","background-position":"center center","background-size":"auto","background-attachment":"scroll","background-type":"","background-media":"","overlay-type":"","overlay-color":"","overlay-opacity":"","overlay-gradient":""}},"ast-content-background-meta":{"desktop":{"background-color":"var(--ast-global-color-5)","background-image":"","background-repeat":"repeat","background-position":"center center","background-size":"auto","background-attachment":"scroll","background-type":"","background-media":"","overlay-type":"","overlay-color":"","overlay-opacity":"","overlay-gradient":""},"tablet":{"background-color":"var(--ast-global-color-5)","background-image":"","background-repeat":"repeat","background-position":"center center","background-size":"auto","background-attachment":"scroll","background-type":"","background-media":"","overlay-type":"","overlay-color":"","overlay-opacity":"","overlay-gradient":""},"mobile":{"background-color":"var(--ast-global-color-5)","background-image":"","background-repeat":"repeat","background-position":"center center","background-size":"auto","background-attachment":"scroll","background-type":"","background-media":"","overlay-type":"","overlay-color":"","overlay-opacity":"","overlay-gradient":""}},"footnotes":""},"class_list":["post-8976","page","type-page","status-publish","hentry"],"post_mailing_queue_ids":[],"_links":{"self":[{"href":"https:\/\/serveiseducatius.xtec.cat\/vallesoccidental7\/wp-json\/wp\/v2\/pages\/8976","targetHints":{"allow":["GET"]}}],"collection":[{"href":"https:\/\/serveiseducatius.xtec.cat\/vallesoccidental7\/wp-json\/wp\/v2\/pages"}],"about":[{"href":"https:\/\/serveiseducatius.xtec.cat\/vallesoccidental7\/wp-json\/wp\/v2\/types\/page"}],"author":[{"embeddable":true,"href":"https:\/\/serveiseducatius.xtec.cat\/vallesoccidental7\/wp-json\/wp\/v2\/users\/1"}],"replies":[{"embeddable":true,"href":"https:\/\/serveiseducatius.xtec.cat\/vallesoccidental7\/wp-json\/wp\/v2\/comments?post=8976"}],"version-history":[{"count":6,"href":"https:\/\/serveiseducatius.xtec.cat\/vallesoccidental7\/wp-json\/wp\/v2\/pages\/8976\/revisions"}],"predecessor-version":[{"id":14109,"href":"https:\/\/serveiseducatius.xtec.cat\/vallesoccidental7\/wp-json\/wp\/v2\/pages\/8976\/revisions\/14109"}],"up":[{"embeddable":true,"href":"https:\/\/serveiseducatius.xtec.cat\/vallesoccidental7\/wp-json\/wp\/v2\/pages\/416"}],"wp:attachment":[{"href":"https:\/\/serveiseducatius.xtec.cat\/vallesoccidental7\/wp-json\/wp\/v2\/media?parent=8976"}],"curies":[{"name":"wp","href":"https:\/\/api.w.org\/{rel}","templated":true}]}}