{"id":12291,"date":"2023-11-30T15:49:14","date_gmt":"2023-11-30T14:49:14","guid":{"rendered":"https:\/\/serveiseducatius.xtec.cat\/vallesoccidental7\/?page_id=12291"},"modified":"2026-04-16T12:39:05","modified_gmt":"2026-04-16T10:39:05","slug":"seminari-dacompanyament-primaria-secundaria","status":"publish","type":"page","link":"https:\/\/serveiseducatius.xtec.cat\/vallesoccidental7\/formacio\/seminari-dacompanyament-primaria-secundaria\/","title":{"rendered":"Seminari d&#8217;acompanyament prim\u00e0ria secund\u00e0ria"},"content":{"rendered":"\n<p>Us recordem que tota la informaci\u00f3 est\u00e0 penjada a la unitat compartida: Projecte d&#8217;acompanyament prim\u00e0ria-secund\u00e0ria<\/p>\n\n\n\n<p>En aquesta unitat i als documents nom\u00e9s tenen acc\u00e9s les persones que participin en el seminari:<\/p>\n\n\n\n<p>Unitat: <a href=\"https:\/\/drive.google.com\/drive\/u\/2\/folders\/0AOG_A4mo_EDqUk9PVA\">https:\/\/drive.google.com\/drive\/u\/2\/folders\/0AOG_A4mo_EDqUk9PVA<\/a><\/p>\n\n\n\n<p>Qualsevol dubte o pregunta a 8930041<span class=\"\">@xtec.cat<\/span><\/p>\n\n\n\n<p>Curs 25-26<\/p>\n\n\n\n<div class=\"wp-block-buttons has-custom-font-size has-medium-font-size is-content-justification-center is-layout-flex wp-container-core-buttons-is-layout-1 wp-block-buttons-is-layout-flex\" style=\"padding-top:0;padding-right:0;padding-bottom:0;padding-left:0\">\n<div class=\"wp-block-button is-style-fill\"><a class=\"wp-block-button__link wp-element-button\" href=\"https:\/\/docs.google.com\/presentation\/d\/1__KmzjuYkoGr0pABTpMhxU6xYXKT25lu\/edit?usp=sharing&amp;ouid=111832266179429570178&amp;rtpof=true&amp;sd=true\" target=\"_blank\" rel=\"noreferrer noopener\">Sessi\u00f3 1: 25\/09\/2025<\/a><\/div>\n\n\n\n<div class=\"wp-block-button\"><a class=\"wp-block-button__link wp-element-button\" href=\"https:\/\/docs.google.com\/presentation\/d\/1uMyf5gPKthMA8e4PTr1IeL_7yYUFNHsy\/edit?usp=sharing&amp;ouid=111832266179429570178&amp;rtpof=true&amp;sd=true\" target=\"_blank\" rel=\"noreferrer noopener\">Sessi\u00f3 2: 27\/11\/2025<\/a><\/div>\n\n\n\n<div class=\"wp-block-button\"><a class=\"wp-block-button__link wp-element-button\" href=\"https:\/\/docs.google.com\/presentation\/d\/1MmfAh6GXXH4gTe7cGNWNvoYUMxbsUI7W\/edit?usp=sharing&amp;ouid=111832266179429570178&amp;rtpof=true&amp;sd=true\">Sessi\u00f3 3: 16\/04\/2026<\/a><\/div>\n\n\n\n<div class=\"wp-block-button\"><a class=\"wp-block-button__link wp-element-button\">Sessi\u00f3 4: 25\/06\/2026<\/a><\/div>\n<\/div>\n\n\n\n<figure class=\"wp-block-table\"><table class=\"has-fixed-layout\"><tbody><tr><td>Virtual<\/td><td>Presencial<\/td><td>Virtual<\/td><td>Presencial<\/td><\/tr><tr><td>12:45h a 14h<\/td><td>12:45h a 14h<\/td><td>12:45h a 14h<\/td><td>13h<\/td><\/tr><tr><td>Fase 2<\/td><td>Valoraci\u00f3 24-25<\/td><td>preparaci\u00f3 nou projecte<\/td><td>Valoraci\u00f3 primera fase<\/td><\/tr><\/tbody><\/table><\/figure>\n\n\n\n<p>&nbsp;<\/p>\n\n\n\n<p>Curs 24-25<\/p>\n\n\n\n<figure class=\"wp-block-table\"><table class=\"has-fixed-layout\"><tbody><tr><td>Horari 12:45h a 14h<\/td><td>25\/9\/2025\n<p>Virtual<\/p>\n<\/td><td>27\/11\/2025\n<p>Presencial<\/p>\n<\/td><td>19\/3\/2025\n<p>Virtual<\/p>\n<\/td><td>25\/6\/2025\n<p>Presencial<\/p>\n<\/td><\/tr><tr><td>Dijous<\/td><td>Projecte Acompanyament P-S<br>Dijous, 25 de de setembre \u00b7 12:45-14:00<br>Zona hor\u00e0ria: Europe\/Madrid<br>Informaci\u00f3 per unir-se a Google Meet<br>Enlla\u00e7 de la videotrucada: <a href=\"https:\/\/meet.google.com\/yia-eqzp-euz\">https:\/\/meet.google.com\/yia-eqzp-euz<\/a><\/td><td>&nbsp;<\/td><td>&nbsp;<\/td><td>Aquesta sessi\u00f3 13h<\/td><\/tr><tr><td>Contingut<\/td><td>&nbsp;<\/td><td>&nbsp;<\/td><td>&nbsp;<\/td><td>&nbsp;<\/td><\/tr><\/tbody><\/table><\/figure>\n\n\n\n<p>&nbsp;<\/p>\n\n\n\n<p>Us recordem que tota la informaci\u00f3 est\u00e0 penjada a la unitat compartida: Projecte d&#8217;acompanyament prim\u00e0ria-secund\u00e0ria<\/p>\n\n\n\n<p>En aquesta unitat i als documents nom\u00e9s tenen acc\u00e9s les persones que participin en el seminari:<\/p>\n\n\n\n<p>Unitat: <a href=\"https:\/\/drive.google.com\/drive\/u\/2\/folders\/0AOG_A4mo_EDqUk9PVA\">https:\/\/drive.google.com\/drive\/u\/2\/folders\/0AOG_A4mo_EDqUk9PVA<\/a><\/p>\n\n\n\n<p>Qualsevol dubte o pregunta a 8930041@xtec.cat<\/p>\n\n\n\n<p>Curs 24\/25<\/p>\n\n\n\n<figure class=\"wp-block-table\"><table class=\"has-fixed-layout\"><tbody><tr><td><b>HORA<\/b><\/td><td><b>19\/9\/2024<\/b><\/td><td><b>28\/11\/2024<\/b><\/td><td><b>20\/03\/2025<\/b><\/td><td><b>12\/06\/2025<\/b><\/td><\/tr><tr><td><b>Dijous<\/b>\n<p><b>12:45 a 14h&nbsp;<\/b><\/p>\n<\/td><td><b>Virtual&nbsp;<\/b><\/td><td><b>Presencial:&nbsp;<\/b>\n<p><a href=\"https:\/\/docs.google.com\/presentation\/d\/1T2hTMa8hgJFnEj8oHgV7w52ESe-97rWuIocr_WXNruM\/edit?usp=sharing\">Presentaci\u00f3 dels resultats<\/a><\/p>\n<\/td><td><b><b>Virtual:<\/b><\/b>\n<div><a href=\"https:\/\/meet.google.com\/zyu-idgi-mcd\" target=\"_blank\" rel=\"noopener\">https:\/\/meet.google.com\/zyu-<wbr>idgi-mcd<\/a><\/div>\n<div><b><a href=\"https:\/\/meet.google.com\/zyu-idgi-mcd\" target=\"_blank\" rel=\"noopener\">Enlla\u00e7 meet<\/a><\/b><\/div>\n<div>&nbsp;<\/div>\n<\/td><td><b>Virtual a 13:15 h al SE<\/b><\/td><\/tr><tr><td><span style=\"font-weight: 400;\">Contingut<\/span><\/td><td><a href=\"https:\/\/docs.google.com\/document\/d\/1IYGUsjVW49xy-r2dDK6ZqAvCkCr8TT4N-iueSexF7Ig\/edit?usp=sharing\"><span style=\"font-weight: 400;\">Repassada projecte<\/span><\/a><\/td><td><a href=\"https:\/\/docs.google.com\/document\/d\/1IYGUsjVW49xy-r2dDK6ZqAvCkCr8TT4N-iueSexF7Ig\/edit?tab=t.0#heading=h.4n5k2y243xpn\"><span style=\"font-weight: 400;\">Valoraci\u00f3 del projecte 24\/25<\/span><\/a><\/td><td><span style=\"font-weight: 400;\">Preparaci\u00f3 del nou projecte<\/span><\/td><td><span style=\"font-weight: 400;\">Valoraci\u00f3 de la primera fase<\/span><\/td><\/tr><\/tbody><\/table><\/figure>\n\n\n\n<p>23-24<\/p>\n\n\n\n<figure class=\"wp-block-table\"><table class=\"has-fixed-layout\"><tbody><tr><td><b>HORA<\/b><\/td><td><b>19\/9\/2023<\/b><\/td><td><b>28\/11\/2023<\/b><\/td><td><b>20\/03\/2024<\/b><\/td><td><b>13\/06\/2024<\/b><\/td><\/tr><tr><td><b>Dijous<\/b>\n<p><b>12:45 a 14h&nbsp;<\/b><\/p>\n<\/td><td><b>Virtual&nbsp;<\/b><\/td><td><b>Presencial&nbsp;<\/b><\/td><td><b>Virtual<\/b><\/td><td><b>Presencial a 13:15 h al SE<\/b><\/td><\/tr><tr><td><span style=\"font-weight: 400;\">Contingut<\/span><\/td><td><a href=\"https:\/\/docs.google.com\/document\/d\/1VBUUtaXWS30PKAN2bBuxUyu8owjvmC_In21W7w4iuQE\/edit?usp=sharing\"><span style=\"font-weight: 400;\">Repassada projecte<\/span><\/a><\/td><td><a href=\"https:\/\/docs.google.com\/document\/d\/1VBUUtaXWS30PKAN2bBuxUyu8owjvmC_In21W7w4iuQE\/edit\"><span style=\"font-weight: 400;\">Valoraci\u00f3 del projecte <\/span><\/a><\/td><td><a href=\"https:\/\/docs.google.com\/document\/d\/1VBUUtaXWS30PKAN2bBuxUyu8owjvmC_In21W7w4iuQE\/edit\"><span style=\"font-weight: 400;\">Preparaci\u00f3 del nou projecte<\/span><\/a><\/td><td><a href=\"https:\/\/docs.google.com\/presentation\/d\/1k7A7wwMQqJtDr6L-f_NYmzr-dxl5kuKIJZKnig90OGk\/edit?usp=sharing\"><span style=\"font-weight: 400;\">Valoraci\u00f3 de la primera fase<\/span><\/a><\/td><\/tr><\/tbody><\/table><\/figure>\n\n\n\n<p>22\/23<\/p>\n\n\n\n<figure class=\"wp-block-table\"><table class=\"has-fixed-layout\"><tbody><tr><td><b>HORA<\/b><\/td><td><b>14-09-2022<\/b><\/td><td><b>30\/11\/2022<\/b><\/td><td><b>7\/3\/2023&nbsp;<\/b><\/td><td><b>13\/06\/2023<\/b><\/td><\/tr><tr><td><b>Dijous<\/b>\n<p><b>12:45 a 14h&nbsp;<\/b><\/p>\n<\/td><td><b>Virtual&nbsp;<\/b><\/td><td><b>Presencial&nbsp;<\/b><\/td><td><b>Virtual<\/b><\/td><td><b>Presencial a 13:15 h al SE<\/b><\/td><\/tr><tr><td><span style=\"font-weight: 400;\">Contingut<\/span><\/td><td><span style=\"font-weight: 400;\">Repassada projecte<\/span><\/td><td><a href=\"https:\/\/docs.google.com\/document\/d\/1VBUUtaXWS30PKAN2bBuxUyu8owjvmC_In21W7w4iuQE\/edit?usp=sharing\"><span style=\"font-weight: 400;\">Valoraci\u00f3 del projecte 23\/24<\/span><\/a><\/td><td><a href=\"https:\/\/docs.google.com\/document\/d\/1VBUUtaXWS30PKAN2bBuxUyu8owjvmC_In21W7w4iuQE\/edit?usp=sharing\"><span style=\"font-weight: 400;\">Preparaci\u00f3 del nou projecte<\/span><\/a><\/td><td><a href=\"https:\/\/docs.google.com\/document\/d\/1VBUUtaXWS30PKAN2bBuxUyu8owjvmC_In21W7w4iuQE\/edit?usp=sharing\"><span style=\"font-weight: 400;\">Valoraci\u00f3 de la primera fase<\/span><\/a><\/td><\/tr><\/tbody><\/table><\/figure>\n\n\n\n<p><\/p>\n\n\n\n<p><\/p>\n\n\n\n<p><\/p>\n\n\n\n<p><\/p>\n\n\n\n<p><\/p>\n\n\n\n<p><\/p>\n\n\n\n<p><\/p>\n\n\n\n<p><\/p>\n\n\n\n<p><\/p>\n\n\n\n<p><\/p>\n\n\n\n<p><\/p>\n\n\n\n<p><\/p>\n\n\n\n<p><\/p>\n","protected":false},"excerpt":{"rendered":"<p>Us recordem que tota la informaci\u00f3 est\u00e0 penjada a la unitat compartida: Projecte d&#8217;acompanyament prim\u00e0ria-secund\u00e0ria En aquesta unitat i als documents nom\u00e9s tenen acc\u00e9s les persones que participin en el seminari: Unitat: https:\/\/drive.google.com\/drive\/u\/2\/folders\/0AOG_A4mo_EDqUk9PVA Qualsevol dubte o pregunta a 8930041@xtec.cat Curs 25-26 Virtual Presencial Virtual Presencial 12:45h a 14h 12:45h a 14h 12:45h a 14h 13h [&hellip;]<\/p>\n","protected":false},"author":5,"featured_media":0,"parent":416,"menu_order":0,"comment_status":"closed","ping_status":"closed","template":"","meta":{"_bbp_topic_count":0,"_bbp_reply_count":0,"_bbp_total_topic_count":0,"_bbp_total_reply_count":0,"_bbp_voice_count":0,"_bbp_anonymous_reply_count":0,"_bbp_topic_count_hidden":0,"_bbp_reply_count_hidden":0,"_bbp_forum_subforum_count":0,"site-sidebar-layout":"default","site-content-layout":"","ast-site-content-layout":"default","site-content-style":"default","site-sidebar-style":"default","ast-global-header-display":"","ast-banner-title-visibility":"","ast-main-header-display":"","ast-hfb-above-header-display":"","ast-hfb-below-header-display":"","ast-hfb-mobile-header-display":"","site-post-title":"","ast-breadcrumbs-content":"","ast-featured-img":"","footer-sml-layout":"","theme-transparent-header-meta":"default","adv-header-id-meta":"","stick-header-meta":"","header-above-stick-meta":"","header-main-stick-meta":"","header-below-stick-meta":"","astra-migrate-meta-layouts":"set","ast-page-background-enabled":"default","ast-page-background-meta":{"desktop":{"background-color":"var(--ast-global-color-4)","background-image":"","background-repeat":"repeat","background-position":"center center","background-size":"auto","background-attachment":"scroll","background-type":"","background-media":"","overlay-type":"","overlay-color":"","overlay-opacity":"","overlay-gradient":""},"tablet":{"background-color":"","background-image":"","background-repeat":"repeat","background-position":"center center","background-size":"auto","background-attachment":"scroll","background-type":"","background-media":"","overlay-type":"","overlay-color":"","overlay-opacity":"","overlay-gradient":""},"mobile":{"background-color":"","background-image":"","background-repeat":"repeat","background-position":"center center","background-size":"auto","background-attachment":"scroll","background-type":"","background-media":"","overlay-type":"","overlay-color":"","overlay-opacity":"","overlay-gradient":""}},"ast-content-background-meta":{"desktop":{"background-color":"var(--ast-global-color-5)","background-image":"","background-repeat":"repeat","background-position":"center center","background-size":"auto","background-attachment":"scroll","background-type":"","background-media":"","overlay-type":"","overlay-color":"","overlay-opacity":"","overlay-gradient":""},"tablet":{"background-color":"var(--ast-global-color-5)","background-image":"","background-repeat":"repeat","background-position":"center center","background-size":"auto","background-attachment":"scroll","background-type":"","background-media":"","overlay-type":"","overlay-color":"","overlay-opacity":"","overlay-gradient":""},"mobile":{"background-color":"var(--ast-global-color-5)","background-image":"","background-repeat":"repeat","background-position":"center center","background-size":"auto","background-attachment":"scroll","background-type":"","background-media":"","overlay-type":"","overlay-color":"","overlay-opacity":"","overlay-gradient":""}},"footnotes":""},"class_list":["post-12291","page","type-page","status-publish","hentry"],"post_mailing_queue_ids":[],"_links":{"self":[{"href":"https:\/\/serveiseducatius.xtec.cat\/vallesoccidental7\/wp-json\/wp\/v2\/pages\/12291","targetHints":{"allow":["GET"]}}],"collection":[{"href":"https:\/\/serveiseducatius.xtec.cat\/vallesoccidental7\/wp-json\/wp\/v2\/pages"}],"about":[{"href":"https:\/\/serveiseducatius.xtec.cat\/vallesoccidental7\/wp-json\/wp\/v2\/types\/page"}],"author":[{"embeddable":true,"href":"https:\/\/serveiseducatius.xtec.cat\/vallesoccidental7\/wp-json\/wp\/v2\/users\/5"}],"replies":[{"embeddable":true,"href":"https:\/\/serveiseducatius.xtec.cat\/vallesoccidental7\/wp-json\/wp\/v2\/comments?post=12291"}],"version-history":[{"count":6,"href":"https:\/\/serveiseducatius.xtec.cat\/vallesoccidental7\/wp-json\/wp\/v2\/pages\/12291\/revisions"}],"predecessor-version":[{"id":14080,"href":"https:\/\/serveiseducatius.xtec.cat\/vallesoccidental7\/wp-json\/wp\/v2\/pages\/12291\/revisions\/14080"}],"up":[{"embeddable":true,"href":"https:\/\/serveiseducatius.xtec.cat\/vallesoccidental7\/wp-json\/wp\/v2\/pages\/416"}],"wp:attachment":[{"href":"https:\/\/serveiseducatius.xtec.cat\/vallesoccidental7\/wp-json\/wp\/v2\/media?parent=12291"}],"curies":[{"name":"wp","href":"https:\/\/api.w.org\/{rel}","templated":true}]}}