{"id":10304,"date":"2019-04-30T14:24:43","date_gmt":"2019-04-30T12:24:43","guid":{"rendered":"http:\/\/serveiseducatius.xtec.cat\/vallesoccidental6\/?page_id=10304"},"modified":"2022-04-27T09:24:57","modified_gmt":"2022-04-27T07:24:57","slug":"proves-ccbb-6e-2020-2021","status":"publish","type":"page","link":"https:\/\/serveiseducatius.xtec.cat\/vallesoccidental6\/proves-ccbb-6e-2020-2021\/","title":{"rendered":"Proves CCBB 6\u00e8"},"content":{"rendered":"<div class=\"FW_sInfoCanal\">\n<p><strong>Comissi\u00f3 VOC 02<\/strong><\/p>\n<p>President: Sr Josep Saul\u00f3 Verges<\/p>\n<p>Secretari: Miquel Xarau Perez<\/p>\n<p>Enlla\u00e7 a l\u2019apicatiu de la comissi\u00f3:<\/p>\n<p><a href=\"https:\/\/aplicacions.gestioeducativa.gencat.cat\/pls\/apex\/\">https:\/\/aplicacions.gestioeducativa.gencat.cat\/pls\/apex\/<\/a><\/p>\n<table style=\"border-collapse: collapse; width: 95.4674%;\">\n<tbody>\n<tr>\n<td style=\"width: 31.9472%; text-align: center;\"><a href=\"https:\/\/drive.google.com\/drive\/folders\/1QR6Iolf_E8-n_NHOvM5W-vF4vyQql1Ce?usp=sharing\">Documents i \u00e0udios 1r dia<\/a><\/p>\n<p>(26 d\u2019abril a partir de 8:30h)<\/td>\n<td style=\"width: 32.4434%; text-align: center;\"><a href=\"https:\/\/drive.google.com\/drive\/folders\/1Ro0se1VZ76LncAkCd3z_MuQTb579pKiz?usp=sharing\">Documents i \u00e0udios 2n dia<\/a><\/p>\n<p>(27 d\u2019abril a partir de 8:30h)<\/td>\n<td style=\"width: 31.1189%; text-align: center;\"><a href=\"https:\/\/drive.google.com\/drive\/folders\/1p9O1XvI0s-cU2-RuqW3PgwPI-dGNb-2v?usp=sharing\">Documents i \u00e0udios 3r dia<\/a><\/p>\n<p>(28 d\u2019abril a partir de 8:30h)<\/td>\n<\/tr>\n<\/tbody>\n<\/table>\n<table style=\"width: 95.4674%;\">\n<tbody>\n<tr>\n<td style=\"width: 1.1274%;\">Enlla\u00e7 per inscriure\u2019s com aplicador:<\/td>\n<td style=\"width: 49.2006%;\">Enlla\u00e7 per inscriure\u2019s com a corrector:<\/td>\n<td style=\"width: 44.1951%;\">Documents<\/td>\n<\/tr>\n<tr>\n<td style=\"width: 1.1274%;\">Inscripci\u00f3 a la formaci\u00f3:<\/p>\n<p><a href=\"https:\/\/aplicacions.gestioeducativa.gencat.cat\/pls\/soloas\/pk_for_mod_ins.p_for_cons_activitats?p_any=2021-2022&amp;p_codi=4079268755\">https:\/\/aplicacions.gestioeducativa.gencat.cat\/pls\/soloas\/<br \/>\npk_for_mod_ins.p_for_cons_activitats?p_any=2021-2022&amp;p_codi=4079268755<\/a><\/p>\n<p>Data: 21 d\u2019abril a 13h<\/p>\n<p>Enlla\u00e7 a la reuni\u00f3: <a href=\"https:\/\/youtu.be\/HkouiIM5Qm4\">https:\/\/youtu.be\/HkouiIM5Qm4<\/a><\/td>\n<td style=\"width: 49.2006%;\">&nbsp;<\/p>\n<p>Incripci\u00f3 a la formaci\u00f3:Pendent<a href=\"https:\/\/aplicacions.gestioeducativa.gencat.cat\/pls\/soloas\/pk_for_mod_ins.p_for_cons_activitats?p_any=2021-2022&amp;p_codi=4079528755\">\u00a0<\/a><\/p>\n<p>Data: Pendent<\/p>\n<p>Enlla\u00e7 a la reuni\u00f3<\/p>\n<p>&nbsp;<\/td>\n<td style=\"width: 44.1951%;\">\n<ul>\n<li><a href=\"https:\/\/docs.google.com\/document\/d\/1dp7AnGrGfBy4FebxSM4fEnWrh-ijvfM2\/edit?usp=sharing&amp;ouid=111832266179429570178&amp;rtpof=true&amp;sd=true\">Acta d\u2019aplicaci\u00f3<\/a><\/li>\n<li><a href=\"https:\/\/drive.google.com\/file\/d\/15XbaFUv_IQT_KISoPwaEHdPznISBuM3F\/view?usp=sharing\">Assumpte: Reconeixement del docent aplicadors<\/a><\/li>\n<li><a href=\"https:\/\/drive.google.com\/file\/d\/17fAPkg-EE8Brl49yxzeAwN1M0FUgiX5_\/view?usp=sharing\">Reconeixement del docent corrector<\/a><\/li>\n<li><a href=\"https:\/\/drive.google.com\/file\/d\/12GJ8W0AwxEQHPLoY3bbpQKv6Zt-oksGy\/view?usp=sharing\">Pagament correctors<\/a><\/li>\n<li><a href=\"https:\/\/drive.google.com\/file\/d\/1zaArnVeULZkyB4PGn0uNZlz9b3e3O4R1\/view?usp=sharing\">Discapacitat visual<\/a><\/li>\n<li><a href=\"https:\/\/drive.google.com\/file\/d\/1Tj2FC0jTH7o8PWh3kvm7tT9yHlm81yUc\/view?usp=sharing\">Discapacitat auditiva<\/a><\/li>\n<li><a href=\"https:\/\/drive.google.com\/file\/d\/1mR60c4Cro8Nq5nYPfifn8u38IFrqoipk\/view?usp=sharing\">Guia d&#8217;aplicaci\u00f3 de les proves<\/a><\/li>\n<li><a href=\"https:\/\/drive.google.com\/file\/d\/1Dd2Va0kyvZQfk_ZSuSlnCcznDnbyNri2\/view?usp=sharing\">Resoluci\u00f3<\/a><\/li>\n<li><a href=\"http:\/\/consaval.cat\/aplicadorsA6P\/\">Presentaci\u00f3 d\u2019aplicadors<\/a><\/li>\n<\/ul>\n<\/td>\n<\/tr>\n<\/tbody>\n<\/table>\n<p>&nbsp;<\/p>\n<table style=\"width: 95.1463%; height: 408px;\">\n<tbody>\n<tr style=\"height: 97px;\">\n<td style=\"height: 97px;\">CRP Badia del Vall\u00e8s<\/p>\n<p>CRP VOC VII<\/td>\n<td style=\"height: 97px;\">CRP Cerdanyola del Vall\u00e8s<\/p>\n<p>CRP VOC V<\/td>\n<td style=\"height: 97px;\"><strong>CRP Montcada i Reixac<\/strong><\/p>\n<p><strong>CRP VOC VI<\/strong><\/td>\n<\/tr>\n<tr style=\"height: 85px;\">\n<td style=\"height: 85px;\">Miquel Xarau<\/p>\n<p>634756854<\/p>\n<p>crp-badia@xtec.cat<\/td>\n<td style=\"height: 85px;\">Queral Francisco<\/p>\n<p>634698143<\/p>\n<p>crp-cerdanyola@xtec.cat<\/p>\n<p>&nbsp;<\/td>\n<td style=\"height: 85px;\"><strong>Laia Tall\u00f3<\/strong><\/p>\n<p><strong>677187868<\/strong><\/p>\n<p><strong>crp-montcada@xtec.cat<\/strong><\/p>\n<p>&nbsp;<\/td>\n<\/tr>\n<tr style=\"height: 113px;\">\n<td style=\"height: 113px;\">Avinguda de la Costa Blava, s\/n, 08214<br \/>\nBadia del Vall\u00e8s, BarcelonaHorari de 12h a 13h<\/td>\n<td style=\"height: 113px;\">Pendent de confirmar<\/p>\n<p>Horari de 12h a 13h<\/td>\n<td style=\"height: 113px;\"><strong>C\/Baix de Sant Pere, s\/n (Mas Rampinyo)<\/strong><\/p>\n<p><strong>08110 Montcada i Reixac<\/strong><\/p>\n<p><strong>Horari de 12h a 13h<\/strong><\/td>\n<\/tr>\n<tr style=\"height: 113px;\">\n<td style=\"height: 113px;\">Municipis:<\/p>\n<p>Badia i Barber\u00e0 del Vall\u00e8s<\/td>\n<td style=\"height: 113px;\">Municipis:<\/p>\n<p>Cerdanyola i\u00a0 Bellaterra.<\/td>\n<td style=\"height: 113px;\"><strong>Municipis:<\/strong><\/p>\n<p><strong>Ripollet, Montcada i Reixac i Santa Perp\u00e8tua de Mogoda<\/strong><\/td>\n<\/tr>\n<\/tbody>\n<\/table>\n<hr \/>\n<p><span style=\"font-family: inherit; font-size: 1em; font-weight: normal;\">Cada curs, es fa una prova que avalua les compet\u00e8ncies i coneixements b\u00e0sics que ha d&#8217;haver adquirit l&#8217;alumnat al final de l&#8217;educaci\u00f3 prim\u00e0ria per poder seguir amb normalitat el curr\u00edculum previst per a l&#8217;ESO.<\/span><\/p>\n<\/div>\n<div class=\"FW_sDetallGeneral\">\n<div class=\"\">\n<div class=\"FW_bContingutArticle \">\n<div class=\"FW_sArticleFoto\">\n<div class=\"FW_sEditPro\">\n<p>El Departament d&#8217;Educaci\u00f3 du a terme una prova d&#8217;avaluaci\u00f3 externa a l&#8217;alumnat de sis\u00e8 curs d&#8217;educaci\u00f3 prim\u00e0ria en finalitzar el curs, que fan al voltant de 83.000 nens i nenes de Catalunya. Aquesta prova es basa en les compet\u00e8ncies b\u00e0siques ling\u00fc\u00edstiques, matem\u00e0tiques i de l&#8217;\u00e0rea de coneixement del medi natural que cal haver assolit en acabar aquesta etapa educativa. El resultat de la prova no t\u00e9 efecte ni en l&#8217;avaluaci\u00f3 final de l&#8217;alumnat ni en la decisi\u00f3 de passar a l&#8217;ESO.<\/p>\n<p>Amb aquesta prova, el Departament i cada centre d&#8217;educaci\u00f3 prim\u00e0ria podr\u00e0 disposar d&#8217;informaci\u00f3 acurada sobre l&#8217;evoluci\u00f3 de tot l&#8217;alumnat en un moment clau de la seva escolaritat segons un instrument de mesura homogeni. La prova ha de servir, tamb\u00e9, perqu\u00e8 cada centre pugui detectar els punts febles, potenciar els punts forts i prendre decisions en la planificaci\u00f3 educativa a partir de la major autonomia que permet la Llei d&#8217;educaci\u00f3 de Catalunya. L&#8217;objectiu final \u00e9s millorar els resultats de l&#8217;alumnat i afavorir el seu pas a l&#8217;educaci\u00f3 secund\u00e0ria.<\/p>\n<p>L&#8217;avaluaci\u00f3 de sis\u00e8 d&#8217;educaci\u00f3 prim\u00e0ria:<\/p>\n<ul>\n<li>\u00c9s una avaluaci\u00f3 externa de car\u00e0cter formatiu i orientador.<\/li>\n<li>Mesura el grau d&#8217;assoliment de compet\u00e8ncies b\u00e0siques en acabar l&#8217;educaci\u00f3 prim\u00e0ria.<\/li>\n<li>Facilita informaci\u00f3 als centres dels punts forts i febles en l&#8217;adquisici\u00f3 de les compet\u00e8ncies b\u00e0siques de l&#8217;alumnat.<\/li>\n<li>Constitueix un instrument per a la millora dels aprenentatges de l&#8217;alumnat.<\/li>\n<li>Afavoreix la transici\u00f3 de l&#8217;educaci\u00f3 prim\u00e0ria a l&#8217;educaci\u00f3 secund\u00e0ria obligat\u00f2ria.<\/li>\n<li>Permet disposar d&#8217;informaci\u00f3 sobre el sistema educatiu catal\u00e0.<\/li>\n<\/ul>\n<\/div>\n<\/div>\n<\/div>\n<\/div>\n<\/div>\n<p>La prova, enguany s&#8217;aplicar\u00e0:<\/p>\n<p>La prova s&#8217;aplica:<\/p>\n<p>Els dies 26 (dimarts), 27 (dimecres) i 28 (dijous) d&#8217;abril de 2022, al mat\u00ed.<\/p>\n<ul>\n<li>En cinc sessions:\n<ul>\n<li>El dimarts dia 26: llengua catalana i llengua estrangera (angl\u00e8s i\/o franc\u00e8s).<\/li>\n<li>El dimecres dia 27: llengua castellana i matem\u00e0tiques.<\/li>\n<li>El dijous dia 28: coneixement del medi natural i, si s&#8217;escau, aran\u00e8s.<\/li>\n<\/ul>\n<\/li>\n<\/ul>\n<ul>\n<li>Cada sessi\u00f3 t\u00e9 una durada de 60 minuts.<\/li>\n<li>S&#8217;aplica de manera simult\u00e0nia a tots els centres que imparteixen educaci\u00f3 prim\u00e0ria de Catalunya.<\/li>\n<\/ul>\n<p>Pots trobar m\u00e9s informaci\u00f3 a: <a href=\"http:\/\/csda.gencat.cat\/ca\/arees-actuacio\/avaluacions-consell\/avaluacio-sise-primaria\/prova-2021\/\" target=\"_blank\" rel=\"noopener noreferrer\">http:\/\/csda.gencat.cat\/ca\/arees_d_actuacio\/avaluacions-consell\/avaluacio-sise-primaria\/prova_2020\/<\/a><\/p>\n<p>&nbsp;<\/p>\n","protected":false},"excerpt":{"rendered":"<p>Comissi\u00f3 VOC 02 President: Sr Josep Saul\u00f3 Verges Secretari: Miquel Xarau Perez Enlla\u00e7 a l\u2019apicatiu de la comissi\u00f3: https:\/\/aplicacions.gestioeducativa.gencat.cat\/pls\/apex\/ Documents [&hellip;]<\/p>\n","protected":false},"author":25,"featured_media":0,"parent":0,"menu_order":1,"comment_status":"closed","ping_status":"closed","template":"","meta":{"_bbp_topic_count":0,"_bbp_reply_count":0,"_bbp_total_topic_count":0,"_bbp_total_reply_count":0,"_bbp_voice_count":0,"_bbp_anonymous_reply_count":0,"_bbp_topic_count_hidden":0,"_bbp_reply_count_hidden":0,"_bbp_forum_subforum_count":0,"site-sidebar-layout":"default","site-content-layout":"","ast-site-content-layout":"","site-content-style":"default","site-sidebar-style":"default","ast-global-header-display":"","ast-banner-title-visibility":"","ast-main-header-display":"","ast-hfb-above-header-display":"","ast-hfb-below-header-display":"","ast-hfb-mobile-header-display":"","site-post-title":"","ast-breadcrumbs-content":"","ast-featured-img":"","footer-sml-layout":"","theme-transparent-header-meta":"","adv-header-id-meta":"","stick-header-meta":"","header-above-stick-meta":"","header-main-stick-meta":"","header-below-stick-meta":"","astra-migrate-meta-layouts":"default","ast-page-background-enabled":"default","ast-page-background-meta":{"desktop":{"background-color":"var(--ast-global-color-4)","background-image":"","background-repeat":"repeat","background-position":"center center","background-size":"auto","background-attachment":"scroll","background-type":"","background-media":"","overlay-type":"","overlay-color":"","overlay-opacity":"","overlay-gradient":""},"tablet":{"background-color":"","background-image":"","background-repeat":"repeat","background-position":"center center","background-size":"auto","background-attachment":"scroll","background-type":"","background-media":"","overlay-type":"","overlay-color":"","overlay-opacity":"","overlay-gradient":""},"mobile":{"background-color":"","background-image":"","background-repeat":"repeat","background-position":"center center","background-size":"auto","background-attachment":"scroll","background-type":"","background-media":"","overlay-type":"","overlay-color":"","overlay-opacity":"","overlay-gradient":""}},"ast-content-background-meta":{"desktop":{"background-color":"var(--ast-global-color-5)","background-image":"","background-repeat":"repeat","background-position":"center center","background-size":"auto","background-attachment":"scroll","background-type":"","background-media":"","overlay-type":"","overlay-color":"","overlay-opacity":"","overlay-gradient":""},"tablet":{"background-color":"var(--ast-global-color-5)","background-image":"","background-repeat":"repeat","background-position":"center center","background-size":"auto","background-attachment":"scroll","background-type":"","background-media":"","overlay-type":"","overlay-color":"","overlay-opacity":"","overlay-gradient":""},"mobile":{"background-color":"var(--ast-global-color-5)","background-image":"","background-repeat":"repeat","background-position":"center center","background-size":"auto","background-attachment":"scroll","background-type":"","background-media":"","overlay-type":"","overlay-color":"","overlay-opacity":"","overlay-gradient":""}},"footnotes":""},"class_list":["post-10304","page","type-page","status-publish","hentry"],"post_mailing_queue_ids":[],"_links":{"self":[{"href":"https:\/\/serveiseducatius.xtec.cat\/vallesoccidental6\/wp-json\/wp\/v2\/pages\/10304","targetHints":{"allow":["GET"]}}],"collection":[{"href":"https:\/\/serveiseducatius.xtec.cat\/vallesoccidental6\/wp-json\/wp\/v2\/pages"}],"about":[{"href":"https:\/\/serveiseducatius.xtec.cat\/vallesoccidental6\/wp-json\/wp\/v2\/types\/page"}],"author":[{"embeddable":true,"href":"https:\/\/serveiseducatius.xtec.cat\/vallesoccidental6\/wp-json\/wp\/v2\/users\/25"}],"replies":[{"embeddable":true,"href":"https:\/\/serveiseducatius.xtec.cat\/vallesoccidental6\/wp-json\/wp\/v2\/comments?post=10304"}],"version-history":[{"count":4,"href":"https:\/\/serveiseducatius.xtec.cat\/vallesoccidental6\/wp-json\/wp\/v2\/pages\/10304\/revisions"}],"predecessor-version":[{"id":14355,"href":"https:\/\/serveiseducatius.xtec.cat\/vallesoccidental6\/wp-json\/wp\/v2\/pages\/10304\/revisions\/14355"}],"wp:attachment":[{"href":"https:\/\/serveiseducatius.xtec.cat\/vallesoccidental6\/wp-json\/wp\/v2\/media?parent=10304"}],"curies":[{"name":"wp","href":"https:\/\/api.w.org\/{rel}","templated":true}]}}