{"id":15660,"date":"2025-01-14T17:05:25","date_gmt":"2025-01-14T16:05:25","guid":{"rendered":"https:\/\/serveiseducatius.xtec.cat\/vallesoccidental5\/?page_id=15660"},"modified":"2026-03-24T17:19:39","modified_gmt":"2026-03-24T16:19:39","slug":"erasmus-consorci-2","status":"publish","type":"page","link":"https:\/\/serveiseducatius.xtec.cat\/vallesoccidental5\/erasmus-consorci-2\/","title":{"rendered":"Erasmus+"},"content":{"rendered":"<ul style=\"list-style-type: circle;\">\n<li><a href=\"https:\/\/serveiseducatius.xtec.cat\/vallesoccidental5\/wp-content\/uploads\/usu1111\/2025\/01\/ErasmusLogo_SEVOC5-COLOR-TRANSPARENT.png\"><img loading=\"lazy\" decoding=\"async\" class=\"wp-image-15661 alignleft\" src=\"https:\/\/serveiseducatius.xtec.cat\/vallesoccidental5\/wp-content\/uploads\/usu1111\/2025\/01\/ErasmusLogo_SEVOC5-COLOR-TRANSPARENT.png\" alt=\"\" width=\"139\" height=\"137\" srcset=\"https:\/\/serveiseducatius.xtec.cat\/vallesoccidental5\/wp-content\/uploads\/usu1111\/2025\/01\/ErasmusLogo_SEVOC5-COLOR-TRANSPARENT.png 891w, https:\/\/serveiseducatius.xtec.cat\/vallesoccidental5\/wp-content\/uploads\/usu1111\/2025\/01\/ErasmusLogo_SEVOC5-COLOR-TRANSPARENT-300x297.png 300w, https:\/\/serveiseducatius.xtec.cat\/vallesoccidental5\/wp-content\/uploads\/usu1111\/2025\/01\/ErasmusLogo_SEVOC5-COLOR-TRANSPARENT-768x760.png 768w\" sizes=\"auto, (max-width: 139px) 100vw, 139px\" \/><\/a> L&#8217;any 2022 el Servei Educatiu de Cerdanyola\u00a0 va presentar el <strong>Projecte Erasmus+ K-120<\/strong>\u00a0 amb el qual se&#8217;ns va recon\u00e8ixer com a <b data-path-to-node=\"3\" data-index-in-node=\"217\">coordinador de consorci<\/b>. Els objectius plantejats al llarg dels propers quatre anys es duran a terme des del 2023 fins al 2027.<\/li>\n<li>Aquest projecte, que s\u2019est\u00e9n des de l&#8217;any 2023 fins al 2027, neix amb la voluntat de transformar el municipi en una xarxa educativa connectada amb Europa.\u00a0 D&#8217;aquesta manera, es preveu donar la oportunitat de realitzar una mobilitat educativa a docents m\u00e9s d&#8217;una cinquantena de docents dels centres de Prim\u00e0ria i Secund\u00e0ria p\u00fablics del municipi; al mateix temps donar suport a les institucions educatives i a altres organitzacions implicades al llarg de la vida a Europa.<\/li>\n<\/ul>\n<h4 data-path-to-node=\"5\"><span style=\"color: #993366;\">Oportunitat per a tot el municipi:<\/span><\/h4>\n<p data-path-to-node=\"6\">El nostre objectiu \u00e9s ambici\u00f3s: volem que <b data-path-to-node=\"6\" data-index-in-node=\"42\">tots els centres p\u00fablics de Cerdanyola<\/b> (Educaci\u00f3 Infantil, Prim\u00e0ria, Secund\u00e0ria i Educaci\u00f3 Especial), aix\u00ed com els centres concertats que ho desitgin, tinguin l&#8217;oportunitat de viure una mobilitat en la modalitat de <i data-path-to-node=\"6\" data-index-in-node=\"243\">job shadowing<\/i> (observaci\u00f3 professional) a l&#8217;estranger.<\/p>\n<p data-path-to-node=\"7\">Al llarg d&#8217;aquests anys preveiem que m\u00e9s de <b data-path-to-node=\"7\" data-index-in-node=\"20\">50 docents<\/b> del municipi realitzin mobilitats educatives, amb la fita que, en un futur, els mateixos centres adquireixin l&#8217;experi\u00e8ncia necess\u00e0ria per liderar els seus propis projectes Erasmus.<\/p>\n<h4 data-path-to-node=\"7\"><span style=\"color: #993366;\">D&#8217;on neix aquesta inquietud?\u00a0<\/span><\/h4>\n<p data-path-to-node=\"10\">Des del <b data-path-to-node=\"10\" data-index-in-node=\"58\">Seminari de Direccions de Prim\u00e0ria i Secund\u00e0ria <\/b>vam recollir les inquietuds. Fruit d&#8217;aquesta diagnosi, vam detectar la necessitat de millorar en tres \u00e0mbits clau: <b data-path-to-node=\"10\" data-index-in-node=\"193\">pedag\u00f2gic, organitzatiu i d&#8217;alumnat<\/b>, sempre amb un eix vertebrador: la <span style=\"color: #993366;\"><b data-path-to-node=\"10\" data-index-in-node=\"264\">personalitzaci\u00f3 dels aprenentatges<\/b>.<\/span><\/p>\n<ul data-path-to-node=\"16\">\n<li>\n<p data-path-to-node=\"16,0,0\"><b data-path-to-node=\"16,0,0\" data-index-in-node=\"0\">Seminari de formaci\u00f3 (90 hores):<\/b> Els docents participants assisteixen a un seminari anual on reben assessorament, cerquen socis europeus i elaboren tota la documentaci\u00f3 necess\u00e0ria.<\/p>\n<\/li>\n<li>\n<p data-path-to-node=\"16,1,0\"><b data-path-to-node=\"16,1,0\" data-index-in-node=\"0\">Comissions de centre:<\/b> Cada escola o institut crea una comissi\u00f3 interna d&#8217;Erasmus per garantir que els canvis s&#8217;implementin i perdurin en el temps.<\/p>\n<\/li>\n<li>\n<p data-path-to-node=\"16,2,0\"><b data-path-to-node=\"16,2,0\" data-index-in-node=\"0\">Identitat visual:<\/b> Com a mostra d&#8217;aquest treball en equip, el <b data-path-to-node=\"16,2,0\" data-index-in-node=\"61\">logotip d&#8217;Erasmus Cerdanyola<\/b> \u00e9s una creaci\u00f3 col\u00b7laborativa del mateix Servei Educatiu Integrat.<\/p>\n<\/li>\n<\/ul>\n<h4 data-path-to-node=\"11\"><span style=\"color: #993366;\">Objectius Espec\u00edfics<\/span><\/h4>\n<ol start=\"1\" data-path-to-node=\"12\">\n<li>\n<p data-path-to-node=\"12,0,0\"><b data-path-to-node=\"12,0,0\" data-index-in-node=\"0\">Internacionalitzar l\u2019educaci\u00f3:<\/b> Refor\u00e7ar el sentit de l&#8217;aprenentatge vinculant-lo als objectius de la UNESCO.<\/p>\n<\/li>\n<li>\n<p data-path-to-node=\"12,1,0\"><b data-path-to-node=\"12,1,0\" data-index-in-node=\"0\">Identitat Europea:<\/b> Fomentar els valors democr\u00e0tics i el benestar emocional de tota la comunitat educativa.<\/p>\n<\/li>\n<li>\n<p data-path-to-node=\"12,2,0\"><b data-path-to-node=\"12,2,0\" data-index-in-node=\"0\">Innovaci\u00f3 Metodol\u00f2gica:<\/b> Dissenyar nous escenaris educatius basats en el DUA (Disseny Universal per a l&#8217;Aprenentatge), el treball per projectes, la digitalitzaci\u00f3 i la sostenibilitat.<\/p>\n<\/li>\n<li>\n<p data-path-to-node=\"12,3,0\"><b data-path-to-node=\"12,3,0\" data-index-in-node=\"0\">Compet\u00e8ncia Ling\u00fc\u00edstica:<\/b> Millorar el domini de lleng\u00fces estrangeres tant de docents com de l&#8217;alumnat.<\/p>\n<p data-path-to-node=\"10\">\u00a0<\/p>\n<\/li>\n<\/ol>\n<p>La creaci\u00f3 del LOGO d&#8217;Erasmus ha estat una tasca col\u00b7laborativa del propi Servei Educatiu Integrat de Cerdanyola.<\/p>\n<p>\u00a0<\/p>\n<table style=\"border-collapse: collapse; width: 100%; height: 160px;\">\n<tbody>\n<tr style=\"height: 32px;\">\n<td style=\"width: 16.6667%; height: 32px;\">\u00a0<\/td>\n<td style=\"width: 20.5101%; text-align: center; height: 32px;\"><span style=\"color: #800080;\"><strong>PARTNER<\/strong><\/span><\/td>\n<td style=\"width: 16.6667%; text-align: center; height: 32px;\"><span style=\"color: #800080;\"><strong>PARTNER<\/strong><\/span><\/td>\n<td style=\"width: 16.6667%; text-align: center; height: 32px;\"><span style=\"color: #800080;\"><strong>PARTNER<\/strong><\/span><\/td>\n<td style=\"width: 16.6667%; text-align: center; height: 32px;\"><span style=\"color: #800080;\"><strong>PARTNER<\/strong><\/span><\/td>\n<td style=\"width: 16.6667%; text-align: center; height: 32px;\"><span style=\"color: #800080;\"><strong>PARTNER<\/strong><\/span><\/td>\n<\/tr>\n<tr style=\"height: 32px;\">\n<td style=\"width: 16.6667%; height: 32px;\"><span style=\"color: #800080;\"><strong>CURS 2023 &#8211; 2024<\/strong><\/span><\/td>\n<td style=\"width: 20.5101%; height: 32px; text-align: center;\">\n<p><strong>ALEMANIA<\/strong> &#8211; AACHEN<strong>INS FORAT DEL VENT<\/strong><\/p>\n<p><a href=\"https:\/\/sites.google.com\/xtec.cat\/erasmuscrpinsforatdelvent?usp=sharing\"><img loading=\"lazy\" decoding=\"async\" class=\"aligncenter size-full wp-image-15969\" src=\"https:\/\/serveiseducatius.xtec.cat\/vallesoccidental5\/wp-content\/uploads\/usu1111\/2026\/03\/alemanya.webp\" alt=\"\" width=\"576\" height=\"533\" srcset=\"https:\/\/serveiseducatius.xtec.cat\/vallesoccidental5\/wp-content\/uploads\/usu1111\/2026\/03\/alemanya.webp 576w, https:\/\/serveiseducatius.xtec.cat\/vallesoccidental5\/wp-content\/uploads\/usu1111\/2026\/03\/alemanya-300x278.webp 300w\" sizes=\"auto, (max-width: 576px) 100vw, 576px\" \/><\/a><\/p>\n<\/td>\n<td style=\"width: 16.6667%; height: 32px; text-align: center;\"><strong>PORTUGAL<\/strong> &#8211; GUIMERAES<strong>INS GORGS<\/strong> I <strong>SEVOC V<\/strong>\n<p><a href=\"https:\/\/sites.google.com\/xtec.cat\/erasmus-cerdanyola-guimeraes-2?usp=sharing\" target=\"_blank\" rel=\"noopener\"><img decoding=\"async\" src=\"https:\/\/encrypted-tbn3.gstatic.com\/images?q=tbn:ANd9GcQWjcryQKe3wFjgqmSQ7Nni9EdColrFVJwu-oTjxMw2UjIDgAa39CF20jiE6RHsetITf7l71ALEvjN8-gYE1fQgQrDSQQcDJjfL00M_BVE\" alt=\"Bandera de Portugal - Wikipedia, la enciclopedia libre\" \/><\/a><\/p>\n<\/td>\n<td style=\"width: 16.6667%; height: 32px; text-align: center;\"><strong>SERBIA<\/strong> &#8211; BRANKO PESSIC<strong>ESCOLA CARLES BU\u00cfGAS<\/strong>\n<p>I <strong>SEVOC V<\/strong><\/p>\n<p><a href=\"https:\/\/sites.google.com\/xtec.cat\/econsorcicdv2024?usp=sharing\" target=\"_blank\" rel=\"noopener\"><img loading=\"lazy\" decoding=\"async\" class=\"\" src=\"https:\/\/encrypted-tbn0.gstatic.com\/images?q=tbn:ANd9GcRpa710YuhO0E5RjJ2EaCCOv3Z-TEprMQc83Q&amp;s\" alt=\"Bandera de Serbia - Wikipedia, la enciclopedia libre\" width=\"150\" height=\"100\" \/><\/a><\/p>\n<\/td>\n<td style=\"width: 16.6667%; height: 32px;\">\u00a0<\/td>\n<td style=\"width: 16.6667%; height: 32px;\">\u00a0<\/td>\n<\/tr>\n<tr style=\"height: 32px;\">\n<td style=\"width: 16.6667%; height: 32px;\"><a href=\"https:\/\/view.genially.com\/67581e82198c4f26899c2138\/interactive-content-mapa-europa-politico\" target=\"_blank\" rel=\"noopener\"><span style=\"color: #800080;\"><strong>CURS 2024 &#8211; 2025\u00a0<\/strong><\/span><\/a><\/td>\n<td style=\"width: 20.5101%; height: 32px; text-align: center;\"><strong>SU\u00c8CIA<\/strong> &#8211; G\u00d6TEBORG<strong>ESCOLA COLLSEROLA<\/strong>\n<p><a href=\"https:\/\/serveiseducatius.xtec.cat\/vallesoccidental5\/wp-content\/uploads\/usu1111\/2025\/06\/Bandera-Suecia.png\"><strong>SEVOC V<\/strong><img loading=\"lazy\" decoding=\"async\" class=\"aligncenter wp-image-15742\" src=\"https:\/\/serveiseducatius.xtec.cat\/vallesoccidental5\/wp-content\/uploads\/usu1111\/2025\/06\/Bandera-Suecia.png\" alt=\"\" width=\"161\" height=\"101\" \/><\/a><\/p>\n<\/td>\n<td style=\"width: 16.6667%; height: 32px; text-align: center;\">\n<p><strong>PORTUGAL<\/strong> &#8211; TORRES VEDRASESCOLA\u00a0 \u00a0 \u00a0 \u00a0 \u00a0<strong>LES FONTETES I\u00a0 SEVOC<\/strong><\/p>\n<p><a href=\"https:\/\/sites.google.com\/xtec.cat\/erasmuscerdanyolaguimeraes2024?usp=sharing\" target=\"_blank\" rel=\"noopener\"><img decoding=\"async\" src=\"https:\/\/encrypted-tbn3.gstatic.com\/images?q=tbn:ANd9GcQWjcryQKe3wFjgqmSQ7Nni9EdColrFVJwu-oTjxMw2UjIDgAa39CF20jiE6RHsetITf7l71ALEvjN8-gYE1fQgQrDSQQcDJjfL00M_BVE\" alt=\"Bandera de Portugal - Wikipedia, la enciclopedia libre\" \/><\/a><\/p>\n<\/td>\n<td style=\"width: 16.6667%; height: 32px; text-align: center;\"><strong>IT\u00c0LIA<\/strong> &#8211; ALANNOESCOLA <strong>SERRAPARERA<\/strong>\n<p><a href=\"https:\/\/sites.google.com\/d\/1BQTG4DImN4aSkRcFTOyhVID_y3_gjkQv\/p\/1W0Mr1mbqH3KgvrZhUHQxDgBTpXFAdcD-\/edit\" target=\"_blank\" rel=\"noopener\"><img loading=\"lazy\" decoding=\"async\" class=\"\" src=\"https:\/\/encrypted-tbn1.gstatic.com\/images?q=tbn:ANd9GcT5UYwYyzhci5rRPKqcij2_1oeduqawtvEQiSWLLbRtl-ON-xonkNPid3a9Ecj4faoManqoVFRYD9W5r58lCPmrAYUnJeLwArBROoG8Kg\" alt=\"Bandera d'It\u00e0lia - Viquip\u00e8dia, l'enciclop\u00e8dia lliure\" width=\"137\" height=\"91\" \/><\/a><\/p>\n<\/td>\n<td style=\"width: 16.6667%; height: 32px; text-align: center;\"><span style=\"color: #000000;\"><a style=\"color: #000000;\" href=\"https:\/\/sites.google.com\/xtec.cat\/erasmus-k121-2024-2025?usp=sharing\" target=\"_blank\" rel=\"noopener\"><span style=\"color: #000000;\"><strong>LITU\u00c0NIA<\/strong><\/span> &#8211; KAUNAS<\/a><\/span><span style=\"color: #000000;\">INS <strong>PERE CALDERS<\/strong><\/span>\n<p><a href=\"https:\/\/serveiseducatius.xtec.cat\/vallesoccidental5\/wp-content\/uploads\/usu1111\/2026\/03\/Lituania.png\" rel=\"https:\/\/sites.google.com\/xtec.cat\/erasmus-k121-2024-2025?usp=sharing\"><img loading=\"lazy\" decoding=\"async\" class=\"https:\/\/sites.google.com\/xtec.cat\/erasmus-k121-2024-2025?usp=sharing aligncenter wp-image-15974 size-full\" src=\"https:\/\/serveiseducatius.xtec.cat\/vallesoccidental5\/wp-content\/uploads\/usu1111\/2026\/03\/Lituania.png\" alt=\"\" width=\"250\" height=\"167\" \/><\/a><\/p>\n<\/td>\n<td style=\"width: 16.6667%; height: 32px; text-align: center;\">\n<p><strong>ESLOV\u00c8NIA<\/strong> &#8211; MARIBORCFT <strong>FLOR DE MAIG<\/strong><\/p>\n<p><a href=\"https:\/\/serveiseducatius.xtec.cat\/vallesoccidental5\/wp-content\/uploads\/usu1111\/2026\/03\/Slovenia.png\"><img loading=\"lazy\" decoding=\"async\" class=\"aligncenter size-full wp-image-15975\" src=\"https:\/\/serveiseducatius.xtec.cat\/vallesoccidental5\/wp-content\/uploads\/usu1111\/2026\/03\/Slovenia.png\" alt=\"\" width=\"330\" height=\"165\" srcset=\"https:\/\/serveiseducatius.xtec.cat\/vallesoccidental5\/wp-content\/uploads\/usu1111\/2026\/03\/Slovenia.png 330w, https:\/\/serveiseducatius.xtec.cat\/vallesoccidental5\/wp-content\/uploads\/usu1111\/2026\/03\/Slovenia-300x150.png 300w\" sizes=\"auto, (max-width: 330px) 100vw, 330px\" \/><\/a><\/p>\n<p>\u00a0<\/p>\n<\/td>\n<\/tr>\n<tr style=\"height: 32px;\">\n<td style=\"width: 16.6667%; height: 32px;\"><span style=\"color: #800080;\"><strong>CURS 2025 &#8211; 2026<\/strong><\/span><\/td>\n<td style=\"width: 20.5101%; height: 32px;\">\n<p style=\"text-align: center;\"><strong>SERBIA<\/strong> &#8211; BELGRAD<\/p>\n<p style=\"text-align: center;\">CENTRE D&#8217;EDUCACI\u00d3 ESPECIAL<\/p>\n<p style=\"text-align: center;\"><b>JERONI DE MORAGAS<\/b><\/p>\n<p><a href=\"https:\/\/sites.google.com\/xtec.cat\/econsorcicdv2024?usp=sharing\" target=\"_blank\" rel=\"noopener\"><img loading=\"lazy\" decoding=\"async\" class=\"aligncenter\" src=\"https:\/\/encrypted-tbn0.gstatic.com\/images?q=tbn:ANd9GcRpa710YuhO0E5RjJ2EaCCOv3Z-TEprMQc83Q&amp;s\" alt=\"Bandera de Serbia - Wikipedia, la enciclopedia libre\" width=\"150\" height=\"100\" \/><\/a><\/p>\n<\/td>\n<td style=\"width: 16.6667%; height: 32px;\">\n<p style=\"text-align: center;\"><span style=\"color: #000000;\"><strong>LITU\u00c0NIA<\/strong> &#8211; KAUNAS<\/span><\/p>\n<p style=\"text-align: center;\"><span style=\"color: #000000;\">ESCOLA <strong>SALTELLS<\/strong><\/span><\/p>\n<p><a href=\"https:\/\/serveiseducatius.xtec.cat\/vallesoccidental5\/wp-content\/uploads\/usu1111\/2026\/03\/Lituania.png\"><img loading=\"lazy\" decoding=\"async\" class=\"aligncenter size-full wp-image-15974\" src=\"https:\/\/serveiseducatius.xtec.cat\/vallesoccidental5\/wp-content\/uploads\/usu1111\/2026\/03\/Lituania.png\" alt=\"\" width=\"250\" height=\"167\" \/><\/a><\/p>\n<\/td>\n<td style=\"width: 16.6667%; height: 32px;\">\n<p style=\"text-align: center;\"><span style=\"color: #000000;\"><b>NETHERLAND<\/b>&#8211; ROSMALEN<\/span><\/p>\n<p style=\"text-align: center;\"><span style=\"color: #000000;\">ESCOLA <strong>XARAU<a href=\"https:\/\/serveiseducatius.xtec.cat\/vallesoccidental5\/wp-content\/uploads\/usu1111\/2026\/03\/NETHERLANDS.jpg\"><img loading=\"lazy\" decoding=\"async\" class=\"aligncenter size-full wp-image-15979\" src=\"https:\/\/serveiseducatius.xtec.cat\/vallesoccidental5\/wp-content\/uploads\/usu1111\/2026\/03\/NETHERLANDS.jpg\" alt=\"\" width=\"615\" height=\"434\" srcset=\"https:\/\/serveiseducatius.xtec.cat\/vallesoccidental5\/wp-content\/uploads\/usu1111\/2026\/03\/NETHERLANDS.jpg 615w, https:\/\/serveiseducatius.xtec.cat\/vallesoccidental5\/wp-content\/uploads\/usu1111\/2026\/03\/NETHERLANDS-300x212.jpg 300w\" sizes=\"auto, (max-width: 615px) 100vw, 615px\" \/><\/a><\/strong><\/span><\/p>\n<\/td>\n<td style=\"width: 16.6667%; height: 32px;\">\n<p style=\"text-align: center;\"><strong>ALEMANIA<\/strong> &#8211; ERLANGEN<\/p>\n<p>ESCOLA <strong>BELLATERRA<\/strong><\/p>\n<p><a href=\"https:\/\/sites.google.com\/xtec.cat\/erasmuscrpinsforatdelvent?usp=sharing\"><img loading=\"lazy\" decoding=\"async\" class=\"aligncenter size-full wp-image-15969\" src=\"https:\/\/serveiseducatius.xtec.cat\/vallesoccidental5\/wp-content\/uploads\/usu1111\/2026\/03\/alemanya.webp\" alt=\"\" width=\"576\" height=\"533\" srcset=\"https:\/\/serveiseducatius.xtec.cat\/vallesoccidental5\/wp-content\/uploads\/usu1111\/2026\/03\/alemanya.webp 576w, https:\/\/serveiseducatius.xtec.cat\/vallesoccidental5\/wp-content\/uploads\/usu1111\/2026\/03\/alemanya-300x278.webp 300w\" sizes=\"auto, (max-width: 576px) 100vw, 576px\" \/><\/a><\/p>\n<p>\u00a0<\/p>\n<\/td>\n<td style=\"width: 16.6667%; height: 32px;\">\u00a0<\/td>\n<\/tr>\n<tr style=\"height: 32px;\">\n<td style=\"width: 16.6667%; height: 32px;\"><span style=\"color: #800080;\"><strong>CURS 2026 &#8211; 2027<\/strong><\/span><\/td>\n<td style=\"width: 20.5101%; height: 32px;\">\u00a0<\/td>\n<td style=\"width: 16.6667%; height: 32px;\">\u00a0<\/td>\n<td style=\"width: 16.6667%; height: 32px;\">\u00a0<\/td>\n<td style=\"width: 16.6667%; height: 32px;\">\u00a0<\/td>\n<td style=\"width: 16.6667%; height: 32px;\">\u00a0<\/td>\n<\/tr>\n<\/tbody>\n<\/table>\n\n\n\n\n<h2 class=\"wp-block-heading has-large-font-size\">Jornades de Seguiment Intern del Consorci: <\/h2>\n\n\n\n<p class=\"has-medium-font-size\">Impacte i Transfer\u00e8ncia<\/p>\n\n\n\n<p>Un dels pilars fonamentals del Projecte Erasmus+ K120 del Servei Educatiu de Cerdanyola \u00e9s garantir que les mobilitats internacionals no siguin experi\u00e8ncies a\u00efllades, sin\u00f3 motors de canvi real i permanent en la pr\u00e0ctica docent. Per aquest motiu, el Consorci organitzem anualment les <strong>Jornades de Seguiment Intern<\/strong>.<\/p>\n\n\n\n<p>Aquestes sessions de car\u00e0cter t\u00e8cnic i pedag\u00f2gic tenen com a finalitat principal l\u2019avaluaci\u00f3 del <strong>retorn educatiu<\/strong>. Durant la jornada, els centres que van realitzar les seves mobilitats durant el curs anterior exposen p\u00fablicament davant la resta de membres del consorci:<\/p>\n\n\n\n<ul class=\"wp-block-list\">\n<li><strong>L\u2019experi\u00e8ncia de mobilitat:<\/strong> Descripci\u00f3 de les metodologies observades durant el <em>job shadowing<\/em>.<\/li>\n\n\n\n<li><strong>La transfer\u00e8ncia al centre:<\/strong> De quina manera els aprenentatges adquirits s\u2019han integrat en els documents estrat\u00e8gics del centre (PEC, PGAC) i en les pr\u00e0ctiques d&#8217;aula.<\/li>\n\n\n\n<li><strong>L\u2019estat d\u2019implementaci\u00f3:<\/strong> Seguiment de les accions dutes a terme al llarg del curs escolar vigent per consolidar la transformaci\u00f3 educativa.<\/li>\n<\/ul>\n\n\n\n<p>Fins a l&#8217;actualitat, el Servei Educatiu ja hem celebrat <strong>dues edicions de les Jornades de Seguiment<\/strong>. Aquestes trobades s&#8217;han convertit en un espai imprescindible de reflexi\u00f3 compartida i d&#8217;intercanvi de bones pr\u00e0ctiques entre els centres p\u00fablics del municipi.<\/p>\n\n\n\n<p>La presentaci\u00f3 d\u2019evid\u00e8ncies, la documentaci\u00f3 dels processos i l\u2019an\u00e0lisi de l\u2019impacte directe en l\u2019alumnat permeten certificar que el projecte Erasmus+ compleix amb els criteris de qualitat exigits pel programa europeu, assegurant una millora constant de la xarxa educativa de Cerdanyola.<\/p>\n\n\n\n<p><strong>El nostre lema:<\/strong> No volem que l\u2019Erasmus sigui una experi\u00e8ncia a\u00efllada, sin\u00f3 un motor de canvi real que transformi el Projecte Educatiu de Centre (PEC).<\/p>\n\n\n\n<p><\/p>\n\n\n\n<figure class=\"wp-block-image size-large\"><a href=\"https:\/\/serveiseducatius.xtec.cat\/vallesoccidental5\/wp-content\/uploads\/usu1111\/2026\/03\/Erasmus-Transparent.png\"><img loading=\"lazy\" decoding=\"async\" width=\"1024\" height=\"215\" src=\"https:\/\/serveiseducatius.xtec.cat\/vallesoccidental5\/wp-content\/uploads\/usu1111\/2026\/03\/Erasmus-Transparent-1024x215.png\" alt=\"\" class=\"wp-image-15987\" srcset=\"https:\/\/serveiseducatius.xtec.cat\/vallesoccidental5\/wp-content\/uploads\/usu1111\/2026\/03\/Erasmus-Transparent-1024x215.png 1024w, https:\/\/serveiseducatius.xtec.cat\/vallesoccidental5\/wp-content\/uploads\/usu1111\/2026\/03\/Erasmus-Transparent-300x63.png 300w, https:\/\/serveiseducatius.xtec.cat\/vallesoccidental5\/wp-content\/uploads\/usu1111\/2026\/03\/Erasmus-Transparent-768x161.png 768w, https:\/\/serveiseducatius.xtec.cat\/vallesoccidental5\/wp-content\/uploads\/usu1111\/2026\/03\/Erasmus-Transparent-1536x322.png 1536w, https:\/\/serveiseducatius.xtec.cat\/vallesoccidental5\/wp-content\/uploads\/usu1111\/2026\/03\/Erasmus-Transparent-2048x429.png 2048w\" sizes=\"auto, (max-width: 1024px) 100vw, 1024px\" \/><\/a><\/figure>\n","protected":false},"excerpt":{"rendered":"<p>L&#8217;any 2022 el Servei Educatiu de Cerdanyola\u00a0 va presentar el Projecte Erasmus+ K-120\u00a0 amb el qual se&#8217;ns va recon\u00e8ixer com a coordinador de consorci. Els objectius plantejats al llarg dels propers quatre anys es duran a terme des del 2023 fins al 2027. Aquest projecte, que s\u2019est\u00e9n des de l&#8217;any 2023 fins al 2027, neix [&hellip;]<\/p>\n","protected":false},"author":1,"featured_media":0,"parent":0,"menu_order":0,"comment_status":"closed","ping_status":"closed","template":"","meta":{"_bbp_topic_count":0,"_bbp_reply_count":0,"_bbp_total_topic_count":0,"_bbp_total_reply_count":0,"_bbp_voice_count":0,"_bbp_anonymous_reply_count":0,"_bbp_topic_count_hidden":0,"_bbp_reply_count_hidden":0,"_bbp_forum_subforum_count":0,"site-sidebar-layout":"default","site-content-layout":"","ast-site-content-layout":"default","site-content-style":"default","site-sidebar-style":"default","ast-global-header-display":"","ast-banner-title-visibility":"","ast-main-header-display":"","ast-hfb-above-header-display":"","ast-hfb-below-header-display":"","ast-hfb-mobile-header-display":"","site-post-title":"","ast-breadcrumbs-content":"","ast-featured-img":"","footer-sml-layout":"","theme-transparent-header-meta":"","adv-header-id-meta":"","stick-header-meta":"","header-above-stick-meta":"","header-main-stick-meta":"","header-below-stick-meta":"","astra-migrate-meta-layouts":"set","ast-page-background-enabled":"default","ast-page-background-meta":{"desktop":{"background-color":"var(--ast-global-color-4)","background-image":"","background-repeat":"repeat","background-position":"center center","background-size":"auto","background-attachment":"scroll","background-type":"","background-media":"","overlay-type":"","overlay-color":"","overlay-opacity":"","overlay-gradient":""},"tablet":{"background-color":"","background-image":"","background-repeat":"repeat","background-position":"center center","background-size":"auto","background-attachment":"scroll","background-type":"","background-media":"","overlay-type":"","overlay-color":"","overlay-opacity":"","overlay-gradient":""},"mobile":{"background-color":"","background-image":"","background-repeat":"repeat","background-position":"center center","background-size":"auto","background-attachment":"scroll","background-type":"","background-media":"","overlay-type":"","overlay-color":"","overlay-opacity":"","overlay-gradient":""}},"ast-content-background-meta":{"desktop":{"background-color":"var(--ast-global-color-5)","background-image":"","background-repeat":"repeat","background-position":"center center","background-size":"auto","background-attachment":"scroll","background-type":"","background-media":"","overlay-type":"","overlay-color":"","overlay-opacity":"","overlay-gradient":""},"tablet":{"background-color":"var(--ast-global-color-5)","background-image":"","background-repeat":"repeat","background-position":"center center","background-size":"auto","background-attachment":"scroll","background-type":"","background-media":"","overlay-type":"","overlay-color":"","overlay-opacity":"","overlay-gradient":""},"mobile":{"background-color":"var(--ast-global-color-5)","background-image":"","background-repeat":"repeat","background-position":"center center","background-size":"auto","background-attachment":"scroll","background-type":"","background-media":"","overlay-type":"","overlay-color":"","overlay-opacity":"","overlay-gradient":""}},"footnotes":""},"class_list":["post-15660","page","type-page","status-publish","hentry"],"post_mailing_queue_ids":[],"_links":{"self":[{"href":"https:\/\/serveiseducatius.xtec.cat\/vallesoccidental5\/wp-json\/wp\/v2\/pages\/15660","targetHints":{"allow":["GET"]}}],"collection":[{"href":"https:\/\/serveiseducatius.xtec.cat\/vallesoccidental5\/wp-json\/wp\/v2\/pages"}],"about":[{"href":"https:\/\/serveiseducatius.xtec.cat\/vallesoccidental5\/wp-json\/wp\/v2\/types\/page"}],"author":[{"embeddable":true,"href":"https:\/\/serveiseducatius.xtec.cat\/vallesoccidental5\/wp-json\/wp\/v2\/users\/1"}],"replies":[{"embeddable":true,"href":"https:\/\/serveiseducatius.xtec.cat\/vallesoccidental5\/wp-json\/wp\/v2\/comments?post=15660"}],"version-history":[{"count":6,"href":"https:\/\/serveiseducatius.xtec.cat\/vallesoccidental5\/wp-json\/wp\/v2\/pages\/15660\/revisions"}],"predecessor-version":[{"id":15990,"href":"https:\/\/serveiseducatius.xtec.cat\/vallesoccidental5\/wp-json\/wp\/v2\/pages\/15660\/revisions\/15990"}],"wp:attachment":[{"href":"https:\/\/serveiseducatius.xtec.cat\/vallesoccidental5\/wp-json\/wp\/v2\/media?parent=15660"}],"curies":[{"name":"wp","href":"https:\/\/api.w.org\/{rel}","templated":true}]}}