{"id":572,"date":"2015-11-26T21:44:54","date_gmt":"2015-11-26T20:44:54","guid":{"rendered":"http:\/\/serveiseducatius.xtec.cat\/se-tarragones\/?page_id=572"},"modified":"2026-04-14T18:20:00","modified_gmt":"2026-04-14T16:20:00","slug":"formacio-interna-fic","status":"publish","type":"page","link":"https:\/\/serveiseducatius.xtec.cat\/tarragones\/formacio\/formacio-interna-fic\/","title":{"rendered":"Modalitats i formats de formaci\u00f3"},"content":{"rendered":"<h4><span style=\"font-weight: 400;\">MODALITATS DE FORMACI\u00d3 <\/span><\/h4>\n<p>Les activitats de formaci\u00f3 es poden classificar en les modalitats seg\u00fcents:<\/p>\n<p>Per la modalitat de formaci\u00f3 en centre us hem elaborat aquest quadre interactiu per facilitar-vos l&#8217;entesa.<\/p>\n<p><iframe class=\"wp-embedded-content\" sandbox=\"allow-scripts\" security=\"restricted\" title=\"MODALITATS DE FORMACI\u00d3 - CENTRE\" frameborder='0' width='1200' height='675' src='https:\/\/view.genially.com\/6262928aa68105001106d386#?secret=CrKtwb11j1' data-secret='CrKtwb11j1' scrolling='yes'><\/iframe><\/p>\n<h4>\u00a0<\/h4>\n<h4><span style=\"font-weight: 400;\">QUADRE RESUM DE TOTES LES MODALITATS\u00a0<\/span><\/h4>\n<table style=\"width: 87.9445%;\">\n<tbody>\n<tr>\n<td style=\"width: 25.7576%;\"><span style=\"font-weight: 400;\">Professorat d\u2019un centre<\/span><\/td>\n<td style=\"width: 12.9477%;\">\n<h5>Formaci\u00f3 en centre<\/h5>\n<p>(Un sol centre)<\/p>\n<\/td>\n<td style=\"width: 45.73%;\">\n<ul>\n<li style=\"font-weight: 400;\" aria-level=\"1\"><span style=\"font-weight: 400;\">Assessorament<\/span><\/li>\n<li style=\"font-weight: 400;\" aria-level=\"1\"><span style=\"font-weight: 400;\">Taller a centre<\/span><\/li>\n<li style=\"font-weight: 400;\" aria-level=\"1\"><span style=\"font-weight: 400;\">Visita formativa a centre.<\/span><\/li>\n<li aria-level=\"1\">Formaci\u00f3 interna de centre ( FIC )<\/li>\n<\/ul>\n<\/td>\n<td style=\"width: 10.8815%;\" rowspan=\"2\"><span style=\"font-weight: 400;\">Centre<\/span><\/td>\n<\/tr>\n<tr>\n<td style=\"width: 25.7576%;\" rowspan=\"2\"><span style=\"font-weight: 400;\">Professorat de diversos centres<\/span><\/td>\n<td style=\"width: 12.9477%;\">\n<h5>Formaci\u00f3 per a centres<\/h5>\n<p>(Per a tots els centres)<\/p>\n<\/td>\n<td style=\"width: 45.73%;\">\n<ul>\n<li style=\"font-weight: 400;\" aria-level=\"1\"><span style=\"font-weight: 400;\">Seminari de coordinaci\u00f3<\/span><\/li>\n<li style=\"font-weight: 400;\" aria-level=\"1\"><span style=\"font-weight: 400;\">Curs \/ seminari d\u2019equips de centre<\/span><\/li>\n<li style=\"font-weight: 400;\" aria-level=\"1\"><span style=\"font-weight: 400;\">Taller d\u2019equips de centre\u00a0<\/span><\/li>\n<\/ul>\n<\/td>\n<\/tr>\n<tr>\n<td style=\"width: 12.9477%;\">\n<h5>Formaci\u00f3 individual<\/h5>\n<p>(explicaci\u00f3 de totes les formacions)<\/p>\n<\/td>\n<td style=\"width: 45.73%;\">\n<ul>\n<li style=\"font-weight: 400;\" aria-level=\"1\"><span style=\"font-weight: 400;\">Taller<\/span><\/li>\n<li style=\"font-weight: 400;\" aria-level=\"1\"><span style=\"font-weight: 400;\">Curs<\/span><\/li>\n<li style=\"font-weight: 400;\" aria-level=\"1\"><span style=\"font-weight: 400;\">Seminari<\/span><\/li>\n<li style=\"font-weight: 400;\" aria-level=\"1\"><span style=\"font-weight: 400;\">Grup de treball\u00a0<\/span><\/li>\n<li style=\"font-weight: 400;\" aria-level=\"1\"><span style=\"font-weight: 400;\">Confer\u00e8ncia, taula rodona, trobada pedag\u00f2gica, <\/span><\/li>\n<li>intercanvi d\u2019experi\u00e8ncies, jornades i cicle de confer\u00e8ncies<\/li>\n<li style=\"font-weight: 400;\" aria-level=\"1\"><span style=\"font-weight: 400;\">Estada formativa a l\u2019empresa<\/span><\/li>\n<li style=\"font-weight: 400;\" aria-level=\"1\"><span style=\"font-weight: 400;\">Estada formativa a l\u2019estranger<\/span><\/li>\n<\/ul>\n<\/td>\n<td style=\"width: 10.8815%;\"><span style=\"font-weight: 400;\">Individual<\/span><\/td>\n<\/tr>\n<\/tbody>\n<\/table>\n<h4><span style=\"font-weight: 400;\">FORMATS DE FORMACI\u00d3\u00a0<\/span><\/h4>\n<p><span style=\"font-weight: 400;\">Les activitats de formaci\u00f3 es poden organitzar en tres <\/span><b>formats<\/b><span style=\"font-weight: 400;\">:\u00a0<\/span><\/p>\n<table>\n<tbody>\n<tr>\n<td><b>Presencials<\/b><\/td>\n<td><b>Semipresencials<\/b><\/td>\n<td><b>En l\u00ednia<\/b><\/td>\n<\/tr>\n<tr>\n<td><span style=\"font-weight: 400;\">Totes les sessions s\u00f3n presencials<\/span><\/td>\n<td><span style=\"font-weight: 400;\">Combinaci\u00f3 de sessions presencials i sessions en l\u00ednia<\/span><span style=\"font-weight: 400;\">Les sessions en l\u00ednia poden ser s\u00edncrones, as\u00edncrones o mixtes.<\/span><\/td>\n<td><span style=\"font-weight: 400;\">Totes les sessions s\u00f3n en l\u00ednia\u00a0<\/span><span style=\"font-weight: 400;\">Les sessions en l\u00ednia poden ser s\u00edncrones, as\u00edncrones o mixtes.<\/span><\/td>\n<\/tr>\n<\/tbody>\n<\/table>\n<h4>\u00a0<\/h4>\n<h4>COMPET\u00c8NCIES PROFESSIONALS DOCENTS<\/h4>\n<table style=\"width: 100%; height: 838px;\">\n<tbody>\n<tr style=\"height: 46px;\">\n<td style=\"height: 46px; width: 12.7835%;\"><b>Compet\u00e8ncia Professional<\/b><\/td>\n<td style=\"height: 46px; width: 22.6804%;\"><b>Descripci\u00f3<\/b><\/td>\n<td style=\"height: 46px; width: 63.6082%;\"><b>Definici\u00f3<\/b><\/td>\n<\/tr>\n<tr style=\"height: 140px;\">\n<td style=\"height: 140px; width: 12.7835%;\"><span style=\"font-weight: 400;\">DIS<\/span><\/td>\n<td style=\"width: 22.6804%;\">\n<p><b>Planificaci\u00f3 i avaluaci\u00f3 <\/b><span style=\"font-weight: 400;\">de l\u2019acci\u00f3 educativa en el marc del projecte de centre<\/span><\/p>\n<\/td>\n<td style=\"width: 63.6082%;\">\n<p><span style=\"font-weight: 400;\">Capacitat d\u2019idear i avaluar, de manera individual i col\u00b7laborativa, processos d\u2019aprenentatge en el centre educatiu com a organitzaci\u00f3 que apr\u00e8n i es relaciona de manera positiva, aplicant els coneixements cient\u00edfics i did\u00e0ctics de l\u2019educaci\u00f3. Aquests processos d\u2019aprenentatge han de respondre a les motivacions i interessos de l\u2019alumnat i a les caracter\u00edstiques del context del centre.<\/span><\/p>\n<\/td>\n<\/tr>\n<tr style=\"height: 140px;\">\n<td style=\"height: 140px; width: 12.7835%;\"><span style=\"font-weight: 400;\">PRA<\/span><\/td>\n<td style=\"width: 22.6804%;\">\n<p><b>Pr\u00e0ctica <\/b><span style=\"font-weight: 400;\">educativa per a l\u2019aprenentatge en entorns i contextos diversos<\/span><\/p>\n<\/td>\n<td style=\"width: 63.6082%;\">\n<p><span style=\"font-weight: 400;\">Capacitat de dur a la pr\u00e0ctica l\u2019acci\u00f3 educativa a partir dels coneixements sobre els processos d\u2019aprenentatge i avaluaci\u00f3; de l\u2019an\u00e0lisi dels contextos personals, grupals, socials i familiars en els quals es donen; i de la utilitzaci\u00f3 de mesures i suports; tot generant les condicions per a la personalitzaci\u00f3 de l\u2019aprenentatge en un entorn segur i de confian\u00e7a, inclusiu i de respecte a la diversitat, cercant l\u2019equitat i la just\u00edcia social.<\/span><\/p>\n<\/td>\n<\/tr>\n<tr style=\"height: 116px;\">\n<td style=\"height: 116px; width: 12.7835%;\"><span style=\"font-weight: 400;\">EVI<\/span><\/td>\n<td style=\"width: 22.6804%;\">\n<p><span style=\"font-weight: 400;\">Doc\u00e8ncia informada en <\/span><b>l\u2019evid\u00e8ncia <\/b><span style=\"font-weight: 400;\">per a la millora educativa<\/span><\/p>\n<\/td>\n<td style=\"width: 63.6082%;\">\n<p><span style=\"font-weight: 400;\">La doc\u00e8ncia informada en l\u2019evid\u00e8ncia reconeix els docents com a professionals reflexius alfabetitzats en diferents tipus de coneixement derivat de la recerca (revisions sistem\u00e0tiques, recerques qualitatives i quantitatives, i avaluacions de pr\u00e0ctiques de refer\u00e8ncia) i capa\u00e7os d\u2019utilitzar aquest coneixement cient\u00edfic d\u2019una manera integrada per a la millora de la seva pr\u00e0ctica d\u2019aula i de centre.<\/span><\/p>\n<\/td>\n<\/tr>\n<tr style=\"height: 70px;\">\n<td style=\"height: 70px; width: 12.7835%;\"><span style=\"font-weight: 400;\">CDD<\/span><\/td>\n<td style=\"width: 22.6804%;\">\n<p><span style=\"font-weight: 400;\">Compet\u00e8ncia <\/span><b>digital <\/b><span style=\"font-weight: 400;\">docent per viure i conviure en un m\u00f3n digital<\/span><\/p>\n<\/td>\n<td style=\"width: 63.6082%;\">\n<p><span style=\"font-weight: 400;\">Capacitat per utilitzar les tecnologies digitals de forma estrat\u00e8gica, segura i cr\u00edtica en situacions reals i concretes de la seva pr\u00e0ctica professional.<\/span><\/p>\n<\/td>\n<\/tr>\n<tr style=\"height: 140px;\">\n<td style=\"height: 140px; width: 12.7835%;\"><span style=\"font-weight: 400;\">COM<\/span><\/td>\n<td style=\"width: 22.6804%;\">\n<p><span style=\"font-weight: 400;\">Compet\u00e8ncia <\/span><b>comunicativa <\/b><span style=\"font-weight: 400;\">en diferents llenguatges i contextos<\/span><\/p>\n<\/td>\n<td style=\"width: 63.6082%;\">\n<p><span style=\"font-weight: 400;\">Capacitat de generar interaccions comunicatives eficaces, tant en el marc dels processos d\u2019ensenyament i aprenentatge com en altres contextos vinculats a la professi\u00f3 docent, exercint com a model per a un aprenentatge ling\u00fc\u00edstic de qualitat. Tamb\u00e9 implica recon\u00e8ixer i posar en valor la diversitat ling\u00fc\u00edstica i cultural present als centres, aprofitant-la per contribuir a una compet\u00e8ncia global de l\u2019alumnat.<\/span><\/p>\n<\/td>\n<\/tr>\n<tr style=\"height: 93px;\">\n<td style=\"height: 93px; width: 12.7835%;\"><span style=\"font-weight: 400;\">SOE<\/span><\/td>\n<td style=\"width: 22.6804%;\">\n<p><span style=\"font-weight: 400;\">Compet\u00e8ncia <\/span><b>socioemocional <\/b><span style=\"font-weight: 400;\">per contribuir al benestar com\u00fa<\/span><\/p>\n<\/td>\n<td style=\"width: 63.6082%;\">\n<p><span style=\"font-weight: 400;\">Capacitat per comprendre, expressar i gestionar de forma apropiada d\u2019acord amb el context, els fen\u00f2mens emocionals i socials i les relacions interpersonals que permeten organitzar la pr\u00f2pia vida de forma sana i equilibrada, contribuint al benestar de la comunitat educativa.<\/span><\/p>\n<\/td>\n<\/tr>\n<tr style=\"height: 93px;\">\n<td style=\"height: 93px; width: 12.7835%;\"><span style=\"font-weight: 400;\">DEP<\/span><\/td>\n<td style=\"width: 22.6804%;\">\n<p><b>Desenvolupament professional<\/b><span style=\"font-weight: 400;\"> per a una actuaci\u00f3 compromesa amb l\u2019educaci\u00f3<\/span><\/p>\n<\/td>\n<td style=\"width: 63.6082%;\">\n<p><span style=\"font-weight: 400;\">Capacitat per cr\u00e9ixer com a professional al llarg de tota la carrera docent, \u00e9s a dir, tenir curiositat per aprendre, reflexionar cr\u00edticament, investigar, planificar, gestionar i avaluar el propi proc\u00e9s en interacci\u00f3 amb els altres, i prendre decisions fonamentades i \u00e8tiques.<\/span><\/p>\n<\/td>\n<\/tr>\n<\/tbody>\n<\/table>\n\n\n<p><strong>Refer\u00e8ncia: <\/strong><\/p>\n\n\n\n<p>El\u00a0<strong><a href=\"https:\/\/repositori.educacio.gencat.cat\/handle\/20.500.12694\/3632#page=1\" target=\"_blank\" rel=\"noreferrer noopener\">Marc de les compet\u00e8ncies professionals docents<\/a>\u00a0<\/strong>\u00e9s una iniciativa del Departament d\u2019Educaci\u00f3 i Formaci\u00f3 Professional que defineix el conjunt de\u00a0<strong>coneixements, habilitats i actituds\u00a0<\/strong>que han de tenir els docents per\u00a0<strong>afrontar els reptes de l\u2019educaci\u00f3 al segle XXI.\u00a0<\/strong>Aquest marc serveix com a\u00a0<strong>guia\u00a0<\/strong>per a la\u00a0<strong>formaci\u00f3 inicial i cont\u00ednua\u00a0<\/strong>del professorat, aix\u00ed com per al desenvolupament de la seva\u00a0<strong>carrera professional.<\/strong>\u00a0El marc afavoreix la\u00a0<strong>reflexi\u00f3 personal, l\u2019autoavaluaci\u00f3<\/strong>\u00a0i la feina<strong>\u00a0compartida<\/strong>\u00a0entre docents, i ofereix\u00a0<strong>criteris<\/strong>\u00a0per planificar i adaptar la formaci\u00f3 segons les necessitats reals dels centres.<\/p>\n\n\n\n<p><\/p>\n","protected":false},"excerpt":{"rendered":"<p>MODALITATS DE FORMACI\u00d3 Les activitats de formaci\u00f3 es poden classificar en les modalitats seg\u00fcents: Per la modalitat de formaci\u00f3 en [&hellip;]<\/p>\n","protected":false},"author":1,"featured_media":0,"parent":416,"menu_order":30,"comment_status":"closed","ping_status":"closed","template":"page-templates\/side-menu.php","meta":{"_bbp_topic_count":0,"_bbp_reply_count":0,"_bbp_total_topic_count":0,"_bbp_total_reply_count":0,"_bbp_voice_count":0,"_bbp_anonymous_reply_count":0,"_bbp_topic_count_hidden":0,"_bbp_reply_count_hidden":0,"_bbp_forum_subforum_count":0,"site-sidebar-layout":"default","site-content-layout":"","ast-site-content-layout":"default","site-content-style":"default","site-sidebar-style":"default","ast-global-header-display":"","ast-banner-title-visibility":"","ast-main-header-display":"","ast-hfb-above-header-display":"","ast-hfb-below-header-display":"","ast-hfb-mobile-header-display":"","site-post-title":"","ast-breadcrumbs-content":"","ast-featured-img":"","footer-sml-layout":"","theme-transparent-header-meta":"","adv-header-id-meta":"","stick-header-meta":"","header-above-stick-meta":"","header-main-stick-meta":"","header-below-stick-meta":"","astra-migrate-meta-layouts":"set","ast-page-background-enabled":"default","ast-page-background-meta":{"desktop":{"background-color":"var(--ast-global-color-4)","background-image":"","background-repeat":"repeat","background-position":"center center","background-size":"auto","background-attachment":"scroll","background-type":"","background-media":"","overlay-type":"","overlay-color":"","overlay-opacity":"","overlay-gradient":""},"tablet":{"background-color":"","background-image":"","background-repeat":"repeat","background-position":"center center","background-size":"auto","background-attachment":"scroll","background-type":"","background-media":"","overlay-type":"","overlay-color":"","overlay-opacity":"","overlay-gradient":""},"mobile":{"background-color":"","background-image":"","background-repeat":"repeat","background-position":"center center","background-size":"auto","background-attachment":"scroll","background-type":"","background-media":"","overlay-type":"","overlay-color":"","overlay-opacity":"","overlay-gradient":""}},"ast-content-background-meta":{"desktop":{"background-color":"var(--ast-global-color-5)","background-image":"","background-repeat":"repeat","background-position":"center center","background-size":"auto","background-attachment":"scroll","background-type":"","background-media":"","overlay-type":"","overlay-color":"","overlay-opacity":"","overlay-gradient":""},"tablet":{"background-color":"var(--ast-global-color-5)","background-image":"","background-repeat":"repeat","background-position":"center center","background-size":"auto","background-attachment":"scroll","background-type":"","background-media":"","overlay-type":"","overlay-color":"","overlay-opacity":"","overlay-gradient":""},"mobile":{"background-color":"var(--ast-global-color-5)","background-image":"","background-repeat":"repeat","background-position":"center center","background-size":"auto","background-attachment":"scroll","background-type":"","background-media":"","overlay-type":"","overlay-color":"","overlay-opacity":"","overlay-gradient":""}},"footnotes":""},"class_list":["post-572","page","type-page","status-publish","hentry"],"post_mailing_queue_ids":[],"_links":{"self":[{"href":"https:\/\/serveiseducatius.xtec.cat\/tarragones\/wp-json\/wp\/v2\/pages\/572","targetHints":{"allow":["GET"]}}],"collection":[{"href":"https:\/\/serveiseducatius.xtec.cat\/tarragones\/wp-json\/wp\/v2\/pages"}],"about":[{"href":"https:\/\/serveiseducatius.xtec.cat\/tarragones\/wp-json\/wp\/v2\/types\/page"}],"author":[{"embeddable":true,"href":"https:\/\/serveiseducatius.xtec.cat\/tarragones\/wp-json\/wp\/v2\/users\/1"}],"replies":[{"embeddable":true,"href":"https:\/\/serveiseducatius.xtec.cat\/tarragones\/wp-json\/wp\/v2\/comments?post=572"}],"version-history":[{"count":6,"href":"https:\/\/serveiseducatius.xtec.cat\/tarragones\/wp-json\/wp\/v2\/pages\/572\/revisions"}],"predecessor-version":[{"id":23870,"href":"https:\/\/serveiseducatius.xtec.cat\/tarragones\/wp-json\/wp\/v2\/pages\/572\/revisions\/23870"}],"up":[{"embeddable":true,"href":"https:\/\/serveiseducatius.xtec.cat\/tarragones\/wp-json\/wp\/v2\/pages\/416"}],"wp:attachment":[{"href":"https:\/\/serveiseducatius.xtec.cat\/tarragones\/wp-json\/wp\/v2\/media?parent=572"}],"curies":[{"name":"wp","href":"https:\/\/api.w.org\/{rel}","templated":true}]}}