{"id":10978,"date":"2021-05-09T22:09:55","date_gmt":"2021-05-09T20:09:55","guid":{"rendered":"http:\/\/serveiseducatius.xtec.cat\/selva2\/?page_id=10978"},"modified":"2026-09-02T09:24:10","modified_gmt":"2026-09-02T07:24:10","slug":"eap","status":"publish","type":"page","link":"https:\/\/serveiseducatius.xtec.cat\/selva2\/el-servei-educatiu\/eap\/","title":{"rendered":"EAP"},"content":{"rendered":"\n<p>Els EAP s\u00f3n equips d\u2019Assessorament i orientaci\u00f3 psicopedag\u00f2gic que donen suport al professorat i als centres educatius en la resposta per a tot l\u2019alumnat i en relaci\u00f3 amb els i les alumnes que presenten necessitats espec\u00edfiques de suport educatiu, aix\u00ed com a les seves fam\u00edlies.<\/p>\n\n\n\n<p>El curs&nbsp;<strong>2026-2027<\/strong>, l\u2019equip de l\u2019EAP G-05&nbsp;La Selva (Sector A) est\u00e0 format per un total de&nbsp;<strong>16&nbsp;professionals&nbsp;<\/strong>de&nbsp;quatre&nbsp;perfils professionals diferenciats i&nbsp;que&nbsp;dona atenci\u00f3 a les cinc poblacions en qu\u00e8 s\u2019engloba la nostra zona:&nbsp;<em>Blanes, Lloret de Mar, Tossa de Mar, Vidreres i Ma\u00e7anet de la Selva.<\/em><\/p>\n\n\n\n<p>A continuaci\u00f3, es presenta la relaci\u00f3 de professionals&nbsp;amb els&nbsp;centres educatius de la nostra zona:<\/p>\n\n\n\n<p>\u2013&nbsp;&nbsp;<strong>10&nbsp;psicopedagogues<\/strong><\/p>\n\n\n\n<ul class=\"wp-block-list\">\n<li><strong>ANA CA\u00d1AS BRAVO<\/strong>\u00a0(Direcci\u00f3 EAP) (<a href=\"mailto:acanas3@xtec.cat\" target=\"_blank\" rel=\"noreferrer noopener\">acanas3@xtec.cat<\/a>) __ (<a href=\"https:\/\/drive.google.com\/file\/d\/1qTRJAjMnqjhyjQjKgf0gSLWgzAAjcgD-\/view?usp=sharing\" target=\"_blank\" rel=\"noreferrer noopener\">Perfil i traject\u00f2ria professional del\/de la responsable de l\u2019\u00f2rgan)<\/a><\/li>\n<\/ul>\n\n\n\n<p>LLORET DE MAR: INS Ramon Coll i Rod\u00e9s.<\/p>\n\n\n\n<p>BLANES: CEE Ventijol<\/p>\n\n\n\n<ul class=\"wp-block-list\">\n<li><strong>ROC\u00cdO ROMERO FERN\u00c1NDEZ<\/strong>\u00a0(<a href=\"mailto:rromero1@xtec.cat\" target=\"_blank\" rel=\"noreferrer noopener\">rromero1@xtec.cat<\/a>)<\/li>\n<\/ul>\n\n\n\n<p>VIDRERES: Escola Salvador Espriu, Escola Sant Iscle, INS de Vidreres.<\/p>\n\n\n\n<ul class=\"wp-block-list\">\n<li><strong>SUSANA ROBLES PAR\u00c9S<\/strong>\u00a0(<a href=\"mailto:srobles2@xtec.cat\" target=\"_blank\" rel=\"noreferrer noopener\">srobles2@xtec.cat<\/a>):<\/li>\n<\/ul>\n\n\n\n<p>BLANES: Escola Pinya de Rosa, Escola Sa Forcanera, INS S\u2019Agulla i INS Serrallarga.<\/p>\n\n\n\n<ul class=\"wp-block-list\">\n<li><strong>CLARA GARANGER ROCH<\/strong>\u00a0(<a href=\"mailto:cgarange@xtec.cat\" target=\"_blank\" rel=\"noreferrer noopener\">cgarange@xtec.cat<\/a>):\u00a0(<strong>Actualment substitu\u00efda per<\/strong><\/li>\n<\/ul>\n\n\n\n<p>BLANES: Escola Joaquim Ruyra, Escola Quatre Vents, INS Sa Palomera, IE Mn Joan Batlle.<\/p>\n\n\n\n<ul class=\"wp-block-list\">\n<li>\u00a0<strong>MARTA SALICR\u00da SISCART:<\/strong>\u00a0(<a href=\"mailto:msalicr2@xtec.cat\" target=\"_blank\" rel=\"noreferrer noopener\">msalicr2@xtec.cat<\/a>)<\/li>\n<\/ul>\n\n\n\n<p>MA\u00c7ANET DE LA SELVA: Escola Les Arrels,&nbsp; Escola Sant Jordi i INS de Ma\u00e7anet.<\/p>\n\n\n\n<ul class=\"wp-block-list\">\n<li><strong>MARIA JOSEP PUMAROLA CAMPENY<\/strong>\u00a0(<a href=\"mailto:mpumaro3@xtec.cat\" target=\"_blank\" rel=\"noreferrer noopener\">mpumaro3@xtec.cat<\/a>):<\/li>\n<\/ul>\n\n\n\n<p>LLORET DE MAR: Escola \u00c0ngels Alemany i Boris, Escola Pere Torrent, INS Rocagrossa.<\/p>\n\n\n\n<ul class=\"wp-block-list\">\n<li><strong>MARTA CALDER\u00d3N P\u00c9REZ<\/strong>\u00a0(<a href=\"mailto:mcalde29@xtec.cat\" target=\"_blank\" rel=\"noreferrer noopener\">mcalde29@xtec.cat<\/a>)<\/li>\n<\/ul>\n\n\n\n<p>LLORET DE MAR: Escola Pompeu Fabra, Col\u00b7legi Immaculada Concepci\u00f3 (Secci\u00f3 PRI i SEC) i Institut Escola de Lloret (Secci\u00f3 Prim\u00e0ria Secund\u00e0ria).<\/p>\n\n\n\n<ul class=\"wp-block-list\">\n<li><strong>GEORGINA G\u00d3MEZ MATEU\u00a0<\/strong>(<a href=\"mailto:ggomez20@xtec.cat\" target=\"_blank\" rel=\"noreferrer noopener\">ggomez20@xtec.cat<\/a>)<\/li>\n<\/ul>\n\n\n\n<p>BLANES: Escola Napole\u00f3 Soliva, Col\u00b7legi Santa Maria, Col\u00b7legi Cor de Maria.<\/p>\n\n\n\n<p>TOSSA DE MAR: Escola Ignasi Mel\u00e9 i Farr\u00e9 i INS de Tossa.<\/p>\n\n\n\n<p><strong>LAIA CUQUET PUJOL&nbsp;<\/strong>(<a href=\"mailto:lcuquet@xtec.cat\" rel=\"noreferrer noopener\" target=\"_blank\">lcuquet@xtec.cat<\/a>)<\/p>\n\n\n\n<p>BLANES: Escola Carles Faust<\/p>\n\n\n\n<p>LLORET DE MAR: INS Sant Quirze, Escola Esteve Carles i Escola Joan Dom\u00e8nech i Moner.&nbsp;<\/p>\n\n\n\n<p>&#8211;<strong>3&nbsp; fisioterapeutes:<\/strong><\/p>\n\n\n\n<p><strong>SILVIA D\u00cdEZ PERAL, GEMMA PALOU PEREA i SARA SORIANO MU\u00d1OZ.<\/strong>(<a href=\"mailto:sdiez7@xtec.cat\" rel=\"noreferrer noopener\" target=\"_blank\">sdiez7@xtec.cat<\/a>), (<a href=\"mailto:gpalou2@xtec.cat\" rel=\"noreferrer noopener\" target=\"_blank\">gpalou2@xtec.cat<\/a>) i (<a href=\"mailto:ssorian1@xtec.cat\" rel=\"noreferrer noopener\" target=\"_blank\">ssorian1@xtec.cat<\/a>).<\/p>\n\n\n\n<p>\u2013&nbsp;<strong>2&nbsp;Treballadores socials&nbsp; (TS):<\/strong><\/p>\n\n\n\n<p><strong>PAULA INIESTA PRADOS<\/strong>&nbsp;(<a href=\"mailto:piniesta@xtec.cat\" rel=\"noreferrer noopener\" target=\"_blank\">piniesta@xtec.cat<\/a>)&nbsp;Referent de les poblacions de LLORET DE MAR, TOSSA DE MAR i VIDRERES.&nbsp;<\/p>\n\n\n\n<p><strong>LAIA ALONSO LORUSSO<\/strong>&nbsp;(<a href=\"mailto:lalons18@xtec.cat\" rel=\"noreferrer noopener\" target=\"_blank\">lalons18@xtec.cat<\/a>)&nbsp;Referent de les poblacions de BLANES I MA\u00c7ANET DE LA SELVA.<\/p>\n\n\n\n<p>\u2013&nbsp;<strong>1 logopeda (LOG):<\/strong><\/p>\n\n\n\n<p><strong>MARTINA GUIRAO CASTELLS<\/strong>&nbsp;(<a href=\"mailto:mguira11@xtec.cat\" rel=\"noreferrer noopener\" target=\"_blank\">mguira11@xtec.cat<\/a>)<\/p>\n\n\n\n<p>El nostre horari d\u2019atenci\u00f3&nbsp;\u00e9s&nbsp;aquest que segueix a continuaci\u00f3:<\/p>\n\n\n\n<p><strong>Matins<\/strong>: Dijous i divendres de 9.15 a 13 h.<\/p>\n\n\n\n<p><strong>Tardes<\/strong>: Dimarts i dijous de 15.15 h a 17 h.<\/p>\n\n\n\n<p>Tamb\u00e9, poden contactar amb nosaltres, escrivint al correu electr\u00f2nic:&nbsp;<a href=\"mailto:b7905264@xtec.cat\" rel=\"noreferrer noopener\" target=\"_blank\">b7905264@xtec.cat<\/a>i us respondrem en la major brevetat possible.&nbsp;<\/p>\n\n\n\n<p>Els EAP s\u2019adrecen als centres educatius: equips directius, professorat i professionals implicats en l\u2019atenci\u00f3 a l\u2019alumnat amb dificultats o amb necessitats educatives espec\u00edfiques; alumnat i les seves fam\u00edlies, i el treball a la seva zona d\u2019actuaci\u00f3 posant la mirada en l\u2019eliminaci\u00f3 de les barreres.<\/p>\n\n\n\n<h4 class=\"wp-block-heading\">Atenci\u00f3 a l\u2019alumnat i les seves fam\u00edlies<\/h4>\n\n\n\n<ul class=\"wp-block-list\">\n<li>Identificaci\u00f3 i avaluaci\u00f3 psicopedag\u00f2gica i social de les necessitats educatives espec\u00edfiques de l\u2019alumnat i proposta d\u2019escolaritzaci\u00f3, en col\u00b7laboraci\u00f3 amb els serveis educatius espec\u00edfics quan s\u2019escaigui.<\/li>\n\n\n\n<li>Elaboraci\u00f3 d&#8217;informes per orientar l\u2019escolaritzaci\u00f3.<\/li>\n\n\n\n<li>Realitzar la valoraci\u00f3 motriu de l\u2019alumnat amb necessitats educatives espec\u00edfiques derivades de necessitats educatives especials per tal d\u2019establir les seves necessitats d\u2019accessibilitat i planificar i dur a terme programes d\u2019intervenci\u00f3 amb aquest\u00a0alumnat.<\/li>\n\n\n\n<li>Assessorament al professorat per a la planificaci\u00f3 de la resposta educativa que pugui necessitar l\u2019alumnat, en col\u00b7laboraci\u00f3 amb els i les docents, especialistes i serveis educatius espec\u00edfics.<\/li>\n\n\n\n<li>Assessorament a l\u2019alumnat, fam\u00edlies i equips docents sobre aspectes d\u2019orientaci\u00f3 personal, educativa, professional i social.<\/li>\n\n\n\n<li>Seguiment de l\u2019alumnat amb necessitats educatives espec\u00edfiques al llarg de la seva escolaritat i de manera especial en els moments de transici\u00f3 entre etapes educatives, en col\u00b7laboraci\u00f3 amb altres professionals i serveis educatius implicats.<\/li>\n\n\n\n<li>Detecci\u00f3, valoraci\u00f3 i derivaci\u00f3 -si s\u2019escau- d\u2019alumnat als serveis educatius espec\u00edfics (CREDA, CREDV, CRETDIC), als serveis socials, de salut o de just\u00edcia (CDIAP, CSMIJ, EAIA, DGPPIA&#8230;).<\/li>\n\n\n\n<li>Coordinaci\u00f3 amb altres professionals, serveis o institucions de la zona per donar una resposta coherent i adequada a les necessitats educatives de l\u2019alumnat.<\/li>\n\n\n\n<li>Coordinaci\u00f3 amb altres professionals, serveis o institucions de la zona per donar una resposta coherent i adequada a les necessitats educatives de l\u2019alumnat.<\/li>\n<\/ul>\n\n\n\n<h4 class=\"wp-block-heading\">&nbsp;<\/h4>\n\n\n\n<h4 class=\"wp-block-heading\">Atenci\u00f3 als centres educatius<\/h4>\n\n\n\n<ul class=\"wp-block-list\">\n<li>Assessorament als centres i professorat en la identificaci\u00f3 de necessitats educatives de l\u2019alumnat i col\u00b7laboraci\u00f3 en la planificaci\u00f3 d\u2019actuacions de resposta educativa en l\u2019entorn escolar, familiar i social.<\/li>\n\n\n\n<li>Coordinaci\u00f3 amb l\u2019equip directiu i amb el professorat del centre que dona suport a la diversitat de l\u2019alumnat (equip MESI, psicopedagogs i psicopedagogues, mestres de pedagogia terap\u00e8utica, educadors i educadores especialitzades&#8230;).<\/li>\n\n\n\n<li>Participaci\u00f3 en les comissions d\u2019atenci\u00f3 educativa inclusiva (CAEI) i a les comissions socials.<\/li>\n\n\n\n<li>Col\u00b7laborar en processos d\u2019inclusi\u00f3, en la prevenci\u00f3 i resoluci\u00f3 de conflictes i en la detecci\u00f3 i prevenci\u00f3 de conductes de risc.<\/li>\n\n\n\n<li>Assessorament en l\u2019acompanyament de l\u2019alumnat: L&#8217;orientaci\u00f3 personal, social, acad\u00e8mica i professional.<\/li>\n\n\n\n<li>Assessorament per a l\u2019entesa, la col\u00b7laboraci\u00f3 i la confian\u00e7a m\u00fatua entre les fam\u00edlies de l\u2019alumnat i el centre educatiu, especialment d\u2019aquell m\u00e9s vulnerable o amb risc d\u2019exclusi\u00f3.<\/li>\n<\/ul>\n\n\n\n<h4 class=\"wp-block-heading\">&nbsp;<\/h4>\n\n\n\n<h4 class=\"wp-block-heading\">Atenci\u00f3 i intervenci\u00f3 a la zona<\/h4>\n\n\n\n<ul class=\"wp-block-list\">\n<li>Participaci\u00f3 en els processos d\u2019escolaritzaci\u00f3 i transici\u00f3 entre etapes educatives: accessibilitat, transicions, acollida, familiaritzaci\u00f3 acad\u00e8mica i intensificaci\u00f3 dels aprenentatges.<\/li>\n\n\n\n<li>Treball en xarxa amb les institucions i serveis de la zona en la detecci\u00f3 de necessitats, l\u2019establiment de criteris comuns d\u2019actuaci\u00f3,\u00a0el coneixement i la difusi\u00f3 de recursos.<\/li>\n\n\n\n<li>Treball en xarxa amb els diferents serveis i programes educatius de la zona o sector (CREDA, CREDV, CRETDIC) i amb equips o serveis d\u2019altres departaments (salut, acci\u00f3 social i just\u00edcia) de la zona.<\/li>\n\n\n\n<li>Col\u00b7laboraci\u00f3 amb les administracions en la planificaci\u00f3 i optimitzaci\u00f3 dels recursos educatius del sector i en temes relacionats en l\u2019escolaritzaci\u00f3 dels i les alumnes.<\/li>\n\n\n\n<li>Participaci\u00f3 en els plans educatius d\u2019entorn i en altres plans o programes que afavoreixen la integraci\u00f3 escolar i social de l\u2019alumnat (absentisme, risc d\u2019exclusi\u00f3 social, salut&#8230;).<\/li>\n\n\n\n<li>Coordinaci\u00f3 i dinamitzaci\u00f3 d\u2019activitats de Formaci\u00f3 i intercanvi dels docents, en col\u00b7laboraci\u00f3 amb els centres de recursos pedag\u00f2gics (CRP) del SEZ.<\/li>\n<\/ul>\n","protected":false},"excerpt":{"rendered":"<p>Els EAP s\u00f3n equips d\u2019Assessorament i orientaci\u00f3 psicopedag\u00f2gic que donen suport al professorat i als centres educatius en la resposta [&hellip;]<\/p>\n","protected":false},"author":1,"featured_media":0,"parent":806,"menu_order":4,"comment_status":"closed","ping_status":"closed","template":"","meta":{"_bbp_topic_count":0,"_bbp_reply_count":0,"_bbp_total_topic_count":0,"_bbp_total_reply_count":0,"_bbp_voice_count":0,"_bbp_anonymous_reply_count":0,"_bbp_topic_count_hidden":0,"_bbp_reply_count_hidden":0,"_bbp_forum_subforum_count":0,"site-sidebar-layout":"no-sidebar","site-content-layout":"","ast-site-content-layout":"normal-width-container","site-content-style":"default","site-sidebar-style":"default","ast-global-header-display":"","ast-banner-title-visibility":"","ast-main-header-display":"","ast-hfb-above-header-display":"","ast-hfb-below-header-display":"","ast-hfb-mobile-header-display":"","site-post-title":"","ast-breadcrumbs-content":"","ast-featured-img":"","footer-sml-layout":"","theme-transparent-header-meta":"","adv-header-id-meta":"","stick-header-meta":"","header-above-stick-meta":"","header-main-stick-meta":"","header-below-stick-meta":"","astra-migrate-meta-layouts":"set","ast-page-background-enabled":"default","ast-page-background-meta":{"desktop":{"background-color":"var(--ast-global-color-4)","background-image":"","background-repeat":"repeat","background-position":"center center","background-size":"auto","background-attachment":"scroll","background-type":"","background-media":"","overlay-type":"","overlay-color":"","overlay-opacity":"","overlay-gradient":""},"tablet":{"background-color":"","background-image":"","background-repeat":"repeat","background-position":"center center","background-size":"auto","background-attachment":"scroll","background-type":"","background-media":"","overlay-type":"","overlay-color":"","overlay-opacity":"","overlay-gradient":""},"mobile":{"background-color":"","background-image":"","background-repeat":"repeat","background-position":"center center","background-size":"auto","background-attachment":"scroll","background-type":"","background-media":"","overlay-type":"","overlay-color":"","overlay-opacity":"","overlay-gradient":""}},"ast-content-background-meta":{"desktop":{"background-color":"var(--ast-global-color-5)","background-image":"","background-repeat":"repeat","background-position":"center center","background-size":"auto","background-attachment":"scroll","background-type":"","background-media":"","overlay-type":"","overlay-color":"","overlay-opacity":"","overlay-gradient":""},"tablet":{"background-color":"var(--ast-global-color-5)","background-image":"","background-repeat":"repeat","background-position":"center center","background-size":"auto","background-attachment":"scroll","background-type":"","background-media":"","overlay-type":"","overlay-color":"","overlay-opacity":"","overlay-gradient":""},"mobile":{"background-color":"var(--ast-global-color-5)","background-image":"","background-repeat":"repeat","background-position":"center center","background-size":"auto","background-attachment":"scroll","background-type":"","background-media":"","overlay-type":"","overlay-color":"","overlay-opacity":"","overlay-gradient":""}},"footnotes":""},"class_list":["post-10978","page","type-page","status-publish","hentry"],"post_mailing_queue_ids":[],"_links":{"self":[{"href":"https:\/\/serveiseducatius.xtec.cat\/selva2\/wp-json\/wp\/v2\/pages\/10978","targetHints":{"allow":["GET"]}}],"collection":[{"href":"https:\/\/serveiseducatius.xtec.cat\/selva2\/wp-json\/wp\/v2\/pages"}],"about":[{"href":"https:\/\/serveiseducatius.xtec.cat\/selva2\/wp-json\/wp\/v2\/types\/page"}],"author":[{"embeddable":true,"href":"https:\/\/serveiseducatius.xtec.cat\/selva2\/wp-json\/wp\/v2\/users\/1"}],"replies":[{"embeddable":true,"href":"https:\/\/serveiseducatius.xtec.cat\/selva2\/wp-json\/wp\/v2\/comments?post=10978"}],"version-history":[{"count":6,"href":"https:\/\/serveiseducatius.xtec.cat\/selva2\/wp-json\/wp\/v2\/pages\/10978\/revisions"}],"predecessor-version":[{"id":16076,"href":"https:\/\/serveiseducatius.xtec.cat\/selva2\/wp-json\/wp\/v2\/pages\/10978\/revisions\/16076"}],"up":[{"embeddable":true,"href":"https:\/\/serveiseducatius.xtec.cat\/selva2\/wp-json\/wp\/v2\/pages\/806"}],"wp:attachment":[{"href":"https:\/\/serveiseducatius.xtec.cat\/selva2\/wp-json\/wp\/v2\/media?parent=10978"}],"curies":[{"name":"wp","href":"https:\/\/api.w.org\/{rel}","templated":true}]}}