{"id":379,"date":"2015-11-25T14:19:13","date_gmt":"2015-11-25T13:19:13","guid":{"rendered":"http:\/\/serveiseducatius.xtec.cat\/sants-montjuic\/?page_id=379"},"modified":"2019-10-30T15:46:52","modified_gmt":"2019-10-30T14:46:52","slug":"educacio-infantil-i-primaria","status":"publish","type":"page","link":"https:\/\/serveiseducatius.xtec.cat\/sants-montjuic\/comunitat\/centres-educatius\/educacio-infantil-i-primaria\/","title":{"rendered":"Educaci\u00f3 infantil i prim\u00e0ria"},"content":{"rendered":"<p>&nbsp;<\/p>\n<p><strong>Escola B\u00e0rkeno<\/strong><br \/>\nCarrer Cisell, 15<br \/>\nT.932230829<br \/>\nCorreu electr\u00f2nic: a8003695@xtec.cat<br \/>\n<a href=\"http:\/\/www.bcn.cat\/barkeno\/\" target=\"_blank\" rel=\"noopener noreferrer\"><strong>Web<\/strong><\/a><\/p>\n<p><strong>Escola Barrufet<\/strong><br \/>\nPassatge Vapor Vell, 7<br \/>\nT.934097208<br \/>\nCorreu electr\u00f2nic: escolabarrufet@xtec.cat<br \/>\n<a href=\"http:\/\/escolabarrufet.cat\/\" target=\"_blank\" rel=\"noopener noreferrer\"><strong>Web<\/strong><\/a><\/p>\n<p><strong>Escola Cal Maiol<\/strong><br \/>\nCarrer Sagunt, 92-94<br \/>\nT.933318893<br \/>\nCorreu electr\u00f2nic: a80002022@xtec.cat<br \/>\n<a href=\"http:\/\/www.calmaiol.cat\/\" target=\"_blank\" rel=\"noopener noreferrer\"><strong>Web<\/strong><\/a><\/p>\n<p><strong>Escola Can Clos<\/strong><br \/>\nCarrer Pedrera del Mussol, 10-14<br \/>\nT.933326145<br \/>\nCorreu electr\u00f2nic: a8001674@xtec.cat<br \/>\n<a href=\"http:\/\/www.canclos.cat\/\" target=\"_blank\" rel=\"noopener noreferrer\"><strong>Web<\/strong><\/a><\/p>\n<p><strong>Escola Cavall Bernat<\/strong><br \/>\nRambla Badal, 113<br \/>\nT.933322930<br \/>\nCorreu electr\u00f2nic: a8046293@xtec.cat<br \/>\n<a href=\"http:\/\/www.xtec.cat\/centres\/a8046293\" target=\"_blank\" rel=\"noopener noreferrer\"><strong>Web<\/strong><\/a><\/p>\n<p><strong>Escola de Bosc de Montju\u00efc<\/strong><br \/>\nAvinguda Miramar, 7-9<br \/>\nT.934414224<br \/>\nCorreu electr\u00f2nic: a8003491@xtec.cat<br \/>\n<a href=\"https:\/\/agora.xtec.cat\/escoladebosc\/\" target=\"_blank\" rel=\"noopener noreferrer\"><strong>Web<\/strong><\/a><\/p>\n<p><strong>Escola El Polvor\u00ed<\/strong><br \/>\nCam\u00ed del Polvor\u00ed, 8-10<br \/>\nT.933327496<br \/>\nCorreu electr\u00f2nic: a8001650@xtec.cat<br \/>\n<a href=\"http:\/\/www.xtec.cat\/ceipelpolvori\" target=\"_blank\" rel=\"noopener noreferrer\"><strong>Web<\/strong><\/a><\/p>\n<p><strong>Escola Enric Granados<\/strong><br \/>\nPasseig Zona Franca, 98<br \/>\nT.933326247<br \/>\nCorreu electr\u00f2nic: a8002952@xtec.cat<br \/>\n<a href=\"http:\/\/agora.xtec.cat\/ceip-enric-granados\/\" target=\"_blank\" rel=\"noopener noreferrer\"><strong>Web<\/strong><\/a><\/p>\n<p><strong>Escola Francesc Maci\u00e0<\/strong><br \/>\nGran Via Corts Catalanes, 361-371<br \/>\nT.934235085<br \/>\nCorreu electr\u00f2nic: a8002009@xtec.cat<br \/>\n<a href=\"http:\/\/escolafrancescmacia.wix.com\/escolafrancescmacia\" target=\"_blank\" rel=\"noopener noreferrer\"><strong>Web<\/strong><\/a><\/p>\n<p><strong>Escola Gayarre<\/strong><br \/>\nCarrer Gaiarre, 54<br \/>\nT.934211350<br \/>\nCorreu electr\u00f2nic: escolagayarre@xtec.cat<br \/>\n<a href=\"http:\/\/www.escolagayarre.cat\/\" target=\"_blank\" rel=\"noopener noreferrer\"><strong>Web<\/strong><\/a><\/p>\n<p><strong>Escola Jaume I<\/strong><br \/>\nCarrer Melcior de Palau,134-136<br \/>\nT.934904103<br \/>\nCorreu electr\u00f2nic: a8002061@xtec.cat<br \/>\n<a href=\"http:\/\/escolajaume1r.com\/\" target=\"_blank\" rel=\"noopener noreferrer\"><strong>Web<\/strong><\/a><\/p>\n<p><strong>Escola La Muntanyeta<\/strong><br \/>\nCarrer Montfar, 24<br \/>\nT.934230336<br \/>\nCorreu electr\u00f2nic: a8033523@xtec.cat<br \/>\n<a href=\"https:\/\/lamuntanyeta.cat\/\" target=\"_blank\" rel=\"noopener noreferrer\"><strong>Web<\/strong><\/a><\/p>\n<p><strong>Escola Llu\u00eds Vives<\/strong><br \/>\nCarrer Canalejas, 107<br \/>\nT.934222440<br \/>\nCorreu electr\u00f2nic: a8002010@xtec.cat<br \/>\n<a href=\"http:\/\/agora.xtec.cat\/ceiplluisvives\/\" target=\"_blank\" rel=\"noopener noreferrer\"><strong>Web<\/strong><\/a><\/p>\n<p><strong>Escola Moss\u00e8n Jacint Verdaguer<\/strong><br \/>\nCarrer Lleida, 32<br \/>\nT.934240201<br \/>\nCorreu electr\u00f2nic: a8001649@xtec.cat<br \/>\n<a href=\"http:\/\/agora.xtec.cat\/ceip-mcinto-verdaguer\/\" target=\"_blank\" rel=\"noopener noreferrer\"><strong>Web<\/strong><\/a><\/p>\n<p><strong>Escola Pau Vila<\/strong><br \/>\nCarrer Font Florida, 95<br \/>\nT.934229840<br \/>\nCorreu electr\u00f2nic: a8041969@xtec.cat<br \/>\n<a href=\"http:\/\/www.bcn.cat\/pauvila\/\" target=\"_blank\" rel=\"noopener noreferrer\"><strong>Web<\/strong><\/a><\/p>\n<p><strong>Escola Poble-sec<\/strong><br \/>\nPasseig Exposici\u00f3,1<br \/>\nT.934416807<br \/>\nCorreu electr\u00f2nic: a8013411@xtec.cat<br \/>\n<a href=\"https:\/\/agora.xtec.cat\/escpoble-sec\/\" target=\"_blank\" rel=\"noopener noreferrer\"><strong>Web<\/strong><\/a><\/p>\n<p><strong>Escola Pr\u00e0ctiques<\/strong><br \/>\nCarrer Melcior de Palau, 138<br \/>\nT.934907023<br \/>\nCorreu electr\u00f2nic: a8002058@xtec.cat<br \/>\n<a href=\"http:\/\/agora.xtec.cat\/escolapractiquesbcn\/\" target=\"_blank\" rel=\"noopener noreferrer\"><strong>Web<\/strong><\/a><\/p>\n<p><strong>Escola Ramon Casas<\/strong><br \/>\nCarrer Plat\u00ed, 6<br \/>\nT.933315284<br \/>\nCorreu electr\u00f2nic: a8002976@xtec.cat<br \/>\n<a href=\"http:\/\/www.xtec.cat\/centres\/a8002976\/\" target=\"_blank\" rel=\"noopener noreferrer\"><strong>Web<\/strong><\/a><\/p>\n<p><strong>Escola Seat<\/strong><br \/>\nCarrer Mec\u00e0nica, 24<br \/>\nT.933329346<br \/>\nCorreu electr\u00f2nic: ceipseat@xtec.cat<br \/>\n<a href=\"http:\/\/www.escolaseat.cat\/\" target=\"_blank\" rel=\"noopener noreferrer\"><strong>Web<\/strong><\/a><\/p>\n<p><strong>Escola Tres Pins<\/strong><br \/>\nCarrer Tres Pins, 28<br \/>\nT.934239210<br \/>\nCorreu electr\u00f2nic: a8041970@xtec.cat<br \/>\n<a href=\"http:\/\/www.bcn.cat\/trespins\/\" target=\"_blank\" rel=\"noopener noreferrer\"><strong>Web<\/strong><\/a><\/p>\n<p>&nbsp;<\/p>\n<p>&nbsp;<\/p>\n<p>&nbsp;<\/p>\n<p>&nbsp;<\/p>\n","protected":false},"excerpt":{"rendered":"<p>&nbsp; Escola B\u00e0rkeno Carrer Cisell, 15 T.932230829 Correu electr\u00f2nic: a8003695@xtec.cat Web Escola Barrufet Passatge Vapor Vell, 7 T.934097208 Correu electr\u00f2nic: escolabarrufet@xtec.cat Web Escola Cal Maiol Carrer Sagunt, 92-94 T.933318893 Correu electr\u00f2nic: a80002022@xtec.cat Web Escola Can Clos Carrer Pedrera del Mussol, 10-14 T.933326145 Correu electr\u00f2nic: a8001674@xtec.cat Web Escola Cavall Bernat Rambla Badal, 113 T.933322930 Correu electr\u00f2nic: [&hellip;]<\/p>\n","protected":false},"author":1,"featured_media":0,"parent":338,"menu_order":20,"comment_status":"closed","ping_status":"closed","template":"page-templates\/side-menu.php","meta":{"_bbp_topic_count":0,"_bbp_reply_count":0,"_bbp_total_topic_count":0,"_bbp_total_reply_count":0,"_bbp_voice_count":0,"_bbp_anonymous_reply_count":0,"_bbp_topic_count_hidden":0,"_bbp_reply_count_hidden":0,"_bbp_forum_subforum_count":0,"site-sidebar-layout":"default","site-content-layout":"","ast-site-content-layout":"","site-content-style":"default","site-sidebar-style":"default","ast-global-header-display":"","ast-banner-title-visibility":"","ast-main-header-display":"","ast-hfb-above-header-display":"","ast-hfb-below-header-display":"","ast-hfb-mobile-header-display":"","site-post-title":"","ast-breadcrumbs-content":"","ast-featured-img":"","footer-sml-layout":"","theme-transparent-header-meta":"","adv-header-id-meta":"","stick-header-meta":"","header-above-stick-meta":"","header-main-stick-meta":"","header-below-stick-meta":"","astra-migrate-meta-layouts":"default","ast-page-background-enabled":"default","ast-page-background-meta":{"desktop":{"background-color":"var(--ast-global-color-4)","background-image":"","background-repeat":"repeat","background-position":"center center","background-size":"auto","background-attachment":"scroll","background-type":"","background-media":"","overlay-type":"","overlay-color":"","overlay-opacity":"","overlay-gradient":""},"tablet":{"background-color":"","background-image":"","background-repeat":"repeat","background-position":"center center","background-size":"auto","background-attachment":"scroll","background-type":"","background-media":"","overlay-type":"","overlay-color":"","overlay-opacity":"","overlay-gradient":""},"mobile":{"background-color":"","background-image":"","background-repeat":"repeat","background-position":"center center","background-size":"auto","background-attachment":"scroll","background-type":"","background-media":"","overlay-type":"","overlay-color":"","overlay-opacity":"","overlay-gradient":""}},"ast-content-background-meta":{"desktop":{"background-color":"var(--ast-global-color-5)","background-image":"","background-repeat":"repeat","background-position":"center center","background-size":"auto","background-attachment":"scroll","background-type":"","background-media":"","overlay-type":"","overlay-color":"","overlay-opacity":"","overlay-gradient":""},"tablet":{"background-color":"var(--ast-global-color-5)","background-image":"","background-repeat":"repeat","background-position":"center center","background-size":"auto","background-attachment":"scroll","background-type":"","background-media":"","overlay-type":"","overlay-color":"","overlay-opacity":"","overlay-gradient":""},"mobile":{"background-color":"var(--ast-global-color-5)","background-image":"","background-repeat":"repeat","background-position":"center center","background-size":"auto","background-attachment":"scroll","background-type":"","background-media":"","overlay-type":"","overlay-color":"","overlay-opacity":"","overlay-gradient":""}},"footnotes":""},"class_list":["post-379","page","type-page","status-publish","hentry"],"post_mailing_queue_ids":[],"_links":{"self":[{"href":"https:\/\/serveiseducatius.xtec.cat\/sants-montjuic\/wp-json\/wp\/v2\/pages\/379","targetHints":{"allow":["GET"]}}],"collection":[{"href":"https:\/\/serveiseducatius.xtec.cat\/sants-montjuic\/wp-json\/wp\/v2\/pages"}],"about":[{"href":"https:\/\/serveiseducatius.xtec.cat\/sants-montjuic\/wp-json\/wp\/v2\/types\/page"}],"author":[{"embeddable":true,"href":"https:\/\/serveiseducatius.xtec.cat\/sants-montjuic\/wp-json\/wp\/v2\/users\/1"}],"replies":[{"embeddable":true,"href":"https:\/\/serveiseducatius.xtec.cat\/sants-montjuic\/wp-json\/wp\/v2\/comments?post=379"}],"version-history":[{"count":4,"href":"https:\/\/serveiseducatius.xtec.cat\/sants-montjuic\/wp-json\/wp\/v2\/pages\/379\/revisions"}],"predecessor-version":[{"id":4542,"href":"https:\/\/serveiseducatius.xtec.cat\/sants-montjuic\/wp-json\/wp\/v2\/pages\/379\/revisions\/4542"}],"up":[{"embeddable":true,"href":"https:\/\/serveiseducatius.xtec.cat\/sants-montjuic\/wp-json\/wp\/v2\/pages\/338"}],"wp:attachment":[{"href":"https:\/\/serveiseducatius.xtec.cat\/sants-montjuic\/wp-json\/wp\/v2\/media?parent=379"}],"curies":[{"name":"wp","href":"https:\/\/api.w.org\/{rel}","templated":true}]}}