{"id":12372,"date":"2026-01-16T14:11:56","date_gmt":"2026-01-16T13:11:56","guid":{"rendered":"https:\/\/serveiseducatius.xtec.cat\/santandreu\/?page_id=12372"},"modified":"2026-01-30T12:32:40","modified_gmt":"2026-01-30T11:32:40","slug":"directori-del-servei-educatiu","status":"publish","type":"page","link":"https:\/\/serveiseducatius.xtec.cat\/santandreu\/pagines-dinici\/pagina-dinici-buida\/directori-del-servei-educatiu\/","title":{"rendered":"DIRECTORI DEL SERVEI EDUCATIU"},"content":{"rendered":"<p><strong>CRP<\/strong><\/p>\n<p>Anna Garcia Chousa<br \/>\nCarme Hoyas Fern\u00e1ndez<br \/>\nFerran Galimany S\u00e1nchez<br \/>\nGeorgina Rovira Rodr\u00edguez<\/p>\n<p><strong>EAP<\/strong><\/p>\n<p><strong>Psicopedagogs\/gues<\/strong><\/p>\n<p>\u00c0ngels Esterri D\u00edaz<br \/>\nAnna Velasco Mart\u00ednez<br \/>\nDiana B\u00e1ez Lupi\u00f3n<br \/>\nEster Climent Aguilar<br \/>\nEsther L\u00e1zaro Fern\u00e1ndez<br \/>\nLlu\u00eds Albert Mateu<br \/>\nMar Queralt Bartolom\u00e9<br \/>\nMaria Jes\u00fas Igual Calvo<br \/>\nMarta Ledo L\u00f3pez<br \/>\nMiriam Gonz\u00e1lez Gonz\u00e1lez<br \/>\nNati Campo Heras<br \/>\nN\u00faria Prat Parcet<br \/>\nPilar Qui\u00f1oa Par\u00e9s<\/p>\n<p><strong>Fisioterapeutes<\/strong><\/p>\n<p>Andrea N\u00fa\u00f1ez Garcia<br \/>\nAnna de De Higes Casado<br \/>\nQuim Rey Cabrera<\/p>\n<p><strong>Treballadores socials<\/strong><\/p>\n<p>Alicia Tudela Navarro<br \/>\nBeatriz Ruiz Caparr\u00f3s<\/p>\n<p><strong>Logopeda<\/strong><\/p>\n<p>Maribel Vel\u00e1zquez Clement<\/p>\n<p><strong>ELIC<\/strong><\/p>\n<p>Artur Vidal Sape<br \/>\nN\u00faria Larr\u00e9gola S\u00e1nchez<\/p>\n<p><strong>SERVEI D&#8217;ORIENTACI\u00d3<\/strong><\/p>\n<p>Elena Garcia Marina<br \/>\nMerc\u00e8 Garcia Llorens<\/p>\n<p><strong>REFERENT TERRITORIAL<\/strong><\/p>\n<p>Yolanda Gonz\u00e1lez Tavira<\/p>\n","protected":false},"excerpt":{"rendered":"<p>CRP Anna Garcia Chousa Carme Hoyas Fern\u00e1ndez Ferran Galimany S\u00e1nchez Georgina Rovira Rodr\u00edguez EAP Psicopedagogs\/gues \u00c0ngels Esterri D\u00edaz Anna Velasco Mart\u00ednez Diana B\u00e1ez Lupi\u00f3n Ester Climent Aguilar Esther L\u00e1zaro Fern\u00e1ndez Llu\u00eds Albert Mateu Mar Queralt Bartolom\u00e9 Maria Jes\u00fas Igual Calvo Marta Ledo L\u00f3pez Miriam Gonz\u00e1lez Gonz\u00e1lez Nati Campo Heras N\u00faria Prat Parcet Pilar Qui\u00f1oa Par\u00e9s [&hellip;]<\/p>\n","protected":false},"author":1,"featured_media":0,"parent":9,"menu_order":6,"comment_status":"closed","ping_status":"closed","template":"","meta":{"_bbp_topic_count":0,"_bbp_reply_count":0,"_bbp_total_topic_count":0,"_bbp_total_reply_count":0,"_bbp_voice_count":0,"_bbp_anonymous_reply_count":0,"_bbp_topic_count_hidden":0,"_bbp_reply_count_hidden":0,"_bbp_forum_subforum_count":0,"site-sidebar-layout":"default","site-content-layout":"","ast-site-content-layout":"default","site-content-style":"default","site-sidebar-style":"default","ast-global-header-display":"","ast-banner-title-visibility":"","ast-main-header-display":"","ast-hfb-above-header-display":"","ast-hfb-below-header-display":"","ast-hfb-mobile-header-display":"","site-post-title":"","ast-breadcrumbs-content":"","ast-featured-img":"","footer-sml-layout":"","theme-transparent-header-meta":"default","adv-header-id-meta":"","stick-header-meta":"","header-above-stick-meta":"","header-main-stick-meta":"","header-below-stick-meta":"","astra-migrate-meta-layouts":"set","ast-page-background-enabled":"default","ast-page-background-meta":{"desktop":{"background-color":"var(--ast-global-color-4)","background-image":"","background-repeat":"repeat","background-position":"center center","background-size":"auto","background-attachment":"scroll","background-type":"","background-media":"","overlay-type":"","overlay-color":"","overlay-opacity":"","overlay-gradient":""},"tablet":{"background-color":"","background-image":"","background-repeat":"repeat","background-position":"center center","background-size":"auto","background-attachment":"scroll","background-type":"","background-media":"","overlay-type":"","overlay-color":"","overlay-opacity":"","overlay-gradient":""},"mobile":{"background-color":"","background-image":"","background-repeat":"repeat","background-position":"center center","background-size":"auto","background-attachment":"scroll","background-type":"","background-media":"","overlay-type":"","overlay-color":"","overlay-opacity":"","overlay-gradient":""}},"ast-content-background-meta":{"desktop":{"background-color":"var(--ast-global-color-5)","background-image":"","background-repeat":"repeat","background-position":"center center","background-size":"auto","background-attachment":"scroll","background-type":"","background-media":"","overlay-type":"","overlay-color":"","overlay-opacity":"","overlay-gradient":""},"tablet":{"background-color":"var(--ast-global-color-5)","background-image":"","background-repeat":"repeat","background-position":"center center","background-size":"auto","background-attachment":"scroll","background-type":"","background-media":"","overlay-type":"","overlay-color":"","overlay-opacity":"","overlay-gradient":""},"mobile":{"background-color":"var(--ast-global-color-5)","background-image":"","background-repeat":"repeat","background-position":"center center","background-size":"auto","background-attachment":"scroll","background-type":"","background-media":"","overlay-type":"","overlay-color":"","overlay-opacity":"","overlay-gradient":""}},"footnotes":""},"class_list":["post-12372","page","type-page","status-publish","hentry"],"post_mailing_queue_ids":[],"_links":{"self":[{"href":"https:\/\/serveiseducatius.xtec.cat\/santandreu\/wp-json\/wp\/v2\/pages\/12372","targetHints":{"allow":["GET"]}}],"collection":[{"href":"https:\/\/serveiseducatius.xtec.cat\/santandreu\/wp-json\/wp\/v2\/pages"}],"about":[{"href":"https:\/\/serveiseducatius.xtec.cat\/santandreu\/wp-json\/wp\/v2\/types\/page"}],"author":[{"embeddable":true,"href":"https:\/\/serveiseducatius.xtec.cat\/santandreu\/wp-json\/wp\/v2\/users\/1"}],"replies":[{"embeddable":true,"href":"https:\/\/serveiseducatius.xtec.cat\/santandreu\/wp-json\/wp\/v2\/comments?post=12372"}],"version-history":[{"count":2,"href":"https:\/\/serveiseducatius.xtec.cat\/santandreu\/wp-json\/wp\/v2\/pages\/12372\/revisions"}],"predecessor-version":[{"id":12375,"href":"https:\/\/serveiseducatius.xtec.cat\/santandreu\/wp-json\/wp\/v2\/pages\/12372\/revisions\/12375"}],"up":[{"embeddable":true,"href":"https:\/\/serveiseducatius.xtec.cat\/santandreu\/wp-json\/wp\/v2\/pages\/9"}],"wp:attachment":[{"href":"https:\/\/serveiseducatius.xtec.cat\/santandreu\/wp-json\/wp\/v2\/media?parent=12372"}],"curies":[{"name":"wp","href":"https:\/\/api.w.org\/{rel}","templated":true}]}}