{"id":24489,"date":"2026-09-03T09:31:13","date_gmt":"2026-09-03T07:31:13","guid":{"rendered":"https:\/\/serveiseducatius.xtec.cat\/santacolomag\/?page_id=24489"},"modified":"2026-09-03T09:31:14","modified_gmt":"2026-09-03T07:31:14","slug":"full-informatiu-setembre-2026","status":"publish","type":"page","link":"https:\/\/serveiseducatius.xtec.cat\/santacolomag\/full-informatiu-setembre-2026\/","title":{"rendered":"Full informatiu. Setembre 2026"},"content":{"rendered":"\n<div class=\"wp-block-columns is-layout-flex wp-container-core-columns-is-layout-1 wp-block-columns-is-layout-flex\">\n<div class=\"wp-block-column has-border-color has-black-border-color has-very-light-gray-to-cyan-bluish-gray-gradient-background has-background is-layout-flow wp-block-column-is-layout-flow\">\n<h4 class=\"wp-block-heading has-text-align-center\"><a href=\"https:\/\/serveiseducatius.xtec.cat\/santacolomag\/portada\/maletes-pedagogiques-i-maquinari-2025-2026-2\/\">Maletes pedag\u00f2giques i maquinari 2026-2027<\/a><br><\/h4>\n\n\n\n<figure class=\"wp-block-image aligncenter size-full is-resized\"><a href=\"https:\/\/serveiseducatius.xtec.cat\/santacolomag\/portada\/maletes-pedagogiques-i-maquinari-2025-2026-2\/\"><img loading=\"lazy\" decoding=\"async\" width=\"180\" height=\"120\" src=\"https:\/\/serveiseducatius.xtec.cat\/santacolomag\/wp-content\/uploads\/usu1183\/2025\/01\/maletes-300x200-e1568284291448.png\" alt=\"\" class=\"wp-image-21321\" style=\"width:362px;height:auto\"\/><\/a><\/figure>\n\n\n\n<p class=\"has-text-align-center\">Els maquinari i les maletes pedag\u00f2giques de la mediateca del CRP estaran disponibles en servei de pr\u00e9stec a partir del 5 d\u2019octubre de 2026.<\/p>\n\n\n\n<ul class=\"wp-block-list\">\n<li><strong><a href=\"https:\/\/serveiseducatius.xtec.cat\/santacolomag\/maletes-pedagogiques-2\/\">Maletes pedag\u00f2giques disponibles<\/a>. Es pot fer la demanda a partir del 16 de setembre de 2026<\/strong><\/li>\n\n\n\n<li><strong><a href=\"https:\/\/serveiseducatius.xtec.cat\/santacolomag\/maquinari\/\">Maquinari disponible\u00a0<\/a>\u00a0Es pot fer la demanda a partir del 16 de setembre de 2026<\/strong><\/li>\n<\/ul>\n\n\n\n<div class=\"wp-block-buttons is-content-justification-center is-layout-flex wp-container-core-buttons-is-layout-1 wp-block-buttons-is-layout-flex\"><\/div>\n<\/div>\n\n\n\n<div class=\"wp-block-column has-border-color has-black-border-color is-layout-flow wp-block-column-is-layout-flow\">\n<h4 class=\"wp-block-heading has-text-align-center\"><a href=\"https:\/\/serveiseducatius.xtec.cat\/santacolomag\/general\/nou-carnet-docent-en-format-digital\/\">Nou carnet docent en format digital<br><\/a><\/h4>\n\n\n\n<figure class=\"wp-block-image aligncenter size-full is-resized\"><a href=\"https:\/\/serveiseducatius.xtec.cat\/santacolomag\/general\/nou-carnet-docent-en-format-digital\/\"><img loading=\"lazy\" decoding=\"async\" width=\"724\" height=\"1024\" src=\"https:\/\/serveiseducatius.xtec.cat\/santacolomag\/wp-content\/uploads\/usu1183\/2026\/09\/Imatges-web-76-724x1024-1.png\" alt=\"\" class=\"wp-image-24472\" style=\"width:221px;height:auto\" srcset=\"https:\/\/serveiseducatius.xtec.cat\/santacolomag\/wp-content\/uploads\/usu1183\/2026\/09\/Imatges-web-76-724x1024-1.png 724w, https:\/\/serveiseducatius.xtec.cat\/santacolomag\/wp-content\/uploads\/usu1183\/2026\/09\/Imatges-web-76-724x1024-1-212x300.png 212w\" sizes=\"auto, (max-width: 724px) 100vw, 724px\" \/><\/a><\/figure>\n\n\n\n<p class=\"has-text-align-center\">El carnet docent\u00a0\u00e9s el document que t\u2019acredita com a personal docent.\u00a0<strong>Ara \u00e9s digital<\/strong>. Aquest nou format substituir\u00e0 progressivament el carnet f\u00edsic<\/p>\n<\/div>\n\n\n\n<div class=\"wp-block-column has-border-color has-black-border-color has-cyan-bluish-gray-background-color has-background is-layout-flow wp-block-column-is-layout-flow\">\n<h4 class=\"wp-block-heading has-text-align-center\"><a href=\"https:\/\/serveiseducatius.xtec.cat\/santacolomag\/portada\/borsa-de-persones-formadores-area-de-tecnologia-educativa\/\">Borsa de persones formadores \u00c0rea de Tecnologia Educativa\u00a0<br><\/a><\/h4>\n\n\n\n<figure class=\"wp-block-image aligncenter size-full is-resized\"><a href=\"https:\/\/serveiseducatius.xtec.cat\/santacolomag\/portada\/borsa-de-persones-formadores-area-de-tecnologia-educativa\/\"><img loading=\"lazy\" decoding=\"async\" width=\"1024\" height=\"683\" src=\"https:\/\/serveiseducatius.xtec.cat\/santacolomag\/wp-content\/uploads\/usu1183\/2026\/09\/panell-update-1024x683-1.png\" alt=\"\" class=\"wp-image-24475\" style=\"width:299px;height:auto\" srcset=\"https:\/\/serveiseducatius.xtec.cat\/santacolomag\/wp-content\/uploads\/usu1183\/2026\/09\/panell-update-1024x683-1.png 1024w, https:\/\/serveiseducatius.xtec.cat\/santacolomag\/wp-content\/uploads\/usu1183\/2026\/09\/panell-update-1024x683-1-300x200.png 300w, https:\/\/serveiseducatius.xtec.cat\/santacolomag\/wp-content\/uploads\/usu1183\/2026\/09\/panell-update-1024x683-1-768x512.png 768w\" sizes=\"auto, (max-width: 1024px) 100vw, 1024px\" \/><\/a><\/figure>\n\n\n\n<p class=\"has-text-align-center\">A partir d\u2019aquest curs la\u00a0<strong>Borsa de persones formadores de l\u2019\u00c0rea de Tecnologia Educativa<\/strong>\u00a0(antiga \u00c0rea de Cultura Digital) no es renova autom\u00e0ticament i caldr\u00e0 renovar la inscripci\u00f3 anualment.<\/p>\n<\/div>\n<\/div>\n\n\n\n<div class=\"wp-block-columns is-layout-flex wp-container-core-columns-is-layout-2 wp-block-columns-is-layout-flex\">\n<div class=\"wp-block-column has-border-color has-black-border-color has-white-background-color has-background is-layout-flow wp-block-column-is-layout-flow\">\n<h4 class=\"wp-block-heading has-text-align-center\"><a href=\"https:\/\/serveiseducatius.xtec.cat\/santacolomag\/portada\/orientacions-curriculars-per-a-leducacio-basica\/\">Orientacions curriculars per a l\u2019educaci\u00f3 b\u00e0sica<br><\/a><a href=\"https:\/\/serveiseducatius.xtec.cat\/santacolomag\/general\/biysc-barcelona-international-youth-science-challenge\/\"><br><\/a><\/h4>\n\n\n\n<figure class=\"wp-block-image aligncenter size-full is-resized\"><a href=\"https:\/\/serveiseducatius.xtec.cat\/santacolomag\/portada\/orientacions-curriculars-per-a-leducacio-basica\/\"><img loading=\"lazy\" decoding=\"async\" width=\"500\" height=\"500\" src=\"https:\/\/serveiseducatius.xtec.cat\/santacolomag\/wp-content\/uploads\/usu1183\/2026\/09\/Logo-Orientacions-Curriculars-5.png\" alt=\"\" class=\"wp-image-24478\" style=\"width:201px;height:auto\" srcset=\"https:\/\/serveiseducatius.xtec.cat\/santacolomag\/wp-content\/uploads\/usu1183\/2026\/09\/Logo-Orientacions-Curriculars-5.png 500w, https:\/\/serveiseducatius.xtec.cat\/santacolomag\/wp-content\/uploads\/usu1183\/2026\/09\/Logo-Orientacions-Curriculars-5-300x300.png 300w, https:\/\/serveiseducatius.xtec.cat\/santacolomag\/wp-content\/uploads\/usu1183\/2026\/09\/Logo-Orientacions-Curriculars-5-150x150.png 150w\" sizes=\"auto, (max-width: 500px) 100vw, 500px\" \/><\/a><\/figure>\n\n\n\n<p class=\"has-text-align-center\">El Departament d\u2019Educaci\u00f3 i Formaci\u00f3 Professional ha completat la publicaci\u00f3 de les orientacions curriculars de l\u2019educaci\u00f3 prim\u00e0ria i de l\u2019educaci\u00f3 secund\u00e0ria obligat\u00f2ria (ESO).<\/p>\n<\/div>\n\n\n\n<div class=\"wp-block-column has-border-color has-black-border-color has-cyan-bluish-gray-background-color has-background is-layout-flow wp-block-column-is-layout-flow\">\n<h4 class=\"wp-block-heading has-text-align-center\"><a href=\"https:\/\/serveiseducatius.xtec.cat\/santacolomag\/general\/proposta-formativa-del-grupiref\/\">Proposta formativa del GrupIREF<br><\/a><\/h4>\n\n\n\n<figure class=\"wp-block-image aligncenter size-full is-resized\"><a href=\"https:\/\/serveiseducatius.xtec.cat\/santacolomag\/general\/proposta-formativa-del-grupiref\/\"><img loading=\"lazy\" decoding=\"async\" width=\"75\" height=\"71\" src=\"https:\/\/serveiseducatius.xtec.cat\/santacolomag\/wp-content\/uploads\/usu1183\/2026\/09\/unnamed.jpg\" alt=\"\" class=\"wp-image-24481\" style=\"width:169px;height:auto\"\/><\/a><\/figure>\n\n\n\n<p class=\"has-text-align-center\"><strong>TROBA LA FORMACI\u00d3 QUE NECESSITES PER AL NOU CURS <br>Cursos i tallers en l\u00ednia per aprendre, reflexionar i transformar l&#8217;educaci\u00f3<\/strong><\/p>\n<\/div>\n\n\n\n<div class=\"wp-block-column has-border-color has-black-border-color has-white-background-color has-background is-layout-flow wp-block-column-is-layout-flow\">\n<h4 class=\"wp-block-heading has-text-align-center\"><a href=\"https:\/\/serveiseducatius.xtec.cat\/santacolomag\/portada\/cientifiks-en-joc\/\">Cient\u00edfiks en joc<br><\/a><\/h4>\n\n\n\n<figure class=\"wp-block-image aligncenter size-full is-resized\"><a href=\"https:\/\/serveiseducatius.xtec.cat\/santacolomag\/portada\/cientifiks-en-joc\/\"><img loading=\"lazy\" decoding=\"async\" width=\"1024\" height=\"665\" src=\"https:\/\/serveiseducatius.xtec.cat\/santacolomag\/wp-content\/uploads\/usu1183\/2026\/09\/Cientifiks.png\" alt=\"\" class=\"wp-image-24484\" style=\"width:413px;height:auto\" srcset=\"https:\/\/serveiseducatius.xtec.cat\/santacolomag\/wp-content\/uploads\/usu1183\/2026\/09\/Cientifiks.png 1024w, https:\/\/serveiseducatius.xtec.cat\/santacolomag\/wp-content\/uploads\/usu1183\/2026\/09\/Cientifiks-300x195.png 300w, https:\/\/serveiseducatius.xtec.cat\/santacolomag\/wp-content\/uploads\/usu1183\/2026\/09\/Cientifiks-768x499.png 768w\" sizes=\"auto, (max-width: 1024px) 100vw, 1024px\" \/><\/a><\/figure>\n\n\n\n<p class=\"has-text-align-center\">\u00c9s un programa educatiu del Departament de Recerca i Universitats\u00a0de la Generalitat de Catalunya\u00a0<strong>adre\u00e7at a l\u2019alumnat de 5\u00e8 dels centres educatius de Prim\u00e0ria de Catalunya.<\/strong>\u00a0L\u2019alumnat, conjuntament amb una investigadora catalana en actiu,\u00a0<strong>dissenyaran un videojoc sobre la seva recerca cient\u00edfica.<\/strong><\/p>\n\n\n\n<p class=\"has-text-align-center\"><a href=\"https:\/\/serveiseducatius.xtec.cat\/#facebook\" rel=\"noreferrer noopener\" target=\"_blank\"><\/a><\/p>\n\n\n\n<p><\/p>\n<\/div>\n<\/div>\n","protected":false},"excerpt":{"rendered":"<p>Maletes pedag\u00f2giques i maquinari 2026-2027 Els maquinari i les maletes pedag\u00f2giques de la mediateca del CRP estaran disponibles en servei [&hellip;]<\/p>\n","protected":false},"author":4,"featured_media":0,"parent":0,"menu_order":0,"comment_status":"closed","ping_status":"close","template":"","meta":{"_bbp_topic_count":0,"_bbp_reply_count":0,"_bbp_total_topic_count":0,"_bbp_total_reply_count":0,"_bbp_voice_count":0,"_bbp_anonymous_reply_count":0,"_bbp_topic_count_hidden":0,"_bbp_reply_count_hidden":0,"_bbp_forum_subforum_count":0,"site-sidebar-layout":"default","site-content-layout":"","ast-site-content-layout":"default","site-content-style":"default","site-sidebar-style":"default","ast-global-header-display":"","ast-banner-title-visibility":"","ast-main-header-display":"","ast-hfb-above-header-display":"","ast-hfb-below-header-display":"","ast-hfb-mobile-header-display":"","site-post-title":"","ast-breadcrumbs-content":"","ast-featured-img":"","footer-sml-layout":"","theme-transparent-header-meta":"","adv-header-id-meta":"","stick-header-meta":"","header-above-stick-meta":"","header-main-stick-meta":"","header-below-stick-meta":"","astra-migrate-meta-layouts":"set","ast-page-background-enabled":"default","ast-page-background-meta":{"desktop":{"background-color":"var(--ast-global-color-4)","background-image":"","background-repeat":"repeat","background-position":"center center","background-size":"auto","background-attachment":"scroll","background-type":"","background-media":"","overlay-type":"","overlay-color":"","overlay-opacity":"","overlay-gradient":""},"tablet":{"background-color":"","background-image":"","background-repeat":"repeat","background-position":"center center","background-size":"auto","background-attachment":"scroll","background-type":"","background-media":"","overlay-type":"","overlay-color":"","overlay-opacity":"","overlay-gradient":""},"mobile":{"background-color":"","background-image":"","background-repeat":"repeat","background-position":"center center","background-size":"auto","background-attachment":"scroll","background-type":"","background-media":"","overlay-type":"","overlay-color":"","overlay-opacity":"","overlay-gradient":""}},"ast-content-background-meta":{"desktop":{"background-color":"var(--ast-global-color-5)","background-image":"","background-repeat":"repeat","background-position":"center center","background-size":"auto","background-attachment":"scroll","background-type":"","background-media":"","overlay-type":"","overlay-color":"","overlay-opacity":"","overlay-gradient":""},"tablet":{"background-color":"var(--ast-global-color-5)","background-image":"","background-repeat":"repeat","background-position":"center center","background-size":"auto","background-attachment":"scroll","background-type":"","background-media":"","overlay-type":"","overlay-color":"","overlay-opacity":"","overlay-gradient":""},"mobile":{"background-color":"var(--ast-global-color-5)","background-image":"","background-repeat":"repeat","background-position":"center center","background-size":"auto","background-attachment":"scroll","background-type":"","background-media":"","overlay-type":"","overlay-color":"","overlay-opacity":"","overlay-gradient":""}},"footnotes":""},"class_list":["post-24489","page","type-page","status-publish","hentry"],"post_mailing_queue_ids":[],"_links":{"self":[{"href":"https:\/\/serveiseducatius.xtec.cat\/santacolomag\/wp-json\/wp\/v2\/pages\/24489","targetHints":{"allow":["GET"]}}],"collection":[{"href":"https:\/\/serveiseducatius.xtec.cat\/santacolomag\/wp-json\/wp\/v2\/pages"}],"about":[{"href":"https:\/\/serveiseducatius.xtec.cat\/santacolomag\/wp-json\/wp\/v2\/types\/page"}],"author":[{"embeddable":true,"href":"https:\/\/serveiseducatius.xtec.cat\/santacolomag\/wp-json\/wp\/v2\/users\/4"}],"replies":[{"embeddable":true,"href":"https:\/\/serveiseducatius.xtec.cat\/santacolomag\/wp-json\/wp\/v2\/comments?post=24489"}],"version-history":[{"count":1,"href":"https:\/\/serveiseducatius.xtec.cat\/santacolomag\/wp-json\/wp\/v2\/pages\/24489\/revisions"}],"predecessor-version":[{"id":24491,"href":"https:\/\/serveiseducatius.xtec.cat\/santacolomag\/wp-json\/wp\/v2\/pages\/24489\/revisions\/24491"}],"wp:attachment":[{"href":"https:\/\/serveiseducatius.xtec.cat\/santacolomag\/wp-json\/wp\/v2\/media?parent=24489"}],"curies":[{"name":"wp","href":"https:\/\/api.w.org\/{rel}","templated":true}]}}