{"id":11003,"date":"2018-09-13T10:34:53","date_gmt":"2018-09-13T08:34:53","guid":{"rendered":"http:\/\/serveiseducatius.xtec.cat\/santacolomag\/?page_id=11003"},"modified":"2018-09-13T10:34:53","modified_gmt":"2018-09-13T08:34:53","slug":"activitats-de-serveis-territorials-bco","status":"publish","type":"page","link":"https:\/\/serveiseducatius.xtec.cat\/santacolomag\/activitats-de-serveis-territorials-bco\/","title":{"rendered":"Activitats de Serveis Territorials BCO"},"content":{"rendered":"<div><\/div>\n<div><\/div>\n<div dir=\"ltr\">\n<div><\/div>\n<div>\n<table style=\"width: 739px; border-style: none;\" border=\"0\" cellspacing=\"1\" cellpadding=\"0\">\n<tbody>\n<tr style=\"height: 31px;\">\n<td style=\"width: 92px; height: 31px;\" valign=\"BASELINE\"><strong><span style=\"font-family: arial, helvetica, geneva; font-size: small;\">2001750557<\/span><\/strong><\/td>\n<td style=\"width: 647px; height: 31px;\" valign=\"BASELINE\"><strong><u><a href=\"https:\/\/aplicacions.gestioeducativa.gencat.cat\/pls\/soloas\/pk_for_mod_ins.p_for_detall_activitat?p_codi=2001750557&amp;p_curs=2018-2019&amp;p_es_inscr=S\" target=\"_blank\" rel=\"noopener\" data-saferedirecturl=\"https:\/\/www.google.com\/url?q=https:\/\/aplicacions.gestioeducativa.gencat.cat\/pls\/soloas\/pk_for_mod_ins.p_for_detall_activitat?p_codi%3D2001750557%26p_curs%3D2018-2019%26p_es_inscr%3DS&amp;source=gmail&amp;ust=1536913628522000&amp;usg=AFQjCNGmopooxbGJCeFnrmDm9fNnwAFuKQ\">Curr\u00edculum i avaluaci\u00f3 competencial per \u00e0mbits (ling\u00fc\u00edstic, angl\u00e8s)<\/a><\/u><\/strong><\/td>\n<\/tr>\n<tr style=\"height: 33px;\">\n<td style=\"width: 92px; height: 33px;\" valign=\"TOP\"><\/td>\n<td style=\"width: 647px; height: 33px;\" valign=\"TOP\"><strong><span style=\"font-family: arial, helvetica, geneva; font-size: xx-small;\">Curs semipresencial. INS Puig Castellar (Santa Coloma de Gramenet). Del dimarts 9\/10\/2018 al 29\/1\/2019 de 16:30h a 19:30h<\/span><\/strong><\/td>\n<\/tr>\n<tr style=\"height: 31px;\">\n<td style=\"width: 92px; height: 31px;\" valign=\"BASELINE\"><strong><span style=\"font-family: arial, helvetica, geneva; font-size: small;\">2001770557<\/span><\/strong><\/td>\n<td style=\"width: 647px; height: 31px;\" valign=\"BASELINE\"><strong><span style=\"font-family: arial, helvetica, geneva; font-size: small;\"><u><a href=\"https:\/\/aplicacions.gestioeducativa.gencat.cat\/pls\/soloas\/pk_for_mod_ins.p_for_detall_activitat?p_codi=2001770557&amp;p_curs=2018-2019&amp;p_es_inscr=S\" target=\"_blank\" rel=\"noopener\" data-saferedirecturl=\"https:\/\/www.google.com\/url?q=https:\/\/aplicacions.gestioeducativa.gencat.cat\/pls\/soloas\/pk_for_mod_ins.p_for_detall_activitat?p_codi%3D2001770557%26p_curs%3D2018-2019%26p_es_inscr%3DS&amp;source=gmail&amp;ust=1536913628522000&amp;usg=AFQjCNHD_siNuzrx9KqvBXT6kNHyIsbtgw\">Curr\u00edculum i avaluaci\u00f3 competencial per \u00e0mbits (cient\u00edfic tecnol\u00f2gic, BG\/FQ)<\/a><\/u><\/span><\/strong><\/td>\n<\/tr>\n<tr style=\"height: 33px;\">\n<td style=\"width: 92px; height: 33px;\" valign=\"TOP\"><\/td>\n<td style=\"width: 647px; height: 33px;\" valign=\"TOP\"><strong><span style=\"font-family: arial, helvetica, geneva; font-size: xx-small;\">Curs semipresencial. INS Badalona VII (Badalona). Del dijous 4\/10\/2018 al 24\/1\/2019 de 16:30h a 19:30h<\/span><\/strong><\/td>\n<\/tr>\n<tr style=\"height: 31px;\">\n<td style=\"width: 92px; height: 31px;\" valign=\"BASELINE\"><strong><span style=\"font-family: arial, helvetica, geneva; font-size: small;\">2001780557<\/span><\/strong><\/td>\n<td style=\"width: 647px; height: 31px;\" valign=\"BASELINE\"><strong><span style=\"font-family: arial, helvetica, geneva; font-size: small;\"><u><a href=\"https:\/\/aplicacions.gestioeducativa.gencat.cat\/pls\/soloas\/pk_for_mod_ins.p_for_detall_activitat?p_codi=2001780557&amp;p_curs=2018-2019&amp;p_es_inscr=S\" target=\"_blank\" rel=\"noopener\" data-saferedirecturl=\"https:\/\/www.google.com\/url?q=https:\/\/aplicacions.gestioeducativa.gencat.cat\/pls\/soloas\/pk_for_mod_ins.p_for_detall_activitat?p_codi%3D2001780557%26p_curs%3D2018-2019%26p_es_inscr%3DS&amp;source=gmail&amp;ust=1536913628522000&amp;usg=AFQjCNF8QtID5k6T461-8Zz1OVmq4N8FhQ\">Curr\u00edculum i avaluaci\u00f3 competencial per \u00e0mbits (Educaci\u00f3 F\u00edsica)<\/a><\/u><\/span><\/strong><\/td>\n<\/tr>\n<tr style=\"height: 50px;\">\n<td style=\"width: 92px; height: 50px;\" valign=\"TOP\"><\/td>\n<td style=\"width: 647px; height: 50px;\" valign=\"TOP\"><strong><span style=\"font-family: arial, helvetica, geneva; font-size: xx-small;\">Curs semipresencial. U Universitat Polit\u00e8cnica de Catalunya (Vilanova i la Geltr\u00fa) (Vilanova i la Geltr\u00fa). Del dijous 4\/10\/2018 al 24\/1\/2019 de 16:30h a 19:30h<\/span><\/strong><\/td>\n<\/tr>\n<tr style=\"height: 31px;\">\n<td style=\"width: 92px; height: 31px;\" valign=\"BASELINE\"><strong><span style=\"font-family: arial, helvetica, geneva; font-size: small;\">2001790557<\/span><\/strong><\/td>\n<td style=\"width: 647px; height: 31px;\" valign=\"BASELINE\"><strong><span style=\"font-family: arial, helvetica, geneva; font-size: small;\"><u><a href=\"https:\/\/aplicacions.gestioeducativa.gencat.cat\/pls\/soloas\/pk_for_mod_ins.p_for_detall_activitat?p_codi=2001790557&amp;p_curs=2018-2019&amp;p_es_inscr=S\" target=\"_blank\" rel=\"noopener\" data-saferedirecturl=\"https:\/\/www.google.com\/url?q=https:\/\/aplicacions.gestioeducativa.gencat.cat\/pls\/soloas\/pk_for_mod_ins.p_for_detall_activitat?p_codi%3D2001790557%26p_curs%3D2018-2019%26p_es_inscr%3DS&amp;source=gmail&amp;ust=1536913628522000&amp;usg=AFQjCNFainRjhKKoNqzBs9YqvDuY1yOjMA\">Curr\u00edculum i avaluaci\u00f3 competencial per \u00e0mbits (\u00e0mbit social)<\/a><\/u><\/span><\/strong><\/td>\n<\/tr>\n<tr style=\"height: 33px;\">\n<td style=\"width: 92px; height: 33px;\" valign=\"TOP\"><\/td>\n<td style=\"width: 647px; height: 33px;\" valign=\"TOP\"><strong><span style=\"font-family: arial, helvetica, geneva; font-size: xx-small;\">Curs semipresencial. CRP Ciutat de l&#8217;Hospitalet de Llobregat (L&#8217;Hospitalet de Llobregat). Del dijous 4\/10\/2018 al 24\/1\/2019 de 16:30h a 19:30h<\/span><\/strong><\/td>\n<\/tr>\n<tr style=\"height: 31px;\">\n<td style=\"width: 92px; height: 31px;\" valign=\"BASELINE\"><strong><span style=\"font-family: arial, helvetica, geneva; font-size: small;\">2001800557<\/span><\/strong><\/td>\n<td style=\"width: 647px; height: 31px;\" valign=\"BASELINE\"><strong><span style=\"font-family: arial, helvetica, geneva; font-size: small;\"><u><a href=\"https:\/\/aplicacions.gestioeducativa.gencat.cat\/pls\/soloas\/pk_for_mod_ins.p_for_detall_activitat?p_codi=2001800557&amp;p_curs=2018-2019&amp;p_es_inscr=S\" target=\"_blank\" rel=\"noopener\" data-saferedirecturl=\"https:\/\/www.google.com\/url?q=https:\/\/aplicacions.gestioeducativa.gencat.cat\/pls\/soloas\/pk_for_mod_ins.p_for_detall_activitat?p_codi%3D2001800557%26p_curs%3D2018-2019%26p_es_inscr%3DS&amp;source=gmail&amp;ust=1536913628522000&amp;usg=AFQjCNGV76pnEpgg2321DhEK5jPZ8mW2JA\">Curr\u00edculum i avaluaci\u00f3 competencial per \u00e0mbits (matem\u00e0tic)<\/a><\/u><\/span><\/strong><\/td>\n<\/tr>\n<tr style=\"height: 33px;\">\n<td style=\"width: 92px; height: 33px;\" valign=\"TOP\"><\/td>\n<td style=\"width: 647px; height: 33px;\" valign=\"TOP\"><strong><span style=\"font-family: arial, helvetica, geneva; font-size: xx-small;\">Curs semipresencial. CRP Ciutat de Badalona (Badalona). Del dijous 4\/10\/2018 al 24\/1\/2019 de 16:30h a 19:30h<\/span><\/strong><\/td>\n<\/tr>\n<tr style=\"height: 31px;\">\n<td style=\"width: 92px; height: 31px;\" valign=\"BASELINE\"><strong><span style=\"font-family: arial, helvetica, geneva; font-size: small;\">2001810557<\/span><\/strong><\/td>\n<td style=\"width: 647px; height: 31px;\" valign=\"BASELINE\"><strong><span style=\"font-family: arial, helvetica, geneva; font-size: small;\"><u><a href=\"https:\/\/aplicacions.gestioeducativa.gencat.cat\/pls\/soloas\/pk_for_mod_ins.p_for_detall_activitat?p_codi=2001810557&amp;p_curs=2018-2019&amp;p_es_inscr=S\" target=\"_blank\" rel=\"noopener\" data-saferedirecturl=\"https:\/\/www.google.com\/url?q=https:\/\/aplicacions.gestioeducativa.gencat.cat\/pls\/soloas\/pk_for_mod_ins.p_for_detall_activitat?p_codi%3D2001810557%26p_curs%3D2018-2019%26p_es_inscr%3DS&amp;source=gmail&amp;ust=1536913628522000&amp;usg=AFQjCNESnTw4KQTptss0EevZN5ag-FS5Lw\">Curr\u00edculum i avaluaci\u00f3 competencial per \u00e0mbits (ling\u00fc\u00edstic)<\/a><\/u><\/span><\/strong><\/td>\n<\/tr>\n<tr style=\"height: 33px;\">\n<td style=\"width: 92px; height: 33px;\" valign=\"TOP\"><\/td>\n<td style=\"width: 647px; height: 33px;\" valign=\"TOP\"><strong><span style=\"font-family: arial, helvetica, geneva; font-size: xx-small;\">Curs semipresencial. INS Manuel V\u00e1zquez Montalb\u00e1n (Sant Adri\u00e0 de Bes\u00f2s). Del dijous 4\/10\/2018 al 24\/1\/2019 de 16:30h a 19:30h<\/span><\/strong><\/td>\n<\/tr>\n<tr style=\"height: 31px;\">\n<td style=\"width: 92px; height: 31px;\" valign=\"BASELINE\"><strong><span style=\"font-family: arial, helvetica, geneva; font-size: small;\">2001820557<\/span><\/strong><\/td>\n<td style=\"width: 647px; height: 31px;\" valign=\"BASELINE\"><strong><span style=\"font-family: arial, helvetica, geneva; font-size: small;\"><u><a href=\"https:\/\/aplicacions.gestioeducativa.gencat.cat\/pls\/soloas\/pk_for_mod_ins.p_for_detall_activitat?p_codi=2001820557&amp;p_curs=2018-2019&amp;p_es_inscr=S\" target=\"_blank\" rel=\"noopener\" data-saferedirecturl=\"https:\/\/www.google.com\/url?q=https:\/\/aplicacions.gestioeducativa.gencat.cat\/pls\/soloas\/pk_for_mod_ins.p_for_detall_activitat?p_codi%3D2001820557%26p_curs%3D2018-2019%26p_es_inscr%3DS&amp;source=gmail&amp;ust=1536913628522000&amp;usg=AFQjCNFMuLmRKZt3eKdb1ksObce19pPFKQ\">Curr\u00edculum i avaluaci\u00f3 competencial per \u00e0mbits (art\u00edstic, m\u00fasica)<\/a><\/u><\/span><\/strong><\/td>\n<\/tr>\n<tr style=\"height: 33px;\">\n<td style=\"width: 92px; height: 33px;\" valign=\"TOP\"><\/td>\n<td style=\"width: 647px; height: 33px;\" valign=\"TOP\"><strong><span style=\"font-family: arial, helvetica, geneva; font-size: xx-small;\">Curs semipresencial. CRP Ciutat de l&#8217;Hospitalet de Llobregat (L&#8217;Hospitalet de Llobregat). Del dimarts 9\/10\/2018 al 29\/1\/2019 de 16:30h a 19:30h<\/span><\/strong><\/td>\n<\/tr>\n<tr style=\"height: 31px;\">\n<td style=\"width: 92px; height: 31px;\" valign=\"BASELINE\"><strong><span style=\"font-family: arial, helvetica, geneva; font-size: small;\">2001920557<\/span><\/strong><\/td>\n<td style=\"width: 647px; height: 31px;\" valign=\"BASELINE\"><strong><span style=\"font-family: arial, helvetica, geneva; font-size: small;\"><u><a href=\"https:\/\/aplicacions.gestioeducativa.gencat.cat\/pls\/soloas\/pk_for_mod_ins.p_for_detall_activitat?p_codi=2001920557&amp;p_curs=2018-2019&amp;p_es_inscr=S\" target=\"_blank\" rel=\"noopener\" data-saferedirecturl=\"https:\/\/www.google.com\/url?q=https:\/\/aplicacions.gestioeducativa.gencat.cat\/pls\/soloas\/pk_for_mod_ins.p_for_detall_activitat?p_codi%3D2001920557%26p_curs%3D2018-2019%26p_es_inscr%3DS&amp;source=gmail&amp;ust=1536913628522000&amp;usg=AFQjCNFNbFNuRdHFfm1tZW2p1h1FOAdl3w\">Curr\u00edculum i avaluaci\u00f3 competencial per \u00e0mbits (\u00e0mbit social)<\/a><\/u><\/span><\/strong><\/td>\n<\/tr>\n<tr style=\"height: 33px;\">\n<td style=\"width: 92px; height: 33px;\" valign=\"TOP\"><\/td>\n<td style=\"width: 647px; height: 33px;\" valign=\"TOP\"><strong><span style=\"font-family: arial, helvetica, geneva; font-size: xx-small;\">Curs semipresencial. CRP de l&#8217;Alt Pened\u00e8s (Vilafranca del Pened\u00e8s). Del dijous 4\/10\/2018 al 24\/1\/2019 de 16:30h a 19:30h<\/span><\/strong><\/td>\n<\/tr>\n<\/tbody>\n<\/table>\n<\/div>\n<\/div>\n","protected":false},"excerpt":{"rendered":"<p>2001750557 Curr\u00edculum i avaluaci\u00f3 competencial per \u00e0mbits (ling\u00fc\u00edstic, angl\u00e8s) Curs semipresencial. INS Puig Castellar (Santa Coloma de Gramenet). Del dimarts [&hellip;]<\/p>\n","protected":false},"author":7,"featured_media":0,"parent":0,"menu_order":0,"comment_status":"closed","ping_status":"closed","template":"","meta":{"_bbp_topic_count":0,"_bbp_reply_count":0,"_bbp_total_topic_count":0,"_bbp_total_reply_count":0,"_bbp_voice_count":0,"_bbp_anonymous_reply_count":0,"_bbp_topic_count_hidden":0,"_bbp_reply_count_hidden":0,"_bbp_forum_subforum_count":0,"site-sidebar-layout":"default","site-content-layout":"","ast-site-content-layout":"","site-content-style":"default","site-sidebar-style":"default","ast-global-header-display":"","ast-banner-title-visibility":"","ast-main-header-display":"","ast-hfb-above-header-display":"","ast-hfb-below-header-display":"","ast-hfb-mobile-header-display":"","site-post-title":"","ast-breadcrumbs-content":"","ast-featured-img":"","footer-sml-layout":"","theme-transparent-header-meta":"","adv-header-id-meta":"","stick-header-meta":"","header-above-stick-meta":"","header-main-stick-meta":"","header-below-stick-meta":"","astra-migrate-meta-layouts":"default","ast-page-background-enabled":"default","ast-page-background-meta":{"desktop":{"background-color":"var(--ast-global-color-4)","background-image":"","background-repeat":"repeat","background-position":"center center","background-size":"auto","background-attachment":"scroll","background-type":"","background-media":"","overlay-type":"","overlay-color":"","overlay-opacity":"","overlay-gradient":""},"tablet":{"background-color":"","background-image":"","background-repeat":"repeat","background-position":"center center","background-size":"auto","background-attachment":"scroll","background-type":"","background-media":"","overlay-type":"","overlay-color":"","overlay-opacity":"","overlay-gradient":""},"mobile":{"background-color":"","background-image":"","background-repeat":"repeat","background-position":"center center","background-size":"auto","background-attachment":"scroll","background-type":"","background-media":"","overlay-type":"","overlay-color":"","overlay-opacity":"","overlay-gradient":""}},"ast-content-background-meta":{"desktop":{"background-color":"var(--ast-global-color-5)","background-image":"","background-repeat":"repeat","background-position":"center center","background-size":"auto","background-attachment":"scroll","background-type":"","background-media":"","overlay-type":"","overlay-color":"","overlay-opacity":"","overlay-gradient":""},"tablet":{"background-color":"var(--ast-global-color-5)","background-image":"","background-repeat":"repeat","background-position":"center center","background-size":"auto","background-attachment":"scroll","background-type":"","background-media":"","overlay-type":"","overlay-color":"","overlay-opacity":"","overlay-gradient":""},"mobile":{"background-color":"var(--ast-global-color-5)","background-image":"","background-repeat":"repeat","background-position":"center center","background-size":"auto","background-attachment":"scroll","background-type":"","background-media":"","overlay-type":"","overlay-color":"","overlay-opacity":"","overlay-gradient":""}},"footnotes":""},"class_list":["post-11003","page","type-page","status-publish","hentry"],"post_mailing_queue_ids":[],"_links":{"self":[{"href":"https:\/\/serveiseducatius.xtec.cat\/santacolomag\/wp-json\/wp\/v2\/pages\/11003","targetHints":{"allow":["GET"]}}],"collection":[{"href":"https:\/\/serveiseducatius.xtec.cat\/santacolomag\/wp-json\/wp\/v2\/pages"}],"about":[{"href":"https:\/\/serveiseducatius.xtec.cat\/santacolomag\/wp-json\/wp\/v2\/types\/page"}],"author":[{"embeddable":true,"href":"https:\/\/serveiseducatius.xtec.cat\/santacolomag\/wp-json\/wp\/v2\/users\/7"}],"replies":[{"embeddable":true,"href":"https:\/\/serveiseducatius.xtec.cat\/santacolomag\/wp-json\/wp\/v2\/comments?post=11003"}],"version-history":[{"count":1,"href":"https:\/\/serveiseducatius.xtec.cat\/santacolomag\/wp-json\/wp\/v2\/pages\/11003\/revisions"}],"predecessor-version":[{"id":11004,"href":"https:\/\/serveiseducatius.xtec.cat\/santacolomag\/wp-json\/wp\/v2\/pages\/11003\/revisions\/11004"}],"wp:attachment":[{"href":"https:\/\/serveiseducatius.xtec.cat\/santacolomag\/wp-json\/wp\/v2\/media?parent=11003"}],"curies":[{"name":"wp","href":"https:\/\/api.w.org\/{rel}","templated":true}]}}