{"id":8550,"date":"2018-05-30T18:21:10","date_gmt":"2018-05-30T16:21:10","guid":{"rendered":"http:\/\/serveiseducatius.xtec.cat\/ripolles\/?page_id=8550"},"modified":"2025-11-17T11:07:16","modified_gmt":"2025-11-17T10:07:16","slug":"elic","status":"publish","type":"page","link":"https:\/\/serveiseducatius.xtec.cat\/ripolles\/el-servei-educatiu\/equip\/elic\/","title":{"rendered":"ELIC"},"content":{"rendered":"<p>Equips d\u2019<strong>assessorament i orientaci\u00f3 en llengua, interculturalitat i cohesi\u00f3 social<\/strong> que donen suport al professorat en l\u2019atenci\u00f3 a la diversitat relacionada amb l\u2019alumnat, especialment procedent de la immigraci\u00f3 i\/o amb l\u2019alumnat amb risc d\u2019exclusi\u00f3 social.<\/p>\n<p>Assessorament, suport i orientaci\u00f3 en:<\/p>\n<ul>\n<li>Inclusi\u00f3 i atenci\u00f3 a la diversitat cultural i social prevenci\u00f3 de situacions de risc<\/li>\n<li>Promoure el coneixement i l\u2019\u00fas de la llengua catalana<\/li>\n<li>Interculturalitat, conviv\u00e8ncia i cohesi\u00f3 social<\/li>\n<li>Processos d\u2019aprenentatge: metodologies, recursos i pr\u00e0ctiques inclusives<\/li>\n<\/ul>\n<p>Podeu contactar amb nosaltres a trav\u00e9s de:<\/p>\n<p>Tel\u00e8fon:\u00a0\u00a0<strong> 972700918\u00a0<\/strong><\/p>\n<p>Correu electr\u00f2nic: <strong>jvila228@xtec.cat<\/strong><\/p>\n<p><a href=\"http:\/\/serveiseducatius.xtec.cat\/ripolles\/docs\/elic-professionals-adscrits\/\">Professionals adscrits<\/a><br \/>\n<a href=\"http:\/\/xtec.gencat.cat\/ca\/serveis\/sez\/elic\/\">M\u00e9s informaci\u00f3 (XTEC)<\/a><\/p>\n<table style=\"border-collapse: collapse; width: 100%; height: 87px;\" border=\"1\">\n<tbody>\n<tr>\n<td style=\"width: 28.592%;\">\n<h1 style=\"text-align: center;\"><strong>ENLLA\u00c7OS D&#8217;INTER\u00c8S<\/strong><\/h1>\n<h1 style=\"text-align: center;\"><strong>\u00a0<\/strong><\/h1>\n<\/td>\n<td style=\"width: 38.0746%;\">\n<p style=\"text-align: center;\">\n<\/td>\n<td style=\"width: 33.3333%; text-align: center;\"><\/td>\n<\/tr>\n<tr style=\"height: 30px;\">\n<td style=\"width: 28.592%; height: 35px;\">\n<blockquote>\n<p style=\"text-align: center;\"><a href=\"https:\/\/projectes.xtec.cat\/aula-acollida\/\">Nou espai web: Recursos i materials per a l\u2019Aula d\u2019Acollida<\/a><\/p>\n<p><a href=\"https:\/\/serveiseducatius.xtec.cat\/ripolles\/wp-content\/uploads\/usu1150\/2025\/11\/aula-dacollida-1.png\"><img loading=\"lazy\" decoding=\"async\" class=\"aligncenter size-medium wp-image-16205\" src=\"https:\/\/serveiseducatius.xtec.cat\/ripolles\/wp-content\/uploads\/usu1150\/2025\/11\/aula-dacollida-1-300x55.png\" alt=\"\" width=\"300\" height=\"55\" srcset=\"https:\/\/serveiseducatius.xtec.cat\/ripolles\/wp-content\/uploads\/usu1150\/2025\/11\/aula-dacollida-1-300x55.png 300w, https:\/\/serveiseducatius.xtec.cat\/ripolles\/wp-content\/uploads\/usu1150\/2025\/11\/aula-dacollida-1.png 541w\" sizes=\"auto, (max-width: 300px) 100vw, 300px\" \/><\/a><\/p><\/blockquote>\n<\/td>\n<td style=\"width: 38.0746%; height: 35px;\">\n<p style=\"text-align: center;\"><a href=\"https:\/\/educacio.gencat.cat\/ca\/departament\/linies-estrategiques\/pla-llengua-catalana\/index.html\">Pla de foment de la llengua catalana als centres educatius 2023-2028<\/a><\/p>\n<p><a href=\"https:\/\/serveiseducatius.xtec.cat\/ripolles\/wp-content\/uploads\/usu1150\/2024\/10\/pla-llengua-catalana.png_1211619406.png\"><img loading=\"lazy\" decoding=\"async\" class=\"alignnone size-full wp-image-15135\" src=\"https:\/\/serveiseducatius.xtec.cat\/ripolles\/wp-content\/uploads\/usu1150\/2024\/10\/pla-llengua-catalana.png_1211619406.png\" alt=\"\" width=\"750\" height=\"250\" srcset=\"https:\/\/serveiseducatius.xtec.cat\/ripolles\/wp-content\/uploads\/usu1150\/2024\/10\/pla-llengua-catalana.png_1211619406.png 750w, https:\/\/serveiseducatius.xtec.cat\/ripolles\/wp-content\/uploads\/usu1150\/2024\/10\/pla-llengua-catalana.png_1211619406-300x100.png 300w\" sizes=\"auto, (max-width: 750px) 100vw, 750px\" \/><\/a><\/td>\n<td style=\"width: 33.3333%; height: 35px; text-align: center;\"><a href=\"https:\/\/projectes.xtec.cat\/pee\/\">Nodes<\/a> del servei de suport a la comunitat educativa<br \/>\n<a href=\"https:\/\/serveiseducatius.xtec.cat\/ripolles\/wp-content\/uploads\/usu1150\/2024\/10\/Captura-de-pantalla-2024-10-29-092814.jpg\"><br \/>\n<img loading=\"lazy\" decoding=\"async\" class=\"size-full wp-image-15133 aligncenter\" src=\"https:\/\/serveiseducatius.xtec.cat\/ripolles\/wp-content\/uploads\/usu1150\/2024\/10\/Captura-de-pantalla-2024-10-29-092814.jpg\" alt=\"\" width=\"305\" height=\"137\" srcset=\"https:\/\/serveiseducatius.xtec.cat\/ripolles\/wp-content\/uploads\/usu1150\/2024\/10\/Captura-de-pantalla-2024-10-29-092814.jpg 305w, https:\/\/serveiseducatius.xtec.cat\/ripolles\/wp-content\/uploads\/usu1150\/2024\/10\/Captura-de-pantalla-2024-10-29-092814-300x135.jpg 300w\" sizes=\"auto, (max-width: 305px) 100vw, 305px\" \/><\/a><\/td>\n<\/tr>\n<tr style=\"height: 30px;\">\n<td style=\"width: 28.592%; height: 30px;\">\n<p style=\"text-align: center;\"><a href=\"https:\/\/projectes.xtec.cat\/acollidasuport\/\">Enlla\u00e7 per accedir al Nodes\u00a0<\/a><\/p>\n<p style=\"text-align: center;\"><a href=\"https:\/\/serveiseducatius.xtec.cat\/ripolles\/wp-content\/uploads\/usu1150\/2024\/10\/Captura-de-pantalla-2024-10-29-092059.jpg\"><img loading=\"lazy\" decoding=\"async\" class=\"wp-image-15129 aligncenter\" src=\"https:\/\/serveiseducatius.xtec.cat\/ripolles\/wp-content\/uploads\/usu1150\/2024\/10\/Captura-de-pantalla-2024-10-29-092059.jpg\" alt=\"\" width=\"315\" height=\"170\" \/><\/a><\/p>\n<\/td>\n<td style=\"width: 38.0746%; height: 30px;\">\n<p style=\"text-align: center;\"><a href=\"https:\/\/xtec.gencat.cat\/ca\/innovacio\/programes_innovacio\/centres-de-formacio-adults\/enfocament-restauratiu-global\/\">\u00a0Pla d&#8217;Innovaci\u00f3 ERG<\/a><\/p>\n<p><a href=\"https:\/\/serveiseducatius.xtec.cat\/ripolles\/wp-content\/uploads\/usu1150\/2024\/10\/programa-erg.jpg_1131273079.jpg\"><img loading=\"lazy\" decoding=\"async\" class=\" wp-image-15130\" src=\"https:\/\/serveiseducatius.xtec.cat\/ripolles\/wp-content\/uploads\/usu1150\/2024\/10\/programa-erg.jpg_1131273079.jpg\" alt=\"\" width=\"558\" height=\"168\" srcset=\"https:\/\/serveiseducatius.xtec.cat\/ripolles\/wp-content\/uploads\/usu1150\/2024\/10\/programa-erg.jpg_1131273079.jpg 750w, https:\/\/serveiseducatius.xtec.cat\/ripolles\/wp-content\/uploads\/usu1150\/2024\/10\/programa-erg.jpg_1131273079-300x90.jpg 300w\" sizes=\"auto, (max-width: 558px) 100vw, 558px\" \/><\/a><\/td>\n<td style=\"width: 33.3333%; height: 30px; text-align: center;\"><a href=\"https:\/\/xtec.gencat.cat\/ca\/centres\/projeducatiu\/convivencia\/\">Projecte de conviv\u00e8ncia<\/a><a href=\"https:\/\/serveiseducatius.xtec.cat\/ripolles\/wp-content\/uploads\/usu1150\/2024\/10\/funiber-fp-convivir.jpg\"><img loading=\"lazy\" decoding=\"async\" class=\"alignnone wp-image-15137\" src=\"https:\/\/serveiseducatius.xtec.cat\/ripolles\/wp-content\/uploads\/usu1150\/2024\/10\/funiber-fp-convivir.jpg\" alt=\"\" width=\"311\" height=\"207\" srcset=\"https:\/\/serveiseducatius.xtec.cat\/ripolles\/wp-content\/uploads\/usu1150\/2024\/10\/funiber-fp-convivir.jpg 800w, https:\/\/serveiseducatius.xtec.cat\/ripolles\/wp-content\/uploads\/usu1150\/2024\/10\/funiber-fp-convivir-300x200.jpg 300w, https:\/\/serveiseducatius.xtec.cat\/ripolles\/wp-content\/uploads\/usu1150\/2024\/10\/funiber-fp-convivir-768x512.jpg 768w\" sizes=\"auto, (max-width: 311px) 100vw, 311px\" \/><\/a><\/td>\n<\/tr>\n<tr style=\"height: 399px;\">\n<td style=\"width: 28.592%; height: 22px;\">\n<p style=\"text-align: center;\"><a style=\"color: #2795b6; font-size: 16px;\" href=\"http:\/\/xtec.gencat.cat\/ca\/projectes\/alumnat-origen-estranger\/suport-linguistic-social\/\">Suport ling\u00fc\u00edstic i social.<\/a><a href=\"https:\/\/serveiseducatius.xtec.cat\/ripolles\/wp-content\/uploads\/usu1150\/2018\/12\/sls-553x553.png_1595044798.png\"><img loading=\"lazy\" decoding=\"async\" class=\"wp-image-9710 aligncenter\" src=\"https:\/\/serveiseducatius.xtec.cat\/ripolles\/wp-content\/uploads\/usu1150\/2018\/12\/sls-553x553.png_1595044798.png\" alt=\"\" width=\"245\" height=\"245\" srcset=\"https:\/\/serveiseducatius.xtec.cat\/ripolles\/wp-content\/uploads\/usu1150\/2018\/12\/sls-553x553.png_1595044798.png 538w, https:\/\/serveiseducatius.xtec.cat\/ripolles\/wp-content\/uploads\/usu1150\/2018\/12\/sls-553x553.png_1595044798-150x150.png 150w, https:\/\/serveiseducatius.xtec.cat\/ripolles\/wp-content\/uploads\/usu1150\/2018\/12\/sls-553x553.png_1595044798-300x300.png 300w\" sizes=\"auto, (max-width: 245px) 100vw, 245px\" \/><\/a><\/p>\n<\/td>\n<td style=\"width: 38.0746%; height: 22px;\">\n<p style=\"text-align: center;\"><a style=\"font-size: 16px;\" href=\"http:\/\/xtec.gencat.cat\/ca\/projectes\/escriptura\/ara-escric\/eines-per-al-professorat\/decaleg-descriptura\/\">De<\/a><a style=\"font-size: 16px;\" href=\"http:\/\/xtec.gencat.cat\/ca\/projectes\/escriptura\/ara-escric\/eines-per-al-professorat\/decaleg-descriptura\/\">c\u00e0leg<\/a><a href=\"https:\/\/serveiseducatius.xtec.cat\/ripolles\/wp-content\/uploads\/usu1150\/2018\/12\/decaleg_escriptura_quadrat.fw_.png_1595044798.png\"><span style=\"font-size: 16px;\">\u00a0de l&#8217;escriptura i per descarregar les\u00a0<\/span><\/a><a class=\"space-icons null\" style=\"font-size: 16px;\" title=\"Orientacions did\u00e0ctiques\" href=\"http:\/\/xtec.gencat.cat\/web\/.content\/projectes\/escriptura\/ara-escric\/eines-per-al-professorat\/decaleg-descriptura\/documents\/DEC_Gencat_10.pdf\" target=\"_self\" rel=\"noopener noreferrer\">orientacions did\u00e0ctiques<\/a><\/p>\n<p><a href=\"https:\/\/serveiseducatius.xtec.cat\/ripolles\/wp-content\/uploads\/usu1150\/2018\/12\/decaleg_escriptura_quadrat.fw_.png_1595044798.png\"><img loading=\"lazy\" decoding=\"async\" class=\"wp-image-9716 aligncenter\" src=\"https:\/\/serveiseducatius.xtec.cat\/ripolles\/wp-content\/uploads\/usu1150\/2018\/12\/decaleg_escriptura_quadrat.fw_.png_1595044798.png\" alt=\"\" width=\"274\" height=\"274\" srcset=\"https:\/\/serveiseducatius.xtec.cat\/ripolles\/wp-content\/uploads\/usu1150\/2018\/12\/decaleg_escriptura_quadrat.fw_.png_1595044798.png 538w, https:\/\/serveiseducatius.xtec.cat\/ripolles\/wp-content\/uploads\/usu1150\/2018\/12\/decaleg_escriptura_quadrat.fw_.png_1595044798-150x150.png 150w, https:\/\/serveiseducatius.xtec.cat\/ripolles\/wp-content\/uploads\/usu1150\/2018\/12\/decaleg_escriptura_quadrat.fw_.png_1595044798-300x300.png 300w\" sizes=\"auto, (max-width: 274px) 100vw, 274px\" \/><\/a><\/td>\n<td style=\"width: 33.3333%; height: 22px;\">\n<p style=\"text-align: center;\"><a href=\"https:\/\/xtec.gencat.cat\/ca\/projectes\/intercultural\/\">Educaci\u00f3\u00a0intercultural<\/a><\/p>\n<p><a href=\"https:\/\/serveiseducatius.xtec.cat\/ripolles\/wp-content\/uploads\/usu1150\/2024\/10\/Disseny-sense-titol-2-1.png\"><img loading=\"lazy\" decoding=\"async\" class=\"wp-image-15140 aligncenter\" src=\"https:\/\/serveiseducatius.xtec.cat\/ripolles\/wp-content\/uploads\/usu1150\/2024\/10\/Disseny-sense-titol-2-1.png\" alt=\"\" width=\"218\" height=\"217\" srcset=\"https:\/\/serveiseducatius.xtec.cat\/ripolles\/wp-content\/uploads\/usu1150\/2024\/10\/Disseny-sense-titol-2-1.png 602w, https:\/\/serveiseducatius.xtec.cat\/ripolles\/wp-content\/uploads\/usu1150\/2024\/10\/Disseny-sense-titol-2-1-300x300.png 300w, https:\/\/serveiseducatius.xtec.cat\/ripolles\/wp-content\/uploads\/usu1150\/2024\/10\/Disseny-sense-titol-2-1-150x150.png 150w\" sizes=\"auto, (max-width: 218px) 100vw, 218px\" \/><\/a><\/td>\n<\/tr>\n<\/tbody>\n<\/table>\n<table style=\"border-collapse: collapse; width: 100%; height: 10px;\" border=\"1\">\n<tbody>\n<tr style=\"height: 399px;\">\n<td style=\"width: 28.592%; height: 10px; text-align: center;\"><a href=\"https:\/\/projectes.xtec.cat\/usdelallengua\/\">Usos ling\u00fc\u00edstics\u00a0<\/a><a href=\"https:\/\/serveiseducatius.xtec.cat\/ripolles\/wp-content\/uploads\/usu1150\/2023\/11\/usos_linguistics.jpg\"><img loading=\"lazy\" decoding=\"async\" class=\"alignnone wp-image-14649\" src=\"https:\/\/serveiseducatius.xtec.cat\/ripolles\/wp-content\/uploads\/usu1150\/2023\/11\/usos_linguistics.jpg\" alt=\"\" width=\"198\" height=\"198\" \/><\/a><\/td>\n<td style=\"width: 38.0746%; height: 10px;\">\n<p style=\"text-align: center;\"><a href=\"https:\/\/projectes.xtec.cat\/origen\/\">Programa de lleng\u00fces i cultures d&#8217;origen<\/a><\/p>\n<p><a href=\"https:\/\/serveiseducatius.xtec.cat\/ripolles\/wp-content\/uploads\/usu1150\/2024\/11\/logoLL.jpg\"><img loading=\"lazy\" decoding=\"async\" class=\"wp-image-15169 aligncenter\" src=\"https:\/\/serveiseducatius.xtec.cat\/ripolles\/wp-content\/uploads\/usu1150\/2024\/11\/logoLL.jpg\" alt=\"\" width=\"204\" height=\"204\" srcset=\"https:\/\/serveiseducatius.xtec.cat\/ripolles\/wp-content\/uploads\/usu1150\/2024\/11\/logoLL.jpg 500w, https:\/\/serveiseducatius.xtec.cat\/ripolles\/wp-content\/uploads\/usu1150\/2024\/11\/logoLL-300x300.jpg 300w, https:\/\/serveiseducatius.xtec.cat\/ripolles\/wp-content\/uploads\/usu1150\/2024\/11\/logoLL-150x150.jpg 150w\" sizes=\"auto, (max-width: 204px) 100vw, 204px\" \/><\/a><\/td>\n<td style=\"width: 33.3333%; height: 10px;\">\n<p style=\"text-align: center;\"><a href=\"https:\/\/projectes.xtec.cat\/educacio-literaria\/\">Educaci\u00f3 liter\u00e0ria\u00a0<\/a><a href=\"https:\/\/serveiseducatius.xtec.cat\/ripolles\/wp-content\/uploads\/usu1150\/2024\/11\/Logo_educacioliteraria_horitzontal.jpg\"><img loading=\"lazy\" decoding=\"async\" class=\"size-full wp-image-15170 aligncenter\" src=\"https:\/\/serveiseducatius.xtec.cat\/ripolles\/wp-content\/uploads\/usu1150\/2024\/11\/Logo_educacioliteraria_horitzontal.jpg\" alt=\"\" width=\"300\" height=\"133\" \/><\/a><\/p>\n<\/td>\n<\/tr>\n<\/tbody>\n<\/table>\n<table style=\"border-collapse: collapse; width: 100%; height: 87px;\" border=\"1\">\n<tbody>\n<tr style=\"height: 30px;\">\n<td style=\"width: 28.592%; height: 30px;\">\n<p style=\"text-align: center;\"><a href=\"https:\/\/projectes.xtec.cat\/canaldereporters\/\">Canal de reporters\u00a0<\/a><\/p>\n<p><a href=\"https:\/\/serveiseducatius.xtec.cat\/ripolles\/wp-content\/uploads\/usu1150\/2024\/11\/Captura-de-pantalla-2024-11-06-090633.jpg\"><img loading=\"lazy\" decoding=\"async\" class=\"size-full wp-image-15174 aligncenter\" src=\"https:\/\/serveiseducatius.xtec.cat\/ripolles\/wp-content\/uploads\/usu1150\/2024\/11\/Captura-de-pantalla-2024-11-06-090633.jpg\" alt=\"\" width=\"432\" height=\"103\" srcset=\"https:\/\/serveiseducatius.xtec.cat\/ripolles\/wp-content\/uploads\/usu1150\/2024\/11\/Captura-de-pantalla-2024-11-06-090633.jpg 432w, https:\/\/serveiseducatius.xtec.cat\/ripolles\/wp-content\/uploads\/usu1150\/2024\/11\/Captura-de-pantalla-2024-11-06-090633-300x72.jpg 300w\" sizes=\"auto, (max-width: 432px) 100vw, 432px\" \/><\/a><\/td>\n<td style=\"width: 38.0746%; height: 30px; text-align: center;\">\n<p style=\"text-align: center;\"><a href=\"https:\/\/projectes.xtec.cat\/bescat\/\">\u00a0Biblioteques escolars de Catalunya<\/a><\/p>\n<p><a href=\"https:\/\/serveiseducatius.xtec.cat\/ripolles\/wp-content\/uploads\/usu1150\/2024\/11\/logo-bescat-150-297-x-210-mm-300x212-1.png\"><img loading=\"lazy\" decoding=\"async\" class=\"alignnone size-full wp-image-15175\" src=\"https:\/\/serveiseducatius.xtec.cat\/ripolles\/wp-content\/uploads\/usu1150\/2024\/11\/logo-bescat-150-297-x-210-mm-300x212-1.png\" alt=\"\" width=\"300\" height=\"212\" \/><\/a><\/td>\n<td style=\"width: 33.3333%; height: 30px; text-align: center;\"><a href=\"https:\/\/xtec.gencat.cat\/ca\/projectes\/plurilinguisme\/metodologies\/tilc\/immersiolinguistica\/enrolat\/\">Enrola&#8217;t<\/a><\/p>\n<p><a href=\"https:\/\/serveiseducatius.xtec.cat\/ripolles\/wp-content\/uploads\/usu1150\/2024\/11\/Captura-de-pantalla-2024-11-06-091107.jpg\"><img loading=\"lazy\" decoding=\"async\" class=\"alignnone size-full wp-image-15176\" src=\"https:\/\/serveiseducatius.xtec.cat\/ripolles\/wp-content\/uploads\/usu1150\/2024\/11\/Captura-de-pantalla-2024-11-06-091107.jpg\" alt=\"\" width=\"266\" height=\"263\" \/><\/a><\/td>\n<\/tr>\n<\/tbody>\n<\/table>\n","protected":false},"excerpt":{"rendered":"<p>Equips d\u2019assessorament i orientaci\u00f3 en llengua, interculturalitat i cohesi\u00f3 social que donen suport al professorat en l\u2019atenci\u00f3 a la diversitat [&hellip;]<\/p>\n","protected":false},"author":1,"featured_media":0,"parent":306,"menu_order":0,"comment_status":"closed","ping_status":"closed","template":"","meta":{"_bbp_topic_count":0,"_bbp_reply_count":0,"_bbp_total_topic_count":0,"_bbp_total_reply_count":0,"_bbp_voice_count":0,"_bbp_anonymous_reply_count":0,"_bbp_topic_count_hidden":0,"_bbp_reply_count_hidden":0,"_bbp_forum_subforum_count":0,"site-sidebar-layout":"default","site-content-layout":"","ast-site-content-layout":"default","site-content-style":"default","site-sidebar-style":"default","ast-global-header-display":"","ast-banner-title-visibility":"","ast-main-header-display":"","ast-hfb-above-header-display":"","ast-hfb-below-header-display":"","ast-hfb-mobile-header-display":"","site-post-title":"","ast-breadcrumbs-content":"","ast-featured-img":"","footer-sml-layout":"","theme-transparent-header-meta":"","adv-header-id-meta":"","stick-header-meta":"","header-above-stick-meta":"","header-main-stick-meta":"","header-below-stick-meta":"","astra-migrate-meta-layouts":"set","ast-page-background-enabled":"default","ast-page-background-meta":{"desktop":{"background-color":"var(--ast-global-color-4)","background-image":"","background-repeat":"repeat","background-position":"center center","background-size":"auto","background-attachment":"scroll","background-type":"","background-media":"","overlay-type":"","overlay-color":"","overlay-opacity":"","overlay-gradient":""},"tablet":{"background-color":"","background-image":"","background-repeat":"repeat","background-position":"center center","background-size":"auto","background-attachment":"scroll","background-type":"","background-media":"","overlay-type":"","overlay-color":"","overlay-opacity":"","overlay-gradient":""},"mobile":{"background-color":"","background-image":"","background-repeat":"repeat","background-position":"center center","background-size":"auto","background-attachment":"scroll","background-type":"","background-media":"","overlay-type":"","overlay-color":"","overlay-opacity":"","overlay-gradient":""}},"ast-content-background-meta":{"desktop":{"background-color":"var(--ast-global-color-5)","background-image":"","background-repeat":"repeat","background-position":"center center","background-size":"auto","background-attachment":"scroll","background-type":"","background-media":"","overlay-type":"","overlay-color":"","overlay-opacity":"","overlay-gradient":""},"tablet":{"background-color":"var(--ast-global-color-5)","background-image":"","background-repeat":"repeat","background-position":"center center","background-size":"auto","background-attachment":"scroll","background-type":"","background-media":"","overlay-type":"","overlay-color":"","overlay-opacity":"","overlay-gradient":""},"mobile":{"background-color":"var(--ast-global-color-5)","background-image":"","background-repeat":"repeat","background-position":"center center","background-size":"auto","background-attachment":"scroll","background-type":"","background-media":"","overlay-type":"","overlay-color":"","overlay-opacity":"","overlay-gradient":""}},"footnotes":""},"class_list":["post-8550","page","type-page","status-publish","hentry"],"post_mailing_queue_ids":[],"_links":{"self":[{"href":"https:\/\/serveiseducatius.xtec.cat\/ripolles\/wp-json\/wp\/v2\/pages\/8550","targetHints":{"allow":["GET"]}}],"collection":[{"href":"https:\/\/serveiseducatius.xtec.cat\/ripolles\/wp-json\/wp\/v2\/pages"}],"about":[{"href":"https:\/\/serveiseducatius.xtec.cat\/ripolles\/wp-json\/wp\/v2\/types\/page"}],"author":[{"embeddable":true,"href":"https:\/\/serveiseducatius.xtec.cat\/ripolles\/wp-json\/wp\/v2\/users\/1"}],"replies":[{"embeddable":true,"href":"https:\/\/serveiseducatius.xtec.cat\/ripolles\/wp-json\/wp\/v2\/comments?post=8550"}],"version-history":[{"count":5,"href":"https:\/\/serveiseducatius.xtec.cat\/ripolles\/wp-json\/wp\/v2\/pages\/8550\/revisions"}],"predecessor-version":[{"id":16206,"href":"https:\/\/serveiseducatius.xtec.cat\/ripolles\/wp-json\/wp\/v2\/pages\/8550\/revisions\/16206"}],"up":[{"embeddable":true,"href":"https:\/\/serveiseducatius.xtec.cat\/ripolles\/wp-json\/wp\/v2\/pages\/306"}],"wp:attachment":[{"href":"https:\/\/serveiseducatius.xtec.cat\/ripolles\/wp-json\/wp\/v2\/media?parent=8550"}],"curies":[{"name":"wp","href":"https:\/\/api.w.org\/{rel}","templated":true}]}}