{"id":8095,"date":"2016-03-16T17:24:21","date_gmt":"2016-03-16T16:24:21","guid":{"rendered":"http:\/\/serveiseducatius.xtec.cat\/ripolles\/?page_id=8095"},"modified":"2024-02-22T08:35:17","modified_gmt":"2024-02-22T07:35:17","slug":"servei-comunitari","status":"publish","type":"page","link":"https:\/\/serveiseducatius.xtec.cat\/ripolles\/comunitat\/servei-comunitari\/","title":{"rendered":"Servei comunitari"},"content":{"rendered":"<div>\n<p><img loading=\"lazy\" decoding=\"async\" class=\"wp-image-13916 alignnone\" src=\"https:\/\/serveiseducatius.xtec.cat\/ripolles\/wp-content\/uploads\/usu1150\/2023\/01\/servei-comunitari.jpg\" alt=\"\" width=\"243\" height=\"243\" srcset=\"https:\/\/serveiseducatius.xtec.cat\/ripolles\/wp-content\/uploads\/usu1150\/2023\/01\/servei-comunitari.jpg 538w, https:\/\/serveiseducatius.xtec.cat\/ripolles\/wp-content\/uploads\/usu1150\/2023\/01\/servei-comunitari-300x300.jpg 300w, https:\/\/serveiseducatius.xtec.cat\/ripolles\/wp-content\/uploads\/usu1150\/2023\/01\/servei-comunitari-150x150.jpg 150w\" sizes=\"auto, (max-width: 243px) 100vw, 243px\" \/>\u00a0 \u00a0 \u00a0 \u00a0 \u00a0 \u00a0 \u00a0 \u00a0 \u00a0 \u00a0 \u00a0 \u00a0 \u00a0 <a href=\"https:\/\/sites.google.com\/xtec.cat\/serveicomunitariripolls\/inici\"><img loading=\"lazy\" decoding=\"async\" class=\"alignnone wp-image-14818\" src=\"https:\/\/serveiseducatius.xtec.cat\/ripolles\/wp-content\/uploads\/usu1150\/2024\/02\/Captura-de-pantalla-2024-02-22-083043-1024x297.png\" alt=\"\" width=\"629\" height=\"182\" srcset=\"https:\/\/serveiseducatius.xtec.cat\/ripolles\/wp-content\/uploads\/usu1150\/2024\/02\/Captura-de-pantalla-2024-02-22-083043-1024x297.png 1024w, https:\/\/serveiseducatius.xtec.cat\/ripolles\/wp-content\/uploads\/usu1150\/2024\/02\/Captura-de-pantalla-2024-02-22-083043-300x87.png 300w, https:\/\/serveiseducatius.xtec.cat\/ripolles\/wp-content\/uploads\/usu1150\/2024\/02\/Captura-de-pantalla-2024-02-22-083043-768x223.png 768w, https:\/\/serveiseducatius.xtec.cat\/ripolles\/wp-content\/uploads\/usu1150\/2024\/02\/Captura-de-pantalla-2024-02-22-083043.png 1183w\" sizes=\"auto, (max-width: 629px) 100vw, 629px\" \/><\/a><\/p>\n<\/div>\n<div>\n<h4><b>Qu\u00e8 \u00e9s el Servei Comunitari?<\/b><\/h4>\n<div>\n<p>El servei comunitari \u00e9s una acci\u00f3 educativa orientada a desenvolupar la compet\u00e8ncia personal i social, aix\u00ed com la ciutadana, amb la finalitat de promoure que els nois i noies experimentin i protagonitzin accions de comprom\u00eds c\u00edvic, aprenguin en l\u2019exercici actiu de la ciutadania i posin en joc els seus coneixements i capacitats al servei de la comunitat.<\/p>\n<\/div>\n<hr \/>\n<\/div>\n<div>\n<h4><b>Informaci\u00f3 sobre el Servei Comunitari<\/b><b><\/b><\/h4>\n<\/div>\n<ul>\n<li><b><\/b><a href=\"https:\/\/projectes.xtec.cat\/pee\/categoria\/servei-comunitari\/\" target=\"_blank\" rel=\"nofollow noopener noreferrer\">P\u00e0gina web de refer\u00e8ncia del Departament d\u2019Educaci\u00f3<\/a><\/li>\n<li><a href=\"http:\/\/xtec.gencat.cat\/ca\/comunitat\/serveicomunitari\/normativa\/\" target=\"_blank\" rel=\"nofollow noopener noreferrer\">Normativa<\/a><\/li>\n<li><a href=\"https:\/\/portaldogc.gencat.cat\/utilsEADOP\/PDF\/8762\/1928585.pdf#page=14\" target=\"_blank\" rel=\"noopener\">Servei Comunitari en el nou curr\u00edculum<\/a>\u00a0(aplicable a 3r ESO)<\/li>\n<li><a href=\"https:\/\/xtec.gencat.cat\/ca\/comunitat\/serveicomunitari\/pmf\" target=\"_blank\" rel=\"nofollow noopener noreferrer\">Preguntes m\u00e9s freq\u00fcents<\/a><\/li>\n<li><a href=\"http:\/\/xtec.gencat.cat\/ca\/comunitat\/serveicomunitari\/modelstransferibles\/\" target=\"_blank\" rel=\"nofollow noopener noreferrer\">Exemples<\/a><\/li>\n<\/ul>\n<hr \/>\n<div>\n<h4><b>Convenis (centres p\u00fablics i concertats)<\/b><\/h4>\n<ul>\n<li><a href=\"https:\/\/docs.google.com\/document\/d\/1LChSJo076Dfntz-5TvrflEYfo6yBiCvb\/edit?usp=sharing&amp;ouid=106942379809973184586&amp;rtpof=true&amp;sd=true\" target=\"_blank\" rel=\"noopener noreferrer\">Model conveni centre p\u00fablic<\/a><\/li>\n<li><a href=\"https:\/\/docs.google.com\/document\/d\/1FVoGCWMar1sO8PUdD5fnAWb0TWkH8OV-\/edit?usp=sharing&amp;ouid=106942379809973184586&amp;rtpof=true&amp;sd=true\" target=\"_blank\" rel=\"noopener noreferrer\">Model conveni centre concertat<\/a><strong><a href=\"https:\/\/drive.google.com\/file\/d\/1FVoGCWMar1sO8PUdD5fnAWb0TWkH8OV-\/view?usp=sharing\" target=\"_blank\" rel=\"noopener noreferrer\">.\u00a0<\/a><\/strong>La persona titular del centre ha de signar, ella mateixa,\u00a0 els convenis de col\u00b7laboraci\u00f3 amb les entitats corresponents.<\/li>\n<\/ul>\n<p><strong>Indicacions per a la formalitzaci\u00f3 de convenis de Servei Comunitari entre un centre educatiu i les entitats<\/strong><\/p>\n<\/div>\n<div>\n<p>Mitjan\u00e7ant la\u00a0<a title=\"Ves al DOGC\" href=\"https:\/\/dogc.gencat.cat\/ca\/pdogc_canals_interns\/pdogc_resultats_fitxa\/?action=fitxa&amp;documentId=874346&amp;language=ca_ES\" target=\"_blank\" rel=\"noopener noreferrer\">Resoluci\u00f3 EDU\/1189\/2020<\/a>, de 28 de maig, d\u2019advocaci\u00f3 i delegaci\u00f3 de compet\u00e8ncies de la persona titular del Departament d\u2019Educaci\u00f3, es delega, en els directors i directores dels\u00a0<strong>centres educatius p\u00fablics<\/strong>\u00a0de titularitat del Departament d\u2019Educaci\u00f3, la signatura de convenis de col\u00b7laboraci\u00f3 amb les entitats per al desenvolupament d\u2019accions de Servei Comunitari, l\u2019\u00e0mbit d\u2019actuaci\u00f3 dels quals no comprengui tot el territori de Catalunya. Els\u00a0<strong>centres concertats<\/strong>\u00a0han de signar ells directament els convenis de col\u00b7laboraci\u00f3 amb les entitats corresponents.<\/p>\n<div>\n<p>Per tal de signar aquest conveni cal seguir el\u00a0<strong>procediment seg\u00fcent<\/strong>:<\/p>\n<ol>\n<li>Cal\u00a0<strong>utilitzar el model en format Word de conveni normalitzat pel Departament<\/strong>\u00a0(<a href=\"https:\/\/docs.google.com\/document\/d\/1LChSJo076Dfntz-5TvrflEYfo6yBiCvb\/edit?usp=sharing&amp;ouid=106942379809973184586&amp;rtpof=true&amp;sd=true\" target=\"_blank\" rel=\"noopener\">centre p\u00fablic<\/a>\u00a0o\u00a0<a href=\"https:\/\/docs.google.com\/document\/d\/1FVoGCWMar1sO8PUdD5fnAWb0TWkH8OV-\/edit?usp=sharing&amp;ouid=106942379809973184586&amp;rtpof=true&amp;sd=true\" target=\"_blank\" rel=\"noopener\">concertat<\/a>)<\/li>\n<li>Cal\u00a0<strong>emplenar els camps indicats<\/strong>\u00a0d\u2019aquest conveni<\/li>\n<li>Quan estigui emplenat, cal\u00a0<strong>passar el document a format PDF<\/strong>.<\/li>\n<li><strong>Ambdues parts han de signar el document PDF amb signatura electr\u00f2nica<\/strong>. La Llei 39\/2015\u00a0obliga totes les entitats a relacionar-se amb les administracions p\u00fabliques per mitjans electr\u00f2nics. Per tant,\u00a0<b>no s\u2019accepten documents que no estiguin signats electr\u00f2nicament ni tampoc documents signats digitalment per\u00f2 en els que es visualitzi el DNI de la persona que signa<\/b>. Per tant, e\u200bls documents que no estiguin signats amb certificat digital o en els que apareixi el DNI en la signatura digital es retornaran\u200b. A continuaci\u00f3 us adjuntem dos tutorials de <strong>Com fer una signatura electr\u00f2nica?<\/strong>\u00a0<a href=\"https:\/\/serveiseducatius.xtec.cat\/tarragones\/wp-content\/uploads\/usu549\/2019\/10\/Signar-digitalment-DNIe_Pas_a_pas.pdf\">Descarrega\u2019t el manual aqu\u00ed.<\/a>\u00a0<a href=\"https:\/\/drive.google.com\/file\/d\/103p-ECL2WyGXkPO_9dRGUodsmQzSq-QI\/view\" target=\"_blank\" rel=\"noopener\">Com ocultar el DNI a la caixa visible de l\u2019assignatura<\/a>.<\/li>\n<li>Cal\u00a0<strong>enviar el conveni signat per ambdues parts<\/strong>:\n<ul>\n<li>\u200ba l\u2019<strong>entitat<\/strong><\/li>\n<li>a la\u00a0<strong>Sub-direcci\u00f3 General de Suport i Atenci\u00f3 a la Comunitat Educativa<\/strong>\u00a0(<a href=\"mailto:espais.comunitat@xtec.cat\">espais.comunitat@xtec.cat<\/a>)<\/li>\n<li><strong>al referent dels Serveis Educatius del Ripoll\u00e8s<\/strong> (Jessica Ribas, <a href=\"mailto:b7990111@xtec.cat\">b7990111@xtec.cat<\/a>)<\/li>\n<\/ul>\n<\/li>\n<\/ol>\n<p>\u200b\u200bFinalment, si es considera necessari plantejar alguna\u00a0<strong>modificaci\u00f3 al text del conveni<\/strong>, aquesta ha d\u2019estar fonamentada i cal fer-la arribar per escrit a la Sub-direcci\u00f3 General de Suport i Atenci\u00f3 a la Comunitat Educativa\u00a0(<a href=\"mailto:espais.comunitat@xtec.cat\">espais.comunitat@xtec.cat<\/a>), que s\u2019encarregar\u00e0 de fer la consulta a l\u2019Assessoria Jur\u00eddica del Departament d\u2019Educaci\u00f3, unitat que determinar\u00e0 si aquesta modificaci\u00f3 s\u2019ha d\u2019incloure al conveni.\u200b<\/p>\n<p>\u00c9s imprescindible que tots els projectes figurin en la\u00a0<strong>Programaci\u00f3 General Anual del Centre<\/strong>\u00a0i estiguin\u00a0<strong>aprovats pel Consell Escolar<\/strong>. Els convenis es signen entre l\u2019Ajuntament, la Instituci\u00f3 o l\u2019Entitat i el centre educatiu per a totes les activitats que es faran amb ells i t\u00e9 la durada que s\u2019estipula en el conveni. Quan caduca cal renovar-lo.<\/p>\n<\/div>\n<\/div>\n<p>Els centres de Ripoll, ja que formen part del\u00a0<strong>Pla Educatiu d\u2019Entorn<\/strong>\u00a0(PEE) no fa falta que signin el conveni de Servei Comunitari amb les\u00a0<strong>entitats municipals<\/strong>.<\/p>\n<p>El Conveni no concreta cap dada espec\u00edfica del Projecte. Per a aix\u00f2 cal que es signi, en cada cas, la Declaraci\u00f3 de Comprom\u00eds que trobareu en els models de documents compartits.<\/p>\n<p>Pel que fa a les\u00a0<strong>assegurances<\/strong>, si el projecte est\u00e0 al Pla General Anual i tenim l\u2019autoritzaci\u00f3 de la fam\u00edlia (on ha de constar el trajecte de casa seva a l\u2019entitat), si a l\u2019alumne li passa alguna cosa, est\u00e0 cobert per l\u2019asseguran\u00e7a escolar. Per exemple, si pel cam\u00ed o b\u00e9 dins de l\u2019entitat, cau i es fa mal, en els dos casos ho cobreix l\u2019asseguran\u00e7a escolar. Passa el mateix que quan fan sortides o van de col\u00f2nies.<\/p>\n<p>Malgrat aix\u00f2, i de cares a les responsabilitats que es poguessin demanar, en cas d\u2019accident d\u2019un alumne a l\u2019entitat en la que es fa el Servei, cal que aquesta disposi d\u2019una P\u00f2lissa de Responsabilitat Civil. La P\u00f2lissa de Responsabilitat Civil no \u00e9s nominal, \u00e9s per grups, i qualsevol entitat p\u00fablica o privada l\u2019ha de tenir. No cal fer res d\u2019especial per realitzar Servei Comunitari.<\/p>\n<hr \/>\n<div>\n<div>\n<h4><b>Documents<\/b><\/h4>\n<\/div>\n<\/div>\n<div>\n<p>Els tres documents principals que tot centre educatiu ha de tenir en compte s\u00f3n els seg\u00fcents:<\/p>\n<ul>\n<li><strong>Conveni<\/strong>:\n<ul>\n<li><a href=\"https:\/\/docs.google.com\/document\/d\/1LChSJo076Dfntz-5TvrflEYfo6yBiCvb\/edit?usp=sharing&amp;ouid=106942379809973184586&amp;rtpof=true&amp;sd=true\" target=\"_blank\" rel=\"noopener noreferrer\">Model conveni centre p\u00fablic<\/a><\/li>\n<li><a href=\"https:\/\/docs.google.com\/document\/d\/1FVoGCWMar1sO8PUdD5fnAWb0TWkH8OV-\/edit?usp=sharing&amp;ouid=106942379809973184586&amp;rtpof=true&amp;sd=true\" target=\"_blank\" rel=\"noopener noreferrer\">Model conveni centre concertat<\/a><\/li>\n<\/ul>\n<\/li>\n<li><strong>Declaraci\u00f3 de comprom\u00eds<\/strong>:\n<ul>\n<li><a href=\"https:\/\/drive.google.com\/file\/d\/1-Nh1DORcvkO4O0PMFT7JYdHrVEopVaMr\/view?usp=sharing\" target=\"_blank\" rel=\"noopener noreferrer\">Declaraci\u00f3 de comprom\u00eds SC<\/a><\/li>\n<li><a href=\"https:\/\/docs.google.com\/document\/d\/1j-lhev8RWrOcXJ1O1hC7i4mBBBcgmPbG\/edit?usp=sharing&amp;ouid=106942379809973184586&amp;rtpof=true&amp;sd=true\" target=\"_blank\" rel=\"noopener\">Declaraci\u00f3 de comprom\u00eds SC<\/a>\u00a0(centres concertats)<\/li>\n<\/ul>\n<\/li>\n<li><strong>Autoritzaci\u00f3 fam\u00edlia<\/strong>:\n<ul>\n<li><a href=\"https:\/\/drive.google.com\/file\/d\/1WUBM803rU-BAhULnO77IEwMUlAfrOQ2n\/view?usp=sharing\" target=\"_blank\" rel=\"noopener noreferrer\">Autoritzaci\u00f3 fam\u00edlia SC<\/a><\/li>\n<li><a href=\"https:\/\/docs.google.com\/document\/d\/1g7yyanfIvErDWK8eDjv6SnE3fwFgp5mP7CeAJ3twuto\/edit?usp=sharing\" target=\"_blank\" rel=\"noopener\">Autoritzaci\u00f3 fam\u00edlia SC<\/a>\u00a0(centres concertats)<\/li>\n<\/ul>\n<\/li>\n<\/ul>\n<p><strong>Altres documents<\/strong>\u00a0a tenir en compte s\u00f3n:<\/p>\n<ul>\n<li><a href=\"https:\/\/drive.google.com\/file\/d\/1u3LsOtXlLIW7c8z61UJqxbdiRGB0T1xJ\/view?usp=sharing\" target=\"_blank\" rel=\"noopener noreferrer\">Document marc del Servei Comunitari<\/a><\/li>\n<li><a href=\"https:\/\/drive.google.com\/file\/d\/1NcgMCJ8RMD-BJe-1BdYmdifBM6m62o9R\/view?usp=sharing\" target=\"_blank\" rel=\"noopener noreferrer\">Plantilla per a definir un projecte<\/a><\/li>\n<li><a href=\"https:\/\/drive.google.com\/open?id=0B_L6SK-h_IeBM3p3QWdtTXpOYlU\" target=\"_blank\" rel=\"noopener noreferrer\">Indicacions per al desenvolupament del projecte<\/a><\/li>\n<li><a href=\"https:\/\/drive.google.com\/open?id=0B_L6SK-h_IeBTl9mU2pYVmRTRFk\" target=\"_blank\" rel=\"noopener noreferrer\">Gui\u00f3 per a la revisi\u00f3 del projecte<\/a><\/li>\n<li><a href=\"https:\/\/drive.google.com\/open?id=18_qYTQZ40_Oz0Ox32Prmohh1xidr0KY4\" target=\"_blank\" rel=\"noopener noreferrer\">Orientacions per a l\u2019avaluaci\u00f3 de l\u2019alumnat de SC<\/a><\/li>\n<li><a href=\"https:\/\/drive.google.com\/file\/d\/1nsuP05hl9DgX-dn-eekFTVyYHYzWlDdq\/view?usp=sharing\" target=\"_blank\" rel=\"noopener noreferrer\">Avaluaci\u00f3 SC al centre<\/a><\/li>\n<li><a href=\"https:\/\/drive.google.com\/file\/d\/16Jy5r79MN_zfM2EpOhewkJdwtsDwiyjy\/view?usp=sharing\" target=\"_blank\" rel=\"noopener noreferrer\">Model certificat SC<\/a><\/li>\n<li><a href=\"https:\/\/drive.google.com\/file\/d\/1uxHFAuqDcI-kxAztceGfgzVA3ADdiNYe\/view?usp=sharing\" target=\"_blank\" rel=\"noopener noreferrer\">Recull indicadors alumnat<\/a><\/li>\n<\/ul>\n<\/div>\n<hr \/>\n<p><a href=\"http:\/\/xtec.gencat.cat\/ca\/comunitat\/serveicomunitari\/\">Serveis comunitaris a XTEC<\/a><\/p>\n","protected":false},"excerpt":{"rendered":"<p>\u00a0 \u00a0 \u00a0 \u00a0 \u00a0 \u00a0 \u00a0 \u00a0 \u00a0 \u00a0 \u00a0 \u00a0 \u00a0 Qu\u00e8 \u00e9s el Servei Comunitari? El servei [&hellip;]<\/p>\n","protected":false},"author":1,"featured_media":0,"parent":341,"menu_order":35,"comment_status":"closed","ping_status":"closed","template":"page-templates\/side-menu.php","meta":{"_bbp_topic_count":0,"_bbp_reply_count":0,"_bbp_total_topic_count":0,"_bbp_total_reply_count":0,"_bbp_voice_count":0,"_bbp_anonymous_reply_count":0,"_bbp_topic_count_hidden":0,"_bbp_reply_count_hidden":0,"_bbp_forum_subforum_count":0,"site-sidebar-layout":"default","site-content-layout":"","ast-site-content-layout":"","site-content-style":"default","site-sidebar-style":"default","ast-global-header-display":"","ast-banner-title-visibility":"","ast-main-header-display":"","ast-hfb-above-header-display":"","ast-hfb-below-header-display":"","ast-hfb-mobile-header-display":"","site-post-title":"","ast-breadcrumbs-content":"","ast-featured-img":"","footer-sml-layout":"","theme-transparent-header-meta":"","adv-header-id-meta":"","stick-header-meta":"","header-above-stick-meta":"","header-main-stick-meta":"","header-below-stick-meta":"","astra-migrate-meta-layouts":"default","ast-page-background-enabled":"default","ast-page-background-meta":{"desktop":{"background-color":"var(--ast-global-color-4)","background-image":"","background-repeat":"repeat","background-position":"center center","background-size":"auto","background-attachment":"scroll","background-type":"","background-media":"","overlay-type":"","overlay-color":"","overlay-opacity":"","overlay-gradient":""},"tablet":{"background-color":"","background-image":"","background-repeat":"repeat","background-position":"center center","background-size":"auto","background-attachment":"scroll","background-type":"","background-media":"","overlay-type":"","overlay-color":"","overlay-opacity":"","overlay-gradient":""},"mobile":{"background-color":"","background-image":"","background-repeat":"repeat","background-position":"center center","background-size":"auto","background-attachment":"scroll","background-type":"","background-media":"","overlay-type":"","overlay-color":"","overlay-opacity":"","overlay-gradient":""}},"ast-content-background-meta":{"desktop":{"background-color":"var(--ast-global-color-5)","background-image":"","background-repeat":"repeat","background-position":"center center","background-size":"auto","background-attachment":"scroll","background-type":"","background-media":"","overlay-type":"","overlay-color":"","overlay-opacity":"","overlay-gradient":""},"tablet":{"background-color":"var(--ast-global-color-5)","background-image":"","background-repeat":"repeat","background-position":"center center","background-size":"auto","background-attachment":"scroll","background-type":"","background-media":"","overlay-type":"","overlay-color":"","overlay-opacity":"","overlay-gradient":""},"mobile":{"background-color":"var(--ast-global-color-5)","background-image":"","background-repeat":"repeat","background-position":"center center","background-size":"auto","background-attachment":"scroll","background-type":"","background-media":"","overlay-type":"","overlay-color":"","overlay-opacity":"","overlay-gradient":""}},"footnotes":""},"class_list":["post-8095","page","type-page","status-publish","hentry"],"post_mailing_queue_ids":[],"_links":{"self":[{"href":"https:\/\/serveiseducatius.xtec.cat\/ripolles\/wp-json\/wp\/v2\/pages\/8095","targetHints":{"allow":["GET"]}}],"collection":[{"href":"https:\/\/serveiseducatius.xtec.cat\/ripolles\/wp-json\/wp\/v2\/pages"}],"about":[{"href":"https:\/\/serveiseducatius.xtec.cat\/ripolles\/wp-json\/wp\/v2\/types\/page"}],"author":[{"embeddable":true,"href":"https:\/\/serveiseducatius.xtec.cat\/ripolles\/wp-json\/wp\/v2\/users\/1"}],"replies":[{"embeddable":true,"href":"https:\/\/serveiseducatius.xtec.cat\/ripolles\/wp-json\/wp\/v2\/comments?post=8095"}],"version-history":[{"count":6,"href":"https:\/\/serveiseducatius.xtec.cat\/ripolles\/wp-json\/wp\/v2\/pages\/8095\/revisions"}],"predecessor-version":[{"id":14820,"href":"https:\/\/serveiseducatius.xtec.cat\/ripolles\/wp-json\/wp\/v2\/pages\/8095\/revisions\/14820"}],"up":[{"embeddable":true,"href":"https:\/\/serveiseducatius.xtec.cat\/ripolles\/wp-json\/wp\/v2\/pages\/341"}],"wp:attachment":[{"href":"https:\/\/serveiseducatius.xtec.cat\/ripolles\/wp-json\/wp\/v2\/media?parent=8095"}],"curies":[{"name":"wp","href":"https:\/\/api.w.org\/{rel}","templated":true}]}}