{"id":7416,"date":"2025-06-23T13:38:33","date_gmt":"2025-06-23T11:38:33","guid":{"rendered":"https:\/\/serveiseducatius.xtec.cat\/pladelestany\/?page_id=7416"},"modified":"2026-04-14T13:06:12","modified_gmt":"2026-04-14T11:06:12","slug":"sessions-seminari-coordinacio","status":"publish","type":"page","link":"https:\/\/serveiseducatius.xtec.cat\/pladelestany\/les-nostres-activitats\/suport-digital-pla-de-lestany\/coordinacio-digital\/sessions-seminari-coordinacio\/","title":{"rendered":"Sessions seminari coordinaci\u00f3 25-26"},"content":{"rendered":"\n<div class=\"wp-block-getwid-tabs\" data-active-tab=\"0\"><ul class=\"wp-block-getwid-tabs__nav-links\"><\/ul>\n<div class=\"wp-block-getwid-tabs__nav-link\"><span class=\"wp-block-getwid-tabs__title-wrapper\"><a href=\"#\"><span class=\"wp-block-getwid-tabs__title\">Calendari<\/span><\/a><\/span><\/div><div class=\"wp-block-getwid-tabs__tab-content-wrapper\"><div class=\"wp-block-getwid-tabs__tab-content\">\n<p><a href=\"https:\/\/docs.google.com\/spreadsheets\/d\/1a-t1d2ZmeHw7_TdSu9DnMViG5onkIU2HrpKzhYw8c78\/edit?usp=sharing\" target=\"_blank\" rel=\"noreferrer noopener\">CALENDARI<\/a><\/p>\n<\/div><\/div>\n\n\n\n<div class=\"wp-block-getwid-tabs__nav-link\"><span class=\"wp-block-getwid-tabs__title-wrapper\"><a href=\"#\"><span class=\"wp-block-getwid-tabs__title\">Sessi\u00f3 1<\/span><\/a><\/span><\/div><div class=\"wp-block-getwid-tabs__tab-content-wrapper\"><div class=\"wp-block-getwid-tabs__tab-content\">\n<div class=\"wp-block-getwid-accordion has-icon-left\" data-active-element=\"none\">\n<div class=\"wp-block-getwid-accordion__header-wrapper\"><span class=\"wp-block-getwid-accordion__header\"><a href=\"#\"><span class=\"wp-block-getwid-accordion__header-title\"><strong>1. PRESENTACI\u00d3 MEMBRES SUBXARXA<\/strong><\/span><span class=\"wp-block-getwid-accordion__icon is-active\"><i class=\"fas fa-plus\"><\/i><\/span><span class=\"wp-block-getwid-accordion__icon is-passive\"><i class=\"fas fa-minus\"><\/i><\/span><\/a><\/span><\/div><div class=\"wp-block-getwid-accordion__content-wrapper\"><div class=\"wp-block-getwid-accordion__content\">\n<p><\/p>\n<\/div><\/div>\n\n\n\n<div class=\"wp-block-getwid-accordion__header-wrapper\"><span class=\"wp-block-getwid-accordion__header\"><a href=\"#\"><span class=\"wp-block-getwid-accordion__header-title\"><strong>2. FUNCIONAMENT DE LA SUBXARXA, sessions presencials,&nbsp; i REQUISITS DE CERTIFICACI\u00d3<\/strong><\/span><span class=\"wp-block-getwid-accordion__icon is-active\"><i class=\"fas fa-plus\"><\/i><\/span><span class=\"wp-block-getwid-accordion__icon is-passive\"><i class=\"fas fa-minus\"><\/i><\/span><\/a><\/span><\/div><div class=\"wp-block-getwid-accordion__content-wrapper\"><div class=\"wp-block-getwid-accordion__content\">\n<p>Objectius:<\/p>\n\n\n\n<ul class=\"wp-block-list\">\n<li>Crear una xarxa professional docent.<\/li>\n\n\n\n<li>Informar de l\u2019estat i les novetats en els desplegaments d\u2019equipament.<\/li>\n\n\n\n<li>Recollir les demandes i obtenir retorn per millorar el sistema.<\/li>\n\n\n\n<li>Incloure m\u00e9s continguts pedag\u00f2gics lligats a la COMD.<\/li>\n<\/ul>\n\n\n\n<p><a href=\"https:\/\/serveiseducatius.xtec.cat\/pladelestany\/les-nostres-activitats\/suport-digital-pla-de-lestany\/coordinacio-digital\/subxarxa\/\" target=\"_blank\" rel=\"noreferrer noopener\">Requisits de certificaci\u00f3<\/a><\/p>\n<\/div><\/div>\n\n\n\n<div class=\"wp-block-getwid-accordion__header-wrapper\"><span class=\"wp-block-getwid-accordion__header\"><a href=\"#\"><span class=\"wp-block-getwid-accordion__header-title\"><strong>3. SESSI\u00d3 EN L\u00cdNIA SUBXARXA<\/strong><\/span><span class=\"wp-block-getwid-accordion__icon is-active\"><i class=\"fas fa-plus\"><\/i><\/span><span class=\"wp-block-getwid-accordion__icon is-passive\"><i class=\"fas fa-minus\"><\/i><\/span><\/a><\/span><\/div><div class=\"wp-block-getwid-accordion__content-wrapper\"><div class=\"wp-block-getwid-accordion__content\">\n<p>Compartim dubtes i experi\u00e8ncies sobre el que es va explicar a la sessi\u00f3 en l\u00ednia de la subxarxa.&nbsp;<\/p>\n\n\n\n<ul class=\"wp-block-list\">\n<li><a href=\"https:\/\/serveiseducatius.xtec.cat\/pladelestany\/les-nostres-activitats\/suport-digital-pla-de-lestany\/coordinacio-digital\/subxarxa\/\" data-type=\"page\" data-id=\"7291\" target=\"_blank\" rel=\"noreferrer noopener\"><strong>RESUMS<\/strong><\/a><\/li>\n<\/ul>\n<\/div><\/div>\n\n\n\n<div class=\"wp-block-getwid-accordion__header-wrapper\"><span class=\"wp-block-getwid-accordion__header\"><a href=\"#\"><span class=\"wp-block-getwid-accordion__header-title\"><strong>4. FORMACIONS DIGITALS, PROJECTES DE ROB\u00d2TICA I JORNADES<\/strong><\/span><span class=\"wp-block-getwid-accordion__icon is-active\"><i class=\"fas fa-plus\"><\/i><\/span><span class=\"wp-block-getwid-accordion__icon is-passive\"><i class=\"fas fa-minus\"><\/i><\/span><\/a><\/span><\/div><div class=\"wp-block-getwid-accordion__content-wrapper\"><div class=\"wp-block-getwid-accordion__content\">\n<p>Formaci\u00f3:<\/p>\n\n\n\n<ul class=\"wp-block-list\">\n<li><a href=\"https:\/\/odissea.xtec.cat\/course\/index.php?categoryid=246\" target=\"_blank\" rel=\"noreferrer noopener\">formaci\u00f3 oberta<\/a>&nbsp;dotacions i altres temes<\/li>\n\n\n\n<li><a href=\"https:\/\/aplicacions.gestioeducativa.gencat.cat\/ords\/pls\/soloas\/pk_for_mod_ins.p_for_pre_cons_activitats?p_totes=S&amp;p_paginar=N&amp;p_any=&amp;p_tipus_act=T112,T113,T114,T115,T116,T120,T198,T130,T150,T151,T170,T171,T172,T164,T165,T160,T162,T199&amp;p_proc=26_TORN1\" target=\"_blank\" rel=\"noreferrer noopener\">formaci\u00f3 1r trimestre<\/a><\/li>\n<\/ul>\n\n\n\n<p>Projectes de rob\u00f2tica:<\/p>\n\n\n\n<ul class=\"wp-block-list\">\n<li><a href=\"https:\/\/projectes.xtec.cat\/pensament-computacional\/proposta-pagina-inici-pc-curs-25-26\/pagina-principal-robotica-25-26\/\" target=\"_blank\" rel=\"noreferrer noopener\">Activitats de rob\u00f2tica<\/a><\/li>\n\n\n\n<li>Altres:\n<ul class=\"wp-block-list\">\n<li><a href=\"https:\/\/drive.google.com\/file\/d\/1xR6rvxJ1Mkgmsxhz6kW-T2vSgg7JpDuU\/view?usp=sharing\" target=\"_blank\" rel=\"noreferrer noopener\">Programaci\u00f3 de rob\u00f2tica<\/a>&nbsp;en una escola<\/li>\n\n\n\n<li><a href=\"https:\/\/sites.google.com\/xtec.cat\/robticaeducativadavidparedes\/inici\">Rob\u00f2tica educativa<\/a><\/li>\n<\/ul>\n<\/li>\n<\/ul>\n\n\n\n<p><a href=\"https:\/\/projectes.xtec.cat\/pensament-computacional\/formacio-robotica\/jornades\/\" target=\"_blank\" rel=\"noreferrer noopener\">Jornades<\/a><\/p>\n<\/div><\/div>\n\n\n\n<div class=\"wp-block-getwid-accordion__header-wrapper\"><span class=\"wp-block-getwid-accordion__header\"><a href=\"#\"><span class=\"wp-block-getwid-accordion__header-title\"><strong>5. PROPOSTA &#8216;JORNADA DE ROB\u00d2TICA&#8217;<\/strong><\/span><span class=\"wp-block-getwid-accordion__icon is-active\"><i class=\"fas fa-plus\"><\/i><\/span><span class=\"wp-block-getwid-accordion__icon is-passive\"><i class=\"fas fa-minus\"><\/i><\/span><\/a><\/span><\/div><div class=\"wp-block-getwid-accordion__content-wrapper\"><div class=\"wp-block-getwid-accordion__content\">\n<p>Es proposa fer una jornada de rob\u00f2tica dels centres de la Comarca. <\/p>\n\n\n\n<ul class=\"wp-block-list\">\n<li>Alumnes participants: 5\u00e8 i alumnat de les optatives de rob\u00f2tica d&#8217;ESO i Batxillerat<\/li>\n\n\n\n<li>Reptes i estacions<\/li>\n\n\n\n<li>Problem\u00e0tica amb el transport escolar (no hi ha subvenci\u00f3 del Consell Comarcal)\n<ul class=\"wp-block-list\">\n<li>alternativa pels centres de fora de Banyoles: organitzar jornades al propi centre entre l&#8217;alumnat de cicle superior i inicial<\/li>\n<\/ul>\n<\/li>\n<\/ul>\n\n\n\n<p><a href=\"https:\/\/aplicacions.gestioeducativa.gencat.cat\/ords\/pls\/soloas\/pk_for_mod_ins.p_for_cons_activitats?p_any=2025-2026&amp;p_codi=5061120529&amp;p_totes=S\" target=\"_blank\" rel=\"noreferrer noopener\">Grup de treball<\/a><\/p>\n<\/div><\/div>\n\n\n\n<div class=\"wp-block-getwid-accordion__header-wrapper\"><span class=\"wp-block-getwid-accordion__header\"><a href=\"#\"><span class=\"wp-block-getwid-accordion__header-title\"><strong>6. PROPOSTES DACTIVITATS DE R\u00c0DIO I AUDIOVISUALS<\/strong><\/span><span class=\"wp-block-getwid-accordion__icon is-active\"><i class=\"fas fa-plus\"><\/i><\/span><span class=\"wp-block-getwid-accordion__icon is-passive\"><i class=\"fas fa-minus\"><\/i><\/span><\/a><\/span><\/div><div class=\"wp-block-getwid-accordion__content-wrapper\"><div class=\"wp-block-getwid-accordion__content\">\n<figure class=\"wp-block-image size-full\"><a href=\"https:\/\/serveiseducatius.xtec.cat\/pladelestany\/wp-content\/uploads\/usu771\/2025\/09\/radio.jpg\"><img loading=\"lazy\" decoding=\"async\" width=\"588\" height=\"252\" src=\"https:\/\/serveiseducatius.xtec.cat\/pladelestany\/wp-content\/uploads\/usu771\/2025\/09\/radio.jpg\" alt=\"\" class=\"wp-image-7851\" srcset=\"https:\/\/serveiseducatius.xtec.cat\/pladelestany\/wp-content\/uploads\/usu771\/2025\/09\/radio.jpg 588w, https:\/\/serveiseducatius.xtec.cat\/pladelestany\/wp-content\/uploads\/usu771\/2025\/09\/radio-300x129.jpg 300w\" sizes=\"auto, (max-width: 588px) 100vw, 588px\" \/><\/a><\/figure>\n\n\n\n<figure class=\"wp-block-image size-full is-resized\"><a href=\"https:\/\/serveiseducatius.xtec.cat\/pladelestany\/wp-content\/uploads\/usu771\/2025\/09\/audio.jpg\"><img loading=\"lazy\" decoding=\"async\" width=\"583\" height=\"211\" src=\"https:\/\/serveiseducatius.xtec.cat\/pladelestany\/wp-content\/uploads\/usu771\/2025\/09\/audio.jpg\" alt=\"\" class=\"wp-image-7852\" style=\"width:591px;height:auto\" srcset=\"https:\/\/serveiseducatius.xtec.cat\/pladelestany\/wp-content\/uploads\/usu771\/2025\/09\/audio.jpg 583w, https:\/\/serveiseducatius.xtec.cat\/pladelestany\/wp-content\/uploads\/usu771\/2025\/09\/audio-300x109.jpg 300w\" sizes=\"auto, (max-width: 583px) 100vw, 583px\" \/><\/a><\/figure>\n<\/div><\/div>\n\n\n\n<div class=\"wp-block-getwid-accordion__header-wrapper\"><span class=\"wp-block-getwid-accordion__header\"><a href=\"#\"><span class=\"wp-block-getwid-accordion__header-title\"><strong>7. EINES I RECURSOS<\/strong><\/span><span class=\"wp-block-getwid-accordion__icon is-active\"><i class=\"fas fa-plus\"><\/i><\/span><span class=\"wp-block-getwid-accordion__icon is-passive\"><i class=\"fas fa-minus\"><\/i><\/span><\/a><\/span><\/div><div class=\"wp-block-getwid-accordion__content-wrapper\"><div class=\"wp-block-getwid-accordion__content\">\n<ul class=\"wp-block-list\">\n<li>Compra de materials a trav\u00e9s d&#8217;\u00c0TOM:\n<ul class=\"wp-block-list\">\n<li>ho ha de fer la direcci\u00f3 del centre des del seu usuari\n<ul class=\"wp-block-list\">\n<li>Per veure els materials hi ha dues maneres: \n<ul class=\"wp-block-list\">\n<li>Full de c\u00e0lcul amb el llistat: anant a l&#8217;apartat CAT\u00c0LEG d&#8217;<strong>\u00c0TOM<\/strong> pr\u00e9mer a &#8216;Mostra els 11 articles\u201d i anar a la categoria \u201cCentre educatiu\u201d. Seguidament accedir a \u201cPetici\u00f3 d\u2019equipaments i serveis de campanyes\u201d, on hi trobar\u00e0 un enlla\u00e7 a un formulari en Excel que inclou una pestanya on est\u00e0 recollit el llistat de material.<\/li>\n\n\n\n<li>El cat\u00e0leg amb descripcions i imatges el trobareu al <strong>Portal de Centre<\/strong>. S&#8217;ha d\u2019accedir, dins de \u201cRecursos i eines\u201d, \u201cSolucions i suport TIC\u201d, despr\u00e9s \u201cSolucions TIC per centres\u201d i finalment \u201ccat\u00e0leg de solucions tecnol\u00f2giques pels centres\u201d. All\u00e0 trobareu el PDF.<\/li>\n<\/ul>\n<\/li>\n<\/ul>\n<\/li>\n<\/ul>\n<\/li>\n<\/ul>\n\n\n\n<ul class=\"wp-block-list\">\n<li>Aplicacions pr\u00e0ctiques pel dia a dia:\n<ul class=\"wp-block-list\">\n<li><strong>newline cast+<\/strong>: per compartir pantalla als panells<\/li>\n\n\n\n<li>pdf24<\/li>\n<\/ul>\n<\/li>\n<\/ul>\n\n\n\n<ul class=\"wp-block-list\">\n<li>Automatitzaci\u00f3 &#8216;timbre&#8217; centre (m\u00fasica entrades, sortides, patis&#8230;). Quin programari feu anar al vostre centre?\n<ul class=\"wp-block-list\">\n<li>Programador de tasques del windows<\/li>\n\n\n\n<li>Zara R\u00e0dio<\/li>\n<\/ul>\n<\/li>\n<\/ul>\n<\/div><\/div>\n\n\n\n<div class=\"wp-block-getwid-accordion__header-wrapper\"><span class=\"wp-block-getwid-accordion__header\"><a href=\"#\"><span class=\"wp-block-getwid-accordion__header-title\"><strong>8. TANCAMENT i TORN OBERT DE PARAULA<\/strong><\/span><span class=\"wp-block-getwid-accordion__icon is-active\"><i class=\"fas fa-plus\"><\/i><\/span><span class=\"wp-block-getwid-accordion__icon is-passive\"><i class=\"fas fa-minus\"><\/i><\/span><\/a><\/span><\/div><div class=\"wp-block-getwid-accordion__content-wrapper\"><div class=\"wp-block-getwid-accordion__content\">\n<ul class=\"wp-block-list\">\n<li>Calendari (centres on fem cada sessi\u00f3)<\/li>\n\n\n\n<li>P\u00edndoles formatives a les sessions\n<ul class=\"wp-block-list\">\n<li>IA (Sergi i Xevi)<\/li>\n\n\n\n<li>??<\/li>\n<\/ul>\n<\/li>\n<\/ul>\n\n\n\n<ul class=\"wp-block-list\">\n<li><a href=\"https:\/\/projectes.xtec.cat\/digital\/noticies\/formacio\/oberta-la-borsa-de-formadors-es-de-larea-de-cultura-digital\/\" target=\"_blank\" rel=\"noreferrer noopener\">Borsa de formadors de l&#8217;\u00c0rea de Cultura digital<\/a><\/li>\n<\/ul>\n<\/div><\/div>\n<\/div>\n\n\n\n<p><\/p>\n<\/div><\/div>\n\n\n\n<div class=\"wp-block-getwid-tabs__nav-link\"><span class=\"wp-block-getwid-tabs__title-wrapper\"><a href=\"#\"><span class=\"wp-block-getwid-tabs__title\">Sessi\u00f3 2<\/span><\/a><\/span><\/div><div class=\"wp-block-getwid-tabs__tab-content-wrapper\"><div class=\"wp-block-getwid-tabs__tab-content\">\n<div class=\"wp-block-getwid-accordion has-icon-left\" data-active-element=\"none\">\n<div class=\"wp-block-getwid-accordion__header-wrapper\"><span class=\"wp-block-getwid-accordion__header\"><a href=\"#\"><span class=\"wp-block-getwid-accordion__header-title\"><strong>1. SESSI\u00d3 EN L\u00cdNIA SUBXARXA<\/strong><\/span><span class=\"wp-block-getwid-accordion__icon is-active\"><i class=\"fas fa-plus\"><\/i><\/span><span class=\"wp-block-getwid-accordion__icon is-passive\"><i class=\"fas fa-minus\"><\/i><\/span><\/a><\/span><\/div><div class=\"wp-block-getwid-accordion__content-wrapper\"><div class=\"wp-block-getwid-accordion__content\">\n<p>Compartim dubtes i experi\u00e8ncies sobre el que es va explicar a la sessi\u00f3 en l\u00ednia de la subxarxa.&nbsp;<\/p>\n\n\n\n<ul class=\"wp-block-list\">\n<li><a href=\"https:\/\/serveiseducatius.xtec.cat\/pladelestany\/les-nostres-activitats\/suport-digital-pla-de-lestany\/coordinacio-digital\/subxarxa\/\" data-type=\"page\" data-id=\"7291\" target=\"_blank\" rel=\"noreferrer noopener\"><strong>RESUMS<\/strong><\/a><\/li>\n<\/ul>\n<\/div><\/div>\n\n\n\n<div class=\"wp-block-getwid-accordion__header-wrapper\"><span class=\"wp-block-getwid-accordion__header\"><a href=\"#\"><span class=\"wp-block-getwid-accordion__header-title\"><strong>2. FORMACIONS DIGITALS I JORNADES<\/strong><\/span><span class=\"wp-block-getwid-accordion__icon is-active\"><i class=\"fas fa-plus\"><\/i><\/span><span class=\"wp-block-getwid-accordion__icon is-passive\"><i class=\"fas fa-minus\"><\/i><\/span><\/a><\/span><\/div><div class=\"wp-block-getwid-accordion__content-wrapper\"><div class=\"wp-block-getwid-accordion__content\">\n<p><strong>Formaci\u00f3<\/strong>:<\/p>\n\n\n\n<ul class=\"wp-block-list\">\n<li style=\"padding-top:0;padding-right:0;padding-bottom:0;padding-left:0\"><a href=\"https:\/\/odissea.xtec.cat\/course\/index.php?categoryid=246\" target=\"_blank\" rel=\"noreferrer noopener\">formaci\u00f3 oberta<\/a>&nbsp;dotacions i altres temes<\/li>\n\n\n\n<li><a href=\"https:\/\/odissea.xtec.cat\/course\/index.php?categoryid=30697\" target=\"_blank\" rel=\"noreferrer noopener\">Formaci\u00f3 2n torn<\/a><\/li>\n\n\n\n<li>Formacions d&#8217;IA fetes a Girona:\n<ul class=\"wp-block-list\">\n<li><a href=\"https:\/\/sites.google.com\/xtec.cat\/iaraque\/p%C3%A0gina-principal\" target=\"_blank\" rel=\"noreferrer noopener\">I Ara, qu\u00e8? Intel\u00b7lig\u00e8ncia Artificial Generativa per a docents <\/a> <\/li>\n\n\n\n<li><a href=\"https:\/\/docs.google.com\/presentation\/d\/1RimVKNnELgAPfH1sN4O3KAjUmXADmIvxulpuLqNVGnQ\/edit?slide=id.g36553bbc4e3_0_0#slide=id.g36553bbc4e3_0_0\" target=\"_blank\" rel=\"noreferrer noopener\">De la calculadora a ChatGPT<\/a><\/li>\n<\/ul>\n<\/li>\n<\/ul>\n\n\n\n<p><strong>Jornades:<\/strong><\/p>\n\n\n\n<ul class=\"wp-block-list\">\n<li><strong>a Girona<\/strong>, 28 de febrer de 2026<\/li>\n<\/ul>\n\n\n\n<figure class=\"wp-block-image size-large is-resized\"><a href=\"https:\/\/projectes.xtec.cat\/pensament-computacional\/jornada-connectem-per-crear-girona-2026\/\" target=\"_blank\" rel=\" noreferrer noopener\"><img loading=\"lazy\" decoding=\"async\" width=\"1024\" height=\"683\" src=\"https:\/\/serveiseducatius.xtec.cat\/pladelestany\/wp-content\/uploads\/usu771\/2025\/11\/robotica-IA-i-pensament-computacional-1024x683.png\" alt=\"\" class=\"wp-image-8222\" style=\"width:300px;height:auto\" srcset=\"https:\/\/serveiseducatius.xtec.cat\/pladelestany\/wp-content\/uploads\/usu771\/2025\/11\/robotica-IA-i-pensament-computacional-1024x683.png 1024w, https:\/\/serveiseducatius.xtec.cat\/pladelestany\/wp-content\/uploads\/usu771\/2025\/11\/robotica-IA-i-pensament-computacional-300x200.png 300w, https:\/\/serveiseducatius.xtec.cat\/pladelestany\/wp-content\/uploads\/usu771\/2025\/11\/robotica-IA-i-pensament-computacional-768x512.png 768w, https:\/\/serveiseducatius.xtec.cat\/pladelestany\/wp-content\/uploads\/usu771\/2025\/11\/robotica-IA-i-pensament-computacional.png 1536w\" sizes=\"auto, (max-width: 1024px) 100vw, 1024px\" \/><\/a><\/figure>\n\n\n\n<ul class=\"wp-block-list\">\n<li><strong>Col\u00b7laclic<\/strong>, FEDAC St Andreu, 11 d&#8217;abril de 2026<\/li>\n<\/ul>\n<\/div><\/div>\n\n\n\n<div class=\"wp-block-getwid-accordion__header-wrapper\"><span class=\"wp-block-getwid-accordion__header\"><a href=\"#\"><span class=\"wp-block-getwid-accordion__header-title\"><strong>3. JORNADA DE ROB\u00d2TICA<\/strong><\/span><span class=\"wp-block-getwid-accordion__icon is-active\"><i class=\"fas fa-plus\"><\/i><\/span><span class=\"wp-block-getwid-accordion__icon is-passive\"><i class=\"fas fa-minus\"><\/i><\/span><\/a><\/span><\/div><div class=\"wp-block-getwid-accordion__content-wrapper\"><div class=\"wp-block-getwid-accordion__content\">\n<p>Presentada la Jornada de rob\u00f2tica als seminaris de caps d&#8217;estudis i parlar-ho als centres:<\/p>\n\n\n\n<ul class=\"wp-block-list\">\n<li>Es demana que s&#8217;organitzi des de la Subxarxa de Coordinadors i amb les visites del mentor digital amb la comissi\u00f3 a centre.<\/li>\n\n\n\n<li>Fer-la el pr\u00f2xim curs.<\/li>\n\n\n\n<li>Es faria a cicle superior (hi ha centres petits que participaran alumnat de 4t a 6\u00e8, altres de 5\u00e8 i altres de 6\u00e8. <\/li>\n<\/ul>\n\n\n\n<p>Com ho fem a partir d&#8217;ara?<\/p>\n\n\n\n<ul class=\"wp-block-list\">\n<li>Possibilitat de preparar reptes i fer-los internament aquest curs: aprofitar que hi ha la figura del mentor de rob\u00f2tica i pot fer codoc\u00e8ncies.<\/li>\n\n\n\n<li>Fer un parell de trobades durant el curs amb el professorat de tecno per comen\u00e7ar a idear la part d&#8217;estacions de secund\u00e0ria.<\/li>\n<\/ul>\n<\/div><\/div>\n\n\n\n<div class=\"wp-block-getwid-accordion__header-wrapper\"><span class=\"wp-block-getwid-accordion__header\"><a href=\"#\"><span class=\"wp-block-getwid-accordion__header-title\"><strong>4. GESTI\u00d3 D&#8217;IMATGES I PROTECCI\u00d3 DE DADES<\/strong><\/span><span class=\"wp-block-getwid-accordion__icon is-active\"><i class=\"fas fa-plus\"><\/i><\/span><span class=\"wp-block-getwid-accordion__icon is-passive\"><i class=\"fas fa-minus\"><\/i><\/span><\/a><\/span><\/div><div class=\"wp-block-getwid-accordion__content-wrapper\"><div class=\"wp-block-getwid-accordion__content\">\n<p><\/p>\n\n\n<p><iframe loading=\"lazy\" src=\"https:\/\/drive.google.com\/file\/d\/1zeqiZVze0YHmX4gC6HJzGuDARJsPcP5y\/preview\" width=\"640\" height=\"420\" allow=\"autoplay\"><\/iframe><\/p>\n<\/div><\/div>\n\n\n\n<div class=\"wp-block-getwid-accordion__header-wrapper\"><span class=\"wp-block-getwid-accordion__header\"><a href=\"#\"><span class=\"wp-block-getwid-accordion__header-title\"><strong>5. EINES I RECURSOS<\/strong><\/span><span class=\"wp-block-getwid-accordion__icon is-active\"><i class=\"fas fa-plus\"><\/i><\/span><span class=\"wp-block-getwid-accordion__icon is-passive\"><i class=\"fas fa-minus\"><\/i><\/span><\/a><\/span><\/div><div class=\"wp-block-getwid-accordion__content-wrapper\"><div class=\"wp-block-getwid-accordion__content\">\n<ul class=\"wp-block-list\">\n<li><strong>IA:<\/strong>\n<ul class=\"wp-block-list\">\n<li><a href=\"https:\/\/www.youtube.com\/playlist?list=PL1G8SlWrQojgUy7Aw_tqhu76Zh6NvWpIL\" target=\"_blank\" rel=\"noreferrer noopener\">Llista de reproducci\u00f3 <\/a>Cultura Digital<\/li>\n\n\n\n<li>Nova opci\u00f3 de NotebookLm: resums amb v\u00eddeo i infografies. Exemples:\n<ul class=\"wp-block-list\">\n<li><a href=\"https:\/\/docs.google.com\/document\/d\/1uPXjzp-z0XSUz3AtI-ixnW3JDYcXA1NrT-6xEvFQ1dU\/edit?tab=t.0#heading=h.6rb6a0vlr5t3\" target=\"_blank\" rel=\"noreferrer noopener\">Llibre INVENTAR PER APRENDRE<\/a> (resum en \u00e0udio i resum en v\u00eddeo)<\/li>\n\n\n\n<li><a href=\"https:\/\/drive.google.com\/file\/d\/1FRspqkOhZYvM4aSRJHy8XEARkDH35r44\/view?usp=sharing\" target=\"_blank\" rel=\"noreferrer noopener\">Resum subxarxa<\/a> (resum en v\u00eddeo)<\/li>\n\n\n\n<li><a href=\"https:\/\/drive.google.com\/file\/d\/1EekT_O-HaDL8yKmgMGcbeLmKh1ec5oSW\/view?usp=sharing\" target=\"_blank\" rel=\"noreferrer noopener\">Infografies <\/a><\/li>\n<\/ul>\n<\/li>\n\n\n\n<li>Canva:\n<ul class=\"wp-block-list\">\n<li><a href=\"https:\/\/www.canva.com\/design\/DAG3Ea0KpWI\/GBFx36RAaetHefRLT7pPkw\/view?utm_content=DAG3Ea0KpWI&amp;utm_campaign=designshare&amp;utm_medium=link2&amp;utm_source=uniquelinks&amp;utlId=hf1598e4ce5#12\" target=\"_blank\" rel=\"noreferrer noopener\">Presentacions<\/a><\/li>\n<\/ul>\n<\/li>\n\n\n\n<li>Enlla\u00e7os a Notebooklm per fer consultes de:\n<ul class=\"wp-block-list\">\n<li><a href=\"https:\/\/notebooklm.google.com\/notebook\/70efde60-e871-4427-bf08-9731f6e52a1f\" target=\"_blank\" rel=\"noreferrer noopener\">Plaques, complements i accessoris<\/a>&nbsp;<\/li>\n\n\n\n<li><a href=\"https:\/\/notebooklm.google.com\/notebook\/421e00c8-9ff7-4cd2-923a-a687ccc9a996\" target=\"_blank\" rel=\"noreferrer noopener\">Robots educatius<\/a><\/li>\n\n\n\n<li><a href=\"https:\/\/notebooklm.google.com\/notebook\/b0100f60-d847-4600-913a-00ec7a2c77af\" target=\"_blank\" rel=\"noreferrer noopener\">Maleta audiovisual<\/a><\/li>\n<\/ul>\n<\/li>\n<\/ul>\n<\/li>\n\n\n\n<li><strong>Robots en acci\u00f3:<\/strong>\n<ul class=\"wp-block-list\">\n<li><a href=\"https:\/\/projectes.xtec.cat\/pensament-computacional\/wp-content\/uploads\/usu2217\/2025\/10\/Repte-1-Activitats-inicials-Primaria-1.pdf\" target=\"_blank\" rel=\"noreferrer noopener\">Activitats inicials del repte<br><\/a>Aprofitant el context tem\u00e0tic de cada repte, s\u2019ha dissenyat un conjunt d\u2019activitats que permeten treballar diverses compet\u00e8ncies de l\u2019\u00e0mbit matem\u00e0tic, de Medi Natural, Social i Cultural o de Tecnologia (en el cas de secund\u00e0ria).<br>Estan vinculades als ODS i al curr\u00edculum, i s\u2019inspiren en les proves de compet\u00e8ncies b\u00e0siques (6\u00e8) o en les d\u2019avaluaci\u00f3 diagn\u00f2stica (2n d\u2019ESO).<\/li>\n\n\n\n<li>A l\u2019espai personal es poden trobar els materials amb la guia docent.<\/li>\n\n\n\n<li><a href=\"https:\/\/projectes.xtec.cat\/pensament-computacional\/proposta-pagina-inici-pc-curs-25-26\/pagina-principal-robotica-25-26\/rea-curs-25-26\/tria-reptes-t2\/repte-1-t2\/robots-en-accio-temporada-2\/\" target=\"_blank\" rel=\"noreferrer noopener\">Activitats \u201cPreparem el repte\u201d i \u201cRevisa el que saps\u201d<br><\/a>S\u00f3n propostes de programaci\u00f3 amb sensors i actuadors, pensades per practicar i aprendre a programar les accions que despr\u00e9s caldr\u00e0 aplicar al repte final.<\/li>\n\n\n\n<li><a href=\"https:\/\/drive.google.com\/file\/d\/12FfpHKpIRMECQhawoIh6z2IVgbVZUcl5\/view\" target=\"_blank\" rel=\"noreferrer noopener\">Contes (Educaci\u00f3 Infantil)<\/a> i <a href=\"https:\/\/drive.google.com\/file\/d\/1IXzMK-qOLrA_WWh7qnNCgWKjG0YZcvIJ\/view\" target=\"_blank\" rel=\"noreferrer noopener\">C\u00f2mics (Educaci\u00f3 Prim\u00e0ria)<br><\/a>Materials creats per fomentar la lectura i treballar la comprensi\u00f3 lectora, relacionats amb la narrativa i els valors del projecte.<\/li>\n<\/ul>\n<\/li>\n<\/ul>\n\n\n\n<p style=\"border-style:none;border-width:0px;margin-top:0;margin-right:var(--wp--preset--spacing--60);margin-bottom:0;margin-left:var(--wp--preset--spacing--60)\">Tots aquests recursos estan disponibles i accessibles a la <a href=\"https:\/\/projectes.xtec.cat\/pensament-computacional\/inici\/robotica\/robots-accio\/\" target=\"_blank\" rel=\"noreferrer noopener\">web del projecte<\/a>.<\/p>\n\n\n\n<div class=\"wp-block-columns is-layout-flex wp-container-core-columns-is-layout-1 wp-block-columns-is-layout-flex\">\n<div class=\"wp-block-column is-layout-flow wp-block-column-is-layout-flow\"><p><iframe loading=\"lazy\" src=\"https:\/\/drive.google.com\/file\/d\/1A17w8WLVVym8YZf9lpk8MYhZUIHBqY3D\/preview\" width=\"640\" height=\"380\" allow=\"autoplay\"><\/iframe><\/p>\n<\/div>\n\n\n\n<div class=\"wp-block-column is-layout-flow wp-block-column-is-layout-flow\"><p><iframe loading=\"lazy\" src=\"https:\/\/drive.google.com\/file\/d\/1-vzXXWj98uS4PS6e38HcEqn5_PiqK5Yp\/preview\" width=\"640\" height=\"420\" allow=\"autoplay\"><\/iframe><\/p>\n<\/div>\n<\/div>\n<\/div><\/div>\n\n\n\n<div class=\"wp-block-getwid-accordion__header-wrapper\"><span class=\"wp-block-getwid-accordion__header\"><a href=\"#\"><span class=\"wp-block-getwid-accordion__header-title\"><strong>6. TANCAMENT i TORN OBERT DE PARAULA<\/strong><\/span><span class=\"wp-block-getwid-accordion__icon is-active\"><i class=\"fas fa-plus\"><\/i><\/span><span class=\"wp-block-getwid-accordion__icon is-passive\"><i class=\"fas fa-minus\"><\/i><\/span><\/a><\/span><\/div><div class=\"wp-block-getwid-accordion__content-wrapper\"><div class=\"wp-block-getwid-accordion__content\">\n<ul class=\"wp-block-list\">\n<li><a href=\"https:\/\/script.google.com\/a\/macros\/xtec.cat\/s\/AKfycbxKLbGeXsnQ4r7Fn2H7uvkU2_u7IDTqqc5064nTvt865vNoVmOT_z28i30ruXfw_vaO5A\/exec\" target=\"_blank\" rel=\"noreferrer noopener\">Subxarxa de Coordinaci\u00f3 digital de centre (COOR) 2025-26<\/a> (revisi\u00f3 individual)<\/li>\n\n\n\n<li>Calendari (centres on fem cada sessi\u00f3)<\/li>\n\n\n\n<li>P\u00edndoles formatives a les sessions\n<ul class=\"wp-block-list\">\n<li>23 de febrer: IA (Sergi i Xevi)<\/li>\n\n\n\n<li>??<\/li>\n<\/ul>\n<\/li>\n<\/ul>\n\n\n\n<ul class=\"wp-block-list\">\n<li><a href=\"https:\/\/projectes.xtec.cat\/digital\/noticies\/formacio\/oberta-la-borsa-de-formadors-es-de-larea-de-cultura-digital\/\" target=\"_blank\" rel=\"noreferrer noopener\">Borsa de formadors de l&#8217;\u00c0rea de Cultura digital<\/a><\/li>\n\n\n\n<li>Proposta &#8216;Friki Banyoles&#8217; (la M\u00f2nica ens fa un resum). <\/li>\n<\/ul>\n<\/div><\/div>\n<\/div>\n\n\n\n<p><\/p>\n<\/div><\/div>\n\n\n\n<div class=\"wp-block-getwid-tabs__nav-link\"><span class=\"wp-block-getwid-tabs__title-wrapper\"><a href=\"#\"><span class=\"wp-block-getwid-tabs__title\">Sessi\u00f3 3<\/span><\/a><\/span><\/div><div class=\"wp-block-getwid-tabs__tab-content-wrapper\"><div class=\"wp-block-getwid-tabs__tab-content\">\n<div class=\"wp-block-getwid-accordion has-icon-left\" data-active-element=\"none\">\n<div class=\"wp-block-getwid-accordion__header-wrapper\"><span class=\"wp-block-getwid-accordion__header\"><a href=\"#\"><span class=\"wp-block-getwid-accordion__header-title\"><strong>1. SESSI\u00d3 EN L\u00cdNIA SUBXARXA<\/strong><\/span><span class=\"wp-block-getwid-accordion__icon is-active\"><i class=\"fas fa-plus\"><\/i><\/span><span class=\"wp-block-getwid-accordion__icon is-passive\"><i class=\"fas fa-minus\"><\/i><\/span><\/a><\/span><\/div><div class=\"wp-block-getwid-accordion__content-wrapper\"><div class=\"wp-block-getwid-accordion__content\">\n<p>Compartim dubtes i experi\u00e8ncies sobre el que es va explicar a la sessi\u00f3 en l\u00ednia de la subxarxa.&nbsp;<\/p>\n\n\n\n<ul class=\"wp-block-list\">\n<li><a href=\"https:\/\/serveiseducatius.xtec.cat\/pladelestany\/les-nostres-activitats\/suport-digital-pla-de-lestany\/coordinacio-digital\/subxarxa\/\" data-type=\"page\" data-id=\"7291\" target=\"_blank\" rel=\"noreferrer noopener\"><strong>RESUM<\/strong><\/a><\/li>\n<\/ul>\n<\/div><\/div>\n\n\n\n<div class=\"wp-block-getwid-accordion__header-wrapper\"><span class=\"wp-block-getwid-accordion__header\"><a href=\"#\"><span class=\"wp-block-getwid-accordion__header-title\"><strong>2. FORMACIONS DIGITALS I JORNADES<\/strong><\/span><span class=\"wp-block-getwid-accordion__icon is-active\"><i class=\"fas fa-plus\"><\/i><\/span><span class=\"wp-block-getwid-accordion__icon is-passive\"><i class=\"fas fa-minus\"><\/i><\/span><\/a><\/span><\/div><div class=\"wp-block-getwid-accordion__content-wrapper\"><div class=\"wp-block-getwid-accordion__content\">\n<p><strong>Formaci\u00f3<\/strong>:<\/p>\n\n\n\n<ul class=\"wp-block-list\">\n<li><a href=\"https:\/\/odissea.xtec.cat\/course\/index.php?categoryid=246\" target=\"_blank\" rel=\"noreferrer noopener\">Formaci\u00f3 oberta<\/a>&nbsp;dotacions i altres temes<\/li>\n\n\n\n<li>Formaci\u00f3 fulls de c\u00e0lcul segon torn (acc\u00e9s als <a href=\"https:\/\/www.youtube.com\/watch?v=aRSXRwgXhx0&amp;list=PL1G8SlWrQojgLprLvJrjG7Xg6vufVoTKW&amp;index=34\" target=\"_blank\" rel=\"noreferrer noopener\">v\u00eddeos de la formaci\u00f3<\/a>)<\/li>\n\n\n\n<li>Formacions d&#8217;IA fetes a Girona i Banyoles:\n<ul class=\"wp-block-list\">\n<li><a href=\"https:\/\/sites.google.com\/xtec.cat\/iaraque\/p%C3%A0gina-principal\" target=\"_blank\" rel=\"noreferrer noopener\">I Ara, qu\u00e8? Intel\u00b7lig\u00e8ncia Artificial Generativa per a docents <\/a> <\/li>\n\n\n\n<li><a href=\"https:\/\/docs.google.com\/presentation\/d\/1RimVKNnELgAPfH1sN4O3KAjUmXADmIvxulpuLqNVGnQ\/edit?slide=id.g36553bbc4e3_0_0#slide=id.g36553bbc4e3_0_0\" target=\"_blank\" rel=\"noreferrer noopener\">De la calculadora a ChatGPT<\/a><\/li>\n\n\n\n<li><a href=\"https:\/\/drive.google.com\/file\/d\/1Gy5qcSa9n0IUpUxKAGFBIBkUPpYf-2j-\/view?usp=drive_link\" target=\"_blank\" rel=\"noreferrer noopener\">IAG en els centres educatius. Per on comencem?<\/a><\/li>\n<\/ul>\n<\/li>\n<\/ul>\n\n\n\n<p><strong>Jornades:<\/strong><\/p>\n\n\n\n<ul class=\"wp-block-list\">\n<li><strong>a Girona<\/strong>, 28 de febrer de 2026<\/li>\n<\/ul>\n\n\n\n<figure class=\"wp-block-image size-large is-resized\"><a href=\"https:\/\/projectes.xtec.cat\/pensament-computacional\/jornada-connectem-per-crear-girona-2026\/\" target=\"_blank\" rel=\" noreferrer noopener\"><img loading=\"lazy\" decoding=\"async\" width=\"1024\" height=\"683\" src=\"https:\/\/serveiseducatius.xtec.cat\/pladelestany\/wp-content\/uploads\/usu771\/2025\/11\/robotica-IA-i-pensament-computacional-1024x683.png\" alt=\"\" class=\"wp-image-8222\" style=\"width:300px;height:auto\" srcset=\"https:\/\/serveiseducatius.xtec.cat\/pladelestany\/wp-content\/uploads\/usu771\/2025\/11\/robotica-IA-i-pensament-computacional-1024x683.png 1024w, https:\/\/serveiseducatius.xtec.cat\/pladelestany\/wp-content\/uploads\/usu771\/2025\/11\/robotica-IA-i-pensament-computacional-300x200.png 300w, https:\/\/serveiseducatius.xtec.cat\/pladelestany\/wp-content\/uploads\/usu771\/2025\/11\/robotica-IA-i-pensament-computacional-768x512.png 768w, https:\/\/serveiseducatius.xtec.cat\/pladelestany\/wp-content\/uploads\/usu771\/2025\/11\/robotica-IA-i-pensament-computacional.png 1536w\" sizes=\"auto, (max-width: 1024px) 100vw, 1024px\" \/><\/a><\/figure>\n\n\n\n<ul class=\"wp-block-list\">\n<li>a Barcelona, <strong>Col\u00b7laclic<\/strong>, FEDAC St Andreu, 11 d&#8217;abril de 2026<\/li>\n<\/ul>\n\n\n\n<figure class=\"wp-block-image size-large is-resized\"><a href=\"https:\/\/transformacioneducativa.es\/encuentros\/vi-trobada-col-laclic\/\" target=\"_blank\" rel=\" noreferrer noopener\"><img loading=\"lazy\" decoding=\"async\" width=\"1024\" height=\"343\" src=\"https:\/\/serveiseducatius.xtec.cat\/pladelestany\/wp-content\/uploads\/usu771\/2026\/02\/image-1024x343.png\" alt=\"\" class=\"wp-image-8765\" style=\"width:337px;height:auto\" srcset=\"https:\/\/serveiseducatius.xtec.cat\/pladelestany\/wp-content\/uploads\/usu771\/2026\/02\/image-1024x343.png 1024w, https:\/\/serveiseducatius.xtec.cat\/pladelestany\/wp-content\/uploads\/usu771\/2026\/02\/image-300x101.png 300w, https:\/\/serveiseducatius.xtec.cat\/pladelestany\/wp-content\/uploads\/usu771\/2026\/02\/image-768x257.png 768w, https:\/\/serveiseducatius.xtec.cat\/pladelestany\/wp-content\/uploads\/usu771\/2026\/02\/image.png 1047w\" sizes=\"auto, (max-width: 1024px) 100vw, 1024px\" \/><\/a><\/figure>\n<\/div><\/div>\n\n\n\n<div class=\"wp-block-getwid-accordion__header-wrapper\"><span class=\"wp-block-getwid-accordion__header\"><a href=\"#\"><span class=\"wp-block-getwid-accordion__header-title\"><strong>3. COMPARTIM I PRACTIQUEM AMB LA IA<\/strong><\/span><span class=\"wp-block-getwid-accordion__icon is-active\"><i class=\"fas fa-plus\"><\/i><\/span><span class=\"wp-block-getwid-accordion__icon is-passive\"><i class=\"fas fa-minus\"><\/i><\/span><\/a><\/span><\/div><div class=\"wp-block-getwid-accordion__content-wrapper\"><div class=\"wp-block-getwid-accordion__content\">\n<p><\/p>\n\n\n<p><iframe loading=\"lazy\" src=\"https:\/\/drive.google.com\/file\/d\/1Ql5RWB3cVZhQ81hABQVkgabopP314Oi5\/preview\" width=\"640\" height=\"360\"><\/iframe><\/p>\n<\/div><\/div>\n\n\n\n<div class=\"wp-block-getwid-accordion__header-wrapper\"><span class=\"wp-block-getwid-accordion__header\"><a href=\"#\"><span class=\"wp-block-getwid-accordion__header-title\"><strong>5. EINES I RECURSOS<\/strong><\/span><span class=\"wp-block-getwid-accordion__icon is-active\"><i class=\"fas fa-plus\"><\/i><\/span><span class=\"wp-block-getwid-accordion__icon is-passive\"><i class=\"fas fa-minus\"><\/i><\/span><\/a><\/span><\/div><div class=\"wp-block-getwid-accordion__content-wrapper\"><div class=\"wp-block-getwid-accordion__content\">\n<ul class=\"wp-block-list\">\n<li>Nova Eina Curricular: <a href=\"https:\/\/aistudio.google.com\/apps\/drive\/1F-BOiz7zj8iYCN7SxrSZ63P_V5ASIiwT?showPreview=true&amp;showAssistant=true\" target=\"_blank\" rel=\"noreferrer noopener\">Dissenya les teves Situacions d\u2019Aprenentatge en minuts<\/a> PRIM\u00c0RIA<\/li>\n\n\n\n<li><a href=\"https:\/\/heyzine.com\/flip-book\/1775b640c0.html?mcp_token=eyJwaWQiOjI4MDUzOTMsInNpZCI6NTI2ODQ5MjUsImF4IjoiZWIxZjFjZmVmOWRmYzE5ZGFmN2Y1ZTcwNzYwOTM4NWYiLCJ0cyI6MTc0NTgzNDk3MiwiZXhwIjoxNzQ4MjU0MTcyfQ.iXEwL0GOe3-PY97gZqTr9NhkS0N7qnG9JVWaepkc6x8#page\/9\" target=\"_blank\" rel=\"noreferrer noopener\">50 apps de Canva<\/a> per docents.<\/li>\n\n\n\n<li>Caixa d&#8217;eines PDF24 (totes les opcions que ofereix IlovePDF, en local). Descarregable a trav\u00e9s del PORTAL D&#8217;APLICACIONS dels ordinadors docents. <\/li>\n\n\n\n<li>Soluci\u00f3 per recuperar languagetool: <a href=\"https:\/\/comunitat.edigital.cat\/t\/aplicacio-language-tool-deixa-de-ser-gratuit\/44426\/57\" target=\"_blank\" rel=\"noreferrer noopener\">fil al Nus<\/a><\/li>\n<\/ul>\n<\/div><\/div>\n\n\n\n<div class=\"wp-block-getwid-accordion__header-wrapper\"><span class=\"wp-block-getwid-accordion__header\"><a href=\"#\"><span class=\"wp-block-getwid-accordion__header-title\"><strong>6. TANCAMENT i TORN OBERT DE PARAULA<\/strong><\/span><span class=\"wp-block-getwid-accordion__icon is-active\"><i class=\"fas fa-plus\"><\/i><\/span><span class=\"wp-block-getwid-accordion__icon is-passive\"><i class=\"fas fa-minus\"><\/i><\/span><\/a><\/span><\/div><div class=\"wp-block-getwid-accordion__content-wrapper\"><div class=\"wp-block-getwid-accordion__content\">\n<ul class=\"wp-block-list\">\n<li><a href=\"https:\/\/script.google.com\/a\/macros\/xtec.cat\/s\/AKfycbxKLbGeXsnQ4r7Fn2H7uvkU2_u7IDTqqc5064nTvt865vNoVmOT_z28i30ruXfw_vaO5A\/exec\" target=\"_blank\" rel=\"noreferrer noopener\">Subxarxa de Coordinaci\u00f3 digital de centre (COOR) 2025-26<\/a> (revisi\u00f3 individual)<\/li>\n\n\n\n<li><a href=\"https:\/\/docs.google.com\/document\/d\/1szmeVeUTlwPV7pLmISxRpGknpZLkBL2OTpofgFZ95NU\/edit?tab=t.0\" target=\"_blank\" rel=\"noreferrer noopener\">Error amb l&#8217;actualitzaci\u00f3 NewlineCast<\/a><\/li>\n\n\n\n<li>Dubtes:\n<ul class=\"wp-block-list\">\n<li><strong>Hi ha data l\u00edmit per actualitzar els panells?<\/strong> de moment no hi ha informaci\u00f3 al respecte.<\/li>\n\n\n\n<li><strong>Als 90 minuts, avisa abans de desconnectar un usuari?<\/strong>&nbsp;no hi ha informaci\u00f3 concreta. Al Servei educatiu he fet la prova en un panell (25\/02) posant un usuari de Google i han passat dues hores i segueix l&#8217;usuari. He apagat el panell mitja hora i en connectar-lo segueix l&#8217;usuari de google&#8230; Dilluns ho porvar\u00e9 amb l&#8217;altre.<\/li>\n<\/ul>\n<\/li>\n\n\n\n<li>Pr\u00f2xima sessi\u00f3 Pla de l&#8217;Ametller&#8217; 13 d&#8217;abril\n<ul class=\"wp-block-list\">\n<li>Jornada de rob\u00f2tica curs 26-27<\/li>\n<\/ul>\n<\/li>\n<\/ul>\n<\/div><\/div>\n<\/div>\n\n\n\n<p><\/p>\n<\/div><\/div>\n\n\n\n<div class=\"wp-block-getwid-tabs__nav-link\"><span class=\"wp-block-getwid-tabs__title-wrapper\"><a href=\"#\"><span class=\"wp-block-getwid-tabs__title\">Sessi\u00f3 4<\/span><\/a><\/span><\/div><div class=\"wp-block-getwid-tabs__tab-content-wrapper\"><div class=\"wp-block-getwid-tabs__tab-content\">\n<div class=\"wp-block-getwid-accordion has-icon-left\" data-active-element=\"none\">\n<div class=\"wp-block-getwid-accordion__header-wrapper\"><span class=\"wp-block-getwid-accordion__header\"><a href=\"#\"><span class=\"wp-block-getwid-accordion__header-title\"><strong>1. SESSI\u00d3 EN L\u00cdNIA SUBXARXA<\/strong><\/span><span class=\"wp-block-getwid-accordion__icon is-active\"><i class=\"fas fa-plus\"><\/i><\/span><span class=\"wp-block-getwid-accordion__icon is-passive\"><i class=\"fas fa-minus\"><\/i><\/span><\/a><\/span><\/div><div class=\"wp-block-getwid-accordion__content-wrapper\"><div class=\"wp-block-getwid-accordion__content\">\n<p>Compartim dubtes i experi\u00e8ncies sobre el que es va explicar a la sessi\u00f3 en l\u00ednia de la subxarxa.&nbsp;<\/p>\n\n\n\n<ul class=\"wp-block-list\">\n<li><a href=\"https:\/\/serveiseducatius.xtec.cat\/pladelestany\/les-nostres-activitats\/suport-digital-pla-de-lestany\/coordinacio-digital\/subxarxa\/\" data-type=\"page\" data-id=\"7291\" target=\"_blank\" rel=\"noreferrer noopener\"><strong>RESUM<\/strong><\/a><\/li>\n\n\n\n<li>Renovaci\u00f3 port\u00e0tils<\/li>\n\n\n\n<li>Actualitzaci\u00f3 panells<\/li>\n\n\n\n<li>Emmagatzematge<\/li>\n\n\n\n<li>Anonimitzaci\u00f3 i protecci\u00f3 de dades<\/li>\n\n\n\n<li>Alfabetitzaci\u00f3 medi\u00e0tica<\/li>\n<\/ul>\n<\/div><\/div>\n\n\n\n<div class=\"wp-block-getwid-accordion__header-wrapper\"><span class=\"wp-block-getwid-accordion__header\"><a href=\"#\"><span class=\"wp-block-getwid-accordion__header-title\"><strong>2. JORNADA ROB\u00d2TICA 2027<\/strong><\/span><span class=\"wp-block-getwid-accordion__icon is-active\"><i class=\"fas fa-plus\"><\/i><\/span><span class=\"wp-block-getwid-accordion__icon is-passive\"><i class=\"fas fa-minus\"><\/i><\/span><\/a><\/span><\/div><div class=\"wp-block-getwid-accordion__content-wrapper\"><div class=\"wp-block-getwid-accordion__content\">\n<p>Proposta: <\/p>\n\n\n\n<ul class=\"wp-block-list\">\n<li>CENTRES\n<ul class=\"wp-block-list\">\n<li>Escola Pla de l&#8217;Ametller_ 5\u00e8<\/li>\n\n\n\n<li>Casa Nostra_ 5\u00e8 o 6\u00e8<\/li>\n\n\n\n<li>Can Puig_ 6\u00e8<\/li>\n\n\n\n<li>Bora Gran_ 5\u00e8 i 6\u00e8<\/li>\n\n\n\n<li>La Draga_ 5\u00e8<\/li>\n\n\n\n<li>Frigolet_ 4t, 5\u00e8 i 6\u00e8<\/li>\n\n\n\n<li>l&#8217;Entorn_ 5\u00e8<\/li>\n\n\n\n<li>Camins_ 6\u00e8<\/li>\n\n\n\n<li>Vall del Terri_ <\/li>\n\n\n\n<li>Alzina Reclamadora_ <\/li>\n\n\n\n<li>Sant Esteve de Guialbes_ <\/li>\n\n\n\n<li>La Vila &#8216;Baldiri Reixac&#8217;_ <\/li>\n\n\n\n<li>Carles de Fortuny_ <\/li>\n\n\n\n<li>Brugulat_ optatives<\/li>\n\n\n\n<li>Pere Alsius_ optatives<\/li>\n\n\n\n<li>Pla de l&#8217;Estany_ optatives<\/li>\n<\/ul>\n<\/li>\n\n\n\n<li>4-5 reptes i un parell d&#8217;estacions amb propostes de secund\u00e0ria<\/li>\n\n\n\n<li>(30 mins per repte \/ estaci\u00f3 &#8211; 30 mins de descans per esmorzar)<\/li>\n<\/ul>\n\n\n\n<div class=\"wp-block-columns is-layout-flex wp-container-core-columns-is-layout-2 wp-block-columns-is-layout-flex\">\n<div class=\"wp-block-column is-layout-flow wp-block-column-is-layout-flow\" style=\"flex-basis:33.33%\">\n<ul class=\"wp-block-list\">\n<li>Per exemple:<\/li>\n<\/ul>\n<\/div>\n\n\n\n<div class=\"wp-block-column is-layout-flow wp-block-column-is-layout-flow\" style=\"flex-basis:66.66%\">\n<p>REPTE &#8211; REPTE &#8211; ESTACI\u00d3<\/p>\n\n\n\n<p>DESCANS<\/p>\n\n\n\n<p>REPTE &#8211; REPTE &#8211; ESTACI\u00d3<\/p>\n<\/div>\n<\/div>\n\n\n\n<ul class=\"wp-block-list\">\n<li>Alumnat d&#8217;ESO: a les propostes de les estacions i de &#8216;jutges\/ajudants&#8217; als reptes<\/li>\n\n\n\n<li>Fil conductor\/narrativa per la Jornada, abans i durant?<\/li>\n\n\n\n<li>Impressi\u00f3 de lones per algun repte?<\/li>\n\n\n\n<li>Tipus de reptes:\n<ul class=\"wp-block-list\">\n<li>Desendollats<\/li>\n\n\n\n<li>LegoSpike<\/li>\n\n\n\n<li>Microbit<\/li>\n\n\n\n<li>Beebots<\/li>\n\n\n\n<li>Scratch?<\/li>\n<\/ul>\n<\/li>\n<\/ul>\n\n\n\n<ul class=\"wp-block-list\">\n<li>Tipus d&#8217;estacions:\n<ul class=\"wp-block-list\">\n<li><\/li>\n<\/ul>\n<\/li>\n<\/ul>\n<\/div><\/div>\n\n\n\n<div class=\"wp-block-getwid-accordion__header-wrapper\"><span class=\"wp-block-getwid-accordion__header\"><a href=\"#\"><span class=\"wp-block-getwid-accordion__header-title\"><strong>3. EINES I RECURSOS<\/strong><\/span><span class=\"wp-block-getwid-accordion__icon is-active\"><i class=\"fas fa-plus\"><\/i><\/span><span class=\"wp-block-getwid-accordion__icon is-passive\"><i class=\"fas fa-minus\"><\/i><\/span><\/a><\/span><\/div><div class=\"wp-block-getwid-accordion__content-wrapper\"><div class=\"wp-block-getwid-accordion__content\">\n<ul class=\"wp-block-list\">\n<li>Moltes idees i materials als <a href=\"https:\/\/projectes.xtec.cat\/digital\/formacio-docent\/xtcd\/subxarxa-de-la-coordinacio-digital-de-centre-cdc-24-25\/artefactes-de-la-coordinacio-digital\/\" target=\"_blank\" rel=\"noreferrer noopener\">ARTEFACTES<\/a> dels cursos anteriors: \n<ul class=\"wp-block-list\">\n<li>Per exemple per cercar exemples de documentaci\u00f3, com el Pla d&#8217;acollida.<\/li>\n<\/ul>\n<\/li>\n\n\n\n<li>Recomanaci\u00f3 curs <strong>El full de c\u00e0lcul com a recurs docent<\/strong>\n<ul class=\"wp-block-list\">\n<li><a href=\"https:\/\/youtube.com\/playlist?list=PL1G8SlWrQojgLprLvJrjG7Xg6vufVoTKW&amp;si=C1F7cLRgIxQRP0U6\" target=\"_blank\" rel=\"noreferrer noopener\">Llista de reproducci\u00f3<\/a> dels v\u00eddeos<\/li>\n\n\n\n<li>Continguts:<\/li>\n<\/ul>\n<\/li>\n<\/ul>\n\n\n\n<div class=\"wp-block-getwid-toggle has-icon-left\">\n<div class=\"wp-block-getwid-toggle__row\"><div class=\"wp-block-getwid-toggle__header-wrapper\"><span class=\"wp-block-getwid-toggle__header\"><a href=\"#\"><span class=\"wp-block-getwid-toggle__header-title\">M\u00f2dul 1<\/span><span class=\"wp-block-getwid-toggle__icon is-active\"><i class=\"fas fa-plus\"><\/i><\/span><span class=\"wp-block-getwid-toggle__icon is-passive\"><i class=\"fas fa-minus\"><\/i><\/span><\/a><\/span><\/div><div class=\"wp-block-getwid-toggle__content-wrapper\"><div class=\"wp-block-getwid-toggle__content\">\n<p>Comencem amb el full de c\u00e0lcul<\/p>\n\n\n\n<p>Gesti\u00f3 de files i columnes<\/p>\n\n\n\n<p>Formats de cel\u00b7la<\/p>\n\n\n\n<p>Despla\u00e7ar-se i seleccionar (dreceres de teclat)<\/p>\n\n\n\n<p>El cercador avan\u00e7at<\/p>\n\n\n\n<p>Filtres i ordenaci\u00f3<\/p>\n\n\n\n<p>S\u00e8ries autom\u00e0tiques (estalvi de temps)<\/p>\n\n\n\n<p>Validaci\u00f3 de dades<\/p>\n\n\n\n<p>Protegir el full<\/p>\n\n\n\n<p>Compartir el full de c\u00e0lcul<\/p>\n<\/div><\/div><\/div>\n\n\n\n<div class=\"wp-block-getwid-toggle__row\"><div class=\"wp-block-getwid-toggle__header-wrapper\"><span class=\"wp-block-getwid-toggle__header\"><a href=\"#\"><span class=\"wp-block-getwid-toggle__header-title\">M\u00f2dul 2<\/span><span class=\"wp-block-getwid-toggle__icon is-active\"><i class=\"fas fa-plus\"><\/i><\/span><span class=\"wp-block-getwid-toggle__icon is-passive\"><i class=\"fas fa-minus\"><\/i><\/span><\/a><\/span><\/div><div class=\"wp-block-getwid-toggle__content-wrapper\"><div class=\"wp-block-getwid-toggle__content\">\n<p>Context de les funcions a Google SheetsComencem amb el full de c\u00e0lcul<\/p>\n\n\n\n<p>Introducci\u00f3 a les operacions matem\u00e0tiquesFormats de cel\u00b7la<\/p>\n\n\n\n<p>Refer\u00e8ncies absolutes, relatives i mixtesEl cercador avan\u00e7at<\/p>\n\n\n\n<p>Aplicaci\u00f3 pr\u00e0ctica de les operacions matem\u00e0tiques<\/p>\n\n\n\n<p>Funci\u00f3 SUMPRODUCT<\/p>\n\n\n\n<p>Funcions de text<\/p>\n\n\n\n<p>Funcions de data<\/p>\n\n\n\n<p>Condicions b\u00e0siques i combinades<\/p>\n\n\n\n<p>La Funci\u00f3 IF (SI, en catal\u00e0) avan\u00e7ada<\/p>\n\n\n\n<p>Estad\u00edstiques condicionals<\/p>\n\n\n\n<p>Funci\u00f3 VLOOKUP<\/p>\n\n\n\n<p>Avaluaci\u00f3 completa<\/p>\n<\/div><\/div><\/div>\n\n\n\n<div class=\"wp-block-getwid-toggle__row\"><div class=\"wp-block-getwid-toggle__header-wrapper\"><span class=\"wp-block-getwid-toggle__header\"><a href=\"#\"><span class=\"wp-block-getwid-toggle__header-title\">M\u00f2dul 3<\/span><span class=\"wp-block-getwid-toggle__icon is-active\"><i class=\"fas fa-plus\"><\/i><\/span><span class=\"wp-block-getwid-toggle__icon is-passive\"><i class=\"fas fa-minus\"><\/i><\/span><\/a><\/span><\/div><div class=\"wp-block-getwid-toggle__content-wrapper\"><div class=\"wp-block-getwid-toggle__content\">\n<p>Introducci\u00f3 a les taules en Google Sheets<\/p>\n\n\n\n<p>La robustesa de les taules<\/p>\n\n\n\n<p>Opcions de la taula i columnes<\/p>\n\n\n\n<p>Ordenaci\u00f3 avan\u00e7ada de dades<\/p>\n\n\n\n<p>Visualitzacions de la taula<\/p>\n\n\n\n<p>Totals i c\u00e0lculs autom\u00e0tics al peu<\/p>\n\n\n\n<p>Formats condicionals<\/p>\n\n\n\n<p>Taules din\u00e0miques<\/p>\n\n\n\n<p>Gr\u00e0fiques<\/p>\n\n\n\n<p>Google Forms i recollida de dades<\/p>\n<\/div><\/div><\/div>\n\n\n\n<div class=\"wp-block-getwid-toggle__row\"><div class=\"wp-block-getwid-toggle__header-wrapper\"><span class=\"wp-block-getwid-toggle__header\"><a href=\"#\"><span class=\"wp-block-getwid-toggle__header-title\">M\u00f2dul 4<\/span><span class=\"wp-block-getwid-toggle__icon is-active\"><i class=\"fas fa-plus\"><\/i><\/span><span class=\"wp-block-getwid-toggle__icon is-passive\"><i class=\"fas fa-minus\"><\/i><\/span><\/a><\/span><\/div><div class=\"wp-block-getwid-toggle__content-wrapper\"><div class=\"wp-block-getwid-toggle__content\">\n<p>Canva: connecta\u2019t al teu full de c\u00e0lcul<\/p>\n\n\n\n<p>Macros i scripts: automatitza\u2019t!<\/p>\n\n\n\n<p>Comunicacions massives personalitzades<\/p>\n\n\n\n<p>Properes passes: intel\u00b7lig\u00e8ncia artificial al full de c\u00e0lcul<\/p>\n<\/div><\/div><\/div>\n<\/div>\n\n\n\n<ul class=\"wp-block-list\">\n<li><a href=\"https:\/\/serveiseducatius.xtec.cat\/pladelestany\/les-nostres-activitats\/suport-digital-pla-de-lestany\/cultura-maker\/\" target=\"_blank\" rel=\"noreferrer noopener\">Espai maker<\/a> al Nodes del Servei educatiu<\/li>\n\n\n\n<li><a href=\"https:\/\/docs.google.com\/presentation\/d\/1dizp5voYsvkk1ibgBRWYkjBjS6OzLsxCkRueZGPuIkA\/edit?slide=id.g4dd515662c_0_10#slide=id.g4dd515662c_0_10\" target=\"_blank\" rel=\"noreferrer noopener\">Gesti\u00f3 de la consola de Google Workspace al 2026<\/a> #CollaClic2026 (Marc Torres)<\/li>\n\n\n\n<li>Nodes: Per posar m\u00e9s d&#8217;un &#8220;av\u00eds\/anunci&#8221;.\n<ul class=\"wp-block-list\">\n<li>Exemple: <a href=\"https:\/\/agora.xtec.cat\/ies-brugulat\/\" target=\"_blank\" rel=\"noreferrer noopener\">INS Brugulat<\/a>\n<ul class=\"wp-block-list\">\n<li>Han editat la p\u00e0gina principal posant-hi un carrusel<\/li>\n<\/ul>\n<\/li>\n<\/ul>\n<\/li>\n<\/ul>\n<\/div><\/div>\n\n\n\n<div class=\"wp-block-getwid-accordion__header-wrapper\"><span class=\"wp-block-getwid-accordion__header\"><a href=\"#\"><span class=\"wp-block-getwid-accordion__header-title\"><strong>4. TANCAMENT i TORN OBERT DE PARAULA<\/strong><\/span><span class=\"wp-block-getwid-accordion__icon is-active\"><i class=\"fas fa-plus\"><\/i><\/span><span class=\"wp-block-getwid-accordion__icon is-passive\"><i class=\"fas fa-minus\"><\/i><\/span><\/a><\/span><\/div><div class=\"wp-block-getwid-accordion__content-wrapper\"><div class=\"wp-block-getwid-accordion__content\">\n<ul class=\"wp-block-list\">\n<li><a href=\"https:\/\/script.google.com\/a\/macros\/xtec.cat\/s\/AKfycbxKLbGeXsnQ4r7Fn2H7uvkU2_u7IDTqqc5064nTvt865vNoVmOT_z28i30ruXfw_vaO5A\/exec\" target=\"_blank\" rel=\"noreferrer noopener\">Subxarxa de Coordinaci\u00f3 digital de centre (COOR) 2025-26<\/a> (revisi\u00f3 individual)<\/li>\n\n\n\n<li>Dubtes:\n<ul class=\"wp-block-list\">\n<li><strong>Bitlocker: <\/strong>el nombre per desbloquejar l&#8217;ordinador surt a l&#8217;<strong>\u00cdNDIC<\/strong> la INFORMACI\u00d3 de l&#8217;ordinador, a INVENTARI \/ EQUIPAMENTS, tant d&#8217;alumnes com de docents.<\/li>\n<\/ul>\n<\/li>\n\n\n\n<li>Pr\u00f2xima sessi\u00f3 Pere Alsius 1 de juny<\/li>\n<\/ul>\n<\/div><\/div>\n<\/div>\n\n\n\n<p><\/p>\n<\/div><\/div>\n\n\n\n<div class=\"wp-block-getwid-tabs__nav-link\"><span class=\"wp-block-getwid-tabs__title-wrapper\"><a href=\"#\"><span class=\"wp-block-getwid-tabs__title\">Sessi\u00f3 5<\/span><\/a><\/span><\/div><div class=\"wp-block-getwid-tabs__tab-content-wrapper\"><div class=\"wp-block-getwid-tabs__tab-content\">\n<p><\/p>\n<\/div><\/div>\n<\/div>\n\n\n\n<p class=\"has-white-color has-text-color has-link-color wp-elements-9aa30ed850f84e5f49056794c0685abc\">. <\/p>\n\n\n\n<h2 class=\"wp-block-heading\">Curs 24-25<\/h2>\n\n\n\n<div class=\"wp-block-getwid-tabs\" data-active-tab=\"0\"><ul class=\"wp-block-getwid-tabs__nav-links\"><\/ul>\n<div class=\"wp-block-getwid-tabs__nav-link\"><span class=\"wp-block-getwid-tabs__title-wrapper\"><a href=\"#\"><span class=\"wp-block-getwid-tabs__title\">Sessi\u00f3 1<\/span><\/a><\/span><\/div><div class=\"wp-block-getwid-tabs__tab-content-wrapper\"><div class=\"wp-block-getwid-tabs__tab-content\">\n<div class=\"wp-block-getwid-accordion has-icon-left\" data-active-element=\"none\">\n<div class=\"wp-block-getwid-accordion__header-wrapper\"><span class=\"wp-block-getwid-accordion__header\"><a href=\"#\"><span class=\"wp-block-getwid-accordion__header-title\"><strong>1. PRESENTACI\u00d3 MEMBRES SUBXARXA<\/strong><\/span><span class=\"wp-block-getwid-accordion__icon is-active\"><i class=\"fas fa-plus\"><\/i><\/span><span class=\"wp-block-getwid-accordion__icon is-passive\"><i class=\"fas fa-minus\"><\/i><\/span><\/a><\/span><\/div><div class=\"wp-block-getwid-accordion__content-wrapper\"><div class=\"wp-block-getwid-accordion__content\">\n<p><a href=\"https:\/\/padlet.com\/b7990106\/subxarxa-coordinaci-digital-oyz03lva3ft6dwby\" target=\"_blank\" rel=\"noreferrer noopener\"><strong>ESTRELLES DE LA COORDINACI\u00d3 DIGITAL<\/strong><\/a><\/p>\n<\/div><\/div>\n\n\n\n<div class=\"wp-block-getwid-accordion__header-wrapper\"><span class=\"wp-block-getwid-accordion__header\"><a href=\"#\"><span class=\"wp-block-getwid-accordion__header-title\"><strong>2. FUNCIONAMENT DE LA SUBXARXA, sessions presencials,&nbsp; i REQUISITS DE CERTIFICACI\u00d3<\/strong><\/span><span class=\"wp-block-getwid-accordion__icon is-active\"><i class=\"fas fa-plus\"><\/i><\/span><span class=\"wp-block-getwid-accordion__icon is-passive\"><i class=\"fas fa-minus\"><\/i><\/span><\/a><\/span><\/div><div class=\"wp-block-getwid-accordion__content-wrapper\"><div class=\"wp-block-getwid-accordion__content\">\n<p>Objectius:<\/p>\n\n\n\n<ul class=\"wp-block-list\">\n<li>Crear una xarxa professional docent.<\/li>\n\n\n\n<li>Informar de l\u2019estat i les novetats en els desplegaments d\u2019equipament.<\/li>\n\n\n\n<li>Recollir les demandes i obtenir retorn per millorar el sistema.<\/li>\n\n\n\n<li>Incloure m\u00e9s continguts pedag\u00f2gics lligats a la COMD.<\/li>\n<\/ul>\n\n\n\n<p><a href=\"https:\/\/sites.google.com\/xtec.cat\/suportdigitalpladelestany\/home\/coordinaci%C3%B3-digital\/sessions-territorials\/curs-24-25\/requisits-certificaci%C3%B3\" target=\"_blank\" rel=\"noreferrer noopener\">Requisits de certificaci\u00f3<\/a><\/p>\n\n\n\n<p><a href=\"https:\/\/sites.google.com\/xtec.cat\/suportdigitalpladelestany\/home\/coordinaci%C3%B3-digital\/sessions-territorials\/curs-24-25\/artefactes\" target=\"_blank\" rel=\"noreferrer noopener\">Artefactes<\/a><\/p>\n<\/div><\/div>\n\n\n\n<div class=\"wp-block-getwid-accordion__header-wrapper\"><span class=\"wp-block-getwid-accordion__header\"><a href=\"#\"><span class=\"wp-block-getwid-accordion__header-title\"><strong>3. SESSI\u00d3 EN L\u00cdNIA SUBXARXA<\/strong><\/span><span class=\"wp-block-getwid-accordion__icon is-active\"><i class=\"fas fa-plus\"><\/i><\/span><span class=\"wp-block-getwid-accordion__icon is-passive\"><i class=\"fas fa-minus\"><\/i><\/span><\/a><\/span><\/div><div class=\"wp-block-getwid-accordion__content-wrapper\"><div class=\"wp-block-getwid-accordion__content\">\n<p>Compartim dubtes i experi\u00e8ncies sobre el que es va explicar a la sessi\u00f3 en l\u00ednia de la subxarxa.&nbsp;<\/p>\n\n\n\n<ul class=\"wp-block-list\">\n<li><a href=\"https:\/\/serveiseducatius.xtec.cat\/pladelestany\/les-nostres-activitats\/suport-digital-pla-de-lestany\/coordinacio-digital\/subxarxa\/\" data-type=\"page\" data-id=\"7291\" target=\"_blank\" rel=\"noreferrer noopener\"><strong>RESUMS<\/strong><\/a><\/li>\n<\/ul>\n\n\n\n<p>Panells digitals<\/p>\n<\/div><\/div>\n\n\n\n<div class=\"wp-block-getwid-accordion__header-wrapper\"><span class=\"wp-block-getwid-accordion__header\"><a href=\"#\"><span class=\"wp-block-getwid-accordion__header-title\"><strong>4. FORMACIONS DIGITALS, PROJECTES DE ROB\u00d2TICA I JORNADES<\/strong><\/span><span class=\"wp-block-getwid-accordion__icon is-active\"><i class=\"fas fa-plus\"><\/i><\/span><span class=\"wp-block-getwid-accordion__icon is-passive\"><i class=\"fas fa-minus\"><\/i><\/span><\/a><\/span><\/div><div class=\"wp-block-getwid-accordion__content-wrapper\"><div class=\"wp-block-getwid-accordion__content\">\n<p><a href=\"https:\/\/odissea.xtec.cat\/course\/index.php?categoryid=246\" target=\"_blank\" rel=\"noreferrer noopener\">Formaci\u00f3 oberta<\/a>&nbsp;dotacions i altres temes<\/p>\n\n\n\n<p>Projectes de rob\u00f2tica:<\/p>\n\n\n\n<ul class=\"wp-block-list\">\n<li><a href=\"https:\/\/projectes.xtec.cat\/pensament-computacional\/reptes-de-robotica\/\" target=\"_blank\" rel=\"noreferrer noopener\">Robots en acci\u00f3<\/a><\/li>\n<\/ul>\n\n\n\n<ul class=\"wp-block-list\">\n<li><a href=\"https:\/\/projectes.xtec.cat\/pensament-computacional\/activitats-robotica\/cataleg-activitats-robotica\/?s=09\" target=\"_blank\" rel=\"noreferrer noopener\">Activitats de rob\u00f2tica<\/a><\/li>\n<\/ul>\n\n\n\n<ul class=\"wp-block-list\">\n<li><a href=\"https:\/\/drive.google.com\/file\/d\/1xR6rvxJ1Mkgmsxhz6kW-T2vSgg7JpDuU\/view?usp=sharing\" target=\"_blank\" rel=\"noreferrer noopener\">Programaci\u00f3 de rob\u00f2tica<\/a>&nbsp;en una escola<\/li>\n<\/ul>\n\n\n\n<p>Jornades:<\/p>\n\n\n\n<ul class=\"wp-block-list\">\n<li>Jornada &#8216;<a href=\"https:\/\/projectes.xtec.cat\/pensament-computacional\/formacio-robotica\/jornades\/jornada-connectem-amb-les-plaques\/\" target=\"_blank\" rel=\"noreferrer noopener\">Connectem amb les plaques<\/a>&#8216;, 23 de novembre<\/li>\n<\/ul>\n\n\n\n<ul class=\"wp-block-list\">\n<li><a href=\"https:\/\/projectes.xtec.cat\/pensament-computacional\/formacio-robotica\/jornades\/\" target=\"_blank\" rel=\"noreferrer noopener\">Altres<\/a>, 2025<\/li>\n<\/ul>\n<\/div><\/div>\n\n\n\n<div class=\"wp-block-getwid-accordion__header-wrapper\"><span class=\"wp-block-getwid-accordion__header\"><a href=\"#\"><span class=\"wp-block-getwid-accordion__header-title\"><strong>5. MALETA AUDIOVISUAL<\/strong><\/span><span class=\"wp-block-getwid-accordion__icon is-active\"><i class=\"fas fa-plus\"><\/i><\/span><span class=\"wp-block-getwid-accordion__icon is-passive\"><i class=\"fas fa-minus\"><\/i><\/span><\/a><\/span><\/div><div class=\"wp-block-getwid-accordion__content-wrapper\"><div class=\"wp-block-getwid-accordion__content\">\n<p>Us han arribat les maletes audiovisuals?<\/p>\n\n\n\n<p>Des del Grup de Treball de CRP d&#8217;Audiovisuals, compartirem propostes trimestrals d&#8217;activitats de r\u00e0dio i audiovisuals.<\/p>\n\n\n\n<ul class=\"wp-block-list\">\n<li>Primer trimestre:&nbsp;\n<ul class=\"wp-block-list\">\n<li><strong>R\u00e0dio<\/strong>: Elaboraci\u00f3 falca radiof\u00f2nica d\u2019escola \/ separadors + Dia mundial dels drets dels infants (10 desembre)<\/li>\n\n\n\n<li><strong>Audiovisuals<\/strong>: Setmana Educaci\u00f3 Medi\u00e0tica + elaboraci\u00f3 d\u2019una not\u00edcia per al CR (23-27 octubre)<\/li>\n<\/ul>\n<\/li>\n<\/ul>\n\n\n\n<p>Espai&nbsp;<a href=\"https:\/\/serveiseducatius.xtec.cat\/pladelestany\/les-nostres-activitats\/suport-digital-pla-de-lestany\/maleta-audiovisual\/\" data-type=\"page\" data-id=\"7168\">Maleta audiovisual<\/a><\/p>\n<\/div><\/div>\n\n\n\n<div class=\"wp-block-getwid-accordion__header-wrapper\"><span class=\"wp-block-getwid-accordion__header\"><a href=\"#\"><span class=\"wp-block-getwid-accordion__header-title\"><strong>6. EINES I RECURSOS<\/strong><\/span><span class=\"wp-block-getwid-accordion__icon is-active\"><i class=\"fas fa-plus\"><\/i><\/span><span class=\"wp-block-getwid-accordion__icon is-passive\"><i class=\"fas fa-minus\"><\/i><\/span><\/a><\/span><\/div><div class=\"wp-block-getwid-accordion__content-wrapper\"><div class=\"wp-block-getwid-accordion__content\">\n<p>Compartim eines i recursos<\/p>\n\n\n\n<ul class=\"wp-block-list\">\n<li>Google<a href=\"https:\/\/workspaceupdates.googleblog.com\/2023\/09\/the-next-phase-of-digital-whiteboarding-for-google-workspace.html\" target=\"_blank\" rel=\"noreferrer noopener\">&nbsp;ha deixat de donar suport a Jamboard<\/a>&nbsp;a finals del curs passat.&nbsp;<\/li>\n<\/ul>\n\n\n\n<ul class=\"wp-block-list\">\n<li>Algunes alternatives de pissarres digitals col\u00b7laboratives per a la vostra consideraci\u00f3:\n<ul class=\"wp-block-list\">\n<li>Presentacions de Google.<\/li>\n\n\n\n<li><a href=\"https:\/\/miro.com\/es\/\" target=\"_blank\" rel=\"noreferrer noopener\">Miro<\/a>. |<a href=\"https:\/\/help.miro.com\/hc\/es\/articles\/360017730473-Plan-Education\" target=\"_blank\" rel=\"noreferrer noopener\">&nbsp;Miro for Education<\/a>.<\/li>\n\n\n\n<li><a href=\"https:\/\/www.figma.com\/figjam\/\" target=\"_blank\" rel=\"noreferrer noopener\">FigJam<\/a>. |<a href=\"https:\/\/www.figma.com\/education\/\" target=\"_blank\" rel=\"noreferrer noopener\">&nbsp;Figma for Education<\/a>.<\/li>\n\n\n\n<li><a href=\"https:\/\/www.canva.com\/es_es\/\" target=\"_blank\" rel=\"noreferrer noopener\">Canva<\/a>. |<a href=\"https:\/\/www.canva.com\/es_es\/educacion\/\" target=\"_blank\" rel=\"noreferrer noopener\">&nbsp;Canva for Education<\/a>&nbsp;(<a href=\"https:\/\/comunitat.edigital.cat\/t\/canva-educacio-gratuit-pel-teu-domini-de-centre\/21202\" target=\"_blank\" rel=\"noreferrer noopener\">fil a Nus<\/a>).<\/li>\n\n\n\n<li>Padlet (<a href=\"https:\/\/padlet.com\/dashboard\/make?mobile_page=LayoutPicker\" target=\"_blank\" rel=\"noreferrer noopener\">https:\/\/padlet.com\/dashboard\/make?mobile_page=LayoutPicker<\/a>)&nbsp;<\/li>\n<\/ul>\n<\/li>\n<\/ul>\n\n\n\n<ul class=\"wp-block-list\">\n<li>Per tal d\u2019activar el pla educatiu, aquestes eines poden requerir una foto del vostre carnet docent.<\/li>\n<\/ul>\n\n\n\n<p><strong>IA<\/strong><\/p>\n\n\n\n<ul class=\"wp-block-list\">\n<li><a href=\"https:\/\/notebooklm.google\/\" target=\"_blank\" rel=\"noreferrer noopener\">https:\/\/notebooklm.google\/<\/a>&nbsp;(permet pujar \u00e0udios i demanar-li el resum, la transcripci\u00f3, o fer-li preguntes. I si ho fas amb usuari educatiu &#8216;xtec&#8217; no fa servir les dades per entrenar, ni per fer perfils, ni les comparteix&#8230;)<\/li>\n<\/ul>\n\n\n\n<ul class=\"wp-block-list\">\n<li><a href=\"https:\/\/chrome.google.com\/webstore\/detail\/sider-chatgpt-sidebar-gpt\/difoiogjjojoaoomphldepapgpbgkhkb?hl=es\" target=\"_blank\" rel=\"noreferrer noopener\"><strong>Sider&nbsp;<\/strong><\/a>integra funcions d&#8217;IA com una extensi\u00f3 al navegador Chrome<\/li>\n<\/ul>\n\n\n\n<ul class=\"wp-block-list\">\n<li>Novetats de CANVA amb la integraci\u00f3 de la IA a la seva plataforma<\/li>\n<\/ul>\n<\/div><\/div>\n\n\n\n<div class=\"wp-block-getwid-accordion__header-wrapper\"><span class=\"wp-block-getwid-accordion__header\"><a href=\"#\"><span class=\"wp-block-getwid-accordion__header-title\"><strong>7. PR\u00d2XIMES SESSIONS<\/strong><\/span><span class=\"wp-block-getwid-accordion__icon is-active\"><i class=\"fas fa-plus\"><\/i><\/span><span class=\"wp-block-getwid-accordion__icon is-passive\"><i class=\"fas fa-minus\"><\/i><\/span><\/a><\/span><\/div><div class=\"wp-block-getwid-accordion__content-wrapper\"><div class=\"wp-block-getwid-accordion__content\">\n<p><a href=\"https:\/\/padlet.com\/b7990106\/quins-temes-us-agradaria-tractar-a-la-subxarxa-3xzh5uhlhbt0mrl9\" target=\"_blank\" rel=\"noreferrer noopener\">Subxarxa<\/a><\/p>\n<\/div><\/div>\n\n\n\n<div class=\"wp-block-getwid-accordion__header-wrapper\"><span class=\"wp-block-getwid-accordion__header\"><a href=\"#\"><span class=\"wp-block-getwid-accordion__header-title\"><strong>8. TANCAMENT<\/strong><\/span><span class=\"wp-block-getwid-accordion__icon is-active\"><i class=\"fas fa-plus\"><\/i><\/span><span class=\"wp-block-getwid-accordion__icon is-passive\"><i class=\"fas fa-minus\"><\/i><\/span><\/a><\/span><\/div><div class=\"wp-block-getwid-accordion__content-wrapper\"><div class=\"wp-block-getwid-accordion__content\">\n<p><a href=\"https:\/\/projectes.xtec.cat\/digital\/noticies\/formacio\/oberta-la-borsa-de-formadors-es-de-larea-de-cultura-digital\/\" target=\"_blank\" rel=\"noreferrer noopener\">Borsa de formadors de l&#8217;\u00c0rea de Cultura digital<\/a><\/p>\n\n\n\n<p>Torn obert de paraules<\/p>\n<\/div><\/div>\n<\/div>\n<\/div><\/div>\n\n\n\n<div class=\"wp-block-getwid-tabs__nav-link\"><span class=\"wp-block-getwid-tabs__title-wrapper\"><a href=\"#\"><span class=\"wp-block-getwid-tabs__title\">Sessi\u00f3 2<\/span><\/a><\/span><\/div><div class=\"wp-block-getwid-tabs__tab-content-wrapper\"><div class=\"wp-block-getwid-tabs__tab-content\">\n<div class=\"wp-block-getwid-accordion has-icon-left\" data-active-element=\"none\">\n<div class=\"wp-block-getwid-accordion__header-wrapper\"><span class=\"wp-block-getwid-accordion__header\"><a href=\"#\"><span class=\"wp-block-getwid-accordion__header-title\"><strong>1. INFORMACIONS<\/strong><\/span><span class=\"wp-block-getwid-accordion__icon is-active\"><i class=\"fas fa-plus\"><\/i><\/span><span class=\"wp-block-getwid-accordion__icon is-passive\"><i class=\"fas fa-minus\"><\/i><\/span><\/a><\/span><\/div><div class=\"wp-block-getwid-accordion__content-wrapper\"><div class=\"wp-block-getwid-accordion__content\">\n<ul class=\"wp-block-list\">\n<li><a href=\"https:\/\/projectes.xtec.cat\/digital\/serveis-digitals\/la-meva-xtec\/sobre-grups\/\" target=\"_blank\" rel=\"noreferrer noopener\">Visibilitat grups de Google<\/a>&nbsp;(problema de privacitat)&nbsp;<\/li>\n<\/ul>\n\n\n\n<ul class=\"wp-block-list\">\n<li>Remedy:&nbsp;\n<ul class=\"wp-block-list\">\n<li>Per saber si esteu correctament com a coordinaci\u00f3 digital, heu de veure una petici\u00f3 que es diu &#8216;Sol\u00b7licitud d&#8217;informe de maquinari&#8217;.&nbsp;\n<ul class=\"wp-block-list\">\n<li>Si no veieu aquesta petici\u00f3 \u00e9s que no consteu com a coordinadors digitals. Llavors la direcci\u00f3 haur\u00e0 d&#8217;anar a Remedy: Centre educatiu: Autoritzaci\u00f3: Gesti\u00f3 de Serveis CISE.<\/li>\n\n\n\n<li>Aqu\u00ed podeu trobar tota la informaci\u00f3:&nbsp;<a href=\"https:\/\/projectes.xtec.cat\/digital\/perfils\/coordinacio-digital\/permisos-necessaris-per-a-la-coordinacio-digital\/\" target=\"_blank\" rel=\"noreferrer noopener\">Permisos necessaris per a la Coordinaci\u00f3 digital de centre<\/a>&nbsp;<\/li>\n<\/ul>\n<\/li>\n<\/ul>\n<\/li>\n<\/ul>\n\n\n\n<ul class=\"wp-block-list\">\n<li><a href=\"https:\/\/projectes.xtec.cat\/digital\/noticies\/coordinacio-digital\/guia-del-coordinador-a-digital-novell\/\" target=\"_blank\" rel=\"noreferrer noopener\">Guia del coordinador\/a digital novell<\/a>.&nbsp;\n<ul class=\"wp-block-list\">\n<li>Ja s\u2019ha publicat la Guia del coordinador\/a digital novell.<\/li>\n\n\n\n<li>Aquesta p\u00e0gina, en format d\u2019itinerari, permet endinsar-se r\u00e0pidament, de manera sint\u00e8tica i ordenada, en l\u2019exigent i complex c\u00e0rrec de la coordinaci\u00f3 digital.<\/li>\n<\/ul>\n<\/li>\n<\/ul>\n\n\n\n<ul class=\"wp-block-list\">\n<li>Resums subxarxes:\n<ul class=\"wp-block-list\">\n<li><a href=\"https:\/\/sites.google.com\/xtec.cat\/suportdigitalpladelestany\/home\/coordinaci%C3%B3-digital\/sessions-en-l%C3%ADnia\">Coordinaci\u00f3 digital<\/a><\/li>\n\n\n\n<li><a href=\"https:\/\/sites.google.com\/xtec.cat\/suportdigitalpladelestany\/home\/comissi%C3%B3-digital\/sessions-en-l%C3%ADnia-comd\">Comissi\u00f3 digital<\/a><\/li>\n<\/ul>\n<\/li>\n<\/ul>\n\n\n\n<ul class=\"wp-block-list\">\n<li>Formacions CRP segon torn.\n<ul class=\"wp-block-list\">\n<li>Es tornaran a oferir les formacions de rob\u00f2tica, de la maleta audiovisual i de panells digitals.&nbsp;<\/li>\n<\/ul>\n<\/li>\n<\/ul>\n\n\n\n<ul class=\"wp-block-list\">\n<li>Problemes de docents amb acc\u00e9s als port\u00e0tils del PEDC:\n<ul class=\"wp-block-list\">\n<li>Si un docent no pot accedir al seu port\u00e0til de dotaci\u00f3 del PEDC cal revisar que:\n<ul class=\"wp-block-list\">\n<li>La persona surt a GUAC &gt; Persones amb origen SD (aix\u00f2 vol dir que ja t\u00e9 el contracte gravat). Si no surt o surt amb origen GUAC, parleu amb personal docent a ST per assegurar que li han gravat el contracte (al GUAC hi accedeix la direcci\u00f3 del centre).&nbsp;<\/li>\n\n\n\n<li>Mireu que ja tingui l\u2019usuari GICAR activat (pot entrar a ATRI?) i l\u2019XTEC (pot entrar al correu?). Si no en t\u00e9 reviseu el manual de com activar els usuaris GICAR i XTEC.<\/li>\n\n\n\n<li>Mireu si pot accedir a la p\u00e0gina&nbsp;<a href=\"http:\/\/myaccount.microsoft.com\/\" target=\"_blank\" rel=\"noreferrer noopener\">myaccount.microsoft.com<\/a>&nbsp;amb l\u2019usuari xtec&nbsp;@edu.gencat.cat&nbsp;i la contrasenya d\u2019ATRI. Si no pot accedir, per\u00f2 es compleixen la resta de punts aviseu cal fer incid\u00e8ncia a SAU especificant que ja t\u00e9 el contracte gravat, que t\u00e9 l\u2019usuari GICAR i XTEC actiu, per\u00f2 que no pot accedir a&nbsp;myaccount.microsoft.com.<\/li>\n<\/ul>\n<\/li>\n\n\n\n<li>Si es compleixen tots aquests punts ha de poder entrar a l\u2019ordinador. A la pantalla d\u2019inici de sessi\u00f3 (on poses l\u2019usuari i contrasenya) assegureu-vos que est\u00e0 connectat a internet ABANS que posi l\u2019usuari, a baix a la dreta hi ha la icona de:\n<ul class=\"wp-block-list\">\n<li>1. si no t\u00e9 connexi\u00f3 a internet<\/li>\n\n\n\n<li>2. si est\u00e0 connectada amb la wifi<\/li>\n\n\n\n<li>2. si est\u00e0 connectat amb cable (pista: connecteu-lo amb cable i espereu uns 30 segons que surti la icona de connexi\u00f3)<\/li>\n<\/ul>\n<\/li>\n\n\n\n<li>Si l\u2019equip est\u00e0 connectat a internet i la persona pot accedir a myaccount, per\u00f2, tot i aix\u00f2, no pot entrar a l\u2019equip haureu de fer incid\u00e8ncia a SAU explicitant b\u00e9 la situaci\u00f3.<\/li>\n<\/ul>\n<\/li>\n<\/ul>\n\n\n\n<ol class=\"wp-block-list\">\n<li><\/li>\n<\/ol>\n\n\n\n<ul class=\"wp-block-list\">\n<li>Connexi\u00f3 d\u2019altres dispositius a la wifi gencat_ENS_EDU_LAB:\n<ul class=\"wp-block-list\">\n<li>Ja \u00e9s possible demanar, a trav\u00e9s del SAU, la connexi\u00f3 de nous dispositius d\u2019\u00fas educatiu a la xarxa wifi gencat_ENS_EDU_LAB. El mateix formulari serveix tamb\u00e9 per demanar altes a la wifi gencat_ENS_EDU_EDIFICI (IoT, calderes, plaques solars, c\u00e0meres, etc).\n<ul class=\"wp-block-list\">\n<li>Cal obrir una petici\u00f3 al portal PAUTIC a trav\u00e9s de l\u2019opci\u00f3: NUS i descarregar el full de c\u00e0lcul \u2192 Formulari Perfilat v4.xlsx<\/li>\n\n\n\n<li>A dins del full de c\u00e0lcul, cal obrir a la pestanya Educaci\u00f3 i emplenar els camps corresponents.<\/li>\n\n\n\n<li>Finalment, cal pujar el full de c\u00e0lcul modificat i fer el tipus de gesti\u00f3: Alta<\/li>\n<\/ul>\n<\/li>\n<\/ul>\n<\/li>\n<\/ul>\n\n\n\n<figure class=\"wp-block-image size-full\"><a href=\"https:\/\/serveiseducatius.xtec.cat\/pladelestany\/wp-content\/uploads\/usu771\/2025\/06\/rem.jpg\"><img loading=\"lazy\" decoding=\"async\" width=\"1002\" height=\"751\" src=\"https:\/\/serveiseducatius.xtec.cat\/pladelestany\/wp-content\/uploads\/usu771\/2025\/06\/rem.jpg\" alt=\"\" class=\"wp-image-7423\" srcset=\"https:\/\/serveiseducatius.xtec.cat\/pladelestany\/wp-content\/uploads\/usu771\/2025\/06\/rem.jpg 1002w, https:\/\/serveiseducatius.xtec.cat\/pladelestany\/wp-content\/uploads\/usu771\/2025\/06\/rem-300x225.jpg 300w, https:\/\/serveiseducatius.xtec.cat\/pladelestany\/wp-content\/uploads\/usu771\/2025\/06\/rem-768x576.jpg 768w\" sizes=\"auto, (max-width: 1002px) 100vw, 1002px\" \/><\/a><\/figure>\n<\/div><\/div>\n\n\n\n<div class=\"wp-block-getwid-accordion__header-wrapper\"><span class=\"wp-block-getwid-accordion__header\"><a href=\"#\"><span class=\"wp-block-getwid-accordion__header-title\"><strong>2. APLICACIONS DE GESTI\u00d3 DEL PLA DIGITAL<\/strong><\/span><span class=\"wp-block-getwid-accordion__icon is-active\"><i class=\"fas fa-plus\"><\/i><\/span><span class=\"wp-block-getwid-accordion__icon is-passive\"><i class=\"fas fa-minus\"><\/i><\/span><\/a><\/span><\/div><div class=\"wp-block-getwid-accordion__content-wrapper\"><div class=\"wp-block-getwid-accordion__content\">\n<figure class=\"wp-block-image size-large\"><a href=\"https:\/\/docs.google.com\/spreadsheets\/d\/e\/2PACX-1vRMw1eAz4Qc6tlvLmxhv17Vyhlb0eibstYVFf7aHswRmtRj6dsRt2hRT2z4B6KQFIoeOMGIi9t31ok_\/pubhtml\" target=\"_blank\" rel=\" noreferrer noopener\"><img loading=\"lazy\" decoding=\"async\" width=\"1024\" height=\"348\" src=\"https:\/\/serveiseducatius.xtec.cat\/pladelestany\/wp-content\/uploads\/usu771\/2025\/06\/app-1024x348.jpg\" alt=\"\" class=\"wp-image-7424\" srcset=\"https:\/\/serveiseducatius.xtec.cat\/pladelestany\/wp-content\/uploads\/usu771\/2025\/06\/app-1024x348.jpg 1024w, https:\/\/serveiseducatius.xtec.cat\/pladelestany\/wp-content\/uploads\/usu771\/2025\/06\/app-300x102.jpg 300w, https:\/\/serveiseducatius.xtec.cat\/pladelestany\/wp-content\/uploads\/usu771\/2025\/06\/app-768x261.jpg 768w, https:\/\/serveiseducatius.xtec.cat\/pladelestany\/wp-content\/uploads\/usu771\/2025\/06\/app.jpg 1443w\" sizes=\"auto, (max-width: 1024px) 100vw, 1024px\" \/><\/a><figcaption class=\"wp-element-caption\"><sup>premeu sobre la imatge per accedir al document<\/sup><\/figcaption><\/figure>\n\n\n\n<p>A la pr\u00f2xima sessi\u00f3 de la subxarxa ens vindran a fer una formaci\u00f3 sobre RADIX, quan tingui m\u00e9s informaci\u00f3 us la far\u00e9 arribar tan aviat com es pugui.<\/p>\n<\/div><\/div>\n\n\n\n<div class=\"wp-block-getwid-accordion__header-wrapper\"><span class=\"wp-block-getwid-accordion__header\"><a href=\"#\"><span class=\"wp-block-getwid-accordion__header-title\"><strong>3. NODES 2<\/strong><\/span><span class=\"wp-block-getwid-accordion__icon is-active\"><i class=\"fas fa-plus\"><\/i><\/span><span class=\"wp-block-getwid-accordion__icon is-passive\"><i class=\"fas fa-minus\"><\/i><\/span><\/a><\/span><\/div><div class=\"wp-block-getwid-accordion__content-wrapper\"><div class=\"wp-block-getwid-accordion__content\">\n<p><a href=\"https:\/\/projectes.xtec.cat\/digital\/serveis-digitals\/nodes\/guia-de-nodes\/\" target=\"_blank\" rel=\"noreferrer noopener\">Guia de Nodes<\/a><\/p>\n\n\n\n<p><a href=\"https:\/\/youtube.com\/playlist?list=PLojIWF2RflCqjQPGjhVeftkQhHlufUtJh&amp;si=m2yMFiRw2u8QKiKu\" target=\"_blank\" rel=\"noreferrer noopener\">Playlist NODES 2<\/a><\/p>\n\n\n\n<p><a href=\"https:\/\/www.youtube.com\/watch?v=7KOtVl9_jJU\" target=\"_blank\" rel=\"noreferrer noopener\">Columnes (editor Gutenberg)<\/a><\/p>\n\n\n\n<p><a href=\"https:\/\/www.youtube.com\/watch?v=UaYakh2CiwY&amp;t=4s\" target=\"_blank\" rel=\"noreferrer noopener\">Pestanyes i acordi\u00f3<\/a><\/p>\n\n\n\n<p><a href=\"https:\/\/www.youtube.com\/watch?v=OQglZcq2dbI\" target=\"_blank\" rel=\"noreferrer noopener\">Carrusel d&#8217;articles i p\u00e0gines<\/a><\/p>\n\n\n\n<p><a href=\"https:\/\/www.youtube.com\/watch?v=gs8uYPXoJXo\" target=\"_blank\" rel=\"noreferrer noopener\">Articles i p\u00e0gines<\/a><\/p>\n\n\n\n<p><a href=\"https:\/\/www.youtube.com\/watch?v=pbE0B07spKw\" target=\"_blank\" rel=\"noreferrer noopener\">Subscripcions<\/a><\/p>\n\n\n\n<p><a href=\"https:\/\/www.youtube.com\/playlist?list=PLojIWF2RflCoeQwbOHXPJ5o1U4-qEL4fz\" target=\"_blank\" rel=\"noreferrer noopener\">Playlist Nodes digital<\/a><\/p>\n\n\n\n<p><a href=\"https:\/\/projectes.xtec.cat\/digital\/serveis-digitals\/nodes\/editor-gutenberg\/biblioteca-de-plantilles\/\" target=\"_blank\" rel=\"noreferrer noopener\">Biblioteca de plantilles<\/a><\/p>\n\n\n\n<p><a href=\"https:\/\/projectes.xtec.cat\/digital\/serveis-digitals\/nodes\/extensions\/\" target=\"_blank\" rel=\"noreferrer noopener\">Extensions<\/a><\/p>\n\n\n\n<p><a href=\"https:\/\/projectes.xtec.cat\/digital\/serveis-digitals\/nodes\/guia-de-nodes\/pautes-per-al-canvi\/\" target=\"_blank\" rel=\"noreferrer noopener\">Pautes per fer el canvi a Nodes 2<\/a><\/p>\n<\/div><\/div>\n\n\n\n<div class=\"wp-block-getwid-accordion__header-wrapper\"><span class=\"wp-block-getwid-accordion__header\"><a href=\"#\"><span class=\"wp-block-getwid-accordion__header-title\"><strong>4. CANVIS A LA CONSOLA DE GOOGLE<\/strong><\/span><span class=\"wp-block-getwid-accordion__icon is-active\"><i class=\"fas fa-plus\"><\/i><\/span><span class=\"wp-block-getwid-accordion__icon is-passive\"><i class=\"fas fa-minus\"><\/i><\/span><\/a><\/span><\/div><div class=\"wp-block-getwid-accordion__content-wrapper\"><div class=\"wp-block-getwid-accordion__content\">\n<p class=\"has-medium-font-size\"><strong>Instal\u00b7lar APPS als Chromebooks:<\/strong><\/p>\n\n\n\n<p>Activar la Play Store \u00e9s obrir un forat important&#8230; Fins ara podies limitar les aplicacions que poden instal\u00b7lar els usuaris a una llista gestionada per l&#8217;administrador \u00fanicament, per\u00f2 ara aix\u00f2 \u00e9s una caracter\u00edstica que no est\u00e0 disponible amb la llic\u00e8ncia EDU Fundamentals (la gratu\u00efta que t\u00e9 tothom):<\/p>\n\n\n\n<p class=\"has-background\" style=\"background-color:#f0f0f0\"><a href=\"https:\/\/apps.google.com\/supportwidget\/articlehome?hl=en&amp;article_url=https%3A%2F%2Fsupport.google.com%2Fa%2Fanswer%2F6328701%3Fhl%3Den&amp;assistant_event=welcome&amp;assistant_id=mdmbot&amp;product_context=6328701&amp;product_name=UnuFlow&amp;trigger_context=a\" target=\"_blank\" rel=\"noreferrer noopener\">Block unmanaged Android app installation<\/a><\/p>\n\n\n\n<p class=\"has-background\" style=\"background-color:#f0f0f0\"><em>Supported editions for this feature: Frontline Starter and Frontline Standard; Business Plus; Enterprise Standard and Enterprise Plus; Education Standard, Education Plus, and Endpoint Education Upgrade; Enterprise Essentials and Enterprise Essentials Plus; G Suite Basic and G Suite Business; Cloud Identity Premium.&nbsp;<\/em><a href=\"https:\/\/support.google.com\/a\/answer\/6043385\" target=\"_blank\" rel=\"noreferrer noopener\"><em>Compare your edition<\/em><\/a><\/p>\n\n\n\n<p>(extret d&#8217;aqu\u00ed:&nbsp;<a href=\"https:\/\/apps.google.com\/supportwidget\/articlehome?hl=en&amp;article_url=https%3A%2F%2Fsupport.google.com%2Fa%2Fanswer%2F6328701%3Fhl%3Den&amp;assistant_event=welcome&amp;assistant_id=mdmbot&amp;product_context=6328701&amp;product_name=UnuFlow&amp;trigger_context=a\" target=\"_blank\" rel=\"noreferrer noopener\">https:\/\/apps.google.com\/supportwidget\/articlehome?hl=en&amp;article_url=https%3A%2F%2Fsupport.google.com%2Fa%2Fanswer%2F6328701%3Fhl%3Den&amp;assistant_event=welcome&amp;assistant_id=mdmbot&amp;product_context=6328701&amp;product_name=UnuFlow&amp;trigger_context=a<\/a>)<\/p>\n\n\n\n<p>Per tant, compte amb activar aquest servei perqu\u00e8 ara els alumnes podran instal\u00b7lar les aplicacions que vulguin des de la Play Store&#8230;&nbsp;<\/p>\n\n\n\n<p>Dit aix\u00f2, tot i activar el servei de Play Store s&#8217;ha d&#8217;explicitar que puguin instal\u00b7lar aplicacions Android als Chromebooks. Per activar-ho s&#8217;ha d&#8217;anar a Dispositius &gt; Chrome &gt; Aplicacions i extensions i a la pestanya Usuaris i navegadors s&#8217;ha de cercar &#8220;Configuraci\u00f3 d&#8217;aplicacions addicionals&#8221; per deixar l&#8217;opci\u00f3 de &#8220;Permetre que els usuaris instal\u00b7lin aplicacions Android&#8221;.<\/p>\n\n\n\n<figure class=\"wp-block-image size-large\"><a href=\"https:\/\/serveiseducatius.xtec.cat\/pladelestany\/wp-content\/uploads\/usu771\/2025\/06\/media.png\"><img loading=\"lazy\" decoding=\"async\" width=\"1024\" height=\"375\" src=\"https:\/\/serveiseducatius.xtec.cat\/pladelestany\/wp-content\/uploads\/usu771\/2025\/06\/media-1024x375.png\" alt=\"\" class=\"wp-image-7425\" srcset=\"https:\/\/serveiseducatius.xtec.cat\/pladelestany\/wp-content\/uploads\/usu771\/2025\/06\/media-1024x375.png 1024w, https:\/\/serveiseducatius.xtec.cat\/pladelestany\/wp-content\/uploads\/usu771\/2025\/06\/media-300x110.png 300w, https:\/\/serveiseducatius.xtec.cat\/pladelestany\/wp-content\/uploads\/usu771\/2025\/06\/media-768x281.png 768w, https:\/\/serveiseducatius.xtec.cat\/pladelestany\/wp-content\/uploads\/usu771\/2025\/06\/media.png 1280w\" sizes=\"auto, (max-width: 1024px) 100vw, 1024px\" \/><\/a><\/figure>\n\n\n\n<p>Finalment, per instal\u00b7lar l&#8217;aplicaci\u00f3, no s&#8217;ha de fer des d&#8217;Aplicacions &gt; Aplicacions web i m\u00f2bils sin\u00f3 que has d&#8217;anar a Dispositius &gt; Chrome &gt; Aplicacions i extensions, activar la pestanya &#8220;Usuaris i navegadors&#8221; i pr\u00e9mer el bot\u00f3 de ( + ) per afegir una aplicaci\u00f3 d&#8217;Android:<\/p>\n\n\n\n<figure class=\"wp-block-image size-large\"><a href=\"https:\/\/serveiseducatius.xtec.cat\/pladelestany\/wp-content\/uploads\/usu771\/2025\/06\/media-1.png\"><img loading=\"lazy\" decoding=\"async\" width=\"1024\" height=\"414\" src=\"https:\/\/serveiseducatius.xtec.cat\/pladelestany\/wp-content\/uploads\/usu771\/2025\/06\/media-1-1024x414.png\" alt=\"\" class=\"wp-image-7426\" srcset=\"https:\/\/serveiseducatius.xtec.cat\/pladelestany\/wp-content\/uploads\/usu771\/2025\/06\/media-1-1024x414.png 1024w, https:\/\/serveiseducatius.xtec.cat\/pladelestany\/wp-content\/uploads\/usu771\/2025\/06\/media-1-300x121.png 300w, https:\/\/serveiseducatius.xtec.cat\/pladelestany\/wp-content\/uploads\/usu771\/2025\/06\/media-1-768x310.png 768w, https:\/\/serveiseducatius.xtec.cat\/pladelestany\/wp-content\/uploads\/usu771\/2025\/06\/media-1.png 1280w\" sizes=\"auto, (max-width: 1024px) 100vw, 1024px\" \/><\/a><\/figure>\n\n\n\n<p>Amb aix\u00f2 hauria de sortir la Play Store al Chromebooks i tamb\u00e9 s&#8217;hauria d&#8217;instal\u00b7lar les apps (quan seleccioneu la pol\u00edtica d&#8217;instal\u00b7laci\u00f3 marqueu &#8220;For\u00e7ar instal\u00b7laci\u00f3 i fixar-la a la barra de tasques del ChromeOS&#8221;).<\/p>\n\n\n\n<p>La configuraci\u00f3 de la Chrome Web Store est\u00e0 limitada a la llista gestionada per l&#8217;administrador (les extensions de Chrome s\u00ed que es poden gestionar des de la consola amb la llic\u00e8ncia gratu\u00efta &#8211; almenys fins al dia d&#8217;avui).<\/p>\n\n\n\n<p class=\"has-white-color has-text-color has-link-color wp-elements-9aa30ed850f84e5f49056794c0685abc\">. <\/p>\n\n\n\n<p class=\"has-medium-font-size\"><strong>Llic\u00e8ncies per usuaris a la consola:<\/strong><\/p>\n\n\n\n<p><a href=\"https:\/\/support.google.com\/a\/answer\/15603742\" target=\"_blank\" rel=\"noreferrer noopener\">https:\/\/support.google.com\/a\/answer\/15603742<\/a>&nbsp;(en parlem)<\/p>\n<\/div><\/div>\n\n\n\n<div class=\"wp-block-getwid-accordion__header-wrapper\"><span class=\"wp-block-getwid-accordion__header\"><a href=\"#\"><span class=\"wp-block-getwid-accordion__header-title\"><strong>5. EINES I RECURSOS<\/strong><\/span><span class=\"wp-block-getwid-accordion__icon is-active\"><i class=\"fas fa-plus\"><\/i><\/span><span class=\"wp-block-getwid-accordion__icon is-passive\"><i class=\"fas fa-minus\"><\/i><\/span><\/a><\/span><\/div><div class=\"wp-block-getwid-accordion__content-wrapper\"><div class=\"wp-block-getwid-accordion__content\">\n<p>Compartim eines i recursos<\/p>\n\n\n\n<ul class=\"wp-block-list\">\n<li>Opcions amb youtube:\n<ul class=\"wp-block-list\">\n<li>Veure un v\u00eddeo sense anuncis i cookies: posar un gui\u00f3 entre YOUT-UBE (de vegades has de pr\u00e9mer dos cops)\n<ul class=\"wp-block-list\">\n<li>Exemple:&nbsp;<a href=\"https:\/\/www.youtube-nocookie.com\/embed\/y9yJSDaNy2U?playlist=y9yJSDaNy2U&amp;autoplay=1&amp;iv_load_policy=3&amp;loop=1&amp;start=\" target=\"_blank\" rel=\"noreferrer noopener\">https:\/\/www.youtube-nocookie.com\/embed\/y9yJSDaNy2U?playlist=y9yJSDaNy2U&amp;autoplay=1&amp;iv_load_policy=3&amp;loop=1&amp;start=<\/a><\/li>\n<\/ul>\n<\/li>\n\n\n\n<li>Descarregar un v\u00eddeo de youtube: Treure UBE de l&#8217;adre\u00e7a (en alguns v\u00eddeos no funciona)\n<ul class=\"wp-block-list\">\n<li>Exemple:&nbsp;<a href=\"https:\/\/yout.com\/video\/?url=https:\/\/www.youtube.com\/watch?v=y9yJSDaNy2U\" target=\"_blank\" rel=\"noreferrer noopener\">https:\/\/yout.com\/video\/?url=https:\/\/www.youtube.com\/watch?v=y9yJSDaNy2U<\/a>&nbsp;<\/li>\n<\/ul>\n<\/li>\n<\/ul>\n<\/li>\n<\/ul>\n\n\n\n<ul class=\"wp-block-list\">\n<li><a href=\"https:\/\/urlmagicosgoogle.notion.site\/URL-m-gicos-de-Google-v2024-13c5bd09c5b980dbbd4cd57a35530616\" target=\"_blank\" rel=\"noreferrer noopener\">URL m\u00e0giques de Google<\/a><\/li>\n<\/ul>\n\n\n\n<ul class=\"wp-block-list\">\n<li>Fil al Nus:&nbsp;<a href=\"https:\/\/comunitat.edigital.cat\/t\/robotica-basica-i-programacio-grafica-pensament-computacional\/35873\/6\" target=\"_blank\" rel=\"noreferrer noopener\">Rob\u00f2tica b\u00e0sica i programaci\u00f3 gr\u00e0fica (pensament computacional)<\/a><\/li>\n<\/ul>\n\n\n\n<ul class=\"wp-block-list\">\n<li><a href=\"https:\/\/desfake.cat\/recursos\/\" target=\"_blank\" rel=\"noreferrer noopener\">DESFAKE<\/a>: \u00e9s un projecte educatiu per desenvolupar la capacitat dels estudiants d\u2019avaluar cr\u00edticament la informaci\u00f3 que reben a trav\u00e9s de les xarxes.&nbsp;\n<ul class=\"wp-block-list\">\n<li>Amb Desfake, els alumnes milloraran la seva capacitat per a recon\u00e8ixer les fonts fiables i identificar la informaci\u00f3 rigorosa i la que no ho \u00e9s.<\/li>\n\n\n\n<li>L\u2019objectiu no \u00e9s formar periodistes, sin\u00f3 ciutadans responsables que dubtin del que no \u00e9s confiable, es facin les preguntes adequades i tinguin les eines necess\u00e0ries per actuar i protegir-se enfront de la desinformaci\u00f3 que es troben dia rere dia a la xarxa.<\/li>\n<\/ul>\n<\/li>\n<\/ul>\n<\/div><\/div>\n\n\n\n<div class=\"wp-block-getwid-accordion__header-wrapper\"><span class=\"wp-block-getwid-accordion__header\"><a href=\"#\"><span class=\"wp-block-getwid-accordion__header-title\"><strong>8. TANCAMENT<\/strong><\/span><span class=\"wp-block-getwid-accordion__icon is-active\"><i class=\"fas fa-plus\"><\/i><\/span><span class=\"wp-block-getwid-accordion__icon is-passive\"><i class=\"fas fa-minus\"><\/i><\/span><\/a><\/span><\/div><div class=\"wp-block-getwid-accordion__content-wrapper\"><div class=\"wp-block-getwid-accordion__content\">\n<p>Subxarxa:<\/p>\n\n\n\n<ul class=\"wp-block-list\">\n<li>Artefacte. Idees:\n<ul class=\"wp-block-list\">\n<li>Establir la CD de zona (exemple Selva I:&nbsp;<a href=\"https:\/\/view.genially.com\/659ae9e612796b001427e934\" target=\"_blank\" rel=\"noreferrer noopener\"><strong>COMPET\u00c8NCIA DIGITAL ZONA SE SELVA I<\/strong><\/a>)<\/li>\n\n\n\n<li>Fer un recull d&#8217;activitats de rob\u00f2tica de la comarca<\/li>\n\n\n\n<li>M\u00e9s idees??<\/li>\n<\/ul>\n<\/li>\n\n\n\n<li>Indicadors de participaci\u00f3:&nbsp;<a href=\"https:\/\/ja.cat\/xtcd-cdc-participant\" target=\"_blank\" rel=\"noreferrer noopener\">https:\/\/ja.cat\/xtcd-cdc-participant<\/a>&nbsp;<\/li>\n<\/ul>\n\n\n\n<p><a href=\"https:\/\/projectes.xtec.cat\/digital\/noticies\/formacio\/oberta-la-borsa-de-formadors-es-de-larea-de-cultura-digital\/\" target=\"_blank\" rel=\"noreferrer noopener\">Borsa de formadors de l&#8217;\u00c0rea de Cultura digital<\/a><\/p>\n\n\n\n<p>Torn obert de paraules<\/p>\n<\/div><\/div>\n<\/div>\n<\/div><\/div>\n\n\n\n<div class=\"wp-block-getwid-tabs__nav-link\"><span class=\"wp-block-getwid-tabs__title-wrapper\"><a href=\"#\"><span class=\"wp-block-getwid-tabs__title\">Sessi\u00f3 3<\/span><\/a><\/span><\/div><div class=\"wp-block-getwid-tabs__tab-content-wrapper\"><div class=\"wp-block-getwid-tabs__tab-content\">\n<div class=\"wp-block-getwid-accordion has-icon-left\" data-active-element=\"none\">\n<div class=\"wp-block-getwid-accordion__header-wrapper\"><span class=\"wp-block-getwid-accordion__header\"><a href=\"#\"><span class=\"wp-block-getwid-accordion__header-title\"><strong>1. INFORMACIONS<\/strong><\/span><span class=\"wp-block-getwid-accordion__icon is-active\"><i class=\"fas fa-plus\"><\/i><\/span><span class=\"wp-block-getwid-accordion__icon is-passive\"><i class=\"fas fa-minus\"><\/i><\/span><\/a><\/span><\/div><div class=\"wp-block-getwid-accordion__content-wrapper\"><div class=\"wp-block-getwid-accordion__content\">\n<p><a href=\"https:\/\/projectes.xtec.cat\/digital\/equipaments-i-infraestructures\/panells-digitals\/mdm\/\" target=\"_blank\" rel=\"noreferrer noopener\">Gestor de panells digitals RADIX<\/a><\/p>\n\n\n\n<p>&nbsp;&nbsp;&nbsp;&nbsp;&nbsp;&nbsp;&nbsp;. Afegit al document&nbsp;<a href=\"https:\/\/docs.google.com\/spreadsheets\/d\/e\/2PACX-1vRMw1eAz4Qc6tlvLmxhv17Vyhlb0eibstYVFf7aHswRmtRj6dsRt2hRT2z4B6KQFIoeOMGIi9t31ok_\/pubhtml\" target=\"_blank\" rel=\"noreferrer noopener\">APs de Gesti\u00f3 CD<\/a><\/p>\n\n\n\n<p><a href=\"https:\/\/projectes.xtec.cat\/digital\/equipaments-i-infraestructures\/panells-digitals\/panell-newline\/\" target=\"_blank\" rel=\"noreferrer noopener\">Bones pr\u00e0ctiques<\/a>&nbsp;panells digitals<\/p>\n<\/div><\/div>\n\n\n\n<div class=\"wp-block-getwid-accordion__header-wrapper\"><span class=\"wp-block-getwid-accordion__header\"><a href=\"#\"><span class=\"wp-block-getwid-accordion__header-title\"><strong>NODES 2<\/strong><\/span><span class=\"wp-block-getwid-accordion__icon is-active\"><i class=\"fas fa-plus\"><\/i><\/span><span class=\"wp-block-getwid-accordion__icon is-passive\"><i class=\"fas fa-minus\"><\/i><\/span><\/a><\/span><\/div><div class=\"wp-block-getwid-accordion__content-wrapper\"><div class=\"wp-block-getwid-accordion__content\">\n<p>Exemples de centres amb el Nodes 2:<\/p>\n\n\n\n<ul class=\"wp-block-list\">\n<li><a href=\"https:\/\/agora.xtec.cat\/ceipladraga\/\" target=\"_blank\" rel=\"noreferrer noopener\">La Draga<\/a><\/li>\n\n\n\n<li><a href=\"https:\/\/agora.xtec.cat\/ceip-entorn-mata\/\" target=\"_blank\" rel=\"noreferrer noopener\">L&#8217;Entorn<\/a><\/li>\n\n\n\n<li><a href=\"https:\/\/agora.xtec.cat\/esc-sant-esteve-de-guialbes\/\" target=\"_blank\" rel=\"noreferrer noopener\">St Esteve de Guialbes<\/a><\/li>\n\n\n\n<li>Altres centres de fora de la comarca:\n<ul class=\"wp-block-list\">\n<li><a href=\"https:\/\/agora.xtec.cat\/escolalallacuna\/\" target=\"_blank\" rel=\"noreferrer noopener\">https:\/\/agora.xtec.cat\/escolalallacuna\/<\/a><\/li>\n\n\n\n<li><a href=\"https:\/\/agora.xtec.cat\/escolaantoniroig\/\" target=\"_blank\" rel=\"noreferrer noopener\">https:\/\/agora.xtec.cat\/escolaantoniroig\/<\/a><\/li>\n\n\n\n<li><a href=\"https:\/\/agora.xtec.cat\/escavallbernat\/\" target=\"_blank\" rel=\"noreferrer noopener\">https:\/\/agora.xtec.cat\/escavallbernat\/<\/a><\/li>\n\n\n\n<li><a href=\"https:\/\/agora.xtec.cat\/ceip-llebeig\/\" target=\"_blank\" rel=\"noreferrer noopener\">https:\/\/agora.xtec.cat\/ceip-llebeig\/<\/a><\/li>\n\n\n\n<li><a href=\"https:\/\/agora.xtec.cat\/ceipfarigolaclot\/\" target=\"_blank\" rel=\"noreferrer noopener\">https:\/\/agora.xtec.cat\/ceipfarigolaclot\/<\/a><\/li>\n\n\n\n<li><a href=\"https:\/\/agora.xtec.cat\/ies-vromana-lagarriga\/\" target=\"_blank\" rel=\"noreferrer noopener\">https:\/\/agora.xtec.cat\/ies-vromana-lagarriga\/<\/a><\/li>\n\n\n\n<li><a href=\"https:\/\/agora.xtec.cat\/ieselsui\/\" target=\"_blank\" rel=\"noreferrer noopener\">https:\/\/agora.xtec.cat\/ieselsui\/<\/a><\/li>\n\n\n\n<li><a href=\"https:\/\/agora.xtec.cat\/ies-merce-rodoreda\/\" target=\"_blank\" rel=\"noreferrer noopener\">https:\/\/agora.xtec.cat\/ies-merce-rodoreda\/<\/a><\/li>\n<\/ul>\n<\/li>\n<\/ul>\n\n\n\n<p>Es far\u00e0 la migraci\u00f3 autom\u00e0tica el setembre del 2026.&nbsp;<\/p>\n\n\n\n<p><a href=\"https:\/\/projectes.xtec.cat\/digital\/serveis-digitals\/nodes\/\" target=\"_blank\" rel=\"noreferrer noopener\">https:\/\/projectes.xtec.cat\/digital\/serveis-digitals\/nodes\/<\/a><\/p>\n<\/div><\/div>\n\n\n\n<div class=\"wp-block-getwid-accordion__header-wrapper\"><span class=\"wp-block-getwid-accordion__header\"><a href=\"#\"><span class=\"wp-block-getwid-accordion__header-title\"><strong>ARTEFACTE<\/strong><\/span><span class=\"wp-block-getwid-accordion__icon is-active\"><i class=\"fas fa-plus\"><\/i><\/span><span class=\"wp-block-getwid-accordion__icon is-passive\"><i class=\"fas fa-minus\"><\/i><\/span><\/a><\/span><\/div><div class=\"wp-block-getwid-accordion__content-wrapper\"><div class=\"wp-block-getwid-accordion__content\">\n<p>Tal com v\u00e0rem parlar la segona sessi\u00f3, es proposa realitzar un&nbsp;<strong>recull d\u2019activitats de rob\u00f2tica<\/strong>&nbsp;de zona. Cada coordinador\/a respondr\u00e0 un formulari per tenir les activitats recopilades. Aquestes activitats estaran publicades a l&#8217;apartat de <a href=\"https:\/\/serveiseducatius.xtec.cat\/pladelestany\/les-nostres-activitats\/suport-digital-pla-de-lestany\/robotica-i-pensament-computacional\/\" data-type=\"page\" data-id=\"7162\">Rob\u00f2tica i pensament computacional<\/a>. <\/p>\n\n\n\n<p>Hi ha altres comarques que faran el mateix i possiblement farem un repositori com\u00fa.<\/p>\n\n\n\n<p>Per la creaci\u00f3 ens hem basat en les&nbsp;<a href=\"https:\/\/projectes.xtec.cat\/pensament-computacional\/activitats-robotica\/\" target=\"_blank\" rel=\"noreferrer noopener\">fitxes model d\u2019activitats<\/a>&nbsp;de l\u2019\u00c0rea de Cultura Digital i propostes que aport\u00e0vem cada CRP.<\/p>\n\n\n\n<p><a href=\"https:\/\/serveiseducatius.xtec.cat\/pladelestany\/les-nostres-activitats\/suport-digital-pla-de-lestany\/robotica-i-pensament-computacional\/\" data-type=\"page\" data-id=\"7162\" target=\"_blank\" rel=\"noreferrer noopener\">Resultat final<\/a>&nbsp;(en construcci\u00f3)<\/p>\n<\/div><\/div>\n\n\n\n<div class=\"wp-block-getwid-accordion__header-wrapper\"><span class=\"wp-block-getwid-accordion__header\"><a href=\"#\"><span class=\"wp-block-getwid-accordion__header-title\"><strong>EINES I RECURSOS<\/strong><\/span><span class=\"wp-block-getwid-accordion__icon is-active\"><i class=\"fas fa-plus\"><\/i><\/span><span class=\"wp-block-getwid-accordion__icon is-passive\"><i class=\"fas fa-minus\"><\/i><\/span><\/a><\/span><\/div><div class=\"wp-block-getwid-accordion__content-wrapper\"><div class=\"wp-block-getwid-accordion__content\">\n<figure class=\"wp-block-image size-full is-resized\"><a href=\"https:\/\/serveiseducatius.xtec.cat\/pladelestany\/wp-content\/uploads\/usu771\/2025\/06\/media-2.png\"><img loading=\"lazy\" decoding=\"async\" width=\"738\" height=\"67\" src=\"https:\/\/serveiseducatius.xtec.cat\/pladelestany\/wp-content\/uploads\/usu771\/2025\/06\/media-2.png\" alt=\"\" class=\"wp-image-7429\" style=\"width:375px;height:auto\" srcset=\"https:\/\/serveiseducatius.xtec.cat\/pladelestany\/wp-content\/uploads\/usu771\/2025\/06\/media-2.png 738w, https:\/\/serveiseducatius.xtec.cat\/pladelestany\/wp-content\/uploads\/usu771\/2025\/06\/media-2-300x27.png 300w\" sizes=\"auto, (max-width: 738px) 100vw, 738px\" \/><\/a><\/figure>\n\n\n\n<p>Descarregar el complement a la&nbsp;<a href=\"https:\/\/chromewebstore.google.com\/detail\/brisk-teaching-%E2%80%93-ai-assis\/pcblbflgdkdfdjpjifeppkljdnaekohj?pli=1\" target=\"_blank\" rel=\"noreferrer noopener\">Chrome Web Store<\/a><\/p>\n\n\n\n<p>Per fer servir l&#8217;aplicaci\u00f3 cal fixar-la en els complements de la barra de navegaci\u00f3.<\/p>\n\n\n\n<p>\u00c9s necessari obrir un document o una p\u00e0gina web per activar el complement.<\/p>\n\n\n\n<p class=\"has-medium-font-size\"><strong>Extensions navegador:<\/strong><\/p>\n\n\n\n<ul class=\"wp-block-list\">\n<li><a href=\"https:\/\/languagetool.org\/ca\" target=\"_blank\" rel=\"noreferrer noopener\"><strong>Language Tool<\/strong><\/a>:\n<ul class=\"wp-block-list\">\n<li>Corrector ortogr\u00e0fic i gramatical<\/li>\n<\/ul>\n<\/li>\n\n\n\n<li><a href=\"https:\/\/chromewebstore.google.com\/detail\/enlla%C3%A7-al-fragment-de-tex\/pbcodcjpfjdpcineamnnmbkkmkdpajjg?hl=ca\" target=\"_blank\" rel=\"noreferrer noopener\"><strong>Enlla\u00e7 al fragment de text<\/strong><\/a><strong>:<\/strong>\n<ul class=\"wp-block-list\">\n<li>Selecciones el text en una p\u00e0gina web, fas clic en l\u2019extensi\u00f3 i desa en el porta-retalls un enlla\u00e7 al web amb aquest text subratllat.<\/li>\n<\/ul>\n<\/li>\n\n\n\n<li><a href=\"https:\/\/chromewebstore.google.com\/detail\/unhook-remove-youtube-rec\/khncfooichmfjbepaaaebmommgaepoid?hl=ca\" target=\"_blank\" rel=\"noreferrer noopener\"><strong>Unhook<\/strong><\/a><strong>:<\/strong>\n<ul class=\"wp-block-list\">\n<li>Amaga contingut que ens pot generar distraccions.<\/li>\n\n\n\n<li>Per exemple, veient un v\u00eddeo a Youtube es poden amagar els v\u00eddeos que surten a la dreta.<\/li>\n<\/ul>\n<\/li>\n\n\n\n<li><a href=\"https:\/\/chromewebstore.google.com\/detail\/ghostery-tracker-ad-block\/mlomiejdfkolichcflejclcbmpeaniij?hl=ca\" target=\"_blank\" rel=\"noreferrer noopener\"><strong>Ghostery<\/strong><\/a><strong>:<\/strong>\n<ul class=\"wp-block-list\">\n<li>Bloqueja anuncis<\/li>\n\n\n\n<li>Accepta galetes m\u00ednimes autom\u00e0ticament<\/li>\n\n\n\n<li>Bloqueja els rastrejadors<\/li>\n<\/ul>\n<\/li>\n<\/ul>\n\n\n\n<p class=\"has-medium-font-size\"><strong>Altres:<\/strong><\/p>\n\n\n\n<ul class=\"wp-block-list\">\n<li><a href=\"https:\/\/caffeine.softonic.com\/\" target=\"_blank\" rel=\"noreferrer noopener\"><strong>Caffeine<\/strong><\/a><strong>:<\/strong>&nbsp;\u00e9s un executable que allarga el temps de qu\u00e8 l\u2019ordinador s\u2019aturi temporalment.<\/li>\n\n\n\n<li><a href=\"https:\/\/notebooklm.google\/\" target=\"_blank\" rel=\"noreferrer noopener\"><strong>Notebooklm<\/strong><\/a>: et crees una carpeta al n\u00favol, amb el material que vols consultar i li demanes coses del contingut que hi ha en aquella carpeta i et dona les respostes.<\/li>\n\n\n\n<li><a href=\"https:\/\/drive.google.com\/drive\/folders\/1PunGL6abGmVC01N9BvQcxowjibs4G6w9?usp=drive_link\" target=\"_blank\" rel=\"noreferrer noopener\"><strong>V\u00eddeos<\/strong><\/a>&nbsp;de com endre\u00e7ar la maleta d\u2019audiovisuals (Albert de l\u2019IE Salvador Vilarrasa).<\/li>\n\n\n\n<li><strong>IA Situacions d&#8217;aprenentatge:<\/strong>&nbsp;<a href=\"https:\/\/comunitat.edigital.cat\/t\/actualitzacio-dels-gpt-per-crear-situacions-daprenentatge\/34251\" target=\"_blank\" rel=\"noreferrer noopener\">https:\/\/comunitat.edigital.cat\/t\/actualitzacio-dels-gpt-per-crear-situacions-daprenentatge\/34251<\/a><\/li>\n<\/ul>\n\n\n\n<p class=\"has-medium-font-size\"><strong>Altres plugins molt interessants s\u00f3n:<\/strong><\/p>\n\n\n\n<p>\u25cb&nbsp;<a href=\"https:\/\/permanent-clipboard.app\/\" target=\"_blank\" rel=\"noreferrer noopener\"><strong>Permanent clipboard<\/strong><\/a><strong>:&nbsp;<\/strong>portaretalls<\/p>\n\n\n\n<p>\u25cb&nbsp;<a href=\"https:\/\/www.awesomescreenshot.com\/\" target=\"_blank\" rel=\"noreferrer noopener\"><strong>Awesome Screenshot<\/strong><\/a>: permet fer una captura d\u2019una web sencera. Interessant per compartir contingut que pugui estar en espais privats amb subscripci\u00f3 (ex. article de National Geographic nom\u00e9s per a subscriptors).<\/p>\n\n\n<p>https:\/\/www.canva.com\/design\/DAGUSoVeJX0\/0wtqpqUWMcfzoXIUEThVig\/view<\/p>\n<\/div><\/div>\n\n\n\n<div class=\"wp-block-getwid-accordion__header-wrapper\"><span class=\"wp-block-getwid-accordion__header\"><a href=\"#\"><span class=\"wp-block-getwid-accordion__header-title\"><strong>JORNADES DIGITALS A GIRONA<\/strong><\/span><span class=\"wp-block-getwid-accordion__icon is-active\"><i class=\"fas fa-plus\"><\/i><\/span><span class=\"wp-block-getwid-accordion__icon is-passive\"><i class=\"fas fa-minus\"><\/i><\/span><\/a><\/span><\/div><div class=\"wp-block-getwid-accordion__content-wrapper\"><div class=\"wp-block-getwid-accordion__content\">\n<p>Jornada &#8216;Connectem amb la rob\u00f2tica educativa&#8217;<\/p>\n\n\n\n<ul class=\"wp-block-list\">\n<li>15 de mar\u00e7, escola Domeny de Girona<\/li>\n\n\n\n<li>Ben aviat estar\u00e0 tota la informaci\u00f3 publicada aqu\u00ed:&nbsp;<a href=\"https:\/\/projectes.xtec.cat\/pensament-computacional\/formacio-robotica\/jornades\/\" target=\"_blank\" rel=\"noreferrer noopener\">https:\/\/projectes.xtec.cat\/pensament-computacional\/formacio-robotica\/jornades\/<\/a><\/li>\n<\/ul>\n\n\n\n<p><\/p>\n\n\n\n<p>Jornada &#8216;Col\u00b7laclic V edici\u00f3&#8217;<\/p>\n\n\n\n<ul class=\"wp-block-list\">\n<li>26 d&#8217;abril, Escola Polit\u00e8cnica Superior UdG<\/li>\n\n\n\n<li><a href=\"https:\/\/www.instagram.com\/colla_clic\/\" target=\"_blank\" rel=\"noreferrer noopener\">https:\/\/www.instagram.com\/colla_clic\/<\/a>&nbsp;<\/li>\n\n\n\n<li><a href=\"https:\/\/x.com\/CollaClic\">https:\/\/x.com\/CollaClic&nbsp;<\/a><\/li>\n<\/ul>\n<\/div><\/div>\n\n\n\n<div class=\"wp-block-getwid-accordion__header-wrapper\"><span class=\"wp-block-getwid-accordion__header\"><a href=\"#\"><span class=\"wp-block-getwid-accordion__header-title\"><strong>TANCAMENT<\/strong><\/span><span class=\"wp-block-getwid-accordion__icon is-active\"><i class=\"fas fa-plus\"><\/i><\/span><span class=\"wp-block-getwid-accordion__icon is-passive\"><i class=\"fas fa-minus\"><\/i><\/span><\/a><\/span><\/div><div class=\"wp-block-getwid-accordion__content-wrapper\"><div class=\"wp-block-getwid-accordion__content\">\n<p>Subxarxa:<\/p>\n\n\n\n<ul class=\"wp-block-list\">\n<li>Indicadors de participaci\u00f3:&nbsp;<a href=\"https:\/\/ja.cat\/xtcd-cdc-participant\" target=\"_blank\" rel=\"noreferrer noopener\">https:\/\/ja.cat\/xtcd-cdc-participant<\/a>&nbsp;<\/li>\n<\/ul>\n\n\n\n<p><a href=\"https:\/\/projectes.xtec.cat\/digital\/noticies\/formacio\/oberta-la-borsa-de-formadors-es-de-larea-de-cultura-digital\/\" target=\"_blank\" rel=\"noreferrer noopener\">Borsa de formadors de l&#8217;\u00c0rea de Cultura digital<\/a><\/p>\n\n\n\n<p><a href=\"https:\/\/docs.google.com\/spreadsheets\/d\/e\/2PACX-1vRMw1eAz4Qc6tlvLmxhv17Vyhlb0eibstYVFf7aHswRmtRj6dsRt2hRT2z4B6KQFIoeOMGIi9t31ok_\/pubhtml\" target=\"_blank\" rel=\"noreferrer noopener\">APs de Gesti\u00f3 CD<\/a><\/p>\n\n\n\n<p>Programaci\u00f3 de rob\u00f2tica i pensament computacional.&nbsp;<a href=\"https:\/\/serveiseducatius.xtec.cat\/pladelestany\/les-nostres-activitats\/suport-digital-pla-de-lestany\/comissio-digital-2\/\" data-type=\"page\" data-id=\"7318\">Subxarxa comissi\u00f3 digital<\/a><\/p>\n\n\n\n<p>Torn obert de paraules<\/p>\n<\/div><\/div>\n<\/div>\n<\/div><\/div>\n\n\n\n<div class=\"wp-block-getwid-tabs__nav-link\"><span class=\"wp-block-getwid-tabs__title-wrapper\"><a href=\"#\"><span class=\"wp-block-getwid-tabs__title\">Sessi\u00f3 4<\/span><\/a><\/span><\/div><div class=\"wp-block-getwid-tabs__tab-content-wrapper\"><div class=\"wp-block-getwid-tabs__tab-content\">\n<div class=\"wp-block-getwid-accordion has-icon-left\" data-active-element=\"none\">\n<div class=\"wp-block-getwid-accordion__header-wrapper\"><span class=\"wp-block-getwid-accordion__header\"><a href=\"#\"><span class=\"wp-block-getwid-accordion__header-title\"><strong>Formaci\u00f3 RADIX<\/strong><\/span><span class=\"wp-block-getwid-accordion__icon is-active\"><i class=\"fas fa-plus\"><\/i><\/span><span class=\"wp-block-getwid-accordion__icon is-passive\"><i class=\"fas fa-minus\"><\/i><\/span><\/a><\/span><\/div><div class=\"wp-block-getwid-accordion__content-wrapper\"><div class=\"wp-block-getwid-accordion__content\">\n<p><a href=\"http:\/\/ja.cat\/radix_presentacio\" target=\"_blank\" rel=\"noreferrer noopener\"><strong>Presentaci\u00f3<\/strong><\/a><\/p>\n\n\n\n<p><a href=\"https:\/\/projectes.xtec.cat\/digital\/equipaments-i-infraestructures\/panells-digitals\/mdm\/\" target=\"_blank\" rel=\"noreferrer noopener\"><strong>Espai web<\/strong><\/a>&nbsp;amb tota la informaci\u00f3<\/p>\n<\/div><\/div>\n\n\n\n<div class=\"wp-block-getwid-accordion__header-wrapper\"><span class=\"wp-block-getwid-accordion__header\"><a href=\"#\"><span class=\"wp-block-getwid-accordion__header-title\"><strong>ADEQUACI\u00d3 DE L&#8217;EQUIPAMENT D&#8217;\u00c0MBIT ADMINISTRATIU ALS CENTRES<\/strong><\/span><span class=\"wp-block-getwid-accordion__icon is-active\"><i class=\"fas fa-plus\"><\/i><\/span><span class=\"wp-block-getwid-accordion__icon is-passive\"><i class=\"fas fa-minus\"><\/i><\/span><\/a><\/span><\/div><div class=\"wp-block-getwid-accordion__content-wrapper\"><div class=\"wp-block-getwid-accordion__content\">\n<p>Independentment del nombre d&#8217;ordinadors d&#8217;\u00e0mbit administratiu que teniu la renovaci\u00f3 nom\u00e9s afecta als membres de l&#8217;equip directiu (director\/a, cap d&#8217;estudis, secretari\/\u00e0ria, coordinador\/a pedag\u00f2gic i adjunts) i al PAS administratiu (Administratius\/ves i Auxiliars administratius\/ves).<\/p>\n\n\n\n<p>El canvi consisteix a retirar els ordinadors de sobre taula i pantalles associades i canviar-ho per:<\/p>\n\n\n\n<ul class=\"wp-block-list\">\n<li>Docents: si tenen port\u00e0til docent assignat us posaran una pantalla amb un replicador de ports (dock station) on podeu deixar connectats el teclat, el ratol\u00ed i el cable de xarxa i es connecta amb el port\u00e0til mitjan\u00e7ant un USB-C que permet tant la transfer\u00e8ncia de dades com la c\u00e0rrega del port\u00e0til.<\/li>\n\n\n\n<li>Personal administratiu: Port\u00e0til i pantalla amb replicador de ports<\/li>\n\n\n\n<li>Els teclats i ratolins es quedaran al centre o se substituiran si \u00e9s necessari.<\/li>\n<\/ul>\n\n\n\n<p>En cas que tingueu m\u00e9s ordinadors que els que us demanen de retornar el sobrant es pot quedar al centre, si ho necessiteu.<\/p>\n\n\n\n<p>Aquests ordinadors disposaran d&#8217;una llic\u00e8ncia d\u2019office 365 amb versi\u00f3 d&#8217;escriptori. Aquest office incorpora la possibilitat de sincronitzar carpetes amb Onedrive i garantir la preservaci\u00f3 de les dades&nbsp;<a href=\"https:\/\/docs.google.com\/document\/d\/17FKP62mWSf2k93QBltv4CesMNpxmqb_noXlnW83Ap2k\/edit?tab=t.0\" target=\"_blank\" rel=\"noreferrer noopener\">Com sincronitzar les dades locals de l\u2019ordinador al n\u00favol amb OneDrive<\/a><\/p>\n\n\n\n<p>En afegir un monitor extern tindreu la possibilitat de treballar amb dues pantalles (la del mateix port\u00e0til i la nova). En aquest manual hi ha informaci\u00f3 per a configurar-ho:&nbsp;<a href=\"https:\/\/docs.google.com\/document\/d\/1SaqJYgyherSdj8ubI8lqXQH8Uik0NSWRIAWveXOkG7M\/edit?tab=t.0\" target=\"_blank\" rel=\"noreferrer noopener\">Com fer \u00fas de la doble pantalla en Windows<\/a><\/p>\n\n\n\n<p>Podeu trobar la informaci\u00f3 oficial sobre aquesta actuaci\u00f3 a:&nbsp;<a href=\"https:\/\/espai.educacio.gencat.cat\/Recursos\/Solucions-suport-TIC\/Renovacio-equips-administratius-centres\/Pagines\/default.aspx\" target=\"_blank\" rel=\"noreferrer noopener\">https:\/\/espai.educacio.gencat.cat\/Recursos\/Solucions-suport-TIC\/Renovacio-equips-administratius-centres\/Pagines\/default.aspx<\/a>.<\/p>\n<\/div><\/div>\n\n\n\n<div class=\"wp-block-getwid-accordion__header-wrapper\"><span class=\"wp-block-getwid-accordion__header\"><a href=\"#\"><span class=\"wp-block-getwid-accordion__header-title\"><strong>JORNADES DIGITALS A GIRONA<\/strong><\/span><span class=\"wp-block-getwid-accordion__icon is-active\"><i class=\"fas fa-plus\"><\/i><\/span><span class=\"wp-block-getwid-accordion__icon is-passive\"><i class=\"fas fa-minus\"><\/i><\/span><\/a><\/span><\/div><div class=\"wp-block-getwid-accordion__content-wrapper\"><div class=\"wp-block-getwid-accordion__content\">\n<p>Jornada &#8216;Connectem amb la rob\u00f2tica educativa&#8217;<\/p>\n\n\n\n<ul class=\"wp-block-list\">\n<li><a href=\"https:\/\/projectes.xtec.cat\/pensament-computacional\/formacio-robotica\/jornades\/jornada-connectem-robotica-educativa-girona\/\" target=\"_blank\" rel=\"noreferrer noopener\"><strong>Materials<\/strong><\/a><\/li>\n\n\n\n<li><a href=\"https:\/\/x.com\/CollaClic\" target=\"_blank\" rel=\"noreferrer noopener\">https:\/\/x.com\/CollaClic<\/a>&nbsp;<\/li>\n<\/ul>\n\n\n\n<p><a href=\"https:\/\/transformacioneducativa.es\/encuentros\/v-trobada-col%C2%B7laclic\/\" target=\"_blank\" rel=\"noreferrer noopener\"><strong>Jornada &#8216;Col\u00b7laclic V edici\u00f3&#8217;<\/strong><\/a><\/p>\n\n\n\n<ul class=\"wp-block-list\">\n<li>26 d&#8217;abril, Escola Polit\u00e8cnica Superior UdG<\/li>\n\n\n\n<li><a href=\"https:\/\/www.instagram.com\/colla_clic\/\" target=\"_blank\" rel=\"noreferrer noopener\">https:\/\/www.instagram.com\/colla_clic\/<\/a>&nbsp;<\/li>\n<\/ul>\n<\/div><\/div>\n\n\n\n<div class=\"wp-block-getwid-accordion__header-wrapper\"><span class=\"wp-block-getwid-accordion__header\"><a href=\"#\"><span class=\"wp-block-getwid-accordion__header-title\"><strong>TANCAMENT<\/strong><\/span><span class=\"wp-block-getwid-accordion__icon is-active\"><i class=\"fas fa-plus\"><\/i><\/span><span class=\"wp-block-getwid-accordion__icon is-passive\"><i class=\"fas fa-minus\"><\/i><\/span><\/a><\/span><\/div><div class=\"wp-block-getwid-accordion__content-wrapper\"><div class=\"wp-block-getwid-accordion__content\">\n<p>Subxarxa:<\/p>\n\n\n\n<ul class=\"wp-block-list\">\n<li>Indicadors de participaci\u00f3:&nbsp;<a href=\"https:\/\/ja.cat\/xtcd-cdc-participant\" target=\"_blank\" rel=\"noreferrer noopener\">https:\/\/ja.cat\/xtcd-cdc-participant<\/a>&nbsp;<\/li>\n<\/ul>\n\n\n\n<p><a href=\"https:\/\/projectes.xtec.cat\/digital\/noticies\/formacio\/oberta-la-borsa-de-formadors-es-de-larea-de-cultura-digital\/\" target=\"_blank\" rel=\"noreferrer noopener\">Borsa de formadors de l&#8217;\u00c0rea de Cultura digital<\/a><\/p>\n\n\n\n<p><a href=\"https:\/\/docs.google.com\/spreadsheets\/d\/e\/2PACX-1vRMw1eAz4Qc6tlvLmxhv17Vyhlb0eibstYVFf7aHswRmtRj6dsRt2hRT2z4B6KQFIoeOMGIi9t31ok_\/pubhtml\" target=\"_blank\" rel=\"noreferrer noopener\">APs de Gesti\u00f3 CD<\/a><\/p>\n\n\n\n<p>Programaci\u00f3 de rob\u00f2tica i pensament computacional.&nbsp;<a href=\"https:\/\/sites.google.com\/xtec.cat\/suportdigitalpladelestany\/home\/comissi%C3%B3-digital\/sessions-en-l%C3%ADnia-comd\">Subxarxa comissi\u00f3 digital<\/a><\/p>\n\n\n\n<p>Torn obert de paraules<\/p>\n<\/div><\/div>\n<\/div>\n<\/div><\/div>\n\n\n\n<div class=\"wp-block-getwid-tabs__nav-link\"><span class=\"wp-block-getwid-tabs__title-wrapper\"><a href=\"#\"><span class=\"wp-block-getwid-tabs__title\">Sessi\u00f3 5<\/span><\/a><\/span><\/div><div class=\"wp-block-getwid-tabs__tab-content-wrapper\"><div class=\"wp-block-getwid-tabs__tab-content\">\n<div class=\"wp-block-getwid-accordion has-icon-left\" data-active-element=\"none\">\n<div class=\"wp-block-getwid-accordion__header-wrapper\"><span class=\"wp-block-getwid-accordion__header\"><a href=\"#\"><span class=\"wp-block-getwid-accordion__header-title\"><strong>Subxarxa, artefacte i token<\/strong><\/span><span class=\"wp-block-getwid-accordion__icon is-active\"><i class=\"fas fa-plus\"><\/i><\/span><span class=\"wp-block-getwid-accordion__icon is-passive\"><i class=\"fas fa-minus\"><\/i><\/span><\/a><\/span><\/div><div class=\"wp-block-getwid-accordion__content-wrapper\"><div class=\"wp-block-getwid-accordion__content\">\n<p><strong>Subxarxa:&nbsp;<\/strong>validar visualitzaci\u00f3 sessions online<\/p>\n\n\n\n<p><strong>Artefactes:&nbsp;<\/strong>penjar l&#8217;artefacte a&nbsp;<a href=\"https:\/\/projectes.xtec.cat\/digital\/formacio-docent\/xtcd\/subxarxa-de-la-coordinacio-digital-de-centre-cdc\/artefactes-de-la-coordinacio-digital\/\" target=\"_blank\" rel=\"noreferrer noopener\">https:\/\/projectes.xtec.cat\/digital\/formacio-docent\/xtcd\/subxarxa-de-la-coordinacio-digital-de-centre-cdc\/artefactes-de-la-coordinacio-digital\/<\/a><\/p>\n\n\n\n<p>Enlla\u00e7 dels nostres artefactes:&nbsp;<a href=\"https:\/\/serveiseducatius.xtec.cat\/pladelestany\/les-nostres-activitats\/suport-digital-pla-de-lestany\/robotica-i-pensament-computacional\/\" data-type=\"page\" data-id=\"7162\" target=\"_blank\" rel=\"noreferrer noopener\"><strong>https:\/\/serveiseducatius.xtec.cat\/pladelestany\/les-nostres-activitats\/suport-digital-pla-de-lestany\/<\/strong><\/a><\/p>\n<\/div><\/div>\n\n\n\n<div class=\"wp-block-getwid-accordion__header-wrapper\"><span class=\"wp-block-getwid-accordion__header\"><a href=\"#\"><span class=\"wp-block-getwid-accordion__header-title\"><strong>Can Puig, centre FAIG<\/strong><\/span><span class=\"wp-block-getwid-accordion__icon is-active\"><i class=\"fas fa-plus\"><\/i><\/span><span class=\"wp-block-getwid-accordion__icon is-passive\"><i class=\"fas fa-minus\"><\/i><\/span><\/a><\/span><\/div><div class=\"wp-block-getwid-accordion__content-wrapper\"><div class=\"wp-block-getwid-accordion__content\">\n<p>En David, ens explica qu\u00e8 es fa dins del Projecte d&#8217;innovaci\u00f3 FAIG<\/p>\n\n\n\n<div class=\"wp-block-columns is-layout-flex wp-container-core-columns-is-layout-3 wp-block-columns-is-layout-flex\">\n<div class=\"wp-block-column is-layout-flow wp-block-column-is-layout-flow\"><p><iframe loading=\"lazy\" src=\"https:\/\/drive.google.com\/file\/d\/1Kx7frn4Rg5d_XKFTe4K123ea9njya-Gt\/preview\" width=\"640\" height=\"300\" allow=\"autoplay\"><\/iframe><\/p>\n<\/div>\n\n\n\n<div class=\"wp-block-column is-layout-flow wp-block-column-is-layout-flow\"><p><iframe loading=\"lazy\" src=\"https:\/\/drive.google.com\/file\/d\/1uI68Fu8pnwSiNrqK-mEiHQNMg0uW2LMa\/preview\" width=\"640\" height=\"300\" allow=\"autoplay\"><\/iframe><\/p>\n<\/div>\n<\/div>\n<\/div><\/div>\n\n\n\n<div class=\"wp-block-getwid-accordion__header-wrapper\"><span class=\"wp-block-getwid-accordion__header\"><a href=\"#\"><span class=\"wp-block-getwid-accordion__header-title\"><strong>Informacions<\/strong><\/span><span class=\"wp-block-getwid-accordion__icon is-active\"><i class=\"fas fa-plus\"><\/i><\/span><span class=\"wp-block-getwid-accordion__icon is-passive\"><i class=\"fas fa-minus\"><\/i><\/span><\/a><\/span><\/div><div class=\"wp-block-getwid-accordion__content-wrapper\"><div class=\"wp-block-getwid-accordion__content\">\n<p>Subxarxa curs 25-26<\/p>\n\n\n\n<ul class=\"wp-block-list\">\n<li>calendari?<\/li>\n\n\n\n<li>temes demanats per fer a les sessions:<\/li>\n\n\n\n<li>IA (Sergi i Xevi)<\/li>\n\n\n\n<li>Nodes 2 (Marta)<\/li>\n\n\n\n<li>propostes:\n<ul class=\"wp-block-list\">\n<li>rob\u00f2tica?<\/li>\n\n\n\n<li>maleta audiovisual? Servidor xtec r\u00e0dio CRP<\/li>\n\n\n\n<li>maker?<\/li>\n<\/ul>\n<\/li>\n<\/ul>\n\n\n\n<p>Proposta grup de treball curs 25-26<\/p>\n\n\n\n<p>Servidor&nbsp;<strong>X<\/strong><strong>tec r\u00e0dio CRP<\/strong><\/p>\n\n\n\n<ul class=\"wp-block-list\">\n<li>L\u2019escriptori Linkat m\u00e8dia (antic escriptori de r\u00e0dio) \u00e9s el perfil que el projecte Linkat ha desenvolupat per tal que qualsevol m\u00e0quina amb Linkat pugui realitzar, de forma aut\u00f2noma, les diverses funcions que pot requerir una r\u00e0dio escolar.<\/li>\n<\/ul>\n\n\n\n<ul class=\"wp-block-list\">\n<li>Entre elles destaquen:\n<ul class=\"wp-block-list\">\n<li>Emissi\u00f3 d&#8217;\u00e0udio i v\u00eddeo en directe per internet.<\/li>\n\n\n\n<li>Automatitzaci\u00f3 i programaci\u00f3 de la radiof\u00f2rmula.<\/li>\n\n\n\n<li>Enregistrament, edici\u00f3 i postproducci\u00f3 d&#8217;\u00e0udio\/v\u00eddeo.<\/li>\n\n\n\n<li>Estudi de TV.<\/li>\n\n\n\n<li>Publicaci\u00f3 de podcasts.<\/li>\n<\/ul>\n<\/li>\n<\/ul>\n\n\n\n<p>Canvi dels Sites del Servei educatiu a Nodes 2&nbsp;<\/p>\n\n\n\n<p>Disseny llapis pel panell, publicat al Nus, impr\u00e8s en 3D (costa 15 c\u00e8ntims per llapis, diu):<\/p>\n\n\n\n<ul class=\"wp-block-list\">\n<li><a href=\"https:\/\/comunitat.edigital.cat\/t\/llapissos-per-a-pissarres-digitals-impresos-en-3d\/40279\/20?u=mtorres\" target=\"_blank\" rel=\"noreferrer noopener\">https:\/\/comunitat.edigital.cat\/t\/llapissos-per-a-pissarres-digitals-impresos-en-3d\/40279\/20?u=mtorres<\/a><\/li>\n\n\n\n<li><a href=\"https:\/\/comunitat.edigital.cat\/t\/llapis-panell-digital-impressio-3d\/38552\" target=\"_blank\" rel=\"noreferrer noopener\">https:\/\/comunitat.edigital.cat\/t\/llapis-panell-digital-impressio-3d\/38552<\/a>&nbsp;<\/li>\n<\/ul>\n\n\n\n<p>L&#8217;Alzina Reclamadora s\u00f3n finalistes a l&#8217;mschools 2025: <a href=\"https:\/\/www.youtube.com\/watch?v=gJP3YLvhASY&amp;pp=ygUhYXZlbnR1cmEgYSBsYSBncmFuamEgbXNjaG9vbHMyMDI1\" target=\"_blank\" rel=\"noreferrer noopener\">Aventura a la Granja!<\/a>&nbsp;<\/p>\n<\/div><\/div>\n<\/div>\n<\/div><\/div>\n<\/div>\n\n\n\n<p><\/p>\n\n\n\n<p><\/p>\n","protected":false},"excerpt":{"rendered":"<p>. Curs 24-25<\/p>\n","protected":false},"author":1,"featured_media":0,"parent":7156,"menu_order":0,"comment_status":"closed","ping_status":"close","template":"","meta":{"site-sidebar-layout":"default","site-content-layout":"","ast-site-content-layout":"default","site-content-style":"default","site-sidebar-style":"default","ast-global-header-display":"","ast-banner-title-visibility":"","ast-main-header-display":"","ast-hfb-above-header-display":"","ast-hfb-below-header-display":"","ast-hfb-mobile-header-display":"","site-post-title":"","ast-breadcrumbs-content":"","ast-featured-img":"","footer-sml-layout":"","theme-transparent-header-meta":"","adv-header-id-meta":"","stick-header-meta":"","header-above-stick-meta":"","header-main-stick-meta":"","header-below-stick-meta":"","astra-migrate-meta-layouts":"set","ast-page-background-enabled":"default","ast-page-background-meta":{"desktop":{"background-color":"var(--ast-global-color-4)","background-image":"","background-repeat":"repeat","background-position":"center center","background-size":"auto","background-attachment":"scroll","background-type":"","background-media":"","overlay-type":"","overlay-color":"","overlay-opacity":"","overlay-gradient":""},"tablet":{"background-color":"","background-image":"","background-repeat":"repeat","background-position":"center center","background-size":"auto","background-attachment":"scroll","background-type":"","background-media":"","overlay-type":"","overlay-color":"","overlay-opacity":"","overlay-gradient":""},"mobile":{"background-color":"","background-image":"","background-repeat":"repeat","background-position":"center center","background-size":"auto","background-attachment":"scroll","background-type":"","background-media":"","overlay-type":"","overlay-color":"","overlay-opacity":"","overlay-gradient":""}},"ast-content-background-meta":{"desktop":{"background-color":"var(--ast-global-color-5)","background-image":"","background-repeat":"repeat","background-position":"center center","background-size":"auto","background-attachment":"scroll","background-type":"","background-media":"","overlay-type":"","overlay-color":"","overlay-opacity":"","overlay-gradient":""},"tablet":{"background-color":"var(--ast-global-color-5)","background-image":"","background-repeat":"repeat","background-position":"center center","background-size":"auto","background-attachment":"scroll","background-type":"","background-media":"","overlay-type":"","overlay-color":"","overlay-opacity":"","overlay-gradient":""},"mobile":{"background-color":"var(--ast-global-color-5)","background-image":"","background-repeat":"repeat","background-position":"center center","background-size":"auto","background-attachment":"scroll","background-type":"","background-media":"","overlay-type":"","overlay-color":"","overlay-opacity":"","overlay-gradient":""}},"footnotes":""},"class_list":["post-7416","page","type-page","status-publish","hentry"],"post_mailing_queue_ids":[],"_links":{"self":[{"href":"https:\/\/serveiseducatius.xtec.cat\/pladelestany\/wp-json\/wp\/v2\/pages\/7416","targetHints":{"allow":["GET"]}}],"collection":[{"href":"https:\/\/serveiseducatius.xtec.cat\/pladelestany\/wp-json\/wp\/v2\/pages"}],"about":[{"href":"https:\/\/serveiseducatius.xtec.cat\/pladelestany\/wp-json\/wp\/v2\/types\/page"}],"author":[{"embeddable":true,"href":"https:\/\/serveiseducatius.xtec.cat\/pladelestany\/wp-json\/wp\/v2\/users\/1"}],"replies":[{"embeddable":true,"href":"https:\/\/serveiseducatius.xtec.cat\/pladelestany\/wp-json\/wp\/v2\/comments?post=7416"}],"version-history":[{"count":6,"href":"https:\/\/serveiseducatius.xtec.cat\/pladelestany\/wp-json\/wp\/v2\/pages\/7416\/revisions"}],"predecessor-version":[{"id":9065,"href":"https:\/\/serveiseducatius.xtec.cat\/pladelestany\/wp-json\/wp\/v2\/pages\/7416\/revisions\/9065"}],"up":[{"embeddable":true,"href":"https:\/\/serveiseducatius.xtec.cat\/pladelestany\/wp-json\/wp\/v2\/pages\/7156"}],"wp:attachment":[{"href":"https:\/\/serveiseducatius.xtec.cat\/pladelestany\/wp-json\/wp\/v2\/media?parent=7416"}],"curies":[{"name":"wp","href":"https:\/\/api.w.org\/{rel}","templated":true}]}}