{"id":19470,"date":"2022-11-07T13:08:08","date_gmt":"2022-11-07T12:08:08","guid":{"rendered":"https:\/\/serveiseducatius.xtec.cat\/pallars\/?page_id=19470"},"modified":"2023-01-26T10:46:45","modified_gmt":"2023-01-26T09:46:45","slug":"novembre-2022","status":"publish","type":"page","link":"https:\/\/serveiseducatius.xtec.cat\/pallars\/full-informatiu\/fulls-informatius-2022\/novembre-2022\/","title":{"rendered":"Novembre 2022"},"content":{"rendered":"<table style=\"height: 717px; width: 866px; border-style: none;\">\n<tbody>\n<tr style=\"height: 35px;\">\n<td style=\"width: 285px; height: 24px; border-style: none; text-align: center;\"><a href=\"https:\/\/sites.google.com\/xtec.cat\/21jussaeducacio\/novetats?authuser=0\"><strong><span style=\"color: #008080;\"><span style=\"font-size: 20px;\">21\u00e8 Pla Comarcal Juss\u00e0Educaci\u00f3<\/span><\/span><\/strong><\/a><span style=\"color: #008080;\"><a style=\"color: #008080;\" href=\"https:\/\/serveiseducatius.xtec.cat\/pallars\/wp-content\/uploads\/usu1099\/2020\/03\/linea.png\"><img loading=\"lazy\" decoding=\"async\" class=\"alignleft size-full wp-image-19030\" src=\"https:\/\/serveiseducatius.xtec.cat\/pallars\/wp-content\/uploads\/usu1099\/2022\/07\/linea.png\" alt=\"\" width=\"290\" height=\"2\" srcset=\"https:\/\/serveiseducatius.xtec.cat\/pallars\/wp-content\/uploads\/usu1099\/2022\/07\/linea.png 290w, https:\/\/serveiseducatius.xtec.cat\/pallars\/wp-content\/uploads\/usu1099\/2022\/07\/linea-150x2.png 150w, https:\/\/serveiseducatius.xtec.cat\/pallars\/wp-content\/uploads\/usu1099\/2022\/07\/linea-200x2.png 200w\" sizes=\"auto, (max-width: 290px) 100vw, 290px\" \/><\/a><\/span><\/td>\n<td style=\"width: 305px; height: 24px; border-style: none; text-align: center;\"><a href=\"https:\/\/sites.google.com\/xtec.cat\/sobiraeducacio\/novetats\"><strong><span style=\"color: #008080;\"><span style=\"font-size: 20px;\">2n Pla Comarcal Sobir\u00e0Educaci\u00f3<\/span><\/span><\/strong><\/a><br \/>\n<span style=\"color: #008080;\"><strong><strong><span style=\"font-size: 20px;\"><img loading=\"lazy\" decoding=\"async\" class=\"alignleft size-full wp-image-19030\" src=\"https:\/\/serveiseducatius.xtec.cat\/pallars\/wp-content\/uploads\/usu1099\/2022\/07\/linea.png\" alt=\"\" width=\"290\" height=\"2\" srcset=\"https:\/\/serveiseducatius.xtec.cat\/pallars\/wp-content\/uploads\/usu1099\/2022\/07\/linea.png 290w, https:\/\/serveiseducatius.xtec.cat\/pallars\/wp-content\/uploads\/usu1099\/2022\/07\/linea-150x2.png 150w, https:\/\/serveiseducatius.xtec.cat\/pallars\/wp-content\/uploads\/usu1099\/2022\/07\/linea-200x2.png 200w\" sizes=\"auto, (max-width: 290px) 100vw, 290px\" \/><br \/>\n<\/span><\/strong><\/strong><\/span><\/td>\n<td style=\"width: 276px; height: 24px; border-style: none; text-align: center;\"><span style=\"color: #008080;\"><strong><span style=\"font-size: 20px;\"><a href=\"https:\/\/serveiseducatius.xtec.cat\/pallars\/general\/grup-de-treball-memoria-historica\/\">Grup de Treball de Mem\u00f2ria Hist\u00f2rica<\/a><br \/>\n<\/span><\/strong><img loading=\"lazy\" decoding=\"async\" class=\"alignleft size-full wp-image-19030\" src=\"https:\/\/serveiseducatius.xtec.cat\/pallars\/wp-content\/uploads\/usu1099\/2022\/07\/linea.png\" alt=\"\" width=\"290\" height=\"2\" srcset=\"https:\/\/serveiseducatius.xtec.cat\/pallars\/wp-content\/uploads\/usu1099\/2022\/07\/linea.png 290w, https:\/\/serveiseducatius.xtec.cat\/pallars\/wp-content\/uploads\/usu1099\/2022\/07\/linea-150x2.png 150w, https:\/\/serveiseducatius.xtec.cat\/pallars\/wp-content\/uploads\/usu1099\/2022\/07\/linea-200x2.png 200w\" sizes=\"auto, (max-width: 290px) 100vw, 290px\" \/><br \/>\n<\/span><\/td>\n<\/tr>\n<tr style=\"height: 156px;\">\n<td style=\"width: 285px; height: 156px; border-style: none; text-align: center;\"><a href=\"https:\/\/sites.google.com\/xtec.cat\/21jussaeducacio\/novetats?authuser=0\"><img loading=\"lazy\" decoding=\"async\" class=\"size-full wp-image-19480 aligncenter\" src=\"https:\/\/serveiseducatius.xtec.cat\/pallars\/wp-content\/uploads\/usu1099\/2022\/11\/21-pla-comarcaljussa.png\" alt=\"\" width=\"250\" height=\"180\" \/><\/a><\/td>\n<td style=\"width: 305px; height: 156px; border-style: none; text-align: center;\"><a href=\"https:\/\/sites.google.com\/xtec.cat\/sobiraeducacio\/novetats\"><img loading=\"lazy\" decoding=\"async\" class=\"size-full wp-image-19481 aligncenter\" src=\"https:\/\/serveiseducatius.xtec.cat\/pallars\/wp-content\/uploads\/usu1099\/2022\/11\/2n-pla-comarcal.png\" alt=\"\" width=\"250\" height=\"180\" \/><\/a><\/td>\n<td style=\"width: 276px; height: 156px; border-style: none; text-align: center;\"><a href=\"https:\/\/serveiseducatius.xtec.cat\/pallars\/general\/grup-de-treball-memoria-historica\/\"><img loading=\"lazy\" decoding=\"async\" class=\"alignleft size-full wp-image-19482\" src=\"https:\/\/serveiseducatius.xtec.cat\/pallars\/wp-content\/uploads\/usu1099\/2022\/11\/seminari-grup-de-treball.jpg\" alt=\"\" width=\"250\" height=\"180\" \/><\/a><\/td>\n<\/tr>\n<tr style=\"height: 33px;\">\n<td style=\"width: 285px; height: 33px; border-style: none;\"><\/td>\n<td style=\"width: 305px; height: 33px; border-style: none;\"><\/td>\n<td style=\"width: 276px; height: 33px; border-style: none;\"><\/td>\n<\/tr>\n<tr style=\"height: 33px;\">\n<td style=\"width: 285px; height: 33px; border-style: none; text-align: center;\"><a href=\"https:\/\/serveiseducatius.xtec.cat\/pallars\/general\/inici-formacio\/\"><strong><span style=\"font-size: 20px;\">Inici formaci\u00f3. Hist\u00f2ria Medieval al Pallars<\/span><\/strong><\/a><span style=\"color: #ba1c00;\"><strong style=\"color: #222222; font-size: 20px; background-color: #ffffff;\"><br \/>\n<\/strong><img loading=\"lazy\" decoding=\"async\" class=\"alignleft size-full wp-image-19030\" src=\"https:\/\/serveiseducatius.xtec.cat\/pallars\/wp-content\/uploads\/usu1099\/2022\/07\/linea.png\" alt=\"\" width=\"290\" height=\"2\" srcset=\"https:\/\/serveiseducatius.xtec.cat\/pallars\/wp-content\/uploads\/usu1099\/2022\/07\/linea.png 290w, https:\/\/serveiseducatius.xtec.cat\/pallars\/wp-content\/uploads\/usu1099\/2022\/07\/linea-150x2.png 150w, https:\/\/serveiseducatius.xtec.cat\/pallars\/wp-content\/uploads\/usu1099\/2022\/07\/linea-200x2.png 200w\" sizes=\"auto, (max-width: 290px) 100vw, 290px\" \/><br \/>\n<\/span><\/td>\n<td style=\"width: 305px; height: 33px; border-style: none; text-align: center;\"><span style=\"color: #008080;\"><span style=\"font-size: 20px;\"><b><a href=\"https:\/\/serveiseducatius.xtec.cat\/pallars\/general\/nous-materials-al-se-dels-pallars\/\">Nous materials al Servei Educatiu dels Pallars<\/a><br \/>\n<\/b><img loading=\"lazy\" decoding=\"async\" class=\"alignleft size-full wp-image-19030\" src=\"https:\/\/serveiseducatius.xtec.cat\/pallars\/wp-content\/uploads\/usu1099\/2022\/07\/linea.png\" alt=\"\" width=\"290\" height=\"2\" srcset=\"https:\/\/serveiseducatius.xtec.cat\/pallars\/wp-content\/uploads\/usu1099\/2022\/07\/linea.png 290w, https:\/\/serveiseducatius.xtec.cat\/pallars\/wp-content\/uploads\/usu1099\/2022\/07\/linea-150x2.png 150w, https:\/\/serveiseducatius.xtec.cat\/pallars\/wp-content\/uploads\/usu1099\/2022\/07\/linea-200x2.png 200w\" sizes=\"auto, (max-width: 290px) 100vw, 290px\" \/><b><br \/>\n<\/b><\/span><\/span><\/td>\n<td style=\"width: 276px; height: 33px; border-style: none; text-align: center;\"><span style=\"color: #008080;\"><span style=\"font-size: 20px;\"><strong><a href=\"https:\/\/serveiseducatius.xtec.cat\/pallars\/general\/dones-al-marge-xerrada-divet-eroles\/\"><em>Dones al marge<\/em>. Xerrada Ivet Eroles<\/a><a style=\"color: #008080;\" href=\"https:\/\/sites.google.com\/xtec.cat\/bancderecursos\"><img loading=\"lazy\" decoding=\"async\" class=\"alignleft size-full wp-image-19030\" src=\"https:\/\/serveiseducatius.xtec.cat\/pallars\/wp-content\/uploads\/usu1099\/2022\/07\/linea.png\" alt=\"\" width=\"290\" height=\"2\" srcset=\"https:\/\/serveiseducatius.xtec.cat\/pallars\/wp-content\/uploads\/usu1099\/2022\/07\/linea.png 290w, https:\/\/serveiseducatius.xtec.cat\/pallars\/wp-content\/uploads\/usu1099\/2022\/07\/linea-150x2.png 150w, https:\/\/serveiseducatius.xtec.cat\/pallars\/wp-content\/uploads\/usu1099\/2022\/07\/linea-200x2.png 200w\" sizes=\"auto, (max-width: 290px) 100vw, 290px\" \/><\/a><\/strong><\/span><\/span><\/td>\n<\/tr>\n<tr style=\"height: 33px;\">\n<td style=\"width: 285px; height: 33px; border-style: none; text-align: center;\"><a href=\"https:\/\/serveiseducatius.xtec.cat\/pallars\/general\/inici-formacio\/\"><img loading=\"lazy\" decoding=\"async\" class=\"size-full wp-image-19483 aligncenter\" src=\"https:\/\/serveiseducatius.xtec.cat\/pallars\/wp-content\/uploads\/usu1099\/2022\/11\/formacio-medieval.png\" alt=\"\" width=\"250\" height=\"181\" \/><\/a><\/td>\n<td style=\"width: 305px; height: 33px; border-style: none; text-align: center;\"><a href=\"https:\/\/serveiseducatius.xtec.cat\/pallars\/general\/nous-materials-al-se-dels-pallars\/\"><img loading=\"lazy\" decoding=\"async\" class=\"size-full wp-image-19477 alignnone\" src=\"https:\/\/serveiseducatius.xtec.cat\/pallars\/wp-content\/uploads\/usu1099\/2022\/11\/material-educatiu.png\" alt=\"\" width=\"248\" height=\"178\" \/><\/a><\/td>\n<td style=\"width: 276px; height: 33px; border-style: none; text-align: center;\"><a href=\"https:\/\/serveiseducatius.xtec.cat\/pallars\/general\/dones-al-marge-xerrada-divet-eroles\/\"><img loading=\"lazy\" decoding=\"async\" class=\"alignleft size-full wp-image-19488\" src=\"https:\/\/serveiseducatius.xtec.cat\/pallars\/wp-content\/uploads\/usu1099\/2022\/11\/ivet-eroles.png\" alt=\"\" width=\"250\" height=\"180\" \/><\/a><\/td>\n<\/tr>\n<tr style=\"height: 31px;\">\n<td style=\"width: 285px; text-align: left; border-style: none; background-color: #fcfcfc; height: 31px;\"><strong>\u00a0<\/strong><\/td>\n<td style=\"width: 305px; text-align: left; border-style: none; background-color: #fcfcfc; height: 31px;\"><strong>\u00a0<\/strong><\/td>\n<td style=\"width: 276px; text-align: left; border-style: none; background-color: #fcfcfc; height: 31px;\"><strong>\u00a0<\/strong><\/td>\n<\/tr>\n<tr style=\"height: 68px;\">\n<td style=\"width: 285px; border-style: none; height: 68px; text-align: center;\"><span style=\"font-size: 20px; color: #008080;\"><strong><a href=\"https:\/\/serveiseducatius.xtec.cat\/pallars\/general\/dubtes-de-cdd\/\">Dubtes CDD<\/a><br \/>\n<a style=\"color: #008080;\" href=\"https:\/\/serveiseducatius.xtec.cat\/pallars\/portada\/xiii-premi-per-a-la-diversitat-en-laudiovisual\/\"><img loading=\"lazy\" decoding=\"async\" class=\"alignleft size-full wp-image-19030\" src=\"https:\/\/serveiseducatius.xtec.cat\/pallars\/wp-content\/uploads\/usu1099\/2022\/07\/linea.png\" alt=\"\" width=\"290\" height=\"2\" srcset=\"https:\/\/serveiseducatius.xtec.cat\/pallars\/wp-content\/uploads\/usu1099\/2022\/07\/linea.png 290w, https:\/\/serveiseducatius.xtec.cat\/pallars\/wp-content\/uploads\/usu1099\/2022\/07\/linea-150x2.png 150w, https:\/\/serveiseducatius.xtec.cat\/pallars\/wp-content\/uploads\/usu1099\/2022\/07\/linea-200x2.png 200w\" sizes=\"auto, (max-width: 290px) 100vw, 290px\" \/><\/a><\/strong><\/span><\/td>\n<td style=\"width: 305px; border-style: none; height: 68px; text-align: center;\"><strong><a href=\"https:\/\/serveiseducatius.xtec.cat\/pallars\/general\/inscripcio-proves-cangur-2023\/\"><span style=\"font-size: 20px;\">Proves Cangur<\/span><\/a><\/strong><br \/>\n<img loading=\"lazy\" decoding=\"async\" class=\"alignleft size-full wp-image-19030\" src=\"https:\/\/serveiseducatius.xtec.cat\/pallars\/wp-content\/uploads\/usu1099\/2022\/07\/linea.png\" alt=\"\" width=\"290\" height=\"2\" srcset=\"https:\/\/serveiseducatius.xtec.cat\/pallars\/wp-content\/uploads\/usu1099\/2022\/07\/linea.png 290w, https:\/\/serveiseducatius.xtec.cat\/pallars\/wp-content\/uploads\/usu1099\/2022\/07\/linea-150x2.png 150w, https:\/\/serveiseducatius.xtec.cat\/pallars\/wp-content\/uploads\/usu1099\/2022\/07\/linea-200x2.png 200w\" sizes=\"auto, (max-width: 290px) 100vw, 290px\" \/><\/td>\n<td style=\"width: 276px; border-style: none; height: 68px; text-align: center;\"><span style=\"font-size: 20px; color: #008080;\"><a href=\"https:\/\/serveiseducatius.xtec.cat\/pallars\/general\/ultims-dies-inscripcio\/\"><strong>\u00daltims dies. Inscripci\u00f3<\/strong><\/a><br \/>\n<strong><img loading=\"lazy\" decoding=\"async\" class=\"alignleft size-full wp-image-19030\" src=\"https:\/\/serveiseducatius.xtec.cat\/pallars\/wp-content\/uploads\/usu1099\/2022\/07\/linea.png\" alt=\"\" width=\"290\" height=\"2\" srcset=\"https:\/\/serveiseducatius.xtec.cat\/pallars\/wp-content\/uploads\/usu1099\/2022\/07\/linea.png 290w, https:\/\/serveiseducatius.xtec.cat\/pallars\/wp-content\/uploads\/usu1099\/2022\/07\/linea-150x2.png 150w, https:\/\/serveiseducatius.xtec.cat\/pallars\/wp-content\/uploads\/usu1099\/2022\/07\/linea-200x2.png 200w\" sizes=\"auto, (max-width: 290px) 100vw, 290px\" \/><\/strong><\/span><\/td>\n<\/tr>\n<tr style=\"height: 207px;\">\n<td style=\"width: 285px; border-style: none; height: 207px;\"><a href=\"https:\/\/serveiseducatius.xtec.cat\/pallars\/general\/dubtes-de-cdd\/\"><img loading=\"lazy\" decoding=\"async\" class=\"alignleft size-full wp-image-19491\" src=\"https:\/\/serveiseducatius.xtec.cat\/pallars\/wp-content\/uploads\/usu1099\/2022\/11\/digital.jpg\" alt=\"\" width=\"250\" height=\"180\" \/><\/a><\/td>\n<td style=\"width: 305px; border-style: none; height: 207px;\"><a href=\"https:\/\/serveiseducatius.xtec.cat\/pallars\/general\/inscripcio-proves-cangur-2023\/\"><img loading=\"lazy\" decoding=\"async\" class=\"alignleft size-full wp-image-19486\" src=\"https:\/\/serveiseducatius.xtec.cat\/pallars\/wp-content\/uploads\/usu1099\/2022\/11\/proves-cangur-2023.png\" alt=\"\" width=\"250\" height=\"180\" \/><\/a><\/td>\n<td style=\"width: 276px; border-style: none; height: 207px;\"><a href=\"https:\/\/serveiseducatius.xtec.cat\/pallars\/general\/ultims-dies-inscripcio\/\"><img loading=\"lazy\" decoding=\"async\" class=\"size-full wp-image-19322 aligncenter\" src=\"https:\/\/serveiseducatius.xtec.cat\/pallars\/wp-content\/uploads\/usu1099\/2022\/10\/lectura-en-veu-alta-1.png\" alt=\"\" width=\"250\" height=\"180\" \/><\/a><\/td>\n<\/tr>\n<tr>\n<td style=\"width: 285px; border-style: none;\"><\/td>\n<td style=\"width: 305px; border-style: none;\"><\/td>\n<td style=\"width: 276px; border-style: none;\"><\/td>\n<\/tr>\n<tr style=\"height: 68px;\">\n<td style=\"width: 285px; border-style: none; height: 68px; text-align: center;\"><span style=\"font-size: 20px; color: #008080;\"><strong><a href=\"https:\/\/serveiseducatius.xtec.cat\/pallars\/general\/setmana-de-la-ciencia-2\/\">Setmana de la ci\u00e8ncia<\/a><br \/>\n<a style=\"color: #008080;\" href=\"https:\/\/serveiseducatius.xtec.cat\/pallars\/portada\/xiii-premi-per-a-la-diversitat-en-laudiovisual\/\"><img loading=\"lazy\" decoding=\"async\" class=\"alignleft size-full wp-image-19030\" src=\"https:\/\/serveiseducatius.xtec.cat\/pallars\/wp-content\/uploads\/usu1099\/2022\/07\/linea.png\" alt=\"\" width=\"290\" height=\"2\" srcset=\"https:\/\/serveiseducatius.xtec.cat\/pallars\/wp-content\/uploads\/usu1099\/2022\/07\/linea.png 290w, https:\/\/serveiseducatius.xtec.cat\/pallars\/wp-content\/uploads\/usu1099\/2022\/07\/linea-150x2.png 150w, https:\/\/serveiseducatius.xtec.cat\/pallars\/wp-content\/uploads\/usu1099\/2022\/07\/linea-200x2.png 200w\" sizes=\"auto, (max-width: 290px) 100vw, 290px\" \/><\/a><\/strong><\/span><\/td>\n<td style=\"width: 305px; border-style: none; height: 68px; text-align: center;\"><a href=\"https:\/\/serveiseducatius.xtec.cat\/pallars\/general\/dia-del-pijama\/\"><strong><span style=\"font-size: 20px;\">Dia del pijama<\/span><\/strong><\/a><br \/>\n<strong><img loading=\"lazy\" decoding=\"async\" class=\"alignleft size-full wp-image-19030\" src=\"https:\/\/serveiseducatius.xtec.cat\/pallars\/wp-content\/uploads\/usu1099\/2022\/07\/linea.png\" alt=\"\" width=\"290\" height=\"2\" srcset=\"https:\/\/serveiseducatius.xtec.cat\/pallars\/wp-content\/uploads\/usu1099\/2022\/07\/linea.png 290w, https:\/\/serveiseducatius.xtec.cat\/pallars\/wp-content\/uploads\/usu1099\/2022\/07\/linea-150x2.png 150w, https:\/\/serveiseducatius.xtec.cat\/pallars\/wp-content\/uploads\/usu1099\/2022\/07\/linea-200x2.png 200w\" sizes=\"auto, (max-width: 290px) 100vw, 290px\" \/><\/strong><\/td>\n<td style=\"width: 276px; border-style: none; height: 68px; text-align: center;\"><strong><span style=\"font-size: 20px; color: #008080;\"><a href=\"https:\/\/serveiseducatius.xtec.cat\/pallars\/general\/concursos-i-premis\/\">Premis i concursos de llengua<\/a><br \/>\n<img loading=\"lazy\" decoding=\"async\" class=\"alignleft size-full wp-image-19030\" src=\"https:\/\/serveiseducatius.xtec.cat\/pallars\/wp-content\/uploads\/usu1099\/2022\/07\/linea.png\" alt=\"\" width=\"290\" height=\"2\" srcset=\"https:\/\/serveiseducatius.xtec.cat\/pallars\/wp-content\/uploads\/usu1099\/2022\/07\/linea.png 290w, https:\/\/serveiseducatius.xtec.cat\/pallars\/wp-content\/uploads\/usu1099\/2022\/07\/linea-150x2.png 150w, https:\/\/serveiseducatius.xtec.cat\/pallars\/wp-content\/uploads\/usu1099\/2022\/07\/linea-200x2.png 200w\" sizes=\"auto, (max-width: 290px) 100vw, 290px\" \/><\/span><\/strong><\/td>\n<\/tr>\n<tr>\n<td style=\"width: 285px; border-style: none;\"><a href=\"https:\/\/serveiseducatius.xtec.cat\/pallars\/general\/setmana-de-la-ciencia-2\/\"><img loading=\"lazy\" decoding=\"async\" class=\"size-full wp-image-19478 aligncenter\" src=\"https:\/\/serveiseducatius.xtec.cat\/pallars\/wp-content\/uploads\/usu1099\/2022\/11\/Setmana-de-la-ciencia-22.png\" alt=\"\" width=\"250\" height=\"180\" \/><\/a><\/td>\n<td style=\"width: 305px; border-style: none;\"><a href=\"https:\/\/serveiseducatius.xtec.cat\/pallars\/general\/dia-del-pijama\/\"><img loading=\"lazy\" decoding=\"async\" class=\"size-full wp-image-19489 aligncenter\" src=\"https:\/\/serveiseducatius.xtec.cat\/pallars\/wp-content\/uploads\/usu1099\/2022\/11\/dia-del-pijama.png\" alt=\"\" width=\"250\" height=\"180\" \/><\/a><\/td>\n<td style=\"width: 276px; border-style: none;\"><a href=\"https:\/\/serveiseducatius.xtec.cat\/pallars\/general\/concursos-i-premis\/\"><img loading=\"lazy\" decoding=\"async\" class=\"size-full wp-image-19490 aligncenter\" src=\"https:\/\/serveiseducatius.xtec.cat\/pallars\/wp-content\/uploads\/usu1099\/2022\/11\/lectura.jpg\" alt=\"\" width=\"250\" height=\"180\" \/><\/a><\/td>\n<\/tr>\n<\/tbody>\n<\/table>\n<p>&nbsp;<\/p>\n","protected":false},"excerpt":{"rendered":"<p>21\u00e8 Pla Comarcal Juss\u00e0Educaci\u00f3 2n Pla Comarcal Sobir\u00e0Educaci\u00f3 Grup de Treball de Mem\u00f2ria Hist\u00f2rica Inici formaci\u00f3. Hist\u00f2ria Medieval al Pallars [&hellip;]<\/p>\n","protected":false},"author":1,"featured_media":0,"parent":20176,"menu_order":11,"comment_status":"closed","ping_status":"closed","template":"page-templates\/side-menu.php","meta":{"_bbp_topic_count":0,"_bbp_reply_count":0,"_bbp_total_topic_count":0,"_bbp_total_reply_count":0,"_bbp_voice_count":0,"_bbp_anonymous_reply_count":0,"_bbp_topic_count_hidden":0,"_bbp_reply_count_hidden":0,"_bbp_forum_subforum_count":0,"site-sidebar-layout":"default","site-content-layout":"","ast-site-content-layout":"","site-content-style":"default","site-sidebar-style":"default","ast-global-header-display":"","ast-banner-title-visibility":"","ast-main-header-display":"","ast-hfb-above-header-display":"","ast-hfb-below-header-display":"","ast-hfb-mobile-header-display":"","site-post-title":"","ast-breadcrumbs-content":"","ast-featured-img":"","footer-sml-layout":"","theme-transparent-header-meta":"","adv-header-id-meta":"","stick-header-meta":"","header-above-stick-meta":"","header-main-stick-meta":"","header-below-stick-meta":"","astra-migrate-meta-layouts":"default","ast-page-background-enabled":"default","ast-page-background-meta":{"desktop":{"background-color":"var(--ast-global-color-4)","background-image":"","background-repeat":"repeat","background-position":"center center","background-size":"auto","background-attachment":"scroll","background-type":"","background-media":"","overlay-type":"","overlay-color":"","overlay-opacity":"","overlay-gradient":""},"tablet":{"background-color":"","background-image":"","background-repeat":"repeat","background-position":"center center","background-size":"auto","background-attachment":"scroll","background-type":"","background-media":"","overlay-type":"","overlay-color":"","overlay-opacity":"","overlay-gradient":""},"mobile":{"background-color":"","background-image":"","background-repeat":"repeat","background-position":"center center","background-size":"auto","background-attachment":"scroll","background-type":"","background-media":"","overlay-type":"","overlay-color":"","overlay-opacity":"","overlay-gradient":""}},"ast-content-background-meta":{"desktop":{"background-color":"var(--ast-global-color-5)","background-image":"","background-repeat":"repeat","background-position":"center center","background-size":"auto","background-attachment":"scroll","background-type":"","background-media":"","overlay-type":"","overlay-color":"","overlay-opacity":"","overlay-gradient":""},"tablet":{"background-color":"var(--ast-global-color-5)","background-image":"","background-repeat":"repeat","background-position":"center center","background-size":"auto","background-attachment":"scroll","background-type":"","background-media":"","overlay-type":"","overlay-color":"","overlay-opacity":"","overlay-gradient":""},"mobile":{"background-color":"var(--ast-global-color-5)","background-image":"","background-repeat":"repeat","background-position":"center center","background-size":"auto","background-attachment":"scroll","background-type":"","background-media":"","overlay-type":"","overlay-color":"","overlay-opacity":"","overlay-gradient":""}},"footnotes":""},"class_list":["post-19470","page","type-page","status-publish","hentry"],"post_mailing_queue_ids":[],"_links":{"self":[{"href":"https:\/\/serveiseducatius.xtec.cat\/pallars\/wp-json\/wp\/v2\/pages\/19470","targetHints":{"allow":["GET"]}}],"collection":[{"href":"https:\/\/serveiseducatius.xtec.cat\/pallars\/wp-json\/wp\/v2\/pages"}],"about":[{"href":"https:\/\/serveiseducatius.xtec.cat\/pallars\/wp-json\/wp\/v2\/types\/page"}],"author":[{"embeddable":true,"href":"https:\/\/serveiseducatius.xtec.cat\/pallars\/wp-json\/wp\/v2\/users\/1"}],"replies":[{"embeddable":true,"href":"https:\/\/serveiseducatius.xtec.cat\/pallars\/wp-json\/wp\/v2\/comments?post=19470"}],"version-history":[{"count":4,"href":"https:\/\/serveiseducatius.xtec.cat\/pallars\/wp-json\/wp\/v2\/pages\/19470\/revisions"}],"predecessor-version":[{"id":20245,"href":"https:\/\/serveiseducatius.xtec.cat\/pallars\/wp-json\/wp\/v2\/pages\/19470\/revisions\/20245"}],"up":[{"embeddable":true,"href":"https:\/\/serveiseducatius.xtec.cat\/pallars\/wp-json\/wp\/v2\/pages\/20176"}],"wp:attachment":[{"href":"https:\/\/serveiseducatius.xtec.cat\/pallars\/wp-json\/wp\/v2\/media?parent=19470"}],"curies":[{"name":"wp","href":"https:\/\/api.w.org\/{rel}","templated":true}]}}