{"id":426,"date":"2022-04-27T08:30:57","date_gmt":"2022-04-27T06:30:57","guid":{"rendered":"http:\/\/serveiseducatius.xtec.cat\/se-noubarris\/?page_id=426"},"modified":"2025-05-05T15:27:22","modified_gmt":"2025-05-05T13:27:22","slug":"deteccio-necessitats","status":"publish","type":"page","link":"https:\/\/serveiseducatius.xtec.cat\/noubarris\/formacio\/pla-de-formacio-de-zona-pfz\/deteccio-necessitats\/","title":{"rendered":"Detecci\u00f3 de necessitats d\u2019activitats de formaci\u00f3 pel curs 2025-2026"},"content":{"rendered":"<p><a href=\"http:\/\/serveiseducatius.xtec.cat\/noubarris\/wp-content\/uploads\/usu786\/2015\/11\/banner-pfz.jpg\"><img loading=\"lazy\" decoding=\"async\" class=\"size-full wp-image-2404 alignnone\" src=\"http:\/\/serveiseducatius.xtec.cat\/noubarris\/wp-content\/uploads\/usu786\/2015\/11\/banner-pfz.jpg\" alt=\"banner pfz\" width=\"736\" height=\"136\" srcset=\"https:\/\/serveiseducatius.xtec.cat\/noubarris\/wp-content\/uploads\/usu786\/2015\/11\/banner-pfz.jpg 736w, https:\/\/serveiseducatius.xtec.cat\/noubarris\/wp-content\/uploads\/usu786\/2015\/11\/banner-pfz-300x55.jpg 300w\" sizes=\"auto, (max-width: 736px) 100vw, 736px\" \/><\/a><\/p>\n<h4><span style=\"text-decoration: underline;\">DETECCI\u00d3 DE NECESSITATS <strong>D&#8217;ACTIVITATS DE FORMACI\u00d3 PEL CURS 2025-2026<\/strong>. PFZ NOU BARRIS<\/span><span style=\"font-size: 2.125em; font-weight: bold;\">\u00a0<\/span><\/h4>\n<h4><\/h4>\n<hr \/>\n<h4>Maig 2025<\/h4>\n<p>L&#8217;equip de professionals del CRP contactaran amb les direccions dels centres p\u00fablics de PRI i SEC per concretar una reuni\u00f3 per compartir les necessitats formatives i les possibles formacions en centre.<\/p>\n<div class=\"entry-content\">\n<p>Els q\u00fcestionaris estaran actius fins dimecres 28 de maig de 2025. Pel formulari espec\u00edfic de formaci\u00f3 en centre, es recomana tenir preparades totes les respostes i haver consultat el document sobre la formaci\u00f3 permanent del professorat. (pendents de la publicaci\u00f3 del document del curs 2025-2026,\u00a0 ens basem en el document seg\u00fcent:\u00a0 <a href=\"https:\/\/docs.google.com\/document\/d\/1A4gXpCjfc9RUQ7PjdeDIHqsegTJG1M1ehBeQFTNVhSU\/edit?usp=sharing\"><em>Criteris, instruccions i orientacions curs 2024-2025<\/em>.<\/a> )<\/p>\n<h4>Formularis actius del<strong> 5 de maig fins al 28 de maig de 2025.<\/strong><\/h4>\n<table>\n<tbody>\n<tr>\n<td>\n<h4><\/h4>\n<h4><strong>Sol\u00b7licitud\u00a0<\/strong><strong>de FORMACI\u00d3 EN CENTRE<\/strong><\/h4>\n<p><a href=\"https:\/\/docs.google.com\/forms\/d\/e\/1FAIpQLScyYGmBV3NKzQwYEGpI-KHZHlsw2VA4nHl_E04owGMQHm4Zmg\/viewform\"><img loading=\"lazy\" decoding=\"async\" class=\"aligncenter wp-image-1822\" src=\"http:\/\/serveiseducatius.xtec.cat\/altpenedes\/wp-content\/uploads\/usu763\/2015\/11\/form_taronja-150x150.jpg\" alt=\"form_taronja\" width=\"100\" height=\"99\" \/><\/a>NOVETAT!!!! L&#8217;enlla\u00e7 d&#8217;aquest formulari nom\u00e9s s&#8217;enviar\u00e0 als centres que pr\u00e8viament hagin contactat professionals CRP.<\/td>\n<td><\/td>\n<td>\n<h4><strong>Proposta de FORMACI\u00d3\u00a0<\/strong><strong>INDIVIDUAL<\/strong><\/h4>\n<h4><a href=\"https:\/\/docs.google.com\/forms\/d\/e\/1FAIpQLSd0iqPeqFkvVwZUxrGqWUKtR6p_xMh_tt_bqBGs8hh-QEyrmA\/viewform\"><strong><img loading=\"lazy\" decoding=\"async\" class=\"aligncenter wp-image-1821\" src=\"https:\/\/serveiseducatius.xtec.cat\/altpenedes\/wp-content\/uploads\/usu763\/2015\/11\/form_groc-300x298.jpg\" sizes=\"auto, (max-width: 108px) 100vw, 108px\" srcset=\"https:\/\/serveiseducatius.xtec.cat\/altpenedes\/wp-content\/uploads\/usu763\/2015\/11\/form_groc-300x298.jpg 300w, https:\/\/serveiseducatius.xtec.cat\/altpenedes\/wp-content\/uploads\/usu763\/2015\/11\/form_groc-150x150.jpg 150w, https:\/\/serveiseducatius.xtec.cat\/altpenedes\/wp-content\/uploads\/usu763\/2015\/11\/form_groc.jpg 321w\" alt=\"\" width=\"108\" height=\"107\" \/><\/strong><\/a><\/h4>\n<p style=\"text-align: center;\"><a href=\"https:\/\/calendar.app.google\/6TsFdq67D1dBT7ay9\">Acc\u00e9s FORMULARI<\/a><\/p>\n<p>\u00a0 (dirigit a tot el professorat)<\/td>\n<\/tr>\n<tr>\n<td colspan=\"3\">Comproveu les caracter\u00edstiques de cada modalitat formativa a les p\u00e0gines corresponents:<\/td>\n<\/tr>\n<tr>\n<td>Les p\u00e0gines 44 a 49 dels <em>Criteris, instruccions i orientacions 2024-2025<\/em>\u00a0(Apartat 10.1 Modalitats de formaci\u00f3 en centre)<\/td>\n<td>Les p\u00e0gines 50 a 52\u00a0 del document <em>Criteris, instruccions i orientacions curs 2024-2025<\/em>\u00a0(Apartat 10.2 Modalitats de formaci\u00f3 per a centres)<\/td>\n<td>Les p\u00e0gines 53 a 59 dels <em>Criteris, instruccions i orientacions 2024-2025<\/em> (Apartat 10.3 Modalitats de formaci\u00f3 individual)<\/td>\n<\/tr>\n<tr>\n<td>\n<ul>\n<li>Assessorament<\/li>\n<li>Formaci\u00f3 interna de centre (<strong>FIC<\/strong>)<\/li>\n<li>Taller a centre<\/li>\n<li>Visita formativa a centre \u2013\u00a0<em>Material per a organitzar i gestionar la proposta formativa de\u00a0<a href=\"http:\/\/ateneu.xtec.cat\/wikiform\/wikiexport\/materials\/vfac\/index\" target=\"_blank\" rel=\"noopener noreferrer\"><span class=\"c32 c27 c44\">Visita a centre<\/span><\/a><\/em><\/li>\n<\/ul>\n<\/td>\n<td>\n<ul>\n<li>Seminaris de coordinaci\u00f3<\/li>\n<li>Curs \/ seminari d\u2019equips de centre<\/li>\n<li>Taller d\u2019equips de centre<\/li>\n<\/ul>\n<\/td>\n<td>\n<ul>\n<li>Taller<\/li>\n<li>Curs<\/li>\n<li>Seminari<\/li>\n<li>Grup de treball<\/li>\n<li>Confer\u00e8ncia, taula rodona, trobada pedag\u00f2gica, intercanvi d\u2019experi\u00e8ncies, jornades (m\u00ednim 5 hores) i cicles de confer\u00e8ncies.<\/li>\n<\/ul>\n<\/td>\n<\/tr>\n<\/tbody>\n<\/table>\n<\/div>\n<p><em>Calendari: del<strong> 5 de maig fins al 28 de maig de 2025<\/strong><\/em><\/p>\n<p>Per resoldre qualsevol dubte sobre la formaci\u00f3 podeu trucar al CRP. Tf, 93.340.21.31<\/p>\n","protected":false},"excerpt":{"rendered":"<p>DETECCI\u00d3 DE NECESSITATS D&#8217;ACTIVITATS DE FORMACI\u00d3 PEL CURS 2025-2026. PFZ NOU BARRIS\u00a0 Maig 2025 L&#8217;equip de professionals del CRP contactaran amb les direccions dels centres p\u00fablics de PRI i SEC per concretar una reuni\u00f3 per compartir les necessitats formatives i les possibles formacions en centre. Els q\u00fcestionaris estaran actius fins dimecres 28 de maig de [&hellip;]<\/p>\n","protected":false},"author":1,"featured_media":0,"parent":414,"menu_order":1,"comment_status":"closed","ping_status":"closed","template":"page-templates\/side-menu.php","meta":{"_bbp_topic_count":0,"_bbp_reply_count":0,"_bbp_total_topic_count":0,"_bbp_total_reply_count":0,"_bbp_voice_count":0,"_bbp_anonymous_reply_count":0,"_bbp_topic_count_hidden":0,"_bbp_reply_count_hidden":0,"_bbp_forum_subforum_count":0,"site-sidebar-layout":"default","site-content-layout":"","ast-site-content-layout":"","site-content-style":"default","site-sidebar-style":"default","ast-global-header-display":"","ast-banner-title-visibility":"","ast-main-header-display":"","ast-hfb-above-header-display":"","ast-hfb-below-header-display":"","ast-hfb-mobile-header-display":"","site-post-title":"","ast-breadcrumbs-content":"","ast-featured-img":"","footer-sml-layout":"","theme-transparent-header-meta":"","adv-header-id-meta":"","stick-header-meta":"","header-above-stick-meta":"","header-main-stick-meta":"","header-below-stick-meta":"","astra-migrate-meta-layouts":"default","ast-page-background-enabled":"default","ast-page-background-meta":{"desktop":{"background-color":"var(--ast-global-color-4)","background-image":"","background-repeat":"repeat","background-position":"center center","background-size":"auto","background-attachment":"scroll","background-type":"","background-media":"","overlay-type":"","overlay-color":"","overlay-opacity":"","overlay-gradient":""},"tablet":{"background-color":"","background-image":"","background-repeat":"repeat","background-position":"center center","background-size":"auto","background-attachment":"scroll","background-type":"","background-media":"","overlay-type":"","overlay-color":"","overlay-opacity":"","overlay-gradient":""},"mobile":{"background-color":"","background-image":"","background-repeat":"repeat","background-position":"center center","background-size":"auto","background-attachment":"scroll","background-type":"","background-media":"","overlay-type":"","overlay-color":"","overlay-opacity":"","overlay-gradient":""}},"ast-content-background-meta":{"desktop":{"background-color":"var(--ast-global-color-5)","background-image":"","background-repeat":"repeat","background-position":"center center","background-size":"auto","background-attachment":"scroll","background-type":"","background-media":"","overlay-type":"","overlay-color":"","overlay-opacity":"","overlay-gradient":""},"tablet":{"background-color":"var(--ast-global-color-5)","background-image":"","background-repeat":"repeat","background-position":"center center","background-size":"auto","background-attachment":"scroll","background-type":"","background-media":"","overlay-type":"","overlay-color":"","overlay-opacity":"","overlay-gradient":""},"mobile":{"background-color":"var(--ast-global-color-5)","background-image":"","background-repeat":"repeat","background-position":"center center","background-size":"auto","background-attachment":"scroll","background-type":"","background-media":"","overlay-type":"","overlay-color":"","overlay-opacity":"","overlay-gradient":""}},"footnotes":""},"class_list":["post-426","page","type-page","status-publish","hentry"],"post_mailing_queue_ids":[],"_links":{"self":[{"href":"https:\/\/serveiseducatius.xtec.cat\/noubarris\/wp-json\/wp\/v2\/pages\/426","targetHints":{"allow":["GET"]}}],"collection":[{"href":"https:\/\/serveiseducatius.xtec.cat\/noubarris\/wp-json\/wp\/v2\/pages"}],"about":[{"href":"https:\/\/serveiseducatius.xtec.cat\/noubarris\/wp-json\/wp\/v2\/types\/page"}],"author":[{"embeddable":true,"href":"https:\/\/serveiseducatius.xtec.cat\/noubarris\/wp-json\/wp\/v2\/users\/1"}],"replies":[{"embeddable":true,"href":"https:\/\/serveiseducatius.xtec.cat\/noubarris\/wp-json\/wp\/v2\/comments?post=426"}],"version-history":[{"count":5,"href":"https:\/\/serveiseducatius.xtec.cat\/noubarris\/wp-json\/wp\/v2\/pages\/426\/revisions"}],"predecessor-version":[{"id":7998,"href":"https:\/\/serveiseducatius.xtec.cat\/noubarris\/wp-json\/wp\/v2\/pages\/426\/revisions\/7998"}],"up":[{"embeddable":true,"href":"https:\/\/serveiseducatius.xtec.cat\/noubarris\/wp-json\/wp\/v2\/pages\/414"}],"wp:attachment":[{"href":"https:\/\/serveiseducatius.xtec.cat\/noubarris\/wp-json\/wp\/v2\/media?parent=426"}],"curies":[{"name":"wp","href":"https:\/\/api.w.org\/{rel}","templated":true}]}}