{"id":15812,"date":"2025-12-10T10:45:57","date_gmt":"2025-12-10T09:45:57","guid":{"rendered":"https:\/\/serveiseducatius.xtec.cat\/noguera\/?page_id=15812"},"modified":"2026-03-11T13:02:47","modified_gmt":"2026-03-11T12:02:47","slug":"noguera-recerca-2026","status":"publish","type":"page","link":"https:\/\/serveiseducatius.xtec.cat\/noguera\/dinamica\/premi-comarcal-de-tdr\/noguera-recerca-2026\/","title":{"rendered":"Noguera Recerca 2026"},"content":{"rendered":"<h3><strong>Treballs de Recerca presentats a l&#8217;Edici\u00f3 2026<\/strong><\/h3>\n<table style=\"border-collapse: collapse; width: 100%; height: 539px;\">\n<tbody>\n<tr style=\"height: 53px;\">\n<td style=\"width: 25%; height: 53px; background-color: #88b4eb; vertical-align: top;\" colspan=\"4\"><strong>Espai A &#8211; Ci\u00e8ncia i salut<\/strong><\/td>\n<\/tr>\n<tr style=\"height: 84px;\">\n<td style=\"width: 25%; height: 42px; text-align: center; vertical-align: top;\"><a href=\"https:\/\/drive.google.com\/file\/d\/1EeqxOnFb3ZAkQ9QZtTZdYhndCmAq0ibY\/view?usp=sharing\">El Cap de Creus sota pressi\u00f3<\/a><\/p>\n<p><em><strong>Valentina Bochaca Amen\u00f3s<\/strong><\/em><\/p>\n<p>INS Ermengol IV<\/td>\n<td style=\"width: 25%; height: 42px; text-align: center; vertical-align: top;\"><a href=\"https:\/\/drive.google.com\/file\/d\/1Bu6OIP59x13PPjugzFbZHzAD-mF9OBb8\/view?usp=drive_link\">Quan els m\u00fasculs callen: aproximaci\u00f3 a l&#8217;atr\u00f2fia muscular espinal i els seus tractaments<\/a><\/p>\n<p><em><strong>Anna Gasull Pedra<\/strong><\/em><\/p>\n<p>Vedruna Balaguer<\/td>\n<td style=\"width: 25%; height: 42px; text-align: center; vertical-align: top;\"><a href=\"https:\/\/drive.google.com\/file\/d\/19n2mKy4neFjncjhNXYe7lp4YtsdvbBK4\/view?usp=drive_link\">El batec de la natura. La sincronia entre fenologia, pol\u00b7linitzadors i vida<\/a><\/p>\n<p><em><strong>Maria Meler Castell\u00e0<\/strong><\/em><\/p>\n<p>INS Ciutat de Balaguer<\/p>\n<p><strong>(Treball guardonat Espai A)<\/strong><\/td>\n<td style=\"width: 25%; height: 42px; text-align: center; vertical-align: top;\"><a href=\"https:\/\/drive.google.com\/file\/d\/1L8tAvlMWqpiPisJYYfx-EPs3Zswixmay\/view?usp=sharing\">Begudes energ\u00e8tiques esportives, aliades del rendiment o engany dol\u00e7?<\/a><\/p>\n<p><em><strong>\u00c8lia Sanmart\u00edn Fortuny<\/strong><\/em><\/p>\n<p>INS Ciutat de Balaguer<\/td>\n<\/tr>\n<tr style=\"height: 53px;\">\n<td style=\"width: 25%; height: 53px; background-color: #f2b3cf; vertical-align: top;\" colspan=\"4\"><strong>Espai B &#8211; Mem\u00f2ria i societat<\/strong><\/td>\n<\/tr>\n<tr style=\"height: 94px;\">\n<td style=\"width: 25%; height: 94px; text-align: center; vertical-align: top;\"><a href=\"https:\/\/drive.google.com\/file\/d\/1K9DBGu9GELPresIqgODTuNX0hlQW4bIS\/view?usp=sharing\">Espanya vs. EEUU: Evoluci\u00f3 de la censura als mitjans escrits<\/a><\/p>\n<p><em><strong>Luc\u00eda Garc\u00eda Gil<\/strong><\/em><\/p>\n<p>INS Els Planells<\/td>\n<td style=\"width: 25%; height: 94px; text-align: center; vertical-align: top;\"><a href=\"https:\/\/drive.google.com\/file\/d\/1Wm3kcxbPaiIfg9vDCjykQy38LTGrEiRg\/view?usp=drive_link\">L&#8217;escola de les dues portes. Estudi de la segregaci\u00f3 escolar de Vallfogona de B.<\/a><\/p>\n<p><em><strong>Jana Mar\u00edn Galit\u00f3<\/strong><\/em><\/p>\n<p>INS Almat\u00e0<\/td>\n<td style=\"width: 25%; height: 94px; text-align: center; vertical-align: top;\"><a href=\"https:\/\/drive.google.com\/file\/d\/1SkgslkyNrjju9G_A_lz7vgVbXJ_KrG7k\/view?usp=drive_link\">Dones silenciades. Deconstruint el passat per preservar la mem\u00f2ria.<\/a><\/p>\n<p><em><strong>Queralt Regu\u00e9 Claverol<\/strong><\/em><\/p>\n<p>INS Els Planells<\/p>\n<p><strong>(Treball guardonat de Mem\u00f2ria hist\u00f2rica )<\/strong><\/td>\n<td style=\"width: 25%; height: 94px; text-align: center; vertical-align: top;\"><a href=\"https:\/\/drive.google.com\/file\/d\/1vx_wqqHkGgWUu5IUSzOdZlVhJrnp8Cx8\/view?usp=drive_link\">La guerra d&#8217;una fam\u00edlia i d&#8217;un poble, el reflex d&#8217;una naci\u00f3<\/a><\/p>\n<p><strong>Arnau T\u00e0pies Pons<\/strong><\/p>\n<p>INS de Ponts<\/p>\n<p><strong>(Treball guardonat espai B)<\/strong><\/td>\n<\/tr>\n<tr style=\"height: 53px;\">\n<td style=\"width: 25%; height: 53px; background-color: #f0dc99; vertical-align: top;\" colspan=\"4\"><strong>Espai C &#8211; Futur i innovaci\u00f3<\/strong><\/td>\n<\/tr>\n<tr style=\"height: 102px;\">\n<td style=\"width: 25%; height: 87px; text-align: center; vertical-align: top;\"><a href=\"https:\/\/drive.google.com\/file\/d\/1v1HJmGxBSXCL9hyjti8SlneER6rGXqgC\/view?usp=drive_link\">The energy of the future: Innovation and management<\/a><\/p>\n<p><strong>D\u00eddac Cerc\u00f3s Pradas<\/strong><\/p>\n<p>INS Ermengol IV<\/td>\n<td style=\"width: 25%; height: 87px; text-align: center; vertical-align: top;\"><a href=\"https:\/\/drive.google.com\/file\/d\/1e1NNPxLcVxpK3MoHvmvsqhI98Lccpn78\/view?usp=drive_link\">La predicci\u00f3 de les taques solars: les regions m\u00e9s fredes del sol<\/a><\/p>\n<p><em><strong>Anton Maj\u00e0 Plensa<\/strong><\/em><\/p>\n<p>INS Ciutat de Balaguer<\/p>\n<p><strong><em>(Treball guardonat espai C)<\/em><\/strong><\/td>\n<td style=\"width: 25%; height: 87px; text-align: center; vertical-align: top;\"><a href=\"https:\/\/drive.google.com\/file\/d\/127159YqWYA8HjxdigfytlGM5gBqitETc\/view?usp=drive_link\">Quan els fils giren amb estil<\/a><\/p>\n<p><em><strong>Ares Rosell\u00f3 Sauret<\/strong><\/em><\/p>\n<p>Vedruna Balaguer<\/td>\n<td style=\"width: 25%; height: 87px; text-align: center; vertical-align: top;\">Obrint portes cap a una educaci\u00f3 m\u00e9s accessible inclusiva<\/p>\n<p><em><strong>Anna T\u00e0pies Serra<\/strong><\/em><\/p>\n<p>INS de Ponts<\/p>\n<p><em>(Disponible properament)<\/em><\/td>\n<\/tr>\n<tr style=\"height: 53px;\">\n<td style=\"width: 25%; height: 53px; background-color: #86d180; vertical-align: top;\" colspan=\"4\"><strong>Espai D &#8211; Territori i Identitat<\/strong><\/td>\n<\/tr>\n<tr style=\"height: 104px;\">\n<td style=\"width: 25%; height: 104px; text-align: center; vertical-align: top;\"><a href=\"https:\/\/drive.google.com\/file\/d\/1MmtVoNaHAPfBd5C3lPnUNLscahFo4VcH\/view?usp=drive_link\">Creaci\u00f3 de nous recorreguts saludables per Balaguer<\/a><\/p>\n<p><em><strong>Alba Bartrina Mart\u00ed<\/strong><\/em><\/p>\n<p>INS Almat\u00e0<\/td>\n<td style=\"width: 25%; height: 104px; text-align: center; vertical-align: top;\"><a href=\"https:\/\/drive.google.com\/file\/d\/15UzL55LWm9mc-YKU_n5CWYLlJF51_MtQ\/view?usp=drive_link\">La hist\u00f2ria i el llegat de la ind\u00fastria paperera local<\/a><\/p>\n<p><strong><em>Ada Castell Cabezas<\/em><\/strong><\/p>\n<p>INS Almat\u00e0<\/td>\n<td style=\"width: 25%; height: 104px; text-align: center; vertical-align: top;\"><a href=\"https:\/\/drive.google.com\/file\/d\/1po7BFtxXBX4qfalKAqpU3Uh-D6dwc6G8\/view?usp=drive_link\">El cam\u00ed cap a l&#8217;\u00e8xit: un pla per crear l&#8217;emprenedor ideal<\/a><\/p>\n<p><em><strong>Pol San Agust\u00edn Coma<\/strong><\/em><\/p>\n<p>Vedruna Balaguer<\/td>\n<td style=\"width: 25%; height: 104px; text-align: center; vertical-align: top;\"><a href=\"https:\/\/drive.google.com\/file\/d\/1WaxAf54NkGePoHeDXHwzJ1MVwnbHMVrH\/view?usp=drive_link\">La confraria de Sant Macari, 360 anys d&#8217;hist\u00f2ria<\/a><\/p>\n<p><strong><em>Gina Trilla Pini\u00e9s<\/em><\/strong><\/p>\n<p>INS Ciutat de Balaguer<\/p>\n<p><strong><em>(Treball guardonat espai D)<\/em><\/strong><\/td>\n<\/tr>\n<\/tbody>\n<\/table>\n<p><strong>Enlla\u00e7os d&#8217;inter\u00e8s:<\/strong><\/p>\n<ul>\n<li><a href=\"https:\/\/photos.app.goo.gl\/pDhp7ZmG45daFUHR8\">Galeria de fotografies de la jornada 2026<\/a><\/li>\n<li><a href=\"https:\/\/serveiseducatius.xtec.cat\/noguera\/wp-content\/uploads\/usu1149\/2026\/01\/BASES_2026_20251223_Certificat_Certificat-Junta-de-Govern_05.-CERTIFICAT-JUNTA-DE-GOVERN-18-12-2025.EXP_.-2866-2025.pdf\">Bases definitives del concurs en aquest enlla\u00e7.<\/a><\/li>\n<li><a href=\"https:\/\/docs.google.com\/document\/d\/1Ii6yuw9m3OE57-C4ugbEIZ6460lvv5op\/edit\">Criteris d&#8217;avaluaci\u00f3 del premi Cl\u00e0udia P\u00e9rez \u00c1lvaro<\/a><\/li>\n<li><a href=\"https:\/\/forms.gle\/TdAJfm1q2TvPhMZP8\">Formulari de tramesa de projectes participants<\/a> <em>(Cal iniciar sessi\u00f3 amb qualsevol compte Google. Fins el dijous 29 de gener de 2026)<\/em><\/li>\n<li><a href=\"https:\/\/forms.gle\/SeSvJ9g3mnrbizPF9\">Formulari d&#8217;inscripci\u00f3 del p\u00fablic assistents<\/a><em> (Entre el 12 i el 20 de febrer de 2026)<\/em><\/li>\n<\/ul>\n<p><span style=\"font-weight: 400;\">El Centre de Recursos Pedag\u00f2gics del Servei Educatiu de la Noguera ha convocat el IV Premi Comarcal de la Noguera de Treballs de Recerca de Batxillerat, una iniciativa que t\u00e9 com a objectiu impulsar l\u2019esperit investigador, el rigor documental i la creativitat cient\u00edfica de l\u2019alumnat de 2n de Batxillerat de la comarca i que tindr\u00e0 lloc el 10 de mar\u00e7 a Bellcaire d&#8217;Urgell.<\/span><\/p>\n<p><span style=\"font-weight: 400;\">Tamb\u00e9 s\u2019introdueix una altra novetat rellevant: els quatre premis s\u2019atorgaran segons quatre itineraris tem\u00e0tics que agrupen els treballs en \u00e0mbits cient\u00edfic; tecnol\u00f2gic i matem\u00e0tic; ci\u00e8ncies socials i humanitats; i lleng\u00fces i arts. <\/span><span style=\"font-weight: 400;\">A m\u00e9s, enguany s\u2019incorpora un cinqu\u00e8 premi especial de Mem\u00f2ria Democr\u00e0tica, dedicat a Cl\u00e0udia P\u00e9rez \u00c1lvaro, adre\u00e7at als treballs que abordin aquesta tem\u00e0tica i que ser\u00e0 valorat per l\u2019equip del Camp d\u2019Aprenentatge de la Noguera.<\/span><\/p>\n<p><span style=\"font-weight: 400;\">El certamen compta amb el patrocini del Consell Comarcal de la Noguera i l\u2019Ajuntament de Bellcaire d\u2019Urgell, i amb la col\u00b7laboraci\u00f3 de la Paeria de Balaguer, els ajuntaments de Ponts i Artesa de Segre, i el Camp d\u2019Aprenentatge de la Noguera.<\/span><\/p>\n<p><span style=\"font-weight: 400;\">Les presentacions dels treballs es duran a terme el dimarts 10 de mar\u00e7 de 2026 a partir de les 10.00h al Pavell\u00f3 Poliesportiu de Bellcaire d\u2019Urgell i altres espais p\u00fablics propers, en quatre espais simultanis que permetran a l\u2019alumnat assistent a triar lliurement quines exposicions seguir. Com en cada edici\u00f3, el jurat garantir\u00e0 una valoraci\u00f3 rigorosa, combinant l\u2019avaluaci\u00f3 del treball escrit amb la presentaci\u00f3 oral.<\/span><\/p>\n<p><span style=\"font-weight: 400;\">La jornada comptar\u00e0 amb la confer\u00e8ncia \u201cLa contaminaci\u00f3 lum\u00ednica, el cant\u00f3 fosc de la llum\u201d, a c\u00e0rrec de Salvador Ribas Rubio, director del Parc Astron\u00f2mic del Montsec. Es clour\u00e0 l\u2019acte amb l\u2019entrega de guardons als cinc projectes m\u00e9s ben valorats.<\/span><\/p>\n<p><img loading=\"lazy\" decoding=\"async\" class=\"alignnone size-full wp-image-15813\" src=\"https:\/\/serveiseducatius.xtec.cat\/noguera\/wp-content\/uploads\/usu1149\/2025\/12\/1_Publi-TdR-2026.png\" alt=\"\" width=\"1080\" height=\"1080\" srcset=\"https:\/\/serveiseducatius.xtec.cat\/noguera\/wp-content\/uploads\/usu1149\/2025\/12\/1_Publi-TdR-2026.png 1080w, https:\/\/serveiseducatius.xtec.cat\/noguera\/wp-content\/uploads\/usu1149\/2025\/12\/1_Publi-TdR-2026-300x300.png 300w, https:\/\/serveiseducatius.xtec.cat\/noguera\/wp-content\/uploads\/usu1149\/2025\/12\/1_Publi-TdR-2026-1024x1024.png 1024w, https:\/\/serveiseducatius.xtec.cat\/noguera\/wp-content\/uploads\/usu1149\/2025\/12\/1_Publi-TdR-2026-150x150.png 150w, https:\/\/serveiseducatius.xtec.cat\/noguera\/wp-content\/uploads\/usu1149\/2025\/12\/1_Publi-TdR-2026-768x768.png 768w\" sizes=\"auto, (max-width: 1080px) 100vw, 1080px\" \/><\/p>\n<p><img loading=\"lazy\" decoding=\"async\" class=\"alignnone size-full wp-image-16200\" src=\"https:\/\/serveiseducatius.xtec.cat\/noguera\/wp-content\/uploads\/usu1149\/2026\/02\/4.png\" alt=\"\" width=\"1890\" height=\"1890\" srcset=\"https:\/\/serveiseducatius.xtec.cat\/noguera\/wp-content\/uploads\/usu1149\/2026\/02\/4.png 1890w, https:\/\/serveiseducatius.xtec.cat\/noguera\/wp-content\/uploads\/usu1149\/2026\/02\/4-300x300.png 300w, https:\/\/serveiseducatius.xtec.cat\/noguera\/wp-content\/uploads\/usu1149\/2026\/02\/4-1024x1024.png 1024w, https:\/\/serveiseducatius.xtec.cat\/noguera\/wp-content\/uploads\/usu1149\/2026\/02\/4-150x150.png 150w, https:\/\/serveiseducatius.xtec.cat\/noguera\/wp-content\/uploads\/usu1149\/2026\/02\/4-768x768.png 768w, https:\/\/serveiseducatius.xtec.cat\/noguera\/wp-content\/uploads\/usu1149\/2026\/02\/4-1536x1536.png 1536w\" sizes=\"auto, (max-width: 1890px) 100vw, 1890px\" \/> <img loading=\"lazy\" decoding=\"async\" class=\"alignnone size-full wp-image-16201\" src=\"https:\/\/serveiseducatius.xtec.cat\/noguera\/wp-content\/uploads\/usu1149\/2026\/02\/5.png\" alt=\"\" width=\"1890\" height=\"1890\" srcset=\"https:\/\/serveiseducatius.xtec.cat\/noguera\/wp-content\/uploads\/usu1149\/2026\/02\/5.png 1890w, https:\/\/serveiseducatius.xtec.cat\/noguera\/wp-content\/uploads\/usu1149\/2026\/02\/5-300x300.png 300w, https:\/\/serveiseducatius.xtec.cat\/noguera\/wp-content\/uploads\/usu1149\/2026\/02\/5-1024x1024.png 1024w, https:\/\/serveiseducatius.xtec.cat\/noguera\/wp-content\/uploads\/usu1149\/2026\/02\/5-150x150.png 150w, https:\/\/serveiseducatius.xtec.cat\/noguera\/wp-content\/uploads\/usu1149\/2026\/02\/5-768x768.png 768w, https:\/\/serveiseducatius.xtec.cat\/noguera\/wp-content\/uploads\/usu1149\/2026\/02\/5-1536x1536.png 1536w\" sizes=\"auto, (max-width: 1890px) 100vw, 1890px\" \/><\/p>\n","protected":false},"excerpt":{"rendered":"<p>Treballs de Recerca presentats a l&#8217;Edici\u00f3 2026 Espai A &#8211; Ci\u00e8ncia i salut El Cap de Creus sota pressi\u00f3 Valentina Bochaca Amen\u00f3s INS Ermengol IV Quan els m\u00fasculs callen: aproximaci\u00f3 a l&#8217;atr\u00f2fia muscular espinal i els seus tractaments Anna Gasull Pedra Vedruna Balaguer El batec de la natura. La sincronia entre fenologia, pol\u00b7linitzadors i vida [&hellip;]<\/p>\n","protected":false},"author":28,"featured_media":0,"parent":12483,"menu_order":1,"comment_status":"closed","ping_status":"closed","template":"","meta":{"_bbp_topic_count":0,"_bbp_reply_count":0,"_bbp_total_topic_count":0,"_bbp_total_reply_count":0,"_bbp_voice_count":0,"_bbp_anonymous_reply_count":0,"_bbp_topic_count_hidden":0,"_bbp_reply_count_hidden":0,"_bbp_forum_subforum_count":0,"site-sidebar-layout":"default","site-content-layout":"","ast-site-content-layout":"default","site-content-style":"default","site-sidebar-style":"default","ast-global-header-display":"","ast-banner-title-visibility":"","ast-main-header-display":"","ast-hfb-above-header-display":"","ast-hfb-below-header-display":"","ast-hfb-mobile-header-display":"","site-post-title":"","ast-breadcrumbs-content":"","ast-featured-img":"","footer-sml-layout":"","theme-transparent-header-meta":"default","adv-header-id-meta":"","stick-header-meta":"","header-above-stick-meta":"","header-main-stick-meta":"","header-below-stick-meta":"","astra-migrate-meta-layouts":"set","ast-page-background-enabled":"default","ast-page-background-meta":{"desktop":{"background-color":"var(--ast-global-color-4)","background-image":"","background-repeat":"repeat","background-position":"center center","background-size":"auto","background-attachment":"scroll","background-type":"","background-media":"","overlay-type":"","overlay-color":"","overlay-opacity":"","overlay-gradient":""},"tablet":{"background-color":"","background-image":"","background-repeat":"repeat","background-position":"center center","background-size":"auto","background-attachment":"scroll","background-type":"","background-media":"","overlay-type":"","overlay-color":"","overlay-opacity":"","overlay-gradient":""},"mobile":{"background-color":"","background-image":"","background-repeat":"repeat","background-position":"center center","background-size":"auto","background-attachment":"scroll","background-type":"","background-media":"","overlay-type":"","overlay-color":"","overlay-opacity":"","overlay-gradient":""}},"ast-content-background-meta":{"desktop":{"background-color":"var(--ast-global-color-5)","background-image":"","background-repeat":"repeat","background-position":"center center","background-size":"auto","background-attachment":"scroll","background-type":"","background-media":"","overlay-type":"","overlay-color":"","overlay-opacity":"","overlay-gradient":""},"tablet":{"background-color":"var(--ast-global-color-5)","background-image":"","background-repeat":"repeat","background-position":"center center","background-size":"auto","background-attachment":"scroll","background-type":"","background-media":"","overlay-type":"","overlay-color":"","overlay-opacity":"","overlay-gradient":""},"mobile":{"background-color":"var(--ast-global-color-5)","background-image":"","background-repeat":"repeat","background-position":"center center","background-size":"auto","background-attachment":"scroll","background-type":"","background-media":"","overlay-type":"","overlay-color":"","overlay-opacity":"","overlay-gradient":""}},"footnotes":""},"class_list":["post-15812","page","type-page","status-publish","hentry"],"post_mailing_queue_ids":[],"_links":{"self":[{"href":"https:\/\/serveiseducatius.xtec.cat\/noguera\/wp-json\/wp\/v2\/pages\/15812","targetHints":{"allow":["GET"]}}],"collection":[{"href":"https:\/\/serveiseducatius.xtec.cat\/noguera\/wp-json\/wp\/v2\/pages"}],"about":[{"href":"https:\/\/serveiseducatius.xtec.cat\/noguera\/wp-json\/wp\/v2\/types\/page"}],"author":[{"embeddable":true,"href":"https:\/\/serveiseducatius.xtec.cat\/noguera\/wp-json\/wp\/v2\/users\/28"}],"replies":[{"embeddable":true,"href":"https:\/\/serveiseducatius.xtec.cat\/noguera\/wp-json\/wp\/v2\/comments?post=15812"}],"version-history":[{"count":7,"href":"https:\/\/serveiseducatius.xtec.cat\/noguera\/wp-json\/wp\/v2\/pages\/15812\/revisions"}],"predecessor-version":[{"id":16325,"href":"https:\/\/serveiseducatius.xtec.cat\/noguera\/wp-json\/wp\/v2\/pages\/15812\/revisions\/16325"}],"up":[{"embeddable":true,"href":"https:\/\/serveiseducatius.xtec.cat\/noguera\/wp-json\/wp\/v2\/pages\/12483"}],"wp:attachment":[{"href":"https:\/\/serveiseducatius.xtec.cat\/noguera\/wp-json\/wp\/v2\/media?parent=15812"}],"curies":[{"name":"wp","href":"https:\/\/api.w.org\/{rel}","templated":true}]}}