{"id":8429,"date":"2016-05-17T15:45:40","date_gmt":"2016-05-17T14:45:40","guid":{"rendered":"http:\/\/serveiseducatius.xtec.cat\/montsia\/?page_id=8429"},"modified":"2026-03-06T15:51:28","modified_gmt":"2026-03-06T14:51:28","slug":"deteccio-de-necessitats","status":"publish","type":"page","link":"https:\/\/serveiseducatius.xtec.cat\/montsia\/formacio\/deteccio-de-necessitats\/","title":{"rendered":"Detecci\u00f3 de necessitats (documents PFZ)"},"content":{"rendered":"\n<h4 class=\"wp-block-heading\">Calendari<\/h4>\n\n\n\n<p>El proc\u00e9s de detecci\u00f3 de necessitats per al <strong><a href=\"https:\/\/serveiseducatius.xtec.cat\/montsia\/formacio\/pla-de-formacio-de-zona\/\">PFZ del Montsi\u00e0<\/a><\/strong> es realitzar\u00e0 <b>entre l&#8217;1 de mar\u00e7 i el 30 d&#8217;abril de 2026.<\/b> Les demandes de formaci\u00f3 de modalitat en centre i per a centre s&#8217;han de lliurar signades per la Direcci\u00f3 del centre. La documentaci\u00f3 es pot fer arribar en format digital (escanejat).<\/p>\n\n\n\n<ul class=\"wp-block-list\">\n<li>Document model per a demanda de <strong>formaci\u00f3 en centre<\/strong> (<a href=\"https:\/\/docs.google.com\/document\/d\/16acWborcSk-jIurd5DwwIkjVz94kHayAyvTTvgboHfE\/edit?usp=sharing\" data-type=\"link\" data-id=\"https:\/\/docs.google.com\/document\/d\/16acWborcSk-jIurd5DwwIkjVz94kHayAyvTTvgboHfE\/edit?usp=sharing\" target=\"_blank\" rel=\"noreferrer noopener\">enlla\u00e7 al document\/plantilla<\/a>). <span style=\"text-decoration: underline;\"><em>Feu una c\u00f2pia del document abans d&#8217;emplenar-lo.<\/em><\/span><\/li>\n\n\n\n<li>Document model per a demanda de <strong>formaci\u00f3 per a centre<\/strong> (<a href=\"https:\/\/docs.google.com\/document\/d\/1uk3aBuTy3skjn-O_i9YGCUgnYWawPMpO6BQ9QVvToPM\/edit?usp=sharing\" data-type=\"link\" data-id=\"https:\/\/docs.google.com\/document\/d\/1uk3aBuTy3skjn-O_i9YGCUgnYWawPMpO6BQ9QVvToPM\/edit?usp=sharing\" target=\"_blank\" rel=\"noreferrer noopener\">enlla\u00e7 al document\/plantilla<\/a>). <span style=\"text-decoration: underline;\"><em>Feu una c\u00f2pia del document abans d&#8217;emplenar-lo.<\/em><\/span><\/li>\n\n\n\n<li>Document model per a sol\u00b7licitar el <strong>reconeixement d\u2019activitats de formaci\u00f3 promogudes per entitats o organismes externs al Departament d\u2019Educaci\u00f3 i Formaci\u00f3 Professional<\/strong> (<a href=\"https:\/\/docs.google.com\/document\/d\/1-_7nRDm8iqVBOXWRPZDxv34NLsN-qLPOHOi3EyB6Ka0\/edit?usp=sharing\">enlla\u00e7 al document\/plantilla<\/a>). <span style=\"text-decoration: underline;\"><em>Feu una c\u00f2pia del document abans d&#8217;emplenar-lo.<\/em><\/span><\/li>\n\n\n\n<li>Proposta d\u2019activitats de modalitat de <strong>formaci\u00f3 individual<\/strong> (<a href=\"https:\/\/docs.google.com\/forms\/d\/1VXjf9cLa4JS0ez7UqkNKpkTOhf0D6Gz9dorMNkDcKS8\/preview\" data-type=\"link\" data-id=\"https:\/\/docs.google.com\/forms\/d\/1VXjf9cLa4JS0ez7UqkNKpkTOhf0D6Gz9dorMNkDcKS8\/preview\" target=\"_blank\" rel=\"noreferrer noopener\">enlla\u00e7 al formulari en l\u00ednia<\/a>). <span style=\"text-decoration: underline;\"><em>El formulari s&#8217;ha d&#8217;emplenar per a cada activitat que es sol\u00b7liciti.<\/em><\/span><\/li>\n<\/ul>\n\n\n\n<p><u><b>Calendari de desplegament per al curs 2025-2026<\/b><\/u><\/p>\n\n\n\n<figure class=\"wp-block-table\"><table><tbody><tr><td><b>Proc\u00e9s<\/b><\/td><td><b>Inici<\/b><\/td><td><b>Fi<\/b><\/td><\/tr><tr><td>Detecci\u00f3 de necessitats<\/td><td>01-03-25<\/td><td>30-04-2<em>5<\/em><\/td><\/tr><tr><td>An\u00e0lisi i aprovaci\u00f3 de les propostes dels PFZ en les Comissions d\u2019Ordenaci\u00f3 Educativa Territorial dels ST.<\/td><td colspan=\"2\">Maig de 2025<\/td><\/tr><tr><td>Aprovaci\u00f3 de la proposta global pel Comit\u00e8 de Formaci\u00f3<\/td><td colspan=\"2\">Fins al 30 de juny de 2025<\/td><\/tr><tr><td>Confirmaci\u00f3 de les activitats<\/td><td colspan=\"2\">Fins al 15 de juliol de 2025<\/td><\/tr><tr><td>Publicaci\u00f3 de les activitats<\/td><td colspan=\"2\">juliol &#8211; agost 2025<\/td><\/tr><tr><td>Inscripci\u00f3 a les activitats<\/td><td colspan=\"2\">setembre de 2025 <strong>(aprox.)<\/strong><\/td><\/tr><tr><td>Consulta d&#8217;assignacions<\/td><td colspan=\"2\">9 <strong>(aprox.)<\/strong> d&#8217;octubre de 2025<\/td><\/tr><tr><td>Inici de les activitats de formaci\u00f3<\/td><td colspan=\"2\">A partir del 15 d&#8217;octubre de 2025 <strong>(aprox.)<\/strong><\/td><\/tr><\/tbody><\/table><\/figure>\n\n\n\n<p><strong>Inscripcions<\/strong><\/p>\n\n\n\n<figure class=\"wp-block-table\"><table><tbody><tr><td><strong>Per\u00edodes d&#8217;inscripci\u00f3<\/strong><\/td><td><strong>Sol\u00b7licitud de pla\u00e7a<\/strong><\/td><td><strong>Consulta d\u2019adjudicacions<\/strong><\/td><td><strong>Inici de les activitats<\/strong><\/td><\/tr><tr><td>Primer torn<\/td><td>del 8 al 24 de setembre <strong>(aprox.)<\/strong><\/td><td>9 d\u2019octubre <strong>(aprox.)<\/strong><\/td><td>a partir del 13 d&#8217;octubre <strong>(aprox.)<\/strong><\/td><\/tr><tr><td>Segon torn<\/td><td>del 7 al 15 de gener <strong>(aprox.)<\/strong><\/td><td>31 de gener <strong>(aprox.)<\/strong><\/td><td>a partir del 5 de febrer <strong>(aprox.)<\/strong><\/td><\/tr><tr><td>Torn d&#8217;estiu<\/td><td>del 15 al 29 de maig <strong>(aprox.)<\/strong><\/td><td>16 de juny <strong>(aprox.)<\/strong><\/td><td>a partir de l&#8217;1 de juliol <strong>(aprox.)<\/strong><\/td><\/tr><\/tbody><\/table><\/figure>\n\n\n\n<h4 class=\"wp-block-heading\"><strong>L\u00ednies estrat\u00e8giques de la formaci\u00f3<\/strong><\/h4>\n\n\n\n<ol class=\"wp-block-list\">\n<li><strong>Compet\u00e8ncies professionals docents:<\/strong> definir el nou marc de refer\u00e8ncia de les compet\u00e8ncies professionals docents per a la transformaci\u00f3 del sistema educatiu.<\/li>\n\n\n\n<li><strong>Inducci\u00f3 a la doc\u00e8ncia:<\/strong> avan\u00e7ar cap a un nou model d\u2019inducci\u00f3 a la doc\u00e8ncia i centres de refer\u00e8ncia per a la formaci\u00f3 inicial.<\/li>\n\n\n\n<li><strong>Centres educatius en l\u00ednia:<\/strong> impulsar la innovaci\u00f3 organitzativa i metodol\u00f2gica en els processos d\u2019educaci\u00f3 h\u00edbrida a trav\u00e9s de la formaci\u00f3, els recursos digitals i la promoci\u00f3 del treball en xarxa.<\/li>\n\n\n\n<li><strong>Cultura digital:<\/strong> capacitar digitalment l\u2019alumnat i el professorat en el marc del Pla Digital de Catalunya.<\/li>\n\n\n\n<li><strong>Nous contextos i recursos per al desenvolupament professional:<\/strong> promoure plans de formaci\u00f3 als centres, a la zona educativa i a les xarxes per al desenvolupament professional docent en col\u00b7laboraci\u00f3 amb els agents educatius de l\u2019entorn.<\/li>\n\n\n\n<li><strong>Aprenentatge competencial:<\/strong> afavorir metodologies innovadores per al treball competencial amb propostes did\u00e0ctiques, gesti\u00f3 de projectes transversals i models d\u2019avaluaci\u00f3 competencials, en un marc pluriling\u00fce i d\u2019orientaci\u00f3 educativa personalitzada.<\/li>\n\n\n\n<li><strong>Educaci\u00f3 inclusiva:<\/strong> generar itineraris d\u2019aprenentatge personalitzats, amb interrelaci\u00f3 d\u2019emocions, motivaci\u00f3 i cognici\u00f3, posant en valor la difer\u00e8ncia com a oportunitat d\u2019aprenentatge per al conjunt de la comunitat educativa.<\/li>\n\n\n\n<li><strong>Perspectiva de g\u00e8nere:<\/strong> afavorir una educaci\u00f3 sense estereotips sexistes ni discriminacions, relacionades amb el g\u00e8nere o amb l\u2019orientaci\u00f3 afectiva-sexual, aix\u00ed com una orientaci\u00f3 acad\u00e8mica i professional no sexista.<\/li>\n\n\n\n<li><strong>Educaci\u00f3 per a la sostenibilitat:<\/strong> contribuir a trav\u00e9s de la formaci\u00f3 docent a l\u2019assoliment dels Objectius per a un Desenvolupament Sostenible (ODS), com a marc competencial de la ciutadania catalana del segle XXI.<\/li>\n\n\n\n<li><strong>Evid\u00e8ncies d\u2019impacte:<\/strong> impulsar processos d\u2019avaluaci\u00f3 de la formaci\u00f3, generadors d\u2019evid\u00e8ncies per permetre la presa de decisions orientades a la millora i la rendici\u00f3 de comptes com a cultura de centre.<\/li>\n<\/ol>\n\n\n\n<p>El document amb els criteris, instruccions i orientacions per a la formaci\u00f3 permanent del professorat es pot <a href=\"https:\/\/docs.google.com\/document\/d\/1A4gXpCjfc9RUQ7PjdeDIHqsegTJG1M1ehBeQFTNVhSU\/edit?tab=t.0#heading=h.gjdgxs\" data-type=\"link\" data-id=\"https:\/\/docs.google.com\/document\/d\/1A4gXpCjfc9RUQ7PjdeDIHqsegTJG1M1ehBeQFTNVhSU\/edit?tab=t.0#heading=h.gjdgxs\"><strong>consultar en el seg\u00fcent enlla\u00e7<\/strong><\/a>.<\/p>\n","protected":false},"excerpt":{"rendered":"<p>Calendari El proc\u00e9s de detecci\u00f3 de necessitats per al PFZ del Montsi\u00e0 es realitzar\u00e0 entre l&#8217;1 de mar\u00e7 i el [&hellip;]<\/p>\n","protected":false},"author":1,"featured_media":0,"parent":416,"menu_order":12,"comment_status":"closed","ping_status":"closed","template":"","meta":{"_bbp_topic_count":0,"_bbp_reply_count":0,"_bbp_total_topic_count":0,"_bbp_total_reply_count":0,"_bbp_voice_count":0,"_bbp_anonymous_reply_count":0,"_bbp_topic_count_hidden":0,"_bbp_reply_count_hidden":0,"_bbp_forum_subforum_count":0,"site-sidebar-layout":"default","site-content-layout":"","ast-site-content-layout":"default","site-content-style":"default","site-sidebar-style":"default","ast-global-header-display":"","ast-banner-title-visibility":"","ast-main-header-display":"","ast-hfb-above-header-display":"","ast-hfb-below-header-display":"","ast-hfb-mobile-header-display":"","site-post-title":"","ast-breadcrumbs-content":"","ast-featured-img":"","footer-sml-layout":"","theme-transparent-header-meta":"","adv-header-id-meta":"","stick-header-meta":"","header-above-stick-meta":"","header-main-stick-meta":"","header-below-stick-meta":"","astra-migrate-meta-layouts":"set","ast-page-background-enabled":"default","ast-page-background-meta":{"desktop":{"background-color":"var(--ast-global-color-4)","background-image":"","background-repeat":"repeat","background-position":"center center","background-size":"auto","background-attachment":"scroll","background-type":"","background-media":"","overlay-type":"","overlay-color":"","overlay-opacity":"","overlay-gradient":""},"tablet":{"background-color":"","background-image":"","background-repeat":"repeat","background-position":"center center","background-size":"auto","background-attachment":"scroll","background-type":"","background-media":"","overlay-type":"","overlay-color":"","overlay-opacity":"","overlay-gradient":""},"mobile":{"background-color":"","background-image":"","background-repeat":"repeat","background-position":"center center","background-size":"auto","background-attachment":"scroll","background-type":"","background-media":"","overlay-type":"","overlay-color":"","overlay-opacity":"","overlay-gradient":""}},"ast-content-background-meta":{"desktop":{"background-color":"var(--ast-global-color-5)","background-image":"","background-repeat":"repeat","background-position":"center center","background-size":"auto","background-attachment":"scroll","background-type":"","background-media":"","overlay-type":"","overlay-color":"","overlay-opacity":"","overlay-gradient":""},"tablet":{"background-color":"var(--ast-global-color-5)","background-image":"","background-repeat":"repeat","background-position":"center center","background-size":"auto","background-attachment":"scroll","background-type":"","background-media":"","overlay-type":"","overlay-color":"","overlay-opacity":"","overlay-gradient":""},"mobile":{"background-color":"var(--ast-global-color-5)","background-image":"","background-repeat":"repeat","background-position":"center center","background-size":"auto","background-attachment":"scroll","background-type":"","background-media":"","overlay-type":"","overlay-color":"","overlay-opacity":"","overlay-gradient":""}},"footnotes":""},"class_list":["post-8429","page","type-page","status-publish","hentry"],"post_mailing_queue_ids":[],"_links":{"self":[{"href":"https:\/\/serveiseducatius.xtec.cat\/montsia\/wp-json\/wp\/v2\/pages\/8429","targetHints":{"allow":["GET"]}}],"collection":[{"href":"https:\/\/serveiseducatius.xtec.cat\/montsia\/wp-json\/wp\/v2\/pages"}],"about":[{"href":"https:\/\/serveiseducatius.xtec.cat\/montsia\/wp-json\/wp\/v2\/types\/page"}],"author":[{"embeddable":true,"href":"https:\/\/serveiseducatius.xtec.cat\/montsia\/wp-json\/wp\/v2\/users\/1"}],"replies":[{"embeddable":true,"href":"https:\/\/serveiseducatius.xtec.cat\/montsia\/wp-json\/wp\/v2\/comments?post=8429"}],"version-history":[{"count":6,"href":"https:\/\/serveiseducatius.xtec.cat\/montsia\/wp-json\/wp\/v2\/pages\/8429\/revisions"}],"predecessor-version":[{"id":17105,"href":"https:\/\/serveiseducatius.xtec.cat\/montsia\/wp-json\/wp\/v2\/pages\/8429\/revisions\/17105"}],"up":[{"embeddable":true,"href":"https:\/\/serveiseducatius.xtec.cat\/montsia\/wp-json\/wp\/v2\/pages\/416"}],"wp:attachment":[{"href":"https:\/\/serveiseducatius.xtec.cat\/montsia\/wp-json\/wp\/v2\/media?parent=8429"}],"curies":[{"name":"wp","href":"https:\/\/api.w.org\/{rel}","templated":true}]}}