{"id":572,"date":"2015-11-26T21:44:54","date_gmt":"2015-11-26T20:44:54","guid":{"rendered":"http:\/\/serveiseducatius.xtec.cat\/mataro\/?page_id=572"},"modified":"2026-01-23T13:53:37","modified_gmt":"2026-01-23T12:53:37","slug":"formacio-interna-fic","status":"publish","type":"page","link":"https:\/\/serveiseducatius.xtec.cat\/mataro\/formacio-interna-fic\/","title":{"rendered":"Formaci\u00f3 interna de centre (FIC)"},"content":{"rendered":"\n<figure class=\"wp-block-image alignleft\"><a href=\"http:\/\/serveiseducatius.xtec.cat\/mataro\/wp-content\/uploads\/usu1139\/2015\/11\/fic1.png\"><img loading=\"lazy\" decoding=\"async\" width=\"138\" height=\"131\" src=\"http:\/\/serveiseducatius.xtec.cat\/mataro\/wp-content\/uploads\/usu1139\/2015\/11\/fic1.png\" alt=\"fic\" class=\"wp-image-574\"\/><\/a><\/figure>\n\n\n\n<p class=\"has-white-color has-ast-global-color-1-background-color has-text-color has-background has-link-color has-medium-font-size wp-elements-a4d3c868dff5c064d9765765eb60424a\"><strong>La FIC \u00e9s una modalitat formativa que t\u00e9 lloc dins de cada centre educatiu&nbsp; i s\u2019adre\u00e7a a la majoria del claustre o a un col\u00b7lectiu d\u2019un centre. \u00c9s liderat i dinamitzat per un equip de coordinaci\u00f3 del centre i com a m\u00ednim una de les persones ha de ser de l\u2019equip directiu.<\/strong><\/p>\n\n\n\n<figure class=\"wp-block-embed is-type-rich is-provider-gestor-del-servei wp-block-embed-gestor-del-servei wp-embed-aspect-4-3 wp-has-aspect-ratio\"><div class=\"wp-block-embed__wrapper\">\n<div class=\"ast-oembed-container \" style=\"height: 100%;\"><iframe loading=\"lazy\" title=\"Formaci\u00f3 interna de centre\" width=\"500\" height=\"375\" src=\"https:\/\/www.youtube.com\/embed\/GPuOkHsICWk?feature=oembed\" frameborder=\"0\" allow=\"accelerometer; autoplay; clipboard-write; encrypted-media; gyroscope; picture-in-picture; web-share\" referrerpolicy=\"strict-origin-when-cross-origin\" allowfullscreen><\/iframe><\/div>\n<\/div><\/figure>\n\n\n\n<p><\/p>\n\n\n\n<p>La finalitat d&#8217;una FIC \u00e9s:<\/p>\n\n\n\n<ul class=\"wp-block-list\">\n<li>Generar din\u00e0miques de debat pedag\u00f2gic que ajudin a desenvolupar projectes compartits de centre.<\/li>\n\n\n\n<li>Promoure la consolidaci\u00f3 de pr\u00e0ctiques educatives que reverteixin en la millora dels aprenentatges de l\u2019alumnat.<\/li>\n<\/ul>\n\n\n\n<p>Requereix el comprom\u00eds del centre de transferir a l\u2019aula el resultat de la formaci\u00f3 i de recollir en la documentaci\u00f3 del centre els acords fruit de l\u2019avaluaci\u00f3 d\u2019aquesta formaci\u00f3. El proc\u00e9s formatiu es recollir\u00e0 en una carpeta de formaci\u00f3 i inclou:<\/p>\n\n\n\n<ul class=\"wp-block-list\">\n<li>fase d\u2019autodiagnosi<\/li>\n\n\n\n<li>fase de planificaci\u00f3<\/li>\n\n\n\n<li>fase de construcci\u00f3 i experimentaci\u00f3<\/li>\n\n\n\n<li>fase d\u2019avaluaci\u00f3<\/li>\n<\/ul>\n\n\n\n<p>Hi ha dos tipus de FIC, les d&#8217;<strong>Itineraris propis<\/strong> (30 h) i les d&#8217;<strong>Itineraris guiats<\/strong> (45 h)<\/p>\n\n\n\n<p><strong>FIC d&#8217;itineraris propis:&nbsp;<\/strong>Els centres que ja duen a terme un proc\u00e9s col\u00b7lectiu de reflexi\u00f3 i dinamitzaci\u00f3 interna podran optar per fer itineraris formatius propis. El CRP o la unitat responsable comprovar\u00e0 que l\u2019itinerari propi s\u2019adequa a les necessitats i les caracter\u00edstiques de la modalitat.<\/p>\n\n\n\n<p><strong>FIC d&#8217;itineraris guiats: <\/strong>El Departament d\u2019Educaci\u00f3 ofereix uns itineraris guiats que contenen eines d\u2019autodiagnosi, materials de formaci\u00f3 (orientacions, activitats, enlla\u00e7os, idees clau i bibliografia), protocols i instruments d\u2019avaluaci\u00f3. Els podeu consultar al seg\u00fcent enlla\u00e7, seleccionant l&#8217;etapa educativa que voleu veure al men\u00fa superior: <a href=\"https:\/\/ateneu.xtec.cat\/wikiform\/wikiexport\/fic\/dir\/index\">https:\/\/ateneu.xtec.cat\/wikiform\/wikiexport\/fic\/dir\/index<\/a><\/p>\n\n\n\n<p>&nbsp;<\/p>\n","protected":false},"excerpt":{"rendered":"<p>La FIC \u00e9s una modalitat formativa que t\u00e9 lloc dins de cada centre educatiu&nbsp; i s\u2019adre\u00e7a a la majoria del [&hellip;]<\/p>\n","protected":false},"author":1,"featured_media":0,"parent":0,"menu_order":16,"comment_status":"closed","ping_status":"closed","template":"","meta":{"_bbp_topic_count":0,"_bbp_reply_count":0,"_bbp_total_topic_count":0,"_bbp_total_reply_count":0,"_bbp_voice_count":0,"_bbp_anonymous_reply_count":0,"_bbp_topic_count_hidden":0,"_bbp_reply_count_hidden":0,"_bbp_forum_subforum_count":0,"site-sidebar-layout":"default","site-content-layout":"","ast-site-content-layout":"default","site-content-style":"default","site-sidebar-style":"default","ast-global-header-display":"","ast-banner-title-visibility":"","ast-main-header-display":"","ast-hfb-above-header-display":"","ast-hfb-below-header-display":"","ast-hfb-mobile-header-display":"","site-post-title":"","ast-breadcrumbs-content":"","ast-featured-img":"","footer-sml-layout":"","theme-transparent-header-meta":"","adv-header-id-meta":"","stick-header-meta":"","header-above-stick-meta":"","header-main-stick-meta":"","header-below-stick-meta":"","astra-migrate-meta-layouts":"set","ast-page-background-enabled":"default","ast-page-background-meta":{"desktop":{"background-color":"var(--ast-global-color-4)","background-image":"","background-repeat":"repeat","background-position":"center center","background-size":"auto","background-attachment":"scroll","background-type":"","background-media":"","overlay-type":"","overlay-color":"","overlay-opacity":"","overlay-gradient":""},"tablet":{"background-color":"","background-image":"","background-repeat":"repeat","background-position":"center center","background-size":"auto","background-attachment":"scroll","background-type":"","background-media":"","overlay-type":"","overlay-color":"","overlay-opacity":"","overlay-gradient":""},"mobile":{"background-color":"","background-image":"","background-repeat":"repeat","background-position":"center center","background-size":"auto","background-attachment":"scroll","background-type":"","background-media":"","overlay-type":"","overlay-color":"","overlay-opacity":"","overlay-gradient":""}},"ast-content-background-meta":{"desktop":{"background-color":"var(--ast-global-color-5)","background-image":"","background-repeat":"repeat","background-position":"center center","background-size":"auto","background-attachment":"scroll","background-type":"","background-media":"","overlay-type":"","overlay-color":"","overlay-opacity":"","overlay-gradient":""},"tablet":{"background-color":"var(--ast-global-color-5)","background-image":"","background-repeat":"repeat","background-position":"center center","background-size":"auto","background-attachment":"scroll","background-type":"","background-media":"","overlay-type":"","overlay-color":"","overlay-opacity":"","overlay-gradient":""},"mobile":{"background-color":"var(--ast-global-color-5)","background-image":"","background-repeat":"repeat","background-position":"center center","background-size":"auto","background-attachment":"scroll","background-type":"","background-media":"","overlay-type":"","overlay-color":"","overlay-opacity":"","overlay-gradient":""}},"footnotes":""},"class_list":["post-572","page","type-page","status-publish","hentry"],"post_mailing_queue_ids":[],"_links":{"self":[{"href":"https:\/\/serveiseducatius.xtec.cat\/mataro\/wp-json\/wp\/v2\/pages\/572","targetHints":{"allow":["GET"]}}],"collection":[{"href":"https:\/\/serveiseducatius.xtec.cat\/mataro\/wp-json\/wp\/v2\/pages"}],"about":[{"href":"https:\/\/serveiseducatius.xtec.cat\/mataro\/wp-json\/wp\/v2\/types\/page"}],"author":[{"embeddable":true,"href":"https:\/\/serveiseducatius.xtec.cat\/mataro\/wp-json\/wp\/v2\/users\/1"}],"replies":[{"embeddable":true,"href":"https:\/\/serveiseducatius.xtec.cat\/mataro\/wp-json\/wp\/v2\/comments?post=572"}],"version-history":[{"count":6,"href":"https:\/\/serveiseducatius.xtec.cat\/mataro\/wp-json\/wp\/v2\/pages\/572\/revisions"}],"predecessor-version":[{"id":13472,"href":"https:\/\/serveiseducatius.xtec.cat\/mataro\/wp-json\/wp\/v2\/pages\/572\/revisions\/13472"}],"wp:attachment":[{"href":"https:\/\/serveiseducatius.xtec.cat\/mataro\/wp-json\/wp\/v2\/media?parent=572"}],"curies":[{"name":"wp","href":"https:\/\/api.w.org\/{rel}","templated":true}]}}