{"id":8998,"date":"2016-10-25T08:04:42","date_gmt":"2016-10-25T06:04:42","guid":{"rendered":"http:\/\/serveiseducatius.xtec.cat\/hospitalet\/?page_id=8998"},"modified":"2019-06-14T08:01:50","modified_gmt":"2019-06-14T06:01:50","slug":"grup-treball-que-fem-des-de-la-biblioteca-escolar","status":"publish","type":"page","link":"https:\/\/serveiseducatius.xtec.cat\/hospitalet\/grup-treball-que-fem-des-de-la-biblioteca-escolar\/","title":{"rendered":"Grup Treball: Qu\u00e8 fem des de la biblioteca escolar?"},"content":{"rendered":"<p><a href=\"http:\/\/serveiseducatius.xtec.cat\/hospitalet\/wp-content\/uploads\/usu542\/2016\/10\/bibliotecarios_Monica-Carretero.jpg\"><img loading=\"lazy\" decoding=\"async\" class=\"wp-image-8999 alignleft\" src=\"http:\/\/serveiseducatius.xtec.cat\/hospitalet\/wp-content\/uploads\/usu542\/2016\/10\/bibliotecarios_Monica-Carretero.jpg\" alt=\"bibliotecarios_monica-carretero\" width=\"186\" height=\"303\" \/><\/a><span style=\"color: #3366ff;\">Aquest grup de treball pret\u00e9n reflexionar i compartir activitats i propostes sobre la biblioteca de l&#8217;escola, sobre les activitats que es fan a la biblioteca i des de la biblioteca cap a l&#8217;escola.<\/span><\/p>\n<p>Durant el curs 2018-19\u00a0a m\u00e9s de treballar temes de suport a la biblioteca com:<\/p>\n<ul>\n<li>La presentaci\u00f3 de llibres, recomanacions, fons de la biblioteca:\u00a0<span style=\"font-family: inherit; font-size: 1em;\">cat\u00e0legs, visites a llibreries i biblioteques p\u00fabliques.<\/span><\/li>\n<li>Presentaci\u00f3 d&#8217;activitats i recursos per a la dinamitzaci\u00f3<\/li>\n<\/ul>\n<p>Tenim previst reflexionar i treballar per elaborar material, per difondre despr\u00e9s, sobre el qu\u00e8 i el com de:<\/p>\n<ul>\n<li><span style=\"color: #0000ff;\"><b>Les recomanacions de llibres entre l&#8217;alumnat. Activitats de dinamitzaci\u00f3<\/b><\/span><\/li>\n<\/ul>\n<table style=\"border-collapse: collapse; width: 100%;\" border=\"1\">\n<tbody>\n<tr style=\"height: 30px;\">\n<td style=\"width: 100%; height: 30px;\"><span style=\"color: #339966;\"><strong>Curs 2018-19<\/strong><\/span><\/td>\n<\/tr>\n<tr style=\"height: 735px;\">\n<td style=\"width: 100%; height: 735px;\"><span style=\"color: #800080;\"><strong>1a sessi\u00f3 23 d&#8217;octubre<\/strong><\/span><\/p>\n<p>Com sempre ens agrada fer a la 1a sessi\u00f3, vam parlar de llibres, ens vam presentar i recomanar llibres que tenim a les nostres biblioteques. Va venir una estona la Sara de l&#8217;<a href=\"http:\/\/www.pageseditors.cat\/cataleg\/infantil-i-juvenil.html\">editorial Pag\u00e9s<\/a> a presentar-nos alguns dels seus llibres (est\u00e0 enlla\u00e7at). Tamb\u00e9 vam veure el <a href=\"http:\/\/serveiseducatius.xtec.cat\/bdrlectura\/\">Banc de recursos de la lectura<\/a> i totes les seves possibilitats, all\u00e0 vam trobar dues guies de lectura molt interessants: el Garbell i la Bibliografia selectiva de novetats.<\/p>\n<table style=\"border-collapse: collapse; width: 47.3415%; height: 161px;\" border=\"1\">\n<tbody>\n<tr>\n<td style=\"width: 33.3333%; text-align: center;\"><a href=\"http:\/\/www2.rosasensat.org\/files\/el_garbell_14-1.pdf\"><img loading=\"lazy\" decoding=\"async\" class=\"aligncenter size-full wp-image-12716\" src=\"https:\/\/serveiseducatius.xtec.cat\/hospitalet\/wp-content\/uploads\/usu542\/2018\/10\/garbell_14.jpg\" alt=\"\" width=\"210\" height=\"140\" \/>El Garbell de Rosa Sensat<\/a><\/td>\n<td style=\"width: 33.3333%; text-align: center;\"><a href=\"http:\/\/biblioteques.gencat.cat\/web\/.content\/tematic\/professionals\/bibliografies\/bibliografies_de_novetats\/documents\/2018\/BSN-G116.pdf\"><img loading=\"lazy\" decoding=\"async\" class=\"aligncenter size-full wp-image-12717\" src=\"https:\/\/serveiseducatius.xtec.cat\/hospitalet\/wp-content\/uploads\/usu542\/2018\/10\/Bibliografia-selectiva-de-novetats.jpg\" alt=\"\" width=\"210\" height=\"140\" \/>Bibliografia selectiva de novetats<\/a><\/td>\n<\/tr>\n<\/tbody>\n<\/table>\n<hr \/>\n<p><span style=\"color: #800080;\"><strong>2a sessi\u00f3 20 de novembre<\/strong><\/span><\/p>\n<p><a href=\"https:\/\/carbonera.cat\/\" target=\"_blank\" rel=\"noopener noreferrer\"><img loading=\"lazy\" decoding=\"async\" class=\"alignleft wp-image-13011\" src=\"https:\/\/serveiseducatius.xtec.cat\/hospitalet\/wp-content\/uploads\/usu542\/2019\/01\/la-carbonera-150x150.png\" alt=\"\" width=\"159\" height=\"159\" \/><\/a>Vam visitar la llibreria La Carbonera. La Carlota ens va explicar totes les activitats que feien a la llibreria, sobretot aquelles dirigides a infants i joves.<\/p>\n<p>Ens va ensenyar la llibreria i els llibres de la secci\u00f3 infantil i juvenil. Ens va agradar molt i vam poder comprar alguns llibres per les nostres biblioteques.<\/p>\n<p>&nbsp;<\/p>\n<p>&nbsp;<\/p>\n<hr \/>\n<p><span style=\"color: #800080;\"><strong>3a sessi\u00f3 29 de gener<\/strong><\/span><\/p>\n<p><a href=\"https:\/\/docs.google.com\/presentation\/d\/1qSjYQy9HZ6ibGiui_-UlHoh1RUh9QMnZBuFv1SFoqfo\/edit#slide=id.p\" target=\"_blank\" rel=\"noopener noreferrer\"><img loading=\"lazy\" decoding=\"async\" class=\"wp-image-13049 alignleft\" src=\"https:\/\/serveiseducatius.xtec.cat\/hospitalet\/wp-content\/uploads\/usu542\/2019\/02\/presentaci\u00f3.png\" alt=\"\" width=\"229\" height=\"134\" srcset=\"https:\/\/serveiseducatius.xtec.cat\/hospitalet\/wp-content\/uploads\/usu542\/2019\/02\/presentaci\u00f3.png 308w, https:\/\/serveiseducatius.xtec.cat\/hospitalet\/wp-content\/uploads\/usu542\/2019\/02\/presentaci\u00f3-300x175.png 300w\" sizes=\"auto, (max-width: 229px) 100vw, 229px\" \/><\/a>En aquesta sessi\u00f3 hem comen\u00e7at a treballar sobre el tema de les recomanacions de llibres entre iguals. \u00c9s una bona activitat de dinamitzaci\u00f3 que es pot proposar des de la biblioteca escolar o per a treballar a les aules des de la biblioteca d&#8217;aula.<\/p>\n<p>Hem parlat sobre el tema i hem vist experi\u00e8ncies de centres que ens puguin servir de model o donar-nos idees<\/p>\n<p>Els centres que participem en aquest grup de treball, planificarem una activitat de recomanaci\u00f3, la desenvoluparem amb el nostre alumnat, la valorarem i documentarem durant aquest curs.<\/p>\n<hr \/>\n<p><span style=\"color: #800080;\"><strong>4a sessi\u00f3 26 de febrer<\/strong><\/span><\/p>\n<p><a href=\"https:\/\/serveiseducatius.xtec.cat\/hospitalet\/wp-content\/uploads\/usu542\/2019\/02\/susurradores_95c43ajv.jpg\"><img loading=\"lazy\" decoding=\"async\" class=\"alignleft size-medium wp-image-13190\" src=\"https:\/\/serveiseducatius.xtec.cat\/hospitalet\/wp-content\/uploads\/usu542\/2019\/02\/susurradores_95c43ajv-300x200.jpg\" alt=\"\" width=\"300\" height=\"200\" srcset=\"https:\/\/serveiseducatius.xtec.cat\/hospitalet\/wp-content\/uploads\/usu542\/2019\/02\/susurradores_95c43ajv-300x200.jpg 300w, https:\/\/serveiseducatius.xtec.cat\/hospitalet\/wp-content\/uploads\/usu542\/2019\/02\/susurradores_95c43ajv.jpg 400w\" sizes=\"auto, (max-width: 300px) 100vw, 300px\" \/><\/a>Ha vingut a visitar-nos en <a href=\"https:\/\/jaumecentelles.cat\/\" target=\"_blank\" rel=\"noopener noreferrer\">Jaume Centelles Pastor.<\/a>\u00a0La seva xerrada ha estat molt interessant. Ens ha presentat les \u00faltimes novetats de llibres, ha parlat de les <a href=\"https:\/\/drive.google.com\/file\/d\/1wXVdtH-fJry9It8LFgVRS8QntUQOiQQD\/view?usp=sharing\" target=\"_blank\" rel=\"noopener noreferrer\">infer\u00e8ncies (inferil\u00e0mines)<\/a>, ens ha deixat un article sobre\u00a0<a href=\"https:\/\/drive.google.com\/file\/d\/1VZHcYtvcj_qIfy35sUuEDK1aH3xlWf-a\/view?usp=sharing\" target=\"_blank\" rel=\"noopener noreferrer\">La biblioteca, centre de gravetat de l\u2019escola<\/a>, les <a href=\"https:\/\/drive.google.com\/file\/d\/1J8amjU1JNQag-tETBB23fTPQWRpeQItS\/view?usp=sharing\" target=\"_blank\" rel=\"noopener noreferrer\">efem\u00e8rides de LIJ<\/a> d&#8217;aquest any 2019.<\/p>\n<p>I per \u00faltim hem fet un xiuxiuejador de contes.<\/p>\n<p>Ha estat genial. Com sempre.<\/p>\n<p>&nbsp;<\/p>\n<hr \/>\n<p><span style=\"color: #800080;\"><strong>5a sessi\u00f3 26 de mar\u00e7<\/strong><\/span><\/p>\n<p><a href=\"https:\/\/drive.google.com\/file\/d\/0ByAUDy5g5huET3pSOVc3U0pPeVJ4ZF9yUHgyNldDWF9FOVhF\/view?usp=sharing\" target=\"_blank\" rel=\"noopener noreferrer\"><img loading=\"lazy\" decoding=\"async\" class=\"alignleft wp-image-13470 size-full\" src=\"https:\/\/serveiseducatius.xtec.cat\/hospitalet\/wp-content\/uploads\/usu542\/2019\/06\/Patufet.png\" alt=\"\" width=\"250\" height=\"189\" srcset=\"https:\/\/serveiseducatius.xtec.cat\/hospitalet\/wp-content\/uploads\/usu542\/2019\/06\/Patufet.png 250w, https:\/\/serveiseducatius.xtec.cat\/hospitalet\/wp-content\/uploads\/usu542\/2019\/06\/Patufet-200x150.png 200w\" sizes=\"auto, (max-width: 250px) 100vw, 250px\" \/><\/a>Hem anat a l&#8217;escola <a href=\"http:\/\/bibliopatu13514.blogspot.com\/\"><strong>Patufet Sant Jordi<\/strong><\/a> a visitar la seva biblioteca.<\/p>\n<p>Les companyes encarregades de la biblioteca ens han ensenyat els espais i algunes de les activitats que fan amb els nens i nenes a dins de la biblio i tamb\u00e9 a fora, al passad\u00eds, a les aules.<\/p>\n<p>Hem apr\u00e9s molt, hem fet fotos i hem reflexionat sobre com podem millorar el que nosaltres ja fem.<\/p>\n<p>Gr\u00e0cies Sandra, Bea i Anna.<\/p>\n<hr \/>\n<p><span style=\"color: #800080;\"><strong>6a sessi\u00f3 4 de juny<\/strong><\/span><\/p>\n<p><a href=\"https:\/\/sites.google.com\/xtec.cat\/recomanacions-de-llibres-\/inici\" target=\"_blank\" rel=\"noopener noreferrer\"><img loading=\"lazy\" decoding=\"async\" class=\"alignleft wp-image-13473\" src=\"https:\/\/serveiseducatius.xtec.cat\/hospitalet\/wp-content\/uploads\/usu542\/2019\/06\/Screenshot-300x93.png\" alt=\"\" width=\"381\" height=\"118\" srcset=\"https:\/\/serveiseducatius.xtec.cat\/hospitalet\/wp-content\/uploads\/usu542\/2019\/06\/Screenshot-300x93.png 300w, https:\/\/serveiseducatius.xtec.cat\/hospitalet\/wp-content\/uploads\/usu542\/2019\/06\/Screenshot-768x238.png 768w, https:\/\/serveiseducatius.xtec.cat\/hospitalet\/wp-content\/uploads\/usu542\/2019\/06\/Screenshot.png 796w\" sizes=\"auto, (max-width: 381px) 100vw, 381px\" \/><\/a><\/p>\n<p>En aquesta web us mostrem el resultat de les activitats que hem fet als centres sobre les recomanacions de llibres entre iguals.<\/td>\n<\/tr>\n<\/tbody>\n<\/table>\n<hr \/>\n<p>&nbsp;<\/p>\n<p>Durant dos cursos, <strong><span style=\"color: #0000ff;\">2016-17 i 2017-18<\/span><\/strong>, a m\u00e9s de treballar temes de suport a la biblioteca com:<\/p>\n<ul>\n<li>La presentaci\u00f3 de llibres, recomanacions, fons de la biblioteca:\u00a0<span style=\"font-family: inherit; font-size: 1em;\">cat\u00e0legs, visites a llibreries i biblioteques p\u00fabliques.<\/span><\/li>\n<li>Presentaci\u00f3 d&#8217;activitats i recursos per a la dinamitzaci\u00f3<\/li>\n<\/ul>\n<p>Hem reflexionat i treballat per elaborar material, per difondre, sobre el qu\u00e8 i el com de:<\/p>\n<ul>\n<li><strong><span style=\"color: #0000ff;\">Les exposicions tem\u00e0tiques<\/span><\/strong>: Els projectes d&#8217;escola. Les festes. Efem\u00e8rides,&#8230;<\/li>\n<\/ul>\n<table style=\"width: 890px;\">\n<tbody>\n<tr style=\"height: 26px;\">\n<td style=\"height: 26px; width: 600px;\"><span style=\"color: #008000;\"><strong>Curs 2017-18<\/strong><\/span><\/td>\n<td style=\"height: 26px; width: 618px;\"><strong>Curs 2017-18<\/strong><\/td>\n<\/tr>\n<tr style=\"height: 173px;\">\n<td style=\"height: 173px; width: 600px;\"><strong><span style=\"color: #800080;\">1a Sessi\u00f3 25 d&#8217;octubre<\/span><\/strong><\/p>\n<p>Vam parlar de llibres, ens vam presentar i recomanar llibres que tenim a les nostres biblioteques. Vam veure cat\u00e0legs i guies de lectura, vam recordar que podem trobar nous repositoris al <a href=\"https:\/\/sites.google.com\/a\/xtec.cat\/bibliolh\/llibres\" target=\"_blank\" rel=\"noopener noreferrer\"><strong>site de les biblioteques<\/strong>, <strong>a l&#8217;apartat de llibres<\/strong><\/a><strong>.<\/strong><\/p>\n<p><a href=\"https:\/\/sites.google.com\/a\/xtec.cat\/bibliolh\/llibres\" target=\"_blank\" rel=\"noopener noreferrer\"><img loading=\"lazy\" decoding=\"async\" class=\"aligncenter wp-image-10428\" src=\"http:\/\/serveiseducatius.xtec.cat\/hospitalet\/wp-content\/uploads\/usu542\/2016\/10\/1a-sessi\u00f3-1024x547.png\" alt=\"1a sessi\u00f3\" width=\"348\" height=\"186\" srcset=\"https:\/\/serveiseducatius.xtec.cat\/hospitalet\/wp-content\/uploads\/usu542\/2016\/10\/1a-sessi\u00f3-1024x547.png 1024w, https:\/\/serveiseducatius.xtec.cat\/hospitalet\/wp-content\/uploads\/usu542\/2016\/10\/1a-sessi\u00f3-300x160.png 300w, https:\/\/serveiseducatius.xtec.cat\/hospitalet\/wp-content\/uploads\/usu542\/2016\/10\/1a-sessi\u00f3-768x410.png 768w, https:\/\/serveiseducatius.xtec.cat\/hospitalet\/wp-content\/uploads\/usu542\/2016\/10\/1a-sessi\u00f3.png 1155w\" sizes=\"auto, (max-width: 348px) 100vw, 348px\" \/><\/a><\/p>\n<p>Vam parlar i mostrar tots els recursos i llibres que es troben al Banc de Recursos de la Lectura (<strong><a href=\"http:\/\/serveiseducatius.xtec.cat\/bdrlectura\/\" target=\"_blank\" rel=\"noopener noreferrer\">BDR<\/a><\/strong>) i al seu <strong><a href=\"https:\/\/sites.google.com\/a\/xtec.cat\/butlleti-bdr\/\" target=\"_blank\" rel=\"noopener noreferrer\">Butllet\u00ed digital<\/a><\/strong> que surt cada trimestre.<\/td>\n<td style=\"height: 173px; width: 618px;\">\u00a0<strong><span style=\"color: #800080;\">1a Sessi\u00f3 24 d&#8217;octubre<\/span><\/strong><\/p>\n<p>Ens vam presentar, ens vam explicar com ha estat l&#8217;inici de curs i com est\u00e0 la biblioteca de l&#8217;escola, sobre la comissi\u00f3 de la biblioteca, horaris, pressupost pel fons.<\/p>\n<p>Vam treballar la proposta d&#8217;activitat conjunta sobre la Gl\u00f2ria Fuertes durant el primer trimestre, ja que durant el 2017 es celebra el centenari del seu naixement. A partir una<strong> <a href=\"http:\/\/serveiseducatius.xtec.cat\/hospitalet\/gloria-fuertes-centenari-del-seu-naixement\/\" target=\"_blank\" rel=\"noopener noreferrer\">p\u00e0gina de recursos sobre la Gl\u00f2ria Fuertes <\/a><\/strong>que<a href=\"http:\/\/serveiseducatius.xtec.cat\/hospitalet\/gloria-fuertes-centenari-del-seu-naixement\/\" target=\"_blank\" rel=\"noopener noreferrer\"><img loading=\"lazy\" decoding=\"async\" class=\"alignleft wp-image-10602\" src=\"http:\/\/serveiseducatius.xtec.cat\/hospitalet\/wp-content\/uploads\/usu542\/2017\/09\/Gloria.png\" alt=\"\" width=\"142\" height=\"192\" \/><\/a> ha fet el CRP. I el programa d&#8217;activitats que fan les biblioteques p\u00fabliques de l&#8217;Hospitalet sobre aquesta escriptora.<\/p>\n<p>Es far\u00e0 difusi\u00f3 a tots els centres.<\/p>\n<p>Vam acabar llegint alguns del seus poemes i contes infantils.<\/td>\n<\/tr>\n<tr style=\"height: 117px;\">\n<td style=\"height: 117px; width: 600px;\"><strong><span style=\"color: #800080;\">2a Sessi\u00f3 15 de novembre<\/span><\/strong><\/p>\n<p>Es va fer la Xerrada de la M\u00f2nica Badia i ens va presentar el document de la <strong><a href=\"http:\/\/serveiseducatius.xtec.cat\/hospitalet\/dinamitzacio\/biblioteques-lh\/biblioteca-daula-una-oportunitat-per-a-la-lectura-i-el-coneixement\/\" target=\"_blank\" rel=\"noopener noreferrer\">Biblioteca d&#8217;aula, una oportunitat per a la lectura i el coneixement.<\/a><\/strong><a href=\"http:\/\/serveiseducatius.xtec.cat\/hospitalet\/dinamitzacio\/biblioteques-lh\/biblioteca-daula-una-oportunitat-per-a-la-lectura-i-el-coneixement\/\" target=\"_blank\" rel=\"noopener noreferrer\"><img loading=\"lazy\" decoding=\"async\" class=\"aligncenter wp-image-10429\" src=\"http:\/\/serveiseducatius.xtec.cat\/hospitalet\/wp-content\/uploads\/usu542\/2016\/10\/2a-sessi\u00f3.png\" alt=\"2a sessi\u00f3\" width=\"174\" height=\"175\" srcset=\"https:\/\/serveiseducatius.xtec.cat\/hospitalet\/wp-content\/uploads\/usu542\/2016\/10\/2a-sessi\u00f3.png 290w, https:\/\/serveiseducatius.xtec.cat\/hospitalet\/wp-content\/uploads\/usu542\/2016\/10\/2a-sessi\u00f3-150x150.png 150w\" sizes=\"auto, (max-width: 174px) 100vw, 174px\" \/><\/a><\/td>\n<td style=\"height: 117px; width: 618px;\"><strong><span style=\"color: #800080;\">2a Sessi\u00f3 28 de novembre<\/span><\/strong><\/p>\n<p>Vam visitar la <strong><a href=\"http:\/\/www.bibliotequeslh.cat\/858013_1.aspx?id=1\" target=\"_blank\" rel=\"noopener noreferrer\">Biblioteca P\u00fablica de La Florida<\/a><\/strong>. La Cristina Amatrian, la directora, ens va mostrar l&#8217;espai infantil de la biblioteca i ens va explicar totes les activitats que organitzen per als nens i nenes.I concretament les que fan sobre <a href=\"http:\/\/serveiseducatius.xtec.cat\/hospitalet\/wp-content\/uploads\/usu542\/2016\/10\/La-Florida.png\"><img loading=\"lazy\" decoding=\"async\" class=\"wp-image-11527 alignleft\" src=\"http:\/\/serveiseducatius.xtec.cat\/hospitalet\/wp-content\/uploads\/usu542\/2016\/10\/La-Florida.png\" alt=\"\" width=\"166\" height=\"195\" srcset=\"https:\/\/serveiseducatius.xtec.cat\/hospitalet\/wp-content\/uploads\/usu542\/2016\/10\/La-Florida.png 508w, https:\/\/serveiseducatius.xtec.cat\/hospitalet\/wp-content\/uploads\/usu542\/2016\/10\/La-Florida-255x300.png 255w\" sizes=\"auto, (max-width: 166px) 100vw, 166px\" \/><\/a>la Gl\u00f2ria Fuertes.\u00a0 Vam tractar el tema sobre com poder millorar el coneixement mutu i la col\u00b7laboraci\u00f3 entre centres i biblioteques p\u00fabliques. I va sortit la proposta de crear un mapa de cada biblioteca p\u00fablica i els seus centres m\u00e9s propers. De manera que cada BP sigui referent d&#8217;un grup (entre 5 i 7) de centres.\u00a0<a href=\"https:\/\/docs.google.com\/document\/d\/1ohv50X8qHdLh8oHABmVcFS5d0RWPWWqa6qZK4siDvjI\/edit\" target=\"_blank\" rel=\"noopener noreferrer\">Enlla\u00e7 al document<\/a><\/p>\n<p>&nbsp;<\/td>\n<\/tr>\n<tr style=\"height: 139px;\">\n<td style=\"height: 139px; width: 600px;\"><strong><span style=\"color: #800080;\">3a Sessi\u00f3 24 de gener\u00a0<\/span><\/strong><\/p>\n<p>El grup va comen\u00e7ar a treballar sobre les exposicions que es poden organitzar des de la \u00a0biblioteca i que van dirigides a tot l&#8217;alumnat del centre. Qu\u00e8 son? quins poden ser els seus objectius? Tipus: tem\u00e0tiques, festes, efem\u00e8rides, projectes de centre o cicle.<\/p>\n<p><a href=\"https:\/\/docs.google.com\/document\/d\/1bckdaViUc2T8_tUzUGTzCQgeXfD02_Mce00DQbQ0sK4\/edit\">Enlla\u00e7os<\/a><\/td>\n<td style=\"height: 139px; width: 618px;\"><strong><span style=\"color: #800080;\">3a Sessi\u00f3 23 de gener\u00a0\u00a0<\/span><\/strong><\/p>\n<p><a href=\"https:\/\/docs.google.com\/presentation\/d\/1r38RzLQifsDhOc6U9TS8UjQ5EGhrOP20NnsOn73w2No\/edit#slide=id.p\" target=\"_blank\" rel=\"noopener noreferrer\"><img loading=\"lazy\" decoding=\"async\" class=\"alignleft wp-image-11751\" src=\"http:\/\/serveiseducatius.xtec.cat\/hospitalet\/wp-content\/uploads\/usu542\/2016\/10\/exposicions-tem\u00e0tiques.png\" alt=\"\" width=\"253\" height=\"142\" srcset=\"https:\/\/serveiseducatius.xtec.cat\/hospitalet\/wp-content\/uploads\/usu542\/2016\/10\/exposicions-tem\u00e0tiques.png 706w, https:\/\/serveiseducatius.xtec.cat\/hospitalet\/wp-content\/uploads\/usu542\/2016\/10\/exposicions-tem\u00e0tiques-300x168.png 300w\" sizes=\"auto, (max-width: 253px) 100vw, 253px\" \/><\/a>\u00a0Continuant amb el tema de les exposicions tem\u00e0tiques, hem estat veient algunes exposicions d&#8217;altres centres. Reflexionant sobre com s&#8217;han fet i comen\u00e7ant a planificar l&#8217;esposici\u00f3 tem\u00e0tica que farem a cada centre participant. Que s&#8217;haur\u00e0 d&#8217;anar documentant.<\/td>\n<\/tr>\n<tr style=\"height: 95px;\">\n<td style=\"height: 95px; width: 600px;\">\u00a0<strong><span style=\"color: #800080;\">4a Sessi\u00f3\u00a021 de febrer<\/span><\/strong><\/p>\n<p>La Marta Roig ens va presentar el seu Laboratori de lectura <a href=\"http:\/\/serveiseducatius.xtec.cat\/hospitalet\/dinamitzacio\/biblioteques-lh\/laboratori-de-lectura-marta-roig\/\" target=\"_blank\" rel=\"noopener noreferrer\"><strong>&#8220;El Rebost del Cau&#8221;<\/strong>\u00a0<\/a><\/p>\n<p><a href=\"http:\/\/serveiseducatius.xtec.cat\/hospitalet\/dinamitzacio\/biblioteques-lh\/laboratori-de-lectura-marta-roig\/\" target=\"_blank\" rel=\"noopener noreferrer\"><img loading=\"lazy\" decoding=\"async\" class=\"aligncenter wp-image-10430\" src=\"http:\/\/serveiseducatius.xtec.cat\/hospitalet\/wp-content\/uploads\/usu542\/2016\/10\/4a-sessi\u00f3.png\" alt=\"4a sessi\u00f3\" width=\"259\" height=\"243\" srcset=\"https:\/\/serveiseducatius.xtec.cat\/hospitalet\/wp-content\/uploads\/usu542\/2016\/10\/4a-sessi\u00f3.png 476w, https:\/\/serveiseducatius.xtec.cat\/hospitalet\/wp-content\/uploads\/usu542\/2016\/10\/4a-sessi\u00f3-300x281.png 300w\" sizes=\"auto, (max-width: 259px) 100vw, 259px\" \/><\/a><\/td>\n<td style=\"height: 95px; width: 618px;\">\u00a0<strong><span style=\"color: #800080;\">4a Sessi\u00f3\u00a020 de febrer<\/span><\/strong><\/p>\n<p>Vam visitar la llibreria <a href=\"http:\/\/pebrenegre.cat\/\" target=\"_blank\" rel=\"noopener noreferrer\"><span style=\"color: #3366ff;\"><strong>Pebre negre<\/strong><\/span><\/a> del Clot. Una llibreria amb encant on vam trobar molts llibres per a la biblioteca de l&#8217;escola<\/p>\n<p><a href=\"http:\/\/pebrenegre.cat\/\" target=\"_blank\" rel=\"noopener noreferrer\"><img loading=\"lazy\" decoding=\"async\" class=\"aligncenter wp-image-12134\" src=\"http:\/\/serveiseducatius.xtec.cat\/hospitalet\/wp-content\/uploads\/usu542\/2016\/10\/pebre.png\" alt=\"\" width=\"279\" height=\"200\" srcset=\"https:\/\/serveiseducatius.xtec.cat\/hospitalet\/wp-content\/uploads\/usu542\/2016\/10\/pebre.png 714w, https:\/\/serveiseducatius.xtec.cat\/hospitalet\/wp-content\/uploads\/usu542\/2016\/10\/pebre-300x215.png 300w\" sizes=\"auto, (max-width: 279px) 100vw, 279px\" \/><\/a><\/td>\n<\/tr>\n<tr style=\"height: 117px;\">\n<td style=\"height: 117px; width: 600px;\">\u00a0<strong><span style=\"color: #800080;\">5a Sessi\u00f3\u00a028 de mar\u00e7<\/span><\/strong><\/p>\n<p>En <strong><a href=\"https:\/\/jaumecentelles.cat\/\" target=\"_blank\" rel=\"noopener noreferrer\">Jaume Centelles<\/a><\/strong> i l&#8217;Alba Basora de l&#8217;<strong><a href=\"http:\/\/www.pageseditors.cat\/cataleg\/infantil-i-juvenil.html\" target=\"_blank\" rel=\"noopener noreferrer\">editorial Pag\u00e9s<\/a><\/strong> ens van presentar i recomanar les \u00faltimes novetats en llibres infantils i juvenils per poder anar preparant les guies de Sant Jordi.<\/p>\n<p><a href=\"http:\/\/www.pageseditors.cat\/cataleg\/infantil-i-juvenil.html\" target=\"_blank\" rel=\"noopener noreferrer\"><img loading=\"lazy\" decoding=\"async\" class=\"aligncenter\" src=\"http:\/\/www.pageseditors.cat\/media\/catalog\/product\/cache\/1\/small_image\/x348\/db978388cfd007780066eaab38556cef\/9\/7\/9788499758169_04_n_1.jpg\" width=\"175\" height=\"251\" \/><\/a><\/td>\n<td style=\"height: 117px; width: 618px;\">\u00a0\u00a0<strong><span style=\"color: #800080;\">5a Sessi\u00f3\u00a020 de mar\u00e7<\/span><\/strong><\/p>\n<p>Cada escola ha comen\u00e7at a planificar les seves exposicions.<\/p>\n<p>Es va fer l&#8217;explicaci\u00f3 i la reflexi\u00f3 a partir del seg\u00fcent gui\u00f3:<\/p>\n<p><a href=\"https:\/\/docs.google.com\/document\/d\/1djRuBC5Axs4ieJa8owq6_II6FVc0XpIlMS-8WvqQM7c\/edit\" target=\"_blank\" rel=\"noopener noreferrer\"><img loading=\"lazy\" decoding=\"async\" class=\"alignnone\" src=\"https:\/\/encrypted-tbn0.gstatic.com\/images?q=tbn:ANd9GcTATYWNquBzSAHEJ6-JRb3nwXBBQuMcR5FH8FXzrU_vC_Femj74\" alt=\"\" width=\"226\" height=\"169\" \/><\/a><\/p>\n<p>&nbsp;<\/td>\n<\/tr>\n<tr style=\"height: 233px;\">\n<td style=\"height: 233px; width: 600px;\">\u00a0<strong><span style=\"color: #800080;\">6a Sessi\u00f3\u00a025 d&#8217;abril<\/span><\/strong><\/p>\n<p>Vam visitar la <a href=\"https:\/\/photos.google.com\/share\/AF1QipPNF-x8KlvZghONizRlxGVrJ8Es6ozFHRcuy0plwa23WipYG5BZjSpHIt0qFWLmGw\/photo\/AF1QipNWR3AA9YtU8gdsS70nmBnvXLMjhHGwlv4Y1C_d?key=ak5tQ1FJbDl3dEZrUmNFekY2S2JsOGtNaDRQWmNB\" target=\"_blank\" rel=\"noopener noreferrer\"><strong>nova biblioteca escolar de l&#8217;escola Ausi\u00e0s March<\/strong><\/a>. L&#8217;Anna, la responsable de la biblioteca, ens va explicar com ho han fet, quina col\u00b7laboraci\u00f3 de les fam\u00edlies han tingut. Com s&#8217;organitza la biblioteca i algunes de les activitats que fan.<\/p>\n<p>Ens va encantar. \u00c9s una biblioteca molt acollidora i tenim la seguretat que els nens i nenes de l&#8217;escola li treuran molt de profit.<\/p>\n<p><a href=\"http:\/\/serveiseducatius.xtec.cat\/hospitalet\/portada\/nova-biblioteca-a-lescola-ausias-march\/\" target=\"_blank\" rel=\"noopener noreferrer\"><img loading=\"lazy\" decoding=\"async\" class=\"aligncenter wp-image-10421\" src=\"http:\/\/serveiseducatius.xtec.cat\/hospitalet\/wp-content\/uploads\/usu542\/2017\/06\/ausi\u00e0s-march-1.png\" alt=\"ausi\u00e0s march 1\" width=\"286\" height=\"168\" srcset=\"https:\/\/serveiseducatius.xtec.cat\/hospitalet\/wp-content\/uploads\/usu542\/2017\/06\/ausi\u00e0s-march-1.png 748w, https:\/\/serveiseducatius.xtec.cat\/hospitalet\/wp-content\/uploads\/usu542\/2017\/06\/ausi\u00e0s-march-1-300x176.png 300w\" sizes=\"auto, (max-width: 286px) 100vw, 286px\" \/><\/a><\/p>\n<p>Despr\u00e9s vam continuar treballant i reflexionant sobre el tema &#8220;Les exposicions des de la biblioteca&#8221;. Aquest tema que hem iniciat aquest curs, el continuarem treballant el curs vinent.<\/td>\n<td style=\"height: 233px; width: 618px;\"><strong><span style=\"color: #800080;\">6a Sessi\u00f3\u00a024 d&#8217;abril<\/span><\/strong><\/p>\n<p>Xerrada a c\u00e0rrec de la\u00a0<strong>M\u00f2nica Badia Cantarero<\/strong>, del Programa de Biblioteca Escolar. <span style=\"color: #0000ff;\"><strong>SOS: ensenyeu-me a navegar!<\/strong><\/span><\/p>\n<p>Vivim en un m\u00f3n envoltat de pantalles i on la informaci\u00f3 \u00e9s accessible nom\u00e9s fent un \u201cclic\u201d. Sovint sorgeixen els interrogants de si cal una biblioteca escolar en el segle XXI, com hauria de ser, quines necessitats hauria de cobrir.<br \/>\nL\u2019alumnat que trobem a les aules \u00e9s molt h\u00e0bil utilitzant aplicacions, per\u00f2 no gaires saben seleccionar informaci\u00f3 de qualitat i transformar-la en coneixement.<br \/>\nAnalitzem les dificultats amb qu\u00e8 es troben els alumnes a l\u2019hora de cercar i treballar amb la informaci\u00f3 i reflexionarem sobre el paper de la biblioteca escolar en el moment actual.<\/p>\n<p><a href=\"https:\/\/drive.google.com\/file\/d\/0ByAUDy5g5huEWmtleW1yQkZHaTFxTHgtX3gzYk1jSmNQYW1B\/view\"><img loading=\"lazy\" decoding=\"async\" class=\"aligncenter wp-image-12212\" src=\"http:\/\/serveiseducatius.xtec.cat\/hospitalet\/wp-content\/uploads\/usu542\/2018\/03\/sos.png\" alt=\"\" width=\"289\" height=\"178\" srcset=\"https:\/\/serveiseducatius.xtec.cat\/hospitalet\/wp-content\/uploads\/usu542\/2018\/03\/sos.png 536w, https:\/\/serveiseducatius.xtec.cat\/hospitalet\/wp-content\/uploads\/usu542\/2018\/03\/sos-300x185.png 300w\" sizes=\"auto, (max-width: 289px) 100vw, 289px\" \/><\/a><\/td>\n<\/tr>\n<tr style=\"height: 196px;\">\n<td style=\"height: 196px; width: 600px;\">\u00a0<strong><span style=\"color: #800080;\">7a Sessi\u00f3\u00a023 de maig<\/span><\/strong><\/p>\n<p>Hem anat a la <a href=\"https:\/\/www.llibreriaallots.com\/\" target=\"_blank\" rel=\"noopener noreferrer\"><strong>llibreria Al\u00b7lots<\/strong><\/a>.<\/p>\n<p>Una llibreria plena de llibres infantils i juvenils. La Paula ens la va ensenyar i ens va explicar com la tenen organitzada i quines activitats de lectura fan. Una llibreria amb encant.<\/p>\n<p>Vam aprofitar per comprar alguns llibres pel fons de les nostres biblioteques.<\/p>\n<p><a href=\"https:\/\/www.llibreriaallots.com\/\" target=\"_blank\" rel=\"noopener noreferrer\"><img loading=\"lazy\" decoding=\"async\" class=\"aligncenter wp-image-10431\" src=\"http:\/\/serveiseducatius.xtec.cat\/hospitalet\/wp-content\/uploads\/usu542\/2016\/10\/7a-sessi\u00f3.png\" alt=\"7a sessi\u00f3\" width=\"253\" height=\"162\" srcset=\"https:\/\/serveiseducatius.xtec.cat\/hospitalet\/wp-content\/uploads\/usu542\/2016\/10\/7a-sessi\u00f3.png 747w, https:\/\/serveiseducatius.xtec.cat\/hospitalet\/wp-content\/uploads\/usu542\/2016\/10\/7a-sessi\u00f3-300x192.png 300w\" sizes=\"auto, (max-width: 253px) 100vw, 253px\" \/><\/a><\/td>\n<td style=\"height: 196px; width: 618px;\">\u00a0\u00a0<strong><span style=\"color: #800080;\">7a Sessi\u00f3 29 de maig<\/span><\/strong><\/p>\n<p>Revisem i presentem la documentaci\u00f3 i el material de les exposicions que s&#8217;ha realitzat a les escoles<\/p>\n<p><a href=\"https:\/\/sites.google.com\/xtec.cat\/qufemdesdelabiblioteca\/inici\"><img loading=\"lazy\" decoding=\"async\" class=\"aligncenter size-full wp-image-12441\" src=\"http:\/\/serveiseducatius.xtec.cat\/hospitalet\/wp-content\/uploads\/usu542\/2016\/10\/Cap\u00e7alera-site.png\" alt=\"\" width=\"920\" height=\"519\" srcset=\"https:\/\/serveiseducatius.xtec.cat\/hospitalet\/wp-content\/uploads\/usu542\/2016\/10\/Cap\u00e7alera-site.png 920w, https:\/\/serveiseducatius.xtec.cat\/hospitalet\/wp-content\/uploads\/usu542\/2016\/10\/Cap\u00e7alera-site-300x169.png 300w, https:\/\/serveiseducatius.xtec.cat\/hospitalet\/wp-content\/uploads\/usu542\/2016\/10\/Cap\u00e7alera-site-768x433.png 768w\" sizes=\"auto, (max-width: 920px) 100vw, 920px\" \/><\/a><\/td>\n<\/tr>\n<\/tbody>\n<\/table>\n","protected":false},"excerpt":{"rendered":"<p>Aquest grup de treball pret\u00e9n reflexionar i compartir activitats i propostes sobre la biblioteca de l&#8217;escola, sobre les activitats que es fan a la biblioteca i des de la biblioteca cap a l&#8217;escola. Durant el curs 2018-19\u00a0a m\u00e9s de treballar temes de suport a la biblioteca com: La presentaci\u00f3 de llibres, recomanacions, fons de la [&hellip;]<\/p>\n","protected":false},"author":1,"featured_media":0,"parent":0,"menu_order":0,"comment_status":"closed","ping_status":"closed","template":"","meta":{"_bbp_topic_count":0,"_bbp_reply_count":0,"_bbp_total_topic_count":0,"_bbp_total_reply_count":0,"_bbp_voice_count":0,"_bbp_anonymous_reply_count":0,"_bbp_topic_count_hidden":0,"_bbp_reply_count_hidden":0,"_bbp_forum_subforum_count":0,"site-sidebar-layout":"default","site-content-layout":"","ast-site-content-layout":"","site-content-style":"default","site-sidebar-style":"default","ast-global-header-display":"","ast-banner-title-visibility":"","ast-main-header-display":"","ast-hfb-above-header-display":"","ast-hfb-below-header-display":"","ast-hfb-mobile-header-display":"","site-post-title":"","ast-breadcrumbs-content":"","ast-featured-img":"","footer-sml-layout":"","theme-transparent-header-meta":"","adv-header-id-meta":"","stick-header-meta":"","header-above-stick-meta":"","header-main-stick-meta":"","header-below-stick-meta":"","astra-migrate-meta-layouts":"default","ast-page-background-enabled":"default","ast-page-background-meta":{"desktop":{"background-color":"var(--ast-global-color-4)","background-image":"","background-repeat":"repeat","background-position":"center center","background-size":"auto","background-attachment":"scroll","background-type":"","background-media":"","overlay-type":"","overlay-color":"","overlay-opacity":"","overlay-gradient":""},"tablet":{"background-color":"","background-image":"","background-repeat":"repeat","background-position":"center center","background-size":"auto","background-attachment":"scroll","background-type":"","background-media":"","overlay-type":"","overlay-color":"","overlay-opacity":"","overlay-gradient":""},"mobile":{"background-color":"","background-image":"","background-repeat":"repeat","background-position":"center center","background-size":"auto","background-attachment":"scroll","background-type":"","background-media":"","overlay-type":"","overlay-color":"","overlay-opacity":"","overlay-gradient":""}},"ast-content-background-meta":{"desktop":{"background-color":"var(--ast-global-color-5)","background-image":"","background-repeat":"repeat","background-position":"center center","background-size":"auto","background-attachment":"scroll","background-type":"","background-media":"","overlay-type":"","overlay-color":"","overlay-opacity":"","overlay-gradient":""},"tablet":{"background-color":"var(--ast-global-color-5)","background-image":"","background-repeat":"repeat","background-position":"center center","background-size":"auto","background-attachment":"scroll","background-type":"","background-media":"","overlay-type":"","overlay-color":"","overlay-opacity":"","overlay-gradient":""},"mobile":{"background-color":"var(--ast-global-color-5)","background-image":"","background-repeat":"repeat","background-position":"center center","background-size":"auto","background-attachment":"scroll","background-type":"","background-media":"","overlay-type":"","overlay-color":"","overlay-opacity":"","overlay-gradient":""}},"footnotes":""},"class_list":["post-8998","page","type-page","status-publish","hentry"],"post_mailing_queue_ids":[],"_links":{"self":[{"href":"https:\/\/serveiseducatius.xtec.cat\/hospitalet\/wp-json\/wp\/v2\/pages\/8998","targetHints":{"allow":["GET"]}}],"collection":[{"href":"https:\/\/serveiseducatius.xtec.cat\/hospitalet\/wp-json\/wp\/v2\/pages"}],"about":[{"href":"https:\/\/serveiseducatius.xtec.cat\/hospitalet\/wp-json\/wp\/v2\/types\/page"}],"author":[{"embeddable":true,"href":"https:\/\/serveiseducatius.xtec.cat\/hospitalet\/wp-json\/wp\/v2\/users\/1"}],"replies":[{"embeddable":true,"href":"https:\/\/serveiseducatius.xtec.cat\/hospitalet\/wp-json\/wp\/v2\/comments?post=8998"}],"version-history":[{"count":3,"href":"https:\/\/serveiseducatius.xtec.cat\/hospitalet\/wp-json\/wp\/v2\/pages\/8998\/revisions"}],"predecessor-version":[{"id":13474,"href":"https:\/\/serveiseducatius.xtec.cat\/hospitalet\/wp-json\/wp\/v2\/pages\/8998\/revisions\/13474"}],"wp:attachment":[{"href":"https:\/\/serveiseducatius.xtec.cat\/hospitalet\/wp-json\/wp\/v2\/media?parent=8998"}],"curies":[{"name":"wp","href":"https:\/\/api.w.org\/{rel}","templated":true}]}}