{"id":23850,"date":"2025-12-03T13:51:05","date_gmt":"2025-12-03T12:51:05","guid":{"rendered":"https:\/\/serveiseducatius.xtec.cat\/hospitalet\/?page_id=23850"},"modified":"2026-04-14T12:10:58","modified_gmt":"2026-04-14T10:10:58","slug":"maletes-pedagogiques-2","status":"publish","type":"page","link":"https:\/\/serveiseducatius.xtec.cat\/hospitalet\/maletes-pedagogiques-2\/","title":{"rendered":"Maletes pedag\u00f2giques"},"content":{"rendered":"\n<div class=\"wp-block-getwid-tabs\" data-active-tab=\"0\"><ul class=\"wp-block-getwid-tabs__nav-links\"><\/ul>\n<div class=\"wp-block-getwid-tabs__nav-link\"><span class=\"wp-block-getwid-tabs__title-wrapper\"><a href=\"#\"><span class=\"wp-block-getwid-tabs__title\">Benestar emocional<\/span><\/a><\/span><\/div><div class=\"wp-block-getwid-tabs__tab-content-wrapper\"><div class=\"wp-block-getwid-tabs__tab-content\">\n<div class=\"wp-block-columns is-layout-flex wp-container-core-columns-is-layout-3 wp-block-columns-is-layout-flex\">\n<div class=\"wp-block-column is-layout-flow wp-block-column-is-layout-flow\" style=\"flex-basis:100%\">\n<div class=\"wp-block-columns is-layout-flex wp-container-core-columns-is-layout-1 wp-block-columns-is-layout-flex\">\n<div class=\"wp-block-column is-layout-flow wp-block-column-is-layout-flow\">\n<figure class=\"wp-block-image size-large is-style-default\"><a href=\"https:\/\/serveiseducatius.xtec.cat\/hospitalet\/wp-content\/uploads\/usu542\/2025\/12\/WhatsApp-Image-2025-12-04-at-09.08.40.jpeg\"><img loading=\"lazy\" decoding=\"async\" width=\"1024\" height=\"627\" src=\"https:\/\/serveiseducatius.xtec.cat\/hospitalet\/wp-content\/uploads\/usu542\/2025\/12\/WhatsApp-Image-2025-12-04-at-09.08.40-1024x627.jpeg\" alt=\"\" class=\"wp-image-23870\" style=\"aspect-ratio:16\/9;object-fit:cover\" srcset=\"https:\/\/serveiseducatius.xtec.cat\/hospitalet\/wp-content\/uploads\/usu542\/2025\/12\/WhatsApp-Image-2025-12-04-at-09.08.40-1024x627.jpeg 1024w, https:\/\/serveiseducatius.xtec.cat\/hospitalet\/wp-content\/uploads\/usu542\/2025\/12\/WhatsApp-Image-2025-12-04-at-09.08.40-300x184.jpeg 300w, https:\/\/serveiseducatius.xtec.cat\/hospitalet\/wp-content\/uploads\/usu542\/2025\/12\/WhatsApp-Image-2025-12-04-at-09.08.40-768x470.jpeg 768w, https:\/\/serveiseducatius.xtec.cat\/hospitalet\/wp-content\/uploads\/usu542\/2025\/12\/WhatsApp-Image-2025-12-04-at-09.08.40-1536x940.jpeg 1536w, https:\/\/serveiseducatius.xtec.cat\/hospitalet\/wp-content\/uploads\/usu542\/2025\/12\/WhatsApp-Image-2025-12-04-at-09.08.40.jpeg 2048w\" sizes=\"auto, (max-width: 1024px) 100vw, 1024px\" \/><\/a><\/figure>\n\n\n\n<div class=\"wp-block-getwid-toggle has-icon-left\">\n<div class=\"wp-block-getwid-toggle__row\"><div class=\"wp-block-getwid-toggle__header-wrapper\"><span class=\"wp-block-getwid-toggle__header\"><a href=\"#\"><span class=\"wp-block-getwid-toggle__header-title\"><strong>Coeducaci\u00f3<\/strong><\/span><span class=\"wp-block-getwid-toggle__icon is-active\"><i class=\"fab fa-google-play\"><\/i><\/span><span class=\"wp-block-getwid-toggle__icon is-passive\"><i class=\"fab fa-google-play\"><\/i><\/span><\/a><\/span><\/div><div class=\"wp-block-getwid-toggle__content-wrapper\"><div class=\"wp-block-getwid-toggle__content\">\n<div class=\"wp-block-getwid-accordion has-icon-left\" data-active-element=\"none\">\n<div class=\"wp-block-getwid-accordion__header-wrapper\"><span class=\"wp-block-getwid-accordion__header\"><a href=\"#\"><span class=\"wp-block-getwid-accordion__header-title\"><strong>Descripci\u00f3<\/strong><\/span><span class=\"wp-block-getwid-accordion__icon is-active\"><i class=\"fas fa-plus\"><\/i><\/span><span class=\"wp-block-getwid-accordion__icon is-passive\"><i class=\"fas fa-minus\"><\/i><\/span><\/a><\/span><\/div><div class=\"wp-block-getwid-accordion__content-wrapper\"><div class=\"wp-block-getwid-accordion__content\">\n<p>La maleta \u00e9s un recurs pedag\u00f2gic pensat per promoure la igualtat, el respecte i la diversitat a les aules d\u2019infantil i prim\u00e0ria. Inclou una selecci\u00f3 acurada de contes i jocs que permeten treballar estereotips de g\u00e8nere, diversitat familiar, expressi\u00f3 d\u2019identitat, vincles afectius sans i la prevenci\u00f3 d\u2019abusos.<\/p>\n<\/div><\/div>\n\n\n\n<div class=\"wp-block-getwid-accordion__header-wrapper\"><span class=\"wp-block-getwid-accordion__header\"><a href=\"#\"><span class=\"wp-block-getwid-accordion__header-title\"><strong>Destinataris <\/strong><\/span><span class=\"wp-block-getwid-accordion__icon is-active\"><i class=\"fas fa-plus\"><\/i><\/span><span class=\"wp-block-getwid-accordion__icon is-passive\"><i class=\"fas fa-minus\"><\/i><\/span><\/a><\/span><\/div><div class=\"wp-block-getwid-accordion__content-wrapper\"><div class=\"wp-block-getwid-accordion__content\">\n<p>Coeducaci\u00f3 petits: alumnat de 2n cicle d&#8217;Ed. Infantil, 1r, 2n i 3r de prim\u00e0ria<\/p>\n\n\n\n<p>Coeducaci\u00f3 grans: alumnat 4t, 5\u00e8 i 6\u00e8 de prim\u00e0ria <\/p>\n\n\n\n<p>Coeducaci\u00f3 ESO i Batxillerat<\/p>\n<\/div><\/div>\n\n\n\n<div class=\"wp-block-getwid-accordion__header-wrapper\"><span class=\"wp-block-getwid-accordion__header\"><a href=\"#\"><span class=\"wp-block-getwid-accordion__header-title\"><strong>Consulta la guia did\u00e0ctica<\/strong><\/span><span class=\"wp-block-getwid-accordion__icon is-active\"><i class=\"fas fa-plus\"><\/i><\/span><span class=\"wp-block-getwid-accordion__icon is-passive\"><i class=\"fas fa-minus\"><\/i><\/span><\/a><\/span><\/div><div class=\"wp-block-getwid-accordion__content-wrapper\"><div class=\"wp-block-getwid-accordion__content\">\n<p><a href=\"https:\/\/docs.google.com\/document\/d\/1hgrAKDjCItWEpt0j0RtZE8GPgbgWDj72ewALviWtNm8\/edit?tab=t.0\" target=\"_blank\" rel=\"noreferrer noopener\">Maleta Coeducaci\u00f3 petits<\/a><\/p>\n\n\n\n<p><a href=\"https:\/\/docs.google.com\/document\/d\/1DefIkB8R3lEc3ofORAaHUcIr2DeWSKEAbKc6dL47mcc\/edit?tab=t.0\" target=\"_blank\" rel=\"noreferrer noopener\">Maleta Coeducaci\u00f3 grans<\/a><\/p>\n\n\n\n<p><a href=\"https:\/\/docs.google.com\/document\/d\/1-c95aVGX8vHFG_NyfOMbDo_x1JDTXFisYoAp1QyEmwA\/edit?tab=t.0\" target=\"_blank\" rel=\"noreferrer noopener\">Maleta Coeducaci\u00f3 ESO i Batxillerat<\/a><\/p>\n\n\n\n<p><\/p>\n<\/div><\/div>\n<\/div>\n\n\n\n<p><\/p>\n\n\n\n<div class=\"wp-block-buttons is-content-justification-center is-layout-flex wp-container-core-buttons-is-layout-1 wp-block-buttons-is-layout-flex\">\n<div class=\"wp-block-button\"><a class=\"wp-block-button__link wp-element-button\" href=\"https:\/\/airtable.com\/app9soTLAzBfBeX8a\/shrL15jW4HDEwnk7s\/tblWKzHBvO6RAxMCt\" target=\"_blank\" rel=\"noreferrer noopener\">Reserva<\/a><\/div>\n<\/div>\n<\/div><\/div><\/div>\n<\/div>\n\n\n\n<p class=\"has-ast-global-color-1-color has-text-color has-link-color wp-elements-3605a9ffa0d2c30522d0187350213700\"><\/p>\n<\/div>\n\n\n\n<div class=\"wp-block-column is-layout-flow wp-block-column-is-layout-flow\">\n<figure class=\"wp-block-image size-full is-style-default\"><a href=\"https:\/\/serveiseducatius.xtec.cat\/hospitalet\/wp-content\/uploads\/usu542\/2025\/12\/WhatsApp-Image-2025-12-03-at-14.12.32.jpeg\"><img loading=\"lazy\" decoding=\"async\" width=\"2048\" height=\"1281\" src=\"https:\/\/serveiseducatius.xtec.cat\/hospitalet\/wp-content\/uploads\/usu542\/2025\/12\/WhatsApp-Image-2025-12-03-at-14.12.32.jpeg\" alt=\"\" class=\"wp-image-23868\" style=\"aspect-ratio:16\/9;object-fit:cover\" srcset=\"https:\/\/serveiseducatius.xtec.cat\/hospitalet\/wp-content\/uploads\/usu542\/2025\/12\/WhatsApp-Image-2025-12-03-at-14.12.32.jpeg 2048w, https:\/\/serveiseducatius.xtec.cat\/hospitalet\/wp-content\/uploads\/usu542\/2025\/12\/WhatsApp-Image-2025-12-03-at-14.12.32-300x188.jpeg 300w, https:\/\/serveiseducatius.xtec.cat\/hospitalet\/wp-content\/uploads\/usu542\/2025\/12\/WhatsApp-Image-2025-12-03-at-14.12.32-1024x641.jpeg 1024w, https:\/\/serveiseducatius.xtec.cat\/hospitalet\/wp-content\/uploads\/usu542\/2025\/12\/WhatsApp-Image-2025-12-03-at-14.12.32-768x480.jpeg 768w, https:\/\/serveiseducatius.xtec.cat\/hospitalet\/wp-content\/uploads\/usu542\/2025\/12\/WhatsApp-Image-2025-12-03-at-14.12.32-1536x961.jpeg 1536w\" sizes=\"auto, (max-width: 2048px) 100vw, 2048px\" \/><\/a><\/figure>\n\n\n\n<div class=\"wp-block-getwid-toggle has-icon-left\">\n<div class=\"wp-block-getwid-toggle__row\"><div class=\"wp-block-getwid-toggle__header-wrapper\"><span class=\"wp-block-getwid-toggle__header\"><a href=\"#\"><span class=\"wp-block-getwid-toggle__header-title\"><strong>Emocions<\/strong><\/span><span class=\"wp-block-getwid-toggle__icon is-active\"><i class=\"fab fa-google-play\"><\/i><\/span><span class=\"wp-block-getwid-toggle__icon is-passive\"><i class=\"fab fa-google-play\"><\/i><\/span><\/a><\/span><\/div><div class=\"wp-block-getwid-toggle__content-wrapper\"><div class=\"wp-block-getwid-toggle__content\">\n<div class=\"wp-block-getwid-accordion has-icon-left\" data-active-element=\"none\">\n<div class=\"wp-block-getwid-accordion__header-wrapper\"><span class=\"wp-block-getwid-accordion__header\"><a href=\"#\"><span class=\"wp-block-getwid-accordion__header-title\"><strong>Descripci\u00f3<\/strong><\/span><span class=\"wp-block-getwid-accordion__icon is-active\"><i class=\"fas fa-plus\"><\/i><\/span><span class=\"wp-block-getwid-accordion__icon is-passive\"><i class=\"fas fa-minus\"><\/i><\/span><\/a><\/span><\/div><div class=\"wp-block-getwid-accordion__content-wrapper\"><div class=\"wp-block-getwid-accordion__content\">\n<p>La maleta ofereix una selecci\u00f3 variada de contes, \u00e0lbums il\u00b7lustrats i llibres que aborden emocions trav\u00e9s d\u2019hist\u00f2ries properes i significatives. Inclou tamb\u00e9 jocs per treballar el llenguatge emocional, la comunicaci\u00f3 positiva i la gesti\u00f3 dels conflictes d\u2019una manera l\u00fadica i vivencial. <\/p>\n<\/div><\/div>\n\n\n\n<div class=\"wp-block-getwid-accordion__header-wrapper\"><span class=\"wp-block-getwid-accordion__header\"><a href=\"#\"><span class=\"wp-block-getwid-accordion__header-title\"><strong>Destinataris <\/strong><\/span><span class=\"wp-block-getwid-accordion__icon is-active\"><i class=\"fas fa-plus\"><\/i><\/span><span class=\"wp-block-getwid-accordion__icon is-passive\"><i class=\"fas fa-minus\"><\/i><\/span><\/a><\/span><\/div><div class=\"wp-block-getwid-accordion__content-wrapper\"><div class=\"wp-block-getwid-accordion__content\">\n<p>Emocions petits: alumnat de 2n cicle d&#8217;Ed. Infantil, 1r, 2n i 3r de prim\u00e0ria<\/p>\n\n\n\n<p>Emocions grans: alumnat 3r cicle de prim\u00e0ria fins a 1r cicle de l&#8217;ESO<\/p>\n<\/div><\/div>\n\n\n\n<div class=\"wp-block-getwid-accordion__header-wrapper\"><span class=\"wp-block-getwid-accordion__header\"><a href=\"#\"><span class=\"wp-block-getwid-accordion__header-title\"><strong>Consulta la guia did\u00e0ctica<\/strong><\/span><span class=\"wp-block-getwid-accordion__icon is-active\"><i class=\"fas fa-plus\"><\/i><\/span><span class=\"wp-block-getwid-accordion__icon is-passive\"><i class=\"fas fa-minus\"><\/i><\/span><\/a><\/span><\/div><div class=\"wp-block-getwid-accordion__content-wrapper\"><div class=\"wp-block-getwid-accordion__content\">\n<p><a href=\"https:\/\/docs.google.com\/document\/d\/1GBZZdjxuoWtxpQpHIyP6ckyNSSJ8B1qPvmJKIw6vbSE\/edit?tab=t.0\" target=\"_blank\" rel=\"noreferrer noopener\">Emocions petits<\/a><\/p>\n\n\n\n<p><a href=\"https:\/\/docs.google.com\/document\/d\/1b0-sYN9nTzdEtqd4mwT67icJAxeNK54G31tIhx1NxDc\/edit?tab=t.0\" target=\"_blank\" rel=\"noreferrer noopener\">Emocions grans<\/a><\/p>\n<\/div><\/div>\n<\/div>\n\n\n\n<p><\/p>\n\n\n\n<div class=\"wp-block-buttons is-content-justification-center is-layout-flex wp-container-core-buttons-is-layout-2 wp-block-buttons-is-layout-flex\">\n<div class=\"wp-block-button\"><a class=\"wp-block-button__link wp-element-button\" href=\"https:\/\/airtable.com\/app9soTLAzBfBeX8a\/shrL15jW4HDEwnk7s\/tblWKzHBvO6RAxMCt\" target=\"_blank\" rel=\"noreferrer noopener\">Reserva<\/a><\/div>\n<\/div>\n<\/div><\/div><\/div>\n<\/div>\n\n\n\n<p class=\"has-ast-global-color-1-color has-text-color has-link-color wp-elements-3605a9ffa0d2c30522d0187350213700\"><\/p>\n<\/div>\n\n\n\n<div class=\"wp-block-column is-layout-flow wp-block-column-is-layout-flow\">\n<figure class=\"wp-block-image size-large is-style-default\"><a href=\"https:\/\/serveiseducatius.xtec.cat\/hospitalet\/wp-content\/uploads\/usu542\/2025\/12\/WhatsApp-Image-2025-12-03-at-14.04.39.jpeg\"><img loading=\"lazy\" decoding=\"async\" width=\"1024\" height=\"552\" src=\"https:\/\/serveiseducatius.xtec.cat\/hospitalet\/wp-content\/uploads\/usu542\/2025\/12\/WhatsApp-Image-2025-12-03-at-14.04.39-1024x552.jpeg\" alt=\"\" class=\"wp-image-23869\" style=\"aspect-ratio:16\/9;object-fit:cover\" srcset=\"https:\/\/serveiseducatius.xtec.cat\/hospitalet\/wp-content\/uploads\/usu542\/2025\/12\/WhatsApp-Image-2025-12-03-at-14.04.39-1024x552.jpeg 1024w, https:\/\/serveiseducatius.xtec.cat\/hospitalet\/wp-content\/uploads\/usu542\/2025\/12\/WhatsApp-Image-2025-12-03-at-14.04.39-300x162.jpeg 300w, https:\/\/serveiseducatius.xtec.cat\/hospitalet\/wp-content\/uploads\/usu542\/2025\/12\/WhatsApp-Image-2025-12-03-at-14.04.39-768x414.jpeg 768w, https:\/\/serveiseducatius.xtec.cat\/hospitalet\/wp-content\/uploads\/usu542\/2025\/12\/WhatsApp-Image-2025-12-03-at-14.04.39-1536x827.jpeg 1536w, https:\/\/serveiseducatius.xtec.cat\/hospitalet\/wp-content\/uploads\/usu542\/2025\/12\/WhatsApp-Image-2025-12-03-at-14.04.39.jpeg 2048w\" sizes=\"auto, (max-width: 1024px) 100vw, 1024px\" \/><\/a><\/figure>\n\n\n\n<div class=\"wp-block-getwid-toggle has-icon-left\">\n<div class=\"wp-block-getwid-toggle__row\"><div class=\"wp-block-getwid-toggle__header-wrapper\"><span class=\"wp-block-getwid-toggle__header\"><a href=\"#\"><span class=\"wp-block-getwid-toggle__header-title\"><strong>Dol<\/strong><\/span><span class=\"wp-block-getwid-toggle__icon is-active\"><i class=\"fab fa-google-play\"><\/i><\/span><span class=\"wp-block-getwid-toggle__icon is-passive\"><i class=\"fab fa-google-play\"><\/i><\/span><\/a><\/span><\/div><div class=\"wp-block-getwid-toggle__content-wrapper\"><div class=\"wp-block-getwid-toggle__content\">\n<div class=\"wp-block-getwid-accordion has-icon-left\" data-active-element=\"none\">\n<div class=\"wp-block-getwid-accordion__header-wrapper\"><span class=\"wp-block-getwid-accordion__header\"><a href=\"#\"><span class=\"wp-block-getwid-accordion__header-title\"><strong>Descripci\u00f3<\/strong><\/span><span class=\"wp-block-getwid-accordion__icon is-active\"><i class=\"fas fa-plus\"><\/i><\/span><span class=\"wp-block-getwid-accordion__icon is-passive\"><i class=\"fas fa-minus\"><\/i><\/span><\/a><\/span><\/div><div class=\"wp-block-getwid-accordion__content-wrapper\"><div class=\"wp-block-getwid-accordion__content\">\n<p>La maleta ofereix una selecci\u00f3 de contes i \u00e0lbums que ajuden a acompanyar infants en situacions de p\u00e8rdua, comiat i gesti\u00f3 del dol, amb hist\u00f2ries sensibles i adaptades a diferents edats. Inclou llibres que aborden la mort d\u2019avis, animals estimats o persones properes, aix\u00ed com relats que treballen records, vincles i emocions.<\/p>\n<\/div><\/div>\n\n\n\n<div class=\"wp-block-getwid-accordion__header-wrapper\"><span class=\"wp-block-getwid-accordion__header\"><a href=\"#\"><span class=\"wp-block-getwid-accordion__header-title\"><strong>Destinataris <\/strong><\/span><span class=\"wp-block-getwid-accordion__icon is-active\"><i class=\"fas fa-plus\"><\/i><\/span><span class=\"wp-block-getwid-accordion__icon is-passive\"><i class=\"fas fa-minus\"><\/i><\/span><\/a><\/span><\/div><div class=\"wp-block-getwid-accordion__content-wrapper\"><div class=\"wp-block-getwid-accordion__content\">\n<p>2n cicle d&#8217;Ed. Infantil i prim\u00e0ria<\/p>\n<\/div><\/div>\n\n\n\n<div class=\"wp-block-getwid-accordion__header-wrapper\"><span class=\"wp-block-getwid-accordion__header\"><a href=\"#\"><span class=\"wp-block-getwid-accordion__header-title\"><strong>Consulta la guia did\u00e0ctica<\/strong><\/span><span class=\"wp-block-getwid-accordion__icon is-active\"><i class=\"fas fa-plus\"><\/i><\/span><span class=\"wp-block-getwid-accordion__icon is-passive\"><i class=\"fas fa-minus\"><\/i><\/span><\/a><\/span><\/div><div class=\"wp-block-getwid-accordion__content-wrapper\"><div class=\"wp-block-getwid-accordion__content\">\n<p><a href=\"https:\/\/docs.google.com\/document\/d\/1w5gzMQ9Q23flfkvDO21jugfCqKBWGgmO3Z2Q7BfiRZg\/edit?tab=t.0\" target=\"_blank\" rel=\"noreferrer noopener\">Dol<\/a><\/p>\n<\/div><\/div>\n<\/div>\n\n\n\n<p><\/p>\n\n\n\n<div class=\"wp-block-buttons is-content-justification-center is-layout-flex wp-container-core-buttons-is-layout-3 wp-block-buttons-is-layout-flex\">\n<div class=\"wp-block-button\"><a class=\"wp-block-button__link wp-element-button\" href=\"https:\/\/airtable.com\/app9soTLAzBfBeX8a\/shrL15jW4HDEwnk7s\/tblWKzHBvO6RAxMCt\" target=\"_blank\" rel=\"noreferrer noopener\">Reserva<\/a><\/div>\n<\/div>\n<\/div><\/div><\/div>\n<\/div>\n\n\n\n<p class=\"has-ast-global-color-1-color has-text-color has-link-color wp-elements-3605a9ffa0d2c30522d0187350213700\"><\/p>\n<\/div>\n<\/div>\n\n\n\n<div class=\"wp-block-columns is-layout-flex wp-container-core-columns-is-layout-2 wp-block-columns-is-layout-flex\">\n<div class=\"wp-block-column is-layout-flow wp-block-column-is-layout-flow\">\n<figure class=\"wp-block-image size-large\"><a href=\"https:\/\/serveiseducatius.xtec.cat\/hospitalet\/wp-content\/uploads\/usu542\/2025\/12\/WhatsApp-Image-2025-12-03-at-14.13.59.jpeg\"><img loading=\"lazy\" decoding=\"async\" width=\"1024\" height=\"573\" src=\"https:\/\/serveiseducatius.xtec.cat\/hospitalet\/wp-content\/uploads\/usu542\/2025\/12\/WhatsApp-Image-2025-12-03-at-14.13.59-1024x573.jpeg\" alt=\"\" class=\"wp-image-23872\" style=\"aspect-ratio:16\/9;object-fit:cover\" srcset=\"https:\/\/serveiseducatius.xtec.cat\/hospitalet\/wp-content\/uploads\/usu542\/2025\/12\/WhatsApp-Image-2025-12-03-at-14.13.59-1024x573.jpeg 1024w, https:\/\/serveiseducatius.xtec.cat\/hospitalet\/wp-content\/uploads\/usu542\/2025\/12\/WhatsApp-Image-2025-12-03-at-14.13.59-300x168.jpeg 300w, https:\/\/serveiseducatius.xtec.cat\/hospitalet\/wp-content\/uploads\/usu542\/2025\/12\/WhatsApp-Image-2025-12-03-at-14.13.59-768x430.jpeg 768w, https:\/\/serveiseducatius.xtec.cat\/hospitalet\/wp-content\/uploads\/usu542\/2025\/12\/WhatsApp-Image-2025-12-03-at-14.13.59-1536x860.jpeg 1536w, https:\/\/serveiseducatius.xtec.cat\/hospitalet\/wp-content\/uploads\/usu542\/2025\/12\/WhatsApp-Image-2025-12-03-at-14.13.59.jpeg 2048w\" sizes=\"auto, (max-width: 1024px) 100vw, 1024px\" \/><\/a><\/figure>\n\n\n\n<div class=\"wp-block-getwid-toggle has-icon-left\">\n<div class=\"wp-block-getwid-toggle__row\"><div class=\"wp-block-getwid-toggle__header-wrapper\"><span class=\"wp-block-getwid-toggle__header\"><a href=\"#\"><span class=\"wp-block-getwid-toggle__header-title\"><strong>Diversitat<\/strong><\/span><span class=\"wp-block-getwid-toggle__icon is-active\"><i class=\"fab fa-google-play\"><\/i><\/span><span class=\"wp-block-getwid-toggle__icon is-passive\"><i class=\"\"><\/i><\/span><\/a><\/span><\/div><div class=\"wp-block-getwid-toggle__content-wrapper\"><div class=\"wp-block-getwid-toggle__content\">\n<div class=\"wp-block-getwid-accordion has-icon-left\" data-active-element=\"none\">\n<div class=\"wp-block-getwid-accordion__header-wrapper\"><span class=\"wp-block-getwid-accordion__header\"><a href=\"#\"><span class=\"wp-block-getwid-accordion__header-title\"><strong>Descripci\u00f3<\/strong><\/span><span class=\"wp-block-getwid-accordion__icon is-active\"><i class=\"fas fa-plus\"><\/i><\/span><span class=\"wp-block-getwid-accordion__icon is-passive\"><i class=\"fas fa-minus\"><\/i><\/span><\/a><\/span><\/div><div class=\"wp-block-getwid-accordion__content-wrapper\"><div class=\"wp-block-getwid-accordion__content\">\n<p>La maleta ofereix una selecci\u00f3 de llibres i jocs per treballar la diversitat, la inclusi\u00f3 i el respecte a les difer\u00e8ncies en l\u2019\u00e0mbit educatiu. Inclou contes que visibilitzen realitats diverses (capacitats, cultures, g\u00e8nere, salut mental\u2026) i materials l\u00fadics que promouen la cooperaci\u00f3, la toler\u00e0ncia i la igualtat. Un recurs pensat per fomentar mirades obertes i ajudar als centres a educar des del respecte i la conviv\u00e8ncia.<\/p>\n<\/div><\/div>\n\n\n\n<div class=\"wp-block-getwid-accordion__header-wrapper\"><span class=\"wp-block-getwid-accordion__header\"><a href=\"#\"><span class=\"wp-block-getwid-accordion__header-title\"><strong>Destinataris <\/strong><\/span><span class=\"wp-block-getwid-accordion__icon is-active\"><i class=\"fas fa-plus\"><\/i><\/span><span class=\"wp-block-getwid-accordion__icon is-passive\"><i class=\"fas fa-minus\"><\/i><\/span><\/a><\/span><\/div><div class=\"wp-block-getwid-accordion__content-wrapper\"><div class=\"wp-block-getwid-accordion__content\">\n<p>2n cicle d&#8217;Ed. Infantil i prim\u00e0ria<\/p>\n<\/div><\/div>\n\n\n\n<div class=\"wp-block-getwid-accordion__header-wrapper\"><span class=\"wp-block-getwid-accordion__header\"><a href=\"#\"><span class=\"wp-block-getwid-accordion__header-title\"><strong>Consulta la guia did\u00e0ctica<\/strong><\/span><span class=\"wp-block-getwid-accordion__icon is-active\"><i class=\"fas fa-plus\"><\/i><\/span><span class=\"wp-block-getwid-accordion__icon is-passive\"><i class=\"fas fa-minus\"><\/i><\/span><\/a><\/span><\/div><div class=\"wp-block-getwid-accordion__content-wrapper\"><div class=\"wp-block-getwid-accordion__content\">\n<p><a href=\"https:\/\/docs.google.com\/document\/d\/1utuHRPThAgmSr3h9oP6JCGvo8fSHcGL4ApaerMcTyoA\/edit?tab=t.0\" target=\"_blank\" rel=\"noreferrer noopener\">Maleta Diversitat<\/a><\/p>\n<\/div><\/div>\n<\/div>\n\n\n\n<p><\/p>\n\n\n\n<div class=\"wp-block-buttons is-content-justification-center is-layout-flex wp-container-core-buttons-is-layout-4 wp-block-buttons-is-layout-flex\">\n<div class=\"wp-block-button\"><a class=\"wp-block-button__link wp-element-button\" href=\"https:\/\/airtable.com\/app9soTLAzBfBeX8a\/shrL15jW4HDEwnk7s\/tblWKzHBvO6RAxMCt\" target=\"_blank\" rel=\"noreferrer noopener\">Reserva<\/a><\/div>\n<\/div>\n<\/div><\/div><\/div>\n<\/div>\n\n\n\n<p class=\"has-ast-global-color-1-color has-text-color has-link-color wp-elements-3605a9ffa0d2c30522d0187350213700\"><\/p>\n<\/div>\n\n\n\n<div class=\"wp-block-column is-layout-flow wp-block-column-is-layout-flow\">\n<figure class=\"wp-block-image size-full\"><a href=\"https:\/\/serveiseducatius.xtec.cat\/hospitalet\/wp-content\/uploads\/usu542\/2025\/12\/WhatsApp-Image-2025-12-03-at-14.07.01.jpeg\"><img loading=\"lazy\" decoding=\"async\" width=\"1820\" height=\"1192\" src=\"https:\/\/serveiseducatius.xtec.cat\/hospitalet\/wp-content\/uploads\/usu542\/2025\/12\/WhatsApp-Image-2025-12-03-at-14.07.01.jpeg\" alt=\"\" class=\"wp-image-23871\" style=\"aspect-ratio:16\/9;object-fit:cover\" srcset=\"https:\/\/serveiseducatius.xtec.cat\/hospitalet\/wp-content\/uploads\/usu542\/2025\/12\/WhatsApp-Image-2025-12-03-at-14.07.01.jpeg 1820w, https:\/\/serveiseducatius.xtec.cat\/hospitalet\/wp-content\/uploads\/usu542\/2025\/12\/WhatsApp-Image-2025-12-03-at-14.07.01-300x196.jpeg 300w, https:\/\/serveiseducatius.xtec.cat\/hospitalet\/wp-content\/uploads\/usu542\/2025\/12\/WhatsApp-Image-2025-12-03-at-14.07.01-1024x671.jpeg 1024w, https:\/\/serveiseducatius.xtec.cat\/hospitalet\/wp-content\/uploads\/usu542\/2025\/12\/WhatsApp-Image-2025-12-03-at-14.07.01-768x503.jpeg 768w, https:\/\/serveiseducatius.xtec.cat\/hospitalet\/wp-content\/uploads\/usu542\/2025\/12\/WhatsApp-Image-2025-12-03-at-14.07.01-1536x1006.jpeg 1536w\" sizes=\"auto, (max-width: 1820px) 100vw, 1820px\" \/><\/a><\/figure>\n\n\n\n<div class=\"wp-block-getwid-toggle has-icon-left\">\n<div class=\"wp-block-getwid-toggle__row\"><div class=\"wp-block-getwid-toggle__header-wrapper\"><span class=\"wp-block-getwid-toggle__header\"><a href=\"#\"><span class=\"wp-block-getwid-toggle__header-title\"><strong>Interculturalitat<\/strong><\/span><span class=\"wp-block-getwid-toggle__icon is-active\"><i class=\"fab fa-google-play\"><\/i><\/span><span class=\"wp-block-getwid-toggle__icon is-passive\"><i class=\"\"><\/i><\/span><\/a><\/span><\/div><div class=\"wp-block-getwid-toggle__content-wrapper\"><div class=\"wp-block-getwid-toggle__content\">\n<div class=\"wp-block-getwid-accordion has-icon-left\" data-active-element=\"none\">\n<div class=\"wp-block-getwid-accordion__header-wrapper\"><span class=\"wp-block-getwid-accordion__header\"><a href=\"#\"><span class=\"wp-block-getwid-accordion__header-title\"><strong>Descripci\u00f3<\/strong><\/span><span class=\"wp-block-getwid-accordion__icon is-active\"><i class=\"fas fa-plus\"><\/i><\/span><span class=\"wp-block-getwid-accordion__icon is-passive\"><i class=\"fas fa-minus\"><\/i><\/span><\/a><\/span><\/div><div class=\"wp-block-getwid-accordion__content-wrapper\"><div class=\"wp-block-getwid-accordion__content\">\n<p>La maleta ofereix materials per treballar la diversitat cultural, la inclusi\u00f3 i els valors de respecte en el grup classe. Cada llibre aporta informaci\u00f3, relats o diaris que acostumen als infants a con\u00e8ixer altres realitats.<\/p>\n<\/div><\/div>\n\n\n\n<div class=\"wp-block-getwid-accordion__header-wrapper\"><span class=\"wp-block-getwid-accordion__header\"><a href=\"#\"><span class=\"wp-block-getwid-accordion__header-title\"><strong>Destinataris <\/strong><\/span><span class=\"wp-block-getwid-accordion__icon is-active\"><i class=\"fas fa-plus\"><\/i><\/span><span class=\"wp-block-getwid-accordion__icon is-passive\"><i class=\"fas fa-minus\"><\/i><\/span><\/a><\/span><\/div><div class=\"wp-block-getwid-accordion__content-wrapper\"><div class=\"wp-block-getwid-accordion__content\">\n<p>Educaci\u00f3 prim\u00e0ria<\/p>\n<\/div><\/div>\n\n\n\n<div class=\"wp-block-getwid-accordion__header-wrapper\"><span class=\"wp-block-getwid-accordion__header\"><a href=\"#\"><span class=\"wp-block-getwid-accordion__header-title\"><strong>Consulta la guia did\u00e0ctica<\/strong><\/span><span class=\"wp-block-getwid-accordion__icon is-active\"><i class=\"fas fa-plus\"><\/i><\/span><span class=\"wp-block-getwid-accordion__icon is-passive\"><i class=\"fas fa-minus\"><\/i><\/span><\/a><\/span><\/div><div class=\"wp-block-getwid-accordion__content-wrapper\"><div class=\"wp-block-getwid-accordion__content\">\n<p><a href=\"https:\/\/docs.google.com\/document\/d\/1B2trPnyhXyMV6CK0zFYW1QTfGgOjAE3rat_SYhBWfKo\/edit?tab=t.0\" target=\"_blank\" rel=\"noreferrer noopener\">Maleta interculturalitat<\/a><\/p>\n<\/div><\/div>\n<\/div>\n\n\n\n<p><\/p>\n\n\n\n<div class=\"wp-block-buttons is-content-justification-center is-layout-flex wp-container-core-buttons-is-layout-5 wp-block-buttons-is-layout-flex\">\n<div class=\"wp-block-button\"><a class=\"wp-block-button__link wp-element-button\" href=\"https:\/\/airtable.com\/app9soTLAzBfBeX8a\/shrL15jW4HDEwnk7s\/tblWKzHBvO6RAxMCt\" target=\"_blank\" rel=\"noreferrer noopener\">Reserva<\/a><\/div>\n<\/div>\n<\/div><\/div><\/div>\n<\/div>\n\n\n\n<p class=\"has-ast-global-color-1-color has-text-color has-link-color wp-elements-3605a9ffa0d2c30522d0187350213700\"><\/p>\n<\/div>\n\n\n\n<div class=\"wp-block-column is-layout-flow wp-block-column-is-layout-flow\">\n<figure class=\"wp-block-image size-full\"><a href=\"https:\/\/serveiseducatius.xtec.cat\/hospitalet\/wp-content\/uploads\/usu542\/2025\/12\/Imatge-proximament-8.png\"><img loading=\"lazy\" decoding=\"async\" width=\"1024\" height=\"768\" src=\"https:\/\/serveiseducatius.xtec.cat\/hospitalet\/wp-content\/uploads\/usu542\/2025\/12\/Imatge-proximament-8.png\" alt=\"\" class=\"wp-image-24067\" style=\"aspect-ratio:16\/9;object-fit:cover\" srcset=\"https:\/\/serveiseducatius.xtec.cat\/hospitalet\/wp-content\/uploads\/usu542\/2025\/12\/Imatge-proximament-8.png 1024w, https:\/\/serveiseducatius.xtec.cat\/hospitalet\/wp-content\/uploads\/usu542\/2025\/12\/Imatge-proximament-8-300x225.png 300w, https:\/\/serveiseducatius.xtec.cat\/hospitalet\/wp-content\/uploads\/usu542\/2025\/12\/Imatge-proximament-8-768x576.png 768w\" sizes=\"auto, (max-width: 1024px) 100vw, 1024px\" \/><\/a><\/figure>\n\n\n\n<div class=\"wp-block-getwid-toggle has-icon-left\">\n<div class=\"wp-block-getwid-toggle__row\"><div class=\"wp-block-getwid-toggle__header-wrapper\"><span class=\"wp-block-getwid-toggle__header\"><a href=\"#\"><span class=\"wp-block-getwid-toggle__header-title\"><strong>Fam\u00edlies<\/strong><\/span><span class=\"wp-block-getwid-toggle__icon is-active\"><i class=\"fab fa-google-play\"><\/i><\/span><span class=\"wp-block-getwid-toggle__icon is-passive\"><i class=\"\"><\/i><\/span><\/a><\/span><\/div><div class=\"wp-block-getwid-toggle__content-wrapper\"><div class=\"wp-block-getwid-toggle__content\">\n<div class=\"wp-block-getwid-accordion has-icon-left\" data-active-element=\"none\">\n<div class=\"wp-block-getwid-accordion__header-wrapper\"><span class=\"wp-block-getwid-accordion__header\"><a href=\"#\"><span class=\"wp-block-getwid-accordion__header-title\"><strong>Descripci\u00f3<\/strong><\/span><span class=\"wp-block-getwid-accordion__icon is-active\"><i class=\"fas fa-plus\"><\/i><\/span><span class=\"wp-block-getwid-accordion__icon is-passive\"><i class=\"fas fa-minus\"><\/i><\/span><\/a><\/span><\/div><div class=\"wp-block-getwid-accordion__content-wrapper\"><div class=\"wp-block-getwid-accordion__content\">\n<p>La maleta ofereix llibres i jocs per treballar la diversitat familiar, incloent fam\u00edlies monoparentals, reconstitu\u00efdes, adoptives i LGTBI+. Els materials promouen valors com el respecte, la toler\u00e0ncia i l\u2019afecte, facilitant el di\u00e0leg entre alumnes i fam\u00edlies. <\/p>\n<\/div><\/div>\n\n\n\n<div class=\"wp-block-getwid-accordion__header-wrapper\"><span class=\"wp-block-getwid-accordion__header\"><a href=\"#\"><span class=\"wp-block-getwid-accordion__header-title\"><strong>Destinataris <\/strong><\/span><span class=\"wp-block-getwid-accordion__icon is-active\"><i class=\"fas fa-plus\"><\/i><\/span><span class=\"wp-block-getwid-accordion__icon is-passive\"><i class=\"fas fa-minus\"><\/i><\/span><\/a><\/span><\/div><div class=\"wp-block-getwid-accordion__content-wrapper\"><div class=\"wp-block-getwid-accordion__content\">\n<p>2n cicle d&#8217;Ed. Infantil i prim\u00e0ria<\/p>\n<\/div><\/div>\n\n\n\n<div class=\"wp-block-getwid-accordion__header-wrapper\"><span class=\"wp-block-getwid-accordion__header\"><a href=\"#\"><span class=\"wp-block-getwid-accordion__header-title\"><strong>Consulta la guia did\u00e0ctica<\/strong><\/span><span class=\"wp-block-getwid-accordion__icon is-active\"><i class=\"fas fa-plus\"><\/i><\/span><span class=\"wp-block-getwid-accordion__icon is-passive\"><i class=\"fas fa-minus\"><\/i><\/span><\/a><\/span><\/div><div class=\"wp-block-getwid-accordion__content-wrapper\"><div class=\"wp-block-getwid-accordion__content\">\n<p><a href=\"https:\/\/docs.google.com\/document\/d\/1XDPZkiXUQXdvNan1D4v3qQCHdkkVrJoAJwlG_lQQ5Hc\/edit?tab=t.0\" target=\"_blank\" rel=\"noreferrer noopener\">Maleta fam\u00edlies<\/a><\/p>\n<\/div><\/div>\n<\/div>\n\n\n\n<p><\/p>\n\n\n\n<div class=\"wp-block-buttons is-content-justification-center is-layout-flex wp-container-core-buttons-is-layout-6 wp-block-buttons-is-layout-flex\">\n<div class=\"wp-block-button\"><a class=\"wp-block-button__link wp-element-button\" href=\"https:\/\/airtable.com\/app9soTLAzBfBeX8a\/shrL15jW4HDEwnk7s\/tblWKzHBvO6RAxMCt\" target=\"_blank\" rel=\"noreferrer noopener\">Reserva<\/a><\/div>\n<\/div>\n<\/div><\/div><\/div>\n<\/div>\n\n\n\n<p class=\"has-ast-global-color-1-color has-text-color has-link-color wp-elements-3605a9ffa0d2c30522d0187350213700\"><\/p>\n<\/div>\n<\/div>\n<\/div>\n<\/div>\n<\/div><\/div>\n\n\n\n<div class=\"wp-block-getwid-tabs__nav-link\"><span class=\"wp-block-getwid-tabs__title-wrapper\"><a href=\"#\"><span class=\"wp-block-getwid-tabs__title\">Sostenibilitat<\/span><\/a><\/span><\/div><div class=\"wp-block-getwid-tabs__tab-content-wrapper\"><div class=\"wp-block-getwid-tabs__tab-content\">\n<p><\/p>\n\n\n\n<div class=\"wp-block-columns is-layout-flex wp-container-core-columns-is-layout-4 wp-block-columns-is-layout-flex\">\n<div class=\"wp-block-column is-layout-flow wp-block-column-is-layout-flow\">\n<figure class=\"wp-block-image size-full\"><a href=\"https:\/\/serveiseducatius.xtec.cat\/hospitalet\/wp-content\/uploads\/usu542\/2025\/12\/Imatge-proximament-8-1.png\"><img loading=\"lazy\" decoding=\"async\" width=\"1024\" height=\"768\" src=\"https:\/\/serveiseducatius.xtec.cat\/hospitalet\/wp-content\/uploads\/usu542\/2025\/12\/Imatge-proximament-8-1.png\" alt=\"\" class=\"wp-image-24068\" style=\"aspect-ratio:4\/3;object-fit:cover\" srcset=\"https:\/\/serveiseducatius.xtec.cat\/hospitalet\/wp-content\/uploads\/usu542\/2025\/12\/Imatge-proximament-8-1.png 1024w, https:\/\/serveiseducatius.xtec.cat\/hospitalet\/wp-content\/uploads\/usu542\/2025\/12\/Imatge-proximament-8-1-300x225.png 300w, https:\/\/serveiseducatius.xtec.cat\/hospitalet\/wp-content\/uploads\/usu542\/2025\/12\/Imatge-proximament-8-1-768x576.png 768w\" sizes=\"auto, (max-width: 1024px) 100vw, 1024px\" \/><\/a><\/figure>\n\n\n\n<div class=\"wp-block-getwid-toggle has-icon-left\">\n<div class=\"wp-block-getwid-toggle__row\"><div class=\"wp-block-getwid-toggle__header-wrapper\"><span class=\"wp-block-getwid-toggle__header\"><a href=\"#\"><span class=\"wp-block-getwid-toggle__header-title\"><strong>Ciutat<\/strong><\/span><span class=\"wp-block-getwid-toggle__icon is-active\"><i class=\"fab fa-google-play\"><\/i><\/span><span class=\"wp-block-getwid-toggle__icon is-passive\"><i class=\"\"><\/i><\/span><\/a><\/span><\/div><div class=\"wp-block-getwid-toggle__content-wrapper\"><div class=\"wp-block-getwid-toggle__content\">\n<div class=\"wp-block-getwid-accordion has-icon-left\" data-active-element=\"none\">\n<div class=\"wp-block-getwid-accordion__header-wrapper\"><span class=\"wp-block-getwid-accordion__header\"><a href=\"#\"><span class=\"wp-block-getwid-accordion__header-title\"><strong>Descripci\u00f3<\/strong><\/span><span class=\"wp-block-getwid-accordion__icon is-active\"><i class=\"fas fa-plus\"><\/i><\/span><span class=\"wp-block-getwid-accordion__icon is-passive\"><i class=\"fas fa-minus\"><\/i><\/span><\/a><\/span><\/div><div class=\"wp-block-getwid-accordion__content-wrapper\"><div class=\"wp-block-getwid-accordion__content\">\n<p>La maleta \u00e9s un recurs pedag\u00f2gic pensat per apropar l\u2019alumnat a la vida urbana i als seus diversos espais. Inclou \u00e0lbums il\u00b7lustrats i llibres que permeten explorar la ciutat des de diferents perspectives: barris, transports, arquitectura, diversitat cultural, ve\u00efnatge, immigraci\u00f3, aventura i fantasia. Els materials faciliten el treball de l\u2019observaci\u00f3, la creativitat, la imaginaci\u00f3 i la comprensi\u00f3 del m\u00f3n urb\u00e0, adaptant-se a diferents edats i nivells educatius.<\/p>\n<\/div><\/div>\n\n\n\n<div class=\"wp-block-getwid-accordion__header-wrapper\"><span class=\"wp-block-getwid-accordion__header\"><a href=\"#\"><span class=\"wp-block-getwid-accordion__header-title\"><strong>Destinataris <\/strong><\/span><span class=\"wp-block-getwid-accordion__icon is-active\"><i class=\"fas fa-plus\"><\/i><\/span><span class=\"wp-block-getwid-accordion__icon is-passive\"><i class=\"fas fa-minus\"><\/i><\/span><\/a><\/span><\/div><div class=\"wp-block-getwid-accordion__content-wrapper\"><div class=\"wp-block-getwid-accordion__content\">\n<p>Educaci\u00f3 prim\u00e0ria<\/p>\n<\/div><\/div>\n\n\n\n<div class=\"wp-block-getwid-accordion__header-wrapper\"><span class=\"wp-block-getwid-accordion__header\"><a href=\"#\"><span class=\"wp-block-getwid-accordion__header-title\"><strong>Consulta la guia did\u00e0ctica<\/strong><\/span><span class=\"wp-block-getwid-accordion__icon is-active\"><i class=\"fas fa-plus\"><\/i><\/span><span class=\"wp-block-getwid-accordion__icon is-passive\"><i class=\"fas fa-minus\"><\/i><\/span><\/a><\/span><\/div><div class=\"wp-block-getwid-accordion__content-wrapper\"><div class=\"wp-block-getwid-accordion__content\">\n<p><a href=\"https:\/\/docs.google.com\/document\/d\/1hAD6ZRUqqiwvTjxySuTPOnT0xWEUMo1vkffCZuny070\/edit?tab=t.0\" target=\"_blank\" rel=\"noreferrer noopener\">Maleta Ciutat<\/a><\/p>\n\n\n\n<p><\/p>\n\n\n\n<p><\/p>\n<\/div><\/div>\n<\/div>\n\n\n\n<p><\/p>\n\n\n\n<div class=\"wp-block-buttons is-content-justification-center is-layout-flex wp-container-core-buttons-is-layout-7 wp-block-buttons-is-layout-flex\">\n<div class=\"wp-block-button\"><a class=\"wp-block-button__link wp-element-button\" href=\"https:\/\/airtable.com\/app9soTLAzBfBeX8a\/shrL15jW4HDEwnk7s\/tblWKzHBvO6RAxMCt\" target=\"_blank\" rel=\"noreferrer noopener\">Reserva<\/a><\/div>\n<\/div>\n<\/div><\/div><\/div>\n<\/div>\n\n\n\n<p class=\"has-ast-global-color-1-color has-text-color has-link-color wp-elements-3605a9ffa0d2c30522d0187350213700\"><\/p>\n<\/div>\n\n\n\n<div class=\"wp-block-column is-layout-flow wp-block-column-is-layout-flow\">\n<figure class=\"wp-block-image size-full\"><a href=\"https:\/\/serveiseducatius.xtec.cat\/hospitalet\/wp-content\/uploads\/usu542\/2025\/12\/Imatge-proximament-2.png\"><img loading=\"lazy\" decoding=\"async\" width=\"1024\" height=\"768\" src=\"https:\/\/serveiseducatius.xtec.cat\/hospitalet\/wp-content\/uploads\/usu542\/2025\/12\/Imatge-proximament-2.png\" alt=\"\" class=\"wp-image-24061\" style=\"aspect-ratio:4\/3;object-fit:cover\" srcset=\"https:\/\/serveiseducatius.xtec.cat\/hospitalet\/wp-content\/uploads\/usu542\/2025\/12\/Imatge-proximament-2.png 1024w, https:\/\/serveiseducatius.xtec.cat\/hospitalet\/wp-content\/uploads\/usu542\/2025\/12\/Imatge-proximament-2-300x225.png 300w, https:\/\/serveiseducatius.xtec.cat\/hospitalet\/wp-content\/uploads\/usu542\/2025\/12\/Imatge-proximament-2-768x576.png 768w\" sizes=\"auto, (max-width: 1024px) 100vw, 1024px\" \/><\/a><\/figure>\n\n\n\n<div class=\"wp-block-getwid-toggle has-icon-left\">\n<div class=\"wp-block-getwid-toggle__row\"><div class=\"wp-block-getwid-toggle__header-wrapper\"><span class=\"wp-block-getwid-toggle__header\"><a href=\"#\"><span class=\"wp-block-getwid-toggle__header-title\"><strong>Secrets elementals<\/strong><\/span><span class=\"wp-block-getwid-toggle__icon is-active\"><i class=\"fab fa-google-play\"><\/i><\/span><span class=\"wp-block-getwid-toggle__icon is-passive\"><i class=\"\"><\/i><\/span><\/a><\/span><\/div><div class=\"wp-block-getwid-toggle__content-wrapper\"><div class=\"wp-block-getwid-toggle__content\">\n<div class=\"wp-block-getwid-accordion has-icon-left\" data-active-element=\"none\">\n<div class=\"wp-block-getwid-accordion__header-wrapper\"><span class=\"wp-block-getwid-accordion__header\"><a href=\"#\"><span class=\"wp-block-getwid-accordion__header-title\"><strong>Descripci\u00f3<\/strong><\/span><span class=\"wp-block-getwid-accordion__icon is-active\"><i class=\"fas fa-plus\"><\/i><\/span><span class=\"wp-block-getwid-accordion__icon is-passive\"><i class=\"fas fa-minus\"><\/i><\/span><\/a><\/span><\/div><div class=\"wp-block-getwid-accordion__content-wrapper\"><div class=\"wp-block-getwid-accordion__content\">\n<p>La maleta Secrets elementals ofereix kits per realitzar un escape room a l\u2019aula per promoure la sostenibilitat, pensat per motivar i implicar l\u2019alumnat de l\u2019ESO.<br>Treballa els elements de la taula peri\u00f2dica amena\u00e7ats, integrant coneixements i enfocament competencial.<br>Fomenta la ludificaci\u00f3, la col\u00b7laboraci\u00f3 i el pensament cr\u00edtic en un context multidisciplinari i significatiu.<\/p>\n<\/div><\/div>\n\n\n\n<div class=\"wp-block-getwid-accordion__header-wrapper\"><span class=\"wp-block-getwid-accordion__header\"><a href=\"#\"><span class=\"wp-block-getwid-accordion__header-title\"><strong>Destinataris <\/strong><\/span><span class=\"wp-block-getwid-accordion__icon is-active\"><i class=\"fas fa-plus\"><\/i><\/span><span class=\"wp-block-getwid-accordion__icon is-passive\"><i class=\"fas fa-minus\"><\/i><\/span><\/a><\/span><\/div><div class=\"wp-block-getwid-accordion__content-wrapper\"><div class=\"wp-block-getwid-accordion__content\">\n<p>Educaci\u00f3 secund\u00e0ria<\/p>\n<\/div><\/div>\n\n\n\n<div class=\"wp-block-getwid-accordion__header-wrapper\"><span class=\"wp-block-getwid-accordion__header\"><a href=\"#\"><span class=\"wp-block-getwid-accordion__header-title\"><strong>Consulta la guia did\u00e0ctica<\/strong><\/span><span class=\"wp-block-getwid-accordion__icon is-active\"><i class=\"fas fa-plus\"><\/i><\/span><span class=\"wp-block-getwid-accordion__icon is-passive\"><i class=\"fas fa-minus\"><\/i><\/span><\/a><\/span><\/div><div class=\"wp-block-getwid-accordion__content-wrapper\"><div class=\"wp-block-getwid-accordion__content\">\n<p><a href=\"https:\/\/docs.google.com\/document\/d\/1SxEJT3cliHHD-2v8ZlSolQvlvM3aq2J4nYPh-mMpC68\/edit?tab=t.0\" target=\"_blank\" rel=\"noreferrer noopener\">Maleta elements essencials<\/a><\/p>\n<\/div><\/div>\n<\/div>\n\n\n\n<p><\/p>\n\n\n\n<div class=\"wp-block-buttons is-content-justification-center is-layout-flex wp-container-core-buttons-is-layout-8 wp-block-buttons-is-layout-flex\">\n<div class=\"wp-block-button\"><a class=\"wp-block-button__link wp-element-button\" href=\"https:\/\/airtable.com\/app9soTLAzBfBeX8a\/shrL15jW4HDEwnk7s\/tblWKzHBvO6RAxMCt\" target=\"_blank\" rel=\"noreferrer noopener\">Reserva<\/a><\/div>\n<\/div>\n<\/div><\/div><\/div>\n<\/div>\n\n\n\n<p class=\"has-ast-global-color-1-color has-text-color has-link-color wp-elements-3605a9ffa0d2c30522d0187350213700\"><\/p>\n<\/div>\n\n\n\n<div class=\"wp-block-column is-layout-flow wp-block-column-is-layout-flow\">\n<figure class=\"wp-block-image size-full\"><a href=\"https:\/\/serveiseducatius.xtec.cat\/hospitalet\/wp-content\/uploads\/usu542\/2025\/12\/Imatge-proximament-3.png\"><img loading=\"lazy\" decoding=\"async\" width=\"1024\" height=\"768\" src=\"https:\/\/serveiseducatius.xtec.cat\/hospitalet\/wp-content\/uploads\/usu542\/2025\/12\/Imatge-proximament-3.png\" alt=\"\" class=\"wp-image-24062\" srcset=\"https:\/\/serveiseducatius.xtec.cat\/hospitalet\/wp-content\/uploads\/usu542\/2025\/12\/Imatge-proximament-3.png 1024w, https:\/\/serveiseducatius.xtec.cat\/hospitalet\/wp-content\/uploads\/usu542\/2025\/12\/Imatge-proximament-3-300x225.png 300w, https:\/\/serveiseducatius.xtec.cat\/hospitalet\/wp-content\/uploads\/usu542\/2025\/12\/Imatge-proximament-3-768x576.png 768w\" sizes=\"auto, (max-width: 1024px) 100vw, 1024px\" \/><\/a><\/figure>\n\n\n\n<div class=\"wp-block-getwid-toggle has-icon-left\">\n<div class=\"wp-block-getwid-toggle__row\"><div class=\"wp-block-getwid-toggle__header-wrapper\"><span class=\"wp-block-getwid-toggle__header\"><a href=\"#\"><span class=\"wp-block-getwid-toggle__header-title\"><strong>Kit energies<\/strong><\/span><span class=\"wp-block-getwid-toggle__icon is-active\"><i class=\"fab fa-google-play\"><\/i><\/span><span class=\"wp-block-getwid-toggle__icon is-passive\"><i class=\"\"><\/i><\/span><\/a><\/span><\/div><div class=\"wp-block-getwid-toggle__content-wrapper\"><div class=\"wp-block-getwid-toggle__content\">\n<div class=\"wp-block-getwid-accordion has-icon-left\" data-active-element=\"none\">\n<div class=\"wp-block-getwid-accordion__header-wrapper\"><span class=\"wp-block-getwid-accordion__header\"><a href=\"#\"><span class=\"wp-block-getwid-accordion__header-title\"><strong>Descripci\u00f3<\/strong><\/span><span class=\"wp-block-getwid-accordion__icon is-active\"><i class=\"fas fa-plus\"><\/i><\/span><span class=\"wp-block-getwid-accordion__icon is-passive\"><i class=\"fas fa-minus\"><\/i><\/span><\/a><\/span><\/div><div class=\"wp-block-getwid-accordion__content-wrapper\"><div class=\"wp-block-getwid-accordion__content\">\n<p>El Kit Energia permet explorar les energies des de la perspectiva STEAM amb enfocament de just\u00edcia global i sostenibilitat.<br>Inclou materials pr\u00e0ctics per experimentar amb energies renovables, hidr\u00e0ulica, solar i e\u00f2lica de manera segura i assequible.<br>Fomenta la comprensi\u00f3 de la transici\u00f3 energ\u00e8tica, el pensament cr\u00edtic i la consci\u00e8ncia ambiental entre l\u2019alumnat.<\/p>\n<\/div><\/div>\n\n\n\n<div class=\"wp-block-getwid-accordion__header-wrapper\"><span class=\"wp-block-getwid-accordion__header\"><a href=\"#\"><span class=\"wp-block-getwid-accordion__header-title\"><strong>Destinataris <\/strong><\/span><span class=\"wp-block-getwid-accordion__icon is-active\"><i class=\"fas fa-plus\"><\/i><\/span><span class=\"wp-block-getwid-accordion__icon is-passive\"><i class=\"fas fa-minus\"><\/i><\/span><\/a><\/span><\/div><div class=\"wp-block-getwid-accordion__content-wrapper\"><div class=\"wp-block-getwid-accordion__content\">\n<p>Educaci\u00f3 secund\u00e0ria<\/p>\n<\/div><\/div>\n\n\n\n<div class=\"wp-block-getwid-accordion__header-wrapper\"><span class=\"wp-block-getwid-accordion__header\"><a href=\"#\"><span class=\"wp-block-getwid-accordion__header-title\"><strong>Consulta la guia did\u00e0ctica<\/strong><\/span><span class=\"wp-block-getwid-accordion__icon is-active\"><i class=\"fas fa-plus\"><\/i><\/span><span class=\"wp-block-getwid-accordion__icon is-passive\"><i class=\"fas fa-minus\"><\/i><\/span><\/a><\/span><\/div><div class=\"wp-block-getwid-accordion__content-wrapper\"><div class=\"wp-block-getwid-accordion__content\">\n<p><a href=\"https:\/\/docs.google.com\/document\/d\/1q7EsfM5wt6MnS5Ju94No_xD0hMKOifNXdNZ-T34s5BI\/edit?tab=t.0\">Kit energies<\/a><\/p>\n<\/div><\/div>\n<\/div>\n\n\n\n<p><\/p>\n\n\n\n<div class=\"wp-block-buttons is-content-justification-center is-layout-flex wp-container-core-buttons-is-layout-9 wp-block-buttons-is-layout-flex\">\n<div class=\"wp-block-button\"><a class=\"wp-block-button__link wp-element-button\" href=\"https:\/\/airtable.com\/app9soTLAzBfBeX8a\/shrL15jW4HDEwnk7s\/tblWKzHBvO6RAxMCt\" target=\"_blank\" rel=\"noreferrer noopener\">Reservar<\/a><\/div>\n<\/div>\n<\/div><\/div><\/div>\n<\/div>\n\n\n\n<p class=\"has-ast-global-color-1-color has-text-color has-link-color wp-elements-3605a9ffa0d2c30522d0187350213700\"><\/p>\n<\/div>\n<\/div>\n\n\n\n<p><\/p>\n\n\n\n<div class=\"wp-block-columns is-layout-flex wp-container-core-columns-is-layout-5 wp-block-columns-is-layout-flex\">\n<div class=\"wp-block-column is-layout-flow wp-block-column-is-layout-flow\">\n<figure class=\"wp-block-image size-full\"><a href=\"https:\/\/serveiseducatius.xtec.cat\/hospitalet\/wp-content\/uploads\/usu542\/2025\/12\/Disseny-sense-titol-32.png\"><img loading=\"lazy\" decoding=\"async\" width=\"1024\" height=\"768\" src=\"https:\/\/serveiseducatius.xtec.cat\/hospitalet\/wp-content\/uploads\/usu542\/2025\/12\/Disseny-sense-titol-32.png\" alt=\"\" class=\"wp-image-24101\" srcset=\"https:\/\/serveiseducatius.xtec.cat\/hospitalet\/wp-content\/uploads\/usu542\/2025\/12\/Disseny-sense-titol-32.png 1024w, https:\/\/serveiseducatius.xtec.cat\/hospitalet\/wp-content\/uploads\/usu542\/2025\/12\/Disseny-sense-titol-32-300x225.png 300w, https:\/\/serveiseducatius.xtec.cat\/hospitalet\/wp-content\/uploads\/usu542\/2025\/12\/Disseny-sense-titol-32-768x576.png 768w\" sizes=\"auto, (max-width: 1024px) 100vw, 1024px\" \/><\/a><\/figure>\n\n\n\n<p class=\"has-text-align-center\"><strong>Canvi clim\u00e0tic<\/strong><\/p>\n\n\n\n<div class=\"wp-block-getwid-toggle has-icon-left\">\n<div class=\"wp-block-getwid-toggle__row\"><div class=\"wp-block-getwid-toggle__header-wrapper\"><span class=\"wp-block-getwid-toggle__header\"><a href=\"#\"><span class=\"wp-block-getwid-toggle__header-title\"><strong>Canvi clim\u00e0tic<\/strong><\/span><span class=\"wp-block-getwid-toggle__icon is-active\"><i class=\"fab fa-google-play\"><\/i><\/span><span class=\"wp-block-getwid-toggle__icon is-passive\"><i class=\"\"><\/i><\/span><\/a><\/span><\/div><div class=\"wp-block-getwid-toggle__content-wrapper\"><div class=\"wp-block-getwid-toggle__content\">\n<div class=\"wp-block-getwid-accordion has-icon-left\" data-active-element=\"none\">\n<div class=\"wp-block-getwid-accordion__header-wrapper\"><span class=\"wp-block-getwid-accordion__header\"><a href=\"#\"><span class=\"wp-block-getwid-accordion__header-title\"><strong>Descripci\u00f3<\/strong><\/span><span class=\"wp-block-getwid-accordion__icon is-active\"><i class=\"fas fa-plus\"><\/i><\/span><span class=\"wp-block-getwid-accordion__icon is-passive\"><i class=\"fas fa-minus\"><\/i><\/span><\/a><\/span><\/div><div class=\"wp-block-getwid-accordion__content-wrapper\"><div class=\"wp-block-getwid-accordion__content\">\n<p>Lot de llibres sobre el Canvi clim\u00e0tic que ofereix una selecci\u00f3 de llibres per comprendre i actuar davant del canvi clim\u00e0tic i la sostenibilitat.<br><br>Destinada a infants i joves, fomenta el respecte pel medi ambient, la presa de consci\u00e8ncia i l\u2019acci\u00f3 responsable en el dia a dia.<\/p>\n<\/div><\/div>\n\n\n\n<div class=\"wp-block-getwid-accordion__header-wrapper\"><span class=\"wp-block-getwid-accordion__header\"><a href=\"#\"><span class=\"wp-block-getwid-accordion__header-title\"><strong>Destinataris <\/strong><\/span><span class=\"wp-block-getwid-accordion__icon is-active\"><i class=\"fas fa-plus\"><\/i><\/span><span class=\"wp-block-getwid-accordion__icon is-passive\"><i class=\"fas fa-minus\"><\/i><\/span><\/a><\/span><\/div><div class=\"wp-block-getwid-accordion__content-wrapper\"><div class=\"wp-block-getwid-accordion__content\">\n<p>2n i 3r cicle d&#8217;educaci\u00f3 prim\u00e0ria i educaci\u00f3 secund\u00e0ria<\/p>\n<\/div><\/div>\n\n\n\n<div class=\"wp-block-getwid-accordion__header-wrapper\"><span class=\"wp-block-getwid-accordion__header\"><a href=\"#\"><span class=\"wp-block-getwid-accordion__header-title\"><strong>Consulta la guia did\u00e0ctica<\/strong><\/span><span class=\"wp-block-getwid-accordion__icon is-active\"><i class=\"fas fa-plus\"><\/i><\/span><span class=\"wp-block-getwid-accordion__icon is-passive\"><i class=\"fas fa-minus\"><\/i><\/span><\/a><\/span><\/div><div class=\"wp-block-getwid-accordion__content-wrapper\"><div class=\"wp-block-getwid-accordion__content\">\n<p><a href=\"https:\/\/docs.google.com\/document\/d\/1c5cjMTxA5HoHcMexFA5zKwy719M3D2pFRwksNDdsyAg\/edit?tab=t.0\" target=\"_blank\" rel=\"noreferrer noopener\">Lots de llibres Canvi clim\u00e0tic<\/a><\/p>\n\n\n\n<p><\/p>\n\n\n\n<p><\/p>\n<\/div><\/div>\n<\/div>\n\n\n\n<p><\/p>\n\n\n\n<div class=\"wp-block-buttons is-content-justification-center is-layout-flex wp-container-core-buttons-is-layout-10 wp-block-buttons-is-layout-flex\">\n<div class=\"wp-block-button\"><a class=\"wp-block-button__link wp-element-button\" href=\"https:\/\/airtable.com\/app9soTLAzBfBeX8a\/shrL15jW4HDEwnk7s\/tblWKzHBvO6RAxMCt\" target=\"_blank\" rel=\"noreferrer noopener\">Reserva<\/a><\/div>\n<\/div>\n<\/div><\/div><\/div>\n<\/div>\n\n\n\n<p class=\"has-ast-global-color-1-color has-text-color has-link-color wp-elements-3605a9ffa0d2c30522d0187350213700\"><\/p>\n<\/div>\n\n\n\n<div class=\"wp-block-column is-layout-flow wp-block-column-is-layout-flow\">\n<p class=\"has-ast-global-color-1-color has-text-color has-link-color wp-elements-3605a9ffa0d2c30522d0187350213700\"><\/p>\n<\/div>\n\n\n\n<div class=\"wp-block-column is-layout-flow wp-block-column-is-layout-flow\">\n<p class=\"has-ast-global-color-1-color has-text-color has-link-color wp-elements-3605a9ffa0d2c30522d0187350213700\"><\/p>\n<\/div>\n<\/div>\n\n\n\n<p><\/p>\n<\/div><\/div>\n\n\n\n<div class=\"wp-block-getwid-tabs__nav-link\"><span class=\"wp-block-getwid-tabs__title-wrapper\"><a href=\"#\"><span class=\"wp-block-getwid-tabs__title\">Ci\u00e8ncies<\/span><\/a><\/span><\/div><div class=\"wp-block-getwid-tabs__tab-content-wrapper\"><div class=\"wp-block-getwid-tabs__tab-content\">\n<p><\/p>\n\n\n\n<div class=\"wp-block-columns is-layout-flex wp-container-core-columns-is-layout-6 wp-block-columns-is-layout-flex\">\n<div class=\"wp-block-column is-layout-flow wp-block-column-is-layout-flow\">\n<figure class=\"wp-block-image size-full\"><a href=\"https:\/\/serveiseducatius.xtec.cat\/hospitalet\/wp-content\/uploads\/usu542\/2025\/12\/Disseny-sense-titol-31.png\"><img loading=\"lazy\" decoding=\"async\" width=\"1024\" height=\"768\" src=\"https:\/\/serveiseducatius.xtec.cat\/hospitalet\/wp-content\/uploads\/usu542\/2025\/12\/Disseny-sense-titol-31.png\" alt=\"\" class=\"wp-image-24102\" style=\"aspect-ratio:16\/9;object-fit:cover\" srcset=\"https:\/\/serveiseducatius.xtec.cat\/hospitalet\/wp-content\/uploads\/usu542\/2025\/12\/Disseny-sense-titol-31.png 1024w, https:\/\/serveiseducatius.xtec.cat\/hospitalet\/wp-content\/uploads\/usu542\/2025\/12\/Disseny-sense-titol-31-300x225.png 300w, https:\/\/serveiseducatius.xtec.cat\/hospitalet\/wp-content\/uploads\/usu542\/2025\/12\/Disseny-sense-titol-31-768x576.png 768w\" sizes=\"auto, (max-width: 1024px) 100vw, 1024px\" \/><\/a><\/figure>\n\n\n\n<div class=\"wp-block-getwid-toggle has-icon-left\">\n<div class=\"wp-block-getwid-toggle__row\"><div class=\"wp-block-getwid-toggle__header-wrapper\"><span class=\"wp-block-getwid-toggle__header\"><a href=\"#\"><span class=\"wp-block-getwid-toggle__header-title\"><strong>Cosmos<\/strong><\/span><span class=\"wp-block-getwid-toggle__icon is-active\"><i class=\"fab fa-google-play\"><\/i><\/span><span class=\"wp-block-getwid-toggle__icon is-passive\"><i class=\"\"><\/i><\/span><\/a><\/span><\/div><div class=\"wp-block-getwid-toggle__content-wrapper\"><div class=\"wp-block-getwid-toggle__content\">\n<div class=\"wp-block-getwid-accordion has-icon-left\" data-active-element=\"none\">\n<div class=\"wp-block-getwid-accordion__header-wrapper\"><span class=\"wp-block-getwid-accordion__header\"><a href=\"#\"><span class=\"wp-block-getwid-accordion__header-title\"><strong>Descripci\u00f3<\/strong><\/span><span class=\"wp-block-getwid-accordion__icon is-active\"><i class=\"fas fa-plus\"><\/i><\/span><span class=\"wp-block-getwid-accordion__icon is-passive\"><i class=\"fas fa-minus\"><\/i><\/span><\/a><\/span><\/div><div class=\"wp-block-getwid-accordion__content-wrapper\"><div class=\"wp-block-getwid-accordion__content\">\n<p>El lot de llibres del Cosmos reuneix llibres pensats per despertar la curiositat sobre l\u2019univers i facilitar l\u2019aprenentatge de l\u2019astronomia entre infants i joves.<br>Inclou atlases, guies de camp i manuals did\u00e0ctics que aborden els estels, planetes, gal\u00e0xies i fen\u00f2mens celestes amb il\u00b7lustracions, notes pr\u00e0ctiques i recursos per a l\u2019observaci\u00f3.<br>Els llibres combinen coneixement cient\u00edfic rigor\u00f3s i acc\u00e9s visual atractiu, fomentant la fascinaci\u00f3 pel cel i la comprensi\u00f3 dels processos astron\u00f2mics.<\/p>\n<\/div><\/div>\n\n\n\n<div class=\"wp-block-getwid-accordion__header-wrapper\"><span class=\"wp-block-getwid-accordion__header\"><a href=\"#\"><span class=\"wp-block-getwid-accordion__header-title\"><strong>Destinataris <\/strong><\/span><span class=\"wp-block-getwid-accordion__icon is-active\"><i class=\"fas fa-plus\"><\/i><\/span><span class=\"wp-block-getwid-accordion__icon is-passive\"><i class=\"fas fa-minus\"><\/i><\/span><\/a><\/span><\/div><div class=\"wp-block-getwid-accordion__content-wrapper\"><div class=\"wp-block-getwid-accordion__content\">\n<p>2n i 3r cicle d&#8217;educaci\u00f3 prim\u00e0ria i educaci\u00f3 secund\u00e0ria<\/p>\n<\/div><\/div>\n\n\n\n<div class=\"wp-block-getwid-accordion__header-wrapper\"><span class=\"wp-block-getwid-accordion__header\"><a href=\"#\"><span class=\"wp-block-getwid-accordion__header-title\"><strong>Consulta la guia did\u00e0ctica<\/strong><\/span><span class=\"wp-block-getwid-accordion__icon is-active\"><i class=\"fas fa-plus\"><\/i><\/span><span class=\"wp-block-getwid-accordion__icon is-passive\"><i class=\"fas fa-minus\"><\/i><\/span><\/a><\/span><\/div><div class=\"wp-block-getwid-accordion__content-wrapper\"><div class=\"wp-block-getwid-accordion__content\">\n<p><a href=\"https:\/\/docs.google.com\/document\/d\/1EFaFaPDzpyq_SOzHLWfa7k8lNDMMu0FCOdXb8eiNNws\/edit?tab=t.0\" target=\"_blank\" rel=\"noreferrer noopener\">Lot de llibres Cosmos<\/a><\/p>\n<\/div><\/div>\n<\/div>\n\n\n\n<p><\/p>\n\n\n\n<div class=\"wp-block-buttons is-content-justification-center is-layout-flex wp-container-core-buttons-is-layout-11 wp-block-buttons-is-layout-flex\">\n<div class=\"wp-block-button\"><a class=\"wp-block-button__link wp-element-button\" href=\"https:\/\/airtable.com\/app9soTLAzBfBeX8a\/shrL15jW4HDEwnk7s\/tblWKzHBvO6RAxMCt\" target=\"_blank\" rel=\"noreferrer noopener\">Reserva<\/a><\/div>\n<\/div>\n<\/div><\/div><\/div>\n<\/div>\n\n\n\n<p class=\"has-ast-global-color-1-color has-text-color has-link-color wp-elements-3605a9ffa0d2c30522d0187350213700\"><\/p>\n<\/div>\n\n\n\n<div class=\"wp-block-column is-layout-flow wp-block-column-is-layout-flow\">\n<figure class=\"wp-block-image size-full\"><a href=\"https:\/\/serveiseducatius.xtec.cat\/hospitalet\/wp-content\/uploads\/usu542\/2025\/12\/Disseny-sense-titol-30.png\"><img loading=\"lazy\" decoding=\"async\" width=\"1024\" height=\"768\" src=\"https:\/\/serveiseducatius.xtec.cat\/hospitalet\/wp-content\/uploads\/usu542\/2025\/12\/Disseny-sense-titol-30.png\" alt=\"\" class=\"wp-image-24103\" style=\"aspect-ratio:16\/9;object-fit:cover\" srcset=\"https:\/\/serveiseducatius.xtec.cat\/hospitalet\/wp-content\/uploads\/usu542\/2025\/12\/Disseny-sense-titol-30.png 1024w, https:\/\/serveiseducatius.xtec.cat\/hospitalet\/wp-content\/uploads\/usu542\/2025\/12\/Disseny-sense-titol-30-300x225.png 300w, https:\/\/serveiseducatius.xtec.cat\/hospitalet\/wp-content\/uploads\/usu542\/2025\/12\/Disseny-sense-titol-30-768x576.png 768w\" sizes=\"auto, (max-width: 1024px) 100vw, 1024px\" \/><\/a><\/figure>\n\n\n\n<div class=\"wp-block-getwid-toggle has-icon-left\">\n<div class=\"wp-block-getwid-toggle__row\"><div class=\"wp-block-getwid-toggle__header-wrapper\"><span class=\"wp-block-getwid-toggle__header\"><a href=\"#\"><span class=\"wp-block-getwid-toggle__header-title\"><strong>La Terra<\/strong><\/span><span class=\"wp-block-getwid-toggle__icon is-active\"><i class=\"fab fa-google-play\"><\/i><\/span><span class=\"wp-block-getwid-toggle__icon is-passive\"><i class=\"\"><\/i><\/span><\/a><\/span><\/div><div class=\"wp-block-getwid-toggle__content-wrapper\"><div class=\"wp-block-getwid-toggle__content\">\n<div class=\"wp-block-getwid-accordion has-icon-left\" data-active-element=\"none\">\n<div class=\"wp-block-getwid-accordion__header-wrapper\"><span class=\"wp-block-getwid-accordion__header\"><a href=\"#\"><span class=\"wp-block-getwid-accordion__header-title\"><strong>Descripci\u00f3<\/strong><\/span><span class=\"wp-block-getwid-accordion__icon is-active\"><i class=\"fas fa-plus\"><\/i><\/span><span class=\"wp-block-getwid-accordion__icon is-passive\"><i class=\"fas fa-minus\"><\/i><\/span><\/a><\/span><\/div><div class=\"wp-block-getwid-accordion__content-wrapper\"><div class=\"wp-block-getwid-accordion__content\">\n<p>El lot de llibres de la Terra reuneix llibres i recursos per aprofundir en el coneixement del nostre planeta i els seus fen\u00f2mens naturals, com els volcans, els terratr\u00e8mols, els deserts, l\u2019aigua i la Lluna.<br>Els llibres combinen relats divulgatius, atles, guies visuals i textos interactius, que faciliten la comprensi\u00f3 de conceptes cient\u00edfics d\u2019una manera entenedora i atractiva per a infants i joves.<\/p>\n<\/div><\/div>\n\n\n\n<div class=\"wp-block-getwid-accordion__header-wrapper\"><span class=\"wp-block-getwid-accordion__header\"><a href=\"#\"><span class=\"wp-block-getwid-accordion__header-title\"><strong>Destinataris <\/strong><\/span><span class=\"wp-block-getwid-accordion__icon is-active\"><i class=\"fas fa-plus\"><\/i><\/span><span class=\"wp-block-getwid-accordion__icon is-passive\"><i class=\"fas fa-minus\"><\/i><\/span><\/a><\/span><\/div><div class=\"wp-block-getwid-accordion__content-wrapper\"><div class=\"wp-block-getwid-accordion__content\">\n<p>2n i 3r cicle d&#8217;educaci\u00f3 prim\u00e0ria i educaci\u00f3 secund\u00e0ria<\/p>\n<\/div><\/div>\n\n\n\n<div class=\"wp-block-getwid-accordion__header-wrapper\"><span class=\"wp-block-getwid-accordion__header\"><a href=\"#\"><span class=\"wp-block-getwid-accordion__header-title\"><strong>Consulta la guia did\u00e0ctica<\/strong><\/span><span class=\"wp-block-getwid-accordion__icon is-active\"><i class=\"fas fa-plus\"><\/i><\/span><span class=\"wp-block-getwid-accordion__icon is-passive\"><i class=\"fas fa-minus\"><\/i><\/span><\/a><\/span><\/div><div class=\"wp-block-getwid-accordion__content-wrapper\"><div class=\"wp-block-getwid-accordion__content\">\n<p><a href=\"https:\/\/docs.google.com\/document\/d\/1IIuwG4xZ8JtLVRm0Ud68vkj1_WR4IdCqYxitgJDzy-I\/edit?tab=t.0\" target=\"_blank\" rel=\"noreferrer noopener\">Lot de llibres de la Terra<\/a><\/p>\n<\/div><\/div>\n<\/div>\n\n\n\n<p><\/p>\n\n\n\n<div class=\"wp-block-buttons is-content-justification-center is-layout-flex wp-container-core-buttons-is-layout-12 wp-block-buttons-is-layout-flex\">\n<div class=\"wp-block-button\"><a class=\"wp-block-button__link wp-element-button\" href=\"https:\/\/airtable.com\/app9soTLAzBfBeX8a\/shrL15jW4HDEwnk7s\/tblWKzHBvO6RAxMCt\" target=\"_blank\" rel=\"noreferrer noopener\">Reserva<\/a><\/div>\n<\/div>\n<\/div><\/div><\/div>\n<\/div>\n\n\n\n<p class=\"has-ast-global-color-1-color has-text-color has-link-color wp-elements-3605a9ffa0d2c30522d0187350213700\"><\/p>\n<\/div>\n\n\n\n<div class=\"wp-block-column is-layout-flow wp-block-column-is-layout-flow\">\n<figure class=\"wp-block-image size-full\"><a href=\"https:\/\/serveiseducatius.xtec.cat\/hospitalet\/wp-content\/uploads\/usu542\/2025\/12\/Imatge-proximament-4.png\"><img loading=\"lazy\" decoding=\"async\" width=\"1024\" height=\"768\" src=\"https:\/\/serveiseducatius.xtec.cat\/hospitalet\/wp-content\/uploads\/usu542\/2025\/12\/Imatge-proximament-4.png\" alt=\"\" class=\"wp-image-24063\" style=\"aspect-ratio:16\/9;object-fit:cover\" srcset=\"https:\/\/serveiseducatius.xtec.cat\/hospitalet\/wp-content\/uploads\/usu542\/2025\/12\/Imatge-proximament-4.png 1024w, https:\/\/serveiseducatius.xtec.cat\/hospitalet\/wp-content\/uploads\/usu542\/2025\/12\/Imatge-proximament-4-300x225.png 300w, https:\/\/serveiseducatius.xtec.cat\/hospitalet\/wp-content\/uploads\/usu542\/2025\/12\/Imatge-proximament-4-768x576.png 768w\" sizes=\"auto, (max-width: 1024px) 100vw, 1024px\" \/><\/a><\/figure>\n\n\n\n<div class=\"wp-block-getwid-toggle has-icon-left\">\n<div class=\"wp-block-getwid-toggle__row\"><div class=\"wp-block-getwid-toggle__header-wrapper\"><span class=\"wp-block-getwid-toggle__header\"><a href=\"#\"><span class=\"wp-block-getwid-toggle__header-title\"><strong>Dinosaures<\/strong><\/span><span class=\"wp-block-getwid-toggle__icon is-active\"><i class=\"fab fa-google-play\"><\/i><\/span><span class=\"wp-block-getwid-toggle__icon is-passive\"><i class=\"\"><\/i><\/span><\/a><\/span><\/div><div class=\"wp-block-getwid-toggle__content-wrapper\"><div class=\"wp-block-getwid-toggle__content\">\n<div class=\"wp-block-getwid-accordion has-icon-left\" data-active-element=\"none\">\n<div class=\"wp-block-getwid-accordion__header-wrapper\"><span class=\"wp-block-getwid-accordion__header\"><a href=\"#\"><span class=\"wp-block-getwid-accordion__header-title\"><strong>Descripci\u00f3<\/strong><\/span><span class=\"wp-block-getwid-accordion__icon is-active\"><i class=\"fas fa-plus\"><\/i><\/span><span class=\"wp-block-getwid-accordion__icon is-passive\"><i class=\"fas fa-minus\"><\/i><\/span><\/a><\/span><\/div><div class=\"wp-block-getwid-accordion__content-wrapper\"><div class=\"wp-block-getwid-accordion__content\">\n<p>Aquesta maleta ofereix materials i activitats que us poden ajudar a desenvolupar un projecte sobre els dinosaures, vinculant mat\u00e8ries de diferents \u00e0mbits, tot incidint en el m\u00e8tode cient\u00edfic d\u2019investigaci\u00f3.&nbsp;<\/p>\n<\/div><\/div>\n\n\n\n<div class=\"wp-block-getwid-accordion__header-wrapper\"><span class=\"wp-block-getwid-accordion__header\"><a href=\"#\"><span class=\"wp-block-getwid-accordion__header-title\"><strong>Destinataris <\/strong><\/span><span class=\"wp-block-getwid-accordion__icon is-active\"><i class=\"fas fa-plus\"><\/i><\/span><span class=\"wp-block-getwid-accordion__icon is-passive\"><i class=\"fas fa-minus\"><\/i><\/span><\/a><\/span><\/div><div class=\"wp-block-getwid-accordion__content-wrapper\"><div class=\"wp-block-getwid-accordion__content\">\n<p>Educaci\u00f3 infantil i 1r cicle d&#8217;educaci\u00f3 prim\u00e0ria<\/p>\n<\/div><\/div>\n\n\n\n<div class=\"wp-block-getwid-accordion__header-wrapper\"><span class=\"wp-block-getwid-accordion__header\"><a href=\"#\"><span class=\"wp-block-getwid-accordion__header-title\"><strong>Consulta la guia did\u00e0ctica<\/strong><\/span><span class=\"wp-block-getwid-accordion__icon is-active\"><i class=\"fas fa-plus\"><\/i><\/span><span class=\"wp-block-getwid-accordion__icon is-passive\"><i class=\"fas fa-minus\"><\/i><\/span><\/a><\/span><\/div><div class=\"wp-block-getwid-accordion__content-wrapper\"><div class=\"wp-block-getwid-accordion__content\">\n<p><a href=\"https:\/\/docs.google.com\/document\/d\/1yZ1AIbHZHYkDVlbAgdm9arPOOsvMc1PKJKJprmsTaOg\/edit?tab=t.0\" target=\"_blank\" rel=\"noreferrer noopener\">Maleta dinosaures<\/a><\/p>\n<\/div><\/div>\n<\/div>\n\n\n\n<p><\/p>\n\n\n\n<div class=\"wp-block-buttons is-content-justification-center is-layout-flex wp-container-core-buttons-is-layout-13 wp-block-buttons-is-layout-flex\">\n<div class=\"wp-block-button\"><a class=\"wp-block-button__link wp-element-button\" href=\"https:\/\/airtable.com\/app9soTLAzBfBeX8a\/shrL15jW4HDEwnk7s\/tblWKzHBvO6RAxMCt\" target=\"_blank\" rel=\"noreferrer noopener\">Reserva<\/a><\/div>\n<\/div>\n<\/div><\/div><\/div>\n<\/div>\n\n\n\n<p class=\"has-ast-global-color-1-color has-text-color has-link-color wp-elements-3605a9ffa0d2c30522d0187350213700\"><\/p>\n<\/div>\n<\/div>\n\n\n\n<div class=\"wp-block-columns is-layout-flex wp-container-core-columns-is-layout-7 wp-block-columns-is-layout-flex\">\n<div class=\"wp-block-column is-layout-flow wp-block-column-is-layout-flow\">\n<figure class=\"wp-block-image size-full\"><a href=\"https:\/\/serveiseducatius.xtec.cat\/hospitalet\/wp-content\/uploads\/usu542\/2025\/12\/Disseny-sense-titol-7.png\"><img loading=\"lazy\" decoding=\"async\" width=\"1024\" height=\"768\" src=\"https:\/\/serveiseducatius.xtec.cat\/hospitalet\/wp-content\/uploads\/usu542\/2025\/12\/Disseny-sense-titol-7.png\" alt=\"\" class=\"wp-image-23887\" style=\"aspect-ratio:16\/9;object-fit:cover\" srcset=\"https:\/\/serveiseducatius.xtec.cat\/hospitalet\/wp-content\/uploads\/usu542\/2025\/12\/Disseny-sense-titol-7.png 1024w, https:\/\/serveiseducatius.xtec.cat\/hospitalet\/wp-content\/uploads\/usu542\/2025\/12\/Disseny-sense-titol-7-300x225.png 300w, https:\/\/serveiseducatius.xtec.cat\/hospitalet\/wp-content\/uploads\/usu542\/2025\/12\/Disseny-sense-titol-7-768x576.png 768w\" sizes=\"auto, (max-width: 1024px) 100vw, 1024px\" \/><\/a><\/figure>\n\n\n\n<p class=\"has-text-align-center\"><\/p>\n\n\n\n<div class=\"wp-block-getwid-toggle has-icon-left\">\n<div class=\"wp-block-getwid-toggle__row\"><div class=\"wp-block-getwid-toggle__header-wrapper\"><span class=\"wp-block-getwid-toggle__header\"><a href=\"#\"><span class=\"wp-block-getwid-toggle__header-title\"><strong>Microscopi<\/strong><\/span><span class=\"wp-block-getwid-toggle__icon is-active\"><i class=\"fab fa-google-play\"><\/i><\/span><span class=\"wp-block-getwid-toggle__icon is-passive\"><i class=\"\"><\/i><\/span><\/a><\/span><\/div><div class=\"wp-block-getwid-toggle__content-wrapper\"><div class=\"wp-block-getwid-toggle__content\">\n<div class=\"wp-block-getwid-accordion has-icon-left\" data-active-element=\"none\">\n<div class=\"wp-block-getwid-accordion__header-wrapper\"><span class=\"wp-block-getwid-accordion__header\"><a href=\"#\"><span class=\"wp-block-getwid-accordion__header-title\"><strong>Descripci\u00f3<\/strong><\/span><span class=\"wp-block-getwid-accordion__icon is-active\"><i class=\"fas fa-plus\"><\/i><\/span><span class=\"wp-block-getwid-accordion__icon is-passive\"><i class=\"fas fa-minus\"><\/i><\/span><\/a><\/span><\/div><div class=\"wp-block-getwid-accordion__content-wrapper\"><div class=\"wp-block-getwid-accordion__content\">\n<p>Maleta que consta de cinc microscopis digitals per poder prestar als centres.<\/p>\n\n\n\n<p>El microscopi compta amb una c\u00e0mara de 5 Mpx i ofereix ampliacions fins 300x. Amb un tr\u00edpode especial i una platina amb escala medidora i dues pinces per fixar la mostra sota la c\u00e0mara.<\/p>\n<\/div><\/div>\n\n\n\n<div class=\"wp-block-getwid-accordion__header-wrapper\"><span class=\"wp-block-getwid-accordion__header\"><a href=\"#\"><span class=\"wp-block-getwid-accordion__header-title\"><strong>Destinataris <\/strong><\/span><span class=\"wp-block-getwid-accordion__icon is-active\"><i class=\"fas fa-plus\"><\/i><\/span><span class=\"wp-block-getwid-accordion__icon is-passive\"><i class=\"fas fa-minus\"><\/i><\/span><\/a><\/span><\/div><div class=\"wp-block-getwid-accordion__content-wrapper\"><div class=\"wp-block-getwid-accordion__content\">\n<p>2n i 3r cicle d&#8217;educaci\u00f3 prim\u00e0ria i educaci\u00f3 secund\u00e0ria<\/p>\n<\/div><\/div>\n\n\n\n<div class=\"wp-block-getwid-accordion__header-wrapper\"><span class=\"wp-block-getwid-accordion__header\"><a href=\"#\"><span class=\"wp-block-getwid-accordion__header-title\"><strong>Consulta la guia did\u00e0ctica<\/strong><\/span><span class=\"wp-block-getwid-accordion__icon is-active\"><i class=\"fas fa-plus\"><\/i><\/span><span class=\"wp-block-getwid-accordion__icon is-passive\"><i class=\"fas fa-minus\"><\/i><\/span><\/a><\/span><\/div><div class=\"wp-block-getwid-accordion__content-wrapper\"><div class=\"wp-block-getwid-accordion__content\">\n<p><a href=\"https:\/\/serveiseducatius.xtec.cat\/hospitalet\/recursos\/maletes-pedagogiques\/maleta-cientifica\/\" target=\"_blank\" rel=\"noreferrer noopener\">Maleta microscopis<\/a><\/p>\n<\/div><\/div>\n<\/div>\n\n\n\n<p><\/p>\n\n\n\n<div class=\"wp-block-buttons is-content-justification-center is-layout-flex wp-container-core-buttons-is-layout-14 wp-block-buttons-is-layout-flex\">\n<div class=\"wp-block-button\"><a class=\"wp-block-button__link wp-element-button\" href=\"https:\/\/airtable.com\/app9soTLAzBfBeX8a\/shrL15jW4HDEwnk7s\/tblWKzHBvO6RAxMCt\" target=\"_blank\" rel=\"noreferrer noopener\">Reserva<\/a><\/div>\n<\/div>\n<\/div><\/div><\/div>\n<\/div>\n\n\n\n<p class=\"has-ast-global-color-1-color has-text-color has-link-color wp-elements-3605a9ffa0d2c30522d0187350213700\"><\/p>\n<\/div>\n\n\n\n<div class=\"wp-block-column is-layout-flow wp-block-column-is-layout-flow\"><\/div>\n\n\n\n<div class=\"wp-block-column is-layout-flow wp-block-column-is-layout-flow\">\n<p class=\"has-ast-global-color-1-color has-text-color has-link-color wp-elements-3605a9ffa0d2c30522d0187350213700\"><\/p>\n<\/div>\n<\/div>\n\n\n\n<p><\/p>\n\n\n\n<p><br><\/p>\n<\/div><\/div>\n\n\n\n<div class=\"wp-block-getwid-tabs__nav-link\"><span class=\"wp-block-getwid-tabs__title-wrapper\"><a href=\"#\"><span class=\"wp-block-getwid-tabs__title\">Cultura<\/span><\/a><\/span><\/div><div class=\"wp-block-getwid-tabs__tab-content-wrapper\"><div class=\"wp-block-getwid-tabs__tab-content\">\n<p><\/p>\n\n\n\n<div class=\"wp-block-columns is-layout-flex wp-container-core-columns-is-layout-8 wp-block-columns-is-layout-flex\">\n<div class=\"wp-block-column is-layout-flow wp-block-column-is-layout-flow\">\n<figure class=\"wp-block-image size-full\"><a href=\"https:\/\/serveiseducatius.xtec.cat\/hospitalet\/wp-content\/uploads\/usu542\/2025\/12\/29594_770x513.jpg\"><img loading=\"lazy\" decoding=\"async\" width=\"770\" height=\"513\" src=\"https:\/\/serveiseducatius.xtec.cat\/hospitalet\/wp-content\/uploads\/usu542\/2025\/12\/29594_770x513.jpg\" alt=\"\" class=\"wp-image-23910\" style=\"aspect-ratio:16\/9;object-fit:cover\" srcset=\"https:\/\/serveiseducatius.xtec.cat\/hospitalet\/wp-content\/uploads\/usu542\/2025\/12\/29594_770x513.jpg 770w, https:\/\/serveiseducatius.xtec.cat\/hospitalet\/wp-content\/uploads\/usu542\/2025\/12\/29594_770x513-300x200.jpg 300w, https:\/\/serveiseducatius.xtec.cat\/hospitalet\/wp-content\/uploads\/usu542\/2025\/12\/29594_770x513-768x512.jpg 768w\" sizes=\"auto, (max-width: 770px) 100vw, 770px\" \/><\/a><\/figure>\n\n\n\n<div class=\"wp-block-getwid-toggle has-icon-left\">\n<div class=\"wp-block-getwid-toggle__row\"><div class=\"wp-block-getwid-toggle__header-wrapper\"><span class=\"wp-block-getwid-toggle__header\"><a href=\"#\"><span class=\"wp-block-getwid-toggle__header-title\"><strong>ExpressaArt (MACBA)<\/strong><\/span><span class=\"wp-block-getwid-toggle__icon is-active\"><i class=\"fab fa-google-play\"><\/i><\/span><span class=\"wp-block-getwid-toggle__icon is-passive\"><i class=\"\"><\/i><\/span><\/a><\/span><\/div><div class=\"wp-block-getwid-toggle__content-wrapper\"><div class=\"wp-block-getwid-toggle__content\">\n<div class=\"wp-block-getwid-accordion has-icon-left\" data-active-element=\"none\">\n<div class=\"wp-block-getwid-accordion__header-wrapper\"><span class=\"wp-block-getwid-accordion__header\"><a href=\"#\"><span class=\"wp-block-getwid-accordion__header-title\"><strong>Descripci\u00f3<\/strong><\/span><span class=\"wp-block-getwid-accordion__icon is-active\"><i class=\"fas fa-plus\"><\/i><\/span><span class=\"wp-block-getwid-accordion__icon is-passive\"><i class=\"fas fa-minus\"><\/i><\/span><\/a><\/span><\/div><div class=\"wp-block-getwid-accordion__content-wrapper\"><div class=\"wp-block-getwid-accordion__content\">\n<p>La maleta ofereix material perqu\u00e8 tant l&#8217;alumnat com els docents gaudeixin de les obres i hi puguin establir un di\u00e0leg partint de la pr\u00f2pia experi\u00e8ncia, establint l&#8217;art com a mitj\u00e0 d&#8217;expressi\u00f3, joc, representaci\u00f3 i experimentaci\u00f3. <\/p>\n<\/div><\/div>\n\n\n\n<div class=\"wp-block-getwid-accordion__header-wrapper\"><span class=\"wp-block-getwid-accordion__header\"><a href=\"#\"><span class=\"wp-block-getwid-accordion__header-title\"><strong>Destinataris <\/strong><\/span><span class=\"wp-block-getwid-accordion__icon is-active\"><i class=\"fas fa-plus\"><\/i><\/span><span class=\"wp-block-getwid-accordion__icon is-passive\"><i class=\"fas fa-minus\"><\/i><\/span><\/a><\/span><\/div><div class=\"wp-block-getwid-accordion__content-wrapper\"><div class=\"wp-block-getwid-accordion__content\">\n<p>Educaci\u00f3 infantil i b\u00e0sica<\/p>\n<\/div><\/div>\n\n\n\n<div class=\"wp-block-getwid-accordion__header-wrapper\"><span class=\"wp-block-getwid-accordion__header\"><a href=\"#\"><span class=\"wp-block-getwid-accordion__header-title\"><strong>Consulta la guia did\u00e0ctica<\/strong><\/span><span class=\"wp-block-getwid-accordion__icon is-active\"><i class=\"fas fa-plus\"><\/i><\/span><span class=\"wp-block-getwid-accordion__icon is-passive\"><i class=\"fas fa-minus\"><\/i><\/span><\/a><\/span><\/div><div class=\"wp-block-getwid-accordion__content-wrapper\"><div class=\"wp-block-getwid-accordion__content\">\n<p><a href=\"https:\/\/serveiseducatius.xtec.cat\/hospitalet\/recursos\/maletes-pedagogiques\/expressart\/\" target=\"_blank\" rel=\"noreferrer noopener\">Maleta ExpressArt<\/a><\/p>\n<\/div><\/div>\n<\/div>\n\n\n\n<p><\/p>\n\n\n\n<div class=\"wp-block-buttons is-content-justification-center is-layout-flex wp-container-core-buttons-is-layout-15 wp-block-buttons-is-layout-flex\">\n<div class=\"wp-block-button\"><a class=\"wp-block-button__link wp-element-button\" href=\"https:\/\/airtable.com\/app9soTLAzBfBeX8a\/shrL15jW4HDEwnk7s\/tblWKzHBvO6RAxMCt\" target=\"_blank\" rel=\"noreferrer noopener\">Reserva<\/a><\/div>\n<\/div>\n<\/div><\/div><\/div>\n<\/div>\n\n\n\n<p class=\"has-ast-global-color-1-color has-text-color has-link-color wp-elements-3605a9ffa0d2c30522d0187350213700\"><\/p>\n<\/div>\n\n\n\n<div class=\"wp-block-column is-layout-flow wp-block-column-is-layout-flow\">\n<figure class=\"wp-block-image size-full\"><a href=\"https:\/\/serveiseducatius.xtec.cat\/hospitalet\/wp-content\/uploads\/usu542\/2025\/12\/Disseny-sense-titol-28.png\"><img loading=\"lazy\" decoding=\"async\" width=\"1024\" height=\"768\" src=\"https:\/\/serveiseducatius.xtec.cat\/hospitalet\/wp-content\/uploads\/usu542\/2025\/12\/Disseny-sense-titol-28.png\" alt=\"\" class=\"wp-image-24104\" style=\"aspect-ratio:16\/9;object-fit:cover\" srcset=\"https:\/\/serveiseducatius.xtec.cat\/hospitalet\/wp-content\/uploads\/usu542\/2025\/12\/Disseny-sense-titol-28.png 1024w, https:\/\/serveiseducatius.xtec.cat\/hospitalet\/wp-content\/uploads\/usu542\/2025\/12\/Disseny-sense-titol-28-300x225.png 300w, https:\/\/serveiseducatius.xtec.cat\/hospitalet\/wp-content\/uploads\/usu542\/2025\/12\/Disseny-sense-titol-28-768x576.png 768w\" sizes=\"auto, (max-width: 1024px) 100vw, 1024px\" \/><\/a><\/figure>\n\n\n\n<div class=\"wp-block-getwid-toggle has-icon-left\">\n<div class=\"wp-block-getwid-toggle__row\"><div class=\"wp-block-getwid-toggle__header-wrapper\"><span class=\"wp-block-getwid-toggle__header\"><a href=\"#\"><span class=\"wp-block-getwid-toggle__header-title\"><strong>Personatges hist\u00f2rics<\/strong><\/span><span class=\"wp-block-getwid-toggle__icon is-active\"><i class=\"fab fa-google-play\"><\/i><\/span><span class=\"wp-block-getwid-toggle__icon is-passive\"><i class=\"\"><\/i><\/span><\/a><\/span><\/div><div class=\"wp-block-getwid-toggle__content-wrapper\"><div class=\"wp-block-getwid-toggle__content\">\n<div class=\"wp-block-getwid-accordion has-icon-left\" data-active-element=\"none\">\n<div class=\"wp-block-getwid-accordion__header-wrapper\"><span class=\"wp-block-getwid-accordion__header\"><a href=\"#\"><span class=\"wp-block-getwid-accordion__header-title\"><strong>Descripci\u00f3<\/strong><\/span><span class=\"wp-block-getwid-accordion__icon is-active\"><i class=\"fas fa-plus\"><\/i><\/span><span class=\"wp-block-getwid-accordion__icon is-passive\"><i class=\"fas fa-minus\"><\/i><\/span><\/a><\/span><\/div><div class=\"wp-block-getwid-accordion__content-wrapper\"><div class=\"wp-block-getwid-accordion__content\">\n<p>El lot ofereix llibres sobre personatges hist\u00f2rics que us poden ajudar com font de consulta o recerca per diferents projectes i activitats d\u2019aula.&nbsp;<br><\/p>\n<\/div><\/div>\n\n\n\n<div class=\"wp-block-getwid-accordion__header-wrapper\"><span class=\"wp-block-getwid-accordion__header\"><a href=\"#\"><span class=\"wp-block-getwid-accordion__header-title\"><strong>Destinataris <\/strong><\/span><span class=\"wp-block-getwid-accordion__icon is-active\"><i class=\"fas fa-plus\"><\/i><\/span><span class=\"wp-block-getwid-accordion__icon is-passive\"><i class=\"fas fa-minus\"><\/i><\/span><\/a><\/span><\/div><div class=\"wp-block-getwid-accordion__content-wrapper\"><div class=\"wp-block-getwid-accordion__content\">\n<p>2n i 3r cicle d&#8217;educaci\u00f3 prim\u00e0ria i educaci\u00f3 secund\u00e0ria<\/p>\n<\/div><\/div>\n\n\n\n<div class=\"wp-block-getwid-accordion__header-wrapper\"><span class=\"wp-block-getwid-accordion__header\"><a href=\"#\"><span class=\"wp-block-getwid-accordion__header-title\"><strong>Consulta la guia did\u00e0ctica<\/strong><\/span><span class=\"wp-block-getwid-accordion__icon is-active\"><i class=\"fas fa-plus\"><\/i><\/span><span class=\"wp-block-getwid-accordion__icon is-passive\"><i class=\"fas fa-minus\"><\/i><\/span><\/a><\/span><\/div><div class=\"wp-block-getwid-accordion__content-wrapper\"><div class=\"wp-block-getwid-accordion__content\">\n<p><a href=\"https:\/\/docs.google.com\/document\/d\/1-s9rPfHJywrL8jJ1HP9lct3kxN3MfXlIXmP_LfdiKo4\/edit?tab=t.0\" target=\"_blank\" rel=\"noreferrer noopener\">Lot de llibres personatges hist\u00f2rics<\/a><\/p>\n<\/div><\/div>\n<\/div>\n\n\n\n<p><\/p>\n\n\n\n<div class=\"wp-block-buttons is-content-justification-center is-layout-flex wp-container-core-buttons-is-layout-16 wp-block-buttons-is-layout-flex\">\n<div class=\"wp-block-button\"><a class=\"wp-block-button__link wp-element-button\" href=\"https:\/\/airtable.com\/app9soTLAzBfBeX8a\/shrL15jW4HDEwnk7s\/tblWKzHBvO6RAxMCt\" target=\"_blank\" rel=\"noreferrer noopener\">Reservar<\/a><\/div>\n<\/div>\n<\/div><\/div><\/div>\n<\/div>\n\n\n\n<p class=\"has-ast-global-color-1-color has-text-color has-link-color wp-elements-3605a9ffa0d2c30522d0187350213700\"><\/p>\n<\/div>\n\n\n\n<div class=\"wp-block-column is-layout-flow wp-block-column-is-layout-flow\">\n<p class=\"has-ast-global-color-1-color has-text-color has-link-color wp-elements-3605a9ffa0d2c30522d0187350213700\"><\/p>\n<\/div>\n<\/div>\n\n\n\n<p><\/p>\n<\/div><\/div>\n\n\n\n<div class=\"wp-block-getwid-tabs__nav-link\"><span class=\"wp-block-getwid-tabs__title-wrapper\"><a href=\"#\"><span class=\"wp-block-getwid-tabs__title\">Audiovisuals<\/span><\/a><\/span><\/div><div class=\"wp-block-getwid-tabs__tab-content-wrapper\"><div class=\"wp-block-getwid-tabs__tab-content\">\n<p><\/p>\n\n\n\n<div class=\"wp-block-columns is-layout-flex wp-container-core-columns-is-layout-9 wp-block-columns-is-layout-flex\">\n<div class=\"wp-block-column is-layout-flow wp-block-column-is-layout-flow\">\n<figure class=\"wp-block-image size-full\"><a href=\"https:\/\/serveiseducatius.xtec.cat\/hospitalet\/wp-content\/uploads\/usu542\/2025\/12\/Altavoz_Autoamplificado_Behringer_B215D.jpg\"><img loading=\"lazy\" decoding=\"async\" width=\"320\" height=\"200\" src=\"https:\/\/serveiseducatius.xtec.cat\/hospitalet\/wp-content\/uploads\/usu542\/2025\/12\/Altavoz_Autoamplificado_Behringer_B215D.jpg\" alt=\"\" class=\"wp-image-23875\" style=\"aspect-ratio:1;object-fit:cover\" srcset=\"https:\/\/serveiseducatius.xtec.cat\/hospitalet\/wp-content\/uploads\/usu542\/2025\/12\/Altavoz_Autoamplificado_Behringer_B215D.jpg 320w, https:\/\/serveiseducatius.xtec.cat\/hospitalet\/wp-content\/uploads\/usu542\/2025\/12\/Altavoz_Autoamplificado_Behringer_B215D-300x188.jpg 300w\" sizes=\"auto, (max-width: 320px) 100vw, 320px\" \/><\/a><\/figure>\n\n\n\n<div class=\"wp-block-getwid-toggle has-icon-left\">\n<div class=\"wp-block-getwid-toggle__row\"><div class=\"wp-block-getwid-toggle__header-wrapper\"><span class=\"wp-block-getwid-toggle__header\"><a href=\"#\"><span class=\"wp-block-getwid-toggle__header-title\"><strong>Equip megafonia<\/strong><\/span><span class=\"wp-block-getwid-toggle__icon is-active\"><i class=\"fab fa-google-play\"><\/i><\/span><span class=\"wp-block-getwid-toggle__icon is-passive\"><i class=\"\"><\/i><\/span><\/a><\/span><\/div><div class=\"wp-block-getwid-toggle__content-wrapper\"><div class=\"wp-block-getwid-toggle__content\">\n<div class=\"wp-block-getwid-accordion has-icon-left\" data-active-element=\"none\">\n<div class=\"wp-block-getwid-accordion__header-wrapper\"><span class=\"wp-block-getwid-accordion__header\"><a href=\"#\"><span class=\"wp-block-getwid-accordion__header-title\"><strong>Descripci\u00f3<\/strong><\/span><span class=\"wp-block-getwid-accordion__icon is-active\"><i class=\"fas fa-plus\"><\/i><\/span><span class=\"wp-block-getwid-accordion__icon is-passive\"><i class=\"fas fa-minus\"><\/i><\/span><\/a><\/span><\/div><div class=\"wp-block-getwid-accordion__content-wrapper\"><div class=\"wp-block-getwid-accordion__content\">\n<p>Equip amplificador de so port\u00e0til, amb altaveu integrat. Disposa de&nbsp;connexi\u00f3 tipus jack que permet la connexi\u00f3 d\u2019un micr\u00f2fon o d\u2019altres aparells d\u2019audio (mono o est\u00e9reo) amb nivell de senyal de l\u00ednia (p.e. lector CD o lector DVD, lector USB o de targes SD i pletina).&nbsp;Funciona endollat al corrent altern.<\/p>\n<\/div><\/div>\n\n\n\n<div class=\"wp-block-getwid-accordion__header-wrapper\"><span class=\"wp-block-getwid-accordion__header\"><a href=\"#\"><span class=\"wp-block-getwid-accordion__header-title\"><strong>Destinataris <\/strong><\/span><span class=\"wp-block-getwid-accordion__icon is-active\"><i class=\"fas fa-plus\"><\/i><\/span><span class=\"wp-block-getwid-accordion__icon is-passive\"><i class=\"fas fa-minus\"><\/i><\/span><\/a><\/span><\/div><div class=\"wp-block-getwid-accordion__content-wrapper\"><div class=\"wp-block-getwid-accordion__content\">\n<p>Centres educatius<\/p>\n<\/div><\/div>\n\n\n\n<div class=\"wp-block-getwid-accordion__header-wrapper\"><span class=\"wp-block-getwid-accordion__header\"><a href=\"#\"><span class=\"wp-block-getwid-accordion__header-title\"><strong>Consulta la guia did\u00e0ctica<\/strong><\/span><span class=\"wp-block-getwid-accordion__icon is-active\"><i class=\"fas fa-plus\"><\/i><\/span><span class=\"wp-block-getwid-accordion__icon is-passive\"><i class=\"fas fa-minus\"><\/i><\/span><\/a><\/span><\/div><div class=\"wp-block-getwid-accordion__content-wrapper\"><div class=\"wp-block-getwid-accordion__content\">\n<p><a href=\"https:\/\/serveiseducatius.xtec.cat\/hospitalet\/general\/equip-de-megafonia\/\" target=\"_blank\" rel=\"noreferrer noopener\">Equip de megafonia<\/a><\/p>\n\n\n\n<p><\/p>\n\n\n\n<p><\/p>\n<\/div><\/div>\n<\/div>\n\n\n\n<p><\/p>\n\n\n\n<div class=\"wp-block-buttons is-content-justification-center is-layout-flex wp-container-core-buttons-is-layout-17 wp-block-buttons-is-layout-flex\">\n<div class=\"wp-block-button\"><a class=\"wp-block-button__link wp-element-button\" href=\"https:\/\/airtable.com\/app9soTLAzBfBeX8a\/shrL15jW4HDEwnk7s\/tblWKzHBvO6RAxMCt\" target=\"_blank\" rel=\"noreferrer noopener\">Reserva<\/a><\/div>\n<\/div>\n<\/div><\/div><\/div>\n<\/div>\n\n\n\n<p class=\"has-ast-global-color-1-color has-text-color has-link-color wp-elements-3605a9ffa0d2c30522d0187350213700\"><\/p>\n<\/div>\n\n\n\n<div class=\"wp-block-column is-layout-flow wp-block-column-is-layout-flow\">\n<figure class=\"wp-block-image size-full\"><a href=\"https:\/\/serveiseducatius.xtec.cat\/hospitalet\/wp-content\/uploads\/usu542\/2025\/12\/1.png\"><img loading=\"lazy\" decoding=\"async\" width=\"632\" height=\"610\" src=\"https:\/\/serveiseducatius.xtec.cat\/hospitalet\/wp-content\/uploads\/usu542\/2025\/12\/1.png\" alt=\"\" class=\"wp-image-23876\" style=\"aspect-ratio:1;object-fit:cover\" srcset=\"https:\/\/serveiseducatius.xtec.cat\/hospitalet\/wp-content\/uploads\/usu542\/2025\/12\/1.png 632w, https:\/\/serveiseducatius.xtec.cat\/hospitalet\/wp-content\/uploads\/usu542\/2025\/12\/1-300x290.png 300w\" sizes=\"auto, (max-width: 632px) 100vw, 632px\" \/><\/a><\/figure>\n\n\n\n<div class=\"wp-block-getwid-toggle has-icon-left\">\n<div class=\"wp-block-getwid-toggle__row\"><div class=\"wp-block-getwid-toggle__header-wrapper\"><span class=\"wp-block-getwid-toggle__header\"><a href=\"#\"><span class=\"wp-block-getwid-toggle__header-title\"><strong>Altaveu port\u00e0til<\/strong><\/span><span class=\"wp-block-getwid-toggle__icon is-active\"><i class=\"fab fa-google-play\"><\/i><\/span><span class=\"wp-block-getwid-toggle__icon is-passive\"><i class=\"\"><\/i><\/span><\/a><\/span><\/div><div class=\"wp-block-getwid-toggle__content-wrapper\"><div class=\"wp-block-getwid-toggle__content\">\n<div class=\"wp-block-getwid-accordion has-icon-left\" data-active-element=\"none\">\n<div class=\"wp-block-getwid-accordion__header-wrapper\"><span class=\"wp-block-getwid-accordion__header\"><a href=\"#\"><span class=\"wp-block-getwid-accordion__header-title\"><strong>Descripci\u00f3<\/strong><\/span><span class=\"wp-block-getwid-accordion__icon is-active\"><i class=\"fas fa-plus\"><\/i><\/span><span class=\"wp-block-getwid-accordion__icon is-passive\"><i class=\"fas fa-minus\"><\/i><\/span><\/a><\/span><\/div><div class=\"wp-block-getwid-accordion__content-wrapper\"><div class=\"wp-block-getwid-accordion__content\">\n<p>Aquest altaveu port\u00e0til amb rodes t\u00e9:<\/p>\n\n\n\n<ul class=\"wp-block-list\">\n<li>Una pot\u00e8ncia de 40W RMS.<\/li>\n\n\n\n<li>Bateria recarregable ( autonomia de 3h a 5h ).<\/li>\n\n\n\n<li>Sintonitzador digital FM.<\/li>\n\n\n\n<li>Micr\u00f2fon amb cable.<\/li>\n\n\n\n<li>Lector de targetes.<\/li>\n\n\n\n<li>Entrada USB.<\/li>\n\n\n\n<li>Bluetooth integrat (Muscle Pro).<\/li>\n\n\n\n<li>Connexi\u00f3 auxiliar.<\/li>\n<\/ul>\n\n\n\n<p>El kit inclou un comandament a dist\u00e0ncia, altaveu amplificador, micr\u00f2fon amb cable i cable connexi\u00f3 el\u00e8ctrica.<\/p>\n<\/div><\/div>\n\n\n\n<div class=\"wp-block-getwid-accordion__header-wrapper\"><span class=\"wp-block-getwid-accordion__header\"><a href=\"#\"><span class=\"wp-block-getwid-accordion__header-title\"><strong>Destinataris <\/strong><\/span><span class=\"wp-block-getwid-accordion__icon is-active\"><i class=\"fas fa-plus\"><\/i><\/span><span class=\"wp-block-getwid-accordion__icon is-passive\"><i class=\"fas fa-minus\"><\/i><\/span><\/a><\/span><\/div><div class=\"wp-block-getwid-accordion__content-wrapper\"><div class=\"wp-block-getwid-accordion__content\">\n<p>Centres educatius<\/p>\n<\/div><\/div>\n\n\n\n<div class=\"wp-block-getwid-accordion__header-wrapper\"><span class=\"wp-block-getwid-accordion__header\"><a href=\"#\"><span class=\"wp-block-getwid-accordion__header-title\"><strong>Consulta la guia did\u00e0ctica<\/strong><\/span><span class=\"wp-block-getwid-accordion__icon is-active\"><i class=\"fas fa-plus\"><\/i><\/span><span class=\"wp-block-getwid-accordion__icon is-passive\"><i class=\"fas fa-minus\"><\/i><\/span><\/a><\/span><\/div><div class=\"wp-block-getwid-accordion__content-wrapper\"><div class=\"wp-block-getwid-accordion__content\">\n<p><a href=\"https:\/\/serveiseducatius.xtec.cat\/hospitalet\/general\/altaveu-portatil\/\" target=\"_blank\" rel=\"noreferrer noopener\">Altaveu port\u00e0til<\/a><\/p>\n<\/div><\/div>\n<\/div>\n\n\n\n<p><\/p>\n\n\n\n<div class=\"wp-block-buttons is-content-justification-center is-layout-flex wp-container-core-buttons-is-layout-18 wp-block-buttons-is-layout-flex\">\n<div class=\"wp-block-button\"><a class=\"wp-block-button__link wp-element-button\" href=\"https:\/\/airtable.com\/app9soTLAzBfBeX8a\/shrL15jW4HDEwnk7s\/tblWKzHBvO6RAxMCt\" target=\"_blank\" rel=\"noreferrer noopener\">Reserva<\/a><\/div>\n<\/div>\n<\/div><\/div><\/div>\n<\/div>\n\n\n\n<p class=\"has-ast-global-color-1-color has-text-color has-link-color wp-elements-3605a9ffa0d2c30522d0187350213700\"><\/p>\n<\/div>\n\n\n\n<div class=\"wp-block-column is-layout-flow wp-block-column-is-layout-flow\">\n<figure class=\"wp-block-image size-full\"><a href=\"https:\/\/serveiseducatius.xtec.cat\/hospitalet\/wp-content\/uploads\/usu542\/2025\/12\/Disseny-sense-titol-6.png\"><img loading=\"lazy\" decoding=\"async\" width=\"1920\" height=\"1080\" src=\"https:\/\/serveiseducatius.xtec.cat\/hospitalet\/wp-content\/uploads\/usu542\/2025\/12\/Disseny-sense-titol-6.png\" alt=\"\" class=\"wp-image-23880\" style=\"aspect-ratio:1;object-fit:cover\" srcset=\"https:\/\/serveiseducatius.xtec.cat\/hospitalet\/wp-content\/uploads\/usu542\/2025\/12\/Disseny-sense-titol-6.png 1920w, https:\/\/serveiseducatius.xtec.cat\/hospitalet\/wp-content\/uploads\/usu542\/2025\/12\/Disseny-sense-titol-6-300x169.png 300w, https:\/\/serveiseducatius.xtec.cat\/hospitalet\/wp-content\/uploads\/usu542\/2025\/12\/Disseny-sense-titol-6-1024x576.png 1024w, https:\/\/serveiseducatius.xtec.cat\/hospitalet\/wp-content\/uploads\/usu542\/2025\/12\/Disseny-sense-titol-6-768x432.png 768w, https:\/\/serveiseducatius.xtec.cat\/hospitalet\/wp-content\/uploads\/usu542\/2025\/12\/Disseny-sense-titol-6-1536x864.png 1536w\" sizes=\"auto, (max-width: 1920px) 100vw, 1920px\" \/><\/a><\/figure>\n\n\n\n<div class=\"wp-block-getwid-toggle has-icon-left\">\n<div class=\"wp-block-getwid-toggle__row\"><div class=\"wp-block-getwid-toggle__header-wrapper\"><span class=\"wp-block-getwid-toggle__header\"><a href=\"#\"><span class=\"wp-block-getwid-toggle__header-title\"><strong>V\u00eddeo projector<\/strong><\/span><span class=\"wp-block-getwid-toggle__icon is-active\"><i class=\"fab fa-google-play\"><\/i><\/span><span class=\"wp-block-getwid-toggle__icon is-passive\"><i class=\"\"><\/i><\/span><\/a><\/span><\/div><div class=\"wp-block-getwid-toggle__content-wrapper\"><div class=\"wp-block-getwid-toggle__content\">\n<div class=\"wp-block-getwid-accordion has-icon-left\" data-active-element=\"none\">\n<div class=\"wp-block-getwid-accordion__header-wrapper\"><span class=\"wp-block-getwid-accordion__header\"><a href=\"#\"><span class=\"wp-block-getwid-accordion__header-title\"><strong>Descripci\u00f3<\/strong><\/span><span class=\"wp-block-getwid-accordion__icon is-active\"><i class=\"fas fa-plus\"><\/i><\/span><span class=\"wp-block-getwid-accordion__icon is-passive\"><i class=\"fas fa-minus\"><\/i><\/span><\/a><\/span><\/div><div class=\"wp-block-getwid-accordion__content-wrapper\"><div class=\"wp-block-getwid-accordion__content\">\n<p>V\u00eddeo projector Hitachi port\u00e0til.<\/p>\n\n\n\n<p><\/p>\n<\/div><\/div>\n\n\n\n<div class=\"wp-block-getwid-accordion__header-wrapper\"><span class=\"wp-block-getwid-accordion__header\"><a href=\"#\"><span class=\"wp-block-getwid-accordion__header-title\"><strong>Destinataris <\/strong><\/span><span class=\"wp-block-getwid-accordion__icon is-active\"><i class=\"fas fa-plus\"><\/i><\/span><span class=\"wp-block-getwid-accordion__icon is-passive\"><i class=\"fas fa-minus\"><\/i><\/span><\/a><\/span><\/div><div class=\"wp-block-getwid-accordion__content-wrapper\"><div class=\"wp-block-getwid-accordion__content\">\n<p>Centres educatius<\/p>\n<\/div><\/div>\n\n\n\n<div class=\"wp-block-getwid-accordion__header-wrapper\"><span class=\"wp-block-getwid-accordion__header\"><a href=\"#\"><span class=\"wp-block-getwid-accordion__header-title\"><strong>Consulta la guia did\u00e0ctica<\/strong><\/span><span class=\"wp-block-getwid-accordion__icon is-active\"><i class=\"fas fa-plus\"><\/i><\/span><span class=\"wp-block-getwid-accordion__icon is-passive\"><i class=\"fas fa-minus\"><\/i><\/span><\/a><\/span><\/div><div class=\"wp-block-getwid-accordion__content-wrapper\"><div class=\"wp-block-getwid-accordion__content\">\n<p><a href=\"https:\/\/serveiseducatius.xtec.cat\/hospitalet\/general\/video-projector\/\" target=\"_blank\" rel=\"noreferrer noopener\">V\u00eddeo projector<\/a><\/p>\n<\/div><\/div>\n<\/div>\n\n\n\n<p><\/p>\n\n\n\n<div class=\"wp-block-buttons is-content-justification-center is-layout-flex wp-container-core-buttons-is-layout-19 wp-block-buttons-is-layout-flex\">\n<div class=\"wp-block-button\"><a class=\"wp-block-button__link wp-element-button\" href=\"https:\/\/airtable.com\/app9soTLAzBfBeX8a\/shrL15jW4HDEwnk7s\/tblWKzHBvO6RAxMCt\" target=\"_blank\" rel=\"noreferrer noopener\">Reserva<\/a><\/div>\n<\/div>\n<\/div><\/div><\/div>\n<\/div>\n\n\n\n<p class=\"has-ast-global-color-1-color has-text-color has-link-color wp-elements-3605a9ffa0d2c30522d0187350213700\"><\/p>\n<\/div>\n<\/div>\n\n\n\n<p><\/p>\n\n\n\n<div class=\"wp-block-columns is-layout-flex wp-container-core-columns-is-layout-10 wp-block-columns-is-layout-flex\">\n<div class=\"wp-block-column is-layout-flow wp-block-column-is-layout-flow\">\n<figure class=\"wp-block-image size-full\"><a href=\"https:\/\/serveiseducatius.xtec.cat\/hospitalet\/wp-content\/uploads\/usu542\/2025\/12\/Disseny-sense-titol-11.png\"><img loading=\"lazy\" decoding=\"async\" width=\"1024\" height=\"768\" src=\"https:\/\/serveiseducatius.xtec.cat\/hospitalet\/wp-content\/uploads\/usu542\/2025\/12\/Disseny-sense-titol-11.png\" alt=\"\" class=\"wp-image-23899\" style=\"aspect-ratio:1;object-fit:cover\" srcset=\"https:\/\/serveiseducatius.xtec.cat\/hospitalet\/wp-content\/uploads\/usu542\/2025\/12\/Disseny-sense-titol-11.png 1024w, https:\/\/serveiseducatius.xtec.cat\/hospitalet\/wp-content\/uploads\/usu542\/2025\/12\/Disseny-sense-titol-11-300x225.png 300w, https:\/\/serveiseducatius.xtec.cat\/hospitalet\/wp-content\/uploads\/usu542\/2025\/12\/Disseny-sense-titol-11-768x576.png 768w\" sizes=\"auto, (max-width: 1024px) 100vw, 1024px\" \/><\/a><\/figure>\n\n\n\n<div class=\"wp-block-getwid-toggle has-icon-left\">\n<div class=\"wp-block-getwid-toggle__row\"><div class=\"wp-block-getwid-toggle__header-wrapper\"><span class=\"wp-block-getwid-toggle__header\"><a href=\"#\"><span class=\"wp-block-getwid-toggle__header-title\"><strong>R\u00e0dio xtec<\/strong><\/span><span class=\"wp-block-getwid-toggle__icon is-active\"><i class=\"fab fa-google-play\"><\/i><\/span><span class=\"wp-block-getwid-toggle__icon is-passive\"><i class=\"\"><\/i><\/span><\/a><\/span><\/div><div class=\"wp-block-getwid-toggle__content-wrapper\"><div class=\"wp-block-getwid-toggle__content\">\n<div class=\"wp-block-getwid-accordion has-icon-left\" data-active-element=\"none\">\n<div class=\"wp-block-getwid-accordion__header-wrapper\"><span class=\"wp-block-getwid-accordion__header\"><a href=\"#\"><span class=\"wp-block-getwid-accordion__header-title\"><strong>Descripci\u00f3<\/strong><\/span><span class=\"wp-block-getwid-accordion__icon is-active\"><i class=\"fas fa-plus\"><\/i><\/span><span class=\"wp-block-getwid-accordion__icon is-passive\"><i class=\"fas fa-minus\"><\/i><\/span><\/a><\/span><\/div><div class=\"wp-block-getwid-accordion__content-wrapper\"><div class=\"wp-block-getwid-accordion__content\">\n<p>La maleta XTEC-R\u00e0dio inclou l\u2019equip necessari per a produir programes radiof\u00f2nics. Simula un estudi de producci\u00f3 de r\u00e0dio amb una taula de mescles per combinar les entrades de cinc micr\u00f2fons, i altres entrades de so (com 2 CD integrats), efectes especials, etc.<\/p>\n\n\n\n<p><\/p>\n<\/div><\/div>\n\n\n\n<div class=\"wp-block-getwid-accordion__header-wrapper\"><span class=\"wp-block-getwid-accordion__header\"><a href=\"#\"><span class=\"wp-block-getwid-accordion__header-title\"><strong>Destinataris <\/strong><\/span><span class=\"wp-block-getwid-accordion__icon is-active\"><i class=\"fas fa-plus\"><\/i><\/span><span class=\"wp-block-getwid-accordion__icon is-passive\"><i class=\"fas fa-minus\"><\/i><\/span><\/a><\/span><\/div><div class=\"wp-block-getwid-accordion__content-wrapper\"><div class=\"wp-block-getwid-accordion__content\">\n<p>Centres educatius<\/p>\n<\/div><\/div>\n\n\n\n<div class=\"wp-block-getwid-accordion__header-wrapper\"><span class=\"wp-block-getwid-accordion__header\"><a href=\"#\"><span class=\"wp-block-getwid-accordion__header-title\"><strong>Consulta la guia did\u00e0ctica<\/strong><\/span><span class=\"wp-block-getwid-accordion__icon is-active\"><i class=\"fas fa-plus\"><\/i><\/span><span class=\"wp-block-getwid-accordion__icon is-passive\"><i class=\"fas fa-minus\"><\/i><\/span><\/a><\/span><\/div><div class=\"wp-block-getwid-accordion__content-wrapper\"><div class=\"wp-block-getwid-accordion__content\">\n<p><a href=\"https:\/\/serveiseducatius.xtec.cat\/hospitalet\/general\/kit-xtec-radio\/\" target=\"_blank\" rel=\"noreferrer noopener\">Kit r\u00e0dio xtec<\/a><\/p>\n\n\n\n<p><\/p>\n\n\n\n<p><\/p>\n<\/div><\/div>\n<\/div>\n\n\n\n<p><\/p>\n\n\n\n<div class=\"wp-block-buttons is-content-justification-center is-layout-flex wp-container-core-buttons-is-layout-20 wp-block-buttons-is-layout-flex\">\n<div class=\"wp-block-button\"><a class=\"wp-block-button__link wp-element-button\" href=\"https:\/\/airtable.com\/app9soTLAzBfBeX8a\/shrL15jW4HDEwnk7s\/tblWKzHBvO6RAxMCt\" target=\"_blank\" rel=\"noreferrer noopener\">Reserva<\/a><\/div>\n<\/div>\n<\/div><\/div><\/div>\n<\/div>\n\n\n\n<p class=\"has-ast-global-color-1-color has-text-color has-link-color wp-elements-3605a9ffa0d2c30522d0187350213700\"><\/p>\n<\/div>\n\n\n\n<div class=\"wp-block-column is-layout-flow wp-block-column-is-layout-flow\">\n<figure class=\"wp-block-image size-full\"><a href=\"https:\/\/serveiseducatius.xtec.cat\/hospitalet\/wp-content\/uploads\/usu542\/2025\/12\/Disseny-sense-titol-12.png\"><img loading=\"lazy\" decoding=\"async\" width=\"1024\" height=\"768\" src=\"https:\/\/serveiseducatius.xtec.cat\/hospitalet\/wp-content\/uploads\/usu542\/2025\/12\/Disseny-sense-titol-12.png\" alt=\"\" class=\"wp-image-23901\" style=\"aspect-ratio:1;object-fit:cover\" srcset=\"https:\/\/serveiseducatius.xtec.cat\/hospitalet\/wp-content\/uploads\/usu542\/2025\/12\/Disseny-sense-titol-12.png 1024w, https:\/\/serveiseducatius.xtec.cat\/hospitalet\/wp-content\/uploads\/usu542\/2025\/12\/Disseny-sense-titol-12-300x225.png 300w, https:\/\/serveiseducatius.xtec.cat\/hospitalet\/wp-content\/uploads\/usu542\/2025\/12\/Disseny-sense-titol-12-768x576.png 768w\" sizes=\"auto, (max-width: 1024px) 100vw, 1024px\" \/><\/a><\/figure>\n\n\n\n<div class=\"wp-block-getwid-toggle has-icon-left\">\n<div class=\"wp-block-getwid-toggle__row\"><div class=\"wp-block-getwid-toggle__header-wrapper\"><span class=\"wp-block-getwid-toggle__header\"><a href=\"#\"><span class=\"wp-block-getwid-toggle__header-title\"><strong>Kit  r\u00e0dio<\/strong><\/span><span class=\"wp-block-getwid-toggle__icon is-active\"><i class=\"fab fa-google-play\"><\/i><\/span><span class=\"wp-block-getwid-toggle__icon is-passive\"><i class=\"\"><\/i><\/span><\/a><\/span><\/div><div class=\"wp-block-getwid-toggle__content-wrapper\"><div class=\"wp-block-getwid-toggle__content\">\n<div class=\"wp-block-getwid-accordion has-icon-left\" data-active-element=\"none\">\n<div class=\"wp-block-getwid-accordion__header-wrapper\"><span class=\"wp-block-getwid-accordion__header\"><a href=\"#\"><span class=\"wp-block-getwid-accordion__header-title\"><strong>Descripci\u00f3<\/strong><\/span><span class=\"wp-block-getwid-accordion__icon is-active\"><i class=\"fas fa-plus\"><\/i><\/span><span class=\"wp-block-getwid-accordion__icon is-passive\"><i class=\"fas fa-minus\"><\/i><\/span><\/a><\/span><\/div><div class=\"wp-block-getwid-accordion__content-wrapper\"><div class=\"wp-block-getwid-accordion__content\">\n<p>La maleta XTEC-R\u00e0dio inclou l\u2019equip necessari per a produir programes radiof\u00f2nics: <\/p>\n\n\n\n<p>Taula de so (Mackie PROFX12V2)<\/p>\n\n\n\n<p>Distribu\u00efdor de so per a auriculars (Fonestar FDA10)<\/p>\n\n\n\n<p>5 micr\u00f2fons + cable (OQAN QMD20)<\/p>\n\n\n\n<p>5 auriculars (OQAN QHP10)<\/p>\n\n\n\n<p>5 peus de micr\u00f2fon de sobretaula<\/p>\n\n\n\n<p>Cablejat per a les connexions<\/p>\n<\/div><\/div>\n\n\n\n<div class=\"wp-block-getwid-accordion__header-wrapper\"><span class=\"wp-block-getwid-accordion__header\"><a href=\"#\"><span class=\"wp-block-getwid-accordion__header-title\"><strong>Destinataris <\/strong><\/span><span class=\"wp-block-getwid-accordion__icon is-active\"><i class=\"fas fa-plus\"><\/i><\/span><span class=\"wp-block-getwid-accordion__icon is-passive\"><i class=\"fas fa-minus\"><\/i><\/span><\/a><\/span><\/div><div class=\"wp-block-getwid-accordion__content-wrapper\"><div class=\"wp-block-getwid-accordion__content\">\n<p>Centres educatius<\/p>\n<\/div><\/div>\n\n\n\n<div class=\"wp-block-getwid-accordion__header-wrapper\"><span class=\"wp-block-getwid-accordion__header\"><a href=\"#\"><span class=\"wp-block-getwid-accordion__header-title\"><strong>Consulta la guia did\u00e0ctica<\/strong><\/span><span class=\"wp-block-getwid-accordion__icon is-active\"><i class=\"fas fa-plus\"><\/i><\/span><span class=\"wp-block-getwid-accordion__icon is-passive\"><i class=\"fas fa-minus\"><\/i><\/span><\/a><\/span><\/div><div class=\"wp-block-getwid-accordion__content-wrapper\"><div class=\"wp-block-getwid-accordion__content\">\n<p><a href=\"https:\/\/docs.google.com\/document\/d\/167wo9cyB6ZKfixMX-qMOqhkZ3rlHDeD26g0xu1XFiGE\/edit?tab=t.0\" target=\"_blank\" rel=\"noreferrer noopener\">Kit r\u00e0dio CRP<\/a><\/p>\n\n\n\n<p><\/p>\n\n\n\n<div class=\"wp-block-buttons is-layout-flex wp-block-buttons-is-layout-flex\">\n<div class=\"wp-block-button\"><a class=\"wp-block-button__link wp-element-button\" href=\"https:\/\/airtable.com\/app9soTLAzBfBeX8a\/shrL15jW4HDEwnk7s\/tblWKzHBvO6RAxMCt\" target=\"_blank\" rel=\"noreferrer noopener\">Reserva<\/a><\/div>\n<\/div>\n<\/div><\/div>\n<\/div>\n\n\n\n<p><\/p>\n\n\n\n<div class=\"wp-block-buttons is-content-justification-center is-layout-flex wp-container-core-buttons-is-layout-22 wp-block-buttons-is-layout-flex\">\n<div class=\"wp-block-button\"><a class=\"wp-block-button__link wp-element-button\" href=\"https:\/\/airtable.com\/app9soTLAzBfBeX8a\/shrL15jW4HDEwnk7s\/tblWKzHBvO6RAxMCt\" target=\"_blank\" rel=\"noreferrer noopener\">Reserva<\/a><\/div>\n<\/div>\n<\/div><\/div><\/div>\n<\/div>\n\n\n\n<p class=\"has-ast-global-color-1-color has-text-color has-link-color wp-elements-3605a9ffa0d2c30522d0187350213700\"><\/p>\n<\/div>\n\n\n\n<div class=\"wp-block-column is-layout-flow wp-block-column-is-layout-flow\">\n<p class=\"has-ast-global-color-1-color has-text-color has-link-color wp-elements-3605a9ffa0d2c30522d0187350213700\"><\/p>\n<\/div>\n<\/div>\n\n\n\n<p><\/p>\n\n\n\n<p><\/p>\n<\/div><\/div>\n\n\n\n<div class=\"wp-block-getwid-tabs__nav-link\"><span class=\"wp-block-getwid-tabs__title-wrapper\"><a href=\"#\"><span class=\"wp-block-getwid-tabs__title\">Lectura<\/span><\/a><\/span><\/div><div class=\"wp-block-getwid-tabs__tab-content-wrapper\"><div class=\"wp-block-getwid-tabs__tab-content\">\n<div class=\"wp-block-columns is-layout-flex wp-container-core-columns-is-layout-13 wp-block-columns-is-layout-flex\">\n<div class=\"wp-block-column is-layout-flow wp-block-column-is-layout-flow\" style=\"flex-basis:100%\">\n<div class=\"wp-block-columns is-layout-flex wp-container-core-columns-is-layout-11 wp-block-columns-is-layout-flex\">\n<div class=\"wp-block-column is-layout-flow wp-block-column-is-layout-flow\">\n<figure class=\"wp-block-image size-full is-style-default\"><a href=\"https:\/\/serveiseducatius.xtec.cat\/hospitalet\/wp-content\/uploads\/usu542\/2025\/12\/Disseny-sense-titol-22.png\"><img loading=\"lazy\" decoding=\"async\" width=\"1024\" height=\"768\" src=\"https:\/\/serveiseducatius.xtec.cat\/hospitalet\/wp-content\/uploads\/usu542\/2025\/12\/Disseny-sense-titol-22.png\" alt=\"\" class=\"wp-image-24080\" style=\"aspect-ratio:16\/9;object-fit:cover\" srcset=\"https:\/\/serveiseducatius.xtec.cat\/hospitalet\/wp-content\/uploads\/usu542\/2025\/12\/Disseny-sense-titol-22.png 1024w, https:\/\/serveiseducatius.xtec.cat\/hospitalet\/wp-content\/uploads\/usu542\/2025\/12\/Disseny-sense-titol-22-300x225.png 300w, https:\/\/serveiseducatius.xtec.cat\/hospitalet\/wp-content\/uploads\/usu542\/2025\/12\/Disseny-sense-titol-22-768x576.png 768w\" sizes=\"auto, (max-width: 1024px) 100vw, 1024px\" \/><\/a><\/figure>\n\n\n\n<div class=\"wp-block-getwid-toggle has-icon-left\">\n<div class=\"wp-block-getwid-toggle__row\"><div class=\"wp-block-getwid-toggle__header-wrapper\"><span class=\"wp-block-getwid-toggle__header\"><a href=\"#\"><span class=\"wp-block-getwid-toggle__header-title\"><strong>Educaci\u00f3 infantil 0-3<\/strong><\/span><span class=\"wp-block-getwid-toggle__icon is-active\"><i class=\"fab fa-google-play\"><\/i><\/span><span class=\"wp-block-getwid-toggle__icon is-passive\"><i class=\"\"><\/i><\/span><\/a><\/span><\/div><div class=\"wp-block-getwid-toggle__content-wrapper\"><div class=\"wp-block-getwid-toggle__content\">\n<div class=\"wp-block-getwid-accordion has-icon-left\" data-active-element=\"none\">\n<div class=\"wp-block-getwid-accordion__header-wrapper\"><span class=\"wp-block-getwid-accordion__header\"><a href=\"#\"><span class=\"wp-block-getwid-accordion__header-title\"><strong>Descripci\u00f3<\/strong><\/span><span class=\"wp-block-getwid-accordion__icon is-active\"><i class=\"fas fa-plus\"><\/i><\/span><span class=\"wp-block-getwid-accordion__icon is-passive\"><i class=\"fas fa-minus\"><\/i><\/span><\/a><\/span><\/div><div class=\"wp-block-getwid-accordion__content-wrapper\"><div class=\"wp-block-getwid-accordion__content\">\n<p>Aquesta maleta pedag\u00f2gica inclou llibres i materials pensats per potenciar el gust per la lectura i enriquir la compet\u00e8ncia comunicativa i ling\u00fc\u00edstica del vostre alumnat. Est\u00e0 recomanada per a Educaci\u00f3 Infantil (0-3) i es pot adaptar f\u00e0cilment a altres grups d\u2019Infantil. Un recurs vers\u00e0til per crear moments de lectura compartida i d\u2019exploraci\u00f3 liter\u00e0ria.<\/p>\n<\/div><\/div>\n\n\n\n<div class=\"wp-block-getwid-accordion__header-wrapper\"><span class=\"wp-block-getwid-accordion__header\"><a href=\"#\"><span class=\"wp-block-getwid-accordion__header-title\"><strong>Destinataris <\/strong><\/span><span class=\"wp-block-getwid-accordion__icon is-active\"><i class=\"fas fa-plus\"><\/i><\/span><span class=\"wp-block-getwid-accordion__icon is-passive\"><i class=\"fas fa-minus\"><\/i><\/span><\/a><\/span><\/div><div class=\"wp-block-getwid-accordion__content-wrapper\"><div class=\"wp-block-getwid-accordion__content\">\n<p>Educaci\u00f3 infantil 0-3<\/p>\n\n\n\n<p><\/p>\n<\/div><\/div>\n\n\n\n<div class=\"wp-block-getwid-accordion__header-wrapper\"><span class=\"wp-block-getwid-accordion__header\"><a href=\"#\"><span class=\"wp-block-getwid-accordion__header-title\"><strong>Consulta la guia did\u00e0ctica<\/strong><\/span><span class=\"wp-block-getwid-accordion__icon is-active\"><i class=\"fas fa-plus\"><\/i><\/span><span class=\"wp-block-getwid-accordion__icon is-passive\"><i class=\"fas fa-minus\"><\/i><\/span><\/a><\/span><\/div><div class=\"wp-block-getwid-accordion__content-wrapper\"><div class=\"wp-block-getwid-accordion__content\">\n<p><a href=\"https:\/\/docs.google.com\/document\/d\/1Ua1gJZ8vy-QbHCP_4eBgmKoHPx2DV0N0X9TT-A8-bVg\/edit?tab=t.0\" target=\"_blank\" rel=\"noreferrer noopener\">Maleta d&#8217;Ed. Infantil 0-3<\/a><\/p>\n<\/div><\/div>\n<\/div>\n\n\n\n<p><\/p>\n\n\n\n<div class=\"wp-block-buttons is-content-justification-center is-layout-flex wp-container-core-buttons-is-layout-23 wp-block-buttons-is-layout-flex\">\n<div class=\"wp-block-button\"><a class=\"wp-block-button__link wp-element-button\" href=\"https:\/\/airtable.com\/app9soTLAzBfBeX8a\/shrL15jW4HDEwnk7s\/tblWKzHBvO6RAxMCt\" target=\"_blank\" rel=\"noreferrer noopener\">Reserva<\/a><\/div>\n<\/div>\n<\/div><\/div><\/div>\n<\/div>\n\n\n\n<p class=\"has-ast-global-color-1-color has-text-color has-link-color wp-elements-3605a9ffa0d2c30522d0187350213700\"><\/p>\n<\/div>\n\n\n\n<div class=\"wp-block-column is-layout-flow wp-block-column-is-layout-flow\">\n<figure class=\"wp-block-image size-full is-style-default\"><a href=\"https:\/\/serveiseducatius.xtec.cat\/hospitalet\/wp-content\/uploads\/usu542\/2025\/12\/Disseny-sense-titol-23.png\"><img loading=\"lazy\" decoding=\"async\" width=\"1024\" height=\"768\" src=\"https:\/\/serveiseducatius.xtec.cat\/hospitalet\/wp-content\/uploads\/usu542\/2025\/12\/Disseny-sense-titol-23.png\" alt=\"\" class=\"wp-image-24081\" style=\"aspect-ratio:16\/9;object-fit:cover\" srcset=\"https:\/\/serveiseducatius.xtec.cat\/hospitalet\/wp-content\/uploads\/usu542\/2025\/12\/Disseny-sense-titol-23.png 1024w, https:\/\/serveiseducatius.xtec.cat\/hospitalet\/wp-content\/uploads\/usu542\/2025\/12\/Disseny-sense-titol-23-300x225.png 300w, https:\/\/serveiseducatius.xtec.cat\/hospitalet\/wp-content\/uploads\/usu542\/2025\/12\/Disseny-sense-titol-23-768x576.png 768w\" sizes=\"auto, (max-width: 1024px) 100vw, 1024px\" \/><\/a><\/figure>\n\n\n\n<div class=\"wp-block-getwid-toggle has-icon-left\">\n<div class=\"wp-block-getwid-toggle__row\"><div class=\"wp-block-getwid-toggle__header-wrapper\"><span class=\"wp-block-getwid-toggle__header\"><a href=\"#\"><span class=\"wp-block-getwid-toggle__header-title\"><strong>Educaci\u00f3 infantil 3-6<\/strong><\/span><span class=\"wp-block-getwid-toggle__icon is-active\"><i class=\"fab fa-google-play\"><\/i><\/span><span class=\"wp-block-getwid-toggle__icon is-passive\"><i class=\"\"><\/i><\/span><\/a><\/span><\/div><div class=\"wp-block-getwid-toggle__content-wrapper\"><div class=\"wp-block-getwid-toggle__content\">\n<div class=\"wp-block-getwid-accordion has-icon-left\" data-active-element=\"none\">\n<div class=\"wp-block-getwid-accordion__header-wrapper\"><span class=\"wp-block-getwid-accordion__header\"><a href=\"#\"><span class=\"wp-block-getwid-accordion__header-title\"><strong>Descripci\u00f3<\/strong><\/span><span class=\"wp-block-getwid-accordion__icon is-active\"><i class=\"fas fa-plus\"><\/i><\/span><span class=\"wp-block-getwid-accordion__icon is-passive\"><i class=\"fas fa-minus\"><\/i><\/span><\/a><\/span><\/div><div class=\"wp-block-getwid-accordion__content-wrapper\"><div class=\"wp-block-getwid-accordion__content\">\n<p>Aquesta maleta pedag\u00f2gica inclou una selecci\u00f3 de llibres i materials per fomentar l\u2019h\u00e0bit lector i refor\u00e7ar la compet\u00e8ncia comunicativa i ling\u00fc\u00edstica a Educaci\u00f3 Infantil (3-6). Ofereix propostes d\u2019activitats abans, durant i despr\u00e9s de la lectura per treballar la comprensi\u00f3, el vocabulari i el gust per llegir. Un recurs vers\u00e0til que tamb\u00e9 es pot adaptar a cicle inicial.<\/p>\n<\/div><\/div>\n\n\n\n<div class=\"wp-block-getwid-accordion__header-wrapper\"><span class=\"wp-block-getwid-accordion__header\"><a href=\"#\"><span class=\"wp-block-getwid-accordion__header-title\"><strong>Destinataris <\/strong><\/span><span class=\"wp-block-getwid-accordion__icon is-active\"><i class=\"fas fa-plus\"><\/i><\/span><span class=\"wp-block-getwid-accordion__icon is-passive\"><i class=\"fas fa-minus\"><\/i><\/span><\/a><\/span><\/div><div class=\"wp-block-getwid-accordion__content-wrapper\"><div class=\"wp-block-getwid-accordion__content\">\n<p>Educaci\u00f3 infantil 3-6<\/p>\n<\/div><\/div>\n\n\n\n<div class=\"wp-block-getwid-accordion__header-wrapper\"><span class=\"wp-block-getwid-accordion__header\"><a href=\"#\"><span class=\"wp-block-getwid-accordion__header-title\"><strong>Consulta la guia did\u00e0ctica<\/strong><\/span><span class=\"wp-block-getwid-accordion__icon is-active\"><i class=\"fas fa-plus\"><\/i><\/span><span class=\"wp-block-getwid-accordion__icon is-passive\"><i class=\"fas fa-minus\"><\/i><\/span><\/a><\/span><\/div><div class=\"wp-block-getwid-accordion__content-wrapper\"><div class=\"wp-block-getwid-accordion__content\">\n<p><a href=\"https:\/\/docs.google.com\/document\/d\/1-13WEKk65lL-SIUaO0GpYa-T7MlsT_F9rtvfXC_ebqo\/edit?tab=t.0\" target=\"_blank\" rel=\"noreferrer noopener\">Maleta 1 Ed. Infantil 3-6<\/a><\/p>\n\n\n\n<p><a href=\"https:\/\/docs.google.com\/document\/d\/1LuymoJo2h8YJESw5onjkJyKlLiGCC95b_PnHrZPxzcc\/edit?tab=t.0\" target=\"_blank\" rel=\"noreferrer noopener\">Maleta 2 Ed. Infantil 3-6<\/a><\/p>\n<\/div><\/div>\n<\/div>\n\n\n\n<p><\/p>\n\n\n\n<div class=\"wp-block-buttons is-content-justification-center is-layout-flex wp-container-core-buttons-is-layout-24 wp-block-buttons-is-layout-flex\">\n<div class=\"wp-block-button\"><a class=\"wp-block-button__link wp-element-button\" href=\"https:\/\/airtable.com\/app9soTLAzBfBeX8a\/shrL15jW4HDEwnk7s\/tblWKzHBvO6RAxMCt\" target=\"_blank\" rel=\"noreferrer noopener\">Reserva<\/a><\/div>\n<\/div>\n<\/div><\/div><\/div>\n<\/div>\n\n\n\n<p class=\"has-ast-global-color-1-color has-text-color has-link-color wp-elements-3605a9ffa0d2c30522d0187350213700\"><\/p>\n<\/div>\n\n\n\n<div class=\"wp-block-column is-layout-flow wp-block-column-is-layout-flow\">\n<figure class=\"wp-block-image size-full is-style-default\"><a href=\"https:\/\/serveiseducatius.xtec.cat\/hospitalet\/wp-content\/uploads\/usu542\/2025\/12\/Disseny-sense-titol-24.png\"><img loading=\"lazy\" decoding=\"async\" width=\"1024\" height=\"768\" src=\"https:\/\/serveiseducatius.xtec.cat\/hospitalet\/wp-content\/uploads\/usu542\/2025\/12\/Disseny-sense-titol-24.png\" alt=\"\" class=\"wp-image-24082\" style=\"aspect-ratio:16\/9;object-fit:cover\" srcset=\"https:\/\/serveiseducatius.xtec.cat\/hospitalet\/wp-content\/uploads\/usu542\/2025\/12\/Disseny-sense-titol-24.png 1024w, https:\/\/serveiseducatius.xtec.cat\/hospitalet\/wp-content\/uploads\/usu542\/2025\/12\/Disseny-sense-titol-24-300x225.png 300w, https:\/\/serveiseducatius.xtec.cat\/hospitalet\/wp-content\/uploads\/usu542\/2025\/12\/Disseny-sense-titol-24-768x576.png 768w\" sizes=\"auto, (max-width: 1024px) 100vw, 1024px\" \/><\/a><\/figure>\n\n\n\n<div class=\"wp-block-getwid-toggle has-icon-left\">\n<div class=\"wp-block-getwid-toggle__row\"><div class=\"wp-block-getwid-toggle__header-wrapper\"><span class=\"wp-block-getwid-toggle__header\"><a href=\"#\"><span class=\"wp-block-getwid-toggle__header-title\"><strong>1r cicle de prim\u00e0ria<\/strong><\/span><span class=\"wp-block-getwid-toggle__icon is-active\"><i class=\"fab fa-google-play\"><\/i><\/span><span class=\"wp-block-getwid-toggle__icon is-passive\"><i class=\"\"><\/i><\/span><\/a><\/span><\/div><div class=\"wp-block-getwid-toggle__content-wrapper\"><div class=\"wp-block-getwid-toggle__content\">\n<div class=\"wp-block-getwid-accordion has-icon-left\" data-active-element=\"none\">\n<div class=\"wp-block-getwid-accordion__header-wrapper\"><span class=\"wp-block-getwid-accordion__header\"><a href=\"#\"><span class=\"wp-block-getwid-accordion__header-title\"><strong>Descripci\u00f3<\/strong><\/span><span class=\"wp-block-getwid-accordion__icon is-active\"><i class=\"fas fa-plus\"><\/i><\/span><span class=\"wp-block-getwid-accordion__icon is-passive\"><i class=\"fas fa-minus\"><\/i><\/span><\/a><\/span><\/div><div class=\"wp-block-getwid-accordion__content-wrapper\"><div class=\"wp-block-getwid-accordion__content\">\n<p>Aquesta maleta ofereix lectures variades i materials per consolidar els primers processos de comprensi\u00f3 lectora i ampliar el vocabulari. Inclou propostes d\u2019activitats per treballar la comprensi\u00f3 literal, inferencial i cr\u00edtica de manera guiada. Un recurs ideal per fomentar el gust per la lectura i refor\u00e7ar l\u2019expressi\u00f3 oral i escrita en aquestes edats.<\/p>\n<\/div><\/div>\n\n\n\n<div class=\"wp-block-getwid-accordion__header-wrapper\"><span class=\"wp-block-getwid-accordion__header\"><a href=\"#\"><span class=\"wp-block-getwid-accordion__header-title\"><strong>Destinataris <\/strong><\/span><span class=\"wp-block-getwid-accordion__icon is-active\"><i class=\"fas fa-plus\"><\/i><\/span><span class=\"wp-block-getwid-accordion__icon is-passive\"><i class=\"fas fa-minus\"><\/i><\/span><\/a><\/span><\/div><div class=\"wp-block-getwid-accordion__content-wrapper\"><div class=\"wp-block-getwid-accordion__content\">\n<p>1r cicle de prim\u00e0ria<\/p>\n<\/div><\/div>\n\n\n\n<div class=\"wp-block-getwid-accordion__header-wrapper\"><span class=\"wp-block-getwid-accordion__header\"><a href=\"#\"><span class=\"wp-block-getwid-accordion__header-title\"><strong>Consulta la guia did\u00e0ctica<\/strong><\/span><span class=\"wp-block-getwid-accordion__icon is-active\"><i class=\"fas fa-plus\"><\/i><\/span><span class=\"wp-block-getwid-accordion__icon is-passive\"><i class=\"fas fa-minus\"><\/i><\/span><\/a><\/span><\/div><div class=\"wp-block-getwid-accordion__content-wrapper\"><div class=\"wp-block-getwid-accordion__content\">\n<p><a href=\"https:\/\/docs.google.com\/document\/d\/1ki1b1Y6bHz8-5BLr9qvMe4AEnNu-FDJRtvR4EcKNpMw\/edit?tab=t.0\" target=\"_blank\" rel=\"noreferrer noopener\">Maleta 1 1r cicle de prim\u00e0ria<\/a><\/p>\n\n\n\n<p><a href=\"https:\/\/docs.google.com\/document\/d\/1HRFRI2IOYGvkwaa6aVmDzF5lTon_cmIbo2uLG1AiJDM\/edit?tab=t.0\" target=\"_blank\" rel=\"noreferrer noopener\">Maleta 2 1r cicle de prim\u00e0ria<\/a><\/p>\n<\/div><\/div>\n<\/div>\n\n\n\n<p><\/p>\n\n\n\n<div class=\"wp-block-buttons is-content-justification-center is-layout-flex wp-container-core-buttons-is-layout-25 wp-block-buttons-is-layout-flex\">\n<div class=\"wp-block-button\"><a class=\"wp-block-button__link wp-element-button\" href=\"https:\/\/airtable.com\/app9soTLAzBfBeX8a\/shrL15jW4HDEwnk7s\/tblWKzHBvO6RAxMCt\" target=\"_blank\" rel=\"noreferrer noopener\">Reserva<\/a><\/div>\n<\/div>\n<\/div><\/div><\/div>\n<\/div>\n\n\n\n<p class=\"has-ast-global-color-1-color has-text-color has-link-color wp-elements-3605a9ffa0d2c30522d0187350213700\"><\/p>\n<\/div>\n<\/div>\n\n\n\n<div class=\"wp-block-columns is-layout-flex wp-container-core-columns-is-layout-12 wp-block-columns-is-layout-flex\">\n<div class=\"wp-block-column is-layout-flow wp-block-column-is-layout-flow\">\n<figure class=\"wp-block-image size-full\"><a href=\"https:\/\/serveiseducatius.xtec.cat\/hospitalet\/wp-content\/uploads\/usu542\/2025\/12\/Disseny-sense-titol-25.png\"><img loading=\"lazy\" decoding=\"async\" width=\"1024\" height=\"768\" src=\"https:\/\/serveiseducatius.xtec.cat\/hospitalet\/wp-content\/uploads\/usu542\/2025\/12\/Disseny-sense-titol-25.png\" alt=\"\" class=\"wp-image-24084\" style=\"aspect-ratio:16\/9;object-fit:cover\" srcset=\"https:\/\/serveiseducatius.xtec.cat\/hospitalet\/wp-content\/uploads\/usu542\/2025\/12\/Disseny-sense-titol-25.png 1024w, https:\/\/serveiseducatius.xtec.cat\/hospitalet\/wp-content\/uploads\/usu542\/2025\/12\/Disseny-sense-titol-25-300x225.png 300w, https:\/\/serveiseducatius.xtec.cat\/hospitalet\/wp-content\/uploads\/usu542\/2025\/12\/Disseny-sense-titol-25-768x576.png 768w\" sizes=\"auto, (max-width: 1024px) 100vw, 1024px\" \/><\/a><\/figure>\n\n\n\n<div class=\"wp-block-getwid-toggle has-icon-left\">\n<div class=\"wp-block-getwid-toggle__row\"><div class=\"wp-block-getwid-toggle__header-wrapper\"><span class=\"wp-block-getwid-toggle__header\"><a href=\"#\"><span class=\"wp-block-getwid-toggle__header-title\"><strong>2n cicle de prim\u00e0ria<\/strong><\/span><span class=\"wp-block-getwid-toggle__icon is-active\"><i class=\"fab fa-google-play\"><\/i><\/span><span class=\"wp-block-getwid-toggle__icon is-passive\"><i class=\"\"><\/i><\/span><\/a><\/span><\/div><div class=\"wp-block-getwid-toggle__content-wrapper\"><div class=\"wp-block-getwid-toggle__content\">\n<div class=\"wp-block-getwid-accordion has-icon-left\" data-active-element=\"none\">\n<div class=\"wp-block-getwid-accordion__header-wrapper\"><span class=\"wp-block-getwid-accordion__header\"><a href=\"#\"><span class=\"wp-block-getwid-accordion__header-title\"><strong>Descripci\u00f3<\/strong><\/span><span class=\"wp-block-getwid-accordion__icon is-active\"><i class=\"fas fa-plus\"><\/i><\/span><span class=\"wp-block-getwid-accordion__icon is-passive\"><i class=\"fas fa-minus\"><\/i><\/span><\/a><\/span><\/div><div class=\"wp-block-getwid-accordion__content-wrapper\"><div class=\"wp-block-getwid-accordion__content\">\n<p>Una selecci\u00f3 de lectures atractives per estimular la comprensi\u00f3 lectora, l\u2019expressi\u00f3 escrita i el pensament cr\u00edtic. Ofereix activitats per aprofundir en l\u2019an\u00e0lisi de personatges, estructures narratives i connexions amb l\u2019entorn. Un recurs vers\u00e0til per potenciar h\u00e0bits lectors i la compet\u00e8ncia comunicativa.<\/p>\n<\/div><\/div>\n\n\n\n<div class=\"wp-block-getwid-accordion__header-wrapper\"><span class=\"wp-block-getwid-accordion__header\"><a href=\"#\"><span class=\"wp-block-getwid-accordion__header-title\"><strong>Destinataris <\/strong><\/span><span class=\"wp-block-getwid-accordion__icon is-active\"><i class=\"fas fa-plus\"><\/i><\/span><span class=\"wp-block-getwid-accordion__icon is-passive\"><i class=\"fas fa-minus\"><\/i><\/span><\/a><\/span><\/div><div class=\"wp-block-getwid-accordion__content-wrapper\"><div class=\"wp-block-getwid-accordion__content\">\n<p>2n cicle de prim\u00e0ria<\/p>\n<\/div><\/div>\n\n\n\n<div class=\"wp-block-getwid-accordion__header-wrapper\"><span class=\"wp-block-getwid-accordion__header\"><a href=\"#\"><span class=\"wp-block-getwid-accordion__header-title\"><strong>Consulta la guia did\u00e0ctica<\/strong><\/span><span class=\"wp-block-getwid-accordion__icon is-active\"><i class=\"fas fa-plus\"><\/i><\/span><span class=\"wp-block-getwid-accordion__icon is-passive\"><i class=\"fas fa-minus\"><\/i><\/span><\/a><\/span><\/div><div class=\"wp-block-getwid-accordion__content-wrapper\"><div class=\"wp-block-getwid-accordion__content\">\n<p><a href=\"https:\/\/docs.google.com\/document\/d\/1jeJGGb3wyS1QDEzCJ0_jWv5Y8BiYCkj87kS-tFtyLgc\/edit?tab=t.0\" target=\"_blank\" rel=\"noreferrer noopener\">Maleta 1 2n cicle de prim\u00e0ria<\/a><\/p>\n\n\n\n<p><a href=\"https:\/\/docs.google.com\/document\/d\/1fEmWJT_XUVKyT0bLb8T0JDonI3xm_5HIz0nc-ZAUWBE\/edit?tab=t.0\" target=\"_blank\" rel=\"noreferrer noopener\">Maleta 2 2n cicle de prim\u00e0ria<\/a><\/p>\n<\/div><\/div>\n<\/div>\n\n\n\n<p><\/p>\n\n\n\n<div class=\"wp-block-buttons is-content-justification-center is-layout-flex wp-container-core-buttons-is-layout-26 wp-block-buttons-is-layout-flex\">\n<div class=\"wp-block-button\"><a class=\"wp-block-button__link wp-element-button\" href=\"https:\/\/airtable.com\/app9soTLAzBfBeX8a\/shrL15jW4HDEwnk7s\/tblWKzHBvO6RAxMCt\" target=\"_blank\" rel=\"noreferrer noopener\">Reserva<\/a><\/div>\n<\/div>\n<\/div><\/div><\/div>\n<\/div>\n\n\n\n<p class=\"has-ast-global-color-1-color has-text-color has-link-color wp-elements-3605a9ffa0d2c30522d0187350213700\"><\/p>\n<\/div>\n\n\n\n<div class=\"wp-block-column is-layout-flow wp-block-column-is-layout-flow\">\n<figure class=\"wp-block-image size-full\"><a href=\"https:\/\/serveiseducatius.xtec.cat\/hospitalet\/wp-content\/uploads\/usu542\/2025\/12\/Disseny-sense-titol-26.png\"><img loading=\"lazy\" decoding=\"async\" width=\"1024\" height=\"768\" src=\"https:\/\/serveiseducatius.xtec.cat\/hospitalet\/wp-content\/uploads\/usu542\/2025\/12\/Disseny-sense-titol-26.png\" alt=\"\" class=\"wp-image-24085\" style=\"aspect-ratio:16\/9;object-fit:cover\" srcset=\"https:\/\/serveiseducatius.xtec.cat\/hospitalet\/wp-content\/uploads\/usu542\/2025\/12\/Disseny-sense-titol-26.png 1024w, https:\/\/serveiseducatius.xtec.cat\/hospitalet\/wp-content\/uploads\/usu542\/2025\/12\/Disseny-sense-titol-26-300x225.png 300w, https:\/\/serveiseducatius.xtec.cat\/hospitalet\/wp-content\/uploads\/usu542\/2025\/12\/Disseny-sense-titol-26-768x576.png 768w\" sizes=\"auto, (max-width: 1024px) 100vw, 1024px\" \/><\/a><\/figure>\n\n\n\n<div class=\"wp-block-getwid-toggle has-icon-left\">\n<div class=\"wp-block-getwid-toggle__row\"><div class=\"wp-block-getwid-toggle__header-wrapper\"><span class=\"wp-block-getwid-toggle__header\"><a href=\"#\"><span class=\"wp-block-getwid-toggle__header-title\"><strong>3r cicle de prim\u00e0ria<\/strong><\/span><span class=\"wp-block-getwid-toggle__icon is-active\"><i class=\"fab fa-google-play\"><\/i><\/span><span class=\"wp-block-getwid-toggle__icon is-passive\"><i class=\"\"><\/i><\/span><\/a><\/span><\/div><div class=\"wp-block-getwid-toggle__content-wrapper\"><div class=\"wp-block-getwid-toggle__content\">\n<div class=\"wp-block-getwid-accordion has-icon-left\" data-active-element=\"none\">\n<div class=\"wp-block-getwid-accordion__header-wrapper\"><span class=\"wp-block-getwid-accordion__header\"><a href=\"#\"><span class=\"wp-block-getwid-accordion__header-title\"><strong>Descripci\u00f3<\/strong><\/span><span class=\"wp-block-getwid-accordion__icon is-active\"><i class=\"fas fa-plus\"><\/i><\/span><span class=\"wp-block-getwid-accordion__icon is-passive\"><i class=\"fas fa-minus\"><\/i><\/span><\/a><\/span><\/div><div class=\"wp-block-getwid-accordion__content-wrapper\"><div class=\"wp-block-getwid-accordion__content\">\n<p>Aquesta maleta recull llibres que promouen la lectura aut\u00f2noma, l\u2019esperit cr\u00edtic i la interpretaci\u00f3 de textos m\u00e9s complexos. Inclou activitats per treballar la infer\u00e8ncia, l\u2019argumentaci\u00f3 i la creaci\u00f3 de textos propis. Un suport per consolidar compet\u00e8ncies lectores i comunicatives abans del pas a l\u2019ESO.<\/p>\n<\/div><\/div>\n\n\n\n<div class=\"wp-block-getwid-accordion__header-wrapper\"><span class=\"wp-block-getwid-accordion__header\"><a href=\"#\"><span class=\"wp-block-getwid-accordion__header-title\"><strong>Destinataris <\/strong><\/span><span class=\"wp-block-getwid-accordion__icon is-active\"><i class=\"fas fa-plus\"><\/i><\/span><span class=\"wp-block-getwid-accordion__icon is-passive\"><i class=\"fas fa-minus\"><\/i><\/span><\/a><\/span><\/div><div class=\"wp-block-getwid-accordion__content-wrapper\"><div class=\"wp-block-getwid-accordion__content\">\n<p>3r cicle d&#8217;educaci\u00f3 prim\u00e0ria<\/p>\n<\/div><\/div>\n\n\n\n<div class=\"wp-block-getwid-accordion__header-wrapper\"><span class=\"wp-block-getwid-accordion__header\"><a href=\"#\"><span class=\"wp-block-getwid-accordion__header-title\"><strong>Consulta la guia did\u00e0ctica<\/strong><\/span><span class=\"wp-block-getwid-accordion__icon is-active\"><i class=\"fas fa-plus\"><\/i><\/span><span class=\"wp-block-getwid-accordion__icon is-passive\"><i class=\"fas fa-minus\"><\/i><\/span><\/a><\/span><\/div><div class=\"wp-block-getwid-accordion__content-wrapper\"><div class=\"wp-block-getwid-accordion__content\">\n<p><a href=\"https:\/\/docs.google.com\/document\/d\/100aq6RzFj7Fo5MrcchMjp1IXAOymaH_Iwm0UWPlpJYw\/edit?tab=t.0\" target=\"_blank\" rel=\"noreferrer noopener\">Maleta 1 3r cicle de prim\u00e0ria<\/a><\/p>\n\n\n\n<p><a href=\"https:\/\/docs.google.com\/document\/d\/1gF1uPmJykJEtNiovRJOjoSjb3IqU--pk9s8rhd-QPk8\/edit?tab=t.0\" target=\"_blank\" rel=\"noreferrer noopener\">Maleta 2 3r cicle de prim\u00e0ria<\/a><\/p>\n<\/div><\/div>\n<\/div>\n\n\n\n<p><\/p>\n\n\n\n<div class=\"wp-block-buttons is-content-justification-center is-layout-flex wp-container-core-buttons-is-layout-27 wp-block-buttons-is-layout-flex\">\n<div class=\"wp-block-button\"><a class=\"wp-block-button__link wp-element-button\" href=\"https:\/\/airtable.com\/app9soTLAzBfBeX8a\/shrL15jW4HDEwnk7s\/tblWKzHBvO6RAxMCt\" target=\"_blank\" rel=\"noreferrer noopener\">Reserva<\/a><\/div>\n<\/div>\n<\/div><\/div><\/div>\n<\/div>\n\n\n\n<p class=\"has-ast-global-color-1-color has-text-color has-link-color wp-elements-3605a9ffa0d2c30522d0187350213700\"><\/p>\n<\/div>\n\n\n\n<div class=\"wp-block-column is-layout-flow wp-block-column-is-layout-flow\">\n<figure class=\"wp-block-image size-full\"><a href=\"https:\/\/serveiseducatius.xtec.cat\/hospitalet\/wp-content\/uploads\/usu542\/2025\/12\/Disseny-sense-titol-27.png\"><img loading=\"lazy\" decoding=\"async\" width=\"1024\" height=\"768\" src=\"https:\/\/serveiseducatius.xtec.cat\/hospitalet\/wp-content\/uploads\/usu542\/2025\/12\/Disseny-sense-titol-27.png\" alt=\"\" class=\"wp-image-24086\" style=\"aspect-ratio:16\/9;object-fit:cover\" srcset=\"https:\/\/serveiseducatius.xtec.cat\/hospitalet\/wp-content\/uploads\/usu542\/2025\/12\/Disseny-sense-titol-27.png 1024w, https:\/\/serveiseducatius.xtec.cat\/hospitalet\/wp-content\/uploads\/usu542\/2025\/12\/Disseny-sense-titol-27-300x225.png 300w, https:\/\/serveiseducatius.xtec.cat\/hospitalet\/wp-content\/uploads\/usu542\/2025\/12\/Disseny-sense-titol-27-768x576.png 768w\" sizes=\"auto, (max-width: 1024px) 100vw, 1024px\" \/><\/a><\/figure>\n\n\n\n<div class=\"wp-block-getwid-toggle has-icon-left\">\n<div class=\"wp-block-getwid-toggle__row\"><div class=\"wp-block-getwid-toggle__header-wrapper\"><span class=\"wp-block-getwid-toggle__header\"><a href=\"#\"><span class=\"wp-block-getwid-toggle__header-title\"><strong>ESO<\/strong><\/span><span class=\"wp-block-getwid-toggle__icon is-active\"><i class=\"fab fa-google-play\"><\/i><\/span><span class=\"wp-block-getwid-toggle__icon is-passive\"><i class=\"\"><\/i><\/span><\/a><\/span><\/div><div class=\"wp-block-getwid-toggle__content-wrapper\"><div class=\"wp-block-getwid-toggle__content\">\n<div class=\"wp-block-getwid-accordion has-icon-left\" data-active-element=\"none\">\n<div class=\"wp-block-getwid-accordion__header-wrapper\"><span class=\"wp-block-getwid-accordion__header\"><a href=\"#\"><span class=\"wp-block-getwid-accordion__header-title\"><strong>Descripci\u00f3<\/strong><\/span><span class=\"wp-block-getwid-accordion__icon is-active\"><i class=\"fas fa-plus\"><\/i><\/span><span class=\"wp-block-getwid-accordion__icon is-passive\"><i class=\"fas fa-minus\"><\/i><\/span><\/a><\/span><\/div><div class=\"wp-block-getwid-accordion__content-wrapper\"><div class=\"wp-block-getwid-accordion__content\">\n<p>Una selecci\u00f3 de lectures actuals i diverses per estimular el pensament cr\u00edtic, el debat i la lectura profunda a l\u2019adolesc\u00e8ncia. La maleta incorpora propostes per analitzar tem\u00e0tiques, recursos literaris i punts de vista, aix\u00ed com per produir textos orals i escrits. Un recurs que dona suport al desenvolupament de la compet\u00e8ncia comunicativa i liter\u00e0ria en totes les mat\u00e8ries.<\/p>\n<\/div><\/div>\n\n\n\n<div class=\"wp-block-getwid-accordion__header-wrapper\"><span class=\"wp-block-getwid-accordion__header\"><a href=\"#\"><span class=\"wp-block-getwid-accordion__header-title\"><strong>Destinataris <\/strong><\/span><span class=\"wp-block-getwid-accordion__icon is-active\"><i class=\"fas fa-plus\"><\/i><\/span><span class=\"wp-block-getwid-accordion__icon is-passive\"><i class=\"fas fa-minus\"><\/i><\/span><\/a><\/span><\/div><div class=\"wp-block-getwid-accordion__content-wrapper\"><div class=\"wp-block-getwid-accordion__content\">\n<p>Educaci\u00f3 secund\u00e0ria obligat\u00f2ria<\/p>\n<\/div><\/div>\n\n\n\n<div class=\"wp-block-getwid-accordion__header-wrapper\"><span class=\"wp-block-getwid-accordion__header\"><a href=\"#\"><span class=\"wp-block-getwid-accordion__header-title\"><strong>Consulta la guia did\u00e0ctica<\/strong><\/span><span class=\"wp-block-getwid-accordion__icon is-active\"><i class=\"fas fa-plus\"><\/i><\/span><span class=\"wp-block-getwid-accordion__icon is-passive\"><i class=\"fas fa-minus\"><\/i><\/span><\/a><\/span><\/div><div class=\"wp-block-getwid-accordion__content-wrapper\"><div class=\"wp-block-getwid-accordion__content\">\n<p><a href=\"https:\/\/docs.google.com\/document\/d\/16CAiCIrVC3-KJNGaaaSgDHktxXGHgrUB47Q6zw_hvsA\/edit?tab=t.0\" target=\"_blank\" rel=\"noreferrer noopener\">Maleta 1 ESO<\/a><\/p>\n\n\n\n<p><a href=\"https:\/\/docs.google.com\/document\/d\/16cMmVWmE9k5YDLBnWAi8GsUo9Di3jR2REDGooP2Ufq8\/edit?tab=t.0\" target=\"_blank\" rel=\"noreferrer noopener\">Maleta 2 ESO<\/a><\/p>\n\n\n\n<p><a href=\"https:\/\/docs.google.com\/document\/d\/1RPlDUSajRccX3KXMFod1Msic6q9zpZl0joE2ByRM6bk\/edit?tab=t.0\" target=\"_blank\" rel=\"noreferrer noopener\">Maleta 3 ESO<\/a><\/p>\n<\/div><\/div>\n<\/div>\n\n\n\n<p><\/p>\n\n\n\n<div class=\"wp-block-buttons is-content-justification-center is-layout-flex wp-container-core-buttons-is-layout-28 wp-block-buttons-is-layout-flex\">\n<div class=\"wp-block-button\"><a class=\"wp-block-button__link wp-element-button\" href=\"https:\/\/airtable.com\/app9soTLAzBfBeX8a\/shrL15jW4HDEwnk7s\/tblWKzHBvO6RAxMCt\" target=\"_blank\" rel=\"noreferrer noopener\">Reserva<\/a><\/div>\n<\/div>\n<\/div><\/div><\/div>\n<\/div>\n\n\n\n<p class=\"has-ast-global-color-1-color has-text-color has-link-color wp-elements-3605a9ffa0d2c30522d0187350213700\"><\/p>\n<\/div>\n<\/div>\n<\/div>\n<\/div>\n\n\n\n<p><\/p>\n\n\n\n<div class=\"wp-block-columns is-layout-flex wp-container-core-columns-is-layout-14 wp-block-columns-is-layout-flex\">\n<div class=\"wp-block-column is-layout-flow wp-block-column-is-layout-flow\">\n<figure class=\"wp-block-image size-full\"><a href=\"https:\/\/serveiseducatius.xtec.cat\/hospitalet\/wp-content\/uploads\/usu542\/2025\/12\/Disseny-sense-titol-29.png\"><img loading=\"lazy\" decoding=\"async\" width=\"1024\" height=\"768\" src=\"https:\/\/serveiseducatius.xtec.cat\/hospitalet\/wp-content\/uploads\/usu542\/2025\/12\/Disseny-sense-titol-29.png\" alt=\"\" class=\"wp-image-24105\" style=\"aspect-ratio:16\/9;object-fit:cover\" srcset=\"https:\/\/serveiseducatius.xtec.cat\/hospitalet\/wp-content\/uploads\/usu542\/2025\/12\/Disseny-sense-titol-29.png 1024w, https:\/\/serveiseducatius.xtec.cat\/hospitalet\/wp-content\/uploads\/usu542\/2025\/12\/Disseny-sense-titol-29-300x225.png 300w, https:\/\/serveiseducatius.xtec.cat\/hospitalet\/wp-content\/uploads\/usu542\/2025\/12\/Disseny-sense-titol-29-768x576.png 768w\" sizes=\"auto, (max-width: 1024px) 100vw, 1024px\" \/><\/a><\/figure>\n\n\n\n<div class=\"wp-block-getwid-toggle has-icon-left\">\n<div class=\"wp-block-getwid-toggle__row\"><div class=\"wp-block-getwid-toggle__header-wrapper\"><span class=\"wp-block-getwid-toggle__header\"><a href=\"#\"><span class=\"wp-block-getwid-toggle__header-title\"><strong>C\u00f2mics<\/strong><\/span><span class=\"wp-block-getwid-toggle__icon is-active\"><i class=\"fab fa-google-play\"><\/i><\/span><span class=\"wp-block-getwid-toggle__icon is-passive\"><i class=\"\"><\/i><\/span><\/a><\/span><\/div><div class=\"wp-block-getwid-toggle__content-wrapper\"><div class=\"wp-block-getwid-toggle__content\">\n<div class=\"wp-block-getwid-accordion has-icon-left\" data-active-element=\"none\">\n<div class=\"wp-block-getwid-accordion__header-wrapper\"><span class=\"wp-block-getwid-accordion__header\"><a href=\"#\"><span class=\"wp-block-getwid-accordion__header-title\"><strong>Descripci\u00f3<\/strong><\/span><span class=\"wp-block-getwid-accordion__icon is-active\"><i class=\"fas fa-plus\"><\/i><\/span><span class=\"wp-block-getwid-accordion__icon is-passive\"><i class=\"fas fa-minus\"><\/i><\/span><\/a><\/span><\/div><div class=\"wp-block-getwid-accordion__content-wrapper\"><div class=\"wp-block-getwid-accordion__content\">\n<p>Aquesta maleta ofereix una selecci\u00f3 de c\u00f2mics variats que combinen aventures, fantasia, humor i reflexi\u00f3 cr\u00edtica sobre la societat. Inclou t\u00edtols cl\u00e0ssics i contemporanis per treballar lectura, expressi\u00f3 i comprensi\u00f3 cr\u00edtica a Secund\u00e0ria. Un recurs que fomenta el gust per la lectura i la interpretaci\u00f3 de narratives visuals i textuals.<\/p>\n<\/div><\/div>\n\n\n\n<div class=\"wp-block-getwid-accordion__header-wrapper\"><span class=\"wp-block-getwid-accordion__header\"><a href=\"#\"><span class=\"wp-block-getwid-accordion__header-title\"><strong>Destinataris <\/strong><\/span><span class=\"wp-block-getwid-accordion__icon is-active\"><i class=\"fas fa-plus\"><\/i><\/span><span class=\"wp-block-getwid-accordion__icon is-passive\"><i class=\"fas fa-minus\"><\/i><\/span><\/a><\/span><\/div><div class=\"wp-block-getwid-accordion__content-wrapper\"><div class=\"wp-block-getwid-accordion__content\">\n<p>De 2n cicle de prim\u00e0ria fins a l&#8217;ESO<\/p>\n<\/div><\/div>\n\n\n\n<div class=\"wp-block-getwid-accordion__header-wrapper\"><span class=\"wp-block-getwid-accordion__header\"><a href=\"#\"><span class=\"wp-block-getwid-accordion__header-title\"><strong>Consulta la guia did\u00e0ctica<\/strong><\/span><span class=\"wp-block-getwid-accordion__icon is-active\"><i class=\"fas fa-plus\"><\/i><\/span><span class=\"wp-block-getwid-accordion__icon is-passive\"><i class=\"fas fa-minus\"><\/i><\/span><\/a><\/span><\/div><div class=\"wp-block-getwid-accordion__content-wrapper\"><div class=\"wp-block-getwid-accordion__content\">\n<p><a href=\"https:\/\/docs.google.com\/document\/d\/18MUO_GEO4IgJ_tblFQoKJtoVT14G3qnbdnLxTMWbHBQ\/edit?tab=t.0\" target=\"_blank\" rel=\"noreferrer noopener\">Maleta c\u00f2mic<\/a><\/p>\n<\/div><\/div>\n<\/div>\n\n\n\n<p><\/p>\n\n\n\n<div class=\"wp-block-buttons is-content-justification-center is-layout-flex wp-container-core-buttons-is-layout-29 wp-block-buttons-is-layout-flex\">\n<div class=\"wp-block-button\"><a class=\"wp-block-button__link wp-element-button\" href=\"https:\/\/airtable.com\/app9soTLAzBfBeX8a\/shrL15jW4HDEwnk7s\/tblWKzHBvO6RAxMCt\" target=\"_blank\" rel=\"noreferrer noopener\">Reserva<\/a><\/div>\n<\/div>\n<\/div><\/div><\/div>\n<\/div>\n\n\n\n<p class=\"has-ast-global-color-1-color has-text-color has-link-color wp-elements-3605a9ffa0d2c30522d0187350213700\"><\/p>\n<\/div>\n\n\n\n<div class=\"wp-block-column is-layout-flow wp-block-column-is-layout-flow\">\n<figure class=\"wp-block-image size-full\"><a href=\"https:\/\/serveiseducatius.xtec.cat\/hospitalet\/wp-content\/uploads\/usu542\/2025\/12\/Disseny-sense-titol-21.png\"><img loading=\"lazy\" decoding=\"async\" width=\"1024\" height=\"768\" src=\"https:\/\/serveiseducatius.xtec.cat\/hospitalet\/wp-content\/uploads\/usu542\/2025\/12\/Disseny-sense-titol-21.png\" alt=\"\" class=\"wp-image-24079\" style=\"aspect-ratio:16\/9;object-fit:cover\" srcset=\"https:\/\/serveiseducatius.xtec.cat\/hospitalet\/wp-content\/uploads\/usu542\/2025\/12\/Disseny-sense-titol-21.png 1024w, https:\/\/serveiseducatius.xtec.cat\/hospitalet\/wp-content\/uploads\/usu542\/2025\/12\/Disseny-sense-titol-21-300x225.png 300w, https:\/\/serveiseducatius.xtec.cat\/hospitalet\/wp-content\/uploads\/usu542\/2025\/12\/Disseny-sense-titol-21-768x576.png 768w\" sizes=\"auto, (max-width: 1024px) 100vw, 1024px\" \/><\/a><\/figure>\n\n\n\n<div class=\"wp-block-getwid-toggle has-icon-left\">\n<div class=\"wp-block-getwid-toggle__row\"><div class=\"wp-block-getwid-toggle__header-wrapper\"><span class=\"wp-block-getwid-toggle__header\"><a href=\"#\"><span class=\"wp-block-getwid-toggle__header-title\"><strong>Poesia<\/strong><\/span><span class=\"wp-block-getwid-toggle__icon is-active\"><i class=\"fab fa-google-play\"><\/i><\/span><span class=\"wp-block-getwid-toggle__icon is-passive\"><i class=\"\"><\/i><\/span><\/a><\/span><\/div><div class=\"wp-block-getwid-toggle__content-wrapper\"><div class=\"wp-block-getwid-toggle__content\">\n<div class=\"wp-block-getwid-accordion has-icon-left\" data-active-element=\"none\">\n<div class=\"wp-block-getwid-accordion__header-wrapper\"><span class=\"wp-block-getwid-accordion__header\"><a href=\"#\"><span class=\"wp-block-getwid-accordion__header-title\"><strong>Descripci\u00f3<\/strong><\/span><span class=\"wp-block-getwid-accordion__icon is-active\"><i class=\"fas fa-plus\"><\/i><\/span><span class=\"wp-block-getwid-accordion__icon is-passive\"><i class=\"fas fa-minus\"><\/i><\/span><\/a><\/span><\/div><div class=\"wp-block-getwid-accordion__content-wrapper\"><div class=\"wp-block-getwid-accordion__content\">\n<p>Aquesta maleta ofereix una \u00e0mplia selecci\u00f3 de poemes i reculls po\u00e8tics per a infants i joves, des d\u2019Educaci\u00f3 Infantil fins a Secund\u00e0ria, amb textos cl\u00e0ssics i contemporanis. Inclou autors catalans i internacionals, cal\u00b7ligrames, filastrofes i poemes visuals per fomentar la lectura i l\u2019expressi\u00f3 creativa. Un recurs que permet treballar la poesia a l\u2019aula amb activitats, dossiers i propostes did\u00e0ctiques adaptades a cada cicle.<\/p>\n<\/div><\/div>\n\n\n\n<div class=\"wp-block-getwid-accordion__header-wrapper\"><span class=\"wp-block-getwid-accordion__header\"><a href=\"#\"><span class=\"wp-block-getwid-accordion__header-title\"><strong>Destinataris <\/strong><\/span><span class=\"wp-block-getwid-accordion__icon is-active\"><i class=\"fas fa-plus\"><\/i><\/span><span class=\"wp-block-getwid-accordion__icon is-passive\"><i class=\"fas fa-minus\"><\/i><\/span><\/a><\/span><\/div><div class=\"wp-block-getwid-accordion__content-wrapper\"><div class=\"wp-block-getwid-accordion__content\">\n<p>de 3r cicle de prim\u00e0ria fins l&#8217;ESO<\/p>\n<\/div><\/div>\n\n\n\n<div class=\"wp-block-getwid-accordion__header-wrapper\"><span class=\"wp-block-getwid-accordion__header\"><a href=\"#\"><span class=\"wp-block-getwid-accordion__header-title\"><strong>Consulta la guia did\u00e0ctica<\/strong><\/span><span class=\"wp-block-getwid-accordion__icon is-active\"><i class=\"fas fa-plus\"><\/i><\/span><span class=\"wp-block-getwid-accordion__icon is-passive\"><i class=\"fas fa-minus\"><\/i><\/span><\/a><\/span><\/div><div class=\"wp-block-getwid-accordion__content-wrapper\"><div class=\"wp-block-getwid-accordion__content\">\n<p><a href=\"https:\/\/docs.google.com\/document\/d\/1HHnkT39YS9jghYzlVF4H026I-kT5Ra56q1cRr2TgttY\/edit?tab=t.0\" target=\"_blank\" rel=\"noreferrer noopener\">Maleta Poesia<\/a><\/p>\n<\/div><\/div>\n<\/div>\n\n\n\n<p><\/p>\n\n\n\n<div class=\"wp-block-buttons is-content-justification-center is-layout-flex wp-container-core-buttons-is-layout-30 wp-block-buttons-is-layout-flex\">\n<div class=\"wp-block-button\"><a class=\"wp-block-button__link wp-element-button\" href=\"https:\/\/airtable.com\/app9soTLAzBfBeX8a\/shrL15jW4HDEwnk7s\/tblWKzHBvO6RAxMCt\" target=\"_blank\" rel=\"noreferrer noopener\">Reserva<\/a><\/div>\n<\/div>\n<\/div><\/div><\/div>\n<\/div>\n\n\n\n<p class=\"has-ast-global-color-1-color has-text-color has-link-color wp-elements-3605a9ffa0d2c30522d0187350213700\"><\/p>\n<\/div>\n\n\n\n<div class=\"wp-block-column is-layout-flow wp-block-column-is-layout-flow\">\n<p class=\"has-ast-global-color-1-color has-text-color has-link-color wp-elements-3605a9ffa0d2c30522d0187350213700\"><\/p>\n<\/div>\n<\/div>\n\n\n\n<p><\/p>\n<\/div><\/div>\n\n\n\n<div class=\"wp-block-getwid-tabs__nav-link\"><span class=\"wp-block-getwid-tabs__title-wrapper\"><a href=\"#\"><span class=\"wp-block-getwid-tabs__title\">Rob\u00f2tica<\/span><\/a><\/span><\/div><div class=\"wp-block-getwid-tabs__tab-content-wrapper\"><div class=\"wp-block-getwid-tabs__tab-content\">\n<div class=\"wp-block-columns is-layout-flex wp-container-core-columns-is-layout-15 wp-block-columns-is-layout-flex\">\n<div class=\"wp-block-column is-layout-flow wp-block-column-is-layout-flow\">\n<figure class=\"wp-block-image size-full is-style-default\"><a href=\"https:\/\/serveiseducatius.xtec.cat\/hospitalet\/wp-content\/uploads\/usu542\/2025\/12\/Disseny-sense-titol-8.png\"><img loading=\"lazy\" decoding=\"async\" width=\"1024\" height=\"768\" src=\"https:\/\/serveiseducatius.xtec.cat\/hospitalet\/wp-content\/uploads\/usu542\/2025\/12\/Disseny-sense-titol-8.png\" alt=\"\" class=\"wp-image-23890\" style=\"aspect-ratio:16\/9;object-fit:cover\" srcset=\"https:\/\/serveiseducatius.xtec.cat\/hospitalet\/wp-content\/uploads\/usu542\/2025\/12\/Disseny-sense-titol-8.png 1024w, https:\/\/serveiseducatius.xtec.cat\/hospitalet\/wp-content\/uploads\/usu542\/2025\/12\/Disseny-sense-titol-8-300x225.png 300w, https:\/\/serveiseducatius.xtec.cat\/hospitalet\/wp-content\/uploads\/usu542\/2025\/12\/Disseny-sense-titol-8-768x576.png 768w\" sizes=\"auto, (max-width: 1024px) 100vw, 1024px\" \/><\/a><\/figure>\n\n\n\n<div class=\"wp-block-getwid-toggle has-icon-left\">\n<div class=\"wp-block-getwid-toggle__row\"><div class=\"wp-block-getwid-toggle__header-wrapper\"><span class=\"wp-block-getwid-toggle__header\"><a href=\"#\"><span class=\"wp-block-getwid-toggle__header-title\"><strong>Nanokits<\/strong><\/span><span class=\"wp-block-getwid-toggle__icon is-active\"><i class=\"fab fa-google-play\"><\/i><\/span><span class=\"wp-block-getwid-toggle__icon is-passive\"><i class=\"\"><\/i><\/span><\/a><\/span><\/div><div class=\"wp-block-getwid-toggle__content-wrapper\"><div class=\"wp-block-getwid-toggle__content\">\n<div class=\"wp-block-getwid-accordion has-icon-left\" data-active-element=\"none\">\n<div class=\"wp-block-getwid-accordion__header-wrapper\"><span class=\"wp-block-getwid-accordion__header\"><a href=\"#\"><span class=\"wp-block-getwid-accordion__header-title\"><strong>Descripci\u00f3<\/strong><\/span><span class=\"wp-block-getwid-accordion__icon is-active\"><i class=\"fas fa-plus\"><\/i><\/span><span class=\"wp-block-getwid-accordion__icon is-passive\"><i class=\"fas fa-minus\"><\/i><\/span><\/a><\/span><\/div><div class=\"wp-block-getwid-accordion__content-wrapper\"><div class=\"wp-block-getwid-accordion__content\">\n<p>El <strong>NanoKit<\/strong> \u00e9s un recurs experimental i interdisciplinari que introdueix l\u2019alumnat a la nanoci\u00e8ncia i la nanotecnologia, combinant pr\u00e0ctiques experimentals i continguts te\u00f2rics en l\u00ednia. Permet explorar tant la recerca b\u00e0sica com aplicacions tecnol\u00f2giques concretes, fomentant l\u2019aprenentatge STEM. Els alumnes comprenen la complementarietat entre disciplines i les m\u00faltiples vies d\u2019acc\u00e9s a aquest camp cient\u00edfic innovador.<\/p>\n<\/div><\/div>\n\n\n\n<div class=\"wp-block-getwid-accordion__header-wrapper\"><span class=\"wp-block-getwid-accordion__header\"><a href=\"#\"><span class=\"wp-block-getwid-accordion__header-title\"><strong>Destinataris<\/strong><\/span><span class=\"wp-block-getwid-accordion__icon is-active\"><i class=\"fas fa-plus\"><\/i><\/span><span class=\"wp-block-getwid-accordion__icon is-passive\"><i class=\"fas fa-minus\"><\/i><\/span><\/a><\/span><\/div><div class=\"wp-block-getwid-accordion__content-wrapper\"><div class=\"wp-block-getwid-accordion__content\">\n<p>ESO<\/p>\n<\/div><\/div>\n\n\n\n<div class=\"wp-block-getwid-accordion__header-wrapper\"><span class=\"wp-block-getwid-accordion__header\"><a href=\"#\"><span class=\"wp-block-getwid-accordion__header-title\"><strong>Consulta la guia did\u00e0ctica<\/strong><\/span><span class=\"wp-block-getwid-accordion__icon is-active\"><i class=\"fas fa-plus\"><\/i><\/span><span class=\"wp-block-getwid-accordion__icon is-passive\"><i class=\"fas fa-minus\"><\/i><\/span><\/a><\/span><\/div><div class=\"wp-block-getwid-accordion__content-wrapper\"><div class=\"wp-block-getwid-accordion__content\">\n<p><a href=\"https:\/\/nanoeduca.cat\/ca\/nanokit\/\" target=\"_blank\" rel=\"noreferrer noopener\">Maleta nanokits<\/a><\/p>\n\n\n\n<p><\/p>\n\n\n\n<p><\/p>\n<\/div><\/div>\n<\/div>\n\n\n\n<p><\/p>\n\n\n\n<div class=\"wp-block-buttons is-content-justification-center is-layout-flex wp-container-core-buttons-is-layout-31 wp-block-buttons-is-layout-flex\">\n<div class=\"wp-block-button\"><a class=\"wp-block-button__link wp-element-button\" href=\"https:\/\/airtable.com\/app9soTLAzBfBeX8a\/shrL15jW4HDEwnk7s\/tblWKzHBvO6RAxMCt\" target=\"_blank\" rel=\"noreferrer noopener\">Reserva<\/a><\/div>\n<\/div>\n<\/div><\/div><\/div>\n<\/div>\n\n\n\n<p class=\"has-ast-global-color-1-color has-text-color has-link-color wp-elements-3605a9ffa0d2c30522d0187350213700\"><\/p>\n<\/div>\n\n\n\n<div class=\"wp-block-column is-layout-flow wp-block-column-is-layout-flow\">\n<figure class=\"wp-block-image size-full is-style-default\"><a href=\"https:\/\/serveiseducatius.xtec.cat\/hospitalet\/wp-content\/uploads\/usu542\/2025\/12\/1-1.png\"><img loading=\"lazy\" decoding=\"async\" width=\"554\" height=\"383\" src=\"https:\/\/serveiseducatius.xtec.cat\/hospitalet\/wp-content\/uploads\/usu542\/2025\/12\/1-1.png\" alt=\"\" class=\"wp-image-23891\" style=\"aspect-ratio:16\/9;object-fit:cover\" srcset=\"https:\/\/serveiseducatius.xtec.cat\/hospitalet\/wp-content\/uploads\/usu542\/2025\/12\/1-1.png 554w, https:\/\/serveiseducatius.xtec.cat\/hospitalet\/wp-content\/uploads\/usu542\/2025\/12\/1-1-300x207.png 300w\" sizes=\"auto, (max-width: 554px) 100vw, 554px\" \/><\/a><\/figure>\n\n\n\n<div class=\"wp-block-getwid-toggle has-icon-left\">\n<div class=\"wp-block-getwid-toggle__row\"><div class=\"wp-block-getwid-toggle__header-wrapper\"><span class=\"wp-block-getwid-toggle__header\"><a href=\"#\"><span class=\"wp-block-getwid-toggle__header-title\"><strong>Micro:bit1<\/strong><\/span><span class=\"wp-block-getwid-toggle__icon is-active\"><i class=\"fab fa-google-play\"><\/i><\/span><span class=\"wp-block-getwid-toggle__icon is-passive\"><i class=\"\"><\/i><\/span><\/a><\/span><\/div><div class=\"wp-block-getwid-toggle__content-wrapper\"><div class=\"wp-block-getwid-toggle__content\">\n<div class=\"wp-block-getwid-accordion has-icon-left\" data-active-element=\"none\">\n<div class=\"wp-block-getwid-accordion__header-wrapper\"><span class=\"wp-block-getwid-accordion__header\"><a href=\"#\"><span class=\"wp-block-getwid-accordion__header-title\"><strong>Descripci\u00f3<\/strong><\/span><span class=\"wp-block-getwid-accordion__icon is-active\"><i class=\"fas fa-plus\"><\/i><\/span><span class=\"wp-block-getwid-accordion__icon is-passive\"><i class=\"fas fa-minus\"><\/i><\/span><\/a><\/span><\/div><div class=\"wp-block-getwid-accordion__content-wrapper\"><div class=\"wp-block-getwid-accordion__content\">\n<p>Aquesta maleta cont\u00e9&nbsp;15 plaques Micro:bit.<\/p>\n\n\n\n<p>Amb aquesta maleta podreu introduir els vostres alumnes en el m\u00f3n de la programaci\u00f3 de forma intu\u00eftiva mitjan\u00e7ant el llenguatge de programaci\u00f3 visual o de blocs.<\/p>\n<\/div><\/div>\n\n\n\n<div class=\"wp-block-getwid-accordion__header-wrapper\"><span class=\"wp-block-getwid-accordion__header\"><a href=\"#\"><span class=\"wp-block-getwid-accordion__header-title\"><strong>Destinataris <\/strong><\/span><span class=\"wp-block-getwid-accordion__icon is-active\"><i class=\"fas fa-plus\"><\/i><\/span><span class=\"wp-block-getwid-accordion__icon is-passive\"><i class=\"fas fa-minus\"><\/i><\/span><\/a><\/span><\/div><div class=\"wp-block-getwid-accordion__content-wrapper\"><div class=\"wp-block-getwid-accordion__content\">\n<p>ESO<\/p>\n<\/div><\/div>\n\n\n\n<div class=\"wp-block-getwid-accordion__header-wrapper\"><span class=\"wp-block-getwid-accordion__header\"><a href=\"#\"><span class=\"wp-block-getwid-accordion__header-title\"><strong>Consulta la guia did\u00e0ctica<\/strong><\/span><span class=\"wp-block-getwid-accordion__icon is-active\"><i class=\"fas fa-plus\"><\/i><\/span><span class=\"wp-block-getwid-accordion__icon is-passive\"><i class=\"fas fa-minus\"><\/i><\/span><\/a><\/span><\/div><div class=\"wp-block-getwid-accordion__content-wrapper\"><div class=\"wp-block-getwid-accordion__content\">\n<p><a href=\"https:\/\/serveiseducatius.xtec.cat\/hospitalet\/recursos\/maletes-pedagogiques\/maleta-microbit\/\" target=\"_blank\" rel=\"noreferrer noopener\">Maleta Micro:bit1<\/a><\/p>\n\n\n\n<p><\/p>\n<\/div><\/div>\n<\/div>\n\n\n\n<p><\/p>\n\n\n\n<div class=\"wp-block-buttons is-content-justification-center is-layout-flex wp-container-core-buttons-is-layout-32 wp-block-buttons-is-layout-flex\">\n<div class=\"wp-block-button\"><a class=\"wp-block-button__link wp-element-button\" href=\"https:\/\/airtable.com\/app9soTLAzBfBeX8a\/shrL15jW4HDEwnk7s\/tblWKzHBvO6RAxMCt\" target=\"_blank\" rel=\"noreferrer noopener\">Reserva<\/a><\/div>\n<\/div>\n<\/div><\/div><\/div>\n<\/div>\n\n\n\n<p class=\"has-ast-global-color-1-color has-text-color has-link-color wp-elements-3605a9ffa0d2c30522d0187350213700\"><\/p>\n<\/div>\n\n\n\n<div class=\"wp-block-column is-layout-flow wp-block-column-is-layout-flow\">\n<figure class=\"wp-block-image size-full is-style-default\"><a href=\"https:\/\/serveiseducatius.xtec.cat\/hospitalet\/wp-content\/uploads\/usu542\/2025\/12\/Captura-de-pantalla-2025-12-04-100307.jpg\"><img loading=\"lazy\" decoding=\"async\" width=\"901\" height=\"634\" src=\"https:\/\/serveiseducatius.xtec.cat\/hospitalet\/wp-content\/uploads\/usu542\/2025\/12\/Captura-de-pantalla-2025-12-04-100307.jpg\" alt=\"\" class=\"wp-image-23892\" style=\"aspect-ratio:16\/9;object-fit:cover\" srcset=\"https:\/\/serveiseducatius.xtec.cat\/hospitalet\/wp-content\/uploads\/usu542\/2025\/12\/Captura-de-pantalla-2025-12-04-100307.jpg 901w, https:\/\/serveiseducatius.xtec.cat\/hospitalet\/wp-content\/uploads\/usu542\/2025\/12\/Captura-de-pantalla-2025-12-04-100307-300x211.jpg 300w, https:\/\/serveiseducatius.xtec.cat\/hospitalet\/wp-content\/uploads\/usu542\/2025\/12\/Captura-de-pantalla-2025-12-04-100307-768x540.jpg 768w\" sizes=\"auto, (max-width: 901px) 100vw, 901px\" \/><\/a><\/figure>\n\n\n\n<div class=\"wp-block-getwid-toggle has-icon-left\">\n<div class=\"wp-block-getwid-toggle__row\"><div class=\"wp-block-getwid-toggle__header-wrapper\"><span class=\"wp-block-getwid-toggle__header\"><a href=\"#\"><span class=\"wp-block-getwid-toggle__header-title\"><strong>Micro:bit STEAMcat<\/strong><\/span><span class=\"wp-block-getwid-toggle__icon is-active\"><i class=\"fab fa-google-play\"><\/i><\/span><span class=\"wp-block-getwid-toggle__icon is-passive\"><i class=\"\"><\/i><\/span><\/a><\/span><\/div><div class=\"wp-block-getwid-toggle__content-wrapper\"><div class=\"wp-block-getwid-toggle__content\">\n<div class=\"wp-block-getwid-accordion has-icon-left\" data-active-element=\"none\">\n<div class=\"wp-block-getwid-accordion__header-wrapper\"><span class=\"wp-block-getwid-accordion__header\"><a href=\"#\"><span class=\"wp-block-getwid-accordion__header-title\"><strong>Descripci\u00f3<\/strong><\/span><span class=\"wp-block-getwid-accordion__icon is-active\"><i class=\"fas fa-plus\"><\/i><\/span><span class=\"wp-block-getwid-accordion__icon is-passive\"><i class=\"fas fa-minus\"><\/i><\/span><\/a><\/span><\/div><div class=\"wp-block-getwid-accordion__content-wrapper\"><div class=\"wp-block-getwid-accordion__content\">\n<p>Amb aquesta maleta podreu introduir els vostres alumnes en el m\u00f3n de la programaci\u00f3 de forma intu\u00eftiva mitjan\u00e7ant el llenguatge de programaci\u00f3 visual o de blocs.<\/p>\n<\/div><\/div>\n\n\n\n<div class=\"wp-block-getwid-accordion__header-wrapper\"><span class=\"wp-block-getwid-accordion__header\"><a href=\"#\"><span class=\"wp-block-getwid-accordion__header-title\"><strong>Destinataris <\/strong><\/span><span class=\"wp-block-getwid-accordion__icon is-active\"><i class=\"fas fa-plus\"><\/i><\/span><span class=\"wp-block-getwid-accordion__icon is-passive\"><i class=\"fas fa-minus\"><\/i><\/span><\/a><\/span><\/div><div class=\"wp-block-getwid-accordion__content-wrapper\"><div class=\"wp-block-getwid-accordion__content\">\n<p>ESO<\/p>\n<\/div><\/div>\n\n\n\n<div class=\"wp-block-getwid-accordion__header-wrapper\"><span class=\"wp-block-getwid-accordion__header\"><a href=\"#\"><span class=\"wp-block-getwid-accordion__header-title\"><strong>Consulta la guia did\u00e0ctica<\/strong><\/span><span class=\"wp-block-getwid-accordion__icon is-active\"><i class=\"fas fa-plus\"><\/i><\/span><span class=\"wp-block-getwid-accordion__icon is-passive\"><i class=\"fas fa-minus\"><\/i><\/span><\/a><\/span><\/div><div class=\"wp-block-getwid-accordion__content-wrapper\"><div class=\"wp-block-getwid-accordion__content\">\n<p><a href=\"https:\/\/serveiseducatius.xtec.cat\/hospitalet\/portada\/maleta-microbit-2\/\" target=\"_blank\" rel=\"noreferrer noopener\">Maleta Micro:bit SteamCat<\/a><\/p>\n<\/div><\/div>\n<\/div>\n\n\n\n<p><\/p>\n\n\n\n<div class=\"wp-block-buttons is-content-justification-center is-layout-flex wp-container-core-buttons-is-layout-33 wp-block-buttons-is-layout-flex\">\n<div class=\"wp-block-button\"><a class=\"wp-block-button__link wp-element-button\" href=\"https:\/\/airtable.com\/app9soTLAzBfBeX8a\/shrL15jW4HDEwnk7s\/tblWKzHBvO6RAxMCt\" target=\"_blank\" rel=\"noreferrer noopener\">Reserva<\/a><\/div>\n<\/div>\n<\/div><\/div><\/div>\n<\/div>\n\n\n\n<p class=\"has-ast-global-color-1-color has-text-color has-link-color wp-elements-3605a9ffa0d2c30522d0187350213700\"><\/p>\n<\/div>\n<\/div>\n\n\n\n<p><\/p>\n\n\n\n<div class=\"wp-block-columns is-layout-flex wp-container-core-columns-is-layout-16 wp-block-columns-is-layout-flex\">\n<div class=\"wp-block-column is-layout-flow wp-block-column-is-layout-flow\">\n<figure class=\"wp-block-image size-full is-style-default\"><a href=\"https:\/\/serveiseducatius.xtec.cat\/hospitalet\/wp-content\/uploads\/usu542\/2025\/12\/Disseny-sense-titol-9.png\"><img loading=\"lazy\" decoding=\"async\" width=\"1024\" height=\"768\" src=\"https:\/\/serveiseducatius.xtec.cat\/hospitalet\/wp-content\/uploads\/usu542\/2025\/12\/Disseny-sense-titol-9.png\" alt=\"\" class=\"wp-image-23894\" style=\"aspect-ratio:16\/9;object-fit:cover\" srcset=\"https:\/\/serveiseducatius.xtec.cat\/hospitalet\/wp-content\/uploads\/usu542\/2025\/12\/Disseny-sense-titol-9.png 1024w, https:\/\/serveiseducatius.xtec.cat\/hospitalet\/wp-content\/uploads\/usu542\/2025\/12\/Disseny-sense-titol-9-300x225.png 300w, https:\/\/serveiseducatius.xtec.cat\/hospitalet\/wp-content\/uploads\/usu542\/2025\/12\/Disseny-sense-titol-9-768x576.png 768w\" sizes=\"auto, (max-width: 1024px) 100vw, 1024px\" \/><\/a><\/figure>\n\n\n\n<div class=\"wp-block-getwid-toggle has-icon-left\">\n<div class=\"wp-block-getwid-toggle__row\"><div class=\"wp-block-getwid-toggle__header-wrapper\"><span class=\"wp-block-getwid-toggle__header\"><a href=\"#\"><span class=\"wp-block-getwid-toggle__header-title\"><strong>Bee-bots i Blue-bots<\/strong><\/span><span class=\"wp-block-getwid-toggle__icon is-active\"><i class=\"fab fa-google-play\"><\/i><\/span><span class=\"wp-block-getwid-toggle__icon is-passive\"><i class=\"\"><\/i><\/span><\/a><\/span><\/div><div class=\"wp-block-getwid-toggle__content-wrapper\"><div class=\"wp-block-getwid-toggle__content\">\n<div class=\"wp-block-getwid-accordion has-icon-left\" data-active-element=\"none\">\n<div class=\"wp-block-getwid-accordion__header-wrapper\"><span class=\"wp-block-getwid-accordion__header\"><a href=\"#\"><span class=\"wp-block-getwid-accordion__header-title\"><strong>Descripci\u00f3<\/strong><\/span><span class=\"wp-block-getwid-accordion__icon is-active\"><i class=\"fas fa-plus\"><\/i><\/span><span class=\"wp-block-getwid-accordion__icon is-passive\"><i class=\"fas fa-minus\"><\/i><\/span><\/a><\/span><\/div><div class=\"wp-block-getwid-accordion__content-wrapper\"><div class=\"wp-block-getwid-accordion__content\">\n<p>Inicia els m\u00e9s petits (3-8 anys) en rob\u00f2tica i programaci\u00f3 amb abelles robot. Cada equip inclou 6 robots, estaci\u00f3 de c\u00e0rrega, reixeta quadriculada, 49 cartes i motxilla de transport. Les abelles memoritzen fins a 40 passos de moviments i accions, que s\u2019executen amb el bot\u00f3 Go i es poden esborrar f\u00e0cilment.<\/p>\n<\/div><\/div>\n\n\n\n<div class=\"wp-block-getwid-accordion__header-wrapper\"><span class=\"wp-block-getwid-accordion__header\"><a href=\"#\"><span class=\"wp-block-getwid-accordion__header-title\"><strong>Destinataris<\/strong><\/span><span class=\"wp-block-getwid-accordion__icon is-active\"><i class=\"fas fa-plus\"><\/i><\/span><span class=\"wp-block-getwid-accordion__icon is-passive\"><i class=\"fas fa-minus\"><\/i><\/span><\/a><\/span><\/div><div class=\"wp-block-getwid-accordion__content-wrapper\"><div class=\"wp-block-getwid-accordion__content\">\n<p>Educaci\u00f3 infantil 3-6 fins a 3r de prim\u00e0ria<\/p>\n<\/div><\/div>\n\n\n\n<div class=\"wp-block-getwid-accordion__header-wrapper\"><span class=\"wp-block-getwid-accordion__header\"><a href=\"#\"><span class=\"wp-block-getwid-accordion__header-title\"><strong>Consulta la guia did\u00e0ctica<\/strong><\/span><span class=\"wp-block-getwid-accordion__icon is-active\"><i class=\"fas fa-plus\"><\/i><\/span><span class=\"wp-block-getwid-accordion__icon is-passive\"><i class=\"fas fa-minus\"><\/i><\/span><\/a><\/span><\/div><div class=\"wp-block-getwid-accordion__content-wrapper\"><div class=\"wp-block-getwid-accordion__content\">\n<p><a href=\"https:\/\/serveiseducatius.xtec.cat\/hospitalet\/general\/bee-bots-i-blue-bots\/\" target=\"_blank\" rel=\"noreferrer noopener\">Maleta bee-bots i blue-bots<\/a><\/p>\n\n\n\n<p><\/p>\n\n\n\n<p><\/p>\n<\/div><\/div>\n<\/div>\n\n\n\n<p><\/p>\n\n\n\n<div class=\"wp-block-buttons is-content-justification-center is-layout-flex wp-container-core-buttons-is-layout-34 wp-block-buttons-is-layout-flex\">\n<div class=\"wp-block-button\"><a class=\"wp-block-button__link wp-element-button\" href=\"https:\/\/airtable.com\/app9soTLAzBfBeX8a\/shrL15jW4HDEwnk7s\/tblWKzHBvO6RAxMCt\" target=\"_blank\" rel=\"noreferrer noopener\">Reserva<\/a><\/div>\n<\/div>\n<\/div><\/div><\/div>\n<\/div>\n\n\n\n<p class=\"has-ast-global-color-1-color has-text-color has-link-color wp-elements-3605a9ffa0d2c30522d0187350213700\"><\/p>\n<\/div>\n\n\n\n<div class=\"wp-block-column is-layout-flow wp-block-column-is-layout-flow\">\n<figure class=\"wp-block-image size-full is-style-default\"><a href=\"https:\/\/serveiseducatius.xtec.cat\/hospitalet\/wp-content\/uploads\/usu542\/2025\/12\/Disseny-sense-titol-10.png\"><img loading=\"lazy\" decoding=\"async\" width=\"1024\" height=\"768\" src=\"https:\/\/serveiseducatius.xtec.cat\/hospitalet\/wp-content\/uploads\/usu542\/2025\/12\/Disseny-sense-titol-10.png\" alt=\"\" class=\"wp-image-23896\" style=\"aspect-ratio:16\/9;object-fit:cover\" srcset=\"https:\/\/serveiseducatius.xtec.cat\/hospitalet\/wp-content\/uploads\/usu542\/2025\/12\/Disseny-sense-titol-10.png 1024w, https:\/\/serveiseducatius.xtec.cat\/hospitalet\/wp-content\/uploads\/usu542\/2025\/12\/Disseny-sense-titol-10-300x225.png 300w, https:\/\/serveiseducatius.xtec.cat\/hospitalet\/wp-content\/uploads\/usu542\/2025\/12\/Disseny-sense-titol-10-768x576.png 768w\" sizes=\"auto, (max-width: 1024px) 100vw, 1024px\" \/><\/a><\/figure>\n\n\n\n<div class=\"wp-block-getwid-toggle has-icon-left\">\n<div class=\"wp-block-getwid-toggle__row\"><div class=\"wp-block-getwid-toggle__header-wrapper\"><span class=\"wp-block-getwid-toggle__header\"><a href=\"#\"><span class=\"wp-block-getwid-toggle__header-title\"><strong>Pro-bots &#8211; Lego Wedo &#8211; Beebots<\/strong><\/span><span class=\"wp-block-getwid-toggle__icon is-active\"><i class=\"fab fa-google-play\"><\/i><\/span><span class=\"wp-block-getwid-toggle__icon is-passive\"><i class=\"\"><\/i><\/span><\/a><\/span><\/div><div class=\"wp-block-getwid-toggle__content-wrapper\"><div class=\"wp-block-getwid-toggle__content\">\n<div class=\"wp-block-getwid-accordion has-icon-left\" data-active-element=\"none\">\n<div class=\"wp-block-getwid-accordion__header-wrapper\"><span class=\"wp-block-getwid-accordion__header\"><a href=\"#\"><span class=\"wp-block-getwid-accordion__header-title\"><strong>Descripci\u00f3<\/strong><\/span><span class=\"wp-block-getwid-accordion__icon is-active\"><i class=\"fas fa-plus\"><\/i><\/span><span class=\"wp-block-getwid-accordion__icon is-passive\"><i class=\"fas fa-minus\"><\/i><\/span><\/a><\/span><\/div><div class=\"wp-block-getwid-accordion__content-wrapper\"><div class=\"wp-block-getwid-accordion__content\">\n<p>ProBot \u00e9s \u201cel germ\u00e0 gran\u201d de les abelletes BeeBots.&nbsp;Si&nbsp;utilitzem nom\u00e9s les fletxes de programaci\u00f3 es comporta com una d\u2019elles, per\u00f2 si utilitzem les tecles del seu panell podem avan\u00e7ar o retrocedir&nbsp;en unitats d\u20191 cm i girar de grau en grau. Permet utilitzar un llapis per poder crear &nbsp;dibuixos i treballar, per exemple, els pol\u00edgons. Tamb\u00e9 ens permet repetir una acci\u00f3 o una seq\u00fc\u00e8ncia i podem guardar programes en la mem\u00f2ria.<\/p>\n<\/div><\/div>\n\n\n\n<div class=\"wp-block-getwid-accordion__header-wrapper\"><span class=\"wp-block-getwid-accordion__header\"><a href=\"#\"><span class=\"wp-block-getwid-accordion__header-title\"><strong>Destinataris <\/strong><\/span><span class=\"wp-block-getwid-accordion__icon is-active\"><i class=\"fas fa-plus\"><\/i><\/span><span class=\"wp-block-getwid-accordion__icon is-passive\"><i class=\"fas fa-minus\"><\/i><\/span><\/a><\/span><\/div><div class=\"wp-block-getwid-accordion__content-wrapper\"><div class=\"wp-block-getwid-accordion__content\">\n<p>Educaci\u00f3 prim\u00e0ria<\/p>\n<\/div><\/div>\n\n\n\n<div class=\"wp-block-getwid-accordion__header-wrapper\"><span class=\"wp-block-getwid-accordion__header\"><a href=\"#\"><span class=\"wp-block-getwid-accordion__header-title\"><strong>Consulta la guia did\u00e0ctica<\/strong><\/span><span class=\"wp-block-getwid-accordion__icon is-active\"><i class=\"fas fa-plus\"><\/i><\/span><span class=\"wp-block-getwid-accordion__icon is-passive\"><i class=\"fas fa-minus\"><\/i><\/span><\/a><\/span><\/div><div class=\"wp-block-getwid-accordion__content-wrapper\"><div class=\"wp-block-getwid-accordion__content\">\n<p><a href=\"https:\/\/serveiseducatius.xtec.cat\/hospitalet\/recursos\/maletes-pedagogiques\/equips-de-robotica-lego-education-wedo\/\" target=\"_blank\" rel=\"noreferrer noopener\">Maleta Pro-bots &#8211; Lego Wedo &#8211; Beebots<\/a><\/p>\n\n\n\n<p><\/p>\n<\/div><\/div>\n<\/div>\n\n\n\n<p><\/p>\n\n\n\n<div class=\"wp-block-buttons is-content-justification-center is-layout-flex wp-container-core-buttons-is-layout-35 wp-block-buttons-is-layout-flex\">\n<div class=\"wp-block-button\"><a class=\"wp-block-button__link wp-element-button\" href=\"https:\/\/airtable.com\/app9soTLAzBfBeX8a\/shrL15jW4HDEwnk7s\/tblWKzHBvO6RAxMCt\" target=\"_blank\" rel=\"noreferrer noopener\">Reserva<\/a><\/div>\n<\/div>\n<\/div><\/div><\/div>\n<\/div>\n\n\n\n<p class=\"has-ast-global-color-1-color has-text-color has-link-color wp-elements-3605a9ffa0d2c30522d0187350213700\"><\/p>\n<\/div>\n\n\n\n<div class=\"wp-block-column is-layout-flow wp-block-column-is-layout-flow\">\n<p class=\"has-ast-global-color-1-color has-text-color has-link-color wp-elements-3605a9ffa0d2c30522d0187350213700\"><\/p>\n<\/div>\n<\/div>\n\n\n\n<p><\/p>\n<\/div><\/div>\n\n\n\n<div class=\"wp-block-getwid-tabs__nav-link\"><span class=\"wp-block-getwid-tabs__title-wrapper\"><a href=\"#\"><span class=\"wp-block-getwid-tabs__title\">Matem\u00e0tiques<\/span><\/a><\/span><\/div><div class=\"wp-block-getwid-tabs__tab-content-wrapper\"><div class=\"wp-block-getwid-tabs__tab-content\">\n<div class=\"wp-block-columns is-layout-flex wp-container-core-columns-is-layout-19 wp-block-columns-is-layout-flex\">\n<div class=\"wp-block-column is-layout-flow wp-block-column-is-layout-flow\" style=\"flex-basis:100%\">\n<div class=\"wp-block-columns is-layout-flex wp-container-core-columns-is-layout-17 wp-block-columns-is-layout-flex\">\n<div class=\"wp-block-column is-layout-flow wp-block-column-is-layout-flow\">\n<figure class=\"wp-block-image size-full is-style-default\"><a href=\"https:\/\/serveiseducatius.xtec.cat\/hospitalet\/wp-content\/uploads\/usu542\/2025\/12\/Disseny-sense-titol-20.png\"><img loading=\"lazy\" decoding=\"async\" width=\"1024\" height=\"768\" src=\"https:\/\/serveiseducatius.xtec.cat\/hospitalet\/wp-content\/uploads\/usu542\/2025\/12\/Disseny-sense-titol-20.png\" alt=\"\" class=\"wp-image-24051\" style=\"aspect-ratio:4\/3;object-fit:cover\" srcset=\"https:\/\/serveiseducatius.xtec.cat\/hospitalet\/wp-content\/uploads\/usu542\/2025\/12\/Disseny-sense-titol-20.png 1024w, https:\/\/serveiseducatius.xtec.cat\/hospitalet\/wp-content\/uploads\/usu542\/2025\/12\/Disseny-sense-titol-20-300x225.png 300w, https:\/\/serveiseducatius.xtec.cat\/hospitalet\/wp-content\/uploads\/usu542\/2025\/12\/Disseny-sense-titol-20-768x576.png 768w\" sizes=\"auto, (max-width: 1024px) 100vw, 1024px\" \/><\/a><\/figure>\n\n\n\n<div class=\"wp-block-getwid-toggle has-icon-left\">\n<div class=\"wp-block-getwid-toggle__row\"><div class=\"wp-block-getwid-toggle__header-wrapper\"><span class=\"wp-block-getwid-toggle__header\"><a href=\"#\"><span class=\"wp-block-getwid-toggle__header-title\"><strong>La m\u00e9s petita 0-8 (MMACA)<\/strong><\/span><span class=\"wp-block-getwid-toggle__icon is-active\"><i class=\"fab fa-google-play\"><\/i><\/span><span class=\"wp-block-getwid-toggle__icon is-passive\"><i class=\"\"><\/i><\/span><\/a><\/span><\/div><div class=\"wp-block-getwid-toggle__content-wrapper\"><div class=\"wp-block-getwid-toggle__content\">\n<div class=\"wp-block-getwid-accordion has-icon-left\" data-active-element=\"none\">\n<div class=\"wp-block-getwid-accordion__header-wrapper\"><span class=\"wp-block-getwid-accordion__header\"><a href=\"#\"><span class=\"wp-block-getwid-accordion__header-title\"><strong>Descripci\u00f3<\/strong><\/span><span class=\"wp-block-getwid-accordion__icon is-active\"><i class=\"fas fa-plus\"><\/i><\/span><span class=\"wp-block-getwid-accordion__icon is-passive\"><i class=\"fas fa-minus\"><\/i><\/span><\/a><\/span><\/div><div class=\"wp-block-getwid-accordion__content-wrapper\"><div class=\"wp-block-getwid-accordion__content\">\n<p>La maleta del MMACA per a infants de 0 a 8 anys amb 20 m\u00f2duls de geometria, topologia, jocs d\u2019estrat\u00e8gia i combinat\u00f2ria, presentats com a petits reptes manipulatius i atractius. Els m\u00f2duls fomenten la creativitat, el di\u00e0leg i la reflexi\u00f3 sense instruccions fixes, permetent al professorat adaptar-los segons l\u2019alumnat. El treball es realitza en parelles o grups redu\u00efts, amb una fase de taller per comparar, aprofundir i enriquir els resultats.<\/p>\n<\/div><\/div>\n\n\n\n<div class=\"wp-block-getwid-accordion__header-wrapper\"><span class=\"wp-block-getwid-accordion__header\"><a href=\"#\"><span class=\"wp-block-getwid-accordion__header-title\"><strong>Destinataris <\/strong><\/span><span class=\"wp-block-getwid-accordion__icon is-active\"><i class=\"fas fa-plus\"><\/i><\/span><span class=\"wp-block-getwid-accordion__icon is-passive\"><i class=\"fas fa-minus\"><\/i><\/span><\/a><\/span><\/div><div class=\"wp-block-getwid-accordion__content-wrapper\"><div class=\"wp-block-getwid-accordion__content\">\n<p>de 0 a 8 anys<\/p>\n\n\n\n<p><\/p>\n<\/div><\/div>\n\n\n\n<div class=\"wp-block-getwid-accordion__header-wrapper\"><span class=\"wp-block-getwid-accordion__header\"><a href=\"#\"><span class=\"wp-block-getwid-accordion__header-title\"><strong>Consulta la guia did\u00e0ctica<\/strong><\/span><span class=\"wp-block-getwid-accordion__icon is-active\"><i class=\"fas fa-plus\"><\/i><\/span><span class=\"wp-block-getwid-accordion__icon is-passive\"><i class=\"fas fa-minus\"><\/i><\/span><\/a><\/span><\/div><div class=\"wp-block-getwid-accordion__content-wrapper\"><div class=\"wp-block-getwid-accordion__content\">\n<p><a href=\"https:\/\/docs.google.com\/document\/d\/1vWlUsIbF3UtAp3ynlPszwtna8toaLgCmnz5k0GIGYfs\/edit?tab=t.0\" target=\"_blank\" rel=\"noreferrer noopener\">Maleta la m\u00e9s petita 0-8 MMACA<\/a><\/p>\n<\/div><\/div>\n<\/div>\n\n\n\n<p><\/p>\n\n\n\n<div class=\"wp-block-buttons is-content-justification-center is-layout-flex wp-container-core-buttons-is-layout-36 wp-block-buttons-is-layout-flex\">\n<div class=\"wp-block-button\"><a class=\"wp-block-button__link wp-element-button\" href=\"https:\/\/airtable.com\/app9soTLAzBfBeX8a\/shrL15jW4HDEwnk7s\/tblWKzHBvO6RAxMCt\" target=\"_blank\" rel=\"noreferrer noopener\">Reserva<\/a><\/div>\n<\/div>\n<\/div><\/div><\/div>\n<\/div>\n\n\n\n<p class=\"has-ast-global-color-1-color has-text-color has-link-color wp-elements-3605a9ffa0d2c30522d0187350213700\"><\/p>\n<\/div>\n\n\n\n<div class=\"wp-block-column is-layout-flow wp-block-column-is-layout-flow\">\n<figure class=\"wp-block-image size-full is-style-default\"><a href=\"https:\/\/serveiseducatius.xtec.cat\/hospitalet\/wp-content\/uploads\/usu542\/2025\/12\/Disseny-sense-titol-15.png\"><img loading=\"lazy\" decoding=\"async\" width=\"1024\" height=\"768\" src=\"https:\/\/serveiseducatius.xtec.cat\/hospitalet\/wp-content\/uploads\/usu542\/2025\/12\/Disseny-sense-titol-15.png\" alt=\"\" class=\"wp-image-24044\" style=\"aspect-ratio:4\/3;object-fit:cover\" srcset=\"https:\/\/serveiseducatius.xtec.cat\/hospitalet\/wp-content\/uploads\/usu542\/2025\/12\/Disseny-sense-titol-15.png 1024w, https:\/\/serveiseducatius.xtec.cat\/hospitalet\/wp-content\/uploads\/usu542\/2025\/12\/Disseny-sense-titol-15-300x225.png 300w, https:\/\/serveiseducatius.xtec.cat\/hospitalet\/wp-content\/uploads\/usu542\/2025\/12\/Disseny-sense-titol-15-768x576.png 768w\" sizes=\"auto, (max-width: 1024px) 100vw, 1024px\" \/><\/a><\/figure>\n\n\n\n<div class=\"wp-block-getwid-toggle has-icon-left\">\n<div class=\"wp-block-getwid-toggle__row\"><div class=\"wp-block-getwid-toggle__header-wrapper\"><span class=\"wp-block-getwid-toggle__header\"><a href=\"#\"><span class=\"wp-block-getwid-toggle__header-title\"><strong>Educaci\u00f3 infantil 3-6<\/strong><\/span><span class=\"wp-block-getwid-toggle__icon is-active\"><i class=\"fab fa-google-play\"><\/i><\/span><span class=\"wp-block-getwid-toggle__icon is-passive\"><i class=\"\"><\/i><\/span><\/a><\/span><\/div><div class=\"wp-block-getwid-toggle__content-wrapper\"><div class=\"wp-block-getwid-toggle__content\">\n<div class=\"wp-block-getwid-accordion has-icon-left\" data-active-element=\"none\">\n<div class=\"wp-block-getwid-accordion__header-wrapper\"><span class=\"wp-block-getwid-accordion__header\"><a href=\"#\"><span class=\"wp-block-getwid-accordion__header-title\"><strong>Descripci\u00f3<\/strong><\/span><span class=\"wp-block-getwid-accordion__icon is-active\"><i class=\"fas fa-plus\"><\/i><\/span><span class=\"wp-block-getwid-accordion__icon is-passive\"><i class=\"fas fa-minus\"><\/i><\/span><\/a><\/span><\/div><div class=\"wp-block-getwid-accordion__content-wrapper\"><div class=\"wp-block-getwid-accordion__content\">\n<p>Maletes de jocs matem\u00e0tics per a Ed. Infantil amb activitats l\u00fadiques que treballen mem\u00f2ria, atenci\u00f3, psicomotricitat fina, l\u00f2gica i estrat\u00e8gia.  Tamb\u00e9 aporta contingut inspirador sobre dones cient\u00edfiques hist\u00f2riques per motivar la curiositat i l\u2019aprenentatge.<\/p>\n<\/div><\/div>\n\n\n\n<div class=\"wp-block-getwid-accordion__header-wrapper\"><span class=\"wp-block-getwid-accordion__header\"><a href=\"#\"><span class=\"wp-block-getwid-accordion__header-title\"><strong>Destinataris <\/strong><\/span><span class=\"wp-block-getwid-accordion__icon is-active\"><i class=\"fas fa-plus\"><\/i><\/span><span class=\"wp-block-getwid-accordion__icon is-passive\"><i class=\"fas fa-minus\"><\/i><\/span><\/a><\/span><\/div><div class=\"wp-block-getwid-accordion__content-wrapper\"><div class=\"wp-block-getwid-accordion__content\">\n<p>Educaci\u00f3 infantil 3-6<\/p>\n<\/div><\/div>\n\n\n\n<div class=\"wp-block-getwid-accordion__header-wrapper\"><span class=\"wp-block-getwid-accordion__header\"><a href=\"#\"><span class=\"wp-block-getwid-accordion__header-title\"><strong>Consulta la guia did\u00e0ctica<\/strong><\/span><span class=\"wp-block-getwid-accordion__icon is-active\"><i class=\"fas fa-plus\"><\/i><\/span><span class=\"wp-block-getwid-accordion__icon is-passive\"><i class=\"fas fa-minus\"><\/i><\/span><\/a><\/span><\/div><div class=\"wp-block-getwid-accordion__content-wrapper\"><div class=\"wp-block-getwid-accordion__content\">\n<p><a href=\"https:\/\/docs.google.com\/document\/d\/1rLcNV_TGAbUPSJw7GfQTL6BI5ogk7pKsKnbTQ_U5w-I\/edit?tab=t.0\" target=\"_blank\" rel=\"noreferrer noopener\">Maleta Hip\u00e0tia 3-6<\/a><\/p>\n\n\n\n<p><a href=\"https:\/\/docs.google.com\/document\/d\/177Dtji7Q9-22EBQyfhpJZ_eajo4JPtShy9REqxlZSC0\/edit?tab=t.0#heading=h.44vx3ger2g4v\" target=\"_blank\" rel=\"noreferrer noopener\">Maleta Sophie Germain 3-6<\/a><\/p>\n\n\n\n<p><a href=\"https:\/\/docs.google.com\/document\/d\/1T3GOY6nJZEgzGIF6GiKBl9yvPcY5mOw0xGeqhc7pWc0\/edit?tab=t.0\" target=\"_blank\" rel=\"noreferrer noopener\">Maleta geometria MMACA<\/a><\/p>\n<\/div><\/div>\n<\/div>\n\n\n\n<p><\/p>\n\n\n\n<div class=\"wp-block-buttons is-content-justification-center is-layout-flex wp-container-core-buttons-is-layout-37 wp-block-buttons-is-layout-flex\">\n<div class=\"wp-block-button\"><a class=\"wp-block-button__link wp-element-button\" href=\"https:\/\/airtable.com\/app9soTLAzBfBeX8a\/shrL15jW4HDEwnk7s\/tblWKzHBvO6RAxMCt\" target=\"_blank\" rel=\"noreferrer noopener\">Reserva<\/a><\/div>\n<\/div>\n<\/div><\/div><\/div>\n<\/div>\n\n\n\n<p class=\"has-ast-global-color-1-color has-text-color has-link-color wp-elements-3605a9ffa0d2c30522d0187350213700\"><\/p>\n<\/div>\n\n\n\n<div class=\"wp-block-column is-layout-flow wp-block-column-is-layout-flow\">\n<figure class=\"wp-block-image size-full is-style-default\"><a href=\"https:\/\/serveiseducatius.xtec.cat\/hospitalet\/wp-content\/uploads\/usu542\/2025\/12\/Disseny-sense-titol-16.png\"><img loading=\"lazy\" decoding=\"async\" width=\"1024\" height=\"768\" src=\"https:\/\/serveiseducatius.xtec.cat\/hospitalet\/wp-content\/uploads\/usu542\/2025\/12\/Disseny-sense-titol-16.png\" alt=\"\" class=\"wp-image-24045\" style=\"aspect-ratio:4\/3;object-fit:cover\" srcset=\"https:\/\/serveiseducatius.xtec.cat\/hospitalet\/wp-content\/uploads\/usu542\/2025\/12\/Disseny-sense-titol-16.png 1024w, https:\/\/serveiseducatius.xtec.cat\/hospitalet\/wp-content\/uploads\/usu542\/2025\/12\/Disseny-sense-titol-16-300x225.png 300w, https:\/\/serveiseducatius.xtec.cat\/hospitalet\/wp-content\/uploads\/usu542\/2025\/12\/Disseny-sense-titol-16-768x576.png 768w\" sizes=\"auto, (max-width: 1024px) 100vw, 1024px\" \/><\/a><\/figure>\n\n\n\n<div class=\"wp-block-getwid-toggle has-icon-left\">\n<div class=\"wp-block-getwid-toggle__row\"><div class=\"wp-block-getwid-toggle__header-wrapper\"><span class=\"wp-block-getwid-toggle__header\"><a href=\"#\"><span class=\"wp-block-getwid-toggle__header-title\"><strong>1r cicle de prim\u00e0ria<\/strong><\/span><span class=\"wp-block-getwid-toggle__icon is-active\"><i class=\"fab fa-google-play\"><\/i><\/span><span class=\"wp-block-getwid-toggle__icon is-passive\"><i class=\"\"><\/i><\/span><\/a><\/span><\/div><div class=\"wp-block-getwid-toggle__content-wrapper\"><div class=\"wp-block-getwid-toggle__content\">\n<div class=\"wp-block-getwid-accordion has-icon-left\" data-active-element=\"none\">\n<div class=\"wp-block-getwid-accordion__header-wrapper\"><span class=\"wp-block-getwid-accordion__header\"><a href=\"#\"><span class=\"wp-block-getwid-accordion__header-title\"><strong>Descripci\u00f3<\/strong><\/span><span class=\"wp-block-getwid-accordion__icon is-active\"><i class=\"fas fa-plus\"><\/i><\/span><span class=\"wp-block-getwid-accordion__icon is-passive\"><i class=\"fas fa-minus\"><\/i><\/span><\/a><\/span><\/div><div class=\"wp-block-getwid-accordion__content-wrapper\"><div class=\"wp-block-getwid-accordion__content\">\n<p>Maletes amb jocs pensats per estimular la l\u00f2gica, l\u2019atenci\u00f3, la mem\u00f2ria i la psicomotricitat a trav\u00e9s de reptes manipulatius i cooperatius. Els jocs promouen la curiositat i la resoluci\u00f3 de problemes mentre els infants aprenen jugant.<\/p>\n<\/div><\/div>\n\n\n\n<div class=\"wp-block-getwid-accordion__header-wrapper\"><span class=\"wp-block-getwid-accordion__header\"><a href=\"#\"><span class=\"wp-block-getwid-accordion__header-title\"><strong>Destinataris <\/strong><\/span><span class=\"wp-block-getwid-accordion__icon is-active\"><i class=\"fas fa-plus\"><\/i><\/span><span class=\"wp-block-getwid-accordion__icon is-passive\"><i class=\"fas fa-minus\"><\/i><\/span><\/a><\/span><\/div><div class=\"wp-block-getwid-accordion__content-wrapper\"><div class=\"wp-block-getwid-accordion__content\">\n<p>1r cicle de prim\u00e0ria<\/p>\n<\/div><\/div>\n\n\n\n<div class=\"wp-block-getwid-accordion__header-wrapper\"><span class=\"wp-block-getwid-accordion__header\"><a href=\"#\"><span class=\"wp-block-getwid-accordion__header-title\"><strong>Consulta la guia did\u00e0ctica<\/strong><\/span><span class=\"wp-block-getwid-accordion__icon is-active\"><i class=\"fas fa-plus\"><\/i><\/span><span class=\"wp-block-getwid-accordion__icon is-passive\"><i class=\"fas fa-minus\"><\/i><\/span><\/a><\/span><\/div><div class=\"wp-block-getwid-accordion__content-wrapper\"><div class=\"wp-block-getwid-accordion__content\">\n<p><a href=\"https:\/\/docs.google.com\/document\/d\/1vg-kovvdiw7PE6iXTQ331cL9DzfbDmdqOR43Vs0rLmM\/edit?tab=t.0\" target=\"_blank\" rel=\"noreferrer noopener\">Maleta Sonya Kovalevskaya<\/a><\/p>\n\n\n\n<p><a href=\"https:\/\/docs.google.com\/document\/d\/13E37Qu6fpRlDky0lGf-7XbiyuAV_ndvZg5mz8lIXpIQ\/edit?tab=t.0#heading=h.ad0dd9tapz6d\" target=\"_blank\" rel=\"noreferrer noopener\">Maleta Caroline Herschel<\/a><\/p>\n\n\n\n<p><a href=\"https:\/\/docs.google.com\/document\/d\/1T3GOY6nJZEgzGIF6GiKBl9yvPcY5mOw0xGeqhc7pWc0\/edit?tab=t.0\" target=\"_blank\" rel=\"noreferrer noopener\">Maleta geometria MMACA<\/a><\/p>\n\n\n\n<p><a href=\"https:\/\/docs.google.com\/document\/d\/1U98edR7qIbP2GdIPBGYSNI5bvIJ6c_UobAPlDpwSmdY\/edit?tab=t.0\" target=\"_blank\" rel=\"noreferrer noopener\">Maleta c\u00e0lcul MMACA<\/a><\/p>\n<\/div><\/div>\n<\/div>\n\n\n\n<p><\/p>\n\n\n\n<div class=\"wp-block-buttons is-content-justification-center is-layout-flex wp-container-core-buttons-is-layout-38 wp-block-buttons-is-layout-flex\">\n<div class=\"wp-block-button\"><a class=\"wp-block-button__link wp-element-button\" href=\"https:\/\/airtable.com\/app9soTLAzBfBeX8a\/shrL15jW4HDEwnk7s\/tblWKzHBvO6RAxMCt\" target=\"_blank\" rel=\"noreferrer noopener\">Reserva<\/a><\/div>\n<\/div>\n<\/div><\/div><\/div>\n<\/div>\n\n\n\n<p class=\"has-ast-global-color-1-color has-text-color has-link-color wp-elements-3605a9ffa0d2c30522d0187350213700\"><\/p>\n<\/div>\n<\/div>\n\n\n\n<div class=\"wp-block-columns is-layout-flex wp-container-core-columns-is-layout-18 wp-block-columns-is-layout-flex\">\n<div class=\"wp-block-column is-layout-flow wp-block-column-is-layout-flow\">\n<figure class=\"wp-block-image size-full\"><a href=\"https:\/\/serveiseducatius.xtec.cat\/hospitalet\/wp-content\/uploads\/usu542\/2025\/12\/Disseny-sense-titol-17.png\"><img loading=\"lazy\" decoding=\"async\" width=\"1024\" height=\"768\" src=\"https:\/\/serveiseducatius.xtec.cat\/hospitalet\/wp-content\/uploads\/usu542\/2025\/12\/Disseny-sense-titol-17.png\" alt=\"\" class=\"wp-image-24046\" style=\"aspect-ratio:4\/3;object-fit:cover\" srcset=\"https:\/\/serveiseducatius.xtec.cat\/hospitalet\/wp-content\/uploads\/usu542\/2025\/12\/Disseny-sense-titol-17.png 1024w, https:\/\/serveiseducatius.xtec.cat\/hospitalet\/wp-content\/uploads\/usu542\/2025\/12\/Disseny-sense-titol-17-300x225.png 300w, https:\/\/serveiseducatius.xtec.cat\/hospitalet\/wp-content\/uploads\/usu542\/2025\/12\/Disseny-sense-titol-17-768x576.png 768w\" sizes=\"auto, (max-width: 1024px) 100vw, 1024px\" \/><\/a><\/figure>\n\n\n\n<div class=\"wp-block-getwid-toggle has-icon-left\">\n<div class=\"wp-block-getwid-toggle__row\"><div class=\"wp-block-getwid-toggle__header-wrapper\"><span class=\"wp-block-getwid-toggle__header\"><a href=\"#\"><span class=\"wp-block-getwid-toggle__header-title\"><strong>2n cicle de prim\u00e0ria<\/strong><\/span><span class=\"wp-block-getwid-toggle__icon is-active\"><i class=\"fab fa-google-play\"><\/i><\/span><span class=\"wp-block-getwid-toggle__icon is-passive\"><i class=\"\"><\/i><\/span><\/a><\/span><\/div><div class=\"wp-block-getwid-toggle__content-wrapper\"><div class=\"wp-block-getwid-toggle__content\">\n<div class=\"wp-block-getwid-accordion has-icon-left\" data-active-element=\"none\">\n<div class=\"wp-block-getwid-accordion__header-wrapper\"><span class=\"wp-block-getwid-accordion__header\"><a href=\"#\"><span class=\"wp-block-getwid-accordion__header-title\"><strong>Descripci\u00f3<\/strong><\/span><span class=\"wp-block-getwid-accordion__icon is-active\"><i class=\"fas fa-plus\"><\/i><\/span><span class=\"wp-block-getwid-accordion__icon is-passive\"><i class=\"fas fa-minus\"><\/i><\/span><\/a><\/span><\/div><div class=\"wp-block-getwid-accordion__content-wrapper\"><div class=\"wp-block-getwid-accordion__content\">\n<p>Maleta amb jocs que desenvolupen habilitats matem\u00e0tiques m\u00e9s complexes, com el raonament l\u00f2gic, l\u2019estrat\u00e8gia i la resoluci\u00f3 de problemes en grups petits. Els jocs tamb\u00e9 fomenten la cooperaci\u00f3, la concentraci\u00f3 i la reflexi\u00f3 sobre les decisions preses.<\/p>\n<\/div><\/div>\n\n\n\n<div class=\"wp-block-getwid-accordion__header-wrapper\"><span class=\"wp-block-getwid-accordion__header\"><a href=\"#\"><span class=\"wp-block-getwid-accordion__header-title\"><strong>Destinataris <\/strong><\/span><span class=\"wp-block-getwid-accordion__icon is-active\"><i class=\"fas fa-plus\"><\/i><\/span><span class=\"wp-block-getwid-accordion__icon is-passive\"><i class=\"fas fa-minus\"><\/i><\/span><\/a><\/span><\/div><div class=\"wp-block-getwid-accordion__content-wrapper\"><div class=\"wp-block-getwid-accordion__content\">\n<p>2n cicle de prim\u00e0ria<\/p>\n<\/div><\/div>\n\n\n\n<div class=\"wp-block-getwid-accordion__header-wrapper\"><span class=\"wp-block-getwid-accordion__header\"><a href=\"#\"><span class=\"wp-block-getwid-accordion__header-title\"><strong>Consulta la guia did\u00e0ctica<\/strong><\/span><span class=\"wp-block-getwid-accordion__icon is-active\"><i class=\"fas fa-plus\"><\/i><\/span><span class=\"wp-block-getwid-accordion__icon is-passive\"><i class=\"fas fa-minus\"><\/i><\/span><\/a><\/span><\/div><div class=\"wp-block-getwid-accordion__content-wrapper\"><div class=\"wp-block-getwid-accordion__content\">\n<p><a href=\"https:\/\/docs.google.com\/document\/d\/1EaiSbQvgA6lzVFmpe6IGE8FIdZ7foGXLqZ_x4wQdkHg\/edit?tab=t.0\" target=\"_blank\" rel=\"noreferrer noopener\">Maleta Ada  Byron Lovelace <\/a><\/p>\n\n\n\n<p><a href=\"https:\/\/docs.google.com\/document\/d\/1-vTwn8GSKjoS1e9yV8any3mscQBTsBR3ade47Rj4efI\/edit?tab=t.0#heading=h.di4uf9d8jwl0\" target=\"_blank\" rel=\"noreferrer noopener\">Maleta Maria Gaetana Agnesi<\/a><\/p>\n\n\n\n<p><a href=\"https:\/\/docs.google.com\/document\/d\/1T3GOY6nJZEgzGIF6GiKBl9yvPcY5mOw0xGeqhc7pWc0\/edit?tab=t.0\" target=\"_blank\" rel=\"noreferrer noopener\">Maleta geometria MMACA<\/a><\/p>\n\n\n\n<p><a href=\"https:\/\/docs.google.com\/document\/d\/1U98edR7qIbP2GdIPBGYSNI5bvIJ6c_UobAPlDpwSmdY\/edit?tab=t.0\" target=\"_blank\" rel=\"noreferrer noopener\">Maleta c\u00e0lcul MMACA<\/a><\/p>\n<\/div><\/div>\n<\/div>\n\n\n\n<p><\/p>\n\n\n\n<div class=\"wp-block-buttons is-content-justification-center is-layout-flex wp-container-core-buttons-is-layout-39 wp-block-buttons-is-layout-flex\">\n<div class=\"wp-block-button\"><a class=\"wp-block-button__link wp-element-button\" href=\"https:\/\/airtable.com\/app9soTLAzBfBeX8a\/shrL15jW4HDEwnk7s\/tblWKzHBvO6RAxMCt\" target=\"_blank\" rel=\"noreferrer noopener\">Reserva<\/a><\/div>\n<\/div>\n<\/div><\/div><\/div>\n<\/div>\n\n\n\n<p class=\"has-ast-global-color-1-color has-text-color has-link-color wp-elements-3605a9ffa0d2c30522d0187350213700\"><\/p>\n<\/div>\n\n\n\n<div class=\"wp-block-column is-layout-flow wp-block-column-is-layout-flow\">\n<figure class=\"wp-block-image size-full\"><a href=\"https:\/\/serveiseducatius.xtec.cat\/hospitalet\/wp-content\/uploads\/usu542\/2025\/12\/Disseny-sense-titol-18.png\"><img loading=\"lazy\" decoding=\"async\" width=\"1024\" height=\"768\" src=\"https:\/\/serveiseducatius.xtec.cat\/hospitalet\/wp-content\/uploads\/usu542\/2025\/12\/Disseny-sense-titol-18.png\" alt=\"\" class=\"wp-image-24047\" style=\"aspect-ratio:4\/3;object-fit:cover\" srcset=\"https:\/\/serveiseducatius.xtec.cat\/hospitalet\/wp-content\/uploads\/usu542\/2025\/12\/Disseny-sense-titol-18.png 1024w, https:\/\/serveiseducatius.xtec.cat\/hospitalet\/wp-content\/uploads\/usu542\/2025\/12\/Disseny-sense-titol-18-300x225.png 300w, https:\/\/serveiseducatius.xtec.cat\/hospitalet\/wp-content\/uploads\/usu542\/2025\/12\/Disseny-sense-titol-18-768x576.png 768w\" sizes=\"auto, (max-width: 1024px) 100vw, 1024px\" \/><\/a><\/figure>\n\n\n\n<div class=\"wp-block-getwid-toggle has-icon-left\">\n<div class=\"wp-block-getwid-toggle__row\"><div class=\"wp-block-getwid-toggle__header-wrapper\"><span class=\"wp-block-getwid-toggle__header\"><a href=\"#\"><span class=\"wp-block-getwid-toggle__header-title\"><strong>3r cicle de prim\u00e0ria<\/strong><\/span><span class=\"wp-block-getwid-toggle__icon is-active\"><i class=\"fab fa-google-play\"><\/i><\/span><span class=\"wp-block-getwid-toggle__icon is-passive\"><i class=\"\"><\/i><\/span><\/a><\/span><\/div><div class=\"wp-block-getwid-toggle__content-wrapper\"><div class=\"wp-block-getwid-toggle__content\">\n<div class=\"wp-block-getwid-accordion has-icon-left\" data-active-element=\"none\">\n<div class=\"wp-block-getwid-accordion__header-wrapper\"><span class=\"wp-block-getwid-accordion__header\"><a href=\"#\"><span class=\"wp-block-getwid-accordion__header-title\"><strong>Descripci\u00f3<\/strong><\/span><span class=\"wp-block-getwid-accordion__icon is-active\"><i class=\"fas fa-plus\"><\/i><\/span><span class=\"wp-block-getwid-accordion__icon is-passive\"><i class=\"fas fa-minus\"><\/i><\/span><\/a><\/span><\/div><div class=\"wp-block-getwid-accordion__content-wrapper\"><div class=\"wp-block-getwid-accordion__content\">\n<p>Maleta amb jocs enfocats en la l\u00f2gica, l\u2019estrat\u00e8gia i el pensament cr\u00edtic, pensats per a reptes individuals i cooperatius que impliquen c\u00e0lcul, combinat\u00f2ria i geometria aplicada. Inclou activitats que promouen l\u2019autonomia, la presa de decisions i l\u2019an\u00e0lisi de situacions, adaptables segons el nivell de dificultat. <\/p>\n<\/div><\/div>\n\n\n\n<div class=\"wp-block-getwid-accordion__header-wrapper\"><span class=\"wp-block-getwid-accordion__header\"><a href=\"#\"><span class=\"wp-block-getwid-accordion__header-title\"><strong>Destinataris <\/strong><\/span><span class=\"wp-block-getwid-accordion__icon is-active\"><i class=\"fas fa-plus\"><\/i><\/span><span class=\"wp-block-getwid-accordion__icon is-passive\"><i class=\"fas fa-minus\"><\/i><\/span><\/a><\/span><\/div><div class=\"wp-block-getwid-accordion__content-wrapper\"><div class=\"wp-block-getwid-accordion__content\">\n<p>3r cicle d&#8217;educaci\u00f3 prim\u00e0ria<\/p>\n<\/div><\/div>\n\n\n\n<div class=\"wp-block-getwid-accordion__header-wrapper\"><span class=\"wp-block-getwid-accordion__header\"><a href=\"#\"><span class=\"wp-block-getwid-accordion__header-title\"><strong>Consulta la guia did\u00e0ctica<\/strong><\/span><span class=\"wp-block-getwid-accordion__icon is-active\"><i class=\"fas fa-plus\"><\/i><\/span><span class=\"wp-block-getwid-accordion__icon is-passive\"><i class=\"fas fa-minus\"><\/i><\/span><\/a><\/span><\/div><div class=\"wp-block-getwid-accordion__content-wrapper\"><div class=\"wp-block-getwid-accordion__content\">\n<p><a href=\"https:\/\/docs.google.com\/document\/d\/1-AcUbE-_HIy_AmOAPnfQf85uaq75ljydwZ6ob97zDeo\/edit?tab=t.0\">Maleta Emmy Noether<\/a><\/p>\n\n\n\n<p><a href=\"https:\/\/docs.google.com\/document\/d\/1MOBzsyxlPdU-l0DXWDcN0hc1jtUw1ycW7J-7zXr6Xrk\/edit?tab=t.0#heading=h.ey37m69tinjg\" target=\"_blank\" rel=\"noreferrer noopener\">Maleta Florence Nightingale<\/a><\/p>\n<\/div><\/div>\n<\/div>\n\n\n\n<p><\/p>\n\n\n\n<div class=\"wp-block-buttons is-content-justification-center is-layout-flex wp-container-core-buttons-is-layout-40 wp-block-buttons-is-layout-flex\">\n<div class=\"wp-block-button\"><a class=\"wp-block-button__link wp-element-button\" href=\"https:\/\/airtable.com\/app9soTLAzBfBeX8a\/shrL15jW4HDEwnk7s\/tblWKzHBvO6RAxMCt\" target=\"_blank\" rel=\"noreferrer noopener\">Reserva<\/a><\/div>\n<\/div>\n<\/div><\/div><\/div>\n<\/div>\n\n\n\n<p class=\"has-ast-global-color-1-color has-text-color has-link-color wp-elements-3605a9ffa0d2c30522d0187350213700\"><\/p>\n<\/div>\n\n\n\n<div class=\"wp-block-column is-layout-flow wp-block-column-is-layout-flow\">\n<figure class=\"wp-block-image size-full\"><a href=\"https:\/\/serveiseducatius.xtec.cat\/hospitalet\/wp-content\/uploads\/usu542\/2025\/12\/Disseny-sense-titol-19.png\"><img loading=\"lazy\" decoding=\"async\" width=\"1024\" height=\"768\" src=\"https:\/\/serveiseducatius.xtec.cat\/hospitalet\/wp-content\/uploads\/usu542\/2025\/12\/Disseny-sense-titol-19.png\" alt=\"\" class=\"wp-image-24049\" style=\"aspect-ratio:4\/3;object-fit:cover\" srcset=\"https:\/\/serveiseducatius.xtec.cat\/hospitalet\/wp-content\/uploads\/usu542\/2025\/12\/Disseny-sense-titol-19.png 1024w, https:\/\/serveiseducatius.xtec.cat\/hospitalet\/wp-content\/uploads\/usu542\/2025\/12\/Disseny-sense-titol-19-300x225.png 300w, https:\/\/serveiseducatius.xtec.cat\/hospitalet\/wp-content\/uploads\/usu542\/2025\/12\/Disseny-sense-titol-19-768x576.png 768w\" sizes=\"auto, (max-width: 1024px) 100vw, 1024px\" \/><\/a><\/figure>\n\n\n\n<div class=\"wp-block-getwid-toggle has-icon-left\">\n<div class=\"wp-block-getwid-toggle__row\"><div class=\"wp-block-getwid-toggle__header-wrapper\"><span class=\"wp-block-getwid-toggle__header\"><a href=\"#\"><span class=\"wp-block-getwid-toggle__header-title\"><strong>3r cicle de prim\u00e0ria i ESO<\/strong> <strong>MMACA<\/strong><\/span><span class=\"wp-block-getwid-toggle__icon is-active\"><i class=\"fab fa-google-play\"><\/i><\/span><span class=\"wp-block-getwid-toggle__icon is-passive\"><i class=\"\"><\/i><\/span><\/a><\/span><\/div><div class=\"wp-block-getwid-toggle__content-wrapper\"><div class=\"wp-block-getwid-toggle__content\">\n<div class=\"wp-block-getwid-accordion has-icon-left\" data-active-element=\"none\">\n<div class=\"wp-block-getwid-accordion__header-wrapper\"><span class=\"wp-block-getwid-accordion__header\"><a href=\"#\"><span class=\"wp-block-getwid-accordion__header-title\"><strong>Descripci\u00f3<\/strong><\/span><span class=\"wp-block-getwid-accordion__icon is-active\"><i class=\"fas fa-plus\"><\/i><\/span><span class=\"wp-block-getwid-accordion__icon is-passive\"><i class=\"fas fa-minus\"><\/i><\/span><\/a><\/span><\/div><div class=\"wp-block-getwid-accordion__content-wrapper\"><div class=\"wp-block-getwid-accordion__content\">\n<p>Jocs centrats en geometria i probabilitat que fomenten el pensament cr\u00edtic, l\u2019estrat\u00e8gia i la resoluci\u00f3 de problemes. Els jocs desperten la curiositat i la motivaci\u00f3 per aprofundir en conceptes matem\u00e0tics d\u2019una manera divertida i pr\u00e0ctica.<\/p>\n<\/div><\/div>\n\n\n\n<div class=\"wp-block-getwid-accordion__header-wrapper\"><span class=\"wp-block-getwid-accordion__header\"><a href=\"#\"><span class=\"wp-block-getwid-accordion__header-title\"><strong>Destinataris <\/strong><\/span><span class=\"wp-block-getwid-accordion__icon is-active\"><i class=\"fas fa-plus\"><\/i><\/span><span class=\"wp-block-getwid-accordion__icon is-passive\"><i class=\"fas fa-minus\"><\/i><\/span><\/a><\/span><\/div><div class=\"wp-block-getwid-accordion__content-wrapper\"><div class=\"wp-block-getwid-accordion__content\">\n<p>3r cicle de prim\u00e0ria ESO<\/p>\n<\/div><\/div>\n\n\n\n<div class=\"wp-block-getwid-accordion__header-wrapper\"><span class=\"wp-block-getwid-accordion__header\"><a href=\"#\"><span class=\"wp-block-getwid-accordion__header-title\"><strong>Consulta la guia did\u00e0ctica<\/strong><\/span><span class=\"wp-block-getwid-accordion__icon is-active\"><i class=\"fas fa-plus\"><\/i><\/span><span class=\"wp-block-getwid-accordion__icon is-passive\"><i class=\"fas fa-minus\"><\/i><\/span><\/a><\/span><\/div><div class=\"wp-block-getwid-accordion__content-wrapper\"><div class=\"wp-block-getwid-accordion__content\">\n<p><a href=\"https:\/\/docs.google.com\/document\/d\/1QLHWy5QnI5rsqXS8_0fjLQMjBrX5H8WXnO_Ds8IG73c\/edit?tab=t.0\" target=\"_blank\" rel=\"noreferrer noopener\">Maleta geometria<\/a> MMACA<\/p>\n\n\n\n<p><a href=\"https:\/\/docs.google.com\/document\/d\/1jJStjsLoAFBFftOv0kaaxhcvIosXB4CZ5GfPV1oxTQk\/edit?tab=t.0\" target=\"_blank\" rel=\"noreferrer noopener\">Maleta probabilitat<\/a> MMACA<\/p>\n\n\n\n<p><a href=\"https:\/\/drive.google.com\/file\/d\/1410fBUGiKC4XUsyqPnWKeR9QhCTdRqxL\/view?usp=drive_link\" data-type=\"link\" data-id=\"https:\/\/drive.google.com\/file\/d\/1410fBUGiKC4XUsyqPnWKeR9QhCTdRqxL\/view?usp=drive_link\">Maleta adults <\/a>MMACA<\/p>\n<\/div><\/div>\n<\/div>\n\n\n\n<p><\/p>\n\n\n\n<div class=\"wp-block-buttons is-content-justification-center is-layout-flex wp-container-core-buttons-is-layout-41 wp-block-buttons-is-layout-flex\">\n<div class=\"wp-block-button\"><a class=\"wp-block-button__link wp-element-button\" href=\"https:\/\/airtable.com\/app9soTLAzBfBeX8a\/shrL15jW4HDEwnk7s\/tblWKzHBvO6RAxMCt\" target=\"_blank\" rel=\"noreferrer noopener\">Reserva<\/a><\/div>\n<\/div>\n<\/div><\/div><\/div>\n<\/div>\n\n\n\n<p class=\"has-ast-global-color-1-color has-text-color has-link-color wp-elements-3605a9ffa0d2c30522d0187350213700\"><\/p>\n<\/div>\n<\/div>\n<\/div>\n<\/div>\n\n\n\n<p><\/p>\n<\/div><\/div>\n\n\n\n<div class=\"wp-block-getwid-tabs__nav-link\"><span class=\"wp-block-getwid-tabs__title-wrapper\"><a href=\"#\"><span class=\"wp-block-getwid-tabs__title\">Angl\u00e8s<\/span><\/a><\/span><\/div><div class=\"wp-block-getwid-tabs__tab-content-wrapper\"><div class=\"wp-block-getwid-tabs__tab-content\">\n<div class=\"wp-block-columns is-layout-flex wp-container-core-columns-is-layout-22 wp-block-columns-is-layout-flex\">\n<div class=\"wp-block-column is-layout-flow wp-block-column-is-layout-flow\" style=\"flex-basis:100%\">\n<div class=\"wp-block-columns is-layout-flex wp-container-core-columns-is-layout-20 wp-block-columns-is-layout-flex\">\n<div class=\"wp-block-column is-layout-flow wp-block-column-is-layout-flow\">\n<figure class=\"wp-block-image size-full is-style-default\"><a href=\"https:\/\/serveiseducatius.xtec.cat\/hospitalet\/wp-content\/uploads\/usu542\/2025\/12\/Imatge-proximament-7.png\"><img loading=\"lazy\" decoding=\"async\" width=\"1024\" height=\"768\" src=\"https:\/\/serveiseducatius.xtec.cat\/hospitalet\/wp-content\/uploads\/usu542\/2025\/12\/Imatge-proximament-7.png\" alt=\"\" class=\"wp-image-24066\" style=\"aspect-ratio:16\/9;object-fit:cover\" srcset=\"https:\/\/serveiseducatius.xtec.cat\/hospitalet\/wp-content\/uploads\/usu542\/2025\/12\/Imatge-proximament-7.png 1024w, https:\/\/serveiseducatius.xtec.cat\/hospitalet\/wp-content\/uploads\/usu542\/2025\/12\/Imatge-proximament-7-300x225.png 300w, https:\/\/serveiseducatius.xtec.cat\/hospitalet\/wp-content\/uploads\/usu542\/2025\/12\/Imatge-proximament-7-768x576.png 768w\" sizes=\"auto, (max-width: 1024px) 100vw, 1024px\" \/><\/a><\/figure>\n\n\n\n<div class=\"wp-block-getwid-toggle has-icon-left\">\n<div class=\"wp-block-getwid-toggle__row\"><div class=\"wp-block-getwid-toggle__header-wrapper\"><span class=\"wp-block-getwid-toggle__header\"><a href=\"#\"><span class=\"wp-block-getwid-toggle__header-title\"><strong>Game &#8211; time<\/strong><\/span><span class=\"wp-block-getwid-toggle__icon is-active\"><i class=\"fab fa-google-play\"><\/i><\/span><span class=\"wp-block-getwid-toggle__icon is-passive\"><i class=\"\"><\/i><\/span><\/a><\/span><\/div><div class=\"wp-block-getwid-toggle__content-wrapper\"><div class=\"wp-block-getwid-toggle__content\">\n<div class=\"wp-block-getwid-accordion has-icon-left\" data-active-element=\"none\">\n<div class=\"wp-block-getwid-accordion__header-wrapper\"><span class=\"wp-block-getwid-accordion__header\"><a href=\"#\"><span class=\"wp-block-getwid-accordion__header-title\"><strong>Descripci\u00f3<\/strong><\/span><span class=\"wp-block-getwid-accordion__icon is-active\"><i class=\"fas fa-plus\"><\/i><\/span><span class=\"wp-block-getwid-accordion__icon is-passive\"><i class=\"fas fa-minus\"><\/i><\/span><\/a><\/span><\/div><div class=\"wp-block-getwid-accordion__content-wrapper\"><div class=\"wp-block-getwid-accordion__content\">\n<p>Material i jocs per refor\u00e7ar la comunicaci\u00f3 oral de l\u2019alumnat, pensats per a Prim\u00e0ria per\u00f2 adaptables a altres cursos.<br>Permet treballar en estacions amb rotacions de 10-15 minuts, fomentant la participaci\u00f3 activa i l\u2019aprenentatge divertit.<br>Inclou propostes d\u2019activitats per consolidar continguts de vocabulari i gram\u00e0tica d\u2019una manera l\u00fadica i motivadora.<\/p>\n\n\n\n<p><\/p>\n<\/div><\/div>\n\n\n\n<div class=\"wp-block-getwid-accordion__header-wrapper\"><span class=\"wp-block-getwid-accordion__header\"><a href=\"#\"><span class=\"wp-block-getwid-accordion__header-title\"><strong>Destinataris <\/strong><\/span><span class=\"wp-block-getwid-accordion__icon is-active\"><i class=\"fas fa-plus\"><\/i><\/span><span class=\"wp-block-getwid-accordion__icon is-passive\"><i class=\"fas fa-minus\"><\/i><\/span><\/a><\/span><\/div><div class=\"wp-block-getwid-accordion__content-wrapper\"><div class=\"wp-block-getwid-accordion__content\">\n<p>Educaci\u00f3 prim\u00e0ria<\/p>\n\n\n\n<p><\/p>\n<\/div><\/div>\n\n\n\n<div class=\"wp-block-getwid-accordion__header-wrapper\"><span class=\"wp-block-getwid-accordion__header\"><a href=\"#\"><span class=\"wp-block-getwid-accordion__header-title\"><strong>Consulta la guia did\u00e0ctica<\/strong><\/span><span class=\"wp-block-getwid-accordion__icon is-active\"><i class=\"fas fa-plus\"><\/i><\/span><span class=\"wp-block-getwid-accordion__icon is-passive\"><i class=\"fas fa-minus\"><\/i><\/span><\/a><\/span><\/div><div class=\"wp-block-getwid-accordion__content-wrapper\"><div class=\"wp-block-getwid-accordion__content\">\n<p><a href=\"https:\/\/docs.google.com\/document\/d\/1PaALvEonSpmIbMV9LTz5AHoR7_Rxs7F3gYwuHoejQbo\/edit?tab=t.0\" target=\"_blank\" rel=\"noreferrer noopener\">Maleta Game Times<\/a><\/p>\n<\/div><\/div>\n<\/div>\n\n\n\n<p><\/p>\n\n\n\n<div class=\"wp-block-buttons is-content-justification-center is-layout-flex wp-container-core-buttons-is-layout-42 wp-block-buttons-is-layout-flex\">\n<div class=\"wp-block-button\"><a class=\"wp-block-button__link wp-element-button\" href=\"https:\/\/airtable.com\/app9soTLAzBfBeX8a\/shrL15jW4HDEwnk7s\/tblWKzHBvO6RAxMCt\" target=\"_blank\" rel=\"noreferrer noopener\">Reserva<\/a><\/div>\n<\/div>\n<\/div><\/div><\/div>\n<\/div>\n\n\n\n<p class=\"has-ast-global-color-1-color has-text-color has-link-color wp-elements-3605a9ffa0d2c30522d0187350213700\"><\/p>\n<\/div>\n\n\n\n<div class=\"wp-block-column is-layout-flow wp-block-column-is-layout-flow\">\n<figure class=\"wp-block-image size-full is-style-default\"><a href=\"https:\/\/serveiseducatius.xtec.cat\/hospitalet\/wp-content\/uploads\/usu542\/2025\/12\/Imatge-proximament-5.png\"><img loading=\"lazy\" decoding=\"async\" width=\"1024\" height=\"768\" src=\"https:\/\/serveiseducatius.xtec.cat\/hospitalet\/wp-content\/uploads\/usu542\/2025\/12\/Imatge-proximament-5.png\" alt=\"\" class=\"wp-image-24064\" style=\"aspect-ratio:16\/9;object-fit:cover\" srcset=\"https:\/\/serveiseducatius.xtec.cat\/hospitalet\/wp-content\/uploads\/usu542\/2025\/12\/Imatge-proximament-5.png 1024w, https:\/\/serveiseducatius.xtec.cat\/hospitalet\/wp-content\/uploads\/usu542\/2025\/12\/Imatge-proximament-5-300x225.png 300w, https:\/\/serveiseducatius.xtec.cat\/hospitalet\/wp-content\/uploads\/usu542\/2025\/12\/Imatge-proximament-5-768x576.png 768w\" sizes=\"auto, (max-width: 1024px) 100vw, 1024px\" \/><\/a><\/figure>\n\n\n\n<div class=\"wp-block-getwid-toggle has-icon-left\">\n<div class=\"wp-block-getwid-toggle__row\"><div class=\"wp-block-getwid-toggle__header-wrapper\"><span class=\"wp-block-getwid-toggle__header\"><a href=\"#\"><span class=\"wp-block-getwid-toggle__header-title\"><strong>Educaci\u00f3 infantil 3-6<\/strong><\/span><span class=\"wp-block-getwid-toggle__icon is-active\"><i class=\"fab fa-google-play\"><\/i><\/span><span class=\"wp-block-getwid-toggle__icon is-passive\"><i class=\"\"><\/i><\/span><\/a><\/span><\/div><div class=\"wp-block-getwid-toggle__content-wrapper\"><div class=\"wp-block-getwid-toggle__content\">\n<div class=\"wp-block-getwid-accordion has-icon-left\" data-active-element=\"none\">\n<div class=\"wp-block-getwid-accordion__header-wrapper\"><span class=\"wp-block-getwid-accordion__header\"><a href=\"#\"><span class=\"wp-block-getwid-accordion__header-title\"><strong>Descripci\u00f3<\/strong><\/span><span class=\"wp-block-getwid-accordion__icon is-active\"><i class=\"fas fa-plus\"><\/i><\/span><span class=\"wp-block-getwid-accordion__icon is-passive\"><i class=\"fas fa-minus\"><\/i><\/span><\/a><\/span><\/div><div class=\"wp-block-getwid-accordion__content-wrapper\"><div class=\"wp-block-getwid-accordion__content\">\n<p>Maletes amb llibres il\u00b7lustrats i materials complementaris (peluixos, artefactes i jocs) per estimular l\u2019aprenentatge de la lectura i el vocabulari en angl\u00e8s.<br>Contenen activitats l\u00fadiques i guies per desenvolupar habilitats d\u2019escolta, lectura i escriptura de manera interactiva i motivadora per a educaci\u00f3 infantil i prim\u00e0ria.<\/p>\n\n\n\n<p><\/p>\n<\/div><\/div>\n\n\n\n<div class=\"wp-block-getwid-accordion__header-wrapper\"><span class=\"wp-block-getwid-accordion__header\"><a href=\"#\"><span class=\"wp-block-getwid-accordion__header-title\"><strong>Destinataris <\/strong><\/span><span class=\"wp-block-getwid-accordion__icon is-active\"><i class=\"fas fa-plus\"><\/i><\/span><span class=\"wp-block-getwid-accordion__icon is-passive\"><i class=\"fas fa-minus\"><\/i><\/span><\/a><\/span><\/div><div class=\"wp-block-getwid-accordion__content-wrapper\"><div class=\"wp-block-getwid-accordion__content\">\n<p>Educaci\u00f3 infantil 3-6<\/p>\n<\/div><\/div>\n\n\n\n<div class=\"wp-block-getwid-accordion__header-wrapper\"><span class=\"wp-block-getwid-accordion__header\"><a href=\"#\"><span class=\"wp-block-getwid-accordion__header-title\"><strong>Consulta la guia did\u00e0ctica<\/strong><\/span><span class=\"wp-block-getwid-accordion__icon is-active\"><i class=\"fas fa-plus\"><\/i><\/span><span class=\"wp-block-getwid-accordion__icon is-passive\"><i class=\"fas fa-minus\"><\/i><\/span><\/a><\/span><\/div><div class=\"wp-block-getwid-accordion__content-wrapper\"><div class=\"wp-block-getwid-accordion__content\">\n<p><a href=\"https:\/\/docs.google.com\/document\/d\/1vx5PljFbukbG5M6x2FXMYjqarxItCtcOOk2xT3zw-Jk\/edit?usp=sharing\" target=\"_blank\" rel=\"noreferrer noopener\">Maleta Storysacks&nbsp;Mrs Honey\u2019s hat<\/a><\/p>\n\n\n\n<p><a href=\"https:\/\/docs.google.com\/document\/d\/1vx5PljFbukbG5M6x2FXMYjqarxItCtcOOk2xT3zw-Jk\/edit?tab=t.0\" target=\"_blank\" rel=\"noreferrer noopener\">Maleta Storysacks Teddy takes a tumble<\/a><\/p>\n\n\n\n<p><a href=\"https:\/\/docs.google.com\/document\/d\/17r0hJb_V4g0S2L60UeZxUp7PQEZ5KgSVC2_3VzXDsDc\/edit?tab=t.0\" target=\"_blank\" rel=\"noreferrer noopener\">Maleta d&#8217;angl\u00e8s Ed. Infantil i 1r cicle de prim\u00e0ria<\/a><\/p>\n<\/div><\/div>\n<\/div>\n\n\n\n<p><\/p>\n\n\n\n<div class=\"wp-block-buttons is-content-justification-center is-layout-flex wp-container-core-buttons-is-layout-43 wp-block-buttons-is-layout-flex\">\n<div class=\"wp-block-button\"><a class=\"wp-block-button__link wp-element-button\" href=\"https:\/\/airtable.com\/app9soTLAzBfBeX8a\/shrL15jW4HDEwnk7s\/tblWKzHBvO6RAxMCt\" target=\"_blank\" rel=\"noreferrer noopener\">Reserva<\/a><\/div>\n<\/div>\n<\/div><\/div><\/div>\n<\/div>\n\n\n\n<p class=\"has-ast-global-color-1-color has-text-color has-link-color wp-elements-3605a9ffa0d2c30522d0187350213700\"><\/p>\n<\/div>\n\n\n\n<div class=\"wp-block-column is-layout-flow wp-block-column-is-layout-flow\">\n<figure class=\"wp-block-image size-full is-style-default\"><a href=\"https:\/\/serveiseducatius.xtec.cat\/hospitalet\/wp-content\/uploads\/usu542\/2025\/12\/Imatge-proximament-6.png\"><img loading=\"lazy\" decoding=\"async\" width=\"1024\" height=\"768\" src=\"https:\/\/serveiseducatius.xtec.cat\/hospitalet\/wp-content\/uploads\/usu542\/2025\/12\/Imatge-proximament-6.png\" alt=\"\" class=\"wp-image-24065\" style=\"aspect-ratio:16\/9;object-fit:cover\" srcset=\"https:\/\/serveiseducatius.xtec.cat\/hospitalet\/wp-content\/uploads\/usu542\/2025\/12\/Imatge-proximament-6.png 1024w, https:\/\/serveiseducatius.xtec.cat\/hospitalet\/wp-content\/uploads\/usu542\/2025\/12\/Imatge-proximament-6-300x225.png 300w, https:\/\/serveiseducatius.xtec.cat\/hospitalet\/wp-content\/uploads\/usu542\/2025\/12\/Imatge-proximament-6-768x576.png 768w\" sizes=\"auto, (max-width: 1024px) 100vw, 1024px\" \/><\/a><\/figure>\n\n\n\n<div class=\"wp-block-getwid-toggle has-icon-left\">\n<div class=\"wp-block-getwid-toggle__row\"><div class=\"wp-block-getwid-toggle__header-wrapper\"><span class=\"wp-block-getwid-toggle__header\"><a href=\"#\"><span class=\"wp-block-getwid-toggle__header-title\"><strong>1r cicle de prim\u00e0ria<\/strong><\/span><span class=\"wp-block-getwid-toggle__icon is-active\"><i class=\"fab fa-google-play\"><\/i><\/span><span class=\"wp-block-getwid-toggle__icon is-passive\"><i class=\"\"><\/i><\/span><\/a><\/span><\/div><div class=\"wp-block-getwid-toggle__content-wrapper\"><div class=\"wp-block-getwid-toggle__content\">\n<div class=\"wp-block-getwid-accordion has-icon-left\" data-active-element=\"none\">\n<div class=\"wp-block-getwid-accordion__header-wrapper\"><span class=\"wp-block-getwid-accordion__header\"><a href=\"#\"><span class=\"wp-block-getwid-accordion__header-title\"><strong>Descripci\u00f3<\/strong><\/span><span class=\"wp-block-getwid-accordion__icon is-active\"><i class=\"fas fa-plus\"><\/i><\/span><span class=\"wp-block-getwid-accordion__icon is-passive\"><i class=\"fas fa-minus\"><\/i><\/span><\/a><\/span><\/div><div class=\"wp-block-getwid-accordion__content-wrapper\"><div class=\"wp-block-getwid-accordion__content\">\n<p>Maletes amb llibres il\u00b7lustrats i materials complementaris (peluixos, artefactes i jocs) per estimular l\u2019aprenentatge de la lectura i el vocabulari en angl\u00e8s.<br>Contenen activitats l\u00fadiques i guies per desenvolupar habilitats d\u2019escolta, lectura i escriptura de manera interactiva i motivadora per a educaci\u00f3 infantil i prim\u00e0ria.<\/p>\n<\/div><\/div>\n\n\n\n<div class=\"wp-block-getwid-accordion__header-wrapper\"><span class=\"wp-block-getwid-accordion__header\"><a href=\"#\"><span class=\"wp-block-getwid-accordion__header-title\"><strong>Destinataris <\/strong><\/span><span class=\"wp-block-getwid-accordion__icon is-active\"><i class=\"fas fa-plus\"><\/i><\/span><span class=\"wp-block-getwid-accordion__icon is-passive\"><i class=\"fas fa-minus\"><\/i><\/span><\/a><\/span><\/div><div class=\"wp-block-getwid-accordion__content-wrapper\"><div class=\"wp-block-getwid-accordion__content\">\n<p>1r cicle de prim\u00e0ria<\/p>\n<\/div><\/div>\n\n\n\n<div class=\"wp-block-getwid-accordion__header-wrapper\"><span class=\"wp-block-getwid-accordion__header\"><a href=\"#\"><span class=\"wp-block-getwid-accordion__header-title\"><strong>Consulta la guia did\u00e0ctica<\/strong><\/span><span class=\"wp-block-getwid-accordion__icon is-active\"><i class=\"fas fa-plus\"><\/i><\/span><span class=\"wp-block-getwid-accordion__icon is-passive\"><i class=\"fas fa-minus\"><\/i><\/span><\/a><\/span><\/div><div class=\"wp-block-getwid-accordion__content-wrapper\"><div class=\"wp-block-getwid-accordion__content\">\n<p><a href=\"https:\/\/docs.google.com\/document\/d\/1vx5PljFbukbG5M6x2FXMYjqarxItCtcOOk2xT3zw-Jk\/edit?usp=sharing\" target=\"_blank\" rel=\"noreferrer noopener\">Maleta Storysacks&nbsp;Mrs Honey\u2019s hat<\/a><\/p>\n\n\n\n<p><a href=\"https:\/\/docs.google.com\/document\/d\/1vx5PljFbukbG5M6x2FXMYjqarxItCtcOOk2xT3zw-Jk\/edit?tab=t.0\" target=\"_blank\" rel=\"noreferrer noopener\">Maleta Storysacks Teddy takes a tumble<\/a><\/p>\n\n\n\n<p><a href=\"https:\/\/docs.google.com\/document\/d\/17r0hJb_V4g0S2L60UeZxUp7PQEZ5KgSVC2_3VzXDsDc\/edit?tab=t.0\" target=\"_blank\" rel=\"noreferrer noopener\">Maleta d&#8217;angl\u00e8s Ed. Infantil i 1r cicle de prim\u00e0ria<\/a><\/p>\n<\/div><\/div>\n<\/div>\n\n\n\n<p><\/p>\n\n\n\n<div class=\"wp-block-buttons is-content-justification-center is-layout-flex wp-container-core-buttons-is-layout-44 wp-block-buttons-is-layout-flex\">\n<div class=\"wp-block-button\"><a class=\"wp-block-button__link wp-element-button\" href=\"https:\/\/airtable.com\/app9soTLAzBfBeX8a\/shrL15jW4HDEwnk7s\/tblWKzHBvO6RAxMCt\" target=\"_blank\" rel=\"noreferrer noopener\">Reserva<\/a><\/div>\n<\/div>\n<\/div><\/div><\/div>\n<\/div>\n\n\n\n<p class=\"has-ast-global-color-1-color has-text-color has-link-color wp-elements-3605a9ffa0d2c30522d0187350213700\"><\/p>\n<\/div>\n<\/div>\n\n\n\n<div class=\"wp-block-columns is-layout-flex wp-container-core-columns-is-layout-21 wp-block-columns-is-layout-flex\">\n<div class=\"wp-block-column is-layout-flow wp-block-column-is-layout-flow\">\n<figure class=\"wp-block-image size-full\"><a href=\"https:\/\/serveiseducatius.xtec.cat\/hospitalet\/wp-content\/uploads\/usu542\/2025\/12\/Imatge-proximament-8-1.png\"><img loading=\"lazy\" decoding=\"async\" width=\"1024\" height=\"768\" src=\"https:\/\/serveiseducatius.xtec.cat\/hospitalet\/wp-content\/uploads\/usu542\/2025\/12\/Imatge-proximament-8-1.png\" alt=\"\" class=\"wp-image-24068\" style=\"aspect-ratio:16\/9;object-fit:cover\" srcset=\"https:\/\/serveiseducatius.xtec.cat\/hospitalet\/wp-content\/uploads\/usu542\/2025\/12\/Imatge-proximament-8-1.png 1024w, https:\/\/serveiseducatius.xtec.cat\/hospitalet\/wp-content\/uploads\/usu542\/2025\/12\/Imatge-proximament-8-1-300x225.png 300w, https:\/\/serveiseducatius.xtec.cat\/hospitalet\/wp-content\/uploads\/usu542\/2025\/12\/Imatge-proximament-8-1-768x576.png 768w\" sizes=\"auto, (max-width: 1024px) 100vw, 1024px\" \/><\/a><\/figure>\n\n\n\n<div class=\"wp-block-getwid-toggle has-icon-left\">\n<div class=\"wp-block-getwid-toggle__row\"><div class=\"wp-block-getwid-toggle__header-wrapper\"><span class=\"wp-block-getwid-toggle__header\"><a href=\"#\"><span class=\"wp-block-getwid-toggle__header-title\"><strong>2n cicle de prim\u00e0ria<\/strong><\/span><span class=\"wp-block-getwid-toggle__icon is-active\"><i class=\"fab fa-google-play\"><\/i><\/span><span class=\"wp-block-getwid-toggle__icon is-passive\"><i class=\"\"><\/i><\/span><\/a><\/span><\/div><div class=\"wp-block-getwid-toggle__content-wrapper\"><div class=\"wp-block-getwid-toggle__content\">\n<div class=\"wp-block-getwid-accordion has-icon-left\" data-active-element=\"none\">\n<div class=\"wp-block-getwid-accordion__header-wrapper\"><span class=\"wp-block-getwid-accordion__header\"><a href=\"#\"><span class=\"wp-block-getwid-accordion__header-title\"><strong>Descripci\u00f3<\/strong><\/span><span class=\"wp-block-getwid-accordion__icon is-active\"><i class=\"fas fa-plus\"><\/i><\/span><span class=\"wp-block-getwid-accordion__icon is-passive\"><i class=\"fas fa-minus\"><\/i><\/span><\/a><\/span><\/div><div class=\"wp-block-getwid-accordion__content-wrapper\"><div class=\"wp-block-getwid-accordion__content\">\n<p>Maletes amb llibres il\u00b7lustrats i materials complementaris (peluixos, artefactes i jocs) per estimular l\u2019aprenentatge de la lectura i el vocabulari en angl\u00e8s.<br>Contenen activitats l\u00fadiques i guies per desenvolupar habilitats d\u2019escolta, lectura i escriptura de manera interactiva i motivadora per a educaci\u00f3 infantil i prim\u00e0ria.<\/p>\n<\/div><\/div>\n\n\n\n<div class=\"wp-block-getwid-accordion__header-wrapper\"><span class=\"wp-block-getwid-accordion__header\"><a href=\"#\"><span class=\"wp-block-getwid-accordion__header-title\"><strong>Destinataris <\/strong><\/span><span class=\"wp-block-getwid-accordion__icon is-active\"><i class=\"fas fa-plus\"><\/i><\/span><span class=\"wp-block-getwid-accordion__icon is-passive\"><i class=\"fas fa-minus\"><\/i><\/span><\/a><\/span><\/div><div class=\"wp-block-getwid-accordion__content-wrapper\"><div class=\"wp-block-getwid-accordion__content\">\n<p>2n cicle de prim\u00e0ria<\/p>\n<\/div><\/div>\n\n\n\n<div class=\"wp-block-getwid-accordion__header-wrapper\"><span class=\"wp-block-getwid-accordion__header\"><a href=\"#\"><span class=\"wp-block-getwid-accordion__header-title\"><strong>Consulta la guia did\u00e0ctica<\/strong><\/span><span class=\"wp-block-getwid-accordion__icon is-active\"><i class=\"fas fa-plus\"><\/i><\/span><span class=\"wp-block-getwid-accordion__icon is-passive\"><i class=\"fas fa-minus\"><\/i><\/span><\/a><\/span><\/div><div class=\"wp-block-getwid-accordion__content-wrapper\"><div class=\"wp-block-getwid-accordion__content\">\n<p><a href=\"https:\/\/docs.google.com\/document\/d\/1vx5PljFbukbG5M6x2FXMYjqarxItCtcOOk2xT3zw-Jk\/edit?usp=sharing\" target=\"_blank\" rel=\"noreferrer noopener\">Maleta Storysacks&nbsp;Mrs Honey\u2019s hat<\/a><\/p>\n\n\n\n<p><a href=\"https:\/\/docs.google.com\/document\/d\/1vx5PljFbukbG5M6x2FXMYjqarxItCtcOOk2xT3zw-Jk\/edit?tab=t.0\" target=\"_blank\" rel=\"noreferrer noopener\">Maleta Storysacks Teddy takes a tumble<\/a><\/p>\n\n\n\n<p><a href=\"https:\/\/docs.google.com\/document\/d\/16xYzsdVj0qZwujCzbdvbd_8ctq8XHbxbJeeX23PSiZQ\/edit?usp=sharing\" target=\"_blank\" rel=\"noreferrer noopener\">Maleta 2n cicle de prim\u00e0ria<\/a><\/p>\n<\/div><\/div>\n<\/div>\n\n\n\n<p><\/p>\n\n\n\n<div class=\"wp-block-buttons is-content-justification-center is-layout-flex wp-container-core-buttons-is-layout-45 wp-block-buttons-is-layout-flex\">\n<div class=\"wp-block-button\"><a class=\"wp-block-button__link wp-element-button\" href=\"https:\/\/airtable.com\/app9soTLAzBfBeX8a\/shrL15jW4HDEwnk7s\/tblWKzHBvO6RAxMCt\" target=\"_blank\" rel=\"noreferrer noopener\">Reserva<\/a><\/div>\n<\/div>\n<\/div><\/div><\/div>\n<\/div>\n\n\n\n<p class=\"has-ast-global-color-1-color has-text-color has-link-color wp-elements-3605a9ffa0d2c30522d0187350213700\"><\/p>\n<\/div>\n\n\n\n<div class=\"wp-block-column is-layout-flow wp-block-column-is-layout-flow\">\n<figure class=\"wp-block-image size-full\"><a href=\"https:\/\/serveiseducatius.xtec.cat\/hospitalet\/wp-content\/uploads\/usu542\/2025\/12\/Imatge-proximament-8-1.png\"><img loading=\"lazy\" decoding=\"async\" width=\"1024\" height=\"768\" src=\"https:\/\/serveiseducatius.xtec.cat\/hospitalet\/wp-content\/uploads\/usu542\/2025\/12\/Imatge-proximament-8-1.png\" alt=\"\" class=\"wp-image-24068\" style=\"aspect-ratio:16\/9;object-fit:cover\" srcset=\"https:\/\/serveiseducatius.xtec.cat\/hospitalet\/wp-content\/uploads\/usu542\/2025\/12\/Imatge-proximament-8-1.png 1024w, https:\/\/serveiseducatius.xtec.cat\/hospitalet\/wp-content\/uploads\/usu542\/2025\/12\/Imatge-proximament-8-1-300x225.png 300w, https:\/\/serveiseducatius.xtec.cat\/hospitalet\/wp-content\/uploads\/usu542\/2025\/12\/Imatge-proximament-8-1-768x576.png 768w\" sizes=\"auto, (max-width: 1024px) 100vw, 1024px\" \/><\/a><\/figure>\n\n\n\n<div class=\"wp-block-getwid-toggle has-icon-left\">\n<div class=\"wp-block-getwid-toggle__row\"><div class=\"wp-block-getwid-toggle__header-wrapper\"><span class=\"wp-block-getwid-toggle__header\"><a href=\"#\"><span class=\"wp-block-getwid-toggle__header-title\"><strong>3r cicle de prim\u00e0ria<\/strong><\/span><span class=\"wp-block-getwid-toggle__icon is-active\"><i class=\"fab fa-google-play\"><\/i><\/span><span class=\"wp-block-getwid-toggle__icon is-passive\"><i class=\"\"><\/i><\/span><\/a><\/span><\/div><div class=\"wp-block-getwid-toggle__content-wrapper\"><div class=\"wp-block-getwid-toggle__content\">\n<div class=\"wp-block-getwid-accordion has-icon-left\" data-active-element=\"none\">\n<div class=\"wp-block-getwid-accordion__header-wrapper\"><span class=\"wp-block-getwid-accordion__header\"><a href=\"#\"><span class=\"wp-block-getwid-accordion__header-title\"><strong>Descripci\u00f3<\/strong><\/span><span class=\"wp-block-getwid-accordion__icon is-active\"><i class=\"fas fa-plus\"><\/i><\/span><span class=\"wp-block-getwid-accordion__icon is-passive\"><i class=\"fas fa-minus\"><\/i><\/span><\/a><\/span><\/div><div class=\"wp-block-getwid-accordion__content-wrapper\"><div class=\"wp-block-getwid-accordion__content\">\n<p>Maletes amb llibres informatius i de lectura adaptada, jocs i materials complementaris per explorar temes de ci\u00e8ncia, hist\u00f2ria i contes cl\u00e0ssics en angl\u00e8s.<\/p>\n\n\n\n<p><\/p>\n<\/div><\/div>\n\n\n\n<div class=\"wp-block-getwid-accordion__header-wrapper\"><span class=\"wp-block-getwid-accordion__header\"><a href=\"#\"><span class=\"wp-block-getwid-accordion__header-title\"><strong>Destinataris <\/strong><\/span><span class=\"wp-block-getwid-accordion__icon is-active\"><i class=\"fas fa-plus\"><\/i><\/span><span class=\"wp-block-getwid-accordion__icon is-passive\"><i class=\"fas fa-minus\"><\/i><\/span><\/a><\/span><\/div><div class=\"wp-block-getwid-accordion__content-wrapper\"><div class=\"wp-block-getwid-accordion__content\">\n<p>3r cicle d&#8217;educaci\u00f3 prim\u00e0ria<\/p>\n<\/div><\/div>\n\n\n\n<div class=\"wp-block-getwid-accordion__header-wrapper\"><span class=\"wp-block-getwid-accordion__header\"><a href=\"#\"><span class=\"wp-block-getwid-accordion__header-title\"><strong>Consulta la guia did\u00e0ctica<\/strong><\/span><span class=\"wp-block-getwid-accordion__icon is-active\"><i class=\"fas fa-plus\"><\/i><\/span><span class=\"wp-block-getwid-accordion__icon is-passive\"><i class=\"fas fa-minus\"><\/i><\/span><\/a><\/span><\/div><div class=\"wp-block-getwid-accordion__content-wrapper\"><div class=\"wp-block-getwid-accordion__content\">\n<p><a href=\"https:\/\/docs.google.com\/document\/d\/1ZOk4MppgmzomTz3OXKtgkU6GxtJC_lOdniQOkZV-ziw\/edit?tab=t.0\" target=\"_blank\" rel=\"noreferrer noopener\">Maleta angl\u00e8s 3r cicle<\/a><\/p>\n\n\n\n<p><\/p>\n<\/div><\/div>\n<\/div>\n\n\n\n<p><\/p>\n\n\n\n<div class=\"wp-block-buttons is-content-justification-center is-layout-flex wp-container-core-buttons-is-layout-46 wp-block-buttons-is-layout-flex\">\n<div class=\"wp-block-button\"><a class=\"wp-block-button__link wp-element-button\" href=\"https:\/\/airtable.com\/app9soTLAzBfBeX8a\/shrL15jW4HDEwnk7s\/tblWKzHBvO6RAxMCt\" target=\"_blank\" rel=\"noreferrer noopener\">Reserva<\/a><\/div>\n<\/div>\n<\/div><\/div><\/div>\n<\/div>\n\n\n\n<p class=\"has-ast-global-color-1-color has-text-color has-link-color wp-elements-3605a9ffa0d2c30522d0187350213700\"><\/p>\n<\/div>\n\n\n\n<div class=\"wp-block-column is-layout-flow wp-block-column-is-layout-flow\">\n<p class=\"has-ast-global-color-1-color has-text-color has-link-color wp-elements-3605a9ffa0d2c30522d0187350213700\"><\/p>\n<\/div>\n<\/div>\n<\/div>\n<\/div>\n\n\n\n<p><\/p>\n<\/div><\/div>\n<\/div>\n\n\n\n<p><\/p>\n","protected":false},"excerpt":{"rendered":"","protected":false},"author":214,"featured_media":0,"parent":0,"menu_order":0,"comment_status":"closed","ping_status":"close","template":"","meta":{"_bbp_topic_count":0,"_bbp_reply_count":0,"_bbp_total_topic_count":0,"_bbp_total_reply_count":0,"_bbp_voice_count":0,"_bbp_anonymous_reply_count":0,"_bbp_topic_count_hidden":0,"_bbp_reply_count_hidden":0,"_bbp_forum_subforum_count":0,"site-sidebar-layout":"default","site-content-layout":"","ast-site-content-layout":"default","site-content-style":"default","site-sidebar-style":"default","ast-global-header-display":"","ast-banner-title-visibility":"","ast-main-header-display":"","ast-hfb-above-header-display":"","ast-hfb-below-header-display":"","ast-hfb-mobile-header-display":"","site-post-title":"","ast-breadcrumbs-content":"","ast-featured-img":"","footer-sml-layout":"","theme-transparent-header-meta":"","adv-header-id-meta":"","stick-header-meta":"","header-above-stick-meta":"","header-main-stick-meta":"","header-below-stick-meta":"","astra-migrate-meta-layouts":"set","ast-page-background-enabled":"default","ast-page-background-meta":{"desktop":{"background-color":"var(--ast-global-color-4)","background-image":"","background-repeat":"repeat","background-position":"center center","background-size":"auto","background-attachment":"scroll","background-type":"","background-media":"","overlay-type":"","overlay-color":"","overlay-opacity":"","overlay-gradient":""},"tablet":{"background-color":"","background-image":"","background-repeat":"repeat","background-position":"center center","background-size":"auto","background-attachment":"scroll","background-type":"","background-media":"","overlay-type":"","overlay-color":"","overlay-opacity":"","overlay-gradient":""},"mobile":{"background-color":"","background-image":"","background-repeat":"repeat","background-position":"center center","background-size":"auto","background-attachment":"scroll","background-type":"","background-media":"","overlay-type":"","overlay-color":"","overlay-opacity":"","overlay-gradient":""}},"ast-content-background-meta":{"desktop":{"background-color":"var(--ast-global-color-5)","background-image":"","background-repeat":"repeat","background-position":"center center","background-size":"auto","background-attachment":"scroll","background-type":"","background-media":"","overlay-type":"","overlay-color":"","overlay-opacity":"","overlay-gradient":""},"tablet":{"background-color":"var(--ast-global-color-5)","background-image":"","background-repeat":"repeat","background-position":"center center","background-size":"auto","background-attachment":"scroll","background-type":"","background-media":"","overlay-type":"","overlay-color":"","overlay-opacity":"","overlay-gradient":""},"mobile":{"background-color":"var(--ast-global-color-5)","background-image":"","background-repeat":"repeat","background-position":"center center","background-size":"auto","background-attachment":"scroll","background-type":"","background-media":"","overlay-type":"","overlay-color":"","overlay-opacity":"","overlay-gradient":""}},"footnotes":""},"class_list":["post-23850","page","type-page","status-publish","hentry"],"post_mailing_queue_ids":[],"_links":{"self":[{"href":"https:\/\/serveiseducatius.xtec.cat\/hospitalet\/wp-json\/wp\/v2\/pages\/23850","targetHints":{"allow":["GET"]}}],"collection":[{"href":"https:\/\/serveiseducatius.xtec.cat\/hospitalet\/wp-json\/wp\/v2\/pages"}],"about":[{"href":"https:\/\/serveiseducatius.xtec.cat\/hospitalet\/wp-json\/wp\/v2\/types\/page"}],"author":[{"embeddable":true,"href":"https:\/\/serveiseducatius.xtec.cat\/hospitalet\/wp-json\/wp\/v2\/users\/214"}],"replies":[{"embeddable":true,"href":"https:\/\/serveiseducatius.xtec.cat\/hospitalet\/wp-json\/wp\/v2\/comments?post=23850"}],"version-history":[{"count":6,"href":"https:\/\/serveiseducatius.xtec.cat\/hospitalet\/wp-json\/wp\/v2\/pages\/23850\/revisions"}],"predecessor-version":[{"id":24821,"href":"https:\/\/serveiseducatius.xtec.cat\/hospitalet\/wp-json\/wp\/v2\/pages\/23850\/revisions\/24821"}],"wp:attachment":[{"href":"https:\/\/serveiseducatius.xtec.cat\/hospitalet\/wp-json\/wp\/v2\/media?parent=23850"}],"curies":[{"name":"wp","href":"https:\/\/api.w.org\/{rel}","templated":true}]}}