{"id":10988,"date":"2017-11-05T11:53:00","date_gmt":"2017-11-05T10:53:00","guid":{"rendered":"http:\/\/serveiseducatius.xtec.cat\/hospitalet\/?page_id=10988"},"modified":"2024-02-22T11:07:26","modified_gmt":"2024-02-22T10:07:26","slug":"llengua-parlada","status":"publish","type":"page","link":"https:\/\/serveiseducatius.xtec.cat\/hospitalet\/llengua-parlada\/","title":{"rendered":"Llengua parlada"},"content":{"rendered":"<p><img loading=\"lazy\" decoding=\"async\" class=\"alignleft size-full wp-image-10977\" src=\"http:\/\/serveiseducatius.xtec.cat\/hospitalet\/wp-content\/uploads\/usu542\/2017\/11\/button_recursos.jpg\" alt=\"\" width=\"113\" height=\"34\" \/><\/p>\n<p>&nbsp;<\/p>\n<p id=\"sites-page-title-header\" align=\"left\"><span id=\"Orientacions_sobre_com_estimular_la_parla_amb_els_mes_petits\"><a href=\"https:\/\/blogs.20minutos.es\/madrereciente\/2010\/02\/17\/hablando-nos-entendemos-dos\/\" target=\"_blank\" rel=\"noopener noreferrer\"><span id=\"sites-page-title\" dir=\"ltr\" tabindex=\"-1\"><img loading=\"lazy\" decoding=\"async\" class=\"alignleft wp-image-11083\" src=\"http:\/\/serveiseducatius.xtec.cat\/hospitalet\/wp-content\/uploads\/usu542\/2017\/11\/RECURSOS1-2.jpg\" alt=\"\" width=\"182\" height=\"149\" \/><\/span><\/a><a href=\"https:\/\/blogs.20minutos.es\/madrereciente\/2010\/02\/17\/hablando-nos-entendemos-dos\/\" target=\"_blank\" rel=\"noopener noreferrer\"><span id=\"sites-page-title\" dir=\"ltr\" tabindex=\"-1\">Orientacions sobre com estimular la parla amb els m\u00e9s petits.<\/span><\/a><\/span><\/p>\n<p>Bloc del diari 20 minutos ones donen orientacions per com estimular la parla amb els m\u00e9s petits.<a href=\"http:\/\/blogs.20minutos.es\/madrereciente\/2010\/02\/17\/hablando-nos-entendemos-dos\/\" target=\"_blank\" rel=\"nofollow noopener noreferrer\">\u00a0Fes clic<\/a>\u00a0a la imatge per visitar la p\u00e0gina.<\/p>\n<p>&nbsp;<\/p>\n<p><a href=\"https:\/\/sites.google.com\/a\/xtec.cat\/se-baixemporda\/eap-baix-emporda\/des-de-l-eap\/trastornespecificdelllenguatgetel\" target=\"_blank\" rel=\"noopener noreferrer\"><img loading=\"lazy\" decoding=\"async\" class=\"alignleft wp-image-11084\" src=\"http:\/\/serveiseducatius.xtec.cat\/hospitalet\/wp-content\/uploads\/usu542\/2017\/11\/RECURSOS2.jpg\" sizes=\"auto, (max-width: 197px) 100vw, 197px\" srcset=\"http:\/\/serveiseducatius.xtec.cat\/hospitalet\/wp-content\/uploads\/usu542\/2017\/11\/RECURSOS2.jpg 320w, http:\/\/serveiseducatius.xtec.cat\/hospitalet\/wp-content\/uploads\/usu542\/2017\/11\/RECURSOS2-300x193.jpg 300w\" alt=\"\" width=\"197\" height=\"127\" \/><\/a><\/p>\n<h3 align=\"left\"><\/h3>\n<p id=\"sites-page-title-header\" align=\"left\"><span id=\"Orientacions_pels_casos_amb_Trastorn_especific_del_llenguatge\"><a href=\"https:\/\/sites.google.com\/a\/xtec.cat\/se-baixemporda\/eap-baix-emporda\/des-de-l-eap\/trastornespecificdelllenguatgetel\" target=\"_blank\" rel=\"noopener noreferrer\"><span id=\"sites-page-title\" dir=\"ltr\" tabindex=\"-1\">Orientacions pels casos amb Trastorn especific del llenguatge.<\/span><\/a><\/span><\/p>\n<p>P\u00e0gina del Servei Educatiu del Baix Empord\u00e0\u00a0 (EAP) on es donen orientacions per la intervenci\u00f3 a l\u2019aula dels nens amb trastorn espec\u00edfic del llenguatge.<\/p>\n<p>&nbsp;<\/p>\n<p><a href=\"http:\/\/serveiseducatius.xtec.cat\/creda-comarques4\/?module=Pages&amp;func=display&amp;pageid=18\" target=\"_blank\" rel=\"noopener noreferrer\"><img loading=\"lazy\" decoding=\"async\" class=\"alignleft wp-image-11085\" src=\"http:\/\/serveiseducatius.xtec.cat\/hospitalet\/wp-content\/uploads\/usu542\/2017\/11\/RECURSOS3.jpg\" alt=\"\" width=\"191\" height=\"155\" \/><\/a><\/p>\n<p id=\"sites-page-title-header\" align=\"left\"><span id=\"Alumnes_amb_dificultats_del_llenguatge\"><a href=\"http:\/\/serveiseducatius.xtec.cat\/creda-comarques4\/?module=Pages&amp;func=display&amp;pageid=18\" target=\"_blank\" rel=\"noopener noreferrer\"><span id=\"sites-page-title\" dir=\"ltr\" tabindex=\"-1\">Alumnes amb dificultats del llenguatge.<\/span><\/a><\/span><\/p>\n<p>P\u00e0gina elaborada pel CREDA de Barcelona Comarques on s\u2019hi poden trpobar guies i recursos per entendre i intervenir en casos d\u2019alumnes amb dificultats del llenguatge (TEL, tartamudesa, expressi\u00f3 escrita entre altres).<\/p>\n<p>&nbsp;<\/p>\n<p>&nbsp;<\/p>\n<p><a href=\"https:\/\/drive.google.com\/file\/d\/0B2YYGDOTvAgFS0FFeU1VdkI3UzQ\/view\" target=\"_blank\" rel=\"noopener noreferrer\"><img loading=\"lazy\" decoding=\"async\" class=\"alignleft wp-image-11087\" src=\"http:\/\/serveiseducatius.xtec.cat\/hospitalet\/wp-content\/uploads\/usu542\/2017\/11\/RECURSOS4.gif\" alt=\"\" width=\"186\" height=\"263\" \/><\/a><\/p>\n<p id=\"sites-page-title-header\" align=\"left\"><span id=\"L8217us_del_llenguatge_a_l8217escola\"><a href=\"https:\/\/drive.google.com\/file\/d\/0B2YYGDOTvAgFS0FFeU1VdkI3UzQ\/view\" target=\"_blank\" rel=\"noopener noreferrer\"><span id=\"sites-page-title\" dir=\"ltr\" tabindex=\"-1\">L\u2019\u00fas del llenguatge a l\u2019escola.<\/span><\/a><\/span><\/p>\n<p>Pots\u00a0<a href=\"https:\/\/drive.google.com\/file\/d\/0B2YYGDOTvAgFS0FFeU1VdkI3UzQ\/view?usp=sharing\" target=\"_blank\" rel=\"noopener noreferrer\">descarregar<\/a>\u00a0el llibre de propostes d\u2019intervenci\u00f3 per l\u2019alumnat amb dificultats de comunicaci\u00f3 i llenguatge. Presenta estrat\u00e8gies metodol\u00f2giques i organitzatives acompanyades d\u2019exemples pr\u00e0ctics d\u2019 activitats d\u2019ensenyament-aprenentatge \u00fatils per al conjunt d\u2019infants i, molt especialment, per a l\u2019alumnat amb dificultats en l\u2019\u00e0mbit ling\u00fc\u00edstic i comunicatiu.<\/p>\n<p>&nbsp;<\/p>\n<p>&nbsp;<\/p>\n<p>&nbsp;<\/p>\n<p>&nbsp;<\/p>\n<p><img loading=\"lazy\" decoding=\"async\" class=\"alignleft size-full wp-image-10978\" src=\"http:\/\/serveiseducatius.xtec.cat\/hospitalet\/wp-content\/uploads\/usu542\/2017\/11\/button_guies.jpg\" alt=\"\" width=\"87\" height=\"34\" \/><\/p>\n<p>&nbsp;<\/p>\n<p>&nbsp;<\/p>\n<p><a href=\"http:\/\/www.xtec.cat\/serveis\/creda\/e3925251\/docs_public\/guia_famil_fills_sordceguesa.pdf\" target=\"_blank\" rel=\"noopener noreferrer\"><img loading=\"lazy\" decoding=\"async\" class=\"alignleft wp-image-11099\" src=\"http:\/\/serveiseducatius.xtec.cat\/hospitalet\/wp-content\/uploads\/usu542\/2017\/11\/Guia_per_families_tartamudesa.jpg-1.jpeg\" alt=\"\" width=\"126\" height=\"126\" \/><\/a><a href=\"http:\/\/www.xtec.cat\/serveis\/creda\/e3925251\/docs_public\/guia_famil_fills_sordceguesa.pdf\" target=\"_blank\" rel=\"noopener noreferrer\"><span id=\"sites-page-title\" dir=\"ltr\" tabindex=\"-1\">Guia per a fam\u00edlies d\u2019infants amb tartamudesa. Generalitat de Catalunya.<\/span><\/a><\/p>\n<p>Amb aquesta guia es pret\u00e9n facilitar orientacions i recursos als pares i mares perqu\u00e8 puguin ajudar els seus fills en el desenvolupament del llenguatge.<\/p>\n<p>&nbsp;<\/p>\n","protected":false},"excerpt":{"rendered":"<p>&nbsp; Orientacions sobre com estimular la parla amb els m\u00e9s petits. Bloc del diari 20 minutos ones donen orientacions per com estimular la parla amb els m\u00e9s petits.\u00a0Fes clic\u00a0a la imatge per visitar la p\u00e0gina. &nbsp; Orientacions pels casos amb Trastorn especific del llenguatge. P\u00e0gina del Servei Educatiu del Baix Empord\u00e0\u00a0 (EAP) on es donen [&hellip;]<\/p>\n","protected":false},"author":1,"featured_media":0,"parent":0,"menu_order":0,"comment_status":"closed","ping_status":"closed","template":"page-templates\/side-menu.php","meta":{"_bbp_topic_count":0,"_bbp_reply_count":0,"_bbp_total_topic_count":0,"_bbp_total_reply_count":0,"_bbp_voice_count":0,"_bbp_anonymous_reply_count":0,"_bbp_topic_count_hidden":0,"_bbp_reply_count_hidden":0,"_bbp_forum_subforum_count":0,"site-sidebar-layout":"default","site-content-layout":"","ast-site-content-layout":"","site-content-style":"default","site-sidebar-style":"default","ast-global-header-display":"","ast-banner-title-visibility":"","ast-main-header-display":"","ast-hfb-above-header-display":"","ast-hfb-below-header-display":"","ast-hfb-mobile-header-display":"","site-post-title":"","ast-breadcrumbs-content":"","ast-featured-img":"","footer-sml-layout":"","theme-transparent-header-meta":"","adv-header-id-meta":"","stick-header-meta":"","header-above-stick-meta":"","header-main-stick-meta":"","header-below-stick-meta":"","astra-migrate-meta-layouts":"default","ast-page-background-enabled":"default","ast-page-background-meta":{"desktop":{"background-color":"var(--ast-global-color-4)","background-image":"","background-repeat":"repeat","background-position":"center center","background-size":"auto","background-attachment":"scroll","background-type":"","background-media":"","overlay-type":"","overlay-color":"","overlay-opacity":"","overlay-gradient":""},"tablet":{"background-color":"","background-image":"","background-repeat":"repeat","background-position":"center center","background-size":"auto","background-attachment":"scroll","background-type":"","background-media":"","overlay-type":"","overlay-color":"","overlay-opacity":"","overlay-gradient":""},"mobile":{"background-color":"","background-image":"","background-repeat":"repeat","background-position":"center center","background-size":"auto","background-attachment":"scroll","background-type":"","background-media":"","overlay-type":"","overlay-color":"","overlay-opacity":"","overlay-gradient":""}},"ast-content-background-meta":{"desktop":{"background-color":"var(--ast-global-color-5)","background-image":"","background-repeat":"repeat","background-position":"center center","background-size":"auto","background-attachment":"scroll","background-type":"","background-media":"","overlay-type":"","overlay-color":"","overlay-opacity":"","overlay-gradient":""},"tablet":{"background-color":"var(--ast-global-color-5)","background-image":"","background-repeat":"repeat","background-position":"center center","background-size":"auto","background-attachment":"scroll","background-type":"","background-media":"","overlay-type":"","overlay-color":"","overlay-opacity":"","overlay-gradient":""},"mobile":{"background-color":"var(--ast-global-color-5)","background-image":"","background-repeat":"repeat","background-position":"center center","background-size":"auto","background-attachment":"scroll","background-type":"","background-media":"","overlay-type":"","overlay-color":"","overlay-opacity":"","overlay-gradient":""}},"footnotes":""},"class_list":["post-10988","page","type-page","status-publish","hentry"],"post_mailing_queue_ids":[],"_links":{"self":[{"href":"https:\/\/serveiseducatius.xtec.cat\/hospitalet\/wp-json\/wp\/v2\/pages\/10988","targetHints":{"allow":["GET"]}}],"collection":[{"href":"https:\/\/serveiseducatius.xtec.cat\/hospitalet\/wp-json\/wp\/v2\/pages"}],"about":[{"href":"https:\/\/serveiseducatius.xtec.cat\/hospitalet\/wp-json\/wp\/v2\/types\/page"}],"author":[{"embeddable":true,"href":"https:\/\/serveiseducatius.xtec.cat\/hospitalet\/wp-json\/wp\/v2\/users\/1"}],"replies":[{"embeddable":true,"href":"https:\/\/serveiseducatius.xtec.cat\/hospitalet\/wp-json\/wp\/v2\/comments?post=10988"}],"version-history":[{"count":1,"href":"https:\/\/serveiseducatius.xtec.cat\/hospitalet\/wp-json\/wp\/v2\/pages\/10988\/revisions"}],"predecessor-version":[{"id":20691,"href":"https:\/\/serveiseducatius.xtec.cat\/hospitalet\/wp-json\/wp\/v2\/pages\/10988\/revisions\/20691"}],"wp:attachment":[{"href":"https:\/\/serveiseducatius.xtec.cat\/hospitalet\/wp-json\/wp\/v2\/media?parent=10988"}],"curies":[{"name":"wp","href":"https:\/\/api.w.org\/{rel}","templated":true}]}}