{"id":8451,"date":"2018-12-17T17:05:36","date_gmt":"2018-12-17T16:05:36","guid":{"rendered":"http:\/\/serveiseducatius.xtec.cat\/gracia\/?page_id=8451"},"modified":"2018-12-18T13:01:07","modified_gmt":"2018-12-18T12:01:07","slug":"habitatges-delit-al-park-guell-visita-educativa-pels-dies-de-portes-obertes-al-park-guell","status":"publish","type":"page","link":"https:\/\/serveiseducatius.xtec.cat\/gracia\/habitatges-delit-al-park-guell-visita-educativa-pels-dies-de-portes-obertes-al-park-guell\/","title":{"rendered":"Habitatges d\u2019elit al Park G\u00fcell (visita educativa pels dies de portes obertes al Park G\u00fcell)"},"content":{"rendered":"<p><u>ESO i Batxillerat<a href=\"https:\/\/serveiseducatius.xtec.cat\/gracia\/wp-content\/uploads\/usu1170\/2018\/12\/Park-G\u00fcell-M.jpg\"><img loading=\"lazy\" decoding=\"async\" class=\"alignleft wp-image-8503\" src=\"https:\/\/serveiseducatius.xtec.cat\/gracia\/wp-content\/uploads\/usu1170\/2018\/12\/Park-G\u00fcell-M.jpg\" alt=\"\" width=\"531\" height=\"257\" srcset=\"https:\/\/serveiseducatius.xtec.cat\/gracia\/wp-content\/uploads\/usu1170\/2018\/12\/Park-G\u00fcell-M.jpg 620w, https:\/\/serveiseducatius.xtec.cat\/gracia\/wp-content\/uploads\/usu1170\/2018\/12\/Park-G\u00fcell-M-300x145.jpg 300w\" sizes=\"auto, (max-width: 531px) 100vw, 531px\" \/><\/a><\/u><\/p>\n<p>Al conjunt urban\u00edstic del Park G\u00fcell, el projecte preveia que hi anessin a viure 60 fam\u00edlies. La Casa Mostra projectada per Gaud\u00ed ensenyava als potencials compradors les possibilitats d\u2019edificaci\u00f3 de les parcel\u00b7les. El projecte inicial no va prosperar, entre d\u2019altres raons, donada la dist\u00e0ncia del condomini respecte la ciutat i unes condicions constructives molt restrictives. El 1926 el parc va ser adquirit per l\u2019Ajuntament i obert al p\u00fablic.<\/p>\n<p>Amb aquesta visita es donen a con\u00e8ixer les relacions del Park G\u00fcell amb la ciutat, la societat i l\u2019\u00e8poca en qu\u00e8 es va construir. S\u2019hi analitzen tamb\u00e9 les seves formes arquitect\u00f2niques i el seu sentit est\u00e8tic, simb\u00f2lic i funcional. Per acabar, s\u2019explica com ha evolucionat la relaci\u00f3 entre el parc i la ciutat.<\/p>\n<p><strong>Punts de la visita<\/strong><\/p>\n<ul>\n<li>Casa del Guarda<\/li>\n<li>Gruta per aparcar els carruatges<\/li>\n<li>Escalinata d\u2019ingr\u00e9s<\/li>\n<li>Sala hip\u00f2stila<\/li>\n<li>Pla\u00e7a del Teatre Grec<\/li>\n<li>Casa Mostra (exterior)<\/li>\n<\/ul>\n","protected":false},"excerpt":{"rendered":"<p>ESO i Batxillerat Al conjunt urban\u00edstic del Park G\u00fcell, el projecte preveia que hi anessin a viure 60 fam\u00edlies. La Casa Mostra projectada per Gaud\u00ed ensenyava als potencials compradors les possibilitats d\u2019edificaci\u00f3 de les parcel\u00b7les. El projecte inicial no va prosperar, entre d\u2019altres raons, donada la dist\u00e0ncia del condomini respecte la ciutat i unes condicions [&hellip;]<\/p>\n","protected":false},"author":5,"featured_media":0,"parent":0,"menu_order":0,"comment_status":"closed","ping_status":"closed","template":"","meta":{"_bbp_topic_count":0,"_bbp_reply_count":0,"_bbp_total_topic_count":0,"_bbp_total_reply_count":0,"_bbp_voice_count":0,"_bbp_anonymous_reply_count":0,"_bbp_topic_count_hidden":0,"_bbp_reply_count_hidden":0,"_bbp_forum_subforum_count":0,"site-sidebar-layout":"default","site-content-layout":"","ast-site-content-layout":"","site-content-style":"default","site-sidebar-style":"default","ast-global-header-display":"","ast-banner-title-visibility":"","ast-main-header-display":"","ast-hfb-above-header-display":"","ast-hfb-below-header-display":"","ast-hfb-mobile-header-display":"","site-post-title":"","ast-breadcrumbs-content":"","ast-featured-img":"","footer-sml-layout":"","theme-transparent-header-meta":"","adv-header-id-meta":"","stick-header-meta":"","header-above-stick-meta":"","header-main-stick-meta":"","header-below-stick-meta":"","astra-migrate-meta-layouts":"default","ast-page-background-enabled":"default","ast-page-background-meta":{"desktop":{"background-color":"var(--ast-global-color-4)","background-image":"","background-repeat":"repeat","background-position":"center center","background-size":"auto","background-attachment":"scroll","background-type":"","background-media":"","overlay-type":"","overlay-color":"","overlay-opacity":"","overlay-gradient":""},"tablet":{"background-color":"","background-image":"","background-repeat":"repeat","background-position":"center center","background-size":"auto","background-attachment":"scroll","background-type":"","background-media":"","overlay-type":"","overlay-color":"","overlay-opacity":"","overlay-gradient":""},"mobile":{"background-color":"","background-image":"","background-repeat":"repeat","background-position":"center center","background-size":"auto","background-attachment":"scroll","background-type":"","background-media":"","overlay-type":"","overlay-color":"","overlay-opacity":"","overlay-gradient":""}},"ast-content-background-meta":{"desktop":{"background-color":"var(--ast-global-color-5)","background-image":"","background-repeat":"repeat","background-position":"center center","background-size":"auto","background-attachment":"scroll","background-type":"","background-media":"","overlay-type":"","overlay-color":"","overlay-opacity":"","overlay-gradient":""},"tablet":{"background-color":"var(--ast-global-color-5)","background-image":"","background-repeat":"repeat","background-position":"center center","background-size":"auto","background-attachment":"scroll","background-type":"","background-media":"","overlay-type":"","overlay-color":"","overlay-opacity":"","overlay-gradient":""},"mobile":{"background-color":"var(--ast-global-color-5)","background-image":"","background-repeat":"repeat","background-position":"center center","background-size":"auto","background-attachment":"scroll","background-type":"","background-media":"","overlay-type":"","overlay-color":"","overlay-opacity":"","overlay-gradient":""}},"footnotes":""},"class_list":["post-8451","page","type-page","status-publish","hentry"],"post_mailing_queue_ids":[],"_links":{"self":[{"href":"https:\/\/serveiseducatius.xtec.cat\/gracia\/wp-json\/wp\/v2\/pages\/8451","targetHints":{"allow":["GET"]}}],"collection":[{"href":"https:\/\/serveiseducatius.xtec.cat\/gracia\/wp-json\/wp\/v2\/pages"}],"about":[{"href":"https:\/\/serveiseducatius.xtec.cat\/gracia\/wp-json\/wp\/v2\/types\/page"}],"author":[{"embeddable":true,"href":"https:\/\/serveiseducatius.xtec.cat\/gracia\/wp-json\/wp\/v2\/users\/5"}],"replies":[{"embeddable":true,"href":"https:\/\/serveiseducatius.xtec.cat\/gracia\/wp-json\/wp\/v2\/comments?post=8451"}],"version-history":[{"count":3,"href":"https:\/\/serveiseducatius.xtec.cat\/gracia\/wp-json\/wp\/v2\/pages\/8451\/revisions"}],"predecessor-version":[{"id":8520,"href":"https:\/\/serveiseducatius.xtec.cat\/gracia\/wp-json\/wp\/v2\/pages\/8451\/revisions\/8520"}],"wp:attachment":[{"href":"https:\/\/serveiseducatius.xtec.cat\/gracia\/wp-json\/wp\/v2\/media?parent=8451"}],"curies":[{"name":"wp","href":"https:\/\/api.w.org\/{rel}","templated":true}]}}