{"id":18404,"date":"2025-10-06T12:31:01","date_gmt":"2025-10-06T10:31:01","guid":{"rendered":"https:\/\/serveiseducatius.xtec.cat\/garraf\/?page_id=18404"},"modified":"2026-02-20T11:47:17","modified_gmt":"2026-02-20T10:47:17","slug":"recursos-3","status":"publish","type":"page","link":"https:\/\/serveiseducatius.xtec.cat\/garraf\/recursos-3\/","title":{"rendered":"Altres materials"},"content":{"rendered":"\n<p class=\"has-white-color has-ast-global-color-1-background-color has-text-color has-background has-link-color has-medium-font-size wp-elements-121843892093e2b04fb3a6410b9d7ab0\"><strong>Sobre curr\u00edculum en general<\/strong><\/p>\n\n\n\n<div class=\"wp-block-columns is-layout-flex wp-container-core-columns-is-layout-1 wp-block-columns-is-layout-flex\" style=\"padding-top:var(--wp--preset--spacing--40);padding-bottom:var(--wp--preset--spacing--40)\">\n<div class=\"wp-block-column is-layout-flow wp-block-column-is-layout-flow\">\n<div class=\"wp-block-buttons is-content-justification-center is-layout-flex wp-container-core-buttons-is-layout-1 wp-block-buttons-is-layout-flex\">\n<div class=\"wp-block-button\"><a class=\"wp-block-button__link wp-element-button\" href=\"https:\/\/projectes.xtec.cat\/nou-curriculum\/mapa-curricular\/\"><strong>Mapa curricular<\/strong><\/a><\/div>\n<\/div>\n\n\n\n<ul class=\"wp-block-list\">\n<li>An\u00e0lisi d&#8217;<strong>aprenentatges<\/strong> desenvolupats al centre.<\/li>\n\n\n\n<li>Lectura dels <strong>sabers<\/strong> i dels <strong>criteris d\u2019avaluaci\u00f3.<\/strong> <\/li>\n\n\n\n<li>Presa de decisions en l\u2019elaboraci\u00f3 dels <strong>plans de suport individualitzat.<\/strong><\/li>\n<\/ul>\n<\/div>\n\n\n\n<div class=\"wp-block-column is-layout-flow wp-block-column-is-layout-flow\">\n<div class=\"wp-block-buttons is-content-justification-center is-layout-flex wp-container-core-buttons-is-layout-2 wp-block-buttons-is-layout-flex\">\n<div class=\"wp-block-button\"><a class=\"wp-block-button__link wp-element-button\" href=\"https:\/\/projectes.xtec.cat\/nou-curriculum\/tots-els-recursos\/\"><strong>Cercador de recursos<\/strong><\/a><\/div>\n<\/div>\n\n\n\n<ul class=\"wp-block-list\">\n<li>Recursos sobre el nou curr\u00edculum<\/li>\n\n\n\n<li>Cerca per diferents camps<\/li>\n<\/ul>\n<\/div>\n\n\n\n<div class=\"wp-block-column is-layout-flow wp-block-column-is-layout-flow\">\n<div class=\"wp-block-buttons is-content-justification-center is-layout-flex wp-container-core-buttons-is-layout-3 wp-block-buttons-is-layout-flex\">\n<div class=\"wp-block-button\"><a class=\"wp-block-button__link wp-element-button\" href=\"http:\/\/chrome-extension:\/\/efaidnbmnnnibpcajpcglclefindmkaj\/https:\/\/educacio.gencat.cat\/web\/.content\/home\/departament\/publicacions\/colleccions\/competencies-basiques\/primaria\/formar-transformar.pdf\"><strong>Formar per transformar<\/strong><\/a><\/div>\n<\/div>\n\n\n\n<p class=\"has-text-align-center\">Document elaborat per la Xarxa de Compet\u00e8ncies (XdC) el 2019 que explica la base te\u00f2rica que inspira aquesta xarxa per tal que sigui transformadora pels centres educatius.<\/p>\n<\/div>\n<\/div>\n\n\n\n<p class=\"has-white-color has-ast-global-color-1-background-color has-text-color has-background has-link-color wp-elements-322111ffceb520549e8b88d571c96c8d\"><strong>Sobre situacions d&#8217;aprenentatge<\/strong><\/p>\n\n\n\n<div class=\"wp-block-columns is-layout-flex wp-container-core-columns-is-layout-2 wp-block-columns-is-layout-flex\" style=\"padding-top:0;padding-bottom:0\">\n<div class=\"wp-block-column is-layout-flow wp-block-column-is-layout-flow\">\n<div class=\"wp-block-buttons is-content-justification-center is-layout-flex wp-container-core-buttons-is-layout-4 wp-block-buttons-is-layout-flex\">\n<div class=\"wp-block-button\"><a class=\"wp-block-button__link wp-element-button\" href=\"https:\/\/docs.google.com\/document\/d\/1si1ypdtMf99UYGsTbdfBWuCddmL9_ncxTggsrpyz9NI\/template\/preview\"><strong>Model Educaci\u00f3 B\u00e0sica<\/strong><\/a><\/div>\n\n\n\n<div class=\"wp-block-button\"><a class=\"wp-block-button__link wp-element-button\" href=\"https:\/\/projectes.xtec.cat\/nou-curriculum\/wp-content\/uploads\/usu2072\/2022\/11\/20221020_document_de_suport.pdf\"><strong><strong>Document de suport<\/strong><\/strong><\/a><\/div>\n<\/div>\n\n\n\n<p class=\"has-text-align-center\">Model oficial del Departament d&#8217;Educaci\u00f3 i Formaci\u00f3 Professional per a <strong>prim\u00e0ria<\/strong> i <strong>secund\u00e0ria<\/strong>.<\/p>\n<\/div>\n\n\n\n<div class=\"wp-block-column is-layout-flow wp-block-column-is-layout-flow\">\n<div class=\"wp-block-buttons is-content-justification-center is-layout-flex wp-container-core-buttons-is-layout-5 wp-block-buttons-is-layout-flex\">\n<div class=\"wp-block-button\"><a class=\"wp-block-button__link wp-element-button\" href=\"https:\/\/docs.google.com\/document\/d\/154brIuCfNjK840kDz_vjke0FluMtIxXzYkZ_xtwYVzE\/template\/preview\"><strong>Model Batxillerat<\/strong><\/a><\/div>\n\n\n\n<div class=\"wp-block-button\"><a class=\"wp-block-button__link wp-element-button\" href=\"https:\/\/projectes.xtec.cat\/nou-curriculum\/wp-content\/uploads\/usu2072\/2022\/11\/20221026_document_de_suport_BATXI_TS_sc.pdf\"><strong>Document de suport<\/strong><\/a><\/div>\n<\/div>\n\n\n\n<p class=\"has-text-align-center\">Model oficial del Departament d&#8217;Educaci\u00f3 i Formaci\u00f3 Professional per a <strong>batxillerat<\/strong>.<\/p>\n<\/div>\n\n\n\n<div class=\"wp-block-column is-layout-flow wp-block-column-is-layout-flow\">\n<div class=\"wp-block-buttons is-content-justification-center is-layout-flex wp-container-core-buttons-is-layout-6 wp-block-buttons-is-layout-flex\">\n<div class=\"wp-block-button\"><a class=\"wp-block-button__link wp-element-button\" href=\"https:\/\/drive.google.com\/drive\/folders\/1OgyRr8MGrjyX4phPJh1MSJjEBAewWpkP\"><strong>Materials Montse Ir\u00fan<\/strong><\/a><\/div>\n<\/div>\n\n\n\n<p class=\"has-text-align-center\">Carpeta de materials elaborats per la Montse Ir\u00fan, catedr\u00e0tica d&#8217;angl\u00e8s de secund\u00e0ria: r\u00fabriques, exemples, generador, llista de comprovaci\u00f3&#8230;<\/p>\n<\/div>\n<\/div>\n\n\n\n<hr class=\"wp-block-separator has-text-color has-ast-global-color-1-color has-alpha-channel-opacity has-ast-global-color-1-background-color has-background is-style-wide\"\/>\n\n\n\n<div class=\"wp-block-columns is-layout-flex wp-container-core-columns-is-layout-3 wp-block-columns-is-layout-flex\" style=\"padding-top:var(--wp--preset--spacing--40);padding-bottom:var(--wp--preset--spacing--40)\">\n<div class=\"wp-block-column is-layout-flow wp-block-column-is-layout-flow\">\n<p class=\"has-text-align-center\"><strong>Eines sobre el prop\u00f2sit<\/strong><\/p>\n\n\n\n<p class=\"has-text-align-center\">Dissenyades des del programa <strong><a href=\"https:\/\/serveiseducatius.xtec.cat\/cesire\/category\/einesfaig\/\">FAIG<\/a><\/strong>, ajuden a concretar el prop\u00f2sit i el perqu\u00e8 d\u2019un projecte d\u2019aprenentatge i a fer-lo realment significatiu.<\/p>\n\n\n\n<div class=\"wp-block-buttons is-content-justification-center is-layout-flex wp-container-core-buttons-is-layout-7 wp-block-buttons-is-layout-flex\">\n<div class=\"wp-block-button\"><a class=\"wp-block-button__link wp-element-button\" href=\"https:\/\/serveiseducatius.xtec.cat\/cesire\/eina-per-al-disseny-creacio-i-millora-dun-proosit-faig\/\"><strong>Disseny, creaci\u00f3 i millora<\/strong><\/a><\/div>\n\n\n\n<div class=\"wp-block-button\"><a class=\"wp-block-button__link wp-element-button\" href=\"https:\/\/serveiseducatius.xtec.cat\/cesire\/eina-dideacio-del-proposit-dun-projecte-faig\/\"><strong>Ideaci\u00f3 del prop\u00f2sit<\/strong><\/a><\/div>\n<\/div>\n<\/div>\n\n\n\n<div class=\"wp-block-column is-layout-flow wp-block-column-is-layout-flow\">\n<p class=\"has-text-align-center\"><strong>Bastida per dissenyar un projecte<\/strong><\/p>\n\n\n\n<p class=\"has-text-align-center\">Dissenyada des del programa <strong><a href=\"https:\/\/serveiseducatius.xtec.cat\/cesire\/category\/einesfaig\/\">FAIG<\/a><\/strong>, acompanya el disseny de projectes connectats amb la vida de l\u2019alumnat i orientats a l\u2019aprenentatge amb sentit.<\/p>\n\n\n\n<div class=\"wp-block-buttons is-content-justification-center is-layout-flex wp-container-core-buttons-is-layout-8 wp-block-buttons-is-layout-flex\">\n<div class=\"wp-block-button\"><a class=\"wp-block-button__link wp-element-button\" href=\"https:\/\/serveiseducatius.xtec.cat\/cesire\/bastida-per-dissenyar-un-projecte-faig\/\"><strong>Acc\u00e9s a l&#8217;eina<\/strong><\/a><\/div>\n<\/div>\n<\/div>\n\n\n\n<div class=\"wp-block-column is-layout-flow wp-block-column-is-layout-flow\">\n<p class=\"has-text-align-center\"><strong>Eina de cocreaci\u00f3 d&#8217;un projecte<\/strong><\/p>\n\n\n\n<p class=\"has-text-align-center\">Dissenyada des del programa <strong><a href=\"https:\/\/serveiseducatius.xtec.cat\/cesire\/category\/einesfaig\/\">FAIG<\/a><\/strong>, guia la fase inicial del projecte mitjan\u00e7ant&nbsp;<strong>preguntes clau<\/strong>&nbsp;que faciliten la cocreaci\u00f3 entre docents.<\/p>\n\n\n\n<div class=\"wp-block-buttons is-content-justification-center is-layout-flex wp-container-core-buttons-is-layout-9 wp-block-buttons-is-layout-flex\">\n<div class=\"wp-block-button\"><a class=\"wp-block-button__link wp-element-button\" href=\"https:\/\/serveiseducatius.xtec.cat\/cesire\/eina-de-cocreacio-dun-projecte\/\"><strong>Acc\u00e9s a l&#8217;eina<\/strong><\/a><\/div>\n<\/div>\n<\/div>\n<\/div>\n\n\n\n<p class=\"has-white-color has-ast-global-color-1-background-color has-text-color has-background has-link-color has-medium-font-size wp-elements-00dae1e9e75480f7c4f1bbeaa57a0900\"><strong>Sobre avaluaci\u00f3<\/strong><\/p>\n\n\n\n<div class=\"wp-block-columns is-layout-flex wp-container-core-columns-is-layout-4 wp-block-columns-is-layout-flex\" style=\"padding-top:var(--wp--preset--spacing--40);padding-bottom:var(--wp--preset--spacing--40)\">\n<div class=\"wp-block-column is-layout-flow wp-block-column-is-layout-flow\">\n<div class=\"wp-block-buttons is-content-justification-center is-layout-flex wp-container-core-buttons-is-layout-10 wp-block-buttons-is-layout-flex\">\n<div class=\"wp-block-button\"><a class=\"wp-block-button__link wp-element-button\" href=\"https:\/\/projectes.xtec.cat\/nou-curriculum\/proves-davaluacio\/\"><strong>Proves d&#8217;avaluaci\u00f3<\/strong><\/a><\/div>\n<\/div>\n\n\n\n<p class=\"has-text-align-center\">Cercador de proves per l&#8217;<strong>Educaci\u00f3 B\u00e0sica<\/strong> (PRI i SEC) per etiqueta, mat\u00e8ria, compet\u00e8ncia o etapa. Tamb\u00e9 hi ha <strong>proves internacionals<\/strong> i altres.<\/p>\n<\/div>\n\n\n\n<div class=\"wp-block-column is-layout-flow wp-block-column-is-layout-flow\">\n<div class=\"wp-block-buttons is-content-justification-center is-layout-flex wp-container-core-buttons-is-layout-11 wp-block-buttons-is-layout-flex\">\n<div class=\"wp-block-button\"><a class=\"wp-block-button__link wp-element-button\" href=\"https:\/\/universitats.gencat.cat\/ca\/pau\/materies-pau\/\"><strong>Mat\u00e8ries PAU<\/strong><\/a><\/div>\n<\/div>\n\n\n\n<p class=\"has-text-align-center\">Models de proves PAU a partir del nou curr\u00edculum a Batxillerat.<\/p>\n<\/div>\n\n\n\n<div class=\"wp-block-column is-layout-flow wp-block-column-is-layout-flow\">\n<div class=\"wp-block-buttons is-content-justification-center is-layout-flex wp-container-core-buttons-is-layout-12 wp-block-buttons-is-layout-flex\">\n<div class=\"wp-block-button\"><a class=\"wp-block-button__link wp-element-button\" href=\"https:\/\/educacio.gencat.cat\/web\/.content\/home\/departament\/publicacions\/colleccions\/competencies-basiques\/eso\/avaluar-aprendre.pdf\"><strong>Avaluar \u00e9s aprendre<\/strong><\/a><\/div>\n<\/div>\n\n\n\n<p class=\"has-text-align-center\">L\u2019avaluaci\u00f3 per millorar els aprenentatges de l\u2019alumnat en el marc del curr\u00edculum per compet\u00e8ncies (octubre 2020)<\/p>\n<\/div>\n\n\n\n<div class=\"wp-block-column is-layout-flow wp-block-column-is-layout-flow\">\n<div class=\"wp-block-buttons is-content-justification-center is-layout-flex wp-container-core-buttons-is-layout-13 wp-block-buttons-is-layout-flex\">\n<div class=\"wp-block-button\"><a class=\"wp-block-button__link has-text-align-center wp-element-button\" href=\"https:\/\/albertreguegili.wixsite.com\/galactia\"><strong>Acc\u00e9s a l&#8217;aplicaci\u00f3<\/strong><\/a><\/div>\n<\/div>\n\n\n\n<p class=\"has-text-align-center\">Eina que integra les Juntes d&#8217;Avaluaci\u00f3 amb els Informes Individuals de l&#8217;alumnat.<\/p>\n<\/div>\n<\/div>\n\n\n\n<div class=\"wp-block-columns is-layout-flex wp-container-core-columns-is-layout-5 wp-block-columns-is-layout-flex\" style=\"padding-top:var(--wp--preset--spacing--40);padding-bottom:var(--wp--preset--spacing--40)\">\n<div class=\"wp-block-column is-layout-flow wp-block-column-is-layout-flow\">\n<div class=\"wp-block-buttons is-content-justification-center is-layout-flex wp-container-core-buttons-is-layout-14 wp-block-buttons-is-layout-flex\">\n<div class=\"wp-block-button\"><a class=\"wp-block-button__link wp-element-button\" href=\"https:\/\/docs.google.com\/document\/d\/1gmKazsevD2TMePUa7jQzImx70uiPLD6iHJb4BxaT9hk\/template\/preview\"><strong>Document d&#8217;orientacions<\/strong><\/a><\/div>\n<\/div>\n\n\n\n<p class=\"has-text-align-center\">Orientacions per a l\u2019elaboraci\u00f3 dels informes d\u2019avaluaci\u00f3 a l\u2019<strong>Educaci\u00f3 B\u00e0sica<\/strong>.<\/p>\n<\/div>\n\n\n\n<div class=\"wp-block-column is-layout-flow wp-block-column-is-layout-flow\">\n<div class=\"wp-block-buttons is-content-justification-center is-layout-flex wp-container-core-buttons-is-layout-15 wp-block-buttons-is-layout-flex\">\n<div class=\"wp-block-button\"><a class=\"wp-block-button__link wp-element-button\" href=\"https:\/\/www.youtube.com\/playlist?list=PLYC6Kwamb2veYSDdrW5OwCfg1lFu2cl1U\"><strong>Autoregulaci\u00f3 i aprenentatge<\/strong><\/a><\/div>\n<\/div>\n\n\n\n<p class=\"has-text-align-center\"><strong>EFICCA3<\/strong>: Estrat\u00e8gies de feedback intern pel desplegament dels nous curr\u00edculums competencials (Maite Fern\u00e1ndez Ferrer. 2025)<\/p>\n<\/div>\n\n\n\n<div class=\"wp-block-column is-layout-flow wp-block-column-is-layout-flow\"><\/div>\n\n\n\n<div class=\"wp-block-column is-layout-flow wp-block-column-is-layout-flow\"><\/div>\n<\/div>\n","protected":false},"excerpt":{"rendered":"<p>Sobre curr\u00edculum en general Document elaborat per la Xarxa de Compet\u00e8ncies (XdC) el 2019 que explica la base te\u00f2rica que inspira aquesta xarxa per tal que sigui transformadora pels centres educatius. Sobre situacions d&#8217;aprenentatge Model oficial del Departament d&#8217;Educaci\u00f3 i Formaci\u00f3 Professional per a prim\u00e0ria i secund\u00e0ria. Model oficial del Departament d&#8217;Educaci\u00f3 i Formaci\u00f3 Professional [&hellip;]<\/p>\n","protected":false},"author":10,"featured_media":0,"parent":0,"menu_order":0,"comment_status":"closed","ping_status":"close","template":"","meta":{"_bbp_topic_count":0,"_bbp_reply_count":0,"_bbp_total_topic_count":0,"_bbp_total_reply_count":0,"_bbp_voice_count":0,"_bbp_anonymous_reply_count":0,"_bbp_topic_count_hidden":0,"_bbp_reply_count_hidden":0,"_bbp_forum_subforum_count":0,"site-sidebar-layout":"default","site-content-layout":"","ast-site-content-layout":"default","site-content-style":"default","site-sidebar-style":"default","ast-global-header-display":"","ast-banner-title-visibility":"","ast-main-header-display":"","ast-hfb-above-header-display":"","ast-hfb-below-header-display":"","ast-hfb-mobile-header-display":"","site-post-title":"","ast-breadcrumbs-content":"","ast-featured-img":"","footer-sml-layout":"","theme-transparent-header-meta":"","adv-header-id-meta":"","stick-header-meta":"","header-above-stick-meta":"","header-main-stick-meta":"","header-below-stick-meta":"","astra-migrate-meta-layouts":"set","ast-page-background-enabled":"default","ast-page-background-meta":{"desktop":{"background-color":"var(--ast-global-color-4)","background-image":"","background-repeat":"repeat","background-position":"center center","background-size":"auto","background-attachment":"scroll","background-type":"","background-media":"","overlay-type":"","overlay-color":"","overlay-opacity":"","overlay-gradient":""},"tablet":{"background-color":"","background-image":"","background-repeat":"repeat","background-position":"center center","background-size":"auto","background-attachment":"scroll","background-type":"","background-media":"","overlay-type":"","overlay-color":"","overlay-opacity":"","overlay-gradient":""},"mobile":{"background-color":"","background-image":"","background-repeat":"repeat","background-position":"center center","background-size":"auto","background-attachment":"scroll","background-type":"","background-media":"","overlay-type":"","overlay-color":"","overlay-opacity":"","overlay-gradient":""}},"ast-content-background-meta":{"desktop":{"background-color":"var(--ast-global-color-5)","background-image":"","background-repeat":"repeat","background-position":"center center","background-size":"auto","background-attachment":"scroll","background-type":"","background-media":"","overlay-type":"","overlay-color":"","overlay-opacity":"","overlay-gradient":""},"tablet":{"background-color":"var(--ast-global-color-5)","background-image":"","background-repeat":"repeat","background-position":"center center","background-size":"auto","background-attachment":"scroll","background-type":"","background-media":"","overlay-type":"","overlay-color":"","overlay-opacity":"","overlay-gradient":""},"mobile":{"background-color":"var(--ast-global-color-5)","background-image":"","background-repeat":"repeat","background-position":"center center","background-size":"auto","background-attachment":"scroll","background-type":"","background-media":"","overlay-type":"","overlay-color":"","overlay-opacity":"","overlay-gradient":""}},"footnotes":""},"class_list":["post-18404","page","type-page","status-publish","hentry"],"post_mailing_queue_ids":[],"_links":{"self":[{"href":"https:\/\/serveiseducatius.xtec.cat\/garraf\/wp-json\/wp\/v2\/pages\/18404","targetHints":{"allow":["GET"]}}],"collection":[{"href":"https:\/\/serveiseducatius.xtec.cat\/garraf\/wp-json\/wp\/v2\/pages"}],"about":[{"href":"https:\/\/serveiseducatius.xtec.cat\/garraf\/wp-json\/wp\/v2\/types\/page"}],"author":[{"embeddable":true,"href":"https:\/\/serveiseducatius.xtec.cat\/garraf\/wp-json\/wp\/v2\/users\/10"}],"replies":[{"embeddable":true,"href":"https:\/\/serveiseducatius.xtec.cat\/garraf\/wp-json\/wp\/v2\/comments?post=18404"}],"version-history":[{"count":6,"href":"https:\/\/serveiseducatius.xtec.cat\/garraf\/wp-json\/wp\/v2\/pages\/18404\/revisions"}],"predecessor-version":[{"id":19583,"href":"https:\/\/serveiseducatius.xtec.cat\/garraf\/wp-json\/wp\/v2\/pages\/18404\/revisions\/19583"}],"wp:attachment":[{"href":"https:\/\/serveiseducatius.xtec.cat\/garraf\/wp-json\/wp\/v2\/media?parent=18404"}],"curies":[{"name":"wp","href":"https:\/\/api.w.org\/{rel}","templated":true}]}}