{"id":10031,"date":"2018-12-25T12:53:35","date_gmt":"2018-12-25T11:53:35","guid":{"rendered":"http:\/\/serveiseducatius.xtec.cat\/garraf\/?page_id=10031"},"modified":"2026-04-22T16:16:22","modified_gmt":"2026-04-22T14:16:22","slug":"convenis-sc","status":"publish","type":"page","link":"https:\/\/serveiseducatius.xtec.cat\/garraf\/convenis-sc\/","title":{"rendered":"Convenis de col\u00b7laboraci\u00f3"},"content":{"rendered":"\n<div class=\"wp-block-buttons is-content-justification-center is-layout-flex wp-container-core-buttons-is-layout-1 wp-block-buttons-is-layout-flex\">\n<div class=\"wp-block-button has-custom-font-size has-medium-font-size\"><a class=\"wp-block-button__link has-luminous-vivid-amber-background-color has-background wp-element-button\" href=\"https:\/\/espai.educacio.gencat.cat\/Alumnes\/Curriculum\/eso\/Servei-comunitari\/Pagines\/default.aspx\"><strong>Portal de centre<\/strong><\/a><\/div>\n<\/div>\n\n\n\n<p class=\"has-white-color has-ast-global-color-1-background-color has-text-color has-background has-link-color has-medium-font-size wp-elements-184541894b7e1f1ec9622a780240a6ae\"><strong>Com tramitar un conveni<\/strong><\/p>\n\n\n\n<figure class=\"wp-block-image aligncenter size-large is-resized has-custom-border\"><a href=\"https:\/\/serveiseducatius.xtec.cat\/garraf\/wp-content\/uploads\/usu1185\/2026\/01\/Infografia-procediment-de-gestio-de-convenis.jpg\"><img loading=\"lazy\" decoding=\"async\" width=\"1024\" height=\"542\" src=\"https:\/\/serveiseducatius.xtec.cat\/garraf\/wp-content\/uploads\/usu1185\/2026\/01\/Infografia-procediment-de-gestio-de-convenis-1024x542.jpg\" alt=\"\" class=\"has-border-color has-ast-global-color-1-border-color wp-image-19514\" style=\"width:690px;height:auto\" srcset=\"https:\/\/serveiseducatius.xtec.cat\/garraf\/wp-content\/uploads\/usu1185\/2026\/01\/Infografia-procediment-de-gestio-de-convenis-1024x542.jpg 1024w, https:\/\/serveiseducatius.xtec.cat\/garraf\/wp-content\/uploads\/usu1185\/2026\/01\/Infografia-procediment-de-gestio-de-convenis-300x159.jpg 300w, https:\/\/serveiseducatius.xtec.cat\/garraf\/wp-content\/uploads\/usu1185\/2026\/01\/Infografia-procediment-de-gestio-de-convenis-768x406.jpg 768w, https:\/\/serveiseducatius.xtec.cat\/garraf\/wp-content\/uploads\/usu1185\/2026\/01\/Infografia-procediment-de-gestio-de-convenis-1536x813.jpg 1536w, https:\/\/serveiseducatius.xtec.cat\/garraf\/wp-content\/uploads\/usu1185\/2026\/01\/Infografia-procediment-de-gestio-de-convenis.jpg 1827w\" sizes=\"auto, (max-width: 1024px) 100vw, 1024px\" \/><\/a><\/figure>\n\n\n\n<div class=\"wp-block-columns is-layout-flex wp-container-core-columns-is-layout-1 wp-block-columns-is-layout-flex\" style=\"padding-top:var(--wp--preset--spacing--20);padding-bottom:var(--wp--preset--spacing--20)\">\n<div class=\"wp-block-column is-layout-flow wp-block-column-is-layout-flow\">\n<figure class=\"wp-block-image aligncenter size-full is-resized\"><a href=\"https:\/\/serveiseducatius.xtec.cat\/garraf\/wp-content\/uploads\/usu1185\/2025\/10\/5-2.png\"><img loading=\"lazy\" decoding=\"async\" width=\"691\" height=\"705\" src=\"https:\/\/serveiseducatius.xtec.cat\/garraf\/wp-content\/uploads\/usu1185\/2025\/10\/5-2.png\" alt=\"\" class=\"wp-image-18813\" style=\"width:90px\" srcset=\"https:\/\/serveiseducatius.xtec.cat\/garraf\/wp-content\/uploads\/usu1185\/2025\/10\/5-2.png 691w, https:\/\/serveiseducatius.xtec.cat\/garraf\/wp-content\/uploads\/usu1185\/2025\/10\/5-2-294x300.png 294w\" sizes=\"auto, (max-width: 691px) 100vw, 691px\" \/><\/a><\/figure>\n\n\n\n<p class=\"has-text-align-center\">Cada centre ha d\u2019introduir les dades corresponents mitjan\u00e7ant el seg\u00fcent&nbsp;<strong><u><a rel=\"noreferrer noopener\" href=\"https:\/\/docs.google.com\/forms\/d\/e\/1FAIpQLSfA1Pz3QobL03m6KlFziqtel7PGLa_rcbq4gD842WwWnbRqng\/viewform?usp=publish-editor\" target=\"_blank\">formulari<\/a><\/u><\/strong><\/p>\n\n\n\n<p class=\"has-text-align-center\">Les dades recollides permetran als serveis territorials preparar el conveni segons el model oficial del Departament d\u2019Educaci\u00f3 i Formaci\u00f3 Professional.<\/p>\n<\/div>\n\n\n\n<div class=\"wp-block-column is-layout-flow wp-block-column-is-layout-flow\">\n<figure class=\"wp-block-image aligncenter size-full is-resized\"><a href=\"https:\/\/serveiseducatius.xtec.cat\/garraf\/wp-content\/uploads\/usu1185\/2025\/10\/6-3.png\"><img loading=\"lazy\" decoding=\"async\" width=\"673\" height=\"673\" src=\"https:\/\/serveiseducatius.xtec.cat\/garraf\/wp-content\/uploads\/usu1185\/2025\/10\/6-3.png\" alt=\"\" class=\"wp-image-18814\" style=\"width:90px\" srcset=\"https:\/\/serveiseducatius.xtec.cat\/garraf\/wp-content\/uploads\/usu1185\/2025\/10\/6-3.png 673w, https:\/\/serveiseducatius.xtec.cat\/garraf\/wp-content\/uploads\/usu1185\/2025\/10\/6-3-300x300.png 300w, https:\/\/serveiseducatius.xtec.cat\/garraf\/wp-content\/uploads\/usu1185\/2025\/10\/6-3-150x150.png 150w\" sizes=\"auto, (max-width: 673px) 100vw, 673px\" \/><\/a><\/figure>\n\n\n\n<p class=\"has-text-align-center\">Un cop rebudes les dades del formulari, des dels serveis territorials&nbsp;elaborarem el conveni i el tramitarem a l\u2019ajuntament, consell comarcal, organisme aut\u00f2nom o entitat perqu\u00e8 el signin.<\/p>\n<\/div>\n<\/div>\n\n\n\n<div class=\"wp-block-columns is-layout-flex wp-container-core-columns-is-layout-2 wp-block-columns-is-layout-flex\" style=\"padding-top:var(--wp--preset--spacing--20);padding-bottom:var(--wp--preset--spacing--20)\">\n<div class=\"wp-block-column is-layout-flow wp-block-column-is-layout-flow\">\n<figure class=\"wp-block-image aligncenter size-full is-resized\"><a href=\"https:\/\/serveiseducatius.xtec.cat\/garraf\/wp-content\/uploads\/usu1185\/2025\/10\/7-2.png\"><img loading=\"lazy\" decoding=\"async\" width=\"679\" height=\"693\" src=\"https:\/\/serveiseducatius.xtec.cat\/garraf\/wp-content\/uploads\/usu1185\/2025\/10\/7-2.png\" alt=\"\" class=\"wp-image-18815\" style=\"width:90px\" srcset=\"https:\/\/serveiseducatius.xtec.cat\/garraf\/wp-content\/uploads\/usu1185\/2025\/10\/7-2.png 679w, https:\/\/serveiseducatius.xtec.cat\/garraf\/wp-content\/uploads\/usu1185\/2025\/10\/7-2-294x300.png 294w\" sizes=\"auto, (max-width: 679px) 100vw, 679px\" \/><\/a><\/figure>\n\n\n\n<p class=\"has-text-align-center\">Quan l\u2019ens col\u00b7laborador retorni el conveni signat, des dels serveis territorials l\u2019enviarem al centre educatiu perqu\u00e8&nbsp;<strong>el director o directora el signi digitalment (SIG)<\/strong>, en virtut de la <a href=\"https:\/\/portaldogc.gencat.cat\/utilsEADOP\/PDF\/8147\/1796782.pdf\">Resoluci\u00f3 EDU\/1189\/2020<\/a>&nbsp;d\u2019avocaci\u00f3 i delegaci\u00f3 de compet\u00e8ncies.<\/p>\n<\/div>\n\n\n\n<div class=\"wp-block-column is-layout-flow wp-block-column-is-layout-flow\">\n<figure class=\"wp-block-image aligncenter size-full is-resized\"><a href=\"https:\/\/serveiseducatius.xtec.cat\/garraf\/wp-content\/uploads\/usu1185\/2025\/10\/8-2.png\"><img loading=\"lazy\" decoding=\"async\" width=\"663\" height=\"685\" src=\"https:\/\/serveiseducatius.xtec.cat\/garraf\/wp-content\/uploads\/usu1185\/2025\/10\/8-2.png\" alt=\"\" class=\"wp-image-18816\" style=\"width:90px\" srcset=\"https:\/\/serveiseducatius.xtec.cat\/garraf\/wp-content\/uploads\/usu1185\/2025\/10\/8-2.png 663w, https:\/\/serveiseducatius.xtec.cat\/garraf\/wp-content\/uploads\/usu1185\/2025\/10\/8-2-290x300.png 290w\" sizes=\"auto, (max-width: 663px) 100vw, 663px\" \/><\/a><\/figure>\n\n\n\n<p>Quan el conveni estigui signat per ambdues parts:<\/p>\n\n\n\n<ul class=\"wp-block-list\">\n<li>Els serveis territorials faran arribar&nbsp;<strong>l\u2019original i la c\u00f2pia aut\u00e8ntica<\/strong>&nbsp;a l\u2019ajuntament, consell comarcal, organisme aut\u00f2nom o entitat.<\/li>\n\n\n\n<li>Posteriorment,&nbsp;<strong>trametrem la documentaci\u00f3 al Servei de Curr\u00edculum de Secund\u00e0ria i Batxillerat<\/strong>, que \u00e9s l\u2019encarregat de gestionar l\u2019expedient, publicar-lo i arxivar-lo.<\/li>\n<\/ul>\n<\/div>\n<\/div>\n\n\n\n<figure class=\"wp-block-image aligncenter size-large is-resized\"><a href=\"https:\/\/serveiseducatius.xtec.cat\/garraf\/wp-content\/uploads\/usu1185\/2025\/12\/Atencio.png\"><img loading=\"lazy\" decoding=\"async\" width=\"1024\" height=\"974\" src=\"https:\/\/serveiseducatius.xtec.cat\/garraf\/wp-content\/uploads\/usu1185\/2025\/12\/Atencio-1024x974.png\" alt=\"\" class=\"wp-image-19347\" style=\"width:90px\" srcset=\"https:\/\/serveiseducatius.xtec.cat\/garraf\/wp-content\/uploads\/usu1185\/2025\/12\/Atencio-1024x974.png 1024w, https:\/\/serveiseducatius.xtec.cat\/garraf\/wp-content\/uploads\/usu1185\/2025\/12\/Atencio-300x285.png 300w, https:\/\/serveiseducatius.xtec.cat\/garraf\/wp-content\/uploads\/usu1185\/2025\/12\/Atencio-768x731.png 768w, https:\/\/serveiseducatius.xtec.cat\/garraf\/wp-content\/uploads\/usu1185\/2025\/12\/Atencio.png 1156w\" sizes=\"auto, (max-width: 1024px) 100vw, 1024px\" \/><\/a><\/figure>\n\n\n\n<ul class=\"wp-block-list\">\n<li>Els centres en municipis que disposen d\u2019un<strong>\u00a0Pla Educatiu d\u2019Entorn vigent:<\/strong>\n<ul class=\"wp-block-list\">\n<li><strong>NO han de renovar el conveni amb les entitats municipals<\/strong><\/li>\n\n\n\n<li>Amb la resta d&#8217;entitats <strong>S\u00cd <\/strong>que han de renovar el conveni.<\/li>\n<\/ul>\n<\/li>\n\n\n\n<li>Les actuacions descrites en el conveni es poden dur a terme<strong> dins o fora d&#8217;horari lectiu<\/strong>, d&#8217;acord amb les necessitats de l&#8217;entitat amb qu\u00e8 es col\u00b7labori i dels criteris organitzatius del centre. Per poder-les dur a terme\u00a0\u200bcal:\n<ul class=\"wp-block-list\">\n<li>L&#8217;<strong>autoritz\u200b\u200baci\u00f3\u200b<\/strong>\u00a0del pare, mare o\u00a0tutor\/a de l&#8217;alumne\/a.<\/li>\n\n\n\n<li>Que l&#8217;entitat disposi d&#8217;asseguran\u00e7a.<\/li>\n<\/ul>\n<\/li>\n\n\n\n<li>Els <strong>centres educatius concertats<\/strong> han de signar els seus propis convenis amb les entitats corresponents.<\/li>\n\n\n\n<li>Si una entitat ja t\u00e9 el conveni signat amb el Departament d&#8217;Educaci\u00f3 i Formaci\u00f3 Professional, els <strong>centres educatius p\u00fablics <\/strong>NO<strong> <\/strong>cal que en signin un altre. En aquest cas nom\u00e9s cal que s&#8217;estableixi un el <a href=\"https:\/\/drive.google.com\/file\/d\/1Is2zKREIjIGfkK1Ye_gyqU6CLczXrT0K\/view\">document de comprom\u00eds<\/a> amb la secci\u00f3 d\u2019aquesta entitat de la seva localitat. Les entitats que ja disposen de conveni de col\u00b7laboraci\u00f3 s\u00f3n:\n<ul class=\"wp-block-list\">\n<li>Departament d\u2019Afers socials i Fam\u00edlia<\/li>\n\n\n\n<li>Fundaci\u00f3 Pere Tarr\u00e9s<\/li>\n\n\n\n<li>\u00d2mnium Cultural<\/li>\n\n\n\n<li>Banc de Sang i Teixits<\/li>\n\n\n\n<li>Associaci\u00f3 H\u00e0bitats<\/li>\n\n\n\n<li>Federaci\u00f3 Esportiva Catalana de paral\u00edtics cerebrals<\/li>\n\n\n\n<li>Entitats dependents d\u2019Ajuntaments amb un Pla Educatiu d\u2019Entorn vigent<\/li>\n\n\n\n<li>Creu Roja<\/li>\n\n\n\n<li>SETEM<\/li>\n\n\n\n<li>Escoles d\u2019Ensenyament Primari de titularitat p\u00fablica (del Departament d\u2019Educaci\u00f3)<\/li>\n<\/ul>\n<\/li>\n<\/ul>\n\n\n\n<p class=\"has-white-color has-ast-global-color-1-background-color has-text-color has-background has-link-color has-medium-font-size wp-elements-e1cda77c3ba7e2f70952db61477b60a1\"><strong>Models  de documentaci\u00f3<\/strong><\/p>\n\n\n\n<div class=\"wp-block-buttons is-content-justification-center is-layout-flex wp-container-core-buttons-is-layout-2 wp-block-buttons-is-layout-flex\">\n<div class=\"wp-block-button\"><a class=\"wp-block-button__link wp-element-button\" href=\"https:\/\/espai.educacio.gencat.cat\/Alumnes\/Curriculum\/eso\/Servei-comunitari\/Pagines\/default.aspx\"><strong>Acc\u00e9s al Portal de centre<\/strong><\/a><\/div>\n\n\n\n<div class=\"wp-block-button\"><a class=\"wp-block-button__link wp-element-button\" href=\"https:\/\/xtec.gencat.cat\/ca\/curriculum\/eso\/serveicomunitari\/\"><strong>Acc\u00e9s a XTEC<\/strong><\/a><\/div>\n<\/div>\n","protected":false},"excerpt":{"rendered":"<p>Com tramitar un conveni Cada centre ha d\u2019introduir les dades corresponents mitjan\u00e7ant el seg\u00fcent&nbsp;formulari Les dades recollides permetran als serveis territorials preparar el conveni segons el model oficial del Departament d\u2019Educaci\u00f3 i Formaci\u00f3 Professional. Un cop rebudes les dades del formulari, des dels serveis territorials&nbsp;elaborarem el conveni i el tramitarem a l\u2019ajuntament, consell comarcal, organisme [&hellip;]<\/p>\n","protected":false},"author":10,"featured_media":0,"parent":0,"menu_order":0,"comment_status":"closed","ping_status":"closed","template":"","meta":{"_bbp_topic_count":0,"_bbp_reply_count":0,"_bbp_total_topic_count":0,"_bbp_total_reply_count":0,"_bbp_voice_count":0,"_bbp_anonymous_reply_count":0,"_bbp_topic_count_hidden":0,"_bbp_reply_count_hidden":0,"_bbp_forum_subforum_count":0,"site-sidebar-layout":"default","site-content-layout":"","ast-site-content-layout":"default","site-content-style":"default","site-sidebar-style":"default","ast-global-header-display":"","ast-banner-title-visibility":"","ast-main-header-display":"","ast-hfb-above-header-display":"","ast-hfb-below-header-display":"","ast-hfb-mobile-header-display":"","site-post-title":"","ast-breadcrumbs-content":"","ast-featured-img":"","footer-sml-layout":"","theme-transparent-header-meta":"","adv-header-id-meta":"","stick-header-meta":"","header-above-stick-meta":"","header-main-stick-meta":"","header-below-stick-meta":"","astra-migrate-meta-layouts":"set","ast-page-background-enabled":"default","ast-page-background-meta":{"desktop":{"background-color":"var(--ast-global-color-4)","background-image":"","background-repeat":"repeat","background-position":"center center","background-size":"auto","background-attachment":"scroll","background-type":"","background-media":"","overlay-type":"","overlay-color":"","overlay-opacity":"","overlay-gradient":""},"tablet":{"background-color":"","background-image":"","background-repeat":"repeat","background-position":"center center","background-size":"auto","background-attachment":"scroll","background-type":"","background-media":"","overlay-type":"","overlay-color":"","overlay-opacity":"","overlay-gradient":""},"mobile":{"background-color":"","background-image":"","background-repeat":"repeat","background-position":"center center","background-size":"auto","background-attachment":"scroll","background-type":"","background-media":"","overlay-type":"","overlay-color":"","overlay-opacity":"","overlay-gradient":""}},"ast-content-background-meta":{"desktop":{"background-color":"var(--ast-global-color-5)","background-image":"","background-repeat":"repeat","background-position":"center center","background-size":"auto","background-attachment":"scroll","background-type":"","background-media":"","overlay-type":"","overlay-color":"","overlay-opacity":"","overlay-gradient":""},"tablet":{"background-color":"var(--ast-global-color-5)","background-image":"","background-repeat":"repeat","background-position":"center center","background-size":"auto","background-attachment":"scroll","background-type":"","background-media":"","overlay-type":"","overlay-color":"","overlay-opacity":"","overlay-gradient":""},"mobile":{"background-color":"var(--ast-global-color-5)","background-image":"","background-repeat":"repeat","background-position":"center center","background-size":"auto","background-attachment":"scroll","background-type":"","background-media":"","overlay-type":"","overlay-color":"","overlay-opacity":"","overlay-gradient":""}},"footnotes":""},"class_list":["post-10031","page","type-page","status-publish","hentry"],"post_mailing_queue_ids":[],"_links":{"self":[{"href":"https:\/\/serveiseducatius.xtec.cat\/garraf\/wp-json\/wp\/v2\/pages\/10031","targetHints":{"allow":["GET"]}}],"collection":[{"href":"https:\/\/serveiseducatius.xtec.cat\/garraf\/wp-json\/wp\/v2\/pages"}],"about":[{"href":"https:\/\/serveiseducatius.xtec.cat\/garraf\/wp-json\/wp\/v2\/types\/page"}],"author":[{"embeddable":true,"href":"https:\/\/serveiseducatius.xtec.cat\/garraf\/wp-json\/wp\/v2\/users\/10"}],"replies":[{"embeddable":true,"href":"https:\/\/serveiseducatius.xtec.cat\/garraf\/wp-json\/wp\/v2\/comments?post=10031"}],"version-history":[{"count":6,"href":"https:\/\/serveiseducatius.xtec.cat\/garraf\/wp-json\/wp\/v2\/pages\/10031\/revisions"}],"predecessor-version":[{"id":19981,"href":"https:\/\/serveiseducatius.xtec.cat\/garraf\/wp-json\/wp\/v2\/pages\/10031\/revisions\/19981"}],"wp:attachment":[{"href":"https:\/\/serveiseducatius.xtec.cat\/garraf\/wp-json\/wp\/v2\/media?parent=10031"}],"curies":[{"name":"wp","href":"https:\/\/api.w.org\/{rel}","templated":true}]}}