{"id":379,"date":"2015-11-25T14:19:13","date_gmt":"2015-11-25T13:19:13","guid":{"rendered":"http:\/\/serveiseducatius.xtec.cat\/eixample\/?page_id=379"},"modified":"2024-09-02T10:49:53","modified_gmt":"2024-09-02T08:49:53","slug":"educacio-infantil-i-primaria","status":"publish","type":"page","link":"https:\/\/serveiseducatius.xtec.cat\/eixample\/comunitat\/centres-educatius\/educacio-infantil-i-primaria\/","title":{"rendered":"Educaci\u00f3 infantil i prim\u00e0ria"},"content":{"rendered":"<p>Titularitat P\u00fablica<\/p>\n<table style=\"width: 516px; height: 533px;\">\n<tbody>\n<tr style=\"height: 20px;\">\n<td style=\"width: 192px; height: 31px;\"><a href=\"https:\/\/agora.xtec.cat\/ceipauro\/\">Escola Aur\u00f3<\/a><\/td>\n<td style=\"width: 206px; height: 31px;\">Mallorca, 106 &#8211; 08029<\/td>\n<td style=\"width: 118px; height: 31px;\">934 530 741<\/td>\n<\/tr>\n<tr style=\"height: 20px;\">\n<td style=\"width: 192px; height: 31px;\"><a href=\"http:\/\/www.xtec.net\/centres\/a8043814\/\">Escola Carlit<\/a><\/td>\n<td style=\"width: 206px; height: 31px;\">Roger de Flor, 162 &#8211; 08013<\/td>\n<td style=\"width: 118px; height: 31px;\">932 652 222<\/td>\n<\/tr>\n<tr style=\"height: 20px;\">\n<td style=\"width: 192px; height: 31px;\"><a href=\"http:\/\/www.ceip-diputacio.com\/\">Escola Diputaci\u00f3<\/a><\/td>\n<td style=\"width: 206px; height: 31px;\">Diputaci\u00f3, 112-116 &#8211; 08015<\/td>\n<td style=\"width: 118px; height: 31px;\">934 546 868<\/td>\n<\/tr>\n<tr style=\"height: 20px;\">\n<td style=\"width: 192px; height: 31px;\"><a href=\"http:\/\/agora.xtec.cat\/escoladelaconcepcio\/\" target=\"_blank\" rel=\"noopener noreferrer\">Escola de la Concepci\u00f3<\/a><\/td>\n<td style=\"width: 206px; height: 31px;\">Bruc 102 &#8211; 08009<\/td>\n<td style=\"width: 118px; height: 31px;\">934 576 081<\/td>\n<\/tr>\n<tr style=\"height: 20px;\">\n<td style=\"width: 192px; height: 20px;\"><a href=\"http:\/\/www.escoladelsencants.cat\/\">Escola dels Encants<\/a><\/td>\n<td style=\"width: 206px; height: 20px;\">Consell de Cent, 558-560 &#8211; 08013<\/td>\n<td style=\"width: 118px; height: 20px;\">932 317 333<\/td>\n<\/tr>\n<tr style=\"height: 20px;\">\n<td style=\"width: 192px; height: 32px;\"><a href=\"https:\/\/www.escolaentenca.cat\/\">Escola Enten\u00e7a<\/a><\/td>\n<td style=\"width: 206px; height: 32px;\">Viladomat, 244 &#8211; 08036<\/td>\n<td style=\"width: 118px; height: 32px;\">936 398 444 \/ 667 441 150<\/td>\n<\/tr>\n<tr style=\"height: 20px;\">\n<td style=\"width: 192px; height: 31px;\"><a href=\"http:\/\/www.xtec.net\/ceip-elsllorers\/\">Escola Els Llorers<\/a><\/td>\n<td style=\"width: 206px; height: 31px;\">Arag\u00f3, 121 &#8211; 08015<\/td>\n<td style=\"width: 118px; height: 31px;\">934 544 865<\/td>\n<\/tr>\n<tr style=\"height: 20px;\">\n<td style=\"width: 192px; height: 31px;\"><a href=\"http:\/\/www.xtec.net\/centres\/a8052669\/\">Escola Ferran Sunyer<\/a><\/td>\n<td style=\"width: 206px; height: 31px;\">Viladomat, 2-8 &#8211; 08015<\/td>\n<td style=\"width: 118px; height: 31px;\">933 248 442<\/td>\n<\/tr>\n<tr style=\"height: 20px;\">\n<td style=\"width: 192px; height: 47px;\"><a href=\"http:\/\/www.xtec.net\/centres\/a8052657\/\">Escola Fort Pienc<\/a><\/td>\n<td style=\"width: 206px; height: 47px;\">Al\u00ed-Be\u00ed, 75 &#8211; 08013<\/td>\n<td style=\"width: 118px; height: 47px;\">932 462 999<br \/>\n627 432 563<\/td>\n<\/tr>\n<tr style=\"height: 20px;\">\n<td style=\"width: 192px; height: 31px;\"><a href=\"http:\/\/www.fructuosgelabert.com\/\">Escola Fructu\u00f3s Gelabert<\/a><\/td>\n<td style=\"width: 206px; height: 31px;\">Sardenya, 368 &#8211; 08025<\/td>\n<td style=\"width: 118px; height: 31px;\">934 369 923<\/td>\n<\/tr>\n<tr style=\"height: 20px;\">\n<td style=\"width: 192px; height: 31px;\"><a href=\"https:\/\/www.escolagaia.cat\/\">Escola Gaia<\/a><\/td>\n<td style=\"width: 206px; height: 31px;\">Consell de Cent,550<\/td>\n<td style=\"width: 118px; height: 31px;\">677 455 339<\/td>\n<\/tr>\n<tr style=\"height: 20px;\">\n<td style=\"width: 192px; height: 31px;\"><a href=\"https:\/\/agora.xtec.cat\/ceip-joanmiro-barcelona\/\" target=\"_blank\" rel=\"noopener noreferrer\">Escola Joan Mir\u00f3<\/a><\/td>\n<td style=\"width: 206px; height: 31px;\">Diputaci\u00f3, 21-23 &#8211; 08015<\/td>\n<td style=\"width: 118px; height: 31px;\">933 254 249<\/td>\n<\/tr>\n<tr style=\"height: 20px;\">\n<td style=\"width: 192px; height: 31px;\"><a href=\"http:\/\/www.xtec.net\/centres\/a8001947\/\">Escola Mallorca<\/a><\/td>\n<td style=\"width: 206px; height: 31px;\">Londres, 64 &#8211; 08008<\/td>\n<td style=\"width: 118px; height: 31px;\">934 442 682<\/td>\n<\/tr>\n<tr style=\"height: 20px;\">\n<td style=\"width: 192px; height: 31px;\"><a href=\"https:\/\/www.escola9graons.com\/\">Escola 9 Graons<\/a><\/td>\n<td style=\"width: 206px; height: 31px;\">Roger de Flor, 217-219<\/td>\n<td style=\"width: 118px; height: 31px;\">677 454 840<\/td>\n<\/tr>\n<tr style=\"height: 20px;\">\n<td style=\"width: 192px; height: 31px;\"><a href=\"http:\/\/escolaramonllullbcn.cat\/\" target=\"_blank\" rel=\"noopener noreferrer\">Escola Ramon Llull<\/a><\/td>\n<td style=\"width: 206px; height: 31px;\">Av. Diagonal, 275 &#8211; 08013<\/td>\n<td style=\"width: 118px; height: 31px;\">932 313 457<\/td>\n<\/tr>\n<tr style=\"height: 20px;\">\n<td style=\"width: 192px; height: 31px;\"><a href=\"http:\/\/www.tabor.cat\/\" target=\"_blank\" rel=\"noopener noreferrer\">Escola Tabor<\/a><\/td>\n<td style=\"width: 206px; height: 31px;\">Cartagena, 231-239 &#8211; 08013<\/td>\n<td style=\"width: 118px; height: 31px;\">934 351 010<\/td>\n<\/tr>\n<tr style=\"height: 20px;\">\n<td style=\"width: 192px; height: 31px;\"><a href=\"http:\/\/www.escolaxirinacs.cat\/\">Escola Xirinacs<\/a><\/td>\n<td style=\"width: 206px; height: 31px;\">Enten\u00e7a,155<\/td>\n<td style=\"width: 118px; height: 31px;\">677 454 656<\/td>\n<\/tr>\n<tr>\n<td style=\"width: 192px;\"><a href=\"https:\/\/agora.xtec.cat\/ie-eixample\/\" target=\"_blank\" rel=\"noopener noreferrer\">Institut Escola Eixample<\/a><\/td>\n<td style=\"width: 206px;\">Val\u00e8ncia, 252 &#8211; 08007<\/td>\n<td style=\"width: 118px;\">932 152 683<\/td>\n<\/tr>\n<tr>\n<td style=\"width: 192px;\"><a href=\"https:\/\/ielondres.cat\/\">Institut Escola Londres<\/a><\/td>\n<td style=\"width: 206px;\">Comte d&#8217;Urgell, 262 -08036<\/td>\n<td style=\"width: 118px;\">934 394 800<\/td>\n<\/tr>\n<tr>\n<td style=\"width: 192px;\"><a href=\"https:\/\/agora.xtec.cat\/iesicilia\/\">Institut Escola Sic\u00edlia\u00a0<\/a><\/td>\n<td style=\"width: 206px;\">Sic\u00edlia,249 \u2013 08025<\/td>\n<td style=\"width: 118px;\">\n<div class=\"tel\">934 578 848<\/div>\n<p>&nbsp;<\/td>\n<\/tr>\n<tr style=\"height: 31px;\">\n<td style=\"width: 192px; height: 31px;\"><a href=\"https:\/\/agora.xtec.cat\/escaldana\/\">Escola Aldana<\/a><\/td>\n<td style=\"width: 206px; height: 31px;\">Aldana, 1 &#8211; 08015<\/td>\n<td style=\"width: 118px; height: 31px;\">934 410 296<\/td>\n<\/tr>\n<\/tbody>\n<\/table>\n<p>Titularitat privada<\/p>\n<table style=\"width: 549px; height: 1009px;\">\n<tbody>\n<tr style=\"height: 46px;\">\n<td style=\"width: 228px; height: 46px;\"><a href=\"http:\/\/www.casp.fje.edu\/\" target=\"_blank\" rel=\"noopener noreferrer\">Casp-Sagrat Cor de Jes\u00fas<\/a><\/td>\n<td style=\"width: 211px; height: 46px;\">Casp,25-08010<\/td>\n<td style=\"width: 100px; height: 46px;\">933 183 704<\/td>\n<\/tr>\n<tr style=\"height: 31px;\">\n<td style=\"width: 228px; height: 31px;\"><a href=\"http:\/\/www.escolashalom.com\/\" target=\"_blank\" rel=\"noopener noreferrer\">Col\u00b7legi Sagrat Cor-Esclaves<\/a><\/td>\n<td style=\"width: 211px; height: 31px;\">Rbla. Catalunya, 83 &#8211; 08008<\/td>\n<td style=\"width: 100px; height: 31px;\">932 152 522<\/td>\n<\/tr>\n<tr style=\"height: 31px;\">\n<td style=\"width: 228px; height: 31px;\"><a href=\"http:\/\/www.nsrosario.com\/\" target=\"_blank\" rel=\"noopener noreferrer\">Dominiques de l&#8217;Ensenyament<\/a><\/td>\n<td style=\"width: 211px; height: 31px;\">Mallorca, 349 &#8211; 08013<\/td>\n<td style=\"width: 100px; height: 31px;\">932 073 165<\/td>\n<\/tr>\n<tr style=\"height: 46px;\">\n<td style=\"width: 228px; height: 46px;\"><a href=\"http:\/\/www.lesseps.net\/\">\u00c9cole Fran\u00e7aise Ferdinand de Lesseps<\/a><\/td>\n<td style=\"width: 211px; height: 46px;\">Gran Via, 707 &#8211; 08013<\/td>\n<td style=\"width: 100px; height: 46px;\">932 321 612<\/td>\n<\/tr>\n<tr style=\"height: 31px;\">\n<td style=\"width: 228px; height: 31px;\"><a href=\"https:\/\/www.escolamireia.cat\/\">Escola Mireia<\/a><\/td>\n<td style=\"width: 211px; height: 31px;\">Ausi\u00e0s March, 64,64 &#8211; 08013<\/td>\n<td style=\"width: 100px; height: 31px;\">932 454 998<\/td>\n<\/tr>\n<tr style=\"height: 31px;\">\n<td style=\"width: 228px; height: 31px;\"><a href=\"https:\/\/escolapieslluria.org\/web\/\" target=\"_blank\" rel=\"noopener noreferrer\">Escol\u00e0pies Ll\u00faria<\/a><\/td>\n<td style=\"width: 211px; height: 31px;\">Arag\u00f3, 302 &#8211; 08009<\/td>\n<td style=\"width: 100px; height: 31px;\">934 882 166<\/td>\n<\/tr>\n<tr style=\"height: 31px;\">\n<td style=\"width: 228px; height: 31px;\"><a href=\"http:\/\/www.escolaipse.net\/\" target=\"_blank\" rel=\"noopener noreferrer\">IPSE<\/a><\/td>\n<td style=\"width: 211px; height: 31px;\">Casanova, 175 -08036<\/td>\n<td style=\"width: 100px; height: 31px;\">933 215 099<\/td>\n<\/tr>\n<tr style=\"height: 31px;\">\n<td style=\"width: 228px; height: 31px;\"><a href=\"http:\/\/www.ipsi.cat\/cat\/inici\" target=\"_blank\" rel=\"noopener noreferrer\">IPSI<\/a><\/td>\n<td style=\"width: 211px; height: 31px;\">Comte Borrell, 243 &#8211; 08029<\/td>\n<td style=\"width: 100px; height: 31px;\">934 449 000<\/td>\n<\/tr>\n<tr style=\"height: 31px;\">\n<td style=\"width: 228px; height: 31px;\"><a href=\"http:\/\/www.lestonnac-bcn.cat\/?q=node\/2\" target=\"_blank\" rel=\"noopener noreferrer\">Lestonnac<\/a><\/td>\n<td style=\"width: 211px; height: 31px;\">Pau Claris , 131 -08009<\/td>\n<td style=\"width: 100px; height: 31px;\">932 159 900<\/td>\n<\/tr>\n<tr style=\"height: 46px;\">\n<td style=\"width: 228px; height: 46px;\"><a href=\"http:\/\/www.escolamarededeudelroser.com\/\" target=\"_blank\" rel=\"noopener noreferrer\">Mare de D\u00e9u del Roser<\/a><\/td>\n<td style=\"width: 211px; height: 46px;\">Consell de Cent, 214 &#8211; 08011<\/td>\n<td style=\"width: 100px; height: 46px;\">934 531 080<\/td>\n<\/tr>\n<tr style=\"height: 31px;\">\n<td style=\"width: 228px; height: 31px;\"><a href=\"http:\/\/escolesmdp.org\/bailen\/\" target=\"_blank\" rel=\"noopener noreferrer\">Mare del Div\u00ed Pastor<\/a><\/td>\n<td style=\"width: 211px; height: 31px;\">Bail\u00e9n, 38 &#8211; 08010<\/td>\n<td style=\"width: 100px; height: 31px;\">932 654 291<\/td>\n<\/tr>\n<tr style=\"height: 31px;\">\n<td style=\"width: 228px; height: 31px;\"><a href=\"http:\/\/www.salesianas.net\/\">Maria Auxiliadora<\/a><\/td>\n<td style=\"width: 211px; height: 31px;\">Sep\u00falveda, 67,71 &#8211; 08015<\/td>\n<td style=\"width: 100px; height: 31px;\">933 257 712<\/td>\n<\/tr>\n<tr style=\"height: 31px;\">\n<td style=\"width: 228px; height: 31px;\"><a href=\"http:\/\/imma.maristes.cat\/\" target=\"_blank\" rel=\"noopener noreferrer\">Maristes La Immaculada<\/a><\/td>\n<td style=\"width: 211px; height: 31px;\">Val\u00e8ncia, 370 &#8211; 08009<\/td>\n<td style=\"width: 100px; height: 31px;\">934 582 904<\/td>\n<\/tr>\n<tr style=\"height: 31px;\">\n<td style=\"width: 228px; height: 31px;\"><a href=\"http:\/\/www.pereziborra.com\/\" target=\"_blank\" rel=\"noopener noreferrer\">P\u00e9rez Iborra<\/a><\/td>\n<td style=\"width: 211px; height: 31px;\">Consell de Cent, 321 -08007<\/td>\n<td style=\"width: 100px; height: 31px;\">934 880 057<\/td>\n<\/tr>\n<tr style=\"height: 31px;\">\n<td style=\"width: 228px; height: 31px;\"><a href=\"http:\/\/www.sagratcordiputacio.com\/\" target=\"_blank\" rel=\"noopener noreferrer\">Sagrat Cor\u00a0Diputaci\u00f3<\/a><\/td>\n<td style=\"width: 211px; height: 31px;\">Diputaci\u00f3, 326 &#8211; 08009<\/td>\n<td style=\"width: 100px; height: 31px;\">932 656 361<\/td>\n<\/tr>\n<tr style=\"height: 31px;\">\n<td style=\"width: 228px; height: 31px;\"><a href=\"https:\/\/saintnicholas.cat\/?lang=es\" target=\"_blank\" rel=\"noopener noreferrer\">Saint Nicholas School<\/a><\/td>\n<td style=\"width: 211px; height: 31px;\">Proven\u00e7a, 283 &#8211; 08037<\/td>\n<td style=\"width: 100px; height: 31px;\">932 154 953<\/td>\n<\/tr>\n<tr style=\"height: 31px;\">\n<td style=\"width: 228px; height: 31px;\"><a href=\"http:\/\/rocafort.salesians.cat\/\" target=\"_blank\" rel=\"noopener noreferrer\">Salesi\u00e0 Sant Josep<\/a><\/td>\n<td style=\"width: 211px; height: 31px;\">Rocafort, 42 &#8211; 08015<\/td>\n<td style=\"width: 100px; height: 31px;\">934 231 234<\/td>\n<\/tr>\n<tr style=\"height: 31px;\">\n<td style=\"width: 228px; height: 31px;\"><a href=\"http:\/\/www.escolasantfrancesc.cat\/\" target=\"_blank\" rel=\"noopener noreferrer\">Sant Francesc d&#8217;Ass\u00eds<\/a><\/td>\n<td style=\"width: 211px; height: 31px;\">Pl. Universitat, 2 &#8211; 08007<\/td>\n<td style=\"width: 100px; height: 31px;\">934 545 954<\/td>\n<\/tr>\n<tr style=\"height: 31px;\">\n<td style=\"width: 228px; height: 31px;\"><a href=\"http:\/\/www.escolasantjoseporiol.org\/\">Sant Josep d&#8217;Oriol<\/a><\/td>\n<td style=\"width: 211px; height: 31px;\">Villarroel, 85 &#8211; 08011<\/td>\n<td style=\"width: 100px; height: 31px;\">934 536 268<\/td>\n<\/tr>\n<tr style=\"height: 31px;\">\n<td style=\"width: 228px; height: 31px;\"><a href=\"http:\/\/www.colegiosanmiguel.org\/\" target=\"_blank\" rel=\"noopener noreferrer\">Sant Miquel<\/a><\/td>\n<td style=\"width: 211px; height: 31px;\">Rosell\u00f3, 175 &#8211; 08036<\/td>\n<td style=\"width: 100px; height: 31px;\">934 104 005<\/td>\n<\/tr>\n<tr style=\"height: 31px;\">\n<td style=\"width: 228px; height: 31px;\"><a href=\"http:\/\/www.santaanna.cat\/\" target=\"_blank\" rel=\"noopener noreferrer\">Santa Anna-Eixample<\/a><\/td>\n<td style=\"width: 211px; height: 31px;\">Bail\u00e9n, 55 -08009<\/td>\n<td style=\"width: 100px; height: 31px;\">932 654 237<\/td>\n<\/tr>\n<tr style=\"height: 31px;\">\n<td style=\"width: 228px; height: 31px;\"><a href=\"http:\/\/www.escolaurgell.com\/\" target=\"_blank\" rel=\"noopener noreferrer\">Urgell<\/a><\/td>\n<td style=\"width: 211px; height: 31px;\">Comte d&#8217;Urgell, 133- 08036<\/td>\n<td style=\"width: 100px; height: 31px;\">934 530 299<\/td>\n<\/tr>\n<tr style=\"height: 31px;\">\n<td style=\"width: 228px; height: 31px;\"><a href=\"http:\/\/www.immaculadabarcelona.org\/\" target=\"_blank\" rel=\"noopener noreferrer\">Vedruna &#8211; Immaculada<\/a><\/td>\n<td style=\"width: 211px; height: 31px;\">Dos de maig, 251 -08013<\/td>\n<td style=\"width: 100px; height: 31px;\">932 463 200<\/td>\n<\/tr>\n<\/tbody>\n<\/table>\n<p>&nbsp;<\/p>\n","protected":false},"excerpt":{"rendered":"<p>Titularitat P\u00fablica<\/p>\n<p><a href=\"https:\/\/agora.xtec.cat\/ceipauro\/\">Escola Aur\u00f3<\/a><br \/>\nMallorca, 106 &#8211; 08029<br \/>\n934 530 741<\/p>\n<p><a href=\"http:\/\/www.xtec.net\/centres\/a8043814\/\">Escola Carlit<\/a><br \/>\nRoger de Flor, 162 &#8211; 08013<br \/>\n932 652 222<\/p>\n<p><a href=\"http:\/\/www.ceip-diputacio.com\/\">Escola Diputaci\u00f3<\/a><br \/>\nDiputaci\u00f3, 112-116 &#8211; 08015<br \/>\n934 546 868<\/p>\n<p><a href=\"http:\/\/agora.xtec.cat\/escoladelaconcepcio\/\" target=\"_blank\" rel=\"noopener noreferrer\">Escola de la Concepci\u00f3<\/a><br \/>\nBruc 102 &#8211; 08009<br \/>\n934 576 081<\/p>\n<p><a href=\"http:\/\/www.escoladelsencants.cat\/\">Escola dels Encants<\/a><br \/>\nConsell de Cent, 558-560 &#8211; 08013<br \/>\n932&hellip;  <a href=\"https:\/\/serveiseducatius.xtec.cat\/eixample\/comunitat\/centres-educatius\/educacio-infantil-i-primaria\/\" title=\"Read Educaci\u00f3 infantil i prim\u00e0ria\">Llegeix m\u00e9s\u00bb<\/a><\/p>\n","protected":false},"author":1,"featured_media":0,"parent":338,"menu_order":2,"comment_status":"closed","ping_status":"closed","template":"page-templates\/side-menu.php","meta":{"_bbp_topic_count":0,"_bbp_reply_count":0,"_bbp_total_topic_count":0,"_bbp_total_reply_count":0,"_bbp_voice_count":0,"_bbp_anonymous_reply_count":0,"_bbp_topic_count_hidden":0,"_bbp_reply_count_hidden":0,"_bbp_forum_subforum_count":0,"footnotes":""},"class_list":["post-379","page","type-page","status-publish","hentry"],"post_mailing_queue_ids":[],"_links":{"self":[{"href":"https:\/\/serveiseducatius.xtec.cat\/eixample\/wp-json\/wp\/v2\/pages\/379","targetHints":{"allow":["GET"]}}],"collection":[{"href":"https:\/\/serveiseducatius.xtec.cat\/eixample\/wp-json\/wp\/v2\/pages"}],"about":[{"href":"https:\/\/serveiseducatius.xtec.cat\/eixample\/wp-json\/wp\/v2\/types\/page"}],"author":[{"embeddable":true,"href":"https:\/\/serveiseducatius.xtec.cat\/eixample\/wp-json\/wp\/v2\/users\/1"}],"replies":[{"embeddable":true,"href":"https:\/\/serveiseducatius.xtec.cat\/eixample\/wp-json\/wp\/v2\/comments?post=379"}],"version-history":[{"count":5,"href":"https:\/\/serveiseducatius.xtec.cat\/eixample\/wp-json\/wp\/v2\/pages\/379\/revisions"}],"predecessor-version":[{"id":13596,"href":"https:\/\/serveiseducatius.xtec.cat\/eixample\/wp-json\/wp\/v2\/pages\/379\/revisions\/13596"}],"up":[{"embeddable":true,"href":"https:\/\/serveiseducatius.xtec.cat\/eixample\/wp-json\/wp\/v2\/pages\/338"}],"wp:attachment":[{"href":"https:\/\/serveiseducatius.xtec.cat\/eixample\/wp-json\/wp\/v2\/media?parent=379"}],"curies":[{"name":"wp","href":"https:\/\/api.w.org\/{rel}","templated":true}]}}