{"id":10999,"date":"2020-02-18T14:26:37","date_gmt":"2020-02-18T13:26:37","guid":{"rendered":"https:\/\/serveiseducatius.xtec.cat\/eixample\/wp-content\/uploads\/usu1171\/2020\/02\/03_El-ni\u00f1o-que-no-queria-ser-azul-la-ni\u00f1a-que-no-queria-ser-rosa.jpg"},"modified":"2020-03-10T14:30:44","modified_gmt":"2020-03-10T13:30:44","slug":"03_el-nino-que-no-queria-ser-azul-la-nina-que-no-queria-ser-rosa","status":"inherit","type":"attachment","link":"https:\/\/serveiseducatius.xtec.cat\/eixample\/trencant-estereotips\/attachment\/03_el-nino-que-no-queria-ser-azul-la-nina-que-no-queria-ser-rosa\/","title":{"rendered":"El ni\u00f1o que no quer\u00eda ser azul, la ni\u00f1a que no quer\u00eda ser rosa"},"author":4,"featured_media":0,"comment_status":"closed","ping_status":"closed","template":"","meta":{"_bbp_topic_count":0,"_bbp_reply_count":0,"_bbp_total_topic_count":0,"_bbp_total_reply_count":0,"_bbp_voice_count":0,"_bbp_anonymous_reply_count":0,"_bbp_topic_count_hidden":0,"_bbp_reply_count_hidden":0,"_bbp_forum_subforum_count":0},"class_list":["post-10999","attachment","type-attachment","status-inherit","hentry"],"description":{"rendered":"<p class=\"attachment\"><a href='https:\/\/serveiseducatius.xtec.cat\/eixample\/wp-content\/uploads\/usu1171\/2020\/02\/03_El-ni\u00f1o-que-no-queria-ser-azul-la-ni\u00f1a-que-no-queria-ser-rosa.jpg'><img loading=\"lazy\" decoding=\"async\" width=\"300\" height=\"169\" src=\"https:\/\/serveiseducatius.xtec.cat\/eixample\/wp-content\/uploads\/usu1171\/2020\/02\/03_El-ni\u00f1o-que-no-queria-ser-azul-la-ni\u00f1a-que-no-queria-ser-rosa-300x169.jpg\" class=\"attachment-medium size-medium\" alt=\"\" srcset=\"https:\/\/serveiseducatius.xtec.cat\/eixample\/wp-content\/uploads\/usu1171\/2020\/02\/03_El-ni\u00f1o-que-no-queria-ser-azul-la-ni\u00f1a-que-no-queria-ser-rosa-300x169.jpg 300w, https:\/\/serveiseducatius.xtec.cat\/eixample\/wp-content\/uploads\/usu1171\/2020\/02\/03_El-ni\u00f1o-que-no-queria-ser-azul-la-ni\u00f1a-que-no-queria-ser-rosa-768x432.jpg 768w, https:\/\/serveiseducatius.xtec.cat\/eixample\/wp-content\/uploads\/usu1171\/2020\/02\/03_El-ni\u00f1o-que-no-queria-ser-azul-la-ni\u00f1a-que-no-queria-ser-rosa-1024x576.jpg 1024w, https:\/\/serveiseducatius.xtec.cat\/eixample\/wp-content\/uploads\/usu1171\/2020\/02\/03_El-ni\u00f1o-que-no-queria-ser-azul-la-ni\u00f1a-que-no-queria-ser-rosa.jpg 1280w\" sizes=\"auto, (max-width: 300px) 100vw, 300px\" \/><\/a><\/p>\n<p>\u00a0<br \/>\n<strong>Fitti, P (2019). <em>El ni\u00f1o que no quer\u00eda ser azul, la ni\u00f1a que no quer\u00eda ser rosa<\/em>. Barcelona: Destino Infantil &#038; Juvenil<\/strong><\/p>\n<p>Idioma: Castell\u00e0<\/p>\n<p>En Roc estava m\u00e9s marejat que un allioli. No entenia res de res del que el cranc li havia dit\u2026 No entenia per qu\u00e8 era una cosa que s\u2019havia de convertir en una altra. A m\u00e9s a m\u00e9s, per sempre m\u00e9s! Una cosa o l\u2019altra. Blanc o negre. Carn o peix. Nen o nena, hum\u00e0 o sirena\u2026 Com si nom\u00e9s hi hagu\u00e9s dues opcions! No pot ser que una decisi\u00f3 sigui tamb\u00e9 que no vols prendre una decisi\u00f3? A Celestino li regalen els avions blaus, dorm en un llit blau i juga al futbol amb pilotes blaves. Tothom li diu que \u00e9s el m\u00e9s blau de tots els nens i que es casar\u00e0 amb la m\u00e9s rosa de totes les nenes, com ha de ser! Per\u00f2 i si ell no vol nom\u00e9s un m\u00f3n blau, i la princesa dels seus somnis no \u00e9s rosa? Un crit a la llibertat dels nens i nenes. Que els patrons de g\u00e8nere de la societat no aplaquin la seva creativitat i la seva personalitat. No hi ha jocs de nens i jocs de nenes, hi ha coses que agraden i coses que no agraden.<\/p>\n"},"caption":{"rendered":"<p><a href='https:\/\/serveiseducatius.xtec.cat\/eixample\/wp-content\/uploads\/usu1171\/2020\/02\/03_El-ni\u00f1o-que-no-queria-ser-azul-la-ni\u00f1a-que-no-queria-ser-rosa.jpg'><\/a><br \/>\n\u00a0<br \/>\nFitti, P (2019). El ni\u00f1o que no quer\u00eda ser azul, la ni\u00f1a que no quer\u00eda ser rosa. Barcelona: Destino Infantil &#038; Juvenil<br \/>\nIdioma: Castell\u00e0<br \/>\nEn Roc estava m\u00e9s marejat que un allioli. No entenia res de res del que el cranc li havia dit\u2026 No entenia&hellip;  <a href=\"https:\/\/serveiseducatius.xtec.cat\/eixample\/trencant-estereotips\/attachment\/03_el-nino-que-no-queria-ser-azul-la-nina-que-no-queria-ser-rosa\/\" title=\"Read El ni\u00f1o que no quer\u00eda ser azul, la ni\u00f1a que no quer\u00eda ser rosa\">Llegeix m\u00e9s\u00bb<\/a><\/p>\n"},"alt_text":"","media_type":"image","mime_type":"image\/jpeg","media_details":{"width":1280,"height":720,"file":"2020\/02\/03_El-ni\u00f1o-que-no-queria-ser-azul-la-ni\u00f1a-que-no-queria-ser-rosa.jpg","sizes":{"thumbnail":{"file":"03_El-ni\u00f1o-que-no-queria-ser-azul-la-ni\u00f1a-que-no-queria-ser-rosa-150x150.jpg","width":150,"height":150,"mime_type":"image\/jpeg","source_url":"https:\/\/serveiseducatius.xtec.cat\/eixample\/wp-content\/uploads\/usu1171\/2020\/02\/03_El-ni\u00f1o-que-no-queria-ser-azul-la-ni\u00f1a-que-no-queria-ser-rosa-150x150.jpg"},"medium":{"file":"03_El-ni\u00f1o-que-no-queria-ser-azul-la-ni\u00f1a-que-no-queria-ser-rosa-300x169.jpg","width":300,"height":169,"mime_type":"image\/jpeg","source_url":"https:\/\/serveiseducatius.xtec.cat\/eixample\/wp-content\/uploads\/usu1171\/2020\/02\/03_El-ni\u00f1o-que-no-queria-ser-azul-la-ni\u00f1a-que-no-queria-ser-rosa-300x169.jpg"},"medium_large":{"file":"03_El-ni\u00f1o-que-no-queria-ser-azul-la-ni\u00f1a-que-no-queria-ser-rosa-768x432.jpg","width":768,"height":432,"mime_type":"image\/jpeg","source_url":"https:\/\/serveiseducatius.xtec.cat\/eixample\/wp-content\/uploads\/usu1171\/2020\/02\/03_El-ni\u00f1o-que-no-queria-ser-azul-la-ni\u00f1a-que-no-queria-ser-rosa-768x432.jpg"},"large":{"file":"03_El-ni\u00f1o-que-no-queria-ser-azul-la-ni\u00f1a-que-no-queria-ser-rosa-1024x576.jpg","width":1024,"height":576,"mime_type":"image\/jpeg","source_url":"https:\/\/serveiseducatius.xtec.cat\/eixample\/wp-content\/uploads\/usu1171\/2020\/02\/03_El-ni\u00f1o-que-no-queria-ser-azul-la-ni\u00f1a-que-no-queria-ser-rosa-1024x576.jpg"},"thumb-300":{"file":"03_El-ni\u00f1o-que-no-queria-ser-azul-la-ni\u00f1a-que-no-queria-ser-rosa-300x250.jpg","width":300,"height":250,"mime_type":"image\/jpeg","source_url":"https:\/\/serveiseducatius.xtec.cat\/eixample\/wp-content\/uploads\/usu1171\/2020\/02\/03_El-ni\u00f1o-que-no-queria-ser-azul-la-ni\u00f1a-que-no-queria-ser-rosa-300x250.jpg"},"thumb-200":{"file":"03_El-ni\u00f1o-que-no-queria-ser-azul-la-ni\u00f1a-que-no-queria-ser-rosa-200x150.jpg","width":200,"height":150,"mime_type":"image\/jpeg","source_url":"https:\/\/serveiseducatius.xtec.cat\/eixample\/wp-content\/uploads\/usu1171\/2020\/02\/03_El-ni\u00f1o-que-no-queria-ser-azul-la-ni\u00f1a-que-no-queria-ser-rosa-200x150.jpg"},"full":{"file":"03_El-ni\u00f1o-que-no-queria-ser-azul-la-ni\u00f1a-que-no-queria-ser-rosa.jpg","width":1280,"height":720,"mime_type":"image\/jpeg","source_url":"https:\/\/serveiseducatius.xtec.cat\/eixample\/wp-content\/uploads\/usu1171\/2020\/02\/03_El-ni\u00f1o-que-no-queria-ser-azul-la-ni\u00f1a-que-no-queria-ser-rosa.jpg"}},"image_meta":{"aperture":"0","credit":"","camera":"","caption":"","created_timestamp":"0","copyright":"","focal_length":"0","iso":"0","shutter_speed":"0","title":"","orientation":"0","keywords":[]}},"post":10994,"source_url":"https:\/\/serveiseducatius.xtec.cat\/eixample\/wp-content\/uploads\/usu1171\/2020\/02\/03_El-ni\u00f1o-que-no-queria-ser-azul-la-ni\u00f1a-que-no-queria-ser-rosa.jpg","_links":{"self":[{"href":"https:\/\/serveiseducatius.xtec.cat\/eixample\/wp-json\/wp\/v2\/media\/10999","targetHints":{"allow":["GET"]}}],"collection":[{"href":"https:\/\/serveiseducatius.xtec.cat\/eixample\/wp-json\/wp\/v2\/media"}],"about":[{"href":"https:\/\/serveiseducatius.xtec.cat\/eixample\/wp-json\/wp\/v2\/types\/attachment"}],"author":[{"embeddable":true,"href":"https:\/\/serveiseducatius.xtec.cat\/eixample\/wp-json\/wp\/v2\/users\/4"}],"replies":[{"embeddable":true,"href":"https:\/\/serveiseducatius.xtec.cat\/eixample\/wp-json\/wp\/v2\/comments?post=10999"}]}}