{"id":9122,"date":"2019-01-21T11:09:39","date_gmt":"2019-01-21T10:09:39","guid":{"rendered":"http:\/\/serveiseducatius.xtec.cat\/edadelcanigo\/?page_id=9122"},"modified":"2020-10-19T10:37:13","modified_gmt":"2020-10-19T08:37:13","slug":"vilafranca-de-conflent-ne-ville-historique","status":"publish","type":"page","link":"https:\/\/serveiseducatius.xtec.cat\/edadelcanigo\/el-camp\/ambits\/frontera\/vilafranca-de-conflent-ne-ville-historique\/","title":{"rendered":"Vilafranca de Conflent: &#8220;une ville historique&#8221;"},"content":{"rendered":"<p><strong>\u00a0partsNom activitat:<\/strong>\u00a0 Vilafranca de Conflent: une ville historique<\/p>\n<p><strong>\u00c0mbit Curricular:<\/strong> Llengua estrangera<\/p>\n<p><strong>Nivell:<\/strong><b> <\/b>Cicle Superior de prim\u00e0ria, ESO, Batxillerat \u00a0\u00a0\u00a0\u00a0 <strong>Durada:<\/strong> mat\u00ed \/ tarda<\/p>\n<p><strong>Estacionalitat:<\/strong> \u00a0tot l\u2019any<\/p>\n<p><strong>Objectius:<\/strong> Aplicar coneixements de llengua francesa en la cerca d\u2019informaci\u00f3. 2.Desenvolupar-se en un entorn comunicatiu diferent a l\u2019habitual. 3. Con\u00e8ixer a grans trets el passat i present de la vil\u00b7la de Vilafranca de Conflent 4. Fomentar una mirada diferent sobre els elements patrimonials de la vila.<\/p>\n<p><strong>Descripci\u00f3:<\/strong> L&#8217;activitat consta de dues parts. La primera es realitza una descoberta sobre la vila, per tal de situar els alumnes i presentar-lis el treball que hauran de fer. Durant la segon part, els alumnes en grups redu\u00efts i de forma aut\u00f2noma hauran de respondre un q\u00fcestionari a partir de la recerca d&#8217;elements patrimonials amagats en el poble. Per tal de realitzar l&#8217;activitat hauran d&#8217;interactuar amb els vianants per obtenir respostes. L&#8217;activitat inclou una enquesta als vianants per un estudi hist\u00f2ric.<\/p>\n<table id=\"report_R31046229246265901\" border=\"0\" width=\"100%\" cellspacing=\"0\" cellpadding=\"3\">\n<tbody>\n<tr>\n<th id=\"ID\" class=\"apartat-th\" align=\"left\"><\/th>\n<th id=\"AMBIT\" class=\"apartat-th\" align=\"left\"><span class=\"apartat\">\u00c0mbit<\/span><\/th>\n<th id=\"DIMENSIO\" class=\"apartat-th\" align=\"left\"><span class=\"apartat\">Dimensi\u00f3<\/span><\/th>\n<th id=\"COD_COMPETENCIA\" class=\"apartat-th\" align=\"left\"><span class=\"apartat\">Codi compet\u00e8ncia<\/span><\/th>\n<th id=\"DESC_COMPETENCIA\" class=\"apartat-th\" align=\"left\"><span class=\"apartat\">Descripci\u00f3 compet\u00e8ncia<\/span><\/th>\n<\/tr>\n<tr class=\"highlight-row\">\n<td class=\"text\" bgcolor=\"#e9e9e9\"><a href=\"https:\/\/aplicacions.gestioeducativa.gencat.cat\/pls\/apex\/f?p=151:307:315014031218256::NO::P307_ID_ACTIVITAT,P307_ID_REL_ACT_COMP:7981,7984\"><img decoding=\"async\" src=\"https:\/\/aplicacions.gestioeducativa.gencat.cat\/i\/e2.gif\" alt=\"\" \/><\/a><\/td>\n<td class=\"text\" bgcolor=\"#e9e9e9\">AMBS-LIN-EST<\/td>\n<td class=\"text\" bgcolor=\"#e9e9e9\">DIM7S-LLE-EST<\/td>\n<td class=\"text\" bgcolor=\"#e9e9e9\">CO4S-EST<\/td>\n<td class=\"text\" bgcolor=\"#e9e9e9\">Aplicar estrat\u00e8gies de comprensi\u00f3 per obtenir informaci\u00f3 interpretar el contingut de textos escrits d&#8217;estructura clara de la vida quotidiana,dels mitjans de comunicaci\u00f3 i de l&#8217;\u00e0mbit acad\u00e8mic<\/td>\n<\/tr>\n<tr class=\"highlight-row\">\n<td class=\"text\" bgcolor=\"#F3F3F3\"><a href=\"https:\/\/aplicacions.gestioeducativa.gencat.cat\/pls\/apex\/f?p=151:307:315014031218256::NO::P307_ID_ACTIVITAT,P307_ID_REL_ACT_COMP:7981,7983\"><img decoding=\"async\" src=\"https:\/\/aplicacions.gestioeducativa.gencat.cat\/i\/e2.gif\" alt=\"\" \/><\/a><\/td>\n<td class=\"text\" bgcolor=\"#F3F3F3\">AMBS-LIN-EST<\/td>\n<td class=\"text\" bgcolor=\"#F3F3F3\">DIM6S-LLE-EST<\/td>\n<td class=\"text\" bgcolor=\"#F3F3F3\">CO3S-EST<\/td>\n<td class=\"text\" bgcolor=\"#F3F3F3\">Emprar estrat\u00e8gies d&#8217;interacci\u00f3 oral d&#8217;acord amb la situaci\u00f3 comunicativa per iniciar, mantenir i acabar el discurs<\/td>\n<\/tr>\n<tr class=\"highlight-row\">\n<td class=\"text\" bgcolor=\"#e9e9e9\"><a href=\"https:\/\/aplicacions.gestioeducativa.gencat.cat\/pls\/apex\/f?p=151:307:315014031218256::NO::P307_ID_ACTIVITAT,P307_ID_REL_ACT_COMP:7981,7982\"><img decoding=\"async\" src=\"https:\/\/aplicacions.gestioeducativa.gencat.cat\/i\/e2.gif\" alt=\"\" \/><\/a><\/td>\n<td class=\"text\" bgcolor=\"#e9e9e9\">AMBS-LIN-EST<\/td>\n<td class=\"text\" bgcolor=\"#e9e9e9\">DIM6S-LLE-EST<\/td>\n<td class=\"text\" bgcolor=\"#e9e9e9\">CO1S-EST<\/td>\n<td class=\"text\" bgcolor=\"#e9e9e9\">Obtenir informaci\u00f3 i interpretar textos orals de la vida quotidiana,dels mitjans de comunicaci\u00f3 i de l&#8217;\u00e0mbit acad\u00e8mic<\/td>\n<\/tr>\n<\/tbody>\n<\/table>\n<table style=\"height: 5px; width: 0.136911%;\" border=\"0\" width=\"741\" cellspacing=\"0\" cellpadding=\"2\" align=\"center\">\n<tbody>\n<tr>\n<td class=\"espai4px\" style=\"text-align: left;\"><\/td>\n<\/tr>\n<\/tbody>\n<\/table>\n<p><a href=\"https:\/\/serveiseducatius.xtec.cat\/edadelcanigo\/wp-content\/uploads\/usu1374\/2019\/01\/20181119_120537.jpg\"><img loading=\"lazy\" decoding=\"async\" class=\"alignnone size-large wp-image-9123\" src=\"https:\/\/serveiseducatius.xtec.cat\/edadelcanigo\/wp-content\/uploads\/usu1374\/2019\/01\/20181119_120537-994x1024.jpg\" alt=\"\" width=\"994\" height=\"1024\" srcset=\"https:\/\/serveiseducatius.xtec.cat\/edadelcanigo\/wp-content\/uploads\/usu1374\/2019\/01\/20181119_120537-994x1024.jpg 994w, https:\/\/serveiseducatius.xtec.cat\/edadelcanigo\/wp-content\/uploads\/usu1374\/2019\/01\/20181119_120537-291x300.jpg 291w, https:\/\/serveiseducatius.xtec.cat\/edadelcanigo\/wp-content\/uploads\/usu1374\/2019\/01\/20181119_120537-768x791.jpg 768w\" sizes=\"auto, (max-width: 994px) 100vw, 994px\" \/><\/a><\/p>\n<p>&nbsp;<\/p>\n<p><strong>Observacions:\u00a0<\/strong> L&#8217;activitat es pot complementar amb la visita al Fort Liberia.<\/p>\n","protected":false},"excerpt":{"rendered":"<p>\u00a0partsNom activitat:\u00a0 Vilafranca de Conflent: une ville historique<br \/>\n\u00c0mbit Curricular: Llengua estrangera<br \/>\nNivell: Cicle Superior de prim\u00e0ria, ESO, Batxillerat \u00a0\u00a0\u00a0\u00a0 Durada: mat\u00ed \/ tarda<br \/>\nEstacionalitat: \u00a0tot l\u2019any<br \/>\nObjectius: Aplicar coneixements de llengua francesa en la cerca d\u2019informaci\u00f3. 2.Desenvolupar-se en un entorn comunicatiu diferent a l\u2019habitual. 3. Con\u00e8ixer a grans&hellip;  <a href=\"https:\/\/serveiseducatius.xtec.cat\/edadelcanigo\/el-camp\/ambits\/frontera\/vilafranca-de-conflent-ne-ville-historique\/\" title=\"Read Vilafranca de Conflent: &#8220;une ville historique&#8221;\">Llegeix m\u00e9s\u00bb<\/a><\/p>\n","protected":false},"author":4,"featured_media":0,"parent":900,"menu_order":0,"comment_status":"closed","ping_status":"closed","template":"page-templates\/side-menu.php","meta":{"_bbp_topic_count":0,"_bbp_reply_count":0,"_bbp_total_topic_count":0,"_bbp_total_reply_count":0,"_bbp_voice_count":0,"_bbp_anonymous_reply_count":0,"_bbp_topic_count_hidden":0,"_bbp_reply_count_hidden":0,"_bbp_forum_subforum_count":0,"footnotes":""},"class_list":["post-9122","page","type-page","status-publish","hentry"],"post_mailing_queue_ids":[],"_links":{"self":[{"href":"https:\/\/serveiseducatius.xtec.cat\/edadelcanigo\/wp-json\/wp\/v2\/pages\/9122","targetHints":{"allow":["GET"]}}],"collection":[{"href":"https:\/\/serveiseducatius.xtec.cat\/edadelcanigo\/wp-json\/wp\/v2\/pages"}],"about":[{"href":"https:\/\/serveiseducatius.xtec.cat\/edadelcanigo\/wp-json\/wp\/v2\/types\/page"}],"author":[{"embeddable":true,"href":"https:\/\/serveiseducatius.xtec.cat\/edadelcanigo\/wp-json\/wp\/v2\/users\/4"}],"replies":[{"embeddable":true,"href":"https:\/\/serveiseducatius.xtec.cat\/edadelcanigo\/wp-json\/wp\/v2\/comments?post=9122"}],"version-history":[{"count":3,"href":"https:\/\/serveiseducatius.xtec.cat\/edadelcanigo\/wp-json\/wp\/v2\/pages\/9122\/revisions"}],"predecessor-version":[{"id":9305,"href":"https:\/\/serveiseducatius.xtec.cat\/edadelcanigo\/wp-json\/wp\/v2\/pages\/9122\/revisions\/9305"}],"up":[{"embeddable":true,"href":"https:\/\/serveiseducatius.xtec.cat\/edadelcanigo\/wp-json\/wp\/v2\/pages\/900"}],"wp:attachment":[{"href":"https:\/\/serveiseducatius.xtec.cat\/edadelcanigo\/wp-json\/wp\/v2\/media?parent=9122"}],"curies":[{"name":"wp","href":"https:\/\/api.w.org\/{rel}","templated":true}]}}