{"id":9031,"date":"2018-09-04T16:28:18","date_gmt":"2018-09-04T14:28:18","guid":{"rendered":"http:\/\/serveiseducatius.xtec.cat\/edadelcanigo\/?page_id=9031"},"modified":"2019-01-21T13:49:01","modified_gmt":"2019-01-21T12:49:01","slug":"els-orgues-dilla","status":"publish","type":"page","link":"https:\/\/serveiseducatius.xtec.cat\/edadelcanigo\/el-camp\/ambits\/territori-geologia-i-medi-ambient\/els-orgues-dilla\/","title":{"rendered":"Els Orgues d&#8217;Illa"},"content":{"rendered":"<p><strong>Nom activitat: <\/strong>\u00a0<b>\u00a0<\/b>Els Orgues d\u2019Illa de Tet<a href=\"http:\/\/serveiseducatius.xtec.cat\/edadelcanigo\/wp-content\/uploads\/usu1374\/2018\/09\/20170331_155401.jpg\"><img loading=\"lazy\" decoding=\"async\" class=\"alignleft wp-image-9032 size-medium\" src=\"http:\/\/serveiseducatius.xtec.cat\/edadelcanigo\/wp-content\/uploads\/usu1374\/2018\/09\/20170331_155401-300x225.jpg\" alt=\"\" width=\"300\" height=\"225\" srcset=\"https:\/\/serveiseducatius.xtec.cat\/edadelcanigo\/wp-content\/uploads\/usu1374\/2018\/09\/20170331_155401-300x225.jpg 300w, https:\/\/serveiseducatius.xtec.cat\/edadelcanigo\/wp-content\/uploads\/usu1374\/2018\/09\/20170331_155401-200x150.jpg 200w, https:\/\/serveiseducatius.xtec.cat\/edadelcanigo\/wp-content\/uploads\/usu1374\/2018\/09\/20170331_155401.jpg 640w\" sizes=\"auto, (max-width: 300px) 100vw, 300px\" \/><\/a><\/p>\n<p><strong>\u00c0mbit Curricular:<\/strong> Ci\u00e8ncies de la Naturalesa, Geologia, Ci\u00e8ncies de la Terra i del Medi Ambient.<\/p>\n<p><strong>Nivell:<\/strong>\u00a0<b>\u00a0\u00a0 <\/b>Cicle Superior de prim\u00e0ria, ESO, Batxillerat \u00a0\u00a0\u00a0\u00a0 <strong>Durada:<\/strong> mat\u00ed \/ tarda<\/p>\n<p><strong>Estacionalitat: <\/strong>\u00a0tot l\u2019any<\/p>\n<p><strong>Objectius:<\/strong> \u00a01. Interpretar les evid\u00e8ncies d\u2019acord amb el coneixement dels processos que originen els canvis a la Terra i la vida, reconstruint de manera elemental la hist\u00f2ria d\u2019un territori. 2. Justificar les interrelacions de la coevoluci\u00f3 entre la Terra i els \u00e9ssers vius, fer previsions dels canvis que poden esdevenir, i usar els registres i representacions del temps i l\u2019espai per reconstruir la hist\u00f2ria d\u2019un territori. 3. Trobar les evid\u00e8ncies dels processos geol\u00f2gics interns i externs i la seva relaci\u00f3 amb la din\u00e0mica de la Terra, la distribuci\u00f3 de recursos i els riscos geol\u00f2gics. 4. Analitzar i valorar la import\u00e0ncia d\u2019utilitzar els coneixements cient\u00edfics i les interaccions de la \u00a0ci\u00e8ncia i la tecnologia, per satisfer les necessitats humanes i per participar en la presa de decisions \u00a0sobre problemes locals i globals als quals s\u2019enfronta la societat amb vista assegurar un futur m\u00e9s sostenible.<\/p>\n<p><strong>Descripci\u00f3: <\/strong>Visitar els Orgues d&#8217;Illa de Tet \u00e9s ofereix l&#8217;oportunitat d&#8217;aprendre com l&#8217;erosi\u00f3 pot fer que la natura prengui formes espectaculars com les columnes de fades amb els seus xaragalls. Analitzarem els materials que formen aquest paratge a trav\u00e9s d&#8217;una pr\u00e0ctica de granulometria i ens preguntarem per l&#8217;evoluci\u00f3 d&#8217;aquest paisatge.<\/p>\n<p><strong>Compet\u00e8ncies:<br \/>\n<\/strong><\/p>\n<table id=\"report_R31046229246265901\" border=\"0\" width=\"100%\" cellspacing=\"0\" cellpadding=\"3\">\n<tbody>\n<tr>\n<th id=\"ID\" class=\"apartat-th\" align=\"left\"><\/th>\n<th id=\"AMBIT\" class=\"apartat-th\" align=\"left\"><span class=\"apartat\">\u00c0mbit<\/span><\/th>\n<th id=\"DIMENSIO\" class=\"apartat-th\" align=\"left\"><span class=\"apartat\">Dimensi\u00f3<\/span><\/th>\n<th id=\"COD_COMPETENCIA\" class=\"apartat-th\" align=\"left\"><span class=\"apartat\">Codi compet\u00e8ncia<\/span><\/th>\n<th id=\"DESC_COMPETENCIA\" class=\"apartat-th\" align=\"left\"><span class=\"apartat\">Descripci\u00f3 compet\u00e8ncia<\/span><\/th>\n<\/tr>\n<tr class=\"highlight-row\">\n<td class=\"text\" bgcolor=\"#e9e9e9\"><a href=\"https:\/\/aplicacions.gestioeducativa.gencat.cat\/pls\/apex\/f?p=151:307:313035992163243::NO::P307_ID_ACTIVITAT,P307_ID_REL_ACT_COMP:4035,5678\"><img decoding=\"async\" src=\"https:\/\/aplicacions.gestioeducativa.gencat.cat\/i\/e2.gif\" alt=\"\" \/><\/a><\/td>\n<td class=\"text\" bgcolor=\"#e9e9e9\">AMBS-CIE<\/td>\n<td class=\"text\" bgcolor=\"#e9e9e9\">DIM15S-CIE-TEC<\/td>\n<td class=\"text\" bgcolor=\"#e9e9e9\">CO1S-CIE-TEC<\/td>\n<td class=\"text\" bgcolor=\"#e9e9e9\">Identificar i caracteritzar els sistemes f\u00edsics i qu\u00edmics des de la perspectiva dels models, per comunicar i predir el comportament dels fen\u00f2mens naturals<\/td>\n<\/tr>\n<tr class=\"highlight-row\">\n<td class=\"text\" bgcolor=\"#F3F3F3\"><a href=\"https:\/\/aplicacions.gestioeducativa.gencat.cat\/pls\/apex\/f?p=151:307:313035992163243::NO::P307_ID_ACTIVITAT,P307_ID_REL_ACT_COMP:4035,5677\"><img decoding=\"async\" src=\"https:\/\/aplicacions.gestioeducativa.gencat.cat\/i\/e2.gif\" alt=\"\" \/><\/a><\/td>\n<td class=\"text\" bgcolor=\"#F3F3F3\">AMBS-CIE<\/td>\n<td class=\"text\" bgcolor=\"#F3F3F3\">DIM15S-CIE-TEC<\/td>\n<td class=\"text\" bgcolor=\"#F3F3F3\">CO2S-CIE-TEC<\/td>\n<td class=\"text\" bgcolor=\"#F3F3F3\">Identificar i caracteritzar els sistemes biol\u00f2gics i geol\u00f2gics des de la perspectiva dels models, per comunicar i predir el comportament dels fen\u00f2mens naturals<\/td>\n<\/tr>\n<\/tbody>\n<\/table>\n<p><strong>Observacions:\u00a0<\/strong>La visita a Els\u00a0 orgues t\u00e9 un cost addicional de 3, 50 \u20ac (fins a 14 anys) i 4,00 \u20ac (majors de 14 anys).<\/p>\n","protected":false},"excerpt":{"rendered":"<p>Nom activitat: \u00a0\u00a0Els Orgues d\u2019Illa de Tet<a href=\"http:\/\/serveiseducatius.xtec.cat\/edadelcanigo\/wp-content\/uploads\/usu1374\/2018\/09\/20170331_155401.jpg\"><\/a><br \/>\n\u00c0mbit Curricular: Ci\u00e8ncies de la Naturalesa, Geologia, Ci\u00e8ncies de la Terra i del Medi Ambient.<br \/>\nNivell:\u00a0\u00a0\u00a0 Cicle Superior de prim\u00e0ria, ESO, Batxillerat \u00a0\u00a0\u00a0\u00a0 Durada: mat\u00ed \/ tarda<br \/>\nEstacionalitat: \u00a0tot l\u2019any<br \/>\nObjectius: \u00a01. Interpretar les evid\u00e8ncies d\u2019acord amb el coneixement dels processos&hellip;  <a href=\"https:\/\/serveiseducatius.xtec.cat\/edadelcanigo\/el-camp\/ambits\/territori-geologia-i-medi-ambient\/els-orgues-dilla\/\" title=\"Read Els Orgues d&#8217;Illa\">Llegeix m\u00e9s\u00bb<\/a><\/p>\n","protected":false},"author":4,"featured_media":0,"parent":898,"menu_order":0,"comment_status":"closed","ping_status":"closed","template":"page-templates\/side-menu.php","meta":{"_bbp_topic_count":0,"_bbp_reply_count":0,"_bbp_total_topic_count":0,"_bbp_total_reply_count":0,"_bbp_voice_count":0,"_bbp_anonymous_reply_count":0,"_bbp_topic_count_hidden":0,"_bbp_reply_count_hidden":0,"_bbp_forum_subforum_count":0,"footnotes":""},"class_list":["post-9031","page","type-page","status-publish","hentry"],"post_mailing_queue_ids":[],"_links":{"self":[{"href":"https:\/\/serveiseducatius.xtec.cat\/edadelcanigo\/wp-json\/wp\/v2\/pages\/9031","targetHints":{"allow":["GET"]}}],"collection":[{"href":"https:\/\/serveiseducatius.xtec.cat\/edadelcanigo\/wp-json\/wp\/v2\/pages"}],"about":[{"href":"https:\/\/serveiseducatius.xtec.cat\/edadelcanigo\/wp-json\/wp\/v2\/types\/page"}],"author":[{"embeddable":true,"href":"https:\/\/serveiseducatius.xtec.cat\/edadelcanigo\/wp-json\/wp\/v2\/users\/4"}],"replies":[{"embeddable":true,"href":"https:\/\/serveiseducatius.xtec.cat\/edadelcanigo\/wp-json\/wp\/v2\/comments?post=9031"}],"version-history":[{"count":2,"href":"https:\/\/serveiseducatius.xtec.cat\/edadelcanigo\/wp-json\/wp\/v2\/pages\/9031\/revisions"}],"predecessor-version":[{"id":9136,"href":"https:\/\/serveiseducatius.xtec.cat\/edadelcanigo\/wp-json\/wp\/v2\/pages\/9031\/revisions\/9136"}],"up":[{"embeddable":true,"href":"https:\/\/serveiseducatius.xtec.cat\/edadelcanigo\/wp-json\/wp\/v2\/pages\/898"}],"wp:attachment":[{"href":"https:\/\/serveiseducatius.xtec.cat\/edadelcanigo\/wp-json\/wp\/v2\/media?parent=9031"}],"curies":[{"name":"wp","href":"https:\/\/api.w.org\/{rel}","templated":true}]}}