{"id":9027,"date":"2018-09-04T15:56:24","date_gmt":"2018-09-04T13:56:24","guid":{"rendered":"http:\/\/serveiseducatius.xtec.cat\/edadelcanigo\/?page_id=9027"},"modified":"2022-02-06T20:29:27","modified_gmt":"2022-02-06T19:29:27","slug":"cova-de-les-grans-canaletes","status":"publish","type":"page","link":"https:\/\/serveiseducatius.xtec.cat\/edadelcanigo\/el-camp\/ambits\/territori-geologia-i-medi-ambient\/cova-de-les-grans-canaletes\/","title":{"rendered":"Cova de les Grans Canaletes"},"content":{"rendered":"<p><strong><a href=\"http:\/\/serveiseducatius.xtec.cat\/edadelcanigo\/wp-content\/uploads\/usu1374\/2018\/09\/20170331_111914.jpg\"><img loading=\"lazy\" decoding=\"async\" class=\"alignleft wp-image-9029 size-medium\" src=\"http:\/\/serveiseducatius.xtec.cat\/edadelcanigo\/wp-content\/uploads\/usu1374\/2018\/09\/20170331_111914-300x225.jpg\" alt=\"\" width=\"300\" height=\"225\" srcset=\"https:\/\/serveiseducatius.xtec.cat\/edadelcanigo\/wp-content\/uploads\/usu1374\/2018\/09\/20170331_111914-300x225.jpg 300w, https:\/\/serveiseducatius.xtec.cat\/edadelcanigo\/wp-content\/uploads\/usu1374\/2018\/09\/20170331_111914-768x576.jpg 768w, https:\/\/serveiseducatius.xtec.cat\/edadelcanigo\/wp-content\/uploads\/usu1374\/2018\/09\/20170331_111914-200x150.jpg 200w, https:\/\/serveiseducatius.xtec.cat\/edadelcanigo\/wp-content\/uploads\/usu1374\/2018\/09\/20170331_111914.jpg 800w\" sizes=\"auto, (max-width: 300px) 100vw, 300px\" \/><\/a>Nom activitat: <\/strong>\u00a0<b>\u00a0<\/b>Cova de les Grans Canaletes<\/p>\n<p><strong>\u00c0mbit Curricular:<\/strong> Ci\u00e8ncies de la Naturalesa, Geologia, Ci\u00e8ncies de la Terra i del Medi Ambient.<\/p>\n<p><strong>Nivell:<\/strong><b>\u00a0\u00a0\u00a0 <\/b>Cicle Superior de prim\u00e0ria, ESO, Batxillerat \u00a0\u00a0\u00a0\u00a0 <strong>Durada:<\/strong><b>\u00a0 <\/b>mat\u00ed \/ tarda<\/p>\n<p><strong>Estacionalitat:<\/strong> \u00a0tot l\u2019any.<\/p>\n<p><strong>Objectius:<\/strong> \u00a0 1. Interpretar les evid\u00e8ncies d\u2019acord amb el coneixement dels processos que originen els canvis a la Terra i la vida, reconstruint de manera elemental la hist\u00f2ria d\u2019un territori.\u00a0 2. Justificar les interrelacions de la coevoluci\u00f3 entre la Terra i els \u00e9ssers vius, fer previsions dels canvis que poden esdevenir, i usar els registres i representacions del temps i l\u2019espai per reconstruir la hist\u00f2ria d\u2019un territori. 3. Trobar les evid\u00e8ncies dels processos geol\u00f2gics interns i externs i la seva relaci\u00f3 amb la din\u00e0mica de la Terra, la distribuci\u00f3 de recursos i els riscos geol\u00f2gics.\u00a0 4. Analitzar i valorar la import\u00e0ncia d\u2019utilitzar els coneixements cient\u00edfics i les interaccions de la \u00a0ci\u00e8ncia i la tecnologia, per satisfer les necessitats humanes i per participar en la presa de decisions \u00a0sobre problemes locals i globals als quals s\u2019enfronta la societat amb vista a assegurar un futur m\u00e9s sostenible.<\/p>\n<p><strong>Descripci\u00f3:\u00a0<\/strong> Estudiarem la hidrogeologia, el curs de les aig\u00fces superficials i subterr\u00e0nies i la distribuci\u00f3, aprofitament i gesti\u00f3 dels recursos h\u00eddrics de la zona. Aprendrem com es forma una cova i els seus espeleotemes. Tamb\u00e9 \u00e9s complementar\u00e0 amb la relaci\u00f3 que ha mantingut la humanitat amb les coves.<\/p>\n<p>&nbsp;<\/p>\n<p><strong>Compet\u00e8ncies:<\/strong><\/p>\n<table id=\"report_R31046229246265901\" border=\"0\" width=\"100%\" cellspacing=\"0\" cellpadding=\"3\">\n<tbody>\n<tr>\n<th id=\"ID\" class=\"apartat-th\" align=\"left\"><\/th>\n<th id=\"AMBIT\" class=\"apartat-th\" align=\"left\"><span class=\"apartat\">\u00c0mbit<\/span><\/th>\n<th id=\"DIMENSIO\" class=\"apartat-th\" align=\"left\"><span class=\"apartat\">Dimensi\u00f3<\/span><\/th>\n<th id=\"COD_COMPETENCIA\" class=\"apartat-th\" align=\"left\"><span class=\"apartat\">Codi compet\u00e8ncia<\/span><\/th>\n<th id=\"DESC_COMPETENCIA\" class=\"apartat-th\" align=\"left\"><span class=\"apartat\">Descripci\u00f3 compet\u00e8ncia<\/span><\/th>\n<\/tr>\n<tr class=\"highlight-row\">\n<td class=\"text\" bgcolor=\"#e9e9e9\"><a href=\"https:\/\/aplicacions.gestioeducativa.gencat.cat\/pls\/apex\/f?p=151:307:313035992163243::NO::P307_ID_ACTIVITAT,P307_ID_REL_ACT_COMP:4033,5674\"><img decoding=\"async\" src=\"https:\/\/aplicacions.gestioeducativa.gencat.cat\/i\/e2.gif\" alt=\"\" \/><\/a><\/td>\n<td class=\"text\" bgcolor=\"#e9e9e9\">AMBS-CIE<\/td>\n<td class=\"text\" bgcolor=\"#e9e9e9\">DIM15S-CIE-TEC<\/td>\n<td class=\"text\" bgcolor=\"#e9e9e9\">CO1S-CIE-TEC<\/td>\n<td class=\"text\" bgcolor=\"#e9e9e9\">Identificar i caracteritzar els sistemes f\u00edsics i qu\u00edmics des de la perspectiva dels models, per comunicar i predir el comportament dels fen\u00f2mens naturals<\/td>\n<\/tr>\n<tr class=\"highlight-row\">\n<td class=\"text\" bgcolor=\"#F3F3F3\"><a href=\"https:\/\/aplicacions.gestioeducativa.gencat.cat\/pls\/apex\/f?p=151:307:313035992163243::NO::P307_ID_ACTIVITAT,P307_ID_REL_ACT_COMP:4033,5675\"><img decoding=\"async\" src=\"https:\/\/aplicacions.gestioeducativa.gencat.cat\/i\/e2.gif\" alt=\"\" \/><\/a><\/td>\n<td class=\"text\" bgcolor=\"#F3F3F3\">AMBS-CIE<\/td>\n<td class=\"text\" bgcolor=\"#F3F3F3\">DIM15S-CIE-TEC<\/td>\n<td class=\"text\" bgcolor=\"#F3F3F3\">CO2S-CIE-TEC<\/td>\n<td class=\"text\" bgcolor=\"#F3F3F3\">Identificar i caracteritzar els sistemes biol\u00f2gics i geol\u00f2gics des de la perspectiva dels models, per comunicar i predir el comportament dels fen\u00f2mens naturals<\/td>\n<\/tr>\n<tr class=\"highlight-row\">\n<td class=\"text\" bgcolor=\"#e9e9e9\"><a href=\"https:\/\/aplicacions.gestioeducativa.gencat.cat\/pls\/apex\/f?p=151:307:313035992163243::NO::P307_ID_ACTIVITAT,P307_ID_REL_ACT_COMP:4033,5676\"><img decoding=\"async\" src=\"https:\/\/aplicacions.gestioeducativa.gencat.cat\/i\/e2.gif\" alt=\"\" \/><\/a><\/td>\n<td class=\"text\" bgcolor=\"#e9e9e9\">AMBS-CIE<\/td>\n<td class=\"text\" bgcolor=\"#e9e9e9\">DIM17S-CIE-TEC<\/td>\n<td class=\"text\" bgcolor=\"#e9e9e9\">CO10S-CIE-TEC<\/td>\n<td class=\"text\" bgcolor=\"#e9e9e9\">Prendre decisions amb criteris cient\u00edfics que permetin preveure,evitar o minimitzar l&#8217;exposici\u00f3 als riscos naturals<\/td>\n<\/tr>\n<\/tbody>\n<\/table>\n<p>&nbsp;<\/p>\n<p><strong>Observacions: <\/strong>La visita a les Coves de Fulla \u2013 Canaletes\u00a0 t\u00e9 un cost addicional de 5,00 \u20ac \/ alumne. \u00c9s el preu de l&#8217;entrada.<\/p>\n","protected":false},"excerpt":{"rendered":"<p><a href=\"http:\/\/serveiseducatius.xtec.cat\/edadelcanigo\/wp-content\/uploads\/usu1374\/2018\/09\/20170331_111914.jpg\"><\/a>Nom activitat: \u00a0\u00a0Cova de les Grans Canaletes<br \/>\n\u00c0mbit Curricular: Ci\u00e8ncies de la Naturalesa, Geologia, Ci\u00e8ncies de la Terra i del Medi Ambient.<br \/>\nNivell:\u00a0\u00a0\u00a0 Cicle Superior de prim\u00e0ria, ESO, Batxillerat \u00a0\u00a0\u00a0\u00a0 Durada:\u00a0 mat\u00ed \/ tarda<br \/>\nEstacionalitat: \u00a0tot l\u2019any.<br \/>\nObjectius: \u00a0 1. Interpretar les evid\u00e8ncies d\u2019acord amb el coneixement dels&hellip;  <a href=\"https:\/\/serveiseducatius.xtec.cat\/edadelcanigo\/el-camp\/ambits\/territori-geologia-i-medi-ambient\/cova-de-les-grans-canaletes\/\" title=\"Read Cova de les Grans Canaletes\">Llegeix m\u00e9s\u00bb<\/a><\/p>\n","protected":false},"author":4,"featured_media":0,"parent":898,"menu_order":0,"comment_status":"closed","ping_status":"closed","template":"page-templates\/side-menu.php","meta":{"_bbp_topic_count":0,"_bbp_reply_count":0,"_bbp_total_topic_count":0,"_bbp_total_reply_count":0,"_bbp_voice_count":0,"_bbp_anonymous_reply_count":0,"_bbp_topic_count_hidden":0,"_bbp_reply_count_hidden":0,"_bbp_forum_subforum_count":0,"footnotes":""},"class_list":["post-9027","page","type-page","status-publish","hentry"],"post_mailing_queue_ids":[],"_links":{"self":[{"href":"https:\/\/serveiseducatius.xtec.cat\/edadelcanigo\/wp-json\/wp\/v2\/pages\/9027","targetHints":{"allow":["GET"]}}],"collection":[{"href":"https:\/\/serveiseducatius.xtec.cat\/edadelcanigo\/wp-json\/wp\/v2\/pages"}],"about":[{"href":"https:\/\/serveiseducatius.xtec.cat\/edadelcanigo\/wp-json\/wp\/v2\/types\/page"}],"author":[{"embeddable":true,"href":"https:\/\/serveiseducatius.xtec.cat\/edadelcanigo\/wp-json\/wp\/v2\/users\/4"}],"replies":[{"embeddable":true,"href":"https:\/\/serveiseducatius.xtec.cat\/edadelcanigo\/wp-json\/wp\/v2\/comments?post=9027"}],"version-history":[{"count":3,"href":"https:\/\/serveiseducatius.xtec.cat\/edadelcanigo\/wp-json\/wp\/v2\/pages\/9027\/revisions"}],"predecessor-version":[{"id":9469,"href":"https:\/\/serveiseducatius.xtec.cat\/edadelcanigo\/wp-json\/wp\/v2\/pages\/9027\/revisions\/9469"}],"up":[{"embeddable":true,"href":"https:\/\/serveiseducatius.xtec.cat\/edadelcanigo\/wp-json\/wp\/v2\/pages\/898"}],"wp:attachment":[{"href":"https:\/\/serveiseducatius.xtec.cat\/edadelcanigo\/wp-json\/wp\/v2\/media?parent=9027"}],"curies":[{"name":"wp","href":"https:\/\/api.w.org\/{rel}","templated":true}]}}