{"id":9014,"date":"2018-09-04T14:19:08","date_gmt":"2018-09-04T12:19:08","guid":{"rendered":"http:\/\/serveiseducatius.xtec.cat\/edadelcanigo\/?page_id=9014"},"modified":"2018-09-04T14:28:08","modified_gmt":"2018-09-04T12:28:08","slug":"taller-de-societat-medieval-2","status":"publish","type":"page","link":"https:\/\/serveiseducatius.xtec.cat\/edadelcanigo\/el-camp\/presentacio\/el-bressol-de-catalunya\/taller-de-societat-medieval-2\/","title":{"rendered":"Taller de societat medieval"},"content":{"rendered":"<p><strong>\u00c0mbit<a href=\"http:\/\/serveiseducatius.xtec.cat\/edadelcanigo\/wp-content\/uploads\/usu1374\/2018\/09\/compte.png\"><img loading=\"lazy\" decoding=\"async\" class=\"size-full wp-image-9015 alignleft\" src=\"http:\/\/serveiseducatius.xtec.cat\/edadelcanigo\/wp-content\/uploads\/usu1374\/2018\/09\/compte.png\" alt=\"\" width=\"279\" height=\"390\" srcset=\"https:\/\/serveiseducatius.xtec.cat\/edadelcanigo\/wp-content\/uploads\/usu1374\/2018\/09\/compte.png 279w, https:\/\/serveiseducatius.xtec.cat\/edadelcanigo\/wp-content\/uploads\/usu1374\/2018\/09\/compte-215x300.png 215w\" sizes=\"auto, (max-width: 279px) 100vw, 279px\" \/><\/a> Curricular:<\/strong> Ci\u00e8ncies Socials, cultura i valors<\/p>\n<p><strong>Nivell:<\/strong> Cicle Superior de prim\u00e0ria, ESO\u00a0\u00a0\u00a0\u00a0\u00a0\u00a0\u00a0\u00a0\u00a0\u00a0\u00a0\u00a0\u00a0\u00a0\u00a0\u00a0<strong> Durada:<\/strong> mat\u00ed \/ tarda<\/p>\n<p>(Activitat adaptable)<\/p>\n<p><strong>Estacionalitat:<\/strong> \u00a0Tot l\u2019any.<\/p>\n<p><strong>Objectius:\u00a0<\/strong>Con\u00e8ixer el funcionament de la societat medieval des d\u2019una visi\u00f3 cr\u00edtica.<\/p>\n<p><strong>Descripci\u00f3:\u00a0 <\/strong>El taller de societat medieval \u00e9s una din\u00e0mica on l\u2019alumne visualitza d\u2019una forma senzilla el funcionament de la societat medieval a partir de jugar un rol dins un dels personatges que conformen la pir\u00e0mide de la societat feudal.\u00a0 A llarg de l\u2019activitat, haur\u00e0 de prendre decisions i al final obtindr\u00e0 resultats a partir de les eleccions preses.<\/p>\n<p>&nbsp;<\/p>\n<table id=\"report_R31046229246265901\" style=\"width: 99.8795%;\" border=\"0\" width=\"100%\" cellspacing=\"0\" cellpadding=\"3\">\n<tbody>\n<tr>\n<th id=\"AMBIT\" class=\"apartat-th\" style=\"width: 9.87952%;\" align=\"left\"><span class=\"apartat\">\u00c0mbit<\/span><\/th>\n<th id=\"DIMENSIO\" class=\"apartat-th\" style=\"width: 11.6867%;\" align=\"left\"><span class=\"apartat\">Dimensi\u00f3<\/span><\/th>\n<th id=\"COD_COMPETENCIA\" class=\"apartat-th\" style=\"width: 15.5422%;\" align=\"left\"><span class=\"apartat\">Codi compet\u00e8ncia<\/span><\/th>\n<th id=\"DESC_COMPETENCIA\" class=\"apartat-th\" style=\"width: 62.7711%;\" align=\"left\"><span class=\"apartat\">Descripci\u00f3 compet\u00e8ncia<\/span><\/th>\n<\/tr>\n<tr class=\"highlight-row\">\n<td class=\"text\" style=\"width: 9.87952%;\" bgcolor=\"#e9e9e9\">AMBP-MED<\/td>\n<td class=\"text\" style=\"width: 11.6867%;\" bgcolor=\"#e9e9e9\">DIM15P-MED<\/td>\n<td class=\"text\" style=\"width: 15.5422%;\" bgcolor=\"#e9e9e9\">CO05P-MED<\/td>\n<td class=\"text\" style=\"width: 62.7711%;\" bgcolor=\"#e9e9e9\">Valorar problemes socials rellevants interpretant-ne les causes i les conseq\u00fc\u00e8ncies per plantejar propostes de futur<\/td>\n<\/tr>\n<tr class=\"highlight-row\">\n<td class=\"text\" style=\"width: 9.87952%;\" bgcolor=\"#F3F3F3\">AMBP-MED<\/td>\n<td class=\"text\" style=\"width: 11.6867%;\" bgcolor=\"#F3F3F3\">DIM15P-MED<\/td>\n<td class=\"text\" style=\"width: 15.5422%;\" bgcolor=\"#F3F3F3\">CO02P-MED<\/td>\n<td class=\"text\" style=\"width: 62.7711%;\" bgcolor=\"#F3F3F3\">Interpretar el present a partir de l&#8217;an\u00e0lisi dels canvis i continu\u00eftats al llarg del temps, per comprendre la societat en qu\u00e8 vivim<\/td>\n<\/tr>\n<tr class=\"highlight-row\">\n<td class=\"text\" style=\"width: 9.87952%;\" bgcolor=\"#e9e9e9\">AMBP-VAL<\/td>\n<td class=\"text\" style=\"width: 11.6867%;\" bgcolor=\"#e9e9e9\">DIM26-VAL<\/td>\n<td class=\"text\" style=\"width: 15.5422%;\" bgcolor=\"#e9e9e9\">CO01P-VAL<\/td>\n<td class=\"text\" style=\"width: 62.7711%;\" bgcolor=\"#e9e9e9\">Actuar amb autonomia en la presa de decisions i assumir la responsabilitat dels propis actes<\/td>\n<\/tr>\n<tr class=\"highlight-row\">\n<td class=\"text\" style=\"width: 9.87952%;\" bgcolor=\"#F3F3F3\">AMBS-SOC<\/td>\n<td class=\"text\" style=\"width: 11.6867%;\" bgcolor=\"#F3F3F3\">DIM19S-SOC<\/td>\n<td class=\"text\" style=\"width: 15.5422%;\" bgcolor=\"#F3F3F3\">CO3S-SOC<\/td>\n<td class=\"text\" style=\"width: 62.7711%;\" bgcolor=\"#F3F3F3\">Interpretar que el present \u00e9s producte del passat, per comprendre que el futur \u00e9s fruit de les decisions i accions actuals<\/td>\n<\/tr>\n<tr class=\"highlight-row\">\n<td class=\"text\" style=\"width: 9.87952%;\" bgcolor=\"#e9e9e9\">AMBS-SOC<\/td>\n<td class=\"text\" style=\"width: 11.6867%;\" bgcolor=\"#e9e9e9\">DIM19S-SOC<\/td>\n<td class=\"text\" style=\"width: 15.5422%;\" bgcolor=\"#e9e9e9\">CO1S-SOC<\/td>\n<td class=\"text\" style=\"width: 62.7711%;\" bgcolor=\"#e9e9e9\">Analitzar els canvis i les continu\u00eftats dels fets o fen\u00f2mens hist\u00f2rics per comprendre&#8217;n la causalitat hist\u00f2rica<\/td>\n<\/tr>\n<\/tbody>\n<\/table>\n","protected":false},"excerpt":{"rendered":"<p>\u00c0mbit<a href=\"http:\/\/serveiseducatius.xtec.cat\/edadelcanigo\/wp-content\/uploads\/usu1374\/2018\/09\/compte.png\"><\/a> Curricular: Ci\u00e8ncies Socials, cultura i valors<br \/>\nNivell: Cicle Superior de prim\u00e0ria, ESO\u00a0\u00a0\u00a0\u00a0\u00a0\u00a0\u00a0\u00a0\u00a0\u00a0\u00a0\u00a0\u00a0\u00a0\u00a0\u00a0 Durada: mat\u00ed \/ tarda<br \/>\n(Activitat adaptable)<br \/>\nEstacionalitat: \u00a0Tot l\u2019any.<br \/>\nObjectius:\u00a0Con\u00e8ixer el funcionament de la societat medieval des d\u2019una visi\u00f3 cr\u00edtica.<br \/>\nDescripci\u00f3:\u00a0 El taller de societat medieval \u00e9s una din\u00e0mica on l\u2019alumne visualitza d\u2019una forma senzilla el&hellip;  <a href=\"https:\/\/serveiseducatius.xtec.cat\/edadelcanigo\/el-camp\/presentacio\/el-bressol-de-catalunya\/taller-de-societat-medieval-2\/\" title=\"Read Taller de societat medieval\">Llegeix m\u00e9s\u00bb<\/a><\/p>\n","protected":false},"author":4,"featured_media":0,"parent":8831,"menu_order":0,"comment_status":"closed","ping_status":"closed","template":"page-templates\/side-menu.php","meta":{"_bbp_topic_count":0,"_bbp_reply_count":0,"_bbp_total_topic_count":0,"_bbp_total_reply_count":0,"_bbp_voice_count":0,"_bbp_anonymous_reply_count":0,"_bbp_topic_count_hidden":0,"_bbp_reply_count_hidden":0,"_bbp_forum_subforum_count":0,"footnotes":""},"class_list":["post-9014","page","type-page","status-publish","hentry"],"post_mailing_queue_ids":[],"_links":{"self":[{"href":"https:\/\/serveiseducatius.xtec.cat\/edadelcanigo\/wp-json\/wp\/v2\/pages\/9014","targetHints":{"allow":["GET"]}}],"collection":[{"href":"https:\/\/serveiseducatius.xtec.cat\/edadelcanigo\/wp-json\/wp\/v2\/pages"}],"about":[{"href":"https:\/\/serveiseducatius.xtec.cat\/edadelcanigo\/wp-json\/wp\/v2\/types\/page"}],"author":[{"embeddable":true,"href":"https:\/\/serveiseducatius.xtec.cat\/edadelcanigo\/wp-json\/wp\/v2\/users\/4"}],"replies":[{"embeddable":true,"href":"https:\/\/serveiseducatius.xtec.cat\/edadelcanigo\/wp-json\/wp\/v2\/comments?post=9014"}],"version-history":[{"count":1,"href":"https:\/\/serveiseducatius.xtec.cat\/edadelcanigo\/wp-json\/wp\/v2\/pages\/9014\/revisions"}],"predecessor-version":[{"id":9018,"href":"https:\/\/serveiseducatius.xtec.cat\/edadelcanigo\/wp-json\/wp\/v2\/pages\/9014\/revisions\/9018"}],"up":[{"embeddable":true,"href":"https:\/\/serveiseducatius.xtec.cat\/edadelcanigo\/wp-json\/wp\/v2\/pages\/8831"}],"wp:attachment":[{"href":"https:\/\/serveiseducatius.xtec.cat\/edadelcanigo\/wp-json\/wp\/v2\/media?parent=9014"}],"curies":[{"name":"wp","href":"https:\/\/api.w.org\/{rel}","templated":true}]}}