{"id":83,"date":"2013-11-14T21:16:00","date_gmt":"2013-11-14T20:16:00","guid":{"rendered":"http:\/\/blocs.xtec.cat\/plantillacda\/?page_id=83"},"modified":"2025-09-30T22:57:23","modified_gmt":"2025-09-30T20:57:23","slug":"allotjament","status":"publish","type":"page","link":"https:\/\/serveiseducatius.xtec.cat\/edadelcanigo\/allotjament\/","title":{"rendered":"Allotjament"},"content":{"rendered":"<div class=\"entry-content\">\n<p>Els vostres alumnes s\u2019allotjaran a<strong><a href=\"http:\/\/www.alberg-canigo.cat\/\" target=\"_blank\" rel=\"noopener noreferrer\"> l\u2019Alberg Pau Casals &#8211; Canig\u00f3<\/a> <\/strong>(seu tamb\u00e9 de l\u2019EdA del Canig\u00f3).\u00a0 Podeu trobar un mapa de com arribar-hi a la nostra secci\u00f3 <a href=\"http:\/\/blocs.xtec.cat\/edacanigo\/on-som\/\" target=\"_blank\" rel=\"noopener noreferrer\"><strong>On Som<\/strong>.<\/a><\/p>\n<p><strong>L\u2019alberg<\/strong><\/p>\n<p>l\u2019Alberg Pau Casals- Canig\u00f3\u00a0ofereix 82 places (m\u00e0xim 76 alumnes) repartides en 24 habitacions amb lavabo complet cadascuna, amb un jard\u00ed de 5000 metres quadrats, i de moment una biblioteca, dues grans aules, una gran sala d\u2019estar i recepci\u00f3.<\/p>\n<p>L\u2019edifici ha estat rehabilitat recentment sota uns par\u00e0metres mediambientalment sostenibles. Aix\u00ed doncs, els dos edificis de nova planta en els quals s\u2019ubiquen les habitacions funcionen amb energia geot\u00e8rmica que mant\u00e9 sempre una temperatura de 14 graus cent\u00edgrads. Totes les habitacions tenen les finestres (que s\u00f3n tan amples i altes com les cambres) orientades a migjorn. A m\u00e9s, els dos sostres s\u00f3n vegetalitzats amb plantes autosuficients i en un d\u2019ells hi ha plaques solars que permeten tenir aigua calenta per al conjunt.<\/p>\n<h1>Organitzaci\u00f3 i funcionament<\/h1>\n<p>En aquest<a href=\"https:\/\/docs.google.com\/document\/d\/19gEPF2uJbtAXqsYpAQnMYNI5N6TTBo8yn3OkuyyA0SI\/edit?usp=sharing\" target=\"_blank\" rel=\"noopener\"> document<\/a> podeu trobar indicacions, normes i consells relacionats amb l\u2019allotjament.<\/p>\n<p><strong>Preus (curs 2025 &#8211; 2026)<br \/>\n<\/strong><\/p>\n<p>Per al usuaris de l\u2019Entorn d\u2019Aprenentatge del Canig\u00f3 els preus venent estipulats amb un acord amb l\u2019Ag\u00e8ncia Catalana de Joventut.<\/p>\n<div>\n<div><\/div>\n<\/div>\n<table style=\"width: 566px; height: 231px;\">\n<tbody>\n<tr style=\"height: 33px;\">\n<td style=\"width: 468.85px; height: 33px;\">Alumnes pensi\u00f3 completa (sopar, dormir, esmorzar, dinar)<\/td>\n<td style=\"width: 89.3167px; height: 33px;\">37,60 \u20ac<\/td>\n<\/tr>\n<tr style=\"height: 33px;\">\n<td style=\"width: 468.85px; height: 33px;\">Alumnes mitja pensi\u00f3 (sopar, dormir, esmorzar)<\/td>\n<td style=\"width: 89.3167px; height: 33px;\">28,60 \u20ac<\/td>\n<\/tr>\n<tr style=\"height: 33px;\">\n<td style=\"width: 468.85px; height: 33px;\">\u00c0pat suplementari alumnes<\/td>\n<td style=\"width: 89.3167px; height: 33px;\">12,50 \u20ac<\/td>\n<\/tr>\n<tr style=\"height: 33px;\">\n<td style=\"width: 468.85px; height: 33px;\">Mestres, professors i universitaris pensi\u00f3 completa (sopar, dormir, esmorzar, dinar)<\/td>\n<td style=\"width: 89.3167px; height: 33px;\">44,50 \u20ac<\/td>\n<\/tr>\n<tr style=\"height: 33px;\">\n<td style=\"width: 468.85px; height: 33px;\">Mestres, professors i universitaris mitja pensi\u00f3 (sopar, dormir, esmorzar)<\/td>\n<td style=\"width: 89.3167px; height: 33px;\">35,30 \u20ac<\/td>\n<\/tr>\n<tr style=\"height: 33px;\">\n<td style=\"width: 468.85px; height: 33px;\">\u00c0pat suplementari mestres, professors, universitaris<\/td>\n<td style=\"width: 89.3167px; height: 33px;\">13,50 \u20ac<\/td>\n<\/tr>\n<tr style=\"height: 33px;\">\n<td style=\"width: 468.85px; height: 33px;\">Berenar<\/td>\n<td style=\"width: 89.3167px; height: 33px;\">2 \u20ac<\/td>\n<\/tr>\n<\/tbody>\n<\/table>\n<p><code><div class=\"h5p-iframe-wrapper\"><iframe id=\"h5p-iframe-6\" class=\"h5p-iframe\" data-content-id=\"6\" style=\"height:1px\" src=\"about:blank\" frameBorder=\"0\" scrolling=\"no\" title=\"Alberg Pau Casals - Canig\u00f3\"><\/iframe><\/div><\/code><\/p>\n<p>&nbsp;<\/p>\n<h1><strong>\u00a0<\/strong><\/h1>\n<\/div>\n<p>&nbsp;<\/p>\n<p>&nbsp;<\/p>\n","protected":false},"excerpt":{"rendered":"<p>Els vostres alumnes s\u2019allotjaran a<a href=\"http:\/\/www.alberg-canigo.cat\/\" target=\"_blank\" rel=\"noopener noreferrer\"> l\u2019Alberg Pau Casals &#8211; Canig\u00f3<\/a> (seu tamb\u00e9 de l\u2019EdA del Canig\u00f3).\u00a0 Podeu trobar un mapa de com arribar-hi a la nostra secci\u00f3 <a href=\"http:\/\/blocs.xtec.cat\/edacanigo\/on-som\/\" target=\"_blank\" rel=\"noopener noreferrer\">On Som.<\/a><br \/>\nL\u2019alberg<br \/>\nl\u2019Alberg Pau Casals- Canig\u00f3\u00a0ofereix 82 places (m\u00e0xim 76 alumnes)&hellip;  <a href=\"https:\/\/serveiseducatius.xtec.cat\/edadelcanigo\/allotjament\/\" title=\"Read Allotjament\">Llegeix m\u00e9s\u00bb<\/a><\/p>\n","protected":false},"author":1,"featured_media":0,"parent":0,"menu_order":0,"comment_status":"open","ping_status":"closed","template":"","meta":{"_bbp_topic_count":0,"_bbp_reply_count":0,"_bbp_total_topic_count":0,"_bbp_total_reply_count":0,"_bbp_voice_count":0,"_bbp_anonymous_reply_count":0,"_bbp_topic_count_hidden":0,"_bbp_reply_count_hidden":0,"_bbp_forum_subforum_count":0,"footnotes":""},"class_list":["post-83","page","type-page","status-publish","hentry"],"post_mailing_queue_ids":[],"_links":{"self":[{"href":"https:\/\/serveiseducatius.xtec.cat\/edadelcanigo\/wp-json\/wp\/v2\/pages\/83","targetHints":{"allow":["GET"]}}],"collection":[{"href":"https:\/\/serveiseducatius.xtec.cat\/edadelcanigo\/wp-json\/wp\/v2\/pages"}],"about":[{"href":"https:\/\/serveiseducatius.xtec.cat\/edadelcanigo\/wp-json\/wp\/v2\/types\/page"}],"author":[{"embeddable":true,"href":"https:\/\/serveiseducatius.xtec.cat\/edadelcanigo\/wp-json\/wp\/v2\/users\/1"}],"replies":[{"embeddable":true,"href":"https:\/\/serveiseducatius.xtec.cat\/edadelcanigo\/wp-json\/wp\/v2\/comments?post=83"}],"version-history":[{"count":7,"href":"https:\/\/serveiseducatius.xtec.cat\/edadelcanigo\/wp-json\/wp\/v2\/pages\/83\/revisions"}],"predecessor-version":[{"id":9608,"href":"https:\/\/serveiseducatius.xtec.cat\/edadelcanigo\/wp-json\/wp\/v2\/pages\/83\/revisions\/9608"}],"wp:attachment":[{"href":"https:\/\/serveiseducatius.xtec.cat\/edadelcanigo\/wp-json\/wp\/v2\/media?parent=83"}],"curies":[{"name":"wp","href":"https:\/\/api.w.org\/{rel}","templated":true}]}}