{"id":1243,"date":"2015-08-28T11:09:29","date_gmt":"2015-08-28T09:09:29","guid":{"rendered":"http:\/\/blocs.xtec.cat\/edacanigo\/?page_id=1243"},"modified":"2022-09-14T10:38:18","modified_gmt":"2022-09-14T08:38:18","slug":"cartes-des-de-prada","status":"publish","type":"page","link":"https:\/\/serveiseducatius.xtec.cat\/edadelcanigo\/el-camp\/ambits\/exili\/cartes-des-de-prada\/","title":{"rendered":"Cartes des de Prada"},"content":{"rendered":"<div class=\"entry-content\">\n<p><strong>Nom activitat:<\/strong>\u00a0Cartes d<a href=\"http:\/\/serveiseducatius.xtec.cat\/edadelcanigo\/wp-content\/uploads\/usu1374\/2015\/08\/IMG_3259.jpg\"><img loading=\"lazy\" decoding=\"async\" class=\"alignleft wp-image-1523 size-medium\" src=\"http:\/\/serveiseducatius.xtec.cat\/edadelcanigo\/wp-content\/uploads\/usu1374\/2015\/08\/IMG_3259-300x168.jpg\" alt=\"IMG_3259\" width=\"300\" height=\"168\" srcset=\"https:\/\/serveiseducatius.xtec.cat\/edadelcanigo\/wp-content\/uploads\/usu1374\/2015\/08\/IMG_3259-300x168.jpg 300w, https:\/\/serveiseducatius.xtec.cat\/edadelcanigo\/wp-content\/uploads\/usu1374\/2015\/08\/IMG_3259-768x431.jpg 768w, https:\/\/serveiseducatius.xtec.cat\/edadelcanigo\/wp-content\/uploads\/usu1374\/2015\/08\/IMG_3259-1024x575.jpg 1024w\" sizes=\"auto, (max-width: 300px) 100vw, 300px\" \/><\/a>es de Prada<\/p>\n<div class=\"entry-content\">\n<p><strong>\u00c0mbit Curricular: <\/strong>Ci\u00e8ncies Socials, Hist\u00f2ria del m\u00f3n contemporani, Llengua i Literatura catalana<\/p>\n<p><strong>Nivell:<\/strong> Cicle Superior,<b> <\/b>ESO, Batxillerat \u00a0\u00a0\u00a0<strong>\u00a0 Durada: <\/strong>mat\u00ed \/ tarda<\/p>\n<p><strong>Estacionalitat: <\/strong>\u00a0Tot l\u2019any<\/p>\n<p><strong>Objectius:\u00a0<\/strong>Con\u00e8ixer la vida d&#8217;exiliat del Pau Casals. Reflexionar sobre els canals de comunicaci\u00f3 del passat i del present. Aprendre l&#8217;estructura d&#8217;una carta formal.<\/p>\n<p><strong>Descripci\u00f3: <\/strong>Taller on coneixerem la vida d\u2019exiliat del m\u00fasic i compositor Pau Casals a partir d&#8217;alguns exemples de\u00a0 cartes a trav\u00e9s les quals va ajudar a milers de refugiats. Llegirem algunes cartes del propi Pau Casals aix\u00ed com algunes que va rebre. L\u2019activitat es conclou invitant als alumnes a escriure una carta formal explicant les experi\u00e8ncies viscudes durant l\u2019estada. En acabat, anirem a &#8220;La poste&#8221; per enviar la carta al domicili de cadasc\u00fa.<\/p>\n<p><strong>Compet\u00e8ncies:<\/strong><\/p>\n<table id=\"report_R31046229246265901\" border=\"0\" width=\"100%\" cellspacing=\"0\" cellpadding=\"3\">\n<tbody>\n<tr class=\"highlight-row\">\n<td class=\"text\" bgcolor=\"#e9e9e9\">AMBS-SOC<\/td>\n<td class=\"text\" bgcolor=\"#e9e9e9\">DIM19S-SOC<\/td>\n<td class=\"text\" bgcolor=\"#e9e9e9\">CO1S-SOC<\/td>\n<td class=\"text\" bgcolor=\"#e9e9e9\">Analitzar els canvis i les continu\u00eftats dels fets o fen\u00f2mens hist\u00f2rics per comprendre&#8217;n la causalitat hist\u00f2rica<\/td>\n<\/tr>\n<tr class=\"highlight-row\">\n<td class=\"text\" bgcolor=\"#F3F3F3\">AMBS-SOC<\/td>\n<td class=\"text\" bgcolor=\"#F3F3F3\">DIM21S-SOC<\/td>\n<td class=\"text\" bgcolor=\"#F3F3F3\">CO8S-SOC<\/td>\n<td class=\"text\" bgcolor=\"#F3F3F3\">Analitzar les manifestacions culturals i relacionar-les amb els seus creadors i la seva \u00e8poca, per interpretar les diverses cosmovisions i la seva finalitat<\/td>\n<\/tr>\n<\/tbody>\n<\/table>\n<p><strong>Observacions: <\/strong>Cost addicional del taller 2\u20ac<\/p>\n<\/div>\n<p><b><a href=\"http:\/\/serveiseducatius.xtec.cat\/edadelcanigo\/wp-content\/uploads\/usu1374\/2015\/08\/DSC06377.jpg\"><img loading=\"lazy\" decoding=\"async\" class=\"wp-image-9006 size-medium alignleft\" src=\"http:\/\/serveiseducatius.xtec.cat\/edadelcanigo\/wp-content\/uploads\/usu1374\/2015\/08\/DSC06377-300x200.jpg\" alt=\"\" width=\"300\" height=\"200\" srcset=\"https:\/\/serveiseducatius.xtec.cat\/edadelcanigo\/wp-content\/uploads\/usu1374\/2015\/08\/DSC06377-300x200.jpg 300w, https:\/\/serveiseducatius.xtec.cat\/edadelcanigo\/wp-content\/uploads\/usu1374\/2015\/08\/DSC06377-768x512.jpg 768w, https:\/\/serveiseducatius.xtec.cat\/edadelcanigo\/wp-content\/uploads\/usu1374\/2015\/08\/DSC06377.jpg 800w\" sizes=\"auto, (max-width: 300px) 100vw, 300px\" \/><\/a><\/b><\/p>\n<p>.<\/p>\n<\/div>\n<p>&nbsp;<\/p>\n<p>&nbsp;<\/p>\n","protected":false},"excerpt":{"rendered":"<p>Nom activitat:\u00a0Cartes d<a href=\"http:\/\/serveiseducatius.xtec.cat\/edadelcanigo\/wp-content\/uploads\/usu1374\/2015\/08\/IMG_3259.jpg\"><\/a>es de Prada<\/p>\n<p>\u00c0mbit Curricular: Ci\u00e8ncies Socials, Hist\u00f2ria del m\u00f3n contemporani, Llengua i Literatura catalana<br \/>\nNivell: Cicle Superior, ESO, Batxillerat \u00a0\u00a0\u00a0\u00a0 Durada: mat\u00ed \/ tarda<br \/>\nEstacionalitat: \u00a0Tot l\u2019any<br \/>\nObjectius:\u00a0Con\u00e8ixer la vida d&#8217;exiliat del Pau Casals. Reflexionar sobre els canals de comunicaci\u00f3 del passat i del present.&hellip;  <a href=\"https:\/\/serveiseducatius.xtec.cat\/edadelcanigo\/el-camp\/ambits\/exili\/cartes-des-de-prada\/\" title=\"Read Cartes des de Prada\">Llegeix m\u00e9s\u00bb<\/a><\/p>\n","protected":false},"author":4,"featured_media":0,"parent":8680,"menu_order":0,"comment_status":"closed","ping_status":"closed","template":"page-templates\/side-menu.php","meta":{"_bbp_topic_count":0,"_bbp_reply_count":0,"_bbp_total_topic_count":0,"_bbp_total_reply_count":0,"_bbp_voice_count":0,"_bbp_anonymous_reply_count":0,"_bbp_topic_count_hidden":0,"_bbp_reply_count_hidden":0,"_bbp_forum_subforum_count":0,"footnotes":""},"class_list":["post-1243","page","type-page","status-publish","hentry"],"post_mailing_queue_ids":[],"_links":{"self":[{"href":"https:\/\/serveiseducatius.xtec.cat\/edadelcanigo\/wp-json\/wp\/v2\/pages\/1243","targetHints":{"allow":["GET"]}}],"collection":[{"href":"https:\/\/serveiseducatius.xtec.cat\/edadelcanigo\/wp-json\/wp\/v2\/pages"}],"about":[{"href":"https:\/\/serveiseducatius.xtec.cat\/edadelcanigo\/wp-json\/wp\/v2\/types\/page"}],"author":[{"embeddable":true,"href":"https:\/\/serveiseducatius.xtec.cat\/edadelcanigo\/wp-json\/wp\/v2\/users\/4"}],"replies":[{"embeddable":true,"href":"https:\/\/serveiseducatius.xtec.cat\/edadelcanigo\/wp-json\/wp\/v2\/comments?post=1243"}],"version-history":[{"count":4,"href":"https:\/\/serveiseducatius.xtec.cat\/edadelcanigo\/wp-json\/wp\/v2\/pages\/1243\/revisions"}],"predecessor-version":[{"id":9487,"href":"https:\/\/serveiseducatius.xtec.cat\/edadelcanigo\/wp-json\/wp\/v2\/pages\/1243\/revisions\/9487"}],"up":[{"embeddable":true,"href":"https:\/\/serveiseducatius.xtec.cat\/edadelcanigo\/wp-json\/wp\/v2\/pages\/8680"}],"wp:attachment":[{"href":"https:\/\/serveiseducatius.xtec.cat\/edadelcanigo\/wp-json\/wp\/v2\/media?parent=1243"}],"curies":[{"name":"wp","href":"https:\/\/api.w.org\/{rel}","templated":true}]}}