{"id":1065,"date":"2015-05-11T12:57:10","date_gmt":"2015-05-11T10:57:10","guid":{"rendered":"http:\/\/blocs.xtec.cat\/edacanigo\/?page_id=1065"},"modified":"2018-07-18T13:32:26","modified_gmt":"2018-07-18T11:32:26","slug":"visita-a-la-maternitat-delna","status":"publish","type":"page","link":"https:\/\/serveiseducatius.xtec.cat\/edadelcanigo\/el-camp\/ambits\/exili\/visita-a-la-maternitat-delna\/","title":{"rendered":"Maternitat d&#8217;Elna"},"content":{"rendered":"<p style=\"text-align: justify;\"><strong><a href=\"http:\/\/serveiseducatius.xtec.cat\/edadelcanigo\/wp-content\/uploads\/usu1374\/2015\/05\/DSC09931.redimensionada.jpg\"><img loading=\"lazy\" decoding=\"async\" class=\"wp-image-9000 size-medium alignleft\" src=\"http:\/\/serveiseducatius.xtec.cat\/edadelcanigo\/wp-content\/uploads\/usu1374\/2015\/05\/DSC09931.redimensionada-300x193.jpg\" alt=\"\" width=\"300\" height=\"193\" srcset=\"https:\/\/serveiseducatius.xtec.cat\/edadelcanigo\/wp-content\/uploads\/usu1374\/2015\/05\/DSC09931.redimensionada-300x193.jpg 300w, https:\/\/serveiseducatius.xtec.cat\/edadelcanigo\/wp-content\/uploads\/usu1374\/2015\/05\/DSC09931.redimensionada-768x493.jpg 768w, https:\/\/serveiseducatius.xtec.cat\/edadelcanigo\/wp-content\/uploads\/usu1374\/2015\/05\/DSC09931.redimensionada.jpg 800w\" sizes=\"auto, (max-width: 300px) 100vw, 300px\" \/><\/a>Nom activitat:<\/strong><b>\u00a0 <\/b>Maternitat d\u2019Elna<\/p>\n<p style=\"text-align: justify;\"><strong>\u00c0mbit Curricular: <\/strong>Ci\u00e8ncies Socials, Hist\u00f2ria del m\u00f3n contemporani.<\/p>\n<p style=\"text-align: justify;\"><strong>Nivell:<\/strong><b>\u00a0\u00a0\u00a0 <\/b> ESO, Batxillerat \u00a0\u00a0\u00a0<strong>\u00a0 Durada: <\/strong>mat\u00ed \/ tarda<\/p>\n<p style=\"text-align: justify;\"><strong>Estacionalitat: <\/strong>\u00a0Tot l\u2019any<\/p>\n<p style=\"text-align: justify;\"><strong>Objectius:<\/strong>\u00a0 Donar l\u2019oportunitat de con\u00e8ixer espais de mem\u00f2ria hist\u00f2rica oferint la possibilitat d\u2019empatitzar amb les experi\u00e8ncies viscudes pels exiliats.\u00a0 Con\u00e8ixer els camins de l\u2019exili seguits pels catalans com a conseq\u00fc\u00e8ncia de la guerra civil espanyola, aix\u00ed com les diferents estrat\u00e8gies de superviv\u00e8ncia que varen seguir una vegada passats els Pirineus. Con\u00e8ixer l\u2019experi\u00e8ncia hist\u00f2rica d\u2019altres exiliats i analitzar els casos del m\u00f3n contemporani. Reflexionar sobre el fet fronterer al llarg de la hist\u00f2ria i els seus avantatges i inconvenients.<\/p>\n<p style=\"text-align: justify;\"><strong>Descripci\u00f3:<\/strong> Visitar la Maternitat d&#8217;Elna comporta con\u00e8ixer una hist\u00f2ria d&#8217;esperan\u00e7a i solidaritat enmig de l&#8217;horror de la guerra i l&#8217;exili. Reviurem a trav\u00e9s d&#8217;una visitat guiada experi\u00e8ncies de fraternitat m\u00e9s enll\u00e0 d&#8217;\u00e8tnies i cultures.<\/p>\n<p style=\"text-align: justify;\"><strong>Compet\u00e8ncies:<\/strong><\/p>\n<table id=\"report_R31046229246265901\" border=\"0\" width=\"100%\" cellspacing=\"0\" cellpadding=\"3\">\n<tbody>\n<tr class=\"highlight-row\">\n<td class=\"text\" bgcolor=\"#e9e9e9\">AMBS-CUL-VAL<\/td>\n<td class=\"text\" bgcolor=\"#e9e9e9\">DIM30S-CUL-VAL<\/td>\n<td class=\"text\" bgcolor=\"#e9e9e9\">CO1S-CUL-VAL<\/td>\n<td class=\"text\" bgcolor=\"#e9e9e9\">Actuar amb autonomia en la presa de decisions i ser responsable dels propis actes<\/td>\n<\/tr>\n<tr class=\"highlight-row\">\n<td class=\"text\" bgcolor=\"#F3F3F3\">AMBS-SOC<\/td>\n<td class=\"text\" bgcolor=\"#F3F3F3\">DIM19S-SOC<\/td>\n<td class=\"text\" bgcolor=\"#F3F3F3\">CO1S-SOC<\/td>\n<td class=\"text\" bgcolor=\"#F3F3F3\">Analitzar els canvis i les continu\u00eftats dels fets o fen\u00f2mens hist\u00f2rics per comprendre&#8217;n la causalitat hist\u00f2rica<\/td>\n<\/tr>\n<tr class=\"highlight-row\">\n<td class=\"text\" bgcolor=\"#e9e9e9\">AMBS-SOC<\/td>\n<td class=\"text\" bgcolor=\"#e9e9e9\">DIM22S-SOC<\/td>\n<td class=\"text\" bgcolor=\"#e9e9e9\">CO11S-SOC<\/td>\n<td class=\"text\" bgcolor=\"#e9e9e9\">Formar-se un criteri propi sobre problemes socials rellevants per desenvolupar un pensament cr\u00edtic<\/td>\n<\/tr>\n<\/tbody>\n<\/table>\n<p style=\"text-align: justify;\"><strong>Observacions: <\/strong>La visita a la Maternitat d&#8217;Elna t\u00e9 un cost afegit en concepte d&#8217;entrada de 3\u20ac<\/p>\n<p style=\"text-align: justify;\"><a href=\"http:\/\/serveiseducatius.xtec.cat\/edadelcanigo\/wp-content\/uploads\/usu1374\/2015\/05\/DSC09930.jpg\"><img loading=\"lazy\" decoding=\"async\" class=\"alignnone size-full wp-image-9001\" src=\"http:\/\/serveiseducatius.xtec.cat\/edadelcanigo\/wp-content\/uploads\/usu1374\/2015\/05\/DSC09930.jpg\" alt=\"\" width=\"800\" height=\"443\" srcset=\"https:\/\/serveiseducatius.xtec.cat\/edadelcanigo\/wp-content\/uploads\/usu1374\/2015\/05\/DSC09930.jpg 800w, https:\/\/serveiseducatius.xtec.cat\/edadelcanigo\/wp-content\/uploads\/usu1374\/2015\/05\/DSC09930-300x166.jpg 300w, https:\/\/serveiseducatius.xtec.cat\/edadelcanigo\/wp-content\/uploads\/usu1374\/2015\/05\/DSC09930-768x425.jpg 768w\" sizes=\"auto, (max-width: 800px) 100vw, 800px\" \/><\/a><\/p>\n","protected":false},"excerpt":{"rendered":"<p><a href=\"http:\/\/serveiseducatius.xtec.cat\/edadelcanigo\/wp-content\/uploads\/usu1374\/2015\/05\/DSC09931.redimensionada.jpg\"><\/a>Nom activitat:\u00a0 Maternitat d\u2019Elna<br \/>\n\u00c0mbit Curricular: Ci\u00e8ncies Socials, Hist\u00f2ria del m\u00f3n contemporani.<br \/>\nNivell:\u00a0\u00a0\u00a0  ESO, Batxillerat \u00a0\u00a0\u00a0\u00a0 Durada: mat\u00ed \/ tarda<br \/>\nEstacionalitat: \u00a0Tot l\u2019any<br \/>\nObjectius:\u00a0 Donar l\u2019oportunitat de con\u00e8ixer espais de mem\u00f2ria hist\u00f2rica oferint la possibilitat d\u2019empatitzar amb les experi\u00e8ncies viscudes pels exiliats.\u00a0 Con\u00e8ixer els camins de l\u2019exili&hellip;  <a href=\"https:\/\/serveiseducatius.xtec.cat\/edadelcanigo\/el-camp\/ambits\/exili\/visita-a-la-maternitat-delna\/\" title=\"Read Maternitat d&#8217;Elna\">Llegeix m\u00e9s\u00bb<\/a><\/p>\n","protected":false},"author":4,"featured_media":0,"parent":8680,"menu_order":0,"comment_status":"closed","ping_status":"closed","template":"page-templates\/side-menu.php","meta":{"_bbp_topic_count":0,"_bbp_reply_count":0,"_bbp_total_topic_count":0,"_bbp_total_reply_count":0,"_bbp_voice_count":0,"_bbp_anonymous_reply_count":0,"_bbp_topic_count_hidden":0,"_bbp_reply_count_hidden":0,"_bbp_forum_subforum_count":0,"footnotes":""},"class_list":["post-1065","page","type-page","status-publish","hentry"],"post_mailing_queue_ids":[],"_links":{"self":[{"href":"https:\/\/serveiseducatius.xtec.cat\/edadelcanigo\/wp-json\/wp\/v2\/pages\/1065","targetHints":{"allow":["GET"]}}],"collection":[{"href":"https:\/\/serveiseducatius.xtec.cat\/edadelcanigo\/wp-json\/wp\/v2\/pages"}],"about":[{"href":"https:\/\/serveiseducatius.xtec.cat\/edadelcanigo\/wp-json\/wp\/v2\/types\/page"}],"author":[{"embeddable":true,"href":"https:\/\/serveiseducatius.xtec.cat\/edadelcanigo\/wp-json\/wp\/v2\/users\/4"}],"replies":[{"embeddable":true,"href":"https:\/\/serveiseducatius.xtec.cat\/edadelcanigo\/wp-json\/wp\/v2\/comments?post=1065"}],"version-history":[{"count":2,"href":"https:\/\/serveiseducatius.xtec.cat\/edadelcanigo\/wp-json\/wp\/v2\/pages\/1065\/revisions"}],"predecessor-version":[{"id":9002,"href":"https:\/\/serveiseducatius.xtec.cat\/edadelcanigo\/wp-json\/wp\/v2\/pages\/1065\/revisions\/9002"}],"up":[{"embeddable":true,"href":"https:\/\/serveiseducatius.xtec.cat\/edadelcanigo\/wp-json\/wp\/v2\/pages\/8680"}],"wp:attachment":[{"href":"https:\/\/serveiseducatius.xtec.cat\/edadelcanigo\/wp-json\/wp\/v2\/media?parent=1065"}],"curies":[{"name":"wp","href":"https:\/\/api.w.org\/{rel}","templated":true}]}}