{"id":13652,"date":"2025-05-13T12:17:53","date_gmt":"2025-05-13T10:17:53","guid":{"rendered":"https:\/\/serveiseducatius.xtec.cat\/creda-catcentral\/?page_id=13652"},"modified":"2025-05-14T18:21:06","modified_gmt":"2025-05-14T16:21:06","slug":"associacions-2","status":"publish","type":"page","link":"https:\/\/serveiseducatius.xtec.cat\/creda-catcentral\/associacions-2\/","title":{"rendered":"Associacions"},"content":{"rendered":"\n<p>Aquest espai pret\u00e9n ser un recull de diverses associacions classificades segons el diagn\u00f2stic.<\/p>\n\n\n\n<p>Si formes part o coneixes l\u2019exist\u00e8ncia alguna associaci\u00f3 que no consta en aquesta p\u00e0gina i creus que \u00e9s interessant que hi estigui inclosa, posa\u2019t en contacte amb nosaltres.<\/p>\n\n\n\n<div class=\"wp-block-getwid-accordion has-icon-left\" data-active-element=\"none\">\n<div class=\"wp-block-getwid-accordion__header-wrapper\"><span class=\"wp-block-getwid-accordion__header\"><a href=\"#\"><span class=\"wp-block-getwid-accordion__header-title\">SORDESA <\/span><span class=\"wp-block-getwid-accordion__icon is-active\"><i class=\"fas fa-plus\"><\/i><\/span><span class=\"wp-block-getwid-accordion__icon is-passive\"><i class=\"fas fa-minus\"><\/i><\/span><\/a><\/span><\/div><div class=\"wp-block-getwid-accordion__content-wrapper\"><div class=\"wp-block-getwid-accordion__content\">\n<p><\/p>\n\n\n\n<div class=\"wp-block-media-text is-stacked-on-mobile\" style=\"grid-template-columns:15% auto\"><figure class=\"wp-block-media-text__media\"><a href=\"https:\/\/acapps.org\/web\/\"><img loading=\"lazy\" decoding=\"async\" width=\"202\" height=\"240\" src=\"https:\/\/serveiseducatius.xtec.cat\/creda-catcentral\/wp-content\/uploads\/usu1063\/2017\/01\/acapps.jpeg\" alt=\"\" class=\"wp-image-8802 size-full\"\/><\/a><\/figure><div class=\"wp-block-media-text__content\">\n<p>La Federaci\u00f3 ACAPPS \u00e9s una entitat sense afany de lucre creada l\u2019any 2004.La missi\u00f3 de la Federaci\u00f3 ACAPPS \u00e9s representar i defensar els drets i interessos globals de les persones amb discapacitat auditiva i de les seves fam\u00edlies, a tots els nivells, davant la Societat, Administracions i altres Institucions, integrant i impulsant amb aquesta finalitat l\u2019acci\u00f3 de les Associacions Catalanes de Pares i Persones Sordes.<\/p>\n<\/div><\/div>\n\n\n\n<div class=\"wp-block-media-text is-stacked-on-mobile\" style=\"grid-template-columns:21% auto\"><figure class=\"wp-block-media-text__media\"><a href=\"https:\/\/apansce.wordpress.com\/\"><img loading=\"lazy\" decoding=\"async\" width=\"500\" height=\"273\" src=\"https:\/\/serveiseducatius.xtec.cat\/creda-catcentral\/wp-content\/uploads\/usu1063\/2017\/01\/apansce.jpg\" alt=\"\" class=\"wp-image-8803 size-full\" srcset=\"https:\/\/serveiseducatius.xtec.cat\/creda-catcentral\/wp-content\/uploads\/usu1063\/2017\/01\/apansce.jpg 500w, https:\/\/serveiseducatius.xtec.cat\/creda-catcentral\/wp-content\/uploads\/usu1063\/2017\/01\/apansce-300x164.jpg 300w\" sizes=\"auto, (max-width: 500px) 100vw, 500px\" \/><\/a><\/figure><div class=\"wp-block-media-text__content\">\n<p>Associaci\u00f3 de fam\u00edlies de pares de nens\/es sords, creada el 1996 i que defensa la millor educaci\u00f3 per els seus fills, siguin oients o sords.Organitzen activitats de lleure per nens i nenes sords.<\/p>\n<\/div><\/div>\n\n\n\n<div class=\"wp-block-media-text is-stacked-on-mobile\" style=\"grid-template-columns:23% auto\"><figure class=\"wp-block-media-text__media\"><a href=\"http:\/\/www.phonak-pip.es\/\"><img loading=\"lazy\" decoding=\"async\" width=\"287\" height=\"166\" src=\"https:\/\/serveiseducatius.xtec.cat\/creda-catcentral\/wp-content\/uploads\/usu1063\/2017\/01\/phonak.jpg\" alt=\"\" class=\"wp-image-8805 size-full\"\/><\/a><\/figure><div class=\"wp-block-media-text__content\">\n<p>Phonak \u00e9s un equip d\u2019audioprotetistes i logopedes que fan acompanyament a l\u2019escola i a la fam\u00edlia. A la seva web hi ha un apartat dedicat a la fam\u00edlia on es pot trobar materials i guies per pares molt \u00fatils.<\/p>\n<\/div><\/div>\n\n\n\n<div class=\"wp-block-media-text is-stacked-on-mobile\" style=\"grid-template-columns:25% auto\"><figure class=\"wp-block-media-text__media\"><a href=\"http:\/\/implantecoclear.org\/\"><img loading=\"lazy\" decoding=\"async\" width=\"309\" height=\"163\" src=\"https:\/\/serveiseducatius.xtec.cat\/creda-catcentral\/wp-content\/uploads\/usu1063\/2017\/01\/aice.jpeg\" alt=\"\" class=\"wp-image-8806 size-full\" srcset=\"https:\/\/serveiseducatius.xtec.cat\/creda-catcentral\/wp-content\/uploads\/usu1063\/2017\/01\/aice.jpeg 309w, https:\/\/serveiseducatius.xtec.cat\/creda-catcentral\/wp-content\/uploads\/usu1063\/2017\/01\/aice-300x158.jpeg 300w\" sizes=\"auto, (max-width: 309px) 100vw, 309px\" \/><\/a><\/figure><div class=\"wp-block-media-text__content\">\n<p>L\u2019associaci\u00f3 representa els interessos de les persones sordes usuaries d\u2019Implant Coclear a nivell de l\u2019Estat Espanyol.El seu principal objectiu \u00e9s la divulgaci\u00f3 d\u2019informaci\u00f3 sobre implant coclear i defensar els interessos dels implantats.<\/p>\n<\/div><\/div>\n\n\n\n<div class=\"wp-block-media-text is-stacked-on-mobile\" style=\"grid-template-columns:22% auto\"><figure class=\"wp-block-media-text__media\"><a href=\"https:\/\/crallvic.vicentitats.cat\/\"><img loading=\"lazy\" decoding=\"async\" width=\"230\" height=\"103\" src=\"https:\/\/serveiseducatius.xtec.cat\/creda-catcentral\/wp-content\/uploads\/usu1063\/2017\/01\/crall.jpg\" alt=\"\" class=\"wp-image-8807 size-full\"\/><\/a><\/figure><div class=\"wp-block-media-text__content\">\n<p>El Centre de Reeducaci\u00f3 d\u2019Audici\u00f3 i Llenguatge&nbsp;\u00e9s una entitat sense \u00e0nim de lucre, creada l\u2019any 1975, per un grup de pares amb fills\/es sords.El CRALL d\u00f3na resposta a les demandes&nbsp;que formulen els seus associats i no associats (nens en edat d\u2019escolaritat obligat\u00f2ria, joves i adults), ja sigui classes particular o grup redu\u00eft, ja sigui en llengua oral o llengua signada.<br>El principal objectiu del CRALL \u00e9s potenciar les capacitats, compet\u00e8ncies i habilitats de tots\/es els interessats a rebre una educaci\u00f3 en Llengua de Signes Catalana (LSC)&nbsp;i la Llengua Oral (catal\u00e0, castell\u00e0 i angl\u00e8s).<\/p>\n<\/div><\/div>\n\n\n\n<div class=\"wp-block-media-text is-stacked-on-mobile\" style=\"grid-template-columns:23% auto\"><figure class=\"wp-block-media-text__media\"><a href=\"https:\/\/fiapas.es\/\"><img loading=\"lazy\" decoding=\"async\" width=\"256\" height=\"256\" src=\"https:\/\/serveiseducatius.xtec.cat\/creda-catcentral\/wp-content\/uploads\/usu1063\/2017\/01\/fiapas.jpg\" alt=\"\" class=\"wp-image-8808 size-full\" srcset=\"https:\/\/serveiseducatius.xtec.cat\/creda-catcentral\/wp-content\/uploads\/usu1063\/2017\/01\/fiapas.jpg 256w, https:\/\/serveiseducatius.xtec.cat\/creda-catcentral\/wp-content\/uploads\/usu1063\/2017\/01\/fiapas-150x150.jpg 150w\" sizes=\"auto, (max-width: 256px) 100vw, 256px\" \/><\/a><\/figure><div class=\"wp-block-media-text__content\">\n<p>FIAPAS apareix el 1978 per donar resposta a les necessitats que plantegen les fam\u00edlies amb persones amb discapacitat auditiva i els propis afectats.FIAPAS \u00e9s una confederaci\u00f3 d\u2019\u00e0mbit nacional. El seu objectiu \u00e9s la representaic\u00f3 i defensa dels drets i els interessos globals de les persones amb discapacitat auditiva i els seus familiars, tant a nivell nacional com internacional.<\/p>\n<\/div><\/div>\n<\/div><\/div>\n\n\n\n<div class=\"wp-block-getwid-accordion__header-wrapper\"><span class=\"wp-block-getwid-accordion__header\"><a href=\"#\"><span class=\"wp-block-getwid-accordion__header-title\">TDL<\/span><span class=\"wp-block-getwid-accordion__icon is-active\"><i class=\"fas fa-plus\"><\/i><\/span><span class=\"wp-block-getwid-accordion__icon is-passive\"><i class=\"fas fa-minus\"><\/i><\/span><\/a><\/span><\/div><div class=\"wp-block-getwid-accordion__content-wrapper\"><div class=\"wp-block-getwid-accordion__content\">\n<p><\/p>\n\n\n\n<div class=\"wp-block-media-text is-stacked-on-mobile\" style=\"grid-template-columns:34% auto\"><figure class=\"wp-block-media-text__media\"><a href=\"https:\/\/atelca.org\/\"><img loading=\"lazy\" decoding=\"async\" width=\"1024\" height=\"421\" src=\"https:\/\/serveiseducatius.xtec.cat\/creda-catcentral\/wp-content\/uploads\/usu1063\/2017\/01\/atelca-1024x421.jpg\" alt=\"\" class=\"wp-image-8883 size-full\" srcset=\"https:\/\/serveiseducatius.xtec.cat\/creda-catcentral\/wp-content\/uploads\/usu1063\/2017\/01\/atelca-1024x421.jpg 1024w, https:\/\/serveiseducatius.xtec.cat\/creda-catcentral\/wp-content\/uploads\/usu1063\/2017\/01\/atelca-300x123.jpg 300w, https:\/\/serveiseducatius.xtec.cat\/creda-catcentral\/wp-content\/uploads\/usu1063\/2017\/01\/atelca-768x316.jpg 768w\" sizes=\"auto, (max-width: 1024px) 100vw, 1024px\" \/><\/a><\/figure><div class=\"wp-block-media-text__content\">\n<p>ATELCA vol arribar a totes les fam\u00edlies amb la problem\u00e0tica del TDL &nbsp;per tal de tenir m\u00e9s influ\u00e8ncia en tot all\u00f2 que afecta als seus fills: suport logop\u00e8dic, adaptaci\u00f3 curricular, recerca, estudis\u2026<\/p>\n<\/div><\/div>\n\n\n\n<div class=\"wp-block-media-text is-stacked-on-mobile\" style=\"grid-template-columns:34% auto\"><figure class=\"wp-block-media-text__media\"><a href=\"https:\/\/solotel.wordpress.com\/\"><img loading=\"lazy\" decoding=\"async\" width=\"300\" height=\"75\" src=\"https:\/\/serveiseducatius.xtec.cat\/creda-catcentral\/wp-content\/uploads\/usu1063\/2025\/05\/atelba-1-300x75-1.png\" alt=\"\" class=\"wp-image-13661 size-full\"\/><\/a><\/figure><div class=\"wp-block-media-text__content\">\n<p>Asociaci\u00f3n Trastorno Espec\u00edfico del Lenguaje de Baleares<\/p>\n<\/div><\/div>\n\n\n\n<div class=\"wp-block-media-text is-stacked-on-mobile\" style=\"grid-template-columns:36% auto\"><figure class=\"wp-block-media-text__media\"><a href=\"https:\/\/tel-euskadi.blogspot.com\/\"><img loading=\"lazy\" decoding=\"async\" width=\"300\" height=\"109\" src=\"https:\/\/serveiseducatius.xtec.cat\/creda-catcentral\/wp-content\/uploads\/usu1063\/2025\/05\/tel_euskadi-300x109-1.png\" alt=\"\" class=\"wp-image-13662 size-full\"\/><\/a><\/figure><div class=\"wp-block-media-text__content\">\n<p>Asociaci\u00f3n de Familias y amigos de personas con Trastorno Espec\u00edfica del Lenguaje de Euskadi.<\/p>\n<\/div><\/div>\n<\/div><\/div>\n\n\n\n<div class=\"wp-block-getwid-accordion__header-wrapper\"><span class=\"wp-block-getwid-accordion__header\"><a href=\"#\"><span class=\"wp-block-getwid-accordion__header-title\">AUTISME<\/span><span class=\"wp-block-getwid-accordion__icon is-active\"><i class=\"fas fa-plus\"><\/i><\/span><span class=\"wp-block-getwid-accordion__icon is-passive\"><i class=\"fas fa-minus\"><\/i><\/span><\/a><\/span><\/div><div class=\"wp-block-getwid-accordion__content-wrapper\"><div class=\"wp-block-getwid-accordion__content\">\n<p><\/p>\n\n\n\n<div class=\"wp-block-media-text is-stacked-on-mobile\" style=\"grid-template-columns:45% auto\"><figure class=\"wp-block-media-text__media\"><a href=\"https:\/\/www.eipea.cat\/ca\"><img loading=\"lazy\" decoding=\"async\" width=\"415\" height=\"121\" src=\"https:\/\/serveiseducatius.xtec.cat\/creda-catcentral\/wp-content\/uploads\/usu1063\/2017\/01\/eipea.png\" alt=\"\" class=\"wp-image-8792 size-full\" srcset=\"https:\/\/serveiseducatius.xtec.cat\/creda-catcentral\/wp-content\/uploads\/usu1063\/2017\/01\/eipea.png 415w, https:\/\/serveiseducatius.xtec.cat\/creda-catcentral\/wp-content\/uploads\/usu1063\/2017\/01\/eipea-300x87.png 300w\" sizes=\"auto, (max-width: 415px) 100vw, 415px\" \/><\/a><\/figure><div class=\"wp-block-media-text__content\">\n<p><strong>eipea&nbsp;<\/strong>\u00e9s un espai creat per promoure la reflexi\u00f3, comprensi\u00f3 i divulgaci\u00f3 sobre els autismes i sobre aquelles persones que els viuen des de diferents experi\u00e8ncies relacionals.Espai est\u00e0 obert a tothom, per\u00f2 est\u00e0 adre\u00e7at en especial a dos col\u00b7lectius: al dels familiars de les persones afectades i al dels professionals i cuidadors que els atenen des de diversos \u00e0mbits: des del m\u00f3n de la cl\u00ednica, de l\u2019ensenyament i de l\u2019assist\u00e8ncia social.<\/p>\n<\/div><\/div>\n\n\n\n<div class=\"wp-block-media-text is-stacked-on-mobile\" style=\"grid-template-columns:42% auto\"><figure class=\"wp-block-media-text__media\"><a href=\"https:\/\/tea.cat\/\"><img loading=\"lazy\" decoding=\"async\" width=\"675\" height=\"200\" src=\"https:\/\/serveiseducatius.xtec.cat\/creda-catcentral\/wp-content\/uploads\/usu1063\/2017\/01\/teacat.png\" alt=\"\" class=\"wp-image-8794 size-full\" srcset=\"https:\/\/serveiseducatius.xtec.cat\/creda-catcentral\/wp-content\/uploads\/usu1063\/2017\/01\/teacat.png 675w, https:\/\/serveiseducatius.xtec.cat\/creda-catcentral\/wp-content\/uploads\/usu1063\/2017\/01\/teacat-300x89.png 300w\" sizes=\"auto, (max-width: 675px) 100vw, 675px\" \/><\/a><\/figure><div class=\"wp-block-media-text__content\">\n<p>Entitat sense \u00e0nim de lucre dedicada a promoure el benestar i la qualitat de vida de les persones amb trastorn&nbsp;de l\u2019espectre autista (TEA) i les seves fam\u00edlies. Aquesta&nbsp;entitat est\u00e0 formada per fam\u00edlies amb membres que tenen TEA, professionals (psic\u00f2legs, mestres, pedagogs\u2026) i voluntaris i volunt\u00e0ries que tenen formaci\u00f3 espec\u00edfica en autisme.Disposen d\u2019un Centre de Recursos on les fam\u00edlies poden trobar-hi:<\/p>\n\n\n\n<ul class=\"wp-block-list\">\n<li>Els&nbsp;<strong>papers que necessiten per demanar ajudes&nbsp;<\/strong><\/li>\n\n\n\n<li>Explicaci\u00f3 &nbsp;del &nbsp;<strong>protocol &nbsp;de &nbsp;proves &nbsp;m\u00e8diques &nbsp;<\/strong>a &nbsp;qu\u00e8 &nbsp;se &nbsp;sol &nbsp;sotmetre &nbsp;el &nbsp;nen\/a.<\/li>\n\n\n\n<li><strong>Grups de pares&nbsp;<\/strong>que es reuneixen per parlar, explicar-se com els va\u2026<\/li>\n\n\n\n<li><strong>Biblioteca&nbsp;<\/strong>amb bibliografia espec\u00edfica sobre autisme<\/li>\n\n\n\n<li><strong>Llistat dels terapeutes&nbsp;<\/strong>de la zona<\/li>\n\n\n\n<li><strong>Plafons i altres&nbsp;tipus&nbsp;de&nbsp;recursos personalitzats&nbsp;<\/strong>per&nbsp;al nen\/a<\/li>\n\n\n\n<li><strong>Banc de&nbsp;joguines&nbsp;<\/strong>especialment&nbsp;v\u00e0lides&nbsp;per a&nbsp;la&nbsp;ter\u00e0pia&nbsp;a&nbsp;casa.<\/li>\n\n\n\n<li><strong>Llistat de&nbsp;professionals&nbsp;<\/strong>(odont\u00f2legs, perruquers, pod\u00f2legs\u2026) sensibilitzats&nbsp;amb els&nbsp;TEA<\/li>\n\n\n\n<li>Un&nbsp;<strong>ESPLAI&nbsp;<\/strong>els&nbsp;dissabtes al&nbsp;mat\u00ed per&nbsp;tal que els pares puguin&nbsp;fer&nbsp;compres&nbsp;i&nbsp;enc\u00e0rrecs&nbsp;amb tranquill\u00b7litat mentre els infants s\u00f3n atesos per voluntaris<\/li>\n<\/ul>\n<\/div><\/div>\n\n\n\n<div class=\"wp-block-media-text is-stacked-on-mobile\" style=\"grid-template-columns:42% auto\"><figure class=\"wp-block-media-text__media\"><a href=\"https:\/\/fedcatalanautisme.org\/\"><img loading=\"lazy\" decoding=\"async\" width=\"175\" height=\"93\" src=\"https:\/\/serveiseducatius.xtec.cat\/creda-catcentral\/wp-content\/uploads\/usu1063\/2025\/05\/federacio-catalana-autisme-2.png\" alt=\"\" class=\"wp-image-13658 size-full\"\/><\/a><\/figure><div class=\"wp-block-media-text__content\">\n<p>La Federaci\u00f3 Catalana d\u2019Autisme t\u00e9 l\u2019objectiu de promoure, coordinar i representar les entitats federades, donant-les-hi suport.Est\u00e0 oberta a totes les entitats i organitzacions de fam\u00edlies de persones amb Trastorns de l\u2019Espectre de l\u2019Autisme (TEA) i entitats sense \u00e0nim de lucre al servei de persones amb TEA.\u00c9s un \u00e0mbit de contacte que permet el di\u00e0leg, l\u2019intercanvi d\u2019experi\u00e8ncies i criteris i la promoci\u00f3 d\u2019activitats destinades a millorar l\u2019atenci\u00f3 a les persones afectades, i tamb\u00e9 la conscienciaci\u00f3 per part de la societat de la problem\u00e0tica espec\u00edfica i de les necessitats generades per el TEA en les persones afectades i en el seu entorn.<\/p>\n<\/div><\/div>\n<\/div><\/div>\n\n\n\n<div class=\"wp-block-getwid-accordion__header-wrapper\"><span class=\"wp-block-getwid-accordion__header\"><a href=\"#\"><span class=\"wp-block-getwid-accordion__header-title\">TARTAMUDESA<\/span><span class=\"wp-block-getwid-accordion__icon is-active\"><i class=\"fas fa-plus\"><\/i><\/span><span class=\"wp-block-getwid-accordion__icon is-passive\"><i class=\"fas fa-minus\"><\/i><\/span><\/a><\/span><\/div><div class=\"wp-block-getwid-accordion__content-wrapper\"><div class=\"wp-block-getwid-accordion__content\">\n<p><\/p>\n\n\n\n<div class=\"wp-block-media-text is-stacked-on-mobile\" style=\"grid-template-columns:30% auto\"><figure class=\"wp-block-media-text__media\"><a href=\"https:\/\/fundacionttm.org\/\"><img loading=\"lazy\" decoding=\"async\" width=\"320\" height=\"125\" src=\"https:\/\/serveiseducatius.xtec.cat\/creda-catcentral\/wp-content\/uploads\/usu1063\/2017\/01\/TTM.png\" alt=\"\" class=\"wp-image-8827 size-full\" srcset=\"https:\/\/serveiseducatius.xtec.cat\/creda-catcentral\/wp-content\/uploads\/usu1063\/2017\/01\/TTM.png 320w, https:\/\/serveiseducatius.xtec.cat\/creda-catcentral\/wp-content\/uploads\/usu1063\/2017\/01\/TTM-300x117.png 300w\" sizes=\"auto, (max-width: 320px) 100vw, 320px\" \/><\/a><\/figure><div class=\"wp-block-media-text__content\">\n<p>La \u201cFundaci\u00f3n Espa\u00f1ola de la Tartamudez\u201d \u00e9s una entitat sense \u00e0nim de lucre dedicat a activitats d\u2019inter\u00e8s p\u00fablic i social. El seu objectiu principal \u00e9s ajudar a les persones que tartamudegen a\u00a0millorar la seva qualitat de vida.A la seva web trobareu guies per a pares, per docents i per pediatres, amb informacions interessants.<\/p>\n<\/div><\/div>\n<\/div><\/div>\n\n\n\n<div class=\"wp-block-getwid-accordion__header-wrapper\"><span class=\"wp-block-getwid-accordion__header\"><a href=\"#\"><span class=\"wp-block-getwid-accordion__header-title\">ALTRES ASSOCIACIONS<\/span><span class=\"wp-block-getwid-accordion__icon is-active\"><i class=\"fas fa-plus\"><\/i><\/span><span class=\"wp-block-getwid-accordion__icon is-passive\"><i class=\"fas fa-minus\"><\/i><\/span><\/a><\/span><\/div><div class=\"wp-block-getwid-accordion__content-wrapper\"><div class=\"wp-block-getwid-accordion__content\">\n<p><\/p>\n\n\n\n<div class=\"wp-block-media-text is-stacked-on-mobile\" style=\"grid-template-columns:32% auto\"><figure class=\"wp-block-media-text__media\"><a href=\"https:\/\/www.sjdhospitalbarcelona.org\/es\"><img loading=\"lazy\" decoding=\"async\" width=\"326\" height=\"155\" src=\"https:\/\/serveiseducatius.xtec.cat\/creda-catcentral\/wp-content\/uploads\/usu1063\/2017\/01\/hsjd.png\" alt=\"\" class=\"wp-image-8812 size-full\" srcset=\"https:\/\/serveiseducatius.xtec.cat\/creda-catcentral\/wp-content\/uploads\/usu1063\/2017\/01\/hsjd.png 326w, https:\/\/serveiseducatius.xtec.cat\/creda-catcentral\/wp-content\/uploads\/usu1063\/2017\/01\/hsjd-300x143.png 300w\" sizes=\"auto, (max-width: 326px) 100vw, 326px\" \/><\/a><\/figure><div class=\"wp-block-media-text__content\">\n<p>L\u2019hospital de Sant Joan de D\u00e9u \u00e9s una Instituci\u00f3 privada sense \u00e0nim de lucre, que presten serveis de salut p\u00fablica concertats amb CatSalut.En aquest portal trobareu informaci\u00f3 referent als diferents especialistes del centre, serveis que s\u2019ofereixen\u2026<\/p>\n<\/div><\/div>\n\n\n\n<div class=\"wp-block-media-text is-stacked-on-mobile\" style=\"grid-template-columns:32% auto\"><figure class=\"wp-block-media-text__media\"><a href=\"https:\/\/www.sindromepraderwilli.org\/\"><img loading=\"lazy\" decoding=\"async\" width=\"250\" height=\"83\" src=\"https:\/\/serveiseducatius.xtec.cat\/creda-catcentral\/wp-content\/uploads\/usu1063\/2017\/01\/prader_willi.png\" alt=\"\" class=\"wp-image-8831 size-full\"\/><\/a><\/figure><div class=\"wp-block-media-text__content\">\n<p>La \u201cAsociaci\u00f3n Espa\u00f1ola para el S\u00edndrome de Prader-Willi\u201d, \u00e9s una entidat no lucrativa constitu\u00efda al&nbsp;1995<br>L\u2019objectiu principal de l\u2019AESPW \u00e9s la protecci\u00f3, l\u2019assist\u00e8ncia, la previsi\u00f3 educativa i la integraci\u00f3 social de les persones afectades per aquesta s\u00edndrome i els seus familiars.<\/p>\n<\/div><\/div>\n\n\n\n<div class=\"wp-block-media-text is-stacked-on-mobile\" style=\"grid-template-columns:33% auto\"><figure class=\"wp-block-media-text__media\"><a href=\"https:\/\/microtia.es\/asociacion-espanola-microtia\/\"><img loading=\"lazy\" decoding=\"async\" width=\"888\" height=\"520\" src=\"https:\/\/serveiseducatius.xtec.cat\/creda-catcentral\/wp-content\/uploads\/usu1063\/2017\/01\/ame.png\" alt=\"\" class=\"wp-image-8835 size-full\" srcset=\"https:\/\/serveiseducatius.xtec.cat\/creda-catcentral\/wp-content\/uploads\/usu1063\/2017\/01\/ame.png 888w, https:\/\/serveiseducatius.xtec.cat\/creda-catcentral\/wp-content\/uploads\/usu1063\/2017\/01\/ame-300x176.png 300w, https:\/\/serveiseducatius.xtec.cat\/creda-catcentral\/wp-content\/uploads\/usu1063\/2017\/01\/ame-768x450.png 768w\" sizes=\"auto, (max-width: 888px) 100vw, 888px\" \/><\/a><\/figure><div class=\"wp-block-media-text__content\">\n<p>AME s\u00f3n un grup de fam\u00edlies que creuen que junts s\u00f3n m\u00e9s forts alhora de buscar suports. &nbsp;Els seus objectius s\u00f3n:<\/p>\n\n\n\n<ul class=\"wp-block-list\">\n<li>Investigaci\u00f3<\/li>\n\n\n\n<li>Informar<\/li>\n\n\n\n<li>Divulgar<\/li>\n\n\n\n<li>Buscar finan\u00e7ament<\/li>\n<\/ul>\n<\/div><\/div>\n\n\n\n<div class=\"wp-block-media-text is-stacked-on-mobile\" style=\"grid-template-columns:35% auto\"><figure class=\"wp-block-media-text__media\"><a href=\"https:\/\/moebius.org\/\"><img loading=\"lazy\" decoding=\"async\" width=\"378\" height=\"141\" src=\"https:\/\/serveiseducatius.xtec.cat\/creda-catcentral\/wp-content\/uploads\/usu1063\/2017\/01\/mohebius.bmp\" alt=\"\" class=\"wp-image-8848 size-full\"\/><\/a><\/figure><div class=\"wp-block-media-text__content\">\n<p>Aquesta Fundaci\u00f3 t\u00e9 com a objectiu l\u2019assist\u00e8ncia social, educativa, divulgativa i moral de tots els afectats de S\u00edndrome de Moebius i persones relacionades amb ells.<\/p>\n<\/div><\/div>\n\n\n\n<div class=\"wp-block-media-text is-stacked-on-mobile\" style=\"grid-template-columns:36% auto\"><figure class=\"wp-block-media-text__media\"><a href=\"https:\/\/neurofibromatosis.es\/\"><img loading=\"lazy\" decoding=\"async\" width=\"434\" height=\"116\" src=\"https:\/\/serveiseducatius.xtec.cat\/creda-catcentral\/wp-content\/uploads\/usu1063\/2017\/01\/neurofibromatosis.png\" alt=\"\" class=\"wp-image-8849 size-full\" srcset=\"https:\/\/serveiseducatius.xtec.cat\/creda-catcentral\/wp-content\/uploads\/usu1063\/2017\/01\/neurofibromatosis.png 434w, https:\/\/serveiseducatius.xtec.cat\/creda-catcentral\/wp-content\/uploads\/usu1063\/2017\/01\/neurofibromatosis-300x80.png 300w\" sizes=\"auto, (max-width: 434px) 100vw, 434px\" \/><\/a><\/figure><div class=\"wp-block-media-text__content\">\n<p>La \u201cAsociaci\u00f3n de afectados de neurofibromatosis\u201d es va&nbsp;fundar l\u2019any &nbsp;1997 amb&nbsp;el prop\u00f2sit d\u2019intentar reunir i ajudar als afectats de Neurofibromatosis i els seus familiars.Des de la seva creaci\u00f3 es treballa en la cerca i difusi\u00f3 d\u2019informaci\u00f3, suport m\u00e8dic, psicol\u00f2gic i social, per poder contribuir a la millora de la qualitat de vida dels afectats per aquesta s\u00edndrome.<\/p>\n<\/div><\/div>\n\n\n\n<div class=\"wp-block-media-text is-stacked-on-mobile\" style=\"grid-template-columns:36% auto\"><figure class=\"wp-block-media-text__media\"><a href=\"https:\/\/www.sindromedown.cat\/cal-adaptar-els-estatuts-esportius-a-la-convencio-de-les-persones-amb-discapacitat-per-evitar-nous-casos-laia\/\"><img loading=\"lazy\" decoding=\"async\" width=\"227\" height=\"99\" src=\"https:\/\/serveiseducatius.xtec.cat\/creda-catcentral\/wp-content\/uploads\/usu1063\/2017\/01\/down.jpg\" alt=\"\" class=\"wp-image-8851 size-full\"\/><\/a><\/figure><div class=\"wp-block-media-text__content\">\n<p>La Coordinadora Down Catalunya neix amb l\u2019objectiu de treballar en pro de les persones amb discapacitat intel\u00b7lectual, especialment aquelles amb la S\u00edndrome de Down.La seva creaci\u00f3 sorgeix de la voluntat d\u2019algunes de les diferents associacions i fundacions de persones amb S\u00edndrome de Down de Catalunya, membres de Down Espanya, amb la finalitat de formar una plataforma conjunta per treballar en la millora de la qualitat de vida de totes les persones amb la S\u00edndrome de Down de tot el territori catal\u00e0.<\/p>\n<\/div><\/div>\n\n\n\n<div class=\"wp-block-media-text is-stacked-on-mobile\" style=\"grid-template-columns:35% auto\"><figure class=\"wp-block-media-text__media\"><a href=\"https:\/\/www.corneliadelange.es\/\"><img loading=\"lazy\" decoding=\"async\" width=\"205\" height=\"94\" src=\"https:\/\/serveiseducatius.xtec.cat\/creda-catcentral\/wp-content\/uploads\/usu1063\/2025\/05\/cornelia-de-lange.png\" alt=\"\" class=\"wp-image-13663 size-full\"\/><\/a><\/figure><div class=\"wp-block-media-text__content\">\n<p>L\u2019associaci\u00f3 est\u00e0 formada per diferents familiars, professionals i investigadors implicats amb la S\u00edndrome.La seva p\u00e0gina web \u00e9s el lloc, on a m\u00e9s d\u2019obtenir informaci\u00f3, descobrir\u00e0s l\u2019esfor\u00e7 i el treball d\u2019un grup de pares i mares que busquen, malgrat la S\u00edndrome, una vida el m\u00e9s normalitzada possible.<\/p>\n<\/div><\/div>\n\n\n\n<div class=\"wp-block-media-text is-stacked-on-mobile\" style=\"grid-template-columns:38% auto\"><figure class=\"wp-block-media-text__media\"><a href=\"https:\/\/tdahcatalunya.blogspot.com\/\"><img loading=\"lazy\" decoding=\"async\" width=\"1024\" height=\"507\" src=\"https:\/\/serveiseducatius.xtec.cat\/creda-catcentral\/wp-content\/uploads\/usu1063\/2017\/01\/TDHA-1024x507.jpg\" alt=\"\" class=\"wp-image-8855 size-full\" srcset=\"https:\/\/serveiseducatius.xtec.cat\/creda-catcentral\/wp-content\/uploads\/usu1063\/2017\/01\/TDHA-1024x507.jpg 1024w, https:\/\/serveiseducatius.xtec.cat\/creda-catcentral\/wp-content\/uploads\/usu1063\/2017\/01\/TDHA-300x149.jpg 300w, https:\/\/serveiseducatius.xtec.cat\/creda-catcentral\/wp-content\/uploads\/usu1063\/2017\/01\/TDHA-768x380.jpg 768w\" sizes=\"auto, (max-width: 1024px) 100vw, 1024px\" \/><\/a><\/figure><div class=\"wp-block-media-text__content\">\n<p>TDAH Catalunya \u00e9s una associaci\u00f3 d\u2019afectats pel Trastorn per D\u00e8ficit d\u2019Atenci\u00f3 amb o sense Hiperactivitat (TDA-H) i trastorns associats, de car\u00e0cter privat i sense \u00e0nim de lucre.<br>La finalitat de l\u2019Associaci\u00f3 \u00e9s millorar la qualitat de vida dels afectats i de les seves fam\u00edlies. A partir d\u2019aqu\u00ed, els seu projecte global s\u2019emmarca en 3 grans objectius:<\/p>\n\n\n\n<ul class=\"wp-block-list\">\n<li>Acolliment a les fam\u00edlies afectades.<\/li>\n\n\n\n<li>Treball amb l\u2019Administraci\u00f3 i les Institucions P\u00fabliques:&nbsp;en les \u00e0rees de Benestar i Familia, Sanitat, Educaci\u00f3 i Just\u00edcia.<\/li>\n\n\n\n<li>Col\u00b7laborar amb professionals i&nbsp;altres associacions o entitats (p\u00fabliques o privades)<\/li>\n<\/ul>\n<\/div><\/div>\n\n\n\n<div class=\"wp-block-media-text is-stacked-on-mobile\" style=\"grid-template-columns:36% auto\"><figure class=\"wp-block-media-text__media\"><a href=\"https:\/\/rubinsteintaybi.es\/\"><img loading=\"lazy\" decoding=\"async\" width=\"213\" height=\"100\" src=\"https:\/\/serveiseducatius.xtec.cat\/creda-catcentral\/wp-content\/uploads\/usu1063\/2017\/01\/aesrt_logo.png\" alt=\"\" class=\"wp-image-8879 size-full\"\/><\/a><\/figure><div class=\"wp-block-media-text__content\">\n<p>AESRT \u00e9s una associaci\u00f3 sense \u00e0nim de lucre, composta per familiars i amics de pesones amb la S\u00edndrome de Rubinstein Taybi. El seu objectiu \u00e9s ajudar a altres fam\u00edlies que estiguin vivint la dif\u00edcil situaci\u00f3 d\u2019enfrontar-se a la not\u00edcia de saber que el seu fill\/a o familiar pateix SRT. Volen arribar a totes les persones que estiguin en la mateixa situaci\u00f3 i units crear un futur millor pels seus fills.<\/p>\n<\/div><\/div>\n\n\n\n<div class=\"wp-block-media-text is-stacked-on-mobile\" style=\"grid-template-columns:38% auto\"><figure class=\"wp-block-media-text__media\"><a href=\"https:\/\/www.afasaf.org\/\"><img loading=\"lazy\" decoding=\"async\" width=\"999\" height=\"618\" src=\"https:\/\/serveiseducatius.xtec.cat\/creda-catcentral\/wp-content\/uploads\/usu1063\/2017\/01\/afasaf.jpg\" alt=\"\" class=\"wp-image-8881 size-full\" srcset=\"https:\/\/serveiseducatius.xtec.cat\/creda-catcentral\/wp-content\/uploads\/usu1063\/2017\/01\/afasaf.jpg 999w, https:\/\/serveiseducatius.xtec.cat\/creda-catcentral\/wp-content\/uploads\/usu1063\/2017\/01\/afasaf-300x186.jpg 300w, https:\/\/serveiseducatius.xtec.cat\/creda-catcentral\/wp-content\/uploads\/usu1063\/2017\/01\/afasaf-768x475.jpg 768w\" sizes=\"auto, (max-width: 999px) 100vw, 999px\" \/><\/a><\/figure><div class=\"wp-block-media-text__content\">\n<p>L\u2019any 2014, despr\u00e9s de diversos contactes per Internet, una s\u00e8rie de fam\u00edlies amb una problem\u00e0tica comuna que \u00e9s que pateixen trastorn de l\u2019espectre alcoh\u00f2lic fetal, van decidir reunir-se a Cornell\u00e0 de Llobregat. D\u2019aquella primera reuni\u00f3 i d\u2019altres posteriors, en va sortir el comprom\u00eds ferm de crear AFASAF, associaci\u00f3 de fam\u00edlies afectades de SAF.<\/p>\n<\/div><\/div>\n<\/div><\/div>\n<\/div>\n","protected":false},"excerpt":{"rendered":"<p>Aquest espai pret\u00e9n ser un recull de diverses associacions classificades segons el diagn\u00f2stic. Si formes part o coneixes l\u2019exist\u00e8ncia alguna associaci\u00f3 que no consta en aquesta p\u00e0gina i creus que \u00e9s interessant que hi estigui inclosa, posa\u2019t en contacte amb nosaltres.<\/p>\n","protected":false},"author":1,"featured_media":0,"parent":0,"menu_order":0,"comment_status":"closed","ping_status":"close","template":"","meta":{"site-sidebar-layout":"default","site-content-layout":"","ast-site-content-layout":"default","site-content-style":"default","site-sidebar-style":"default","ast-global-header-display":"","ast-banner-title-visibility":"","ast-main-header-display":"","ast-hfb-above-header-display":"","ast-hfb-below-header-display":"","ast-hfb-mobile-header-display":"","site-post-title":"","ast-breadcrumbs-content":"","ast-featured-img":"","footer-sml-layout":"","theme-transparent-header-meta":"","adv-header-id-meta":"","stick-header-meta":"","header-above-stick-meta":"","header-main-stick-meta":"","header-below-stick-meta":"","astra-migrate-meta-layouts":"set","ast-page-background-enabled":"default","ast-page-background-meta":{"desktop":{"background-color":"var(--ast-global-color-4)","background-image":"","background-repeat":"repeat","background-position":"center center","background-size":"auto","background-attachment":"scroll","background-type":"","background-media":"","overlay-type":"","overlay-color":"","overlay-opacity":"","overlay-gradient":""},"tablet":{"background-color":"","background-image":"","background-repeat":"repeat","background-position":"center center","background-size":"auto","background-attachment":"scroll","background-type":"","background-media":"","overlay-type":"","overlay-color":"","overlay-opacity":"","overlay-gradient":""},"mobile":{"background-color":"","background-image":"","background-repeat":"repeat","background-position":"center center","background-size":"auto","background-attachment":"scroll","background-type":"","background-media":"","overlay-type":"","overlay-color":"","overlay-opacity":"","overlay-gradient":""}},"ast-content-background-meta":{"desktop":{"background-color":"var(--ast-global-color-5)","background-image":"","background-repeat":"repeat","background-position":"center center","background-size":"auto","background-attachment":"scroll","background-type":"","background-media":"","overlay-type":"","overlay-color":"","overlay-opacity":"","overlay-gradient":""},"tablet":{"background-color":"var(--ast-global-color-5)","background-image":"","background-repeat":"repeat","background-position":"center center","background-size":"auto","background-attachment":"scroll","background-type":"","background-media":"","overlay-type":"","overlay-color":"","overlay-opacity":"","overlay-gradient":""},"mobile":{"background-color":"var(--ast-global-color-5)","background-image":"","background-repeat":"repeat","background-position":"center center","background-size":"auto","background-attachment":"scroll","background-type":"","background-media":"","overlay-type":"","overlay-color":"","overlay-opacity":"","overlay-gradient":""}},"footnotes":""},"class_list":["post-13652","page","type-page","status-publish","hentry"],"post_mailing_queue_ids":[],"_links":{"self":[{"href":"https:\/\/serveiseducatius.xtec.cat\/creda-catcentral\/wp-json\/wp\/v2\/pages\/13652","targetHints":{"allow":["GET"]}}],"collection":[{"href":"https:\/\/serveiseducatius.xtec.cat\/creda-catcentral\/wp-json\/wp\/v2\/pages"}],"about":[{"href":"https:\/\/serveiseducatius.xtec.cat\/creda-catcentral\/wp-json\/wp\/v2\/types\/page"}],"author":[{"embeddable":true,"href":"https:\/\/serveiseducatius.xtec.cat\/creda-catcentral\/wp-json\/wp\/v2\/users\/1"}],"replies":[{"embeddable":true,"href":"https:\/\/serveiseducatius.xtec.cat\/creda-catcentral\/wp-json\/wp\/v2\/comments?post=13652"}],"version-history":[{"count":6,"href":"https:\/\/serveiseducatius.xtec.cat\/creda-catcentral\/wp-json\/wp\/v2\/pages\/13652\/revisions"}],"predecessor-version":[{"id":13680,"href":"https:\/\/serveiseducatius.xtec.cat\/creda-catcentral\/wp-json\/wp\/v2\/pages\/13652\/revisions\/13680"}],"wp:attachment":[{"href":"https:\/\/serveiseducatius.xtec.cat\/creda-catcentral\/wp-json\/wp\/v2\/media?parent=13652"}],"curies":[{"name":"wp","href":"https:\/\/api.w.org\/{rel}","templated":true}]}}