{"id":24207,"date":"2024-01-24T17:42:54","date_gmt":"2024-01-24T16:42:54","guid":{"rendered":"https:\/\/serveiseducatius.xtec.cat\/cesire\/?page_id=24207"},"modified":"2024-02-22T09:34:30","modified_gmt":"2024-02-22T08:34:30","slug":"que-es-i-que-no","status":"publish","type":"page","link":"https:\/\/serveiseducatius.xtec.cat\/cesire\/faig-fent-per-aprendre-imaginant-globalment\/aprenentatge-per-projectes\/que-es-i-que-no\/","title":{"rendered":"Qu\u00e8 \u00e9s i qu\u00e8 no"},"content":{"rendered":"<div id=\"que-es-i-que-no\">\n<div class=\"row\">\n<div class=\"col-12\">\n<h1 class=\"green p-5\">Aprenentatge per Projectes:<br \/><strong>Qu\u00e8 \u00e9s i qu\u00e8 no \u00e9s un projecte per aprendre amb sentit<\/strong><\/h1>\n<\/p><\/div>\n<\/p><\/div>\n<div class=\"row flex-wrap\">\n<div class=\"col-12 col-md-6 px-5\" style=\"background-color:#97e1a6 !important;\">\n<h3 class=\"text-white pt-5 pb-4\">QU\u00c8 \u00c9S&#8230;<\/h3>\n<div class=\"row\">\n<div class=\"col-1 p-0\">\n<img decoding=\"async\" src=\"https:\/\/serveiseducatius.xtec.cat\/cesire\/wp-content\/uploads\/usu2650\/2024\/01\/Boto_blanc-75.png\">\n<\/div>\n<div class=\"col-11\">\n<p class=\"h5 fw-400 pb-3\">\u00c9s un <strong>proc\u00e9s d\u2019aprenentatge planificat<\/strong> i consensuat amb l\u2019alumnat.<\/p>\n<\/div>\n<div class=\"col-1 p-0\">\n<img decoding=\"async\" src=\"https:\/\/serveiseducatius.xtec.cat\/cesire\/wp-content\/uploads\/usu2650\/2024\/01\/Boto_blanc-75.png\">\n<\/div>\n<div class=\"col-11\">\n<p class=\"h5 fw-400 pb-3\">Sorgeix d\u2019una <strong>pregunta<\/strong>, <strong>repte<\/strong> o <strong>problema<\/strong> que interpel\u00b7la l\u2019alumnat.<\/p>\n<\/div>\n<div class=\"col-1 p-0\">\n<img decoding=\"async\" src=\"https:\/\/serveiseducatius.xtec.cat\/cesire\/wp-content\/uploads\/usu2650\/2024\/01\/Boto_blanc-75.png\">\n<\/div>\n<div class=\"col-11\">\n<p class=\"h5 fw-400 pb-3\">Comporta la <strong>indagaci\u00f3 de la realitat<\/strong> a trav\u00e9s de preguntes connectores.<\/p>\n<\/div>\n<div class=\"col-1 p-0\">\n<img decoding=\"async\" src=\"https:\/\/serveiseducatius.xtec.cat\/cesire\/wp-content\/uploads\/usu2650\/2024\/01\/Boto_blanc-75.png\">\n<\/div>\n<div class=\"col-11\">\n<p class=\"h5 fw-400 pb-3\">Condueix a la <strong>construcci\u00f3 col\u00b7lectiva del coneixement<\/strong> a trav\u00e9s de respostes o solucions.<\/p>\n<\/div>\n<div class=\"col-1 p-0\">\n<img decoding=\"async\" src=\"https:\/\/serveiseducatius.xtec.cat\/cesire\/wp-content\/uploads\/usu2650\/2024\/01\/Boto_blanc-75.png\">\n<\/div>\n<div class=\"col-11\">\n<p class=\"h5 fw-400 pb-3\">Possibilita l\u2019<strong>apropiaci\u00f3 significativa de grans idees<\/strong> i sabers, aix\u00ed com el desenvolupament de compet\u00e8ncies a trav\u00e9s del cicle de l\u2019aprenentatge.<\/p>\n<\/div>\n<div class=\"col-1 p-0\">\n<img decoding=\"async\" src=\"https:\/\/serveiseducatius.xtec.cat\/cesire\/wp-content\/uploads\/usu2650\/2024\/01\/Boto_blanc-75.png\">\n<\/div>\n<div class=\"col-11\">\n<p class=\"h5 fw-400 pb-3\">La <strong>conversa<\/strong>, la <strong>metacognici\u00f3<\/strong> i l\u2019<strong>avaluaci\u00f3 reguladora<\/strong> en s\u00f3n els motors.<\/p>\n<\/div>\n<\/div>\n<\/div>\n<div class=\"col-12 col-md-6 px-5\" style=\"background-color:#f3f2f1;\">\n<h3 class=\"green pt-5 pb-4\">QU\u00c8 NO \u00c9S&#8230;<\/h3>\n<div class=\"row\">\n<div class=\"col-1 p-0\">\n<img decoding=\"async\" src=\"https:\/\/serveiseducatius.xtec.cat\/cesire\/wp-content\/uploads\/usu2650\/2024\/01\/Boto_verd-75.png\">\n<\/div>\n<div class=\"col-11\">\n<p class=\"h5 fw-400 pb-3\"><strong>No \u00e9s fruit de la improvitzaci\u00f3<\/strong>, dona resposta a uns objectius d\u2019aprenentatge concrets.<\/p>\n<\/div>\n<div class=\"col-1 p-0\">\n<img decoding=\"async\" src=\"https:\/\/serveiseducatius.xtec.cat\/cesire\/wp-content\/uploads\/usu2650\/2024\/01\/Boto_verd-75.png\">\n<\/div>\n<div class=\"col-11\">\n<p class=\"h5 fw-400 pb-3\"><strong>No respon als interessos individuals i puntuals de l\u2019alumnat<\/strong>, s\u2019inicia a trav\u00e9s d\u2019un context i un repte que els implica.<\/p>\n<\/div>\n<div class=\"col-1 p-0\">\n<img decoding=\"async\" src=\"https:\/\/serveiseducatius.xtec.cat\/cesire\/wp-content\/uploads\/usu2650\/2024\/01\/Boto_verd-75.png\">\n<\/div>\n<div class=\"col-11\">\n<p class=\"h5 fw-400 pb-3\"><strong>No \u00e9s una recerca d\u2019informaci\u00f3<\/strong>, suposa explorar, investigar, problematitzar i treure conclusions.<\/p>\n<\/div>\n<div class=\"col-1 p-0\">\n<img decoding=\"async\" src=\"https:\/\/serveiseducatius.xtec.cat\/cesire\/wp-content\/uploads\/usu2650\/2024\/01\/Boto_verd-75.png\">\n<\/div>\n<div class=\"col-11\">\n<p class=\"h5 fw-400 pb-3\"><strong>No \u00e9s un treball individual de recerca d\u2019informaci\u00f3<\/strong>, s\u2019assimilen i s\u2019acomoden les noves idees a trav\u00e9s de la conversa col\u00b7lectiva.<\/p>\n<\/div>\n<div class=\"col-1 p-0\">\n<img decoding=\"async\" src=\"https:\/\/serveiseducatius.xtec.cat\/cesire\/wp-content\/uploads\/usu2650\/2024\/01\/Boto_verd-75.png\">\n<\/div>\n<div class=\"col-11\">\n<p class=\"h5 fw-400 pb-3\"><strong>No \u00e9s una suma d\u2019activitats inconnexes<\/strong>, l\u2019alumnat s\u2019apropia i dona significat a all\u00f2 que apr\u00e8n connectant les seves idees pr\u00e8vies amb el nou objecte de coneixement.<\/p>\n<\/div>\n<div class=\"col-1 p-0\">\n<img decoding=\"async\" src=\"https:\/\/serveiseducatius.xtec.cat\/cesire\/wp-content\/uploads\/usu2650\/2024\/01\/Boto_verd-75.png\">\n<\/div>\n<div class=\"col-11\">\n<p class=\"h5 fw-400 pb-3\"><strong>No \u00e9s un proc\u00e9s d\u2019aprenentatge mec\u00e0nic i repetitiu<\/strong>, l\u2019alumnat sap en tot moment qu\u00e8 est\u00e0 aprenent, per qu\u00e8 i com pot aprendre millor.<\/p>\n<\/div>\n<\/div><\/div>\n<\/p><\/div>\n<\/div>\n<p> <!-- fi que-es --><\/p>\n<style>\n@import url('https:\/\/fonts.googleapis.com\/css2?family=Inter:wght@300;400;500;600&display=swap');\nheader.entry-header {display:none;}\n #que-es-i-que-no h1, h2, h3, h4, span {font-family: 'Inter', sans-serif !important;}\n.white-tree img{\nwidth:revert-layer;}\n #que-es-i-que-no .row {margin-left:-15px !important;margin-right:-15px !important;}\n{font-family: 'Inter', sans-serif !important; color:#000000 !important;}\n  #que-es-i-que-no h2 {font-size:25px !important;}\n  #que-es-i-que-no .descobreix-intro {background-color:#66d178 !important;padding:20px 40px 20px 40px !important;font-size:22px !important;}\n #que-es-i-que-no .white {color:#ffffff;}\n #que-es-i-que-no .green {color:#1daa3e !important;}\n #que-es-i-que-no .bold {font-weight:bold;}<\/p>\n<p>  #que-es-i-que-no  .grey {background-color:#f3f2f2;}\n  #que-es-i-que-no  .column-line-white::before {content: '';display: block;border-top: 1px solid #ffffff;margin-bottom: 20px;}\n  #que-es-i-que-no  .column-line-green::before {content: '';display: block;border-top: 1px solid #1daa3e;margin-bottom: 20px;}\n.fw-400{font-weight:400}\n}\n<\/style>\n","protected":false},"excerpt":{"rendered":"<p>Aprenentatge per Projectes:Qu\u00e8 \u00e9s i qu\u00e8 no \u00e9s un projecte per aprendre amb sentit<\/p>\n<p>QU\u00c8 \u00c9S&#8230;<\/p>\n<p>\u00c9s un proc\u00e9s d\u2019aprenentatge planificat i consensuat amb l\u2019alumnat.<\/p>\n<p>Sorgeix d\u2019una pregunta, repte o problema que interpel\u00b7la l\u2019alumnat.<\/p>\n<p>Comporta la indagaci\u00f3 de la realitat a trav\u00e9s de preguntes connectores.<\/p>\n<p>Condueix a la construcci\u00f3 col\u00b7lectiva&hellip;  <a href=\"https:\/\/serveiseducatius.xtec.cat\/cesire\/faig-fent-per-aprendre-imaginant-globalment\/aprenentatge-per-projectes\/que-es-i-que-no\/\" title=\"Read Qu\u00e8 \u00e9s i qu\u00e8 no\">Llegeix m\u00e9s\u00bb<\/a><\/p>\n","protected":false},"author":66,"featured_media":0,"parent":24190,"menu_order":0,"comment_status":"closed","ping_status":"closed","template":"","meta":{"_bbp_topic_count":0,"_bbp_reply_count":0,"_bbp_total_topic_count":0,"_bbp_total_reply_count":0,"_bbp_voice_count":0,"_bbp_anonymous_reply_count":0,"_bbp_topic_count_hidden":0,"_bbp_reply_count_hidden":0,"_bbp_forum_subforum_count":0,"footnotes":""},"class_list":["post-24207","page","type-page","status-publish","hentry"],"post_mailing_queue_ids":[],"_links":{"self":[{"href":"https:\/\/serveiseducatius.xtec.cat\/cesire\/wp-json\/wp\/v2\/pages\/24207","targetHints":{"allow":["GET"]}}],"collection":[{"href":"https:\/\/serveiseducatius.xtec.cat\/cesire\/wp-json\/wp\/v2\/pages"}],"about":[{"href":"https:\/\/serveiseducatius.xtec.cat\/cesire\/wp-json\/wp\/v2\/types\/page"}],"author":[{"embeddable":true,"href":"https:\/\/serveiseducatius.xtec.cat\/cesire\/wp-json\/wp\/v2\/users\/66"}],"replies":[{"embeddable":true,"href":"https:\/\/serveiseducatius.xtec.cat\/cesire\/wp-json\/wp\/v2\/comments?post=24207"}],"version-history":[{"count":7,"href":"https:\/\/serveiseducatius.xtec.cat\/cesire\/wp-json\/wp\/v2\/pages\/24207\/revisions"}],"predecessor-version":[{"id":25118,"href":"https:\/\/serveiseducatius.xtec.cat\/cesire\/wp-json\/wp\/v2\/pages\/24207\/revisions\/25118"}],"up":[{"embeddable":true,"href":"https:\/\/serveiseducatius.xtec.cat\/cesire\/wp-json\/wp\/v2\/pages\/24190"}],"wp:attachment":[{"href":"https:\/\/serveiseducatius.xtec.cat\/cesire\/wp-json\/wp\/v2\/media?parent=24207"}],"curies":[{"name":"wp","href":"https:\/\/api.w.org\/{rel}","templated":true}]}}