{"id":8395,"date":"2013-11-15T13:39:26","date_gmt":"2013-11-15T12:39:26","guid":{"rendered":"http:\/\/blocs.xtec.cat\/plantillacda\/?page_id=171"},"modified":"2026-04-27T09:24:35","modified_gmt":"2026-04-27T07:24:35","slug":"ambit-natural","status":"publish","type":"page","link":"https:\/\/serveiseducatius.xtec.cat\/cda-vallsdaneu\/ambits\/ambit-natural\/","title":{"rendered":"\u00c0mbit Natural"},"content":{"rendered":"<p style=\"text-align: justify;\"><span style=\"color: #333333;\">Les activitats que realitzem dins de l&#8217;\u00e0mbit natural tenen per objectiu identificar i caracteritzar l&#8217;entorn natural de les Valls d&#8217;\u00c0neu. El reconeixement de les comunitats vegetals, l&#8217;estudi de la fauna salvatge, la caracteritzaci\u00f3 geol\u00f2gica i l&#8217;an\u00e0lisi de les din\u00e0miques dels ecosistemes s\u00f3n l&#8217;objectiu principal de les sortides. Els continguts treballats a les activitats estan adaptats a l&#8217;edat de l&#8217;alumnat aix\u00ed com al curr\u00edculum escolar.\u00a0<\/span><\/p>\n<p style=\"text-align: justify;\"><span style=\"color: #333333;\">L&#8217;observaci\u00f3, l&#8217;experimentaci\u00f3, i la presa de mostres, aix\u00ed com el debat entre l&#8217;alumnat sobre la resoluci\u00f3 dels problemes de gesti\u00f3 ambiental que es puguin derivar dels diferents espais, prenen rellev\u00e0ncia en les activitats.<br \/>\n<\/span><\/p>\n<p><img loading=\"lazy\" decoding=\"async\" class=\"alignleft wp-image-626\" src=\"http:\/\/blocs.xtec.cat\/cdavallsdaneu\/files\/2013\/11\/Selecci\u00f3_083.png\" alt=\"Selecci\u00f3_083\" width=\"131\" height=\"115\" \/>\u00a0 <img loading=\"lazy\" decoding=\"async\" class=\"alignnone wp-image-1490\" src=\"http:\/\/serveiseducatius.xtec.cat\/cda-vallsdaneu\/wp-content\/uploads\/usu1375\/2013\/11\/Selecci\u00f3_0881.png\" alt=\"Selecci\u00f3_088\" width=\"124\" height=\"111\" \/>\u00a0\u00a0\u00a0\u00a0\u00a0\u00a0 <img loading=\"lazy\" decoding=\"async\" class=\"alignnone wp-image-627\" src=\"http:\/\/blocs.xtec.cat\/cdavallsdaneu\/files\/2013\/11\/Selecci\u00f3_084.png\" alt=\"Selecci\u00f3_084\" width=\"124\" height=\"111\" \/><\/p>\n<h4><\/h4>\n<h4><strong>Activitats relacionades:<\/strong><\/h4>\n<ul>\n<li style=\"text-align: left;\"><a title=\"Parc Nacional d\u2019Aig\u00fcestortes i Estany de Sant Maurici\" href=\"http:\/\/serveiseducatius.xtec.cat\/cda-vallsdaneu\/ambit-natural\/parc-nacional\/\" rel=\"noopener noreferrer\"><span style=\"color: #008000;\"><span style=\"color: #008000;\">Parc Nacional d&#8217;Aig\u00fcestortes i Estany de Sant Maurici<\/span><\/span><\/a><\/li>\n<li><a title=\"Bosc del Gerdar\" href=\"http:\/\/serveiseducatius.xtec.cat\/cda-vallsdaneu\/ambits\/ambit-natural\/bosc-del-gerdar\/\" rel=\"noopener noreferrer\"><span style=\"color: #008000;\"><span style=\"color: #008000;\">L&#8217;avetosa del Gerdar<\/span><\/span><\/a><\/li>\n<li style=\"text-align: left;\"><a title=\"La Mollera d\u2019Escalarre\" href=\"http:\/\/serveiseducatius.xtec.cat\/cda-vallsdaneu\/ambit-natural\/la-mollera-descalarre\/\" rel=\"noopener noreferrer\"><span style=\"color: #008000;\"><span style=\"color: #008000;\">La Mollera d&#8217;Escalarre<\/span><\/span><\/a><\/li>\n<li><a title=\"L\u2019estudi del riu\" href=\"http:\/\/serveiseducatius.xtec.cat\/cda-vallsdaneu\/ambit-natural\/lestudi-del-riu\/\" rel=\"noopener noreferrer\"><span style=\"color: #008000;\"><span style=\"color: #008000;\">Estudi del Riu<\/span><\/span><\/a><\/li>\n<li style=\"font-size: 16px;\"><a style=\"font-size: 16px; transition-property: all; color: #3a3a3a;\" title=\"El pa\u00eds de l'\u00f3s\" href=\"http:\/\/serveiseducatius.xtec.cat\/cda-vallsdaneu\/ambits\/ambit-natural\/el-pais-de-los\/\" rel=\"noopener noreferrer\"><span style=\"color: #008000;\">El pa\u00eds de l&#8217;\u00f3s (visita a la Casa de l&#8217;Os bru dels Pirineus)<\/span><\/a><\/li>\n<li><a href=\"https:\/\/serveiseducatius.xtec.cat\/cda-vallsdaneu\/ambits\/ambit-natural\/geologia-urbana\/\"><span style=\"color: #008000;\">Breakout geologia urbana<\/span><\/a><\/li>\n<li><span style=\"color: #008000;\"><a title=\"Nivologia, coneixement del Mantell Nival\" href=\"http:\/\/serveiseducatius.xtec.cat\/cda-vallsdaneu\/ambit-natural\/nivologia-coneixement-del-mantell-nival\/\" rel=\"noopener noreferrer\"><span style=\"color: #008000;\">Nivologia, coneixement del perfil del mantell nival<\/span><\/a><\/span><\/li>\n<li><a href=\"https:\/\/serveiseducatius.xtec.cat\/cda-vallsdaneu\/ambits\/ambit-natural\/descobrim-la-tardor\/\">Descobrim la tardor<\/a><\/li>\n<li><a href=\"https:\/\/serveiseducatius.xtec.cat\/cda-vallsdaneu\/ambits\/ambit-natural\/descobrim-la-primavera\/\">Descobrim la primavera<\/a><\/li>\n<li><a title=\"Taller de rastres\" href=\"http:\/\/serveiseducatius.xtec.cat\/cda-vallsdaneu\/ambit-natural\/taller-de-rastres\/\" rel=\"noopener noreferrer\"><span style=\"color: #008000;\">Taller de rastres<\/span><\/a><\/li>\n<\/ul>\n<h4><\/h4>\n<h4><strong>Compet\u00e8ncies clau que es treballen durant les activitats<\/strong><\/h4>\n<p data-start=\"305\" data-end=\"347\">Trobareu les compet\u00e8ncies espec\u00edfiques i els sabers treballats al final de l&#8217;explicaci\u00f3 de cada activitat.<\/p>\n<p data-start=\"305\" data-end=\"347\"><strong data-start=\"305\" data-end=\"345\">Llegenda compet\u00e8ncies clau (LOMLOE):<\/strong><\/p>\n<ul data-start=\"348\" data-end=\"555\">\n<li data-section-id=\"11oq3c0\" data-start=\"348\" data-end=\"379\">CC1 Comunicaci\u00f3 ling\u00fc\u00edstica<\/li>\n<li data-section-id=\"hc83fh\" data-start=\"380\" data-end=\"399\">CC2 Pluriling\u00fce<\/li>\n<li data-section-id=\"97y56c\" data-start=\"400\" data-end=\"412\">CC3 STEM<\/li>\n<li data-section-id=\"tqgfc6\" data-start=\"413\" data-end=\"428\">CC4 Digital<\/li>\n<li data-section-id=\"on64vu\" data-start=\"429\" data-end=\"475\">CC5 Personal, social i aprendre a aprendre<\/li>\n<li data-section-id=\"a0wr7i\" data-start=\"476\" data-end=\"493\">CC6 Ciutadana<\/li>\n<li data-section-id=\"1435qoz\" data-start=\"494\" data-end=\"513\">CC7 Emprenedora<\/li>\n<li data-section-id=\"8z6ubc\" data-start=\"514\" data-end=\"555\">CC8 Consci\u00e8ncia i expressi\u00f3 culturals<\/li>\n<\/ul>\n<p><span style=\"color: #000000;\"><strong>\ud83d\udfe1EDUCACI\u00d3 INFANTIL<\/strong><\/span><\/p>\n<table>\n<thead>\n<tr>\n<th>Activitat<\/th>\n<th>CC1<\/th>\n<th>CC2<\/th>\n<th>CC3<\/th>\n<th>CC4<\/th>\n<th>CC5<\/th>\n<th>CC6<\/th>\n<th>CC7<\/th>\n<th>CC8<\/th>\n<\/tr>\n<\/thead>\n<tbody>\n<tr>\n<td>Descobrim la tardor<\/td>\n<td>\u2714\ufe0f<\/td>\n<td><\/td>\n<td>\u2714\ufe0f<\/td>\n<td><\/td>\n<td>\u2714\ufe0f<\/td>\n<td>\u2714\ufe0f<\/td>\n<td><\/td>\n<td>\u2714\ufe0f<\/td>\n<\/tr>\n<tr>\n<td>Descobrim la primavera<\/td>\n<td>\u2714\ufe0f<\/td>\n<td><\/td>\n<td>\u2714\ufe0f<\/td>\n<td><\/td>\n<td>\u2714\ufe0f<\/td>\n<td>\u2714\ufe0f<\/td>\n<td><\/td>\n<td>\u2714\ufe0f<\/td>\n<\/tr>\n<\/tbody>\n<\/table>\n<p><span style=\"color: #ff0000;\"><strong>\ud83d\udfe2<span style=\"color: #000000;\">PRIM\u00c0RIA<\/span><\/strong><\/span><\/p>\n<table style=\"width: 100%;\">\n<thead>\n<tr>\n<th style=\"width: 41.687%;\">Activitat<\/th>\n<th style=\"width: 7.09046%;\">CC1<\/th>\n<th style=\"width: 7.09046%;\">CC2<\/th>\n<th style=\"width: 7.09046%;\">CC3<\/th>\n<th style=\"width: 7.09046%;\">CC4<\/th>\n<th style=\"width: 7.09046%;\">CC5<\/th>\n<th style=\"width: 7.09046%;\">CC6<\/th>\n<th style=\"width: 7.09046%;\">CC7<\/th>\n<th style=\"width: 7.09046%;\">CC8<\/th>\n<\/tr>\n<\/thead>\n<tbody>\n<tr>\n<td style=\"width: 41.687%;\">Parc Nacional d\u2019Aig\u00fcestortes<\/td>\n<td style=\"width: 7.09046%;\">\u2714\ufe0f<\/td>\n<td style=\"width: 7.09046%;\"><\/td>\n<td style=\"width: 7.09046%;\">\u2714\ufe0f<\/td>\n<td style=\"width: 7.09046%;\">(\u2714\ufe0f)<\/td>\n<td style=\"width: 7.09046%;\">\u2714\ufe0f<\/td>\n<td style=\"width: 7.09046%;\">\u2714\ufe0f<\/td>\n<td style=\"width: 7.09046%;\"><\/td>\n<td style=\"width: 7.09046%;\">\u2714\ufe0f<\/td>\n<\/tr>\n<tr>\n<td style=\"width: 41.687%;\">Avetosa del Gerdar<\/td>\n<td style=\"width: 7.09046%;\">\u2714\ufe0f<\/td>\n<td style=\"width: 7.09046%;\"><\/td>\n<td style=\"width: 7.09046%;\">\u2714\ufe0f<\/td>\n<td style=\"width: 7.09046%;\"><\/td>\n<td style=\"width: 7.09046%;\">\u2714\ufe0f<\/td>\n<td style=\"width: 7.09046%;\">\u2714\ufe0f<\/td>\n<td style=\"width: 7.09046%;\"><\/td>\n<td style=\"width: 7.09046%;\">\u2714\ufe0f<\/td>\n<\/tr>\n<tr>\n<td style=\"width: 41.687%;\">Mollera d\u2019Escalarre<\/td>\n<td style=\"width: 7.09046%;\">\u2714\ufe0f<\/td>\n<td style=\"width: 7.09046%;\"><\/td>\n<td style=\"width: 7.09046%;\">\u2714\ufe0f<\/td>\n<td style=\"width: 7.09046%;\">(\u2714\ufe0f)<\/td>\n<td style=\"width: 7.09046%;\">\u2714\ufe0f<\/td>\n<td style=\"width: 7.09046%;\">\u2714\ufe0f<\/td>\n<td style=\"width: 7.09046%;\"><\/td>\n<td style=\"width: 7.09046%;\">\u2714\ufe0f<\/td>\n<\/tr>\n<tr>\n<td style=\"width: 41.687%;\">Estudi del riu<\/td>\n<td style=\"width: 7.09046%;\">\u2714\ufe0f<\/td>\n<td style=\"width: 7.09046%;\"><\/td>\n<td style=\"width: 7.09046%;\">\u2714\ufe0f<\/td>\n<td style=\"width: 7.09046%;\">\u2714\ufe0f<\/td>\n<td style=\"width: 7.09046%;\">\u2714\ufe0f<\/td>\n<td style=\"width: 7.09046%;\">\u2714\ufe0f<\/td>\n<td style=\"width: 7.09046%;\"><\/td>\n<td style=\"width: 7.09046%;\">\u2714\ufe0f<\/td>\n<\/tr>\n<tr>\n<td style=\"width: 41.687%;\">Pa\u00eds de l\u2019\u00f3s<\/td>\n<td style=\"width: 7.09046%;\">\u2714\ufe0f<\/td>\n<td style=\"width: 7.09046%;\"><\/td>\n<td style=\"width: 7.09046%;\">\u2714\ufe0f<\/td>\n<td style=\"width: 7.09046%;\">(\u2714\ufe0f)<\/td>\n<td style=\"width: 7.09046%;\">\u2714\ufe0f<\/td>\n<td style=\"width: 7.09046%;\">\u2714\ufe0f<\/td>\n<td style=\"width: 7.09046%;\"><\/td>\n<td style=\"width: 7.09046%;\">\u2714\ufe0f<\/td>\n<\/tr>\n<tr>\n<td style=\"width: 41.687%;\">Taller de rastres<\/td>\n<td style=\"width: 7.09046%;\">\u2714\ufe0f<\/td>\n<td style=\"width: 7.09046%;\"><\/td>\n<td style=\"width: 7.09046%;\">\u2714\ufe0f<\/td>\n<td style=\"width: 7.09046%;\"><\/td>\n<td style=\"width: 7.09046%;\">\u2714\ufe0f<\/td>\n<td style=\"width: 7.09046%;\">\u2714\ufe0f<\/td>\n<td style=\"width: 7.09046%;\">\u2714\ufe0f<\/td>\n<td style=\"width: 7.09046%;\">\u2714\ufe0f<\/td>\n<\/tr>\n<\/tbody>\n<\/table>\n<p><span style=\"color: #ff0000;\"><strong>\ud83d\udd35<span style=\"color: #000000;\">SECUND\u00c0RIA (ESO)<\/span><\/strong><\/span><\/p>\n<table style=\"width: 100%; height: 207px;\">\n<thead>\n<tr style=\"height: 23px;\">\n<th style=\"height: 23px;\">Activitat<\/th>\n<th style=\"height: 23px;\">CC1<\/th>\n<th style=\"height: 23px;\">CC2<\/th>\n<th style=\"height: 23px;\">CC3<\/th>\n<th style=\"height: 23px;\">CC4<\/th>\n<th style=\"height: 23px;\">CC5<\/th>\n<th style=\"height: 23px;\">CC6<\/th>\n<th style=\"height: 23px;\">CC7<\/th>\n<th style=\"height: 23px;\">CC8<\/th>\n<\/tr>\n<\/thead>\n<tbody>\n<tr style=\"height: 23px;\">\n<td style=\"height: 23px;\">Parc Nacional d\u2019Aig\u00fcestortes<\/td>\n<td style=\"height: 23px;\">\u2714\ufe0f<\/td>\n<td style=\"height: 23px;\"><\/td>\n<td style=\"height: 23px;\">\u2714\ufe0f<\/td>\n<td style=\"height: 23px;\">(\u2714\ufe0f)<\/td>\n<td style=\"height: 23px;\">\u2714\ufe0f<\/td>\n<td style=\"height: 23px;\">\u2714\ufe0f<\/td>\n<td style=\"height: 23px;\"><\/td>\n<td style=\"height: 23px;\">\u2714\ufe0f<\/td>\n<\/tr>\n<tr style=\"height: 23px;\">\n<td style=\"height: 23px;\">Avetosa del Gerdar<\/td>\n<td style=\"height: 23px;\">\u2714\ufe0f<\/td>\n<td style=\"height: 23px;\"><\/td>\n<td style=\"height: 23px;\">\u2714\ufe0f<\/td>\n<td style=\"height: 23px;\"><\/td>\n<td style=\"height: 23px;\">\u2714\ufe0f<\/td>\n<td style=\"height: 23px;\">\u2714\ufe0f<\/td>\n<td style=\"height: 23px;\"><\/td>\n<td style=\"height: 23px;\">\u2714\ufe0f<\/td>\n<\/tr>\n<tr style=\"height: 23px;\">\n<td style=\"height: 23px;\">Mollera d\u2019Escalarre<\/td>\n<td style=\"height: 23px;\">\u2714\ufe0f<\/td>\n<td style=\"height: 23px;\"><\/td>\n<td style=\"height: 23px;\">\u2714\ufe0f<\/td>\n<td style=\"height: 23px;\">(\u2714\ufe0f)<\/td>\n<td style=\"height: 23px;\">\u2714\ufe0f<\/td>\n<td style=\"height: 23px;\">\u2714\ufe0f<\/td>\n<td style=\"height: 23px;\"><\/td>\n<td style=\"height: 23px;\">\u2714\ufe0f<\/td>\n<\/tr>\n<tr style=\"height: 23px;\">\n<td style=\"height: 23px;\">Estudi del riu<\/td>\n<td style=\"height: 23px;\">\u2714\ufe0f<\/td>\n<td style=\"height: 23px;\"><\/td>\n<td style=\"height: 23px;\">\u2714\ufe0f<\/td>\n<td style=\"height: 23px;\">\u2714\ufe0f<\/td>\n<td style=\"height: 23px;\">\u2714\ufe0f<\/td>\n<td style=\"height: 23px;\">\u2714\ufe0f<\/td>\n<td style=\"height: 23px;\"><\/td>\n<td style=\"height: 23px;\">\u2714\ufe0f<\/td>\n<\/tr>\n<tr style=\"height: 23px;\">\n<td style=\"height: 23px;\">Pa\u00eds de l\u2019\u00f3s<\/td>\n<td style=\"height: 23px;\">\u2714\ufe0f<\/td>\n<td style=\"height: 23px;\"><\/td>\n<td style=\"height: 23px;\">\u2714\ufe0f<\/td>\n<td style=\"height: 23px;\">(\u2714\ufe0f)<\/td>\n<td style=\"height: 23px;\">\u2714\ufe0f<\/td>\n<td style=\"height: 23px;\">\u2714\ufe0f<\/td>\n<td style=\"height: 23px;\"><\/td>\n<td style=\"height: 23px;\">\u2714\ufe0f<\/td>\n<\/tr>\n<tr style=\"height: 23px;\">\n<td style=\"height: 23px;\">Breakout geologia urbana<\/td>\n<td style=\"height: 23px;\">\u2714\ufe0f<\/td>\n<td style=\"height: 23px;\"><\/td>\n<td style=\"height: 23px;\">\u2714\ufe0f<\/td>\n<td style=\"height: 23px;\">\u2714\ufe0f<\/td>\n<td style=\"height: 23px;\">\u2714\ufe0f<\/td>\n<td style=\"height: 23px;\">\u2714\ufe0f<\/td>\n<td style=\"height: 23px;\">\u2714\ufe0f<\/td>\n<td style=\"height: 23px;\">\u2714\ufe0f<\/td>\n<\/tr>\n<tr style=\"height: 23px;\">\n<td style=\"height: 23px;\">Nivologia (mantell nival)<\/td>\n<td style=\"height: 23px;\">\u2714\ufe0f<\/td>\n<td style=\"height: 23px;\"><\/td>\n<td style=\"height: 23px;\">\u2714\ufe0f<\/td>\n<td style=\"height: 23px;\">\u2714\ufe0f<\/td>\n<td style=\"height: 23px;\">\u2714\ufe0f<\/td>\n<td style=\"height: 23px;\">\u2714\ufe0f<\/td>\n<td style=\"height: 23px;\"><\/td>\n<td style=\"height: 23px;\">\u2714\ufe0f<\/td>\n<\/tr>\n<tr style=\"height: 23px;\">\n<td style=\"height: 23px;\">Taller de rastres<\/td>\n<td style=\"height: 23px;\">\u2714\ufe0f<\/td>\n<td style=\"height: 23px;\"><\/td>\n<td style=\"height: 23px;\">\u2714\ufe0f<\/td>\n<td style=\"height: 23px;\"><\/td>\n<td style=\"height: 23px;\">\u2714\ufe0f<\/td>\n<td style=\"height: 23px;\">\u2714\ufe0f<\/td>\n<td style=\"height: 23px;\">\u2714\ufe0f<\/td>\n<td style=\"height: 23px;\">\u2714\ufe0f<\/td>\n<\/tr>\n<\/tbody>\n<\/table>\n<h4 data-section-id=\"azex32\" data-start=\"1344\" data-end=\"1388\"><\/h4>\n<h4 data-section-id=\"azex32\" data-start=\"1344\" data-end=\"1388\">Notes d&#8217;\u00fas<\/h4>\n<ul data-start=\"1389\" data-end=\"1888\">\n<li data-section-id=\"1jgzmug\" data-start=\"1389\" data-end=\"1430\">\u2714\ufe0f = compet\u00e8ncia clarament treballada<\/li>\n<li data-section-id=\"p5v0au\" data-start=\"1431\" data-end=\"1490\">(\u2714\ufe0f) = treball secundari o dep\u00e8n del docent\/metodologia<\/li>\n<li data-section-id=\"13tn4ug\" data-start=\"1491\" data-end=\"1577\">CC2 (pluriling\u00fce) no apareix perqu\u00e8 no \u00e9s objectiu expl\u00edcit en aquestes activitats<\/li>\n<li data-section-id=\"zy3lmv\" data-start=\"1578\" data-end=\"1661\">CC4 digital nom\u00e9s si hi ha registre digital, fotos, dades o informes posteriors<\/li>\n<li data-section-id=\"l8tcc0\" data-start=\"1662\" data-end=\"1751\">CC7 emprenedora apareix sobretot en activitats tipus <em data-start=\"1717\" data-end=\"1727\">breakout<\/em> o resoluci\u00f3 de reptes<\/li>\n<li data-section-id=\"1t2jama\" data-start=\"1752\" data-end=\"1826\">CC3 STEM \u00e9s present en totes les activitats de medi natural i geologia<\/li>\n<li data-section-id=\"7syn4m\" data-start=\"1827\" data-end=\"1888\">CC6 ciutadana molt vinculada a medi ambient i conservaci\u00f3<\/li>\n<\/ul>\n<h4><\/h4>\n<h4><\/h4>\n<h4><strong>Recursos relacionats:<\/strong><\/h4>\n<ul>\n<li><a href=\"https:\/\/blocs.xtec.cat\/cdavallsdaneuescoles\/projecte-mai-tant\/\" target=\"_blank\" rel=\"noopener\">Activitats del projecte Educatiu Mai Tant<\/a><\/li>\n<li><a href=\"https:\/\/drive.google.com\/drive\/folders\/0B2biex8Hag36WDQ4b2tEanotQUE?resourcekey=0-2WdX7VXko3FIE9h2CuYJeg&amp;usp=sharing\" target=\"_blank\" rel=\"noopener\"><span style=\"color: #008000;\"><span style=\"color: #008000;\">Dossiers<\/span><\/span><\/a><\/li>\n<\/ul>\n<h1><\/h1>\n<p><span style=\"border-radius: 2px; text-indent: 20px; width: auto; padding: 0px 4px 0px 0px; text-align: center; font: bold 11px\/20px 'Helvetica Neue',Helvetica,sans-serif; color: #ffffff; background: #bd081c no-repeat scroll 3px 50% \/ 14px 14px; position: absolute; opacity: 1; z-index: 8675309; display: none; cursor: pointer;\">Save<\/span><\/p>\n","protected":false},"excerpt":{"rendered":"<p>Les activitats que realitzem dins de l&#8217;\u00e0mbit natural tenen per objectiu identificar i caracteritzar l&#8217;entorn natural de les Valls d&#8217;\u00c0neu. [&hellip;]<\/p>\n","protected":false},"author":1,"featured_media":0,"parent":8235,"menu_order":1,"comment_status":"closed","ping_status":"closed","template":"","meta":{"_bbp_topic_count":0,"_bbp_reply_count":0,"_bbp_total_topic_count":0,"_bbp_total_reply_count":0,"_bbp_voice_count":0,"_bbp_anonymous_reply_count":0,"_bbp_topic_count_hidden":0,"_bbp_reply_count_hidden":0,"_bbp_forum_subforum_count":0,"site-sidebar-layout":"default","site-content-layout":"","ast-site-content-layout":"default","site-content-style":"default","site-sidebar-style":"default","ast-global-header-display":"","ast-banner-title-visibility":"","ast-main-header-display":"","ast-hfb-above-header-display":"","ast-hfb-below-header-display":"","ast-hfb-mobile-header-display":"","site-post-title":"","ast-breadcrumbs-content":"","ast-featured-img":"","footer-sml-layout":"","theme-transparent-header-meta":"default","adv-header-id-meta":"","stick-header-meta":"","header-above-stick-meta":"","header-main-stick-meta":"","header-below-stick-meta":"","astra-migrate-meta-layouts":"set","ast-page-background-enabled":"default","ast-page-background-meta":{"desktop":{"background-color":"var(--ast-global-color-4)","background-image":"","background-repeat":"repeat","background-position":"center center","background-size":"auto","background-attachment":"scroll","background-type":"","background-media":"","overlay-type":"","overlay-color":"","overlay-opacity":"","overlay-gradient":""},"tablet":{"background-color":"","background-image":"","background-repeat":"repeat","background-position":"center center","background-size":"auto","background-attachment":"scroll","background-type":"","background-media":"","overlay-type":"","overlay-color":"","overlay-opacity":"","overlay-gradient":""},"mobile":{"background-color":"","background-image":"","background-repeat":"repeat","background-position":"center center","background-size":"auto","background-attachment":"scroll","background-type":"","background-media":"","overlay-type":"","overlay-color":"","overlay-opacity":"","overlay-gradient":""}},"ast-content-background-meta":{"desktop":{"background-color":"var(--ast-global-color-5)","background-image":"","background-repeat":"repeat","background-position":"center center","background-size":"auto","background-attachment":"scroll","background-type":"","background-media":"","overlay-type":"","overlay-color":"","overlay-opacity":"","overlay-gradient":""},"tablet":{"background-color":"var(--ast-global-color-5)","background-image":"","background-repeat":"repeat","background-position":"center center","background-size":"auto","background-attachment":"scroll","background-type":"","background-media":"","overlay-type":"","overlay-color":"","overlay-opacity":"","overlay-gradient":""},"mobile":{"background-color":"var(--ast-global-color-5)","background-image":"","background-repeat":"repeat","background-position":"center center","background-size":"auto","background-attachment":"scroll","background-type":"","background-media":"","overlay-type":"","overlay-color":"","overlay-opacity":"","overlay-gradient":""}},"footnotes":""},"class_list":["post-8395","page","type-page","status-publish","hentry"],"post_mailing_queue_ids":[],"_links":{"self":[{"href":"https:\/\/serveiseducatius.xtec.cat\/cda-vallsdaneu\/wp-json\/wp\/v2\/pages\/8395","targetHints":{"allow":["GET"]}}],"collection":[{"href":"https:\/\/serveiseducatius.xtec.cat\/cda-vallsdaneu\/wp-json\/wp\/v2\/pages"}],"about":[{"href":"https:\/\/serveiseducatius.xtec.cat\/cda-vallsdaneu\/wp-json\/wp\/v2\/types\/page"}],"author":[{"embeddable":true,"href":"https:\/\/serveiseducatius.xtec.cat\/cda-vallsdaneu\/wp-json\/wp\/v2\/users\/1"}],"replies":[{"embeddable":true,"href":"https:\/\/serveiseducatius.xtec.cat\/cda-vallsdaneu\/wp-json\/wp\/v2\/comments?post=8395"}],"version-history":[{"count":6,"href":"https:\/\/serveiseducatius.xtec.cat\/cda-vallsdaneu\/wp-json\/wp\/v2\/pages\/8395\/revisions"}],"predecessor-version":[{"id":12684,"href":"https:\/\/serveiseducatius.xtec.cat\/cda-vallsdaneu\/wp-json\/wp\/v2\/pages\/8395\/revisions\/12684"}],"up":[{"embeddable":true,"href":"https:\/\/serveiseducatius.xtec.cat\/cda-vallsdaneu\/wp-json\/wp\/v2\/pages\/8235"}],"wp:attachment":[{"href":"https:\/\/serveiseducatius.xtec.cat\/cda-vallsdaneu\/wp-json\/wp\/v2\/media?parent=8395"}],"curies":[{"name":"wp","href":"https:\/\/api.w.org\/{rel}","templated":true}]}}