{"id":16133,"date":"2026-02-12T13:15:01","date_gmt":"2026-02-12T12:15:01","guid":{"rendered":"https:\/\/serveiseducatius.xtec.cat\/cda-tarragona\/?page_id=16133"},"modified":"2026-04-08T13:44:29","modified_gmt":"2026-04-08T11:44:29","slug":"participants-de-la-xxiva-jornada-del-juguem-com-jugaven-les-nenes-i-els-nens-de-tarraco","status":"publish","type":"page","link":"https:\/\/serveiseducatius.xtec.cat\/cda-tarragona\/participants-de-la-xxiva-jornada-del-juguem-com-jugaven-les-nenes-i-els-nens-de-tarraco\/","title":{"rendered":"Participants de la XXIVa Jornada del Juguem com jugaven les nenes i els nens de T\u00e0rraco"},"content":{"rendered":"\n<h5 class=\"wp-block-heading\"><strong>CENTRES EDUCATIUS: ALUMNAT I DOCENTS PARTICIPANTS<\/strong><\/h5>\n\n\n\n<ul class=\"wp-block-list\">\n<li><strong>Data de la XXIVa Jornada d&#8217;Aprenentatge: <em>Juguem com jugaven les nenes i els nens de T\u00e0rraco:<\/em><\/strong>\n<ul class=\"wp-block-list\">\n<li>Dijous, 14 de maig de 2026, de 9:00 a 12:30 h.<\/li>\n<\/ul>\n<\/li>\n<\/ul>\n\n\n\n<p><\/p>\n\n\n\n<ul class=\"wp-block-list\">\n<li><strong>Programaci\u00f3:<\/strong>\n<ul class=\"wp-block-list\">\n<li><a href=\"https:\/\/drive.google.com\/file\/d\/1zBlCmUNLwN5VwfnpjdMcKdbATM2xU95J\/view?usp=drive_link\" target=\"_blank\" rel=\"noreferrer noopener\">Fullet amb la Programaci\u00f3 de la Jornada.<\/a><\/li>\n<\/ul>\n<\/li>\n<\/ul>\n\n\n\n<p><\/p>\n\n\n\n<ul class=\"wp-block-list\">\n<li><strong>Documents per a la participaci\u00f3:<\/strong>\n<ul class=\"wp-block-list\">\n<li><a href=\"https:\/\/drive.google.com\/file\/d\/18RMpTtkHJJ-4e8UtTs4vj3_c6TDIsut-\/view?usp=drive_link\" target=\"_blank\" rel=\"noreferrer noopener\">Carta per als infants de Tarragona i el Tarragon\u00e8s (2026).<\/a><\/li>\n\n\n\n<li><a href=\"https:\/\/drive.google.com\/file\/d\/1itr2WH1JWUmHCAFIvuCtzBemr_4NEX24\/view?usp=drive_link\">Instruccions de funcionament: pr\u00e8vies, durant i despr\u00e9s de la Jornada.<\/a><\/li>\n\n\n\n<li><a href=\"https:\/\/drive.google.com\/file\/d\/1OeOJhQIMvAxyUl8O_nVKoDY6_nJ-h8GC\/view?usp=drive_link\" target=\"_blank\" rel=\"noreferrer noopener\">Cartell de la XXIVa Jornada d&#8217;Aprenentatge Actiu (2026).<\/a><\/li>\n\n\n\n<li><a href=\"https:\/\/drive.google.com\/file\/d\/1fqp2MjEwyebkcmq8a-HuqvgQE4SopKGL\/view?usp=drive_link\">Proposta did\u00e0ctica de treball del cartell de la XXIVa Jornada (2026).<\/a><\/li>\n\n\n\n<li><a href=\"https:\/\/drive.google.com\/file\/d\/1Zp_IaWady4LylomKKhOA-U569QFnsFQV\/view?usp=drive_link\">Solucionari de la Proposta did\u00e0ctica de treball del cartell de la XXIVa Jornada (2026).<\/a><\/li>\n\n\n\n<li><a href=\"https:\/\/view.genially.com\/69b93af9aad6c3c6710c9142\">Proposta did\u00e0ctica digital del cartell: Genially.<\/a><\/li>\n\n\n\n<li><a href=\"https:\/\/drive.google.com\/file\/d\/1ntw0DoKoohqLjLM3rOGDcxBRPf-uS_NL\/view?usp=drive_link\" target=\"_blank\" rel=\"noreferrer noopener\">Mapa de localitzaci\u00f3 dels jocs en el Parc del Camp de Mart.<\/a><\/li>\n\n\n\n<li><a href=\"https:\/\/drive.google.com\/file\/d\/1RlI6Kfz1DNnb62naBeXP2HUMZU3FCysW\/view?usp=drive_link\">Proposta did\u00e0ctica de treball del mapa de la XXIVa Jornada (2026).<\/a><\/li>\n\n\n\n<li><a href=\"https:\/\/drive.google.com\/file\/d\/1GfS5ntyaS2lmGU7NfMZYifxAtb2YAPAp\/view?usp=drive_link\" target=\"_blank\" rel=\"noreferrer noopener\">Instruccions d&#8217;\u00fas dels gomets en el passaport de joc de l&#8217;alumnat durant la Jornada.<\/a><\/li>\n\n\n\n<li><a href=\"https:\/\/drive.google.com\/file\/d\/1BvX2JR-x158LUvg8_up86Q-XEGDpUE_y\/view?usp=sharing\" target=\"_blank\" rel=\"noreferrer noopener\">Taula de jocs, descripcions i tipologia per a la Jornada d&#8217;Aprenentatge Actiu 2026.<\/a><\/li>\n\n\n\n<li><a href=\"https:\/\/drive.google.com\/file\/d\/1f-FBi0zebhWN5VL5LUt1Str7JOKtlGsq\/view?usp=sharing\">Instruccions del joc rom\u00e0 obsequiat al centre per a la Jornada d&#8217;Aprenentatge Actiu 2026.<\/a><\/li>\n<\/ul>\n<\/li>\n<\/ul>\n\n\n\n<p><\/p>\n\n\n\n<ul class=\"wp-block-list\">\n<li><strong>Ubicaci\u00f3:<\/strong>\n<ul class=\"wp-block-list\">\n<li><a href=\"https:\/\/goo.gl\/maps\/CC8uVTZAvQCWoXqZ6\" target=\"_blank\" rel=\"noreferrer noopener\">Enlla\u00e7 de l&#8217;entrada al Parc del Camp de Mart pel carrer de la Reina Maria Cristina.<\/a><\/li>\n\n\n\n<li><a href=\"https:\/\/maps.app.goo.gl\/n7YKCfxW7nd9FPCG7\" target=\"_blank\" rel=\"noreferrer noopener\">Enlla\u00e7 del punt de trobada.<\/a><\/li>\n<\/ul>\n<\/li>\n<\/ul>\n\n\n\n<figure class=\"wp-block-image size-full\"><a href=\"https:\/\/serveiseducatius.xtec.cat\/cda-tarragona\/wp-content\/uploads\/usu1376\/2026\/02\/imagen.png\"><img loading=\"lazy\" decoding=\"async\" width=\"599\" height=\"447\" src=\"https:\/\/serveiseducatius.xtec.cat\/cda-tarragona\/wp-content\/uploads\/usu1376\/2026\/02\/imagen.png\" alt=\"\" class=\"wp-image-16128\" srcset=\"https:\/\/serveiseducatius.xtec.cat\/cda-tarragona\/wp-content\/uploads\/usu1376\/2026\/02\/imagen.png 599w, https:\/\/serveiseducatius.xtec.cat\/cda-tarragona\/wp-content\/uploads\/usu1376\/2026\/02\/imagen-300x224.png 300w\" sizes=\"auto, (max-width: 599px) 100vw, 599px\" \/><\/a><\/figure>\n\n\n\n<ul class=\"wp-block-list\">\n<li><strong>Valoracions posteriors a la Jornada:<\/strong>\n<ul class=\"wp-block-list\">\n<li><a href=\"https:\/\/forms.gle\/MRbUVae2u1VGBWkv5\">Enlla\u00e7 al Q\u00fcestionari de valoraci\u00f3 de la Jornada per a l&#8217;alumnat de centres educatius participants.<\/a><\/li>\n\n\n\n<li><a href=\"https:\/\/forms.gle\/2WM3gdujsgn4WkL98\">Enlla\u00e7 al Q\u00fcestionari de valoraci\u00f3 de la Jornada per als docents de centres educatius participants.<\/a><\/li>\n<\/ul>\n<\/li>\n<\/ul>\n\n\n\n<p><\/p>\n\n\n\n<p><\/p>\n\n\n\n<p><\/p>\n\n\n\n<p>Aquest acte es fa gr\u00e0cies a la col\u00b7laboraci\u00f3 d&#8217;entitats, empreses i institucions de Tarragona. Gr\u00e0cies a totes i tots!<\/p>\n\n\n\n<div class=\"wp-block-group is-nowrap is-layout-flex wp-container-core-group-is-layout-1 wp-block-group-is-layout-flex\">\n<figure class=\"wp-block-image size-full is-resized\"><a href=\"https:\/\/serveiseducatius.xtec.cat\/cda-tarragona\/wp-content\/uploads\/usu1376\/2026\/02\/Logo-Departament.png\"><img loading=\"lazy\" decoding=\"async\" width=\"495\" height=\"100\" src=\"https:\/\/serveiseducatius.xtec.cat\/cda-tarragona\/wp-content\/uploads\/usu1376\/2026\/02\/Logo-Departament.png\" alt=\"\" class=\"wp-image-16107\" style=\"width:332px;height:auto\" srcset=\"https:\/\/serveiseducatius.xtec.cat\/cda-tarragona\/wp-content\/uploads\/usu1376\/2026\/02\/Logo-Departament.png 495w, https:\/\/serveiseducatius.xtec.cat\/cda-tarragona\/wp-content\/uploads\/usu1376\/2026\/02\/Logo-Departament-300x61.png 300w\" sizes=\"auto, (max-width: 495px) 100vw, 495px\" \/><\/a><\/figure>\n\n\n\n<figure class=\"wp-block-image size-large is-resized\"><a href=\"https:\/\/serveiseducatius.xtec.cat\/cda-tarragona\/wp-content\/uploads\/usu1376\/2023\/04\/tgn_col_lat-1.jpg\"><img loading=\"lazy\" decoding=\"async\" width=\"1024\" height=\"267\" src=\"https:\/\/serveiseducatius.xtec.cat\/cda-tarragona\/wp-content\/uploads\/usu1376\/2023\/04\/tgn_col_lat-1-1024x267.jpg\" alt=\"\" class=\"wp-image-13984\" style=\"width:253px;height:auto\" srcset=\"https:\/\/serveiseducatius.xtec.cat\/cda-tarragona\/wp-content\/uploads\/usu1376\/2023\/04\/tgn_col_lat-1-1024x267.jpg 1024w, https:\/\/serveiseducatius.xtec.cat\/cda-tarragona\/wp-content\/uploads\/usu1376\/2023\/04\/tgn_col_lat-1-300x78.jpg 300w, https:\/\/serveiseducatius.xtec.cat\/cda-tarragona\/wp-content\/uploads\/usu1376\/2023\/04\/tgn_col_lat-1-768x200.jpg 768w, https:\/\/serveiseducatius.xtec.cat\/cda-tarragona\/wp-content\/uploads\/usu1376\/2023\/04\/tgn_col_lat-1.jpg 1121w\" sizes=\"auto, (max-width: 1024px) 100vw, 1024px\" \/><\/a><\/figure>\n\n\n\n<figure class=\"wp-block-image size-large is-resized\"><a href=\"https:\/\/serveiseducatius.xtec.cat\/cda-tarragona\/wp-content\/uploads\/usu1376\/2023\/04\/logo_tarraco_viva.png\"><img loading=\"lazy\" decoding=\"async\" width=\"1024\" height=\"218\" src=\"https:\/\/serveiseducatius.xtec.cat\/cda-tarragona\/wp-content\/uploads\/usu1376\/2023\/04\/logo_tarraco_viva-1024x218.png\" alt=\"\" class=\"wp-image-13979\" style=\"width:301px;height:auto\" srcset=\"https:\/\/serveiseducatius.xtec.cat\/cda-tarragona\/wp-content\/uploads\/usu1376\/2023\/04\/logo_tarraco_viva-1024x218.png 1024w, https:\/\/serveiseducatius.xtec.cat\/cda-tarragona\/wp-content\/uploads\/usu1376\/2023\/04\/logo_tarraco_viva-300x64.png 300w, https:\/\/serveiseducatius.xtec.cat\/cda-tarragona\/wp-content\/uploads\/usu1376\/2023\/04\/logo_tarraco_viva-768x164.png 768w, https:\/\/serveiseducatius.xtec.cat\/cda-tarragona\/wp-content\/uploads\/usu1376\/2023\/04\/logo_tarraco_viva-1536x327.png 1536w, https:\/\/serveiseducatius.xtec.cat\/cda-tarragona\/wp-content\/uploads\/usu1376\/2023\/04\/logo_tarraco_viva.png 1990w\" sizes=\"auto, (max-width: 1024px) 100vw, 1024px\" \/><\/a><\/figure>\n\n\n\n<figure class=\"wp-block-image size-full is-resized\"><a href=\"https:\/\/serveiseducatius.xtec.cat\/cda-tarragona\/wp-content\/uploads\/usu1376\/2023\/04\/Logo_Repsol.png\"><img loading=\"lazy\" decoding=\"async\" width=\"696\" height=\"577\" src=\"https:\/\/serveiseducatius.xtec.cat\/cda-tarragona\/wp-content\/uploads\/usu1376\/2023\/04\/Logo_Repsol.png\" alt=\"\" class=\"wp-image-13981\" style=\"width:125px;height:auto\" srcset=\"https:\/\/serveiseducatius.xtec.cat\/cda-tarragona\/wp-content\/uploads\/usu1376\/2023\/04\/Logo_Repsol.png 696w, https:\/\/serveiseducatius.xtec.cat\/cda-tarragona\/wp-content\/uploads\/usu1376\/2023\/04\/Logo_Repsol-300x250.png 300w\" sizes=\"auto, (max-width: 696px) 100vw, 696px\" \/><\/a><\/figure>\n<\/div>\n","protected":false},"excerpt":{"rendered":"<p>CENTRES EDUCATIUS: ALUMNAT I DOCENTS PARTICIPANTS Aquest acte es fa gr\u00e0cies a la col\u00b7laboraci\u00f3 d&#8217;entitats, empreses i institucions de Tarragona. Gr\u00e0cies a totes i tots!<\/p>\n","protected":false},"author":1,"featured_media":0,"parent":0,"menu_order":0,"comment_status":"closed","ping_status":"close","template":"","meta":{"_bbp_topic_count":0,"_bbp_reply_count":0,"_bbp_total_topic_count":0,"_bbp_total_reply_count":0,"_bbp_voice_count":0,"_bbp_anonymous_reply_count":0,"_bbp_topic_count_hidden":0,"_bbp_reply_count_hidden":0,"_bbp_forum_subforum_count":0,"site-sidebar-layout":"default","site-content-layout":"","ast-site-content-layout":"default","site-content-style":"default","site-sidebar-style":"default","ast-global-header-display":"","ast-banner-title-visibility":"","ast-main-header-display":"","ast-hfb-above-header-display":"","ast-hfb-below-header-display":"","ast-hfb-mobile-header-display":"","site-post-title":"","ast-breadcrumbs-content":"","ast-featured-img":"","footer-sml-layout":"","theme-transparent-header-meta":"","adv-header-id-meta":"","stick-header-meta":"","header-above-stick-meta":"","header-main-stick-meta":"","header-below-stick-meta":"","astra-migrate-meta-layouts":"set","ast-page-background-enabled":"default","ast-page-background-meta":{"desktop":{"background-color":"var(--ast-global-color-4)","background-image":"","background-repeat":"repeat","background-position":"center center","background-size":"auto","background-attachment":"scroll","background-type":"","background-media":"","overlay-type":"","overlay-color":"","overlay-opacity":"","overlay-gradient":""},"tablet":{"background-color":"","background-image":"","background-repeat":"repeat","background-position":"center center","background-size":"auto","background-attachment":"scroll","background-type":"","background-media":"","overlay-type":"","overlay-color":"","overlay-opacity":"","overlay-gradient":""},"mobile":{"background-color":"","background-image":"","background-repeat":"repeat","background-position":"center center","background-size":"auto","background-attachment":"scroll","background-type":"","background-media":"","overlay-type":"","overlay-color":"","overlay-opacity":"","overlay-gradient":""}},"ast-content-background-meta":{"desktop":{"background-color":"var(--ast-global-color-5)","background-image":"","background-repeat":"repeat","background-position":"center center","background-size":"auto","background-attachment":"scroll","background-type":"","background-media":"","overlay-type":"","overlay-color":"","overlay-opacity":"","overlay-gradient":""},"tablet":{"background-color":"var(--ast-global-color-5)","background-image":"","background-repeat":"repeat","background-position":"center center","background-size":"auto","background-attachment":"scroll","background-type":"","background-media":"","overlay-type":"","overlay-color":"","overlay-opacity":"","overlay-gradient":""},"mobile":{"background-color":"var(--ast-global-color-5)","background-image":"","background-repeat":"repeat","background-position":"center center","background-size":"auto","background-attachment":"scroll","background-type":"","background-media":"","overlay-type":"","overlay-color":"","overlay-opacity":"","overlay-gradient":""}},"footnotes":""},"class_list":["post-16133","page","type-page","status-publish","hentry"],"post_mailing_queue_ids":[],"_links":{"self":[{"href":"https:\/\/serveiseducatius.xtec.cat\/cda-tarragona\/wp-json\/wp\/v2\/pages\/16133","targetHints":{"allow":["GET"]}}],"collection":[{"href":"https:\/\/serveiseducatius.xtec.cat\/cda-tarragona\/wp-json\/wp\/v2\/pages"}],"about":[{"href":"https:\/\/serveiseducatius.xtec.cat\/cda-tarragona\/wp-json\/wp\/v2\/types\/page"}],"author":[{"embeddable":true,"href":"https:\/\/serveiseducatius.xtec.cat\/cda-tarragona\/wp-json\/wp\/v2\/users\/1"}],"replies":[{"embeddable":true,"href":"https:\/\/serveiseducatius.xtec.cat\/cda-tarragona\/wp-json\/wp\/v2\/comments?post=16133"}],"version-history":[{"count":6,"href":"https:\/\/serveiseducatius.xtec.cat\/cda-tarragona\/wp-json\/wp\/v2\/pages\/16133\/revisions"}],"predecessor-version":[{"id":16185,"href":"https:\/\/serveiseducatius.xtec.cat\/cda-tarragona\/wp-json\/wp\/v2\/pages\/16133\/revisions\/16185"}],"wp:attachment":[{"href":"https:\/\/serveiseducatius.xtec.cat\/cda-tarragona\/wp-json\/wp\/v2\/media?parent=16133"}],"curies":[{"name":"wp","href":"https:\/\/api.w.org\/{rel}","templated":true}]}}