{"id":11937,"date":"2025-05-16T13:50:28","date_gmt":"2025-05-16T11:50:28","guid":{"rendered":"https:\/\/serveiseducatius.xtec.cat\/cda-flix\/?page_id=11937"},"modified":"2025-05-16T13:58:27","modified_gmt":"2025-05-16T11:58:27","slug":"sortides-primaria-nou","status":"publish","type":"page","link":"https:\/\/serveiseducatius.xtec.cat\/cda-flix\/modalitats\/sortides-primaria-nou\/","title":{"rendered":"Sortides Prim\u00e0ria"},"content":{"rendered":"\n<p><strong><mark style=\"background-color:rgba(0, 0, 0, 0)\" class=\"has-inline-color has-ast-global-color-0-color\">Les sortides per a alumnat d&#8217;Educaci\u00f3 Prim\u00e0ria<\/mark><\/strong> generalment s&#8217;ubiquen a l&#8217;espai natural de la <strong><mark style=\"background-color:rgba(0, 0, 0, 0)\" class=\"has-inline-color has-ast-global-color-0-color\">Reserva Natural de Sebes, seu del Cda de Flix<\/mark><\/strong> i segueixen les caracter\u00edstiques seg\u00fcents:<\/p>\n\n\n\n<div class=\"wp-block-getwid-tabs\" data-active-tab=\"0\"><ul class=\"wp-block-getwid-tabs__nav-links\"><\/ul>\n<div class=\"wp-block-getwid-tabs__nav-link\"><h6 class=\"wp-block-getwid-tabs__title-wrapper\"><a href=\"#\"><span class=\"wp-block-getwid-tabs__title\"><strong><mark style=\"background-color:rgba(0, 0, 0, 0)\" class=\"has-inline-color has-ast-global-color-0-color\">La sortida<\/mark><\/strong><\/span><\/a><\/h6><\/div><div class=\"wp-block-getwid-tabs__tab-content-wrapper\"><div class=\"wp-block-getwid-tabs__tab-content\">\n<h2 class=\"wp-block-heading has-medium-font-size\"><strong><mark style=\"background-color:rgba(0, 0, 0, 0)\" class=\"has-inline-color has-ast-global-color-0-color\">Caracter\u00edstiques de la sortida<\/mark><\/strong><\/h2>\n\n\n\n<ul class=\"wp-block-list\">\n<li style=\"font-size:15px\"><mark style=\"background-color:rgba(0, 0, 0, 0);color:#ba2dfd\" class=\"has-inline-color\"><strong>Les sortides s\u00f3n activitats d&#8217;un dia<\/strong>.<\/mark> Aquesta est\u00e0 focalitzada en un dels tres \u00e0mbits del CdA, i \u00e9s consensuada amb el nostre equip educatiu. Us assessorarem enfront als possibles dubtes que tingueu i us realitzarem la proposta de cronograma m\u00e9s coherent, atenen el m\u00e0xim possible la sol\u00b7licitud, tenint en compte la viabilitat de la demanda realitzada i l&#8217;experi\u00e8ncia del propi equip.<\/li>\n\n\n\n<li style=\"font-size:15px\">Es poden atendre <mark style=\"background-color:rgba(0, 0, 0, 0)\" class=\"has-inline-color has-ast-global-color-0-color\"><strong><mark style=\"background-color:rgba(0, 0, 0, 0)\" class=\"has-inline-color has-ast-global-color-0-color\"><strong>2 grups en un mateix dia de sortida de 25 alumnes, per tant, un m\u00e0xim de 50 alumnes per dia<\/strong><\/mark><\/strong>.<\/mark> En el cas de ser un grup m\u00e9s nombr\u00f3s, es pot estudiar cada cas amb l&#8217;equip educatiu i aix\u00ed, <strong>ubicar un dia consecutiu m\u00e9s en el calendari (segons les possibilitats).<\/strong><\/li>\n\n\n\n<li style=\"font-size:15px\">Les activitats es realitzen entre les <strong><mark style=\"background-color:rgba(0, 0, 0, 0);color:#3366ff\" class=\"has-inline-color\">9:00<\/mark>&nbsp;<\/strong>i les<strong> <mark style=\"background-color:rgba(0, 0, 0, 0);color:#3366ff\" class=\"has-inline-color\">17:00<\/mark>&nbsp;<\/strong>h aproximadament, adaptant-se a cada cas concret.<\/li>\n\n\n\n<li style=\"font-size:15px\">El <strong><mark style=\"background-color:rgba(0, 0, 0, 0);color:#00b36f\" class=\"has-inline-color\">cost<\/mark><\/strong> \u00e9s de <mark style=\"background-color:rgba(0, 0, 0, 0);color:#00b36f\" class=\"has-inline-color\"><strong>3<\/strong>\u00a0<strong>\u20ac<\/strong><\/mark> per alumne (\u00e9s igual a tots els camps d&#8217;aprenentatge), i en el qual podeu gaudir d&#8217;exempcions i\/o bonificacions en aquesta tarifa, segons estableix l&#8217;<a href=\"https:\/\/dogc.gencat.cat\/ca\/pdogc_canals_interns\/pdogc_resultats_fitxa\/?action=fitxa&amp;documentId=743883&amp;language=ca_ES\" target=\"_blank\" rel=\"noreferrer noopener\">ORDRE\/ENS\/163\/2016<\/a> (com per exemple alumnes de fam\u00edlies monoparentals, nombroses\u2026). <\/li>\n\n\n\n<li style=\"font-size:15px\">El <strong><mark style=\"background-color:rgba(0, 0, 0, 0);color:#ff9900\" class=\"has-inline-color\">centre educatiu \u00e9s el responsable<\/mark><\/strong> del despla\u00e7ament d&#8217;anada i tornada al Camp d&#8217;aprenentatge.<\/li>\n\n\n\n<li style=\"font-size:15px\"><mark style=\"background-color:rgba(0, 0, 0, 0);color:#cc0000\" class=\"has-inline-color\"><strong>Cal fer una lectura<\/strong>&nbsp;<strong>compartida<\/strong><\/mark> amb l&#8217;equip docent que assistir\u00e0 a l&#8217;estada del <strong>document<a href=\"http:\/\/xtec.gencat.cat\/web\/.content\/serveis\/cda\/inscripcio\/documents\/Revisio-Responsabilitats_centre_cda-eda-juliol-2020.pdf\" target=\"_blank\" rel=\"noreferrer noopener\"> <mark style=\"background-color:rgba(0, 0, 0, 0);color:#0000ff\" class=\"has-inline-color\">(clicar aqu\u00ed)<\/mark><\/a><\/strong>&nbsp;<strong><em>Responsabilitats del centre, del seu professorat, dels alumnes i dels professionals dels Cda\/Eda<\/em><\/strong>.<\/li>\n<\/ul>\n<\/div><\/div>\n\n\n\n<div class=\"wp-block-getwid-tabs__nav-link\"><h6 class=\"wp-block-getwid-tabs__title-wrapper\"><a href=\"#\"><span class=\"wp-block-getwid-tabs__title\"><strong><mark style=\"background-color:rgba(0, 0, 0, 0)\" class=\"has-inline-color has-ast-global-color-0-color\">Tem\u00e0tiques<\/mark><\/strong><\/span><\/a><\/h6><\/div><div class=\"wp-block-getwid-tabs__tab-content-wrapper\"><div class=\"wp-block-getwid-tabs__tab-content\">\n<h2 class=\"wp-block-heading has-medium-font-size\"><strong><mark style=\"background-color:rgba(0, 0, 0, 0)\" class=\"has-inline-color has-ast-global-color-0-color\">Tem\u00e0tiques<\/mark><\/strong><\/h2>\n\n\n\n<ul class=\"wp-block-list\">\n<li style=\"font-size:15px\"><strong><mark style=\"background-color:rgba(0, 0, 0, 0);color:#ff6600\" class=\"has-inline-color\">Segons l&#8217;hora d&#8217;arribada i de tornada<\/mark><\/strong> <strong><mark style=\"background-color:rgba(0, 0, 0, 0);color:#ff6600\" class=\"has-inline-color\">que el centre educatiu demana<\/mark><\/strong>, <strong>es dissenya una seq\u00fc\u00e8ncia que compta amb una o dues pr\u00e0ctiques d&#8217;aprenentatge.<\/strong> Aquesta informaci\u00f3 es t\u00e9 molt en compte a l&#8217;hora del disseny de la proposta de cronograma que des del Cda es realitza un cop observada la sol\u00b7licitud d&#8217;inscripci\u00f3, i si cal i \u00e9s viable, despr\u00e9s s&#8217;adequa buscant el major consens possible entre cda-centre educatiu, per tal de donar la millor resposta possible a les necessitats que presenta la situaci\u00f3.<\/li>\n\n\n\n<li style=\"font-size:15px\"><strong><mark style=\"background-color:rgba(0, 0, 0, 0);color:#ff9900\" class=\"has-inline-color\">\u00c9s molt important observar l&#8217;apartat TEM\u00c0TIQUES<\/mark><\/strong> per tal d&#8217;escollir activitats did\u00e0ctiques que s&#8217;adeq\u00fcin al nivell educatiu de l&#8217;alumnat amb que es vol participar amb modalitat de sortida al Cda de Flix, <strong>abans de fer la sol\u00b7licitud d&#8217;inscripci\u00f3.<\/strong> De no ser aix\u00ed, l&#8217;equip educatiu ser\u00e0 qui determinar\u00e0 quina activitat o activitats s&#8217;adeq\u00fcen m\u00e9s a cada situaci\u00f3 concreta.<\/li>\n\n\n\n<li style=\"font-size:15px\"><strong><mark style=\"background-color:rgba(0, 0, 0, 0)\" class=\"has-inline-color has-ast-global-color-1-color\">Activitats did\u00e0ctiques:<\/mark><\/strong>\u00a0seguint amb el fil conductor de la seq\u00fc\u00e8ncia did\u00e0ctica, es realitzaran activitats que fomentin la interacci\u00f3 amb el medi on t\u00e9 lloc l\u2019acci\u00f3 educativa, emmarcades amb la filosofia del Cda de Flix: <strong>materials reutilitzables i sostenibles, treball cooperatiu i construcci\u00f3 de l\u2019aprenentatge de manera col\u00b7laborativa<\/strong>, sempre sota una mirada l\u00fadicodid\u00e0ctica, i comptant amb la participaci\u00f3 de l\u2019equip docent del centre educatiu acompanyant l\u2019alumnat.<\/li>\n<\/ul>\n<\/div><\/div>\n\n\n\n<div class=\"wp-block-getwid-tabs__nav-link\"><h6 class=\"wp-block-getwid-tabs__title-wrapper\"><a href=\"#\"><span class=\"wp-block-getwid-tabs__title\"><strong><mark style=\"background-color:rgba(0, 0, 0, 0)\" class=\"has-inline-color has-ast-global-color-0-color\">Espais<\/mark><\/strong><\/span><\/a><\/h6><\/div><div class=\"wp-block-getwid-tabs__tab-content-wrapper\"><div class=\"wp-block-getwid-tabs__tab-content\">\n<h2 class=\"wp-block-heading has-medium-font-size\"><strong><mark style=\"background-color:rgba(0, 0, 0, 0)\" class=\"has-inline-color has-ast-global-color-0-color\">Espais<\/mark><\/strong><\/h2>\n\n\n\n<ul class=\"wp-block-list\">\n<li style=\"font-size:15px\"><strong><mark style=\"background-color:rgba(0, 0, 0, 0);color:#08b6fa\" class=\"has-inline-color\">Tal i com s&#8217;ha dit anteriorment, majorit\u00e0riament les sortides d&#8217;aquests nivells educatius<\/mark><\/strong> es duen a terme l&#8217;<strong>espai natural de la Reserva Natural de Sebes<\/strong>. All\u00ed s&#8217;hi duen a terme les activitats que es troben dins la tem\u00e0tica educativa <em>Entorn Natural, <\/em>(amb l&#8217;excepci\u00f3 de Fem Olives). Si la demanda \u00e9s referent a activitats de l&#8217;\u00e0mbit educatiu <em>Entorn Hist\u00f2ric<\/em>, tenen lloc al nucli urb\u00e0 de la poblaci\u00f3 de Flix i en els espais de la Batalla de l&#8217;Ebre del municipi. I finalment, si la demanda \u00e9s de l&#8217;\u00e0mbit <em>Entorn Energ\u00e8tic<\/em> la sortida t\u00e9 lloc l\u2019espai del Centre d\u2019Informaci\u00f3 de l\u2019Energia de la Central Nuclear d\u2019Asc\u00f3 (exclusivament Cicle Superior).<\/li>\n<\/ul>\n<\/div><\/div>\n\n\n\n<div class=\"wp-block-getwid-tabs__nav-link\"><h6 class=\"wp-block-getwid-tabs__title-wrapper\"><a href=\"#\"><span class=\"wp-block-getwid-tabs__title\"><strong><mark style=\"background-color:rgba(0, 0, 0, 0)\" class=\"has-inline-color has-ast-global-color-0-color\">Explora!<\/mark><\/strong><\/span><\/a><\/h6><\/div><div class=\"wp-block-getwid-tabs__tab-content-wrapper\"><div class=\"wp-block-getwid-tabs__tab-content\">\n<h2 class=\"wp-block-heading has-medium-font-size\"><strong><mark style=\"background-color:rgba(0, 0, 0, 0)\" class=\"has-inline-color has-ast-global-color-0-color\">Explora!<\/mark><\/strong><\/h2>\n\n\n\n<ul class=\"wp-block-list\">\n<li style=\"font-size:15px\"><mark style=\"background-color:rgba(0, 0, 0, 0);color:#ba2dfd\" class=\"has-inline-color\"><strong>Abans de la vostra arribada, us facilitarem acc\u00e9s a alguna activitat virtual d\u2019aprenentatge<\/strong> <strong>pr\u00e8via<\/strong><\/mark> del nostre espai <strong>EXPLORA!<\/strong>, aix\u00ed d\u2019aquesta manera ajudar-vos a presentar i\/o anticipar conceptes que complementaran les activitats de la vostra sortida. <strong>\u00c9s necessari que la realitzeu<\/strong>. Per a m\u00e9s informaci\u00f3, <em><a href=\"https:\/\/serveiseducatius.xtec.cat\/cda-flix\/explora\/que-es-lespai-explora\/\" data-type=\"page\" data-id=\"10269\">us emplacem a visitar l&#8217;apartat titulat EXPLORA!<\/a><\/em><\/li>\n<\/ul>\n<\/div><\/div>\n<\/div>\n","protected":false},"excerpt":{"rendered":"<p>Les sortides per a alumnat d&#8217;Educaci\u00f3 Prim\u00e0ria generalment s&#8217;ubiquen a l&#8217;espai natural de la Reserva Natural de Sebes, seu del Cda de Flix i segueixen les caracter\u00edstiques seg\u00fcents:<\/p>\n","protected":false},"author":1,"featured_media":0,"parent":8260,"menu_order":3,"comment_status":"closed","ping_status":"closed","template":"","meta":{"_bbp_topic_count":0,"_bbp_reply_count":0,"_bbp_total_topic_count":0,"_bbp_total_reply_count":0,"_bbp_voice_count":0,"_bbp_anonymous_reply_count":0,"_bbp_topic_count_hidden":0,"_bbp_reply_count_hidden":0,"_bbp_forum_subforum_count":0,"site-sidebar-layout":"default","site-content-layout":"","ast-site-content-layout":"default","site-content-style":"default","site-sidebar-style":"default","ast-global-header-display":"","ast-banner-title-visibility":"","ast-main-header-display":"","ast-hfb-above-header-display":"","ast-hfb-below-header-display":"","ast-hfb-mobile-header-display":"","site-post-title":"","ast-breadcrumbs-content":"","ast-featured-img":"","footer-sml-layout":"","theme-transparent-header-meta":"","adv-header-id-meta":"","stick-header-meta":"","header-above-stick-meta":"","header-main-stick-meta":"","header-below-stick-meta":"","astra-migrate-meta-layouts":"set","ast-page-background-enabled":"default","ast-page-background-meta":{"desktop":{"background-color":"var(--ast-global-color-4)","background-image":"","background-repeat":"repeat","background-position":"center center","background-size":"auto","background-attachment":"scroll","background-type":"","background-media":"","overlay-type":"","overlay-color":"","overlay-opacity":"","overlay-gradient":""},"tablet":{"background-color":"","background-image":"","background-repeat":"repeat","background-position":"center center","background-size":"auto","background-attachment":"scroll","background-type":"","background-media":"","overlay-type":"","overlay-color":"","overlay-opacity":"","overlay-gradient":""},"mobile":{"background-color":"","background-image":"","background-repeat":"repeat","background-position":"center center","background-size":"auto","background-attachment":"scroll","background-type":"","background-media":"","overlay-type":"","overlay-color":"","overlay-opacity":"","overlay-gradient":""}},"ast-content-background-meta":{"desktop":{"background-color":"var(--ast-global-color-5)","background-image":"","background-repeat":"repeat","background-position":"center center","background-size":"auto","background-attachment":"scroll","background-type":"","background-media":"","overlay-type":"","overlay-color":"","overlay-opacity":"","overlay-gradient":""},"tablet":{"background-color":"var(--ast-global-color-5)","background-image":"","background-repeat":"repeat","background-position":"center center","background-size":"auto","background-attachment":"scroll","background-type":"","background-media":"","overlay-type":"","overlay-color":"","overlay-opacity":"","overlay-gradient":""},"mobile":{"background-color":"var(--ast-global-color-5)","background-image":"","background-repeat":"repeat","background-position":"center center","background-size":"auto","background-attachment":"scroll","background-type":"","background-media":"","overlay-type":"","overlay-color":"","overlay-opacity":"","overlay-gradient":""}},"footnotes":""},"class_list":["post-11937","page","type-page","status-publish","hentry"],"post_mailing_queue_ids":[],"_links":{"self":[{"href":"https:\/\/serveiseducatius.xtec.cat\/cda-flix\/wp-json\/wp\/v2\/pages\/11937","targetHints":{"allow":["GET"]}}],"collection":[{"href":"https:\/\/serveiseducatius.xtec.cat\/cda-flix\/wp-json\/wp\/v2\/pages"}],"about":[{"href":"https:\/\/serveiseducatius.xtec.cat\/cda-flix\/wp-json\/wp\/v2\/types\/page"}],"author":[{"embeddable":true,"href":"https:\/\/serveiseducatius.xtec.cat\/cda-flix\/wp-json\/wp\/v2\/users\/1"}],"replies":[{"embeddable":true,"href":"https:\/\/serveiseducatius.xtec.cat\/cda-flix\/wp-json\/wp\/v2\/comments?post=11937"}],"version-history":[{"count":2,"href":"https:\/\/serveiseducatius.xtec.cat\/cda-flix\/wp-json\/wp\/v2\/pages\/11937\/revisions"}],"predecessor-version":[{"id":11951,"href":"https:\/\/serveiseducatius.xtec.cat\/cda-flix\/wp-json\/wp\/v2\/pages\/11937\/revisions\/11951"}],"up":[{"embeddable":true,"href":"https:\/\/serveiseducatius.xtec.cat\/cda-flix\/wp-json\/wp\/v2\/pages\/8260"}],"wp:attachment":[{"href":"https:\/\/serveiseducatius.xtec.cat\/cda-flix\/wp-json\/wp\/v2\/media?parent=11937"}],"curies":[{"name":"wp","href":"https:\/\/api.w.org\/{rel}","templated":true}]}}