{"id":558,"date":"2013-12-10T07:43:17","date_gmt":"2013-12-10T07:43:17","guid":{"rendered":"http:\/\/blocs.xtec.cat\/cdadelta\/?page_id=558"},"modified":"2023-02-27T14:28:11","modified_gmt":"2023-02-27T13:28:11","slug":"sortides-faqs-preguntes-i-respostes","status":"publish","type":"page","link":"https:\/\/serveiseducatius.xtec.cat\/cda-delta\/modalitats\/sortides-faqs-preguntes-i-respostes\/","title":{"rendered":"FAQ. Preguntes m\u00e9s freq\u00fcents del professorat de les Sortides"},"content":{"rendered":"<p><strong>Com podem trobar informaci\u00f3 dels Camps d\u2019Aprenentatge?<\/strong><\/p>\n<p>Al portal web de l\u2019Xtec, en l\u2019apartat Serveis educatius-Camps d\u2019Aprenentatge, podeu trobar tota la informaci\u00f3 referent al funcionament dels CdA i les dades b\u00e0siques de la xarxa de Camps: <a href=\"http:\/\/xtec.gencat.cat\/ca\/serveis\/sesc\/cda\/inscripcio\/index.html\" target=\"_blank\" rel=\"noopener noreferrer\">http:\/\/xtec.gencat.cat\/ca\/serveis\/sesc\/cda\/inscripcio\/index.html<\/a>.<\/p>\n<p>En aquest web del CdA del delta de l\u2019Ebre que esteu visitant podeu trobar la informaci\u00f3 espec\u00edfica del nostre CdA: <a href=\"https:\/\/serveiseducatius.xtec.cat\/cda-delta\/\">https:\/\/serveiseducatius.xtec.cat\/cda-delta\/<\/a><\/p>\n<p><strong>Quan es demanen els Camps d\u2019Aprenentatge?<\/strong><\/p>\n<p>Normalment el per\u00edode de preinscripcions, per a fer una o m\u00e9s sortides el curs seg\u00fcent,\u00a0\u00e9s durant la segona quinzena del mes de maig. El Departament publica pr\u00e8viament, al portal de Camps d\u2019Aprenentatge de l\u2019Xtec, el per\u00edode d\u2019inscripci\u00f3 exacte i les condicions concretes de cada curs.<\/p>\n<p>Fora d\u2019aquest per\u00edode, cal trucar directament al CdA per veure si encara queden vacants disponibles.<\/p>\n<p><strong>Qu\u00e8 \u00e9s la preinscripci\u00f3?<\/strong><\/p>\n<p>\u00c9s la sol\u00b7licitud que s\u2019ha d\u2019emplenar al mes de maig amb <i>l\u2019aplicatiu<\/i> <i>CAMP\u00a0<\/i>per poder demanar Estades o Sortides en un Camp d\u2019Aprenentatge. En el cas de ser acceptada i adjudicada pel CdA corresponent, cal fer posteriorment, durant el mes de setembre, la <i>inscripci\u00f3 definitiva<\/i>.<\/p>\n<p><strong>Qu\u00e8 \u00e9s l\u2019aplicatiu CAMP?<\/strong><\/p>\n<p>\u00c9s el portal d\u2019internet on heu d\u2019entrar \u2013 amb un identificador GICAR\u00a0\u2013 per fer la preinscripci\u00f3 o sol\u00b7licitud d&#8217;activitats amb alumnes a qualsevol Camp d\u2019Aprenentatge. Tamb\u00e9 \u00e9s el lloc on es poden consultar, al final de juny, les dates adjudicades o la no adjudicaci\u00f3 &#8211; segons les disponibilitats del CdA. Si us ha estat adjudicada l&#8217;activitat que heu demanat, caldr\u00e0 acceptar aquesta adjudicaci\u00f3 en el mateix aplicatiu.<\/p>\n<p>A partir d\u2019aquest moment,\u00a0 al setembre, es contacta ja directament amb el CdA corresponent.<\/p>\n<p><strong>Qu\u00e8 s\u2019ha de fer al setembre?<\/strong><\/p>\n<p>Assistir a la Trobada de Coordinaci\u00f3 (TC) en la data que convoqui el CdA, i trametre el full d\u2019inscripci\u00f3 definitiva.<\/p>\n<p><strong>Qu\u00e8 \u00e9s la Trobada de Coodinaci\u00f3 (TC)?<\/strong><\/p>\n<p>Una jornada que es fa al mateix CdA durant un mat\u00ed, sovint al mes de setembre o gener, amb el professorat que ha de venir a fer una sortida.<\/p>\n<p>Els objectius de la TC s\u00f3n: con\u00e8ixer l\u2019oferta del CdA, coordinar les q\u00fcestions organitzatives i pedag\u00f2giques, concretar les compet\u00e8ncies b\u00e0siques i preparar el treball previ al centre.<\/p>\n<p>El Departament d\u2019Ensenyament considera obligat\u00f2ria l\u2019assist\u00e8ncia per als professors que han de venir amb els alumnes.<\/p>\n<p><strong>Com inscriure\u2019s en una Trobada de Coordinaci\u00f3?<\/strong><\/p>\n<p>Cal consultar el codi GTAF i fer la inscripci\u00f3 telem\u00e0tica pr\u00e8via com en qualsevol altre curs de formaci\u00f3.<\/p>\n<p><strong>Qu\u00e8 \u00e9s el full d\u2019inscripci\u00f3 definitiu?<\/strong><\/p>\n<p>Aquest document \u00e9s el \u201ccontracte\u201d definitiu signat per la direcci\u00f3 del centre, i \u00e9s indispensable per a confirmar la sortida amb el CdA. S\u2019ha de fer arribar abans del dia 30 de setembre.<\/p>\n<p><strong>On trobo el full d\u2019inscripci\u00f3 definitiu?<\/strong><\/p>\n<p>Es pot trobar\u00a0en l&#8217;aplicatiu CAMPS on es va fer la sol\u00b7licitud.<\/p>\n<p><strong>Quant val la sortida?<\/strong><\/p>\n<p>Es paga la quota d\u2019activitat-aprenentatge, que actualment son 3\u20ac per alumne i sortida.<\/p>\n<p>El Departament fixa cada curs els preus dels CdA \u00a0i els publica al web general dels CdA, en l\u2019apartat <em>Inscripci\u00f3 i quotes<\/em>.<\/p>\n<p><strong>A qui es paga la Sortida?<\/strong><\/p>\n<p>Al Camp d\u2019Aprenentatge.<\/p>\n<p><strong>Com i quan s\u2019ha de pagar la sortida?<\/strong><\/p>\n<p>La quota es paga el dia de la sortida.<\/p>\n<p>Es pot fer per transfer\u00e8ncia banc\u00e0ria. No s\u2019accepten targetes banc\u00e0ries.\u00a0 El n\u00famero de CC \u00e9s: <strong>2100-0140-97-0200275324<\/strong> <strong>(IBAN: ES47 2100 0140 9702 0027 5324).<\/strong><\/p>\n<p><strong>Hi ha descomptes de la quota?<\/strong><\/p>\n<p>Els descomptes i gratu\u00eftats estan especificats en l&#8217;article 4 de l&#8217;<a href=\"http:\/\/www.xtec.cat\/alfresco\/d\/d\/workspace\/SpacesStore\/8db13f98-bb19-40aa-870d-a1640179e5da\/Ordre%20ENS-188-2012-2012-06-22.pdf\">Ordre ENS\/188\/2012<\/a>:<\/p>\n<ul>\n<li>Carnets de fam\u00edlia nombrosa \/ monoparental de car\u00e0cter <span style=\"text-decoration: underline;\">general<\/span>: meitat de preu.<\/li>\n<li>Carnets de fam\u00edlia nombrosa \/ monoparental de car\u00e0cter <span style=\"text-decoration: underline;\">especial<\/span>: \u00e9s gratu\u00eft.<\/li>\n<\/ul>\n<p>(Als carnets posa si \u00e9s &#8220;General&#8221; o \u00e9s &#8220;Especial&#8221;)<\/p>\n<ul>\n<li>Minusvalidesa de m\u00e9s del 33%: gratis.<\/li>\n<li>Fam\u00edlia directa de v\u00edctimes d&#8217;actes terroristes: gratis.<\/li>\n<\/ul>\n<p>Per aplicar-los, cal que ens porteu el <a style=\"font-family: inherit; font-size: 1em;\" href=\"https:\/\/serveiseducatius.xtec.cat\/cda-delta\/wp-content\/uploads\/usu1384\/2021\/09\/Certificat-bonificacions-i-exempcions.pdf\" target=\"_blank\" rel=\"noopener\">certificat de carnets bonificacions i exempcions <\/a>degudament emplenat.<\/p>\n<p><strong>Hi ha alguna despesa m\u00e9s a fer?<\/strong><\/p>\n<p>El centre educatiu s&#8217;ha de fer c\u00e0rrec del transport \u2013 normalment autocar \u2013 per a venir al CdA o per a fer la sortida, segons la sortida escollida i el que s\u2019ha fixat a la TC.<\/p>\n<p>Algunes sortides poden requerir una despesa extra de transport o de visita, la qual cosa es comunica i concreta a la Trobada de Coordinaci\u00f3.<\/p>\n<p><strong>Qu\u00e8 han de portar els alumnes a la Sortida?<\/strong><\/p>\n<p>Una motxilla petita i c\u00f2moda per a l\u2019\u00fas diari, on els pugui cabre el quadern, la carpeta, els llapis, una cantimplora o ampolla d&#8217;aigua, \u00a0el dinar, i la jaqueta o roba per protegir-se de la pluja o el \u00a0vent.<\/p>\n<p><strong>Es poden utilitzar m\u00f2bils?<\/strong><\/p>\n<p>No se&#8217;n poden utilitzar durant les activitats.<\/p>\n<p><strong>Qu\u00e8 s\u2019ha de fer abans de venir a la Sortida?<\/strong><\/p>\n<ul>\n<li>Imprimir els quaderns dels alumnes.<\/li>\n<li>Fer les activitats pr\u00e8vies, amb el alumnes, que s\u2019han fixat i pactat a la TC.<\/li>\n<li>Comunicar als alumnes tot el que han de saber (coses que han de portar&#8230;)<\/li>\n<li>Organitzar grups de treball, si cal.<\/li>\n<\/ul>\n<p><strong>Hi ha un quadern de treball?<\/strong><\/p>\n<p>S\u00ed. El quadern de treball est\u00e0 al web del CdA i s&#8217;ha de\u00a0descarregar i imprimir al centre abans de vindre per a tots els alumnes, segons el que s\u2019hagi pactat a la Trobada de Coordinaci\u00f3.<\/p>\n<p>&nbsp;<\/p>\n<p><strong>On puc trobar la informaci\u00f3 que m\u2019interessa al web del Camp?<\/strong><\/p>\n<p>En el men\u00fa \u201cSortida\u201d, hi ha el cat\u00e0leg de Sortides i tots els materials de suport \u00a0per a descarregar.<\/p>\n<p>Els aspectes referents a la inscripci\u00f3, a les quotes i a la normativa d\u2019\u00fas, es poden consultar en el web general de Camps d\u2019Aprenentatge de l\u2019Xtec, en l\u2019apartat <em>Inscripci\u00f3 i quotes<\/em>.<\/p>\n<p><strong>Falta una setmana per a venir. Qu\u00e8 cal fer?<\/strong><\/p>\n<p>Nom\u00e9s cal fer una trucada un o dos dies laborables previs a la sortida per a confirmar l\u2019hora i el lloc\u00a0 de trobada.<\/p>\n<p><strong>On hem d&#8217;anar?<\/strong><\/p>\n<p>A la TC es fixa el lloc i l&#8217;hora de trobada i de finalitzaci\u00f3 per a cada Sortida.<\/p>\n<p><strong>Qu\u00e8 es fa en cas de previsi\u00f3 de mal temps?<\/strong><\/p>\n<p>Cal contactar amb el CdA per pactar si es modifica, ajorna o anul\u00b7la la Sortida.<\/p>\n<p>El Camp es reserva sempre el dret d&#8217;anul\u00b7lar o modificar una activitat, quan es donin les condicions meteorol\u00f2giques o situacions no previstes que es considerin de risc.<\/p>\n<p><strong>Amb quins nivells o edats es pot fer una Sortida?<\/strong><\/p>\n<p>El Camp d\u2019Aprenentatge del Delta fa activitats a partir de Cicle Mitj\u00e0 de Prim\u00e0ria. Consulteu al cat\u00e0leg de Sortides els nivells a qu\u00e8 est\u00e0 adre\u00e7ada cadascuna.<\/p>\n<p><strong>Hi ha un nombre m\u00e0xim o m\u00ednim d\u2019alumnes per fer la Sortida?<\/strong><\/p>\n<p>Consulteu al cat\u00e0leg de Sortides la capacitat m\u00e0xima de cadascuna, condicionada pel treball que es vol fer i el lloc on ens desplacem.<\/p>\n<p>Heu de tenir en compte que, segons el projecte educatiu del CdA i les peculiaritats de la seva metodologia, no solem treballar amb grups majors de 35 alumnes en una mateixa Sortida.<\/p>\n<p><strong>Hem d\u2019avisar si portem alumnes amb alguna minusvalidesa o trastorn de conducta?<\/strong><\/p>\n<p>\u00c9s convenient comentar-ho a la TC per a tenir-ho en compte de cara a les activitats, a la infraestructura i a l\u2019atenci\u00f3 i tracte amb els alumnes.<\/p>\n<p><strong>En els itineraris en bici, qu\u00e8 fem si algun alumne no pot anar en bici?<\/strong><\/p>\n<p>A les sortides en bici hi ha l\u2019assist\u00e8ncia d\u2019una furgoneta per portar el material del CdA i per a casos d\u2019emerg\u00e8ncia. Hi ha 2 o 3 places vacants. Si algun alumne hi ha d&#8217;anar, per poder venir a la sortida, ja que no pot anar en bici o no en sap, cal que porteu un\u00a0 full d\u2019autoritzaci\u00f3 signat pel pare o tutor.<\/p>\n<p>Podeu trobar aquest full en l\u2019apartat <em>Materials de suport<\/em> del nostre web.<\/p>\n<p>Cal, per tant, que pregunteu pr\u00e8viament als alumnes, per preveure la situaci\u00f3, o fins i tot podeu fer una petita gimcana al centre per veure si hi ha alg\u00fa que no sap anar en bici.<\/p>\n<p><strong>Qu\u00e8 fem amb tot el treball que s\u2019ha fet a la sortida?<\/strong><\/p>\n<p>Podeu continuar treballant, posteriorment, al vostre centre, tots els continguts, procediments, compet\u00e8ncies i q\u00fcestions que considereu del vostre inter\u00e8s.<\/p>\n<p>Un dels objectius del projecte educatiu del Camp \u00e9s que el treball de la sortida serveixi per a poder desenvolupar el vostre curr\u00edculum amb l&#8217;alumnat, i aquesta \u00e9s una de les q\u00fcestions que ens diferencia de les cases de col\u00f2nies i altres equipaments.<\/p>\n","protected":false},"excerpt":{"rendered":"<p>Com podem trobar informaci\u00f3 dels Camps d\u2019Aprenentatge? Al portal web de l\u2019Xtec, en l\u2019apartat Serveis educatius-Camps d\u2019Aprenentatge, podeu trobar tota la informaci\u00f3 referent al funcionament dels CdA i les dades b\u00e0siques de la xarxa de Camps: http:\/\/xtec.gencat.cat\/ca\/serveis\/sesc\/cda\/inscripcio\/index.html. En aquest web del CdA del delta de l\u2019Ebre que esteu visitant podeu trobar la informaci\u00f3 espec\u00edfica del [&hellip;]<\/p>\n","protected":false},"author":1,"featured_media":0,"parent":8260,"menu_order":0,"comment_status":"closed","ping_status":"closed","template":"","meta":{"_bbp_topic_count":0,"_bbp_reply_count":0,"_bbp_total_topic_count":0,"_bbp_total_reply_count":0,"_bbp_voice_count":0,"_bbp_anonymous_reply_count":0,"_bbp_topic_count_hidden":0,"_bbp_reply_count_hidden":0,"_bbp_forum_subforum_count":0,"site-sidebar-layout":"default","site-content-layout":"","ast-site-content-layout":"","site-content-style":"default","site-sidebar-style":"default","ast-global-header-display":"","ast-banner-title-visibility":"","ast-main-header-display":"","ast-hfb-above-header-display":"","ast-hfb-below-header-display":"","ast-hfb-mobile-header-display":"","site-post-title":"","ast-breadcrumbs-content":"","ast-featured-img":"","footer-sml-layout":"","theme-transparent-header-meta":"","adv-header-id-meta":"","stick-header-meta":"","header-above-stick-meta":"","header-main-stick-meta":"","header-below-stick-meta":"","astra-migrate-meta-layouts":"default","ast-page-background-enabled":"default","ast-page-background-meta":{"desktop":{"background-color":"var(--ast-global-color-4)","background-image":"","background-repeat":"repeat","background-position":"center center","background-size":"auto","background-attachment":"scroll","background-type":"","background-media":"","overlay-type":"","overlay-color":"","overlay-opacity":"","overlay-gradient":""},"tablet":{"background-color":"","background-image":"","background-repeat":"repeat","background-position":"center center","background-size":"auto","background-attachment":"scroll","background-type":"","background-media":"","overlay-type":"","overlay-color":"","overlay-opacity":"","overlay-gradient":""},"mobile":{"background-color":"","background-image":"","background-repeat":"repeat","background-position":"center center","background-size":"auto","background-attachment":"scroll","background-type":"","background-media":"","overlay-type":"","overlay-color":"","overlay-opacity":"","overlay-gradient":""}},"ast-content-background-meta":{"desktop":{"background-color":"var(--ast-global-color-5)","background-image":"","background-repeat":"repeat","background-position":"center center","background-size":"auto","background-attachment":"scroll","background-type":"","background-media":"","overlay-type":"","overlay-color":"","overlay-opacity":"","overlay-gradient":""},"tablet":{"background-color":"var(--ast-global-color-5)","background-image":"","background-repeat":"repeat","background-position":"center center","background-size":"auto","background-attachment":"scroll","background-type":"","background-media":"","overlay-type":"","overlay-color":"","overlay-opacity":"","overlay-gradient":""},"mobile":{"background-color":"var(--ast-global-color-5)","background-image":"","background-repeat":"repeat","background-position":"center center","background-size":"auto","background-attachment":"scroll","background-type":"","background-media":"","overlay-type":"","overlay-color":"","overlay-opacity":"","overlay-gradient":""}},"footnotes":""},"class_list":["post-558","page","type-page","status-publish","hentry"],"post_mailing_queue_ids":[],"_links":{"self":[{"href":"https:\/\/serveiseducatius.xtec.cat\/cda-delta\/wp-json\/wp\/v2\/pages\/558","targetHints":{"allow":["GET"]}}],"collection":[{"href":"https:\/\/serveiseducatius.xtec.cat\/cda-delta\/wp-json\/wp\/v2\/pages"}],"about":[{"href":"https:\/\/serveiseducatius.xtec.cat\/cda-delta\/wp-json\/wp\/v2\/types\/page"}],"author":[{"embeddable":true,"href":"https:\/\/serveiseducatius.xtec.cat\/cda-delta\/wp-json\/wp\/v2\/users\/1"}],"replies":[{"embeddable":true,"href":"https:\/\/serveiseducatius.xtec.cat\/cda-delta\/wp-json\/wp\/v2\/comments?post=558"}],"version-history":[{"count":3,"href":"https:\/\/serveiseducatius.xtec.cat\/cda-delta\/wp-json\/wp\/v2\/pages\/558\/revisions"}],"predecessor-version":[{"id":10429,"href":"https:\/\/serveiseducatius.xtec.cat\/cda-delta\/wp-json\/wp\/v2\/pages\/558\/revisions\/10429"}],"up":[{"embeddable":true,"href":"https:\/\/serveiseducatius.xtec.cat\/cda-delta\/wp-json\/wp\/v2\/pages\/8260"}],"wp:attachment":[{"href":"https:\/\/serveiseducatius.xtec.cat\/cda-delta\/wp-json\/wp\/v2\/media?parent=558"}],"curies":[{"name":"wp","href":"https:\/\/api.w.org\/{rel}","templated":true}]}}