{"id":557,"date":"2013-12-10T07:42:54","date_gmt":"2013-12-10T07:42:54","guid":{"rendered":"http:\/\/blocs.xtec.cat\/cdadelta\/?page_id=557"},"modified":"2023-02-27T14:29:08","modified_gmt":"2023-02-27T13:29:08","slug":"estades-faqs-preguntes-i-respostes","status":"publish","type":"page","link":"https:\/\/serveiseducatius.xtec.cat\/cda-delta\/estades-faqs-preguntes-i-respostes\/","title":{"rendered":"FAQ. Preguntes m\u00e9s freq\u00fcents del professorat de l&#8217;Estada"},"content":{"rendered":"<p align=\"center\"><b><a href=\"https:\/\/serveiseducatius.xtec.cat\/cda-delta\/wp-content\/uploads\/usu1384\/2019\/02\/capc_torreta.jpg\"><img loading=\"lazy\" decoding=\"async\" class=\"alignnone size-full wp-image-8614\" src=\"https:\/\/serveiseducatius.xtec.cat\/cda-delta\/wp-content\/uploads\/usu1384\/2019\/02\/capc_torreta.jpg\" alt=\"\" width=\"1000\" height=\"229\" srcset=\"https:\/\/serveiseducatius.xtec.cat\/cda-delta\/wp-content\/uploads\/usu1384\/2019\/02\/capc_torreta.jpg 1000w, https:\/\/serveiseducatius.xtec.cat\/cda-delta\/wp-content\/uploads\/usu1384\/2019\/02\/capc_torreta-300x69.jpg 300w, https:\/\/serveiseducatius.xtec.cat\/cda-delta\/wp-content\/uploads\/usu1384\/2019\/02\/capc_torreta-768x176.jpg 768w\" sizes=\"auto, (max-width: 1000px) 100vw, 1000px\" \/><\/a>\u00a0<\/b><\/p>\n<p><strong>Com podem trobar informaci\u00f3 dels Camps d\u2019Aprenentatge?<\/strong><\/p>\n<p>Al portal web de l\u2019Xtec, en l&#8217;apartat Serveis educatius-Camps d\u2019Aprenentatge, podeu trobar tota la informaci\u00f3 referent al funcionament dels CdA i les dades b\u00e0siques de la xarxa de Camps: <a href=\"http:\/\/xtec.gencat.cat\/ca\/serveis\/sesc\/cda\/inscripcio\/index.html\" target=\"_blank\" rel=\"noopener noreferrer\">http:\/\/xtec.gencat.cat\/ca\/serveis\/sesc\/cda\/inscripcio\/index.html<\/a><\/p>\n<p>En aquest web del CdA del delta de l\u2019Ebre que esteu visitant podeu trobar la informaci\u00f3 espec\u00edfica del nostre CdA: <a href=\"https:\/\/serveiseducatius.xtec.cat\/cda-delta\/\" target=\"_blank\" rel=\"noopener noreferrer\">https:\/\/serveiseducatius.xtec.cat\/cda-delta\/<\/a><\/p>\n<p><strong>Quan es demanen els Camps d\u2019Aprenentatge?<\/strong><\/p>\n<p>Normalment, \u00a0el per\u00edode de preinscripcions, \u00a0per a fer una estada el curs seg\u00fcent, \u00e9s durant\u00a0\u00a0la segona quinzena del mes de maig. El Departament publica pr\u00e8viament, al portal de Camps d\u2019Aprenentatge de l\u2019Xtec, el per\u00edode d\u2019inscripci\u00f3 exacte i les condicions concretes de cada curs.<\/p>\n<p>Fora d\u2019aquest per\u00edode, caldr\u00e0 trucar directament al CdA per veure si encara queden vacants disponibles.<\/p>\n<p><strong>Qu\u00e8 \u00e9s la preinscripci\u00f3?<\/strong><\/p>\n<p>\u00c9s la sol\u00b7licitud que s\u2019ha d\u2019emplenar al mes de maig amb <i>l\u2019aplicatiu<\/i> <i>CAMPS\u00a0<\/i>per poder demanar Estades o Sortides en un Camp d\u2019Aprenentatge. En el cas de ser acceptada i adjudicada pel CdA corresponent, cal fer posteriorment, durant el mes de setembre, la <i>inscripci\u00f3 definitiva<\/i>.<\/p>\n<p><strong>Qu\u00e8 \u00e9s l\u2019aplicatiu CAMPS?<\/strong><\/p>\n<p>\u00c9s el portal d\u2019internet \u00a0\u00a0<a href=\"https:\/\/aplicacions.gestioeducativa.gencat.cat\/pls\/apex\/f?p=camps\" target=\"_blank\" rel=\"noopener noreferrer\">https:\/\/aplicacions.gestioeducativa.gencat.cat\/pls\/apex\/f?p=camps \u00a0<\/a>on heu d\u2019entrar \u2013 amb l\u2019identificador d&#8217;un usuari amb identificaci\u00f3 GICAR \u2013 per fer la preinscripci\u00f3 o sol\u00b7licitud d&#8217;activitats amb alumnes a qualsevol Camp d\u2019Aprenentatge. Tamb\u00e9 \u00e9s el lloc on es poden consultar, al final de juny, les dates adjudicades o la no adjudicaci\u00f3 &#8211; segons les disponibilitats del CdA. Si us ha estat adjudicada l&#8217;activitat que heu demanat, caldr\u00e0 acceptar o no aquesta adjudicaci\u00f3 en el mateix aplicatiu.<\/p>\n<p>A partir d\u2019aquest moment,\u00a0 al setembre, es contacta ja directament amb el CdA corresponent.<\/p>\n<p><strong>Qu\u00e8 s\u2019ha de fer al setembre?<\/strong><\/p>\n<p>Assistir a la Trobada de Coordinaci\u00f3 (TC) en la data que convoqui el CdA i, \u00a0abans del 30 de setembre, fer l\u2019inscripci\u00f3 definitiva i pagar una bestreta.<\/p>\n<p><strong>Qu\u00e8 \u00e9s la Trobada de Coodinaci\u00f3 (TC)?<\/strong><\/p>\n<p>Una jornada que es fa al mateix CdA durant un mat\u00ed, sovint al mes de setembre, amb el professorat que ha de venir a fer una estada.<\/p>\n<p>Els objectius de la TC s\u00f3n: con\u00e8ixer l\u2019oferta del CdA, concretar les compet\u00e8ncies a desenvolupar, veure les instal\u00b7lacions, coordinar les q\u00fcestions organitzatives i pedag\u00f2giques de l\u2019estada, i preparar el treball previ al centre.<\/p>\n<p>El Departament d\u2019Ensenyament considera obligat\u00f2ria l\u2019assist\u00e8ncia per als professors que han de venir amb els alumnes.<\/p>\n<p><strong>Com inscriure\u2019s en una Trobada de Coordinaci\u00f3?<\/strong><\/p>\n<p>Cal consultar el codi GTAF i fer la inscripci\u00f3 telem\u00e0tica pr\u00e8via com en qualsevol altre curs de formaci\u00f3.<\/p>\n<p><strong>Qu\u00e8 \u00e9s el full d\u2019inscripci\u00f3 definitiu?<\/strong><\/p>\n<p>Aquest document \u00e9s el \u201ccontracte\u201d definitiu signat per la direcci\u00f3 del centre, i \u00a0\u00e9s indispensable per a confirmar l\u2019estada al CdA. S\u2019ha de fer arribar abans del dia 30 de setembre.<\/p>\n<p><strong>On trobo el full d\u2019inscripci\u00f3 definitiu?<\/strong><\/p>\n<p>En el mateix aplicatiu CAMPS on es va fer la sol\u00b7licitud, una vegada acceptada.<\/p>\n<p><strong>Qu\u00e8 \u00e9s la bestreta?<\/strong><\/p>\n<p>\u00c9s un avan\u00e7ament de diners a c\u00e0rrec del preu de la <em>quota d\u2019allotjament<\/em> de l\u2019Estada que cal fer abans del 30 de setembre. Es tracta d\u2019un \u00a010% aproximat del preu estimat en aquell moment.<\/p>\n<p><strong>Quant val l\u2019estada?<\/strong><\/p>\n<p>El Departament fixa els preus dels CdA cada curs i els publica al web general dels CdA en l\u2019apartat <em>Inscripci\u00f3 i quotes<\/em>. Hi ha dos tipus de quotes:<\/p>\n<ul>\n<li>Quota d\u2019allotjament. \u00a0L&#8217;han de pagar\u00a0alumnes i professors.<\/li>\n<li>Quota d\u2019activitat. L&#8217;han de pagar\u00a0nom\u00e9s els alumnes.<\/li>\n<\/ul>\n<p><strong>A qui es paguen les quotes de l\u2019Estada?<\/strong><\/p>\n<p>Al Camp d\u2019Aprenentatge.<\/p>\n<p><strong>Com i quan s\u2019ha de pagar l\u2019estada?<\/strong><\/p>\n<p>La quota d\u2019activitat i la quota d\u2019allotjament es paguen el primer dia de l\u2019Estada.<\/p>\n<p>Es pot fer per transfer\u00e8ncia banc\u00e0ria. No s\u2019accepten targetes banc\u00e0ries. El n\u00famero de c\/c \u00e9s <strong>2100-0140-97-0200275324<\/strong> <strong>(IBAN: ES47 2100 0140 9702 0027 5324)<\/strong><\/p>\n<p>Es descomptar\u00e0 de la quota d\u2019allotjament l\u2019import que s\u2019hagi avan\u00e7at en la bestreta feta al setembre.<\/p>\n<p><strong>Hi ha descomptes de la quota?<\/strong><\/p>\n<p>Els descomptes i gratu\u00eftats estan especificats en l&#8217;article 4 de l&#8217;<a href=\"http:\/\/www.xtec.cat\/alfresco\/d\/d\/workspace\/SpacesStore\/8db13f98-bb19-40aa-870d-a1640179e5da\/Ordre%20ENS-188-2012-2012-06-22.pdf\">Ordre ENS\/188\/2012<\/a>:<\/p>\n<ul>\n<li>\u00a0 \u00a0 Carnets de fam\u00edlia nombrosa \/ monoparental de car\u00e0cter <span style=\"text-decoration: underline;\">general<\/span>: meitat de preu.<\/li>\n<li>\u00a0 \u00a0 Carnets de fam\u00edlia nombrosa \/ monoparental de car\u00e0cter <span style=\"text-decoration: underline;\">especial<\/span>: \u00e9s gratu\u00eft.<\/li>\n<\/ul>\n<p>(Als carnets posa si \u00e9s <em>genera<\/em>l o \u00e9s <em>especial<\/em>)<\/p>\n<ul>\n<li>\u00a0 \u00a0 Minusvalidesa de m\u00e9s del 33%: gratis<\/li>\n<li>\u00a0 \u00a0 Fam\u00edlia directa de v\u00edctimes d&#8217;actes terroristes: gratis.<\/li>\n<\/ul>\n<p>Aquests descomptes s&#8217;apliquen nom\u00e9s\u00a0a la quota d&#8217;activitats.<\/p>\n<p>Per aplicar-los, cal que ens porteu el\u00a0<a href=\"https:\/\/serveiseducatius.xtec.cat\/cda-delta\/wp-content\/uploads\/usu1384\/2021\/09\/Certificat-bonificacions-i-exempcions.pdf\" target=\"_blank\" rel=\"noopener\">certificat de carnets bonificacions i exempcions<\/a> degudament emplenat.<\/p>\n<p><strong>Quin \u00e9s el programa d\u2019activitats que es far\u00e0 a l\u2019estada?<\/strong><\/p>\n<p>A la <i>Trobada de Coordinaci\u00f3 (TC),<\/i> el Camp presenta la seva oferta i les diferents modalitats d\u2019estada, que tamb\u00e9 estan publicades al nostre web. En funci\u00f3 de les opcions disponibles i els interessos del centre, es fixar\u00e0 un programa espec\u00edfic per a cada estada.<\/p>\n<p>Si el centre no ha vingut a la trobada de coordinaci\u00f3, el CdA fixar\u00e0 el programa est\u00e0ndard i el comunicar\u00e0 al centre.<\/p>\n<p><strong>Hi ha alguna despesa m\u00e9s a fer durant l\u2019estada?<\/strong><\/p>\n<p>Les modalitats d\u2019estada que s\u2019ofereixen per omissi\u00f3 no presenten cap despesa m\u00e9s, per al centre, que les quotes d\u2019activitat i d\u2019allotjament que cal pagar el primer dia. Ara b\u00e9, el centre s&#8217;ha de fer c\u00e0rrec del transport per venir el primer dia i marxar el darrer dia.<\/p>\n<p>Nom\u00e9s en algunes modalitats d\u2019estada opcionals, pot haver-hi una despesa extra de transport, la qual cosa es comunica i concreta en la Trobada de Coordinaci\u00f3 quan es fixa la modalitat escollida.<\/p>\n<p>El darrer dia de l\u2019Estada, el CdA pot cobrar al centre estadant qualsevol desperfecte que s\u2019hagi ocasionat a l\u2019equipament o instal\u00b7lacions de manera negligent, aix\u00ed com la despesa de bugaderia de la roba de llit que s\u2019hagi \u00a0deixat als assistents.<\/p>\n<p><strong>Qu\u00e8 han de portar els alumnes a l\u2019estada?<\/strong><\/p>\n<p>. Una motxilla petita i c\u00f2moda per a l\u2019\u00fas diari, on els pugui cabre el quadern, la carpeta, els llapis, una cantimplora o ampolla per emplenar-la d\u2019aigua, la fruita o l\u2019entrep\u00e0 de mig mat\u00ed, i la jaqueta o roba per protegir-se de la pluja o el vent.<\/p>\n<p>. La \u00a0roba de llit seg\u00fcent\u00a0(alumnes i professors): un llen\u00e7ol per cobrir el matal\u00e0s, una coixinera per cobrir el coix\u00ed i un altre llen\u00e7ol per tapar-se o el sac de dormir. Com que \u00e9s obligatori l\u2019\u00fas de la roba de llit, si alg\u00fa no la porta, el Camp la hi deixar\u00e0, per\u00f2 caldr\u00e0 abonar el cost de bugaderia corresponent. El que s\u00ed que proporciona el Camp s\u00f3n mantes, si es requereixen.<\/p>\n<p>. Tamb\u00e9 cal portar tovall\u00f3 i, per descomptat, la tovallola i el necesser amb els estris d&#8217;higiene personal.<\/p>\n<p><strong>Els alumnes poden usar els seus m\u00f2bils?<\/strong><\/p>\n<p>No es poden utilitzar durant les activitats. Durant el temps lliure, queda a consideraci\u00f3 del professorat estadant. Respecte a la c\u00e0rrega, penseu que l\u2019allotjament no disposa d\u2019endolls o capacitat de l\u00ednia el\u00e8ctrica suficient per a un \u00fas intensiu.<\/p>\n<p>El Camp disposa de xarxa wifi a l\u2019edifici per al professorat, per\u00f2 no es donar\u00e0 la contrasenya a l\u2019alumnat. Els alumnes \u00a0tenen ordinadors amb internet a la seva disposici\u00f3.<\/p>\n<p><strong>Qu\u00e8 s\u2019ha de fer abans de venir a l\u2019estada?<\/strong><\/p>\n<ul>\n<li>Imprimir els quaderns dels alumnes.<\/li>\n<li>Fer les activitats pr\u00e8vies, amb l&#8217;alumnat, que s\u2019han fixat i pactat a la TC.<\/li>\n<li>Comunicar a l&#8217;alumnat tot el que han de saber (coses que han de portar&#8230;).<\/li>\n<li>Organitzar grups de dormitoris, menjador, etc.<\/li>\n<\/ul>\n<p><strong>Hi ha un quaderns de treball?<\/strong><\/p>\n<p>S\u00ed. Els quaderns de treball estan penjats al web del CdA i s&#8217;han de\u00a0descarregar i imprimir al centre abans de vindre per a tots els alumnes, segons el que s\u2019hagi pactat a la Trobada de Coordinaci\u00f3.<\/p>\n<p><strong>On puc consultar q\u00fcestions organitzatives i de l\u2019allotjament?<\/strong><\/p>\n<p>En el <i>Dossier informatiu<\/i> que es lliura a la Trobada de Coordinaci\u00f3, o consultant el nostre web.<\/p>\n<p><strong>On puc trobar la informaci\u00f3 que m\u2019interessa al web del Camp?<\/strong><\/p>\n<p>En el men\u00fa \u201cEstades\u201d trobareu les modalitats d\u2019estada i tots els materials de suport de l\u2019estada per descarregar.<\/p>\n<p>Els aspectes referents a la inscripci\u00f3, a les quotes i a la normativa d\u2019\u00fas, es poden consultar en el web general de Camps d\u2019Aprenentatge de l\u2019Xtec, en l\u2019apartat <em>Inscripci\u00f3 i quotes<\/em>.<\/p>\n<p><strong>Falta una setmana per a venir. Qu\u00e8 cal fer?<\/strong><\/p>\n<p>Trametre al Camp el <i>Full de dades estadants<\/i> on consten dades d\u2019import\u00e0ncia que cal confirmar\u00a0per a preparar l&#8217;estada , especialment les que afecten el servei de <em>catering<\/em>.<\/p>\n<p>Es troba al web del CdA, en l\u2019apartat de <em>Materials de suport<\/em> del men\u00fa d\u2019<em>Estades<\/em>.<\/p>\n<p><strong>El dia que sortim del centre a primera hora, cal avisar?<\/strong><\/p>\n<p>Nom\u00e9s si hi ha alguna variaci\u00f3 de darrera hora\u00a0en el nombre d\u2019alumnes , ja que aix\u00f2 afecta el servei de <em>catering<\/em>, o si s\u2019endarrereix molt l\u2019arribada.<\/p>\n<p><strong>On est\u00e0 el Camp d\u2019Aprenentatge?<\/strong><\/p>\n<p>Est\u00e0 situat dins del nucli urb\u00e0 de Sant Carles de la R\u00e0pita, a l\u2019avinguda Constituci\u00f3 67.<\/p>\n<p><strong>Es pot arribar en transport p\u00fablic?<\/strong><\/p>\n<p>S\u00ed, per\u00f2 cal consultar els horaris: en tren, fins a l\u2019estaci\u00f3 de l\u2019Aldea-Amposta, i en autob\u00fas de l\u00ednia de la companyia HIFE, des de l\u2019estaci\u00f3 de l&#8217;Aldea fins a Sant Carles de la R\u00e0pita.<\/p>\n<p>Consulteu la informaci\u00f3 disponible a l\u2019espai web del Camp i comuniqueu la forma i hora d\u2019arribada.<\/p>\n<p><strong>A quina hora hem d\u2019arribar?<\/strong><\/p>\n<p>En una estada est\u00e0ndard s\u2019arriba cap al migdia del primer dia. Normalment, per\u00f2, a la Trobada de Coordinaci\u00f3 es pacta l\u2019hora d\u2019arribada en funci\u00f3 del lloc de proced\u00e8ncia, el mitj\u00e0 de transport i el programa de treball.<\/p>\n<p><strong>Quan marxem?<\/strong><\/p>\n<p>Normalment l\u2019estada s\u2019acaba despr\u00e9s del dinar del darrer dia. A \u00a0la Trobada de Coordinaci\u00f3 es pacta l\u2019hora de dinar i de marxar segons els interessos del centre.<\/p>\n<p><strong>Hem d\u2019estar presents els professors en totes les activitats de l\u2019estada?<\/strong><\/p>\n<p>S\u00ed. Ho fixa la normativa general i entenem des del Camp que \u00e9s necessari.<\/p>\n<p><strong>Hi ha activitats aut\u00f2nomes dels alumnes sense acompanyants?<\/strong><\/p>\n<p>Segons el programa, hi ha alguna activitat dissenyada per fer en grups, vigilats pel professorat en llocs de control ja fixats. Malgrat aix\u00f2, si ho considereu inadequat pel nivell o caracter\u00edstiques del grup, es poden fer aquestes activitats en grups acompanyats per un adult.<\/p>\n<p><strong>Qu\u00e8 es fa en cas de mal temps?<\/strong><\/p>\n<p>Des del Camp es consulten les previsions del temps pr\u00e8viament a l\u2019estada, i pactem amb vosaltres, si cal, \u00a0les possibilitats de canvi o modificaci\u00f3 del programa previst. El CdA disposa, en aquest cas,\u00a0\u00a0de propostes alternatives .<\/p>\n<p>El Camp es reserva sempre el dret d&#8217;anul\u00b7lar o modificar una activitat quan es donin les condicions meteorol\u00f2giques o situacions no previstes que es considerin de risc.<\/p>\n<p><strong>Amb quins nivells o edats es pot fer una estada?<\/strong><\/p>\n<p>El Camp d\u2019Aprenentatge del Delta proposa activitats a partir de Cicle Superior de Prim\u00e0ria i per a tota la Secund\u00e0ria, tot i que tamb\u00e9 de manera adaptada at\u00e9n alumnes de Cicle Mitj\u00e0 que formen part d&#8217;un grup mixt d&#8217;una ZER. No atenem alumnes de Cicle Inicial.<\/p>\n<p><strong>Hi ha monitors a l\u2019estada?<\/strong><\/p>\n<p>No. Els Camps d\u2019Aprenentatge s\u00f3n serveis educatius que fan activitats amb alumnes, portades a terme conjuntament entre el professors del Camp i el professorat del centre assistent, dins del calendari i de l\u2019horari lectiu (entre 9 i 16.30 h.).<\/p>\n<p>Consulteu al CdA si teniu la possibilitat de contractar algun servei extern de monitors o guies que es puguin fer c\u00e0rrec d\u2019activitats de lleure o donar suport durant el temps lliure de tarda-nit.<\/p>\n<p><strong>Qu\u00e8 podem fer a partir de les 5 de la tarda durant l\u2019estada?<\/strong><\/p>\n<p>Disposeu de jocs de pati i de taula, un aula amb projector, ordinadors amb internet, televisor, aparell de v\u00eddeo i equip de m\u00fasica, v\u00eddeos, pel\u00b7l\u00edcules i llibres adaptats a l\u2019edat dels alumnes. Tamb\u00e9 us proposem coses per a fer pel poble, com ara anar a la piscina, a la platja, visitar la llotja, el Museu del Mar&#8230;<\/p>\n<p><strong>Hi ha algun altre grup allotjat durant l\u2019estada?<\/strong><\/p>\n<p>No. L\u2019allotjament \u00e9s d\u2019\u00fas exclusiu per a la vostra estada. Disposareu de les claus durant tot el temps que us allotgeu.<\/p>\n<p><strong>Hi ha algun vigilant a la nit?<\/strong><\/p>\n<p>No. En cas d\u2019emerg\u00e8ncia disposeu del n\u00famero de tel\u00e8fon de la persona de manteniment, que viu a prop, i del m\u00f2bil del Camp. A m\u00e9s, davant del Camp est\u00e0 el CAP \u2013 obert les 24 hores \u2013 i al costat, la Guardia Civil.<\/p>\n<p><strong>Hi ha un nombre m\u00e0xim o m\u00ednim d\u2019alumnes per fer l\u2019estada?<\/strong><\/p>\n<p>La capacitat de l\u2019allotjament \u2013 49 places en total entre alumnes i professors\u2013 \u00e9s el l\u00edmit que no podem sobrepassar de cap manera en el nostre Camp.<\/p>\n<p><strong>Hem d\u2019avisar si portem alumnes amb alguna minusvalidesa o trastorn de conducta?<\/strong><\/p>\n<p>\u00c9s important comentar-ho a la TC per a tenir-ho en compte de cara a les activitats, a la infraestructura i a l\u2019atenci\u00f3 i tracte amb l&#8217;alumnat.<\/p>\n<p><strong>Est\u00e0 adaptada l\u2019estada per a minusv\u00e0lids?<\/strong><\/p>\n<p>L\u2019allotjament est\u00e0 adaptat tal com exigeix la normativa. Respecte a les activitats i els despla\u00e7aments, consulteu amb el CdA, ja que no totes les activitats s\u00f3n aptes i en algunes caldr\u00e0 el suport adequat.<\/p>\n<p><strong>Quins \u00e0pats es donen a l\u2019estada?<\/strong><\/p>\n<p>Esmorzar en aixecar-se, un petit \u00e0pat de mig mat\u00ed, dinar, berenar i sopar. Podeu consultar al Camp quins s\u00f3n els men\u00fas previstos.<\/p>\n<p><strong>Com tractem les variants aliment\u00e0ries?<\/strong><\/p>\n<p>Ho heu de comunicar la setmana abans de l\u2019estada mitjan\u00e7ant el F<i>ull de dades estadants<\/i>. Cal que adjunteu els certificats m\u00e8dics en el cas d\u2019al\u00b7l\u00e8rgies, intoler\u00e0ncies, o similars. \u00c9s un requisit obligat per al servei de <em>catering<\/em> i per a sanitat.<\/p>\n<p><strong>I si algun alumne no pot anar en bici?<\/strong><\/p>\n<p>A la sortida en bicis hi ha l\u2019assist\u00e8ncia d\u2019una furgoneta per portar el material del CdA i per a casos d\u2019emerg\u00e8ncia. Hi ha 2 o 3 places vacants.\u00a0Si algun alumne hi ha d\u2019anar, per poder venir a la sortida, ja que no pot anar en bici o no en sap, cal que porteu un\u00a0 full d\u2019autoritzaci\u00f3 signat pel pare o tutor.<\/p>\n<p>Podeu trobar aquest full en l\u2019apartat\u00a0<i>Materials de suport<\/i>\u00a0del nostre web.<\/p>\n<p>Cal, per tant, que pregunteu pr\u00e8viament als alumnes, per preveure la situaci\u00f3, o fins i tot podeu fer una petita gimcana al centre per veure si hi ha alg\u00fa que no sap anar en bici.<\/p>\n<p>En cas que un major nombre d&#8217;alumnes \u00a0no puguin anar en bici, un professor estadant s&#8217;haur\u00e0 de quedar a c\u00e0rrec dels alumnes que no fan la sortida, o b\u00e9 s&#8217;haur\u00e0 de modificar l&#8217;activitat per a tot el grup.<\/p>\n<p><strong>Qu\u00e8 fem amb tot el treball que s\u2019ha fet a l\u2019estada?<\/strong><\/p>\n<p>Podeu continuar treballant, posteriorment, al vostre centre, tots els continguts, procediments, compet\u00e8ncies i q\u00fcestions que considereu del vostre inter\u00e8s.<\/p>\n<p>Un dels objectius del projecte educatiu del Camp \u00e9s que el treball de l\u2019estada serveixi per a poder desenvolupar el vostre curr\u00edculum amb els alumnes, i aquesta \u00e9s una de les q\u00fcestions que ens diferencia de les cases de col\u00f2nies i altres equipaments.<\/p>\n<p>&nbsp;<\/p>\n","protected":false},"excerpt":{"rendered":"<p>\u00a0 Com podem trobar informaci\u00f3 dels Camps d\u2019Aprenentatge? Al portal web de l\u2019Xtec, en l&#8217;apartat Serveis educatius-Camps d\u2019Aprenentatge, podeu trobar tota la informaci\u00f3 referent al funcionament dels CdA i les dades b\u00e0siques de la xarxa de Camps: http:\/\/xtec.gencat.cat\/ca\/serveis\/sesc\/cda\/inscripcio\/index.html En aquest web del CdA del delta de l\u2019Ebre que esteu visitant podeu trobar la informaci\u00f3 espec\u00edfica [&hellip;]<\/p>\n","protected":false},"author":1,"featured_media":0,"parent":0,"menu_order":0,"comment_status":"closed","ping_status":"closed","template":"","meta":{"_bbp_topic_count":0,"_bbp_reply_count":0,"_bbp_total_topic_count":0,"_bbp_total_reply_count":0,"_bbp_voice_count":0,"_bbp_anonymous_reply_count":0,"_bbp_topic_count_hidden":0,"_bbp_reply_count_hidden":0,"_bbp_forum_subforum_count":0,"site-sidebar-layout":"default","site-content-layout":"","ast-site-content-layout":"","site-content-style":"default","site-sidebar-style":"default","ast-global-header-display":"","ast-banner-title-visibility":"","ast-main-header-display":"","ast-hfb-above-header-display":"","ast-hfb-below-header-display":"","ast-hfb-mobile-header-display":"","site-post-title":"","ast-breadcrumbs-content":"","ast-featured-img":"","footer-sml-layout":"","theme-transparent-header-meta":"","adv-header-id-meta":"","stick-header-meta":"","header-above-stick-meta":"","header-main-stick-meta":"","header-below-stick-meta":"","astra-migrate-meta-layouts":"default","ast-page-background-enabled":"default","ast-page-background-meta":{"desktop":{"background-color":"var(--ast-global-color-4)","background-image":"","background-repeat":"repeat","background-position":"center center","background-size":"auto","background-attachment":"scroll","background-type":"","background-media":"","overlay-type":"","overlay-color":"","overlay-opacity":"","overlay-gradient":""},"tablet":{"background-color":"","background-image":"","background-repeat":"repeat","background-position":"center center","background-size":"auto","background-attachment":"scroll","background-type":"","background-media":"","overlay-type":"","overlay-color":"","overlay-opacity":"","overlay-gradient":""},"mobile":{"background-color":"","background-image":"","background-repeat":"repeat","background-position":"center center","background-size":"auto","background-attachment":"scroll","background-type":"","background-media":"","overlay-type":"","overlay-color":"","overlay-opacity":"","overlay-gradient":""}},"ast-content-background-meta":{"desktop":{"background-color":"var(--ast-global-color-5)","background-image":"","background-repeat":"repeat","background-position":"center center","background-size":"auto","background-attachment":"scroll","background-type":"","background-media":"","overlay-type":"","overlay-color":"","overlay-opacity":"","overlay-gradient":""},"tablet":{"background-color":"var(--ast-global-color-5)","background-image":"","background-repeat":"repeat","background-position":"center center","background-size":"auto","background-attachment":"scroll","background-type":"","background-media":"","overlay-type":"","overlay-color":"","overlay-opacity":"","overlay-gradient":""},"mobile":{"background-color":"var(--ast-global-color-5)","background-image":"","background-repeat":"repeat","background-position":"center center","background-size":"auto","background-attachment":"scroll","background-type":"","background-media":"","overlay-type":"","overlay-color":"","overlay-opacity":"","overlay-gradient":""}},"footnotes":""},"class_list":["post-557","page","type-page","status-publish","hentry"],"post_mailing_queue_ids":[],"_links":{"self":[{"href":"https:\/\/serveiseducatius.xtec.cat\/cda-delta\/wp-json\/wp\/v2\/pages\/557","targetHints":{"allow":["GET"]}}],"collection":[{"href":"https:\/\/serveiseducatius.xtec.cat\/cda-delta\/wp-json\/wp\/v2\/pages"}],"about":[{"href":"https:\/\/serveiseducatius.xtec.cat\/cda-delta\/wp-json\/wp\/v2\/types\/page"}],"author":[{"embeddable":true,"href":"https:\/\/serveiseducatius.xtec.cat\/cda-delta\/wp-json\/wp\/v2\/users\/1"}],"replies":[{"embeddable":true,"href":"https:\/\/serveiseducatius.xtec.cat\/cda-delta\/wp-json\/wp\/v2\/comments?post=557"}],"version-history":[{"count":4,"href":"https:\/\/serveiseducatius.xtec.cat\/cda-delta\/wp-json\/wp\/v2\/pages\/557\/revisions"}],"predecessor-version":[{"id":10430,"href":"https:\/\/serveiseducatius.xtec.cat\/cda-delta\/wp-json\/wp\/v2\/pages\/557\/revisions\/10430"}],"wp:attachment":[{"href":"https:\/\/serveiseducatius.xtec.cat\/cda-delta\/wp-json\/wp\/v2\/media?parent=557"}],"curies":[{"name":"wp","href":"https:\/\/api.w.org\/{rel}","templated":true}]}}