{"id":988,"date":"2014-01-27T13:26:32","date_gmt":"2014-01-27T12:26:32","guid":{"rendered":"http:\/\/blocs.xtec.cat\/cdacansantoi2\/?page_id=988"},"modified":"2024-09-09T11:29:16","modified_gmt":"2024-09-09T09:29:16","slug":"estudi-ecologic-de-la-riera-de-vallvidrera","status":"publish","type":"page","link":"https:\/\/serveiseducatius.xtec.cat\/cda-cansantoi\/ambits\/dinamica-dels-ecosistemes\/estudi-ecologic-de-la-riera-de-vallvidrera\/","title":{"rendered":"Estudi ecol\u00f2gic de la riera de Vallvidrera"},"content":{"rendered":"<p>&nbsp;<\/p>\n<table style=\"width: 40.7092%;\" border=\"0\" cellspacing=\"0\" cellpadding=\"3\">\n<tbody>\n<tr>\n<td style=\"width: 112px;\" width=\"94\">\n<div align=\"center\"><a href=\"http:\/\/www.xtec.cat\/cda-cansantoi\/Ecologia riera_eso.pdf\"><img loading=\"lazy\" decoding=\"async\" class=\"aligncenter wp-image-1371\" style=\"border: 0px none;\" src=\"http:\/\/serveiseducatius.xtec.cat\/cda-cansantoi\/wp-content\/uploads\/usu1385\/2014\/05\/qta.gif\" alt=\"Baixar quadern de treball de l'alumne\" width=\"40\" height=\"40\" \/><\/a><\/div>\n<\/td>\n<td style=\"width: 112px;\" width=\"94\">\n<div align=\"center\"><a href=\"http:\/\/www.xtec.cat\/cda-cansantoi\/Fulls_organitzacio_sortida\/organitzacio_sortida_rie-eso.doc\"><img loading=\"lazy\" decoding=\"async\" class=\"aligncenter wp-image-1358 size-full\" style=\"border: 0px none;\" src=\"https:\/\/serveiseducatius.xtec.cat\/cda-cansantoi\/wp-content\/uploads\/usu1385\/2014\/05\/carpeta_camp.png\" alt=\"Baixar full d'organitzaci\u00f3 de la sortida\" width=\"32\" height=\"32\" \/><\/a><\/div>\n<\/td>\n<td style=\"width: 112px;\" width=\"94\">\n<div align=\"center\"><a href=\"http:\/\/serveiseducatius.xtec.cat\/cda-cansantoi\/en-preparacio-2\/\"><img loading=\"lazy\" decoding=\"async\" class=\"aligncenter wp-image-1420\" style=\"border: 0px none;\" src=\"http:\/\/serveiseducatius.xtec.cat\/cda-cansantoi\/wp-content\/uploads\/usu1385\/2014\/01\/llibreta.gif\" alt=\"llibreta\" width=\"28\" height=\"36\" \/><\/a><\/div>\n<\/td>\n<td style=\"width: 112px;\" align=\"center\" width=\"94\">\n<div align=\"center\"><a href=\"http:\/\/blocs.xtec.cat\/cdacansantoi\/on-som\/\"><img loading=\"lazy\" decoding=\"async\" class=\"size-full wp-image-1416 aligncenter\" style=\"border: 0px none;\" src=\"http:\/\/serveiseducatius.xtec.cat\/cda-cansantoi\/wp-content\/uploads\/usu1385\/2014\/01\/Punt-de-trobada.png\" alt=\"Punt de trobada\" width=\"44\" height=\"40\" \/><\/a><\/div>\n<\/td>\n<td style=\"width: 112px;\" width=\"94\"><span style=\"font-size: large;\"><strong><span style=\"color: #800000;\">RIE-ESO<\/span><\/strong><\/span><\/td>\n<\/tr>\n<tr>\n<td style=\"width: 112px;\" width=\"94\">\n<div class=\"Estilo1\" align=\"center\">\n<div align=\"center\"><span style=\"font-size: xx-small;\">Quadern de treball<\/span><\/div>\n<\/div>\n<\/td>\n<td style=\"width: 112px;\" width=\"94\">\n<div class=\"Estilo1\" align=\"center\">\n<div align=\"center\"><span style=\"font-size: xx-small;\">Full d&#8217;organitzaci\u00f3 de la sortida<\/span><\/div>\n<\/div>\n<\/td>\n<td style=\"width: 112px;\" width=\"94\">\n<div class=\"Estilo1\" align=\"center\">\n<div align=\"center\"><span style=\"font-size: xx-small;\">Propostes d&#8217;activitats pr\u00e8vies i posteriors<\/span><\/div>\n<\/div>\n<\/td>\n<td style=\"width: 112px;\" width=\"94\">\n<div class=\"Estilo1\" align=\"center\">\n<div align=\"center\"><span style=\"font-size: xx-small;\">Lloc de trobada<\/span><\/div>\n<\/div>\n<\/td>\n<td style=\"width: 112px;\" width=\"94\">\n<div class=\"Estilo1\" align=\"center\"><span style=\"font-size: xx-small;\">Codi de l&#8217;activitat<\/span><\/div>\n<\/td>\n<\/tr>\n<\/tbody>\n<\/table>\n<p>&nbsp;<\/p>\n<p><span style=\"color: #000000;\"><span style=\"font-family: Arial, Helvetica;\"><strong>Lloc on es realitza:<\/strong> Camp d&#8217;Aprenentatge i riera de Vallvidrera.<\/span><\/span><\/p>\n<p><span style=\"color: #000000;\"><span style=\"font-family: Arial, Helvetica;\"><strong>Estacionalitat:\u00a0<\/strong>Tot l&#8217;any<\/span>\u00a0<\/span><\/p>\n<p><span style=\"color: #000000;\"><span style=\"font-family: Arial, Helvetica;\"><strong>Tipus d&#8217;activitat:\u00a0<\/strong>Treball de camp \/ laboratori<\/span><\/span><\/p>\n<p><span style=\"color: #000000;\"><span style=\"font-family: Arial, Helvetica;\"><strong>Descripci\u00f3:<\/strong>\u00a0Activitat d&#8217;ecologia de camp en la qual s&#8217;estudien dos trams diferents de la riera: zona d&#8217;aig\u00fces r\u00e0pides i zona d&#8217;aig\u00fces lentes.<\/span> \u00a0<span style=\"font-family: Arial, Helvetica;\">Mesura de par\u00e0metres f\u00edsicoqu\u00edmics de l&#8217;aigua (temperatura, velocitat, cabal&#8230;).<\/span> \u00a0<span style=\"font-family: Arial, Helvetica;\">Observaci\u00f3 i descripci\u00f3 de vegetals aut\u00f2ctons (dins l&#8217;aigua) i dels vegetals que aporten material al\u00b7l\u00f2cton (viuen a la riba).<\/span> \u00a0<span style=\"font-family: Arial, Helvetica;\">Recol\u00b7lecci\u00f3 controlada de mostres de macroinvertebrats de la riera: observaci\u00f3 descripci\u00f3 i identificaci\u00f3.<\/span> \u00a0<span style=\"font-family: Arial, Helvetica;\">Determinaci\u00f3 aproximada de la qualitat de l&#8217;aigua.<\/span> <span style=\"font-family: Arial, Helvetica;\">Elaboraci\u00f3 de taules, resums i conclusions.<\/span>\u00a0\u00a0<\/span><\/p>\n<p><span style=\"color: #000000;\"><span style=\"font-family: Arial, Helvetica;\"><strong>Nivell educatiu:<\/strong>\u00a0ESO<\/span>\u00a0<\/span><\/p>\n<p style=\"text-align: justify;\"><span style=\"color: #000000;\"><span style=\"font-family: Arial, Helvetica;\"><strong>Mat\u00e8ria:<\/strong> Biologia i Geologia<\/span><\/span><\/p>\n<p style=\"text-align: justify;\"><span style=\"color: #000000;\"><span style=\"font-family: Arial, Helvetica;\"><strong>Objectius d&#8217;aprenentatge:<\/strong><\/span><\/span><\/p>\n<p><strong>OB1:<\/strong> Prendre dades, tant de les variables ambientals com del curs fluvial, utilitzant diferents aparells i instruments de mesura en les seves unitats corresponents, per poder caracteritzar els par\u00e0metres abi\u00f2tics de l\u2019ecosistema.<br \/>\n<strong>OB2:<\/strong> Identificar les esp\u00e8cies vegetals, l\u2019estructura, la connectivitat i la continu\u00eftat del bosc de ribera per poder caracteritzar l\u2019\u00edndex de qualitat de la Zona de Ribera (QRISI).<br \/>\n<strong>OB3:<\/strong> Recol\u2022lectar macroinvertebrats aqu\u00e0tics per con\u00e8ixer la biodiversitat present als diferents h\u00e0bitats de la riera.<br \/>\n<strong>OB4:<\/strong> Observar, descriure i identificar macroinvertebrats aqu\u00e0tics, amb l\u2019ajut de lupes binoculars, per determinar la qualitat de l\u2019aigua de la riera a partir de l\u2019\u00edndex bi\u00f2tic.<br \/>\n<strong>OB5:<\/strong> Incorporar llenguatge t\u00e8cnic per familiaritzar-se i promoure l\u2019\u00fas de vocabulari cient\u00edfic.<br \/>\n<strong>OB6:<\/strong> Aprendre a treballar en equip (autoregulaci\u00f3 de la conducta, establiment de rols, fixaci\u00f3 d\u2019objectius comuns, etc.) per fomentar el cooperativisme, la inclusi\u00f3, la perspectiva de g\u00e8nere i la conviv\u00e8ncia en els \u00e0mbits propers.<\/p>\n<p><strong>Compet\u00e8ncies espec\u00edfiques<\/strong>:<\/p>\n<p><strong>CE3:<\/strong> Dissenyar, desenvolupar i comunicar el plantejament i les conclusions de recerques dins de l\u2019\u00e0mbit escolar, incloent la formulaci\u00f3 de preguntes i d\u2019hip\u00f2tesis i la seva contrastaci\u00f3 experimental, seguint els passos de les metodologies pr\u00f2pies de la ci\u00e8ncia, com l\u2019experimentaci\u00f3 i la cerca d\u2019evid\u00e8ncies, cooperant quan calgui, per indagar en aspectes relacionats amb la biologia i la geologia.<br \/>\n<strong>CE4:<\/strong> Fer servir diverses formes de raonament, com el pensament hipoteticodeductiu i el pensament computacional, per resoldre problemes o donar explicaci\u00f3 a fen\u00f2mens naturals i processos de la vida quotidiana relacionats amb la biologia i la geologia, mitjan\u00e7ant l\u2019an\u00e0lisi cr\u00edtica de les respostes i solucions i reformulant el procediment, si fos necessari.<br \/>\n<strong>CE6:<\/strong> Analitzar els elements del paisatge, utilitzant de forma integrada els coneixements procedents de la biologia, la geologia i les ci\u00e8ncies ambientals per explicar-ne l\u2019origen i la possible evoluci\u00f3, aix\u00ed com les caracter\u00edstiques de la comunitat d\u2019organismes, la din\u00e0mica del relleu i els possibles riscos naturals.<\/p>\n<p><strong>Indicadors operatius de les compet\u00e8ncies transversals:<\/strong><\/p>\n<p style=\"text-align: justify;\"><strong>CD3:<\/strong> Participa, col\u2022labora i interactua mitjan\u00e7ant eines i\/o plataformes virtuals per comunicar-se, treballar col\u2022laborativament i compartir continguts, dades i informaci\u00f3, gestionant de manera responsable les seves accions, pres\u00e8ncia i visibilitat a la xarxa i exercint una ciutadania digital activa, c\u00edvica i reflexiva.<br \/>\n<strong>CPSAA3:<\/strong> Compr\u00e8n proactivament les perspectives i les experi\u00e8ncies dels altres i les incorpora al seu aprenentatge per participar en el treball en grup distribuint i acceptant tasques i responsabilitats de manera equitativa i emprant estrat\u00e8gies cooperatives.<br \/>\n<strong>CEM1:<\/strong> Analitza necessitats i oportunitats i afronta reptes amb sentit cr\u00edtic, fent balan\u00e7 de la seva sostenibilitat i valorant l\u2019impacte que puguin suposar en l\u2019entorn, per presentar idees i solucions innovadores, \u00e8tiques i sostenibles dirigides a crear valor en l\u2019\u00e0mbit personal, social, cultural i econ\u00f2mic.<br \/>\n<strong>CC1:<\/strong> Analitza i compr\u00e8n idees relatives a la dimensi\u00f3 social i ciutadana de la seva pr\u00f2pia identitat, aix\u00ed com als fets socials, hist\u00f2rics i normatius que la determinen, demostrant respecte per les normes, empatia, equitat i esperit constructiu en la interacci\u00f3 amb els altres en diferents contextos socioinstitucionals.<\/p>\n<p style=\"text-align: justify;\"><span style=\"color: #000000;\"><span style=\"font-family: Arial, Helvetica;\"><strong>Material:<\/strong> Quadern de treball. <\/span><\/span><span style=\"color: #000000;\"><span style=\"font-family: Arial, Helvetica;\">Estris de treball de camp: xarxes de recol\u00b7lecci\u00f3, pots, term\u00f2metres, etc. <\/span><\/span><span style=\"color: #000000;\"><span style=\"font-family: Arial, Helvetica;\">Estris de laboratori: lupes binoculars, safates, plaques de Petri, etc. <\/span><\/span><span style=\"color: #000000;\"><span style=\"font-family: Arial, Helvetica;\">Fitxes de suport (classificaci\u00f3 animals, fitxes descriptives&#8230;). <\/span><span style=\"font-family: Arial, Helvetica;\">Programari <em>cabalsec<\/em>.<\/span><\/span><\/p>\n<p style=\"text-align: justify;\"><span style=\"color: #000000;\"><span style=\"font-family: Arial, Helvetica;\"><strong>Durada:<\/strong> \u00a0Mitja jornada.<\/span><\/span><\/p>\n<p style=\"text-align: justify;\"><span style=\"color: #000000;\"><strong><span style=\"font-family: Arial, Helvetica;\">Despla\u00e7ament:<\/span><\/strong>\u00a0<span style=\"font-family: Arial, Helvetica;\">Recorregut a peu (30 minuts).\u00a0<\/span><\/span><\/p>\n<p>Per a m\u00e9s informaci\u00f3, baixeu-vos el full d\u2019organitzaci\u00f3 de sortides.\u2191<\/p>\n","protected":false},"excerpt":{"rendered":"<p>&nbsp; RIE-ESO Quadern de treball Full d&#8217;organitzaci\u00f3 de la sortida Propostes d&#8217;activitats pr\u00e8vies i posteriors Lloc de trobada Codi de l&#8217;activitat &nbsp; Lloc on es realitza: Camp d&#8217;Aprenentatge i riera de Vallvidrera. Estacionalitat:\u00a0Tot l&#8217;any\u00a0 Tipus d&#8217;activitat:\u00a0Treball de camp \/ laboratori Descripci\u00f3:\u00a0Activitat d&#8217;ecologia de camp en la qual s&#8217;estudien dos trams diferents de la riera: zona [&hellip;]<\/p>\n","protected":false},"author":1,"featured_media":0,"parent":801,"menu_order":3,"comment_status":"closed","ping_status":"closed","template":"page-templates\/side-menu.php","meta":{"_bbp_topic_count":0,"_bbp_reply_count":0,"_bbp_total_topic_count":0,"_bbp_total_reply_count":0,"_bbp_voice_count":0,"_bbp_anonymous_reply_count":0,"_bbp_topic_count_hidden":0,"_bbp_reply_count_hidden":0,"_bbp_forum_subforum_count":0,"site-sidebar-layout":"default","site-content-layout":"","ast-site-content-layout":"","site-content-style":"default","site-sidebar-style":"default","ast-global-header-display":"","ast-banner-title-visibility":"","ast-main-header-display":"","ast-hfb-above-header-display":"","ast-hfb-below-header-display":"","ast-hfb-mobile-header-display":"","site-post-title":"","ast-breadcrumbs-content":"","ast-featured-img":"","footer-sml-layout":"","theme-transparent-header-meta":"","adv-header-id-meta":"","stick-header-meta":"","header-above-stick-meta":"","header-main-stick-meta":"","header-below-stick-meta":"","astra-migrate-meta-layouts":"default","ast-page-background-enabled":"default","ast-page-background-meta":{"desktop":{"background-color":"var(--ast-global-color-4)","background-image":"","background-repeat":"repeat","background-position":"center center","background-size":"auto","background-attachment":"scroll","background-type":"","background-media":"","overlay-type":"","overlay-color":"","overlay-opacity":"","overlay-gradient":""},"tablet":{"background-color":"","background-image":"","background-repeat":"repeat","background-position":"center center","background-size":"auto","background-attachment":"scroll","background-type":"","background-media":"","overlay-type":"","overlay-color":"","overlay-opacity":"","overlay-gradient":""},"mobile":{"background-color":"","background-image":"","background-repeat":"repeat","background-position":"center center","background-size":"auto","background-attachment":"scroll","background-type":"","background-media":"","overlay-type":"","overlay-color":"","overlay-opacity":"","overlay-gradient":""}},"ast-content-background-meta":{"desktop":{"background-color":"var(--ast-global-color-5)","background-image":"","background-repeat":"repeat","background-position":"center center","background-size":"auto","background-attachment":"scroll","background-type":"","background-media":"","overlay-type":"","overlay-color":"","overlay-opacity":"","overlay-gradient":""},"tablet":{"background-color":"var(--ast-global-color-5)","background-image":"","background-repeat":"repeat","background-position":"center center","background-size":"auto","background-attachment":"scroll","background-type":"","background-media":"","overlay-type":"","overlay-color":"","overlay-opacity":"","overlay-gradient":""},"mobile":{"background-color":"var(--ast-global-color-5)","background-image":"","background-repeat":"repeat","background-position":"center center","background-size":"auto","background-attachment":"scroll","background-type":"","background-media":"","overlay-type":"","overlay-color":"","overlay-opacity":"","overlay-gradient":""}},"footnotes":""},"class_list":["post-988","page","type-page","status-publish","hentry"],"post_mailing_queue_ids":[],"_links":{"self":[{"href":"https:\/\/serveiseducatius.xtec.cat\/cda-cansantoi\/wp-json\/wp\/v2\/pages\/988","targetHints":{"allow":["GET"]}}],"collection":[{"href":"https:\/\/serveiseducatius.xtec.cat\/cda-cansantoi\/wp-json\/wp\/v2\/pages"}],"about":[{"href":"https:\/\/serveiseducatius.xtec.cat\/cda-cansantoi\/wp-json\/wp\/v2\/types\/page"}],"author":[{"embeddable":true,"href":"https:\/\/serveiseducatius.xtec.cat\/cda-cansantoi\/wp-json\/wp\/v2\/users\/1"}],"replies":[{"embeddable":true,"href":"https:\/\/serveiseducatius.xtec.cat\/cda-cansantoi\/wp-json\/wp\/v2\/comments?post=988"}],"version-history":[{"count":5,"href":"https:\/\/serveiseducatius.xtec.cat\/cda-cansantoi\/wp-json\/wp\/v2\/pages\/988\/revisions"}],"predecessor-version":[{"id":20664,"href":"https:\/\/serveiseducatius.xtec.cat\/cda-cansantoi\/wp-json\/wp\/v2\/pages\/988\/revisions\/20664"}],"up":[{"embeddable":true,"href":"https:\/\/serveiseducatius.xtec.cat\/cda-cansantoi\/wp-json\/wp\/v2\/pages\/801"}],"wp:attachment":[{"href":"https:\/\/serveiseducatius.xtec.cat\/cda-cansantoi\/wp-json\/wp\/v2\/media?parent=988"}],"curies":[{"name":"wp","href":"https:\/\/api.w.org\/{rel}","templated":true}]}}