{"id":13921,"date":"2024-05-31T12:05:55","date_gmt":"2024-05-31T10:05:55","guid":{"rendered":"https:\/\/serveiseducatius.xtec.cat\/cda-altbergueda\/?page_id=13921"},"modified":"2026-04-15T09:40:36","modified_gmt":"2026-04-15T07:40:36","slug":"activitat-coll-de-la-creueta-la-tuta-i-fonts-del-llobregat","status":"publish","type":"page","link":"https:\/\/serveiseducatius.xtec.cat\/cda-altbergueda\/tematiques\/activitat-coll-de-la-creueta-la-tuta-i-fonts-del-llobregat\/","title":{"rendered":"Activitat: Coll de la Creueta,  Cova de la Tuta i  Fonts del Llobregat"},"content":{"rendered":"\n<figure class=\"wp-block-image aligncenter is-resized\"><img loading=\"lazy\" decoding=\"async\" width=\"995\" height=\"243\" src=\"https:\/\/serveiseducatius.xtec.cat\/cda-altbergueda\/wp-content\/uploads\/usu1364\/2024\/05\/lacreueta.png\" alt=\"\" class=\"wp-image-13929\" style=\"width:655px;height:auto\" srcset=\"https:\/\/serveiseducatius.xtec.cat\/cda-altbergueda\/wp-content\/uploads\/usu1364\/2024\/05\/lacreueta.png 995w, https:\/\/serveiseducatius.xtec.cat\/cda-altbergueda\/wp-content\/uploads\/usu1364\/2024\/05\/lacreueta-300x73.png 300w, https:\/\/serveiseducatius.xtec.cat\/cda-altbergueda\/wp-content\/uploads\/usu1364\/2024\/05\/lacreueta-768x188.png 768w\" sizes=\"auto, (max-width: 995px) 100vw, 995px\" \/><\/figure>\n\n\n\n<figure class=\"wp-block-table\"><table class=\"has-background has-fixed-layout\" style=\"background-color:#96c856;border-style:none;border-width:0px\"><tbody><tr><td><strong>MODALITATS:<\/strong><\/td><\/tr><tr><td>Estada<\/td><\/tr><tr><td>Sortida d&#8217;un dia<\/td><\/tr><\/tbody><\/table><\/figure>\n\n\n\n<h5 class=\"wp-block-heading\"><strong>Nivells educatius:&nbsp;<\/strong><\/h5>\n\n\n\n<p>Educaci\u00f3 Prim\u00e0ria (CM, CS)<\/p>\n\n\n\n<p>Educaci\u00f3 Secund\u00e0ria (ESO \/ BAT)<\/p>\n\n\n\n<h5 class=\"wp-block-heading\"><strong>Desenvolupament de l&#8217;activitat:<\/strong><\/h5>\n\n\n\n<p><strong>Coll de la Creueta<\/strong><br>L&#8217;autob\u00fas ens deixar\u00e0 dalt al coll. Agafem les coses perqu\u00e8 ja no el veurem fins a la tarda a l&#8217;aparcament de les Fonts. Presentaci\u00f3 de l\u2019activitat i formulaci\u00f3 dels interrogants que s\u2019hauran de resoldre al llarg del dia. Situem d\u2019algunes unitats de relleu que veiem i parlem de l&#8217;entorn. Mentre anem baixant&nbsp; podem observar alguns animals o els seus rastres com poden ser els caus o els excrements. Podem veure marmotes, isards, voltors, animals de pastura o fins i tot alguna guineu.<\/p>\n\n\n\n<p>M\u00e9s avall podem fer una lectura del paisatge i comparaci\u00f3 amb el&nbsp; lloc de proced\u00e8ncia dels alumnes. A trav\u00e9s dels elements del paisatge es parla de la formaci\u00f3 dels Pirineus, s\u2019identifica el tipus i caracter\u00edstiques de la roca que ens envolta, l\u2019evoluci\u00f3 i aprofitament de l\u2019entorn o el relleu de l\u2019Alt Bergued\u00e0.<\/p>\n\n\n\n<p><strong>La cova de la Tuta<br><\/strong>Entrarem a la cova equipats amb casc i lots. S\u2019observar\u00e0 la part m\u00e9s externa&nbsp;tot deduint possibles usos remots i actuals. Es baixar\u00e0 fins a la seg\u00fcent&nbsp;galeria on s\u2019observaran i es parlar\u00e0 del proc\u00e9s de formaci\u00f3 d\u2019estalactites i estalagmites. Una mica m\u00e9s endins, es parlar\u00e0 dels avencs i a les fosques i&nbsp;amb silenci, s\u2019escoltar\u00e0 el soroll de les gotes d\u2019aigua al caure.<\/p>\n\n\n\n<p><strong>Les Fonts del Llobregat<\/strong><br>Pel cam\u00ed de Castellar fins a les Fonts es faran un parell de parades, una per escoltar el soroll i l\u2019altre per parlar del torrent de la Font del boix. En la visita a Les Fonts del Llobregat ens fixarem per on surt l\u2019aigua, quanta en surt&#8230; Tamb\u00e9 ens aportar\u00e0 informaci\u00f3 sobre l\u2019aprofitament de l\u2019aigua abans i ara (canals, rescloses, molins, minicentrals hidroel\u00e8ctriques).<\/p>\n\n\n\n<p><strong>Al Mol\u00ed de les Fonts farem l\u2019ultima parada.<\/strong><br>Aqu\u00ed explicarem la llegenda de \u201cLa bruixa del riu\u201d, a partir de la qual, i de les observacions fetes durant tot el dia, esbrinarem l\u2019origen de les Fonts (el recorregut de l\u2019aigua per dins la muntanya lligant-lo amb l visita a la cova de la Tuta) i el seu comportament durant el curs de l\u2019any. Tamb\u00e9 podem parlar de l\u2019aprofitament del riu per part de les persones.<\/p>\n\n\n\n<h5 class=\"wp-block-heading\"><strong>Producte final<\/strong><\/h5>\n\n\n\n<p><strong>Opci\u00f3 1: <\/strong> Al llarg de tot el dia haurem trepitjat un paisatge de ben segur particular, d\u2019alta muntanya. Establir una comparaci\u00f3 amb el paisatge dels alumnes pot ser un treball interessant a realitzar. Aquesta comparaci\u00f3 es pot establir a trav\u00e9s de fotografies que hagin realitzat els mateixos alumnes durant la sortida i fotografies que puguin recollir del paisatge de la seva localitat.<\/p>\n\n\n\n<p><strong>Opci\u00f3 2:&nbsp; &nbsp; &nbsp; &nbsp; &nbsp; &nbsp; &nbsp; &nbsp; &nbsp; &nbsp; &nbsp; &nbsp; &nbsp; &nbsp; &nbsp; &nbsp; &nbsp; &nbsp; &nbsp; &nbsp; &nbsp; &nbsp; &nbsp; &nbsp; &nbsp; &nbsp; &nbsp; &nbsp; &nbsp; &nbsp; &nbsp; &nbsp; &nbsp; &nbsp; &nbsp; &nbsp; &nbsp; &nbsp; &nbsp; &nbsp; &nbsp; &nbsp; &nbsp; &nbsp; &nbsp; &nbsp; &nbsp; &nbsp; &nbsp; &nbsp; &nbsp; &nbsp; &nbsp; &nbsp; &nbsp; &nbsp; &nbsp; &nbsp; &nbsp; &nbsp; &nbsp; &nbsp; &nbsp; &nbsp; &nbsp; &nbsp; &nbsp; &nbsp; &nbsp; &nbsp; &nbsp; &nbsp; &nbsp; &nbsp; &nbsp; &nbsp; &nbsp; &nbsp; &nbsp; &nbsp; &nbsp; &nbsp; &nbsp; &nbsp; &nbsp; &nbsp; &nbsp; &nbsp; &nbsp; &nbsp; &nbsp; &nbsp; &nbsp; &nbsp; &nbsp; &nbsp; &nbsp; &nbsp; &nbsp; &nbsp; &nbsp; &nbsp; &nbsp; &nbsp; &nbsp; &nbsp; &nbsp; &nbsp; &nbsp; &nbsp; &nbsp; &nbsp; &nbsp; &nbsp; &nbsp; &nbsp; &nbsp; &nbsp; &nbsp; &nbsp; &nbsp; &nbsp; &nbsp; &nbsp; &nbsp; &nbsp; &nbsp; &nbsp; &nbsp; &nbsp; &nbsp; &nbsp; <\/strong><em>Activitat col\u00b7lectiva:<\/em><br>Elaborar una carta de paisatges on es recullin els diferents paisatges de la poblaci\u00f3 del centre, identificant i descrivint cada tipus de paisatge, el seu valor associat, i algunes de les problem\u00e0tiques que els afectin. Proposant solucions o accions per millorar-les. Recollir el treball en un llibre digital, amb imatges i textos que les expliquin i ajudin a interpretar-les.<\/p>\n\n\n\n<p><em>Activitat individual:<\/em><br>A trav\u00e9s d\u2019un enlla\u00e7 a una fotografia 360\u00ba de Google Maps, analitzar el tipus de paisatge. Recon\u00e8ixer els elements que el formen i fer una llista dels m\u00e9s abundants. Fer alguna hip\u00f2tesi de quins valors en aporta el paisatge en q\u00fcesti\u00f3 i el perqu\u00e8.<\/p>\n\n\n\n<ul class=\"wp-block-list\">\n<li><a href=\"https:\/\/goo.gl\/maps\/SPRDD9A51xpgo8cL9\">Sant Joan de l\u2019Erm<\/a><\/li>\n\n\n\n<li><a href=\"https:\/\/goo.gl\/maps\/WPU1X4xLxFswJf4A7\">Sant Feliu de Gu\u00edxols<\/a> <\/li>\n\n\n\n<li><a href=\"https:\/\/goo.gl\/maps\/MvXvT3pY9LMH9ysGA\">Passeig de Gr\u00e0cia<\/a><\/li>\n\n\n\n<li><a href=\"https:\/\/goo.gl\/maps\/vaMoRFcBQEMvUmnSA\">Pont de Pedret<\/a><\/li>\n<\/ul>\n\n\n\n<h5 class=\"wp-block-heading\"><strong>Observacions:<\/strong><\/h5>\n\n\n\n<ul class=\"wp-block-list\">\n<li>L\u2019activitat \u00e9s d\u2019un dia.<\/li>\n\n\n\n<li>Cal portar esmorzar, dinar i aigua.<\/li>\n\n\n\n<li>Per entrar a la cova de la Tuta cal que els alumnes portin un lot o frontal.<\/li>\n\n\n\n<li>Cal anar preparat amb bon cal\u00e7at i roba d\u2019abric per protegir-se de les possibles inclem\u00e8ncies del temps.<\/li>\n\n\n\n<li>L\u2019activitat es pot adaptar segons les necessitats del centre i els&nbsp;aspectes curriculars que es vulguin tractar.<\/li>\n<\/ul>\n\n\n\n<h5 class=\"wp-block-heading\"><strong>Localitzacions de l&#8217;activitat:<\/strong><\/h5>\n\n\n\n<iframe loading=\"lazy\" src=\"https:\/\/www.google.com\/maps\/d\/u\/0\/embed?mid=1r74Z3jAu9U80j-u1iTO7lEGKdf_rFGs&#038;ehbc=2E312F\" width=\"640\" height=\"480\"><\/iframe>\n\n\n\n<h5 class=\"wp-block-heading\"><strong>Enlla\u00e7os:<\/strong><\/h5>\n\n\n\n<p><a href=\"https:\/\/ca.wikiloc.com\/rutes-senderisme\/coll-de-la-creueta-fonts-del-llobregat-133647077\">Itinerari de l&#8217;activitat<\/a><\/p>\n","protected":false},"excerpt":{"rendered":"<p>MODALITATS: Estada Sortida d&#8217;un dia Nivells educatius:&nbsp; Educaci\u00f3 Prim\u00e0ria (CM, CS) Educaci\u00f3 Secund\u00e0ria (ESO \/ BAT) Desenvolupament de l&#8217;activitat: Coll de la CreuetaL&#8217;autob\u00fas ens deixar\u00e0 dalt al coll. Agafem les coses perqu\u00e8 ja no el veurem fins a la tarda a l&#8217;aparcament de les Fonts. Presentaci\u00f3 de l\u2019activitat i formulaci\u00f3 dels interrogants que s\u2019hauran de [&hellip;]<\/p>\n","protected":false},"author":1,"featured_media":0,"parent":8235,"menu_order":33,"comment_status":"closed","ping_status":"closed","template":"","meta":{"_bbp_topic_count":0,"_bbp_reply_count":0,"_bbp_total_topic_count":0,"_bbp_total_reply_count":0,"_bbp_voice_count":0,"_bbp_anonymous_reply_count":0,"_bbp_topic_count_hidden":0,"_bbp_reply_count_hidden":0,"_bbp_forum_subforum_count":0,"site-sidebar-layout":"default","site-content-layout":"","ast-site-content-layout":"default","site-content-style":"default","site-sidebar-style":"default","ast-global-header-display":"","ast-banner-title-visibility":"","ast-main-header-display":"","ast-hfb-above-header-display":"","ast-hfb-below-header-display":"","ast-hfb-mobile-header-display":"","site-post-title":"","ast-breadcrumbs-content":"","ast-featured-img":"","footer-sml-layout":"","theme-transparent-header-meta":"","adv-header-id-meta":"","stick-header-meta":"","header-above-stick-meta":"","header-main-stick-meta":"","header-below-stick-meta":"","astra-migrate-meta-layouts":"set","ast-page-background-enabled":"default","ast-page-background-meta":{"desktop":{"background-color":"var(--ast-global-color-4)","background-image":"","background-repeat":"repeat","background-position":"center center","background-size":"auto","background-attachment":"scroll","background-type":"","background-media":"","overlay-type":"","overlay-color":"","overlay-opacity":"","overlay-gradient":""},"tablet":{"background-color":"","background-image":"","background-repeat":"repeat","background-position":"center center","background-size":"auto","background-attachment":"scroll","background-type":"","background-media":"","overlay-type":"","overlay-color":"","overlay-opacity":"","overlay-gradient":""},"mobile":{"background-color":"","background-image":"","background-repeat":"repeat","background-position":"center center","background-size":"auto","background-attachment":"scroll","background-type":"","background-media":"","overlay-type":"","overlay-color":"","overlay-opacity":"","overlay-gradient":""}},"ast-content-background-meta":{"desktop":{"background-color":"var(--ast-global-color-5)","background-image":"","background-repeat":"repeat","background-position":"center center","background-size":"auto","background-attachment":"scroll","background-type":"","background-media":"","overlay-type":"","overlay-color":"","overlay-opacity":"","overlay-gradient":""},"tablet":{"background-color":"var(--ast-global-color-5)","background-image":"","background-repeat":"repeat","background-position":"center center","background-size":"auto","background-attachment":"scroll","background-type":"","background-media":"","overlay-type":"","overlay-color":"","overlay-opacity":"","overlay-gradient":""},"mobile":{"background-color":"var(--ast-global-color-5)","background-image":"","background-repeat":"repeat","background-position":"center center","background-size":"auto","background-attachment":"scroll","background-type":"","background-media":"","overlay-type":"","overlay-color":"","overlay-opacity":"","overlay-gradient":""}},"footnotes":""},"class_list":["post-13921","page","type-page","status-publish","hentry"],"post_mailing_queue_ids":[],"_links":{"self":[{"href":"https:\/\/serveiseducatius.xtec.cat\/cda-altbergueda\/wp-json\/wp\/v2\/pages\/13921","targetHints":{"allow":["GET"]}}],"collection":[{"href":"https:\/\/serveiseducatius.xtec.cat\/cda-altbergueda\/wp-json\/wp\/v2\/pages"}],"about":[{"href":"https:\/\/serveiseducatius.xtec.cat\/cda-altbergueda\/wp-json\/wp\/v2\/types\/page"}],"author":[{"embeddable":true,"href":"https:\/\/serveiseducatius.xtec.cat\/cda-altbergueda\/wp-json\/wp\/v2\/users\/1"}],"replies":[{"embeddable":true,"href":"https:\/\/serveiseducatius.xtec.cat\/cda-altbergueda\/wp-json\/wp\/v2\/comments?post=13921"}],"version-history":[{"count":6,"href":"https:\/\/serveiseducatius.xtec.cat\/cda-altbergueda\/wp-json\/wp\/v2\/pages\/13921\/revisions"}],"predecessor-version":[{"id":15576,"href":"https:\/\/serveiseducatius.xtec.cat\/cda-altbergueda\/wp-json\/wp\/v2\/pages\/13921\/revisions\/15576"}],"up":[{"embeddable":true,"href":"https:\/\/serveiseducatius.xtec.cat\/cda-altbergueda\/wp-json\/wp\/v2\/pages\/8235"}],"wp:attachment":[{"href":"https:\/\/serveiseducatius.xtec.cat\/cda-altbergueda\/wp-json\/wp\/v2\/media?parent=13921"}],"curies":[{"name":"wp","href":"https:\/\/api.w.org\/{rel}","templated":true}]}}