{"id":9880,"date":"2020-01-11T07:40:21","date_gmt":"2020-01-11T06:40:21","guid":{"rendered":"http:\/\/serveiseducatius.xtec.cat\/bdrlectura\/?page_id=9880"},"modified":"2021-02-20T10:16:03","modified_gmt":"2021-02-20T09:16:03","slug":"articles-2020","status":"publish","type":"page","link":"https:\/\/serveiseducatius.xtec.cat\/bdrlectura\/articles-2020\/","title":{"rendered":"Articles 2020"},"content":{"rendered":"<ul>\n<li>ABELLA, Anna. <a href=\"https:\/\/www.elperiodico.cat\/ca\/oci-i-cultura\/20200331\/comic-infantil-juvenil-recomanacions-7910311\" target=\"_blank\" rel=\"noopener noreferrer\">Com convertir el teu fill en un amant del c\u00f2mic<\/a>. <em>El Peri\u00f3dico <\/em>(31 de mar\u00e7 de 2020)<\/li>\n<li>ABEY\u00c0, Elisabet. <a href=\"https:\/\/diarieducacio.cat\/gianni-rodari-cent-anys\/\" target=\"_blank\" rel=\"noopener noreferrer\">Gianni Rodari, cent anys<\/a>.\u00a0<em>El Diari de l\u2019Educaci\u00f3<\/em> (25 de setembre de 2020)<\/li>\n<li>BADIELLA, Jordi. <a href=\"https:\/\/diarieducacio.cat\/la-pagina-99-en-temps-de-covid\/\" target=\"_blank\" rel=\"noopener noreferrer\">La p\u00e0gina 99 en temps de covid.<\/a> <em>El Diari de l\u2019Educaci\u00f3<\/em> (26 d&#8217;octubre de 2020)<\/li>\n<li>AGUILAR, Laia. <a href=\"https:\/\/criatures.ara.cat\/lectura\/centenari-gianni-rodari-lij_0_2521547828.html?utm_medium=social&amp;utm_source=mail&amp;utm_campaign=ara\" target=\"_blank\" rel=\"noopener noreferrer\">El centenari de Gianni Rodari<\/a>.\u00a0<em>Ara Criatures<\/em> (5 de setembre de 2020)<\/li>\n<li>AGUILAR, Laia. <a href=\"https:\/\/criatures.ara.cat\/lectura\/literatura-infantil-i-juvenil-lgtbi_0_2437556226.html?utm_medium=social&amp;utm_source=twitter&amp;utm_campaign=ara\" target=\"_blank\" rel=\"noopener noreferrer\">Literatura infantil i juvenil LGTBI<\/a>. <em>Ara Criatures<\/em> (18 d&#8217;abril de 2020)<\/li>\n<li>AGUILAR, Laia. <a href=\"https:\/\/criatures.ara.cat\/lectura\/recuperar-els-classics-juvenils_0_2483751605.html\" target=\"_blank\" rel=\"noopener noreferrer\">Recuperar els cl\u00e0ssics juvenils.<\/a> <em>Ara Criatures<\/em> (4 de juliol de 2020)<\/li>\n<li>ALABART, Marc. <a href=\"https:\/\/www.catorze.cat\/noticia\/13981\/14\/consells\/perque\/mestres\/confinats\/promoguin\/lectura\" target=\"_blank\" rel=\"noopener noreferrer\">14 consells perqu\u00e8 els mestres confinats promoguin la lectura.<\/a> <em>Catorze 14\u00a0<\/em>(1 d&#8217;abril de 2020)<\/li>\n<li>AMAT CASTELLS, Vanesa. <a href=\"https:\/\/cat.grao.com\/ca\/producto\/revista-guix-470-setembre-20-nou-curs-responsabilitat-social-lideratge-i-compromis-gu470\" target=\"_blank\" rel=\"noopener noreferrer\">Sis q\u00fcestions sobre la lectura i l&#8217;escriptura al cicle inicial<\/a>. <em>Guix. Elements d\u2019Acci\u00f3 Educativa<\/em> n\u00fam. 470 (setembre 2020), p. 51-55<\/li>\n<li>BERGAD\u00c0. Nati. <a href=\"https:\/\/diarieducacio.cat\/26-contes-per-celebrar-amb-la-canalla-el-dia-internacional-de-les-dones\/\" target=\"_blank\" rel=\"noopener noreferrer\">26 contes per celebrar amb la canalla el Dia Internacional de les Dones<\/a>. <em>El Diari de l\u2019Educaci\u00f3<\/em> (5 de mar\u00e7 de 2020)<\/li>\n<li>CALVO BUIL, Nati. <a href=\"https:\/\/obrimeducacio.cat\/blog\/5-claus-per-impulsar-un-estiu-lector-des-de-les-biblioteques#\" target=\"_blank\" rel=\"noopener noreferrer\">5 claus per impulsar un estiu lector des de les biblioteques<\/a>. <em>Obrim l&#8217;Educaci\u00f3. Una crida de la Fundaci\u00f3 Jaume Bofil<\/em>l (28 d&#8217;abril de 2020)<\/li>\n<li>CENTELLES, Jaume. <a href=\"https:\/\/cat.grao.com\/ca\/producte\/etern-rodari-cent-anys-del-seu-naixement-gu46398571\" target=\"_blank\" rel=\"noopener noreferrer\">Etern Rodari. Cent anys del seu naixement<\/a><a href=\"https:\/\/dialnet.unirioja.es\/ejemplar\/524330\" target=\"_blank\" rel=\"noopener noreferrer\">.<\/a> <em>Guix. Elements d\u2019Acci\u00f3 Educativa<\/em> n\u00fam. 463 (febrer 2020), p. 67-68<\/li>\n<li>CENTELLES, Jaume. <a href=\"https:\/\/cat.grao.com\/ca\/producte\/revista-guix-470-setembre-20-nou-curs-responsabilitat-social-lideratge-i-compromis-gu470\" target=\"_blank\" rel=\"noopener noreferrer\">Zooescrivint. L\u2019impuls de la lectoescriptura amb les mascotes amigues<\/a>. <em>Guix. Elements d\u2019Acci\u00f3 Educativa<\/em> n\u00fam. 470 (setembre 2020), p. 69<\/li>\n<li>CRUZ, Maria del Carmen. <a href=\"http:\/\/comein.uoc.edu\/divulgacio\/comein\/ca\/numero104\/articles\/mc-cruz-la-biblioteca-escolar-oportunitat-o-castig-.html\" target=\"_blank\" rel=\"noopener noreferrer\">La biblioteca escolar: oportunitat o c\u00e0stig?<\/a>.\u00a0<em>COMeIN [en l\u00ednia] (<\/em>novembre 2020)<\/li>\n<li>DOM\u00c8NECH, Mar. <a href=\"https:\/\/diarieducacio.cat\/14-contes-infantils-que-combaten-lemergencia-climatica\/\" target=\"_blank\" rel=\"noopener noreferrer\">14 contes infantils que combaten l\u2019emerg\u00e8ncia clim\u00e0tica.<\/a> <em>El Diari de l\u2019Educaci\u00f3<\/em> (24 de gener de 2020)<\/li>\n<li><a href=\"https:\/\/www.elperiodico.cat\/ca\/oci-i-cultura\/20200213\/comics-essencials-2019-segons-acdcomic-7846315\" target=\"_blank\" rel=\"noopener noreferrer\">Els c\u00f2mics essencials del 2019, segons la cr\u00edtica.<\/a> <em>El Peri\u00f3dico<\/em> (13 de febrer de 2020)<\/li>\n<li><a href=\"https:\/\/cat.elpais.com\/cat\/2020\/04\/29\/cultura\/1588188942_062949.html\" target=\"_blank\" rel=\"noopener noreferrer\">Entrevista Gregorio Luri: &#8220;Les descripcions minucioses han desaparegut de la literatura&#8221;<\/a>. <em>El Pa\u00eds<\/em> (20 d&#8217;abril de 2020)<\/li>\n<li>GIM\u00c9NEZ FAJARDO, Toni. <a href=\"https:\/\/cat.grao.com\/ca\/producte\/la-imaginacio-al-poder-gianni-rodari-i-les-seves-filastrocche-vf08599949\" target=\"_blank\" rel=\"noopener noreferrer\">La imaginaci\u00f3 al poder. Gianni Rodari i les seves filastrocche<\/a>. <em>Viure en fam\u00edlia <\/em>n\u00fam 85 (setembre 2020), p. 47-51<\/li>\n<li>GUITART, Anna. <a href=\"https:\/\/llegim.ara.cat\/opinio\/Literatura-prou_0_2583941795.html\" target=\"_blank\" rel=\"noopener noreferrer\">Literatura i prou<\/a>. <em>Ara<\/em> (18 de desembre de 2020)<\/li>\n<li>IGNOTOFSKY, Rachel. <a href=\"https:\/\/www.catorze.cat\/noticia\/13643\/cientifiques\/illustrades\" target=\"_blank\" rel=\"noopener noreferrer\">Cient\u00edfiques il\u00b7lustrades.<\/a> <em>Catorze 14\u00a0<\/em>(30 de gener de 2020)<\/li>\n<li>JUAN, Anna. <a href=\"https:\/\/www.catorze.cat\/noticia\/13941\/14\/idees\/acompanyar\/lectura\/casa\" target=\"_blank\" rel=\"noopener noreferrer\">14 idees per acompanyar la lectura a casa<\/a>. <em>Catorze 14\u00a0<\/em>(8 d&#8217;abril de 2020)<\/li>\n<li>JUST\u00cdCIA, Ant\u00f2nia. <a href=\"https:\/\/www.lavanguardia.com\/cultura\/culturas\/20201204\/49857533852\/cuentos-infantiles-bruno-murani-formatos.html\" target=\"_blank\" rel=\"noopener noreferrer\">El tama\u00f1o s\u00ed que importa. Cuentos infantiles que juegan con los formatos<\/a>. <em>La Vanguardia<\/em> (4 de desembre de 2020)<\/li>\n<li><a href=\"https:\/\/www.ara.cat\/societat\/biblioteques-escolars-temen-desmantellament_0_2459754120.html\" target=\"_blank\" rel=\"noopener noreferrer\">Les biblioteques escolars temen el seu &#8220;desmantellament&#8221; despr\u00e9s de la pand\u00e8mia.<\/a> <em>Ara <\/em>(25 de maig de 2020)<\/li>\n<li>LLUCH, Gemma. <a title=\"La lectura digital y la anal\u00f3gica en (el centro y) las BBEE\" href=\"https:\/\/www.juntadeandalucia.es\/educacion\/portals\/web\/libro-abierto\/opinion\/-\/novedades\/detalle\/UiO5RJzNWrQE\/la-lectura-digital-y-la-analogica-en-el-centro-y-las-bbee\" target=\"_self\" rel=\"noopener noreferrer\">La lectura digital y la anal\u00f3gica en (el centro y) las BBEE<\/a>. <em>Libro abierto<\/em> (22 d&#8217;octubre de 2020)<\/li>\n<li>MANRESA, Mireia. <a href=\"http:\/\/diarieducacio.cat\/blogs\/rosasensat\/2020\/05\/19\/llegir-a-casa-llegir-a-les-aules\/\" target=\"_blank\" rel=\"noopener noreferrer\">Llegir a cas, llegir a les aules<\/a>. <em>El Diari de l\u2019Educaci\u00f3<\/em> (19 de maig de 2020)<\/li>\n<li>MARCOS, Ana. <a href=\"https:\/\/elpais.com\/cultura\/2020\/09\/04\/babelia\/1599214185_406118.html\" target=\"_blank\" rel=\"noopener noreferrer\">Infantil o realista: se abre el debate sobre la ilustraci\u00f3n para ni\u00f1os<\/a>. <em>Babelia. El Pa\u00eds<\/em> (7 de setembre de 2020)<\/li>\n<li>NOVOA, Cristina. <a href=\"https:\/\/www.juntadeandalucia.es\/educacion\/portals\/web\/libro-abierto\/opinion\/-\/novedades\/detalle\/UiO5RJzNWrQE\/bibliotecas-escolares-aceleradores-de-innovacion\" target=\"_blank\" rel=\"noopener noreferrer\">Bibliotecas escolares, &#8220;aceleradores de innovaci\u00f3n&#8221;<\/a>. <em>Libro abierto<\/em> (17 de desembre de 2020)<\/li>\n<li>OLIVER, Diana. <a href=\"https:\/\/elpais.com\/elpais\/2019\/12\/19\/mamas_papas\/1576744449_238340.html\" target=\"_blank\" rel=\"noopener noreferrer\">Despertar el amor por la lectura a trav\u00e9s del c\u00f3mic.<\/a> <em>El Pa\u00eds<\/em> (3 de gener de 2020)<\/li>\n<li>RODARI, Gianni. <a href=\"https:\/\/www.catorze.cat\/noticia\/7752\/aprendre-rient\" target=\"_blank\" rel=\"noopener noreferrer\">Com aprendre rient. Les maneres de Gianni Rodari per inventar hist\u00f2ries c\u00f2miques per als m\u00e9s petits<\/a><strong>. <\/strong><em>Catorze 14\u00a0<\/em>(4 de novembre de 2020)<\/li>\n<li>ROS, Roser. <a href=\"https:\/\/cat.grao.com\/ca\/producte\/mes-literatura-sisplau-vf08298495\" target=\"_blank\" rel=\"noopener noreferrer\">M\u00e9s literatura, sisplau!<\/a>. <em>Viure en fam\u00edlia <\/em>n\u00fam. 82 (gener 20<em>20)<\/em>, p.15<\/li>\n<li>RUIZ, Gisela. <a href=\"https:\/\/www.catorze.cat\/noticia\/14290\/biblioteques\/despres\/pandemia\" target=\"_blank\" rel=\"noopener noreferrer\">Les biblioteques despr\u00e9s de la pand\u00e8mia<\/a>. <em>Catorze 14\u00a0<\/em>(26 de maig de 2020)<\/li>\n<li>SAURA, V\u00edctor. <a href=\"https:\/\/diarieducacio.cat\/qui-falla-en-comprensio-lectora-falla-en-gairebe-tot\/\" target=\"_blank\" rel=\"noopener noreferrer\">\u201cQui falla en comprensi\u00f3 lectora, falla en gaireb\u00e9 tot\u201d<\/a>. <em>El Diari de l\u2019Educaci\u00f3<\/em> (7 de gener de 2020)<\/li>\n<li>SAURA, V\u00edctor. <a href=\"https:\/\/diarieducacio.cat\/el-comic-com-a-recurs-didactic-per-apropar-la-historia-als-adolescents\/\" target=\"_blank\" rel=\"noopener noreferrer\">El c\u00f2mic com a recurs did\u00e0ctic per apropar la Hist\u00f2ria als adolescents.<\/a> <em>El Diari de l\u2019Educaci\u00f3<\/em> (7 de gener de 2020)<\/li>\n<li>SIM\u00d3 RODR\u00cdGUEZ, Joan. <a href=\"https:\/\/www.nuvol.com\/agenda\/i-si-llegim-i-si-investiguem-i-si-calculem-125026?utm_source=SUBSCRIPTORS+DE+LA+NEWSLETTER&amp;utm_campaign=ec7b69b285-EMAIL_CAMPAIGN_2020_01_31_08_48_COPY_01&amp;utm_medium=email&amp;utm_term=0_b03a8deaed-ec7b69b285-169708101\" target=\"_blank\" rel=\"noopener noreferrer\">I si llegim? I si investiguem I si calculem?<\/a>. <em>N\u00favol. El digital de cultura <\/em>(8 d&#8217;octubre de 2020)<\/li>\n<\/ul>\n<p>&nbsp;<\/p>\n","protected":false},"excerpt":{"rendered":"<ul>\n<li>ABELLA, Anna. <a href=\"https:\/\/www.elperiodico.cat\/ca\/oci-i-cultura\/20200331\/comic-infantil-juvenil-recomanacions-7910311\" target=\"_blank\" rel=\"noopener noreferrer\">Com convertir el teu fill en un amant del c\u00f2mic<\/a>. El Peri\u00f3dico (31 de mar\u00e7 de 2020)<\/li>\n<li>ABEY\u00c0, Elisabet. <a href=\"https:\/\/diarieducacio.cat\/gianni-rodari-cent-anys\/\" target=\"_blank\" rel=\"noopener noreferrer\">Gianni Rodari, cent anys<\/a>.\u00a0El Diari de l\u2019Educaci\u00f3 (25 de setembre de 2020)<\/li>\n<li>BADIELLA, Jordi. <a href=\"https:\/\/diarieducacio.cat\/la-pagina-99-en-temps-de-covid\/\" target=\"_blank\" rel=\"noopener&hellip;  <a href=\"https:\/\/serveiseducatius.xtec.cat\/bdrlectura\/articles-2020\/\" title=\"Read Articles 2020\">Llegeix m\u00e9s\u00bb<\/a><br \/>\n","protected":false},"author":1,"featured_media":0,"parent":0,"menu_order":0,"comment_status":"closed","ping_status":"closed","template":"","meta":{"_bbp_topic_count":0,"_bbp_reply_count":0,"_bbp_total_topic_count":0,"_bbp_total_reply_count":0,"_bbp_voice_count":0,"_bbp_anonymous_reply_count":0,"_bbp_topic_count_hidden":0,"_bbp_reply_count_hidden":0,"_bbp_forum_subforum_count":0,"footnotes":""},"class_list":["post-9880","page","type-page","status-publish","hentry"],"post_mailing_queue_ids":[],"_links":{"self":[{"href":"https:\/\/serveiseducatius.xtec.cat\/bdrlectura\/wp-json\/wp\/v2\/pages\/9880","targetHints":{"allow":["GET"]}}],"collection":[{"href":"https:\/\/serveiseducatius.xtec.cat\/bdrlectura\/wp-json\/wp\/v2\/pages"}],"about":[{"href":"https:\/\/serveiseducatius.xtec.cat\/bdrlectura\/wp-json\/wp\/v2\/types\/page"}],"author":[{"embeddable":true,"href":"https:\/\/serveiseducatius.xtec.cat\/bdrlectura\/wp-json\/wp\/v2\/users\/1"}],"replies":[{"embeddable":true,"href":"https:\/\/serveiseducatius.xtec.cat\/bdrlectura\/wp-json\/wp\/v2\/comments?post=9880"}],"version-history":[{"count":5,"href":"https:\/\/serveiseducatius.xtec.cat\/bdrlectura\/wp-json\/wp\/v2\/pages\/9880\/revisions"}],"predecessor-version":[{"id":16803,"href":"https:\/\/serveiseducatius.xtec.cat\/bdrlectura\/wp-json\/wp\/v2\/pages\/9880\/revisions\/16803"}],"wp:attachment":[{"href":"https:\/\/serveiseducatius.xtec.cat\/bdrlectura\/wp-json\/wp\/v2\/media?parent=9880"}],"curies":[{"name":"wp","href":"https:\/\/api.w.org\/{rel}","templated":true}]}}