{"id":8536,"date":"2016-07-14T10:42:40","date_gmt":"2016-07-14T09:42:40","guid":{"rendered":"http:\/\/serveiseducatius.xtec.cat\/bdrlectura\/?page_id=8536"},"modified":"2020-07-14T21:07:49","modified_gmt":"2020-07-14T19:07:49","slug":"educacio-literaria-documentacio","status":"publish","type":"page","link":"https:\/\/serveiseducatius.xtec.cat\/bdrlectura\/educacio-literaria-documentacio\/","title":{"rendered":"Educaci\u00f3 liter\u00e0ria. Documentaci\u00f3"},"content":{"rendered":"<h3>Investigaci\u00f3<\/h3>\n<ul>\n<li>REYES L\u00d3PEZ, Lara. <a href=\"https:\/\/ddd.uab.cat\/record\/137897\" target=\"_blank\" rel=\"noopener noreferrer\">La formaci\u00f3 liter\u00e0ria a prim\u00e0ria. Impacte d&#8217;una intervenci\u00f3 educativa en l&#8217;evoluci\u00f3 de respostes lectores.<\/a> Tesi doctoral, 2015 (Universitat Aut\u00f2noma de Barcelona).<\/li>\n<\/ul>\n<h3>Estudis i informes<\/h3>\n<ul>\n<li><a href=\"https:\/\/revistes.ub.edu\/index.php\/Anuari-BLL\/issue\/view\/2323\/showToc\" target=\"_blank\" rel=\"noopener noreferrer\">Anuari de Biblioteques, Llibres i Lectura<\/a>. Publicaci\u00f3 biennal amb articles que recullen l\u2019estat de la q\u00fcesti\u00f3 i el balan\u00e7 d\u2019actuacions pel que fa a la recerca, la creaci\u00f3 i la difusi\u00f3 al voltant d\u2019aquests tres \u00e0mbits a Catalunya.<\/li>\n<li><a href=\"http:\/\/www.literaturasm.com\/Anuario_de_Literatura_Infantil_y_Juvenil.html\" target=\"_blank\" rel=\"noopener noreferrer\">Anuario sobre el libro infantil y juvenil<\/a>.\u00a0Publicaci\u00f3 de la Fundaci\u00f3 SM amb les principals caracter\u00edstiques i tend\u00e8ncies del mercat sobre literatura infantil i juvenil i sobre el llibre electr\u00f2nic.<\/li>\n<li><a href=\"http:\/\/www.andreusotorra.com\/cornabou\/dossiers\/recerca\/dictamenlij.pdf\" target=\"_blank\" rel=\"noopener noreferrer\">Dictamen sobre la situaci\u00f3 de la literatura catalana a l&#8217;ensenyament secundari.<\/a> Estudi elaborat per Jaume Aulet (Universitat Aut\u00f2noma de Barcelona) i Pere Mart\u00ed i Bertran (IES Eugeni d&#8217;Ors de Vilafranca del Pened\u00e8s).<\/li>\n<li><a href=\"https:\/\/fundaciongsr.org\/recursos-2\/\" target=\"_blank\" rel=\"noopener noreferrer\">Documentos y fichas del \u00a0Laboratorio Contempor\u00e1neo de Fomento de la Lectura. <\/a>Estudis diversos relacionats amb el foment de lectura generats, des de 2016, per l&#8217;equip de la Fundaci\u00f3n Germ\u00e1n S\u00e1nchez Ruip\u00e9rez (Madrid).<\/li>\n<li><a href=\"http:\/\/www.territorioebook.com\/recursos\/vozelectores\/menos18\/informe_lectores_menos_18.pdf\" target=\"_blank\" rel=\"noopener noreferrer\">Ebook -18. Los lectores ni\u00f1os y j\u00f3venes y los libros electr\u00f3nicos<\/a>. Publicaci\u00f3 de la Fundaci\u00f3n Germ\u00e1n S\u00e1nchez Ruip\u00e9rez que recull les investigacions desenvolupades dins del Programa Territorio Ebook sobre les implicacions de la introducci\u00f3 dels llibres electr\u00f2nics en l\u2019entorn bibliotecari i educatiu.<\/li>\n<li><a href=\"https:\/\/drive.google.com\/file\/d\/1fOVefYjSMwe8Rwp45o006r7r-SMbwWGi\/view?usp=sharing\" target=\"_blank\" rel=\"noopener noreferrer\">Els llibres que ens fan grans<\/a>. Dossier publicat pel diari\u00a0<a href=\"https:\/\/www.ara.cat\/\" target=\"_blank\" rel=\"noopener noreferrer\">Ara<\/a> que fa un rep\u00e0s de la situaci\u00f3 en qu\u00e8 es troba el sector de la literatura infantil i juvenil a Catalunya, que afronta el repte de com fer nous lectors,\u00a0amb la participaci\u00f3 d\u2019importants autores i autors actuals (novembre 2017).<\/li>\n<li><a href=\"https:\/\/www.gremieditors.cat\/wp-content\/uploads\/2018\/01\/2017-Habitos-de-lectura-y-compra-de-libros-ESPANA.pdf\" target=\"_blank\" rel=\"noopener noreferrer\">H\u00e1bitos de Lectura y Compra de Libros en Espa\u00f1a.<\/a>\u00a0Estudi fet per la Federaci\u00f3n de Gremios de Editores de Espa\u00f1a que t\u00e9 com a objectiu con\u00e8ixer el comportament lector de les persones m\u00e9s grans de 10 anys, per obtenir informaci\u00f3 que faciliti la formulaci\u00f3 i avaluaci\u00f3 de pol\u00edtiques i plans de lectura (gener 2018).<\/li>\n<li><a href=\"http:\/\/www.fge.es\/lalectura\/2017\/default.html\" target=\"_blank\" rel=\"noopener noreferrer\">La lectura en Espa\u00f1a<\/a>. Informe, elaborat per la Federaci\u00f3n de Gremios de Editores de Espa\u00f1a i coordinat per Jos\u00e9 Antonio Mill\u00e1n, que analitza la situaci\u00f3 en qu\u00e8 es troba la lectura a l\u2019Estat espanyol i els elements que contribueixen a la seva promoci\u00f3 (edici\u00f3 2017).<\/li>\n<\/ul>\n<h3>Missatges, textos i manifestos<\/h3>\n<ul>\n<li><a href=\"http:\/\/www.clijcat.cat\/faristol\/descargas\/54\/10_54.pdf\" target=\"_blank\" rel=\"noopener noreferrer\">El dest\u00ed dels llibres est\u00e0 escrit a les estrelles.<\/a> J\u00e1n Uliciansky (2 d&#8217;abril de 2006). Missatge de l&#8217;escriptor eslovac adre\u00e7at a tots els nens i nenes del m\u00f3n amb motiu del Dia Internacional del Llibre Infantil.<\/li>\n<li><a href=\"http:\/\/www.oepli.org\/desc\/pag\/DiaInter2011.pdf\" target=\"_blank\" rel=\"noopener noreferrer\">El llibre recorda.<\/a> Aino Pervik (2 d&#8217;abril de 2011). Missatge de l&#8217;escriptora estoniana adre\u00e7at a tots els nens i nenes del m\u00f3n amb motiu del Dia Internacional del Llibre Infantil.<\/li>\n<li><a href=\"http:\/\/xtec.gencat.cat\/web\/.content\/alfresco\/d\/d\/workspace\/SpacesStore\/0056\/75eaf0c4-d289-4d4e-86ae-eb1a4991b43c\/El_mapa_no_es.pdf\" target=\"_blank\" rel=\"noopener noreferrer\">El mapa no es el territorio&#8230; pero ayuda a no perderse. La educaci\u00f3n literaria para ni\u00f1os y j\u00f3venes.<\/a>\u00a0Confer\u00e8ncia inaugural de les \u00abXV Jornadas de Bibliotecas\u00bb celebrades a Salamanca, 31 de maig de 2007.<\/li>\n<li><a href=\"http:\/\/www.clijcat.cat\/faristol\/descargas\/60\/7_60.pdf\" target=\"_blank\" rel=\"noopener noreferrer\"> Els llibres instrueixen. El saber fa gaudir.<\/a> Chakrabhand Posayakrit (2 d&#8217;abril de 2008). Missatge de l&#8217;artista tailand\u00e8s adre\u00e7at a tots els nens i nenes del m\u00f3n amb motiu del Dia Internacional del Llibre Infantil.<\/li>\n<li><a href=\"http:\/\/www.clijcat.cat\/faristol\/paginas\/resdetall_articles.php?recordID=52\" target=\"_blank\" rel=\"noopener noreferrer\">Els llibres s\u00f3n els meus ulls m\u00e0gics.<\/a> Manorama Jafa (2 d&#8217;abril de 2005). Missatge de l&#8217;escriptora \u00edndia adre\u00e7at a tots els nens i nenes del m\u00f3n amb motiu del Dia Internacional del Llibre Infantil.<\/li>\n<li><a href=\"http:\/\/www.clijcat.cat\/faristol\/descargas\/63\/9_63.pdf\" target=\"_blank\" rel=\"noopener noreferrer\">Jo s\u00f3c el m\u00f3n.<\/a> Hani D. El-Masri (2 d&#8217;abril de 2009). Missatge de l&#8217;artista egipci, adre\u00e7at a tots els nens i nenes del m\u00f3n amb motiu del Dia Internacional del Llibre Infantil.<\/li>\n<li><a href=\"http:\/\/www.oepli.org\/desc\/pag\/DiaInter2012.pdf\" target=\"_blank\" rel=\"noopener noreferrer\">Hi havia una vegada un conte que contava el m\u00f3n sencer.<\/a> Francisco Hinojosa (2 d&#8217;abril de 2012). Missatge de l&#8217;escriptor mexic\u00e0 adre\u00e7at a tots els nens i nenes del m\u00f3n amb motiu del Dia Internacional del Llibre Infantil.<\/li>\n<li><a href=\"http:\/\/xtec.gencat.cat\/web\/.content\/alfresco\/d\/d\/workspace\/SpacesStore\/0039\/255d4c10-45e9-4c90-ac85-e098c94c1762\/Passio_per_llegir.pdf\" target=\"_blank\" rel=\"noopener noreferrer\">La passi\u00f3 per llegir i escriure.<\/a> Gemma Lienas (13 de desembre de 2004). Discurs llegit per l&#8217;autora en el acte de lliurament del Premi Pere Calders 2004.<\/li>\n<li><a href=\"http:\/\/revistababar.com\/wp\/leer-para-ser-mejores-miquel-desclot\/\" target=\"_blank\" rel=\"noopener noreferrer\">Leer para ser mejores.<\/a> Miquel Desclot ( 27 de desembre de 2002). Text llegit per l&#8217;autor, en qualitat de Premio Nacional de Literatura Infantil y Juvenil, amb motiu de la inauguraci\u00f3 a la Biblioteca Nacional de Madrid d&#8217;una campanya per al foment de la lectura.<\/li>\n<li><a href=\"http:\/\/www.svh.cat\/municipi-per-temes\/educacio\/llegir-ens-ho-dona-tot\/\" target=\"_blank\" rel=\"noopener noreferrer\">Llegir ens ho d\u00f3na tot<\/a>. Manifest de la campanya que es du a terme a\u00a0Sant Vicen\u00e7 dels Horts que t\u00e9 com a\u00a0finalitat fer de la lectura un dels ressorts b\u00e0sics perqu\u00e8 la ciutadania prengui\u00a0part activa en la societat del coneixement.<\/li>\n<li><a href=\"http:\/\/pontdenseula.blogspot.com.es\/2013\/04\/dia-internacional-del-llibre-infantil.html\" target=\"_blank\" rel=\"noopener noreferrer\">Llibres alegres arreu del m\u00f3n<\/a>. Pat Mora (El Paso, Texas).\u00a0Poema, tradu\u00eft al catal\u00e0 per Jordi Ferr\u00e9 i Ybarz, adre\u00e7at a tots els nens i nenes del m\u00f3n amb motiu del Dia Internacional del Llibre Infantil (2 d&#8217;abril de 2013).<\/li>\n<li><a href=\"http:\/\/www.erabili.com\/zer_berri\/berriak\/dokumentuak\/2007\/haur_liburuaren_eguna_mahy_mezua.pdf\" target=\"_blank\" rel=\"noopener noreferrer\">No podr\u00e9 oblidar mai com vaig aprendre a llegir.<\/a>\u00a0Margaret Mhy (2 d&#8217;abril de 2007). Missatge de l&#8217;escriptora de Nova Zelanda adre\u00e7at a tots els nens i nenes del m\u00f3n amb motiu del Dia Internacional del Llibre Infantil.<\/li>\n<li><a href=\"http:\/\/www.slideshare.net\/AlbertBF\/sis-apunts-per-a-triar-un-bon-llibre\" target=\"_blank\" rel=\"noopener noreferrer\">Sis apunts per a triar un llibre infantil.<\/a> Pep Molist (19 d&#8217;abril de 2005). Confer\u00e8ncia-col\u00b7loqui sobre la import\u00e0ncia de posar bons llibres a l&#8217;abast dels nens i d&#8217;estimular la lectura, que va tenir lloc a la Biblioteca del CEIP Sant Ignasi de Manresa.<\/li>\n<li><a href=\"http:\/\/www.galtzagorri.org\/fitx\/irudiak\/tripticoA5.pdf\" target=\"_blank\" rel=\"noopener noreferrer\">Un llibre t&#8217;espera; cerca&#8217;l!<\/a> Eliacer Cansino, escriptor (Sevilla). Missatge, tradu\u00eft al catal\u00e0 per Ricard Bonmat\u00ed, adre\u00e7at a tots els nens i nenes del m\u00f3n amb motiu del Dia Internacional del Llibre Infantil (2 d&#8217;abril de 2010).<\/li>\n<\/ul>\n<h3>Congressos i jornades<\/h3>\n<ul>\n<li><a href=\"http:\/\/www.escriptors.cat\/files\/qd50.pdf\" target=\"_blank\" rel=\"noopener noreferrer\">Hist\u00f2ria i ficci\u00f3 hist\u00f2rica per a infants i joves<\/a>.\u00a050\u00e8 volum de la col\u00b7lecci\u00f3\u00a0<a href=\"http:\/\/www.escriptors.cat\/?q=publicacions_quadernsdivulgatius\" target=\"_blank\" rel=\"noopener noreferrer\"><strong style=\"font-weight: normal !important;\">Quaderns Divulgatius<\/strong><\/a>, editat per l&#8217;<a href=\"http:\/\/www.escriptors.cat\/\" target=\"_blank\" rel=\"noopener noreferrer\"><strong style=\"font-weight: normal !important;\">Associaci\u00f3 d&#8217;Escriptors en Llengua Catalana<\/strong><\/a>, on es recullen les pon\u00e8ncies del\u00a0V Congr\u00e9s de Literatura Infantil i Juvenil Catalana,\u00a0dedicat a la hist\u00f2ria i ficci\u00f3 hist\u00f2rica per a infants i joves.<\/li>\n<li><a href=\"https:\/\/www.escriptors.cat\/noticia\/llegim-llegir-conclusions-del-6e-congres-de-literatura-infantil-i-juvenil\" target=\"_blank\" rel=\"noopener noreferrer\">Llegim per llegir? Conclusions del 6\u00e8 congr\u00e9s de literatura infantil i juvenil<\/a>. Associaci\u00f3 d&#8217;Escriptors en Llengua Catalana, Barcelona, 2018<\/li>\n<\/ul>\n<h3>Documents audiovisuals<\/h3>\n<ul>\n<li><a href=\"http:\/\/www.ara.cat\/programes\/ARA_Kids-Lola_Casas_3_570572943.html\" target=\"_blank\" rel=\"noopener noreferrer\">Ara Kids: L&#8217;escriptora Lola Casas al plat\u00f3 de l&#8217;ARA.<\/a>\u00a0[Enregistrament v\u00eddeo].\u00a0Ara.cat\u00a0[14 d&#8217;octubre de 2011]<\/li>\n<li><a href=\"http:\/\/www.youtube.com\/watch?v=_BKTZ0v165U\" target=\"_blank\" rel=\"noopener noreferrer\">La educaci\u00f3n literaria y la promoci\u00f3n de la lectura desde la biblioteca escolar.<\/a>\u00a0Confer\u00e8ncia de Gemma Lluch sobre el paper que la biblioteca escolar pot tenir en l&#8217;educaci\u00f3 liter\u00e0ria i la promoci\u00f3 de la lectura. Explica bones pr\u00e0ctiques amb el suport de les eines 2.0.<\/li>\n<li><a href=\"http:\/\/www.rtve.es\/television\/20101221\/pagina-2---monografico-sobre-literatura-infantil\/388840.shtml\" target=\"_blank\" rel=\"noopener noreferrer\">Monogr\u00e1fico sobre literatura infantil.<\/a>\u00a0Programa em\u00e8s per P\u00e1gina 2 de La 2 (RTVE) dedicat a parlar dels cl\u00e0ssics amb Gemma Lienas, Care Santos i Jordi Sierra i Fabra.<\/li>\n<li><a href=\"http:\/\/www.ccma.cat\/tv3\/alacarta\/via-llibre\/com-fer-que-els-nens-llegeixin\/video\/5403833\/\" target=\"_blank\" rel=\"noopener noreferrer\">Com fer que\u00a0els nens i nenes llegeixin?<\/a>\u00a0Cap\u00edtol del programa de TV3 &#8220;Via llibre&#8221;, em\u00e8s el 17 de desembre de 2014, dedicat a la literatura infantil en el qual persones expertes en el tema donen algunes claus perqu\u00e8 els nens i nenes llegeixin.<\/li>\n<\/ul>\n","protected":false},"excerpt":{"rendered":"<p>Investigaci\u00f3<\/p>\n<ul>\n<li>REYES L\u00d3PEZ, Lara. <a href=\"https:\/\/ddd.uab.cat\/record\/137897\" target=\"_blank\" rel=\"noopener noreferrer\">La formaci\u00f3 liter\u00e0ria a prim\u00e0ria. Impacte d&#8217;una intervenci\u00f3 educativa en l&#8217;evoluci\u00f3 de respostes lectores.<\/a> Tesi doctoral, 2015 (Universitat Aut\u00f2noma de Barcelona).<\/li>\n<\/ul>\n<p>Estudis i informes<\/p>\n<ul>\n<li><a href=\"https:\/\/revistes.ub.edu\/index.php\/Anuari-BLL\/issue\/view\/2323\/showToc\" target=\"_blank\" rel=\"noopener noreferrer\">Anuari de Biblioteques, Llibres i Lectura<\/a>. Publicaci\u00f3 biennal amb articles que recullen&hellip;  <a href=\"https:\/\/serveiseducatius.xtec.cat\/bdrlectura\/educacio-literaria-documentacio\/\" title=\"Read Educaci\u00f3 liter\u00e0ria. Documentaci\u00f3\">Llegeix m\u00e9s\u00bb<\/a><br \/>\n","protected":false},"author":1,"featured_media":0,"parent":0,"menu_order":230,"comment_status":"closed","ping_status":"closed","template":"","meta":{"_bbp_topic_count":0,"_bbp_reply_count":0,"_bbp_total_topic_count":0,"_bbp_total_reply_count":0,"_bbp_voice_count":0,"_bbp_anonymous_reply_count":0,"_bbp_topic_count_hidden":0,"_bbp_reply_count_hidden":0,"_bbp_forum_subforum_count":0,"footnotes":""},"class_list":["post-8536","page","type-page","status-publish","hentry"],"post_mailing_queue_ids":[],"_links":{"self":[{"href":"https:\/\/serveiseducatius.xtec.cat\/bdrlectura\/wp-json\/wp\/v2\/pages\/8536","targetHints":{"allow":["GET"]}}],"collection":[{"href":"https:\/\/serveiseducatius.xtec.cat\/bdrlectura\/wp-json\/wp\/v2\/pages"}],"about":[{"href":"https:\/\/serveiseducatius.xtec.cat\/bdrlectura\/wp-json\/wp\/v2\/types\/page"}],"author":[{"embeddable":true,"href":"https:\/\/serveiseducatius.xtec.cat\/bdrlectura\/wp-json\/wp\/v2\/users\/1"}],"replies":[{"embeddable":true,"href":"https:\/\/serveiseducatius.xtec.cat\/bdrlectura\/wp-json\/wp\/v2\/comments?post=8536"}],"version-history":[{"count":4,"href":"https:\/\/serveiseducatius.xtec.cat\/bdrlectura\/wp-json\/wp\/v2\/pages\/8536\/revisions"}],"predecessor-version":[{"id":16441,"href":"https:\/\/serveiseducatius.xtec.cat\/bdrlectura\/wp-json\/wp\/v2\/pages\/8536\/revisions\/16441"}],"wp:attachment":[{"href":"https:\/\/serveiseducatius.xtec.cat\/bdrlectura\/wp-json\/wp\/v2\/media?parent=8536"}],"curies":[{"name":"wp","href":"https:\/\/api.w.org\/{rel}","templated":true}]}}