{"id":1560,"date":"2010-10-14T08:50:31","date_gmt":"2010-10-14T07:50:31","guid":{"rendered":"http:\/\/www.reporteducacio.cat\/?page_id=1560"},"modified":"2025-12-12T08:26:33","modified_gmt":"2025-12-12T07:26:33","slug":"sant-vicenc-dels-horts","status":"publish","type":"page","link":"https:\/\/serveiseducatius.xtec.cat\/baixllobregat6\/centres-educatius\/sant-vicenc-dels-horts\/","title":{"rendered":"Sant Vicen\u00e7 dels Horts"},"content":{"rendered":"\n<figure class=\"wp-block-image\"><a href=\"http:\/\/serveiseducatius.xtec.cat\/baixllobregat6\/wp-content\/uploads\/usu778\/2010\/10\/svh2.jpg\"><img loading=\"lazy\" decoding=\"async\" width=\"700\" height=\"220\" src=\"http:\/\/serveiseducatius.xtec.cat\/baixllobregat6\/wp-content\/uploads\/usu778\/2010\/10\/svh2.jpg\" alt=\"svh2\" class=\"wp-image-8201\" srcset=\"https:\/\/serveiseducatius.xtec.cat\/baixllobregat6\/wp-content\/uploads\/usu778\/2010\/10\/svh2.jpg 700w, https:\/\/serveiseducatius.xtec.cat\/baixllobregat6\/wp-content\/uploads\/usu778\/2010\/10\/svh2-300x94.jpg 300w\" sizes=\"auto, (max-width: 700px) 100vw, 700px\" \/><\/a><\/figure>\n\n\n\n<div class=\"wp-block-columns is-layout-flex wp-container-core-columns-is-layout-1 wp-block-columns-is-layout-flex\">\n<div class=\"wp-block-column is-layout-flow wp-block-column-is-layout-flow\">\n<h3 class=\"wp-block-heading has-ast-global-color-0-color has-text-color has-link-color wp-elements-9aa6e146f2bfafbf7f2ce93a83de81db\">Centres d&#8217;educaci\u00f3 infantil i prim\u00e0ria<\/h3>\n\n\n\n<h5 class=\"wp-block-heading\"><strong>Escola Joan Juncadella (08028667)<\/strong><\/h5>\n\n\n\n<p>ctra. de Sant Boi, 51-55<br>08620 &#8211; Sant Vicen\u00e7 dels Horts<br>Tel\u00e8fon 936724851 &#8211; Fax 936569326<br>correu-e a8028667@xtec.cat<br>web <a href=\"http:\/\/agora.xtec.cat\/ceipjuncadella\/\" target=\"_blank\" rel=\"noopener noreferrer\">agora.xtec.cat\/ceipjuncadella\/<\/a><br><em>P\u00fablic<\/em><\/p>\n\n\n\n<h5 class=\"wp-block-heading\"><strong>Escola La Gu\u00e0rdia (08038284)<\/strong><\/h5>\n\n\n\n<p>c. Matar\u00f3, 26-30<br>08620 &#8211; Sant Vicen\u00e7 dels Horts<br>Tel\u00e8fon 936561295 &#8211; Fax 936561295<br>correu-e a8038284@xtec.cat<br>web <a href=\"https:\/\/agora.xtec.cat\/escolalaguardia\/\" target=\"_blank\" rel=\"noopener noreferrer\">agora.xtec.cat\/escolalaguardia\/<\/a><br><em>P\u00fablic<\/em><\/p>\n\n\n\n<h5 class=\"wp-block-heading\"><strong>Escola La Vinyala (08028591)<\/strong><\/h5>\n\n\n\n<p>c. Sant Josep, 99<br>08620 &#8211; Sant Vicen\u00e7 dels Horts<br>Tel\u00e8fon 936723034 &#8211; Fax 936724497<br>correu-e a8028591@xtec.cat<br>web <a title=\"Escola La Vinyala\" href=\"http:\/\/agora.xtec.cat\/ceiplavinyala\/\" target=\"_blank\" rel=\"noopener noreferrer\">agora.xtec.cat\/ceiplavinyala\/<\/a><br><em>P\u00fablic<\/em><\/p>\n\n\n\n<h5 class=\"wp-block-heading\"><strong>Escola Sant Antoni (08041131)<\/strong><\/h5>\n\n\n\n<p>av. Mas Pic\u00f3, 65<br>08620 &#8211; Sant Vicen\u00e7 dels Horts<br>Tel\u00e8fon 936565752 &#8211; Fax 936566720<br>correu-e a8041131@xtec.cat<br>web <a href=\"http:\/\/agora.xtec.cat\/ceipsantantoni\" target=\"_blank\" rel=\"noopener noreferrer\">agora.xtec.cat\/ceipsantantoni<\/a><br><em>P\u00fablic<\/em><\/p>\n\n\n\n<h5 class=\"wp-block-heading\"><strong>Escola Sant Jordi (08028588)<\/strong><\/h5>\n\n\n\n<p>c. Mestre Ramon Camps, 15<br>08620 &#8211; Sant Vicen\u00e7 dels Horts<br>Tel\u00e8fon 936561556 &#8211; Fax 936724474<br>correu-e a8028588@xtec.cat conc<br>web <a href=\"https:\/\/agora.xtec.cat\/ceip-santjordi-svhorts\/\" target=\"_blank\" rel=\"noopener noreferrer\">agora.xtec.cat\/ceip-santjordi-svhorts\/<\/a><br><em>P\u00fablic<\/em><\/p>\n\n\n\n<h5 class=\"wp-block-heading\"><strong>Escola Sant Josep (08035350)<\/strong><\/h5>\n\n\n\n<p>Travessera de Barcelona, n\u00fam. 78-82<br>08620 &#8211; Sant Vicen\u00e7 dels Horts<br>Tel\u00e8fon 936724739<br>correu-e a8035350@xtec.cat<br>web <a href=\"http:\/\/blocs.xtec.cat\/ceipsantjosep\/\" target=\"_blank\" rel=\"noopener noreferrer\">blocs.xtec.cat\/ceipsantjosep<\/a><br><em>P\u00fablic<\/em><\/p>\n\n\n\n<h5 class=\"wp-block-heading\"><strong>Col\u00b7legi La Immaculada (08028655)<\/strong><\/h5>\n\n\n\n<p>c. Rafael Casanova, 44-46<br>08620 &#8211; Sant Vicen\u00e7 dels Horts<br>Tel\u00e8fon 936560202 &#8211; Fax 936560202<br>correu-e a8028655@xtec.cat<br>web <a href=\"http:\/\/www.laimmaculada.es\/\" target=\"_blank\" rel=\"noopener noreferrer\">www.laimmaculada.es<\/a><br><em>Privat concertat<\/em><\/p>\n\n\n\n<h5 class=\"wp-block-heading\"><strong>Col\u00b7legi Sant Vicen\u00e7 (08028631)<\/strong><\/h5>\n\n\n\n<p>c. Antoni Gaud\u00ed, 8<br>08620 &#8211; Sant Vicen\u00e7 dels Horts<br>Tel\u00e8fon 936561569 &#8211; Fax 936564135<br>correu-e csantvicens@gmail.com<br>web <a href=\"http:\/\/www.csantvicens.cat\/\" target=\"_blank\" rel=\"noopener noreferrer\">www.csantvicens.cat<\/a><br><em>Privat concertat<\/em><\/p>\n\n\n\n<h3 class=\"wp-block-heading has-ast-global-color-0-color has-text-color has-link-color wp-elements-a09fd8f54884f0d32babc09482d28748\">Centres d&#8217;Educaci\u00f3 Especial<\/h3>\n\n\n\n<h5 class=\"wp-block-heading\"><strong>Escola Iris (08037000)<\/strong><\/h5>\n\n\n\n<p>c. Salvador Allende, 2-10<br>08620 &#8211; Sant Vicen\u00e7 dels Horts<br>Tel\u00e8fon 936569051 &#8211; Fax 936568177<br>correu-e escola@fundacioiris.org<br>web <a href=\"http:\/\/www.fundacioiris.org\/escola.html\" target=\"_blank\" rel=\"noopener noreferrer\">www.fundacioiris.org\/escola.html<\/a><br><em>Concertat&nbsp;<\/em><\/p>\n<\/div>\n\n\n\n<div class=\"wp-block-column is-layout-flow wp-block-column-is-layout-flow\">\n<h3 class=\"wp-block-heading has-ast-global-color-0-color has-text-color has-link-color wp-elements-9682fbc99c0272e1e3522f5ed92fed1f\">Centres d&#8217;educaci\u00f3 secund\u00e0ria<\/h3>\n\n\n\n<h5 class=\"wp-block-heading\"><strong>Institut Frederic Mompou (08034011)<\/strong><\/h5>\n\n\n\n<p>av. Mas Pic\u00f3, 65-69<br>08620 &#8211; Sant Vicen\u00e7 dels Horts<br>Tel\u00e8fon 936563801 &#8211; Fax 936768278<br>correu-e a8034011@xtec.cat<br>web <a href=\"http:\/\/agora.xtec.cat\/iesfmompou\/\" target=\"_blank\" rel=\"noopener noreferrer\">agora.xtec.cat\/iesfmompou\/<\/a><br><em>P\u00fablic<\/em><\/p>\n\n\n\n<h5 class=\"wp-block-heading\"><strong>Institut Gabriela Mistral (08053340)<\/strong><\/h5>\n\n\n\n<p>c. Osca, 95-105<br>08620 &#8211; Sant Vicen\u00e7 dels Horts<br>Tel\u00e8fon 936560000 \/ 930186596 &#8211; Fax 936563031<br>correu-e a8053340@xtec.cat<br>web <a href=\"http:\/\/agora.xtec.cat\/iesgabrielamistral\/\" target=\"_blank\" rel=\"noopener noreferrer\">agora.xtec.cat\/iesgabrielamistral\/<\/a><br><em>P\u00fablic<\/em><\/p>\n\n\n\n<h5 class=\"wp-block-heading\"><strong>Salesians Sant Vicen\u00e7 dels Horts (08032063)<\/strong><\/h5>\n\n\n\n<p>c. Rafael Casanova, 132<br>08620 &#8211; Sant Vicen\u00e7 dels Horts<br>Tel\u00e8fon 936562058 &#8211; Fax 936562352<br>correu-e salesians.santvicenc@salesians.cat<br>web <a href=\"http:\/\/santvicenc.salesians.cat\/\" target=\"_blank\" rel=\"noopener noreferrer\">santvicenc.salesians.cat<\/a><br><em>Privat concertat<\/em><\/p>\n\n\n\n<h3 class=\"wp-block-heading has-luminous-vivid-orange-color has-text-color has-link-color wp-elements-0f9d13d835b104cb42cd39937a892a93\">Llars d&#8217;infants<\/h3>\n\n\n\n<h5 class=\"wp-block-heading\"><strong>Escola Bressol Alegria (08070106)<\/strong><\/h5>\n\n\n\n<p>pl. del Tr\u00e8vol, 7<br>08620 &#8211; Sant Vicen\u00e7 dels Horts<br>Tel\u00e8fon 936563749<br>correu-e <a href=\"mailto:lalegria@suara.coop\" target=\"_blank\" rel=\"noopener noreferrer\">lalegria@suara.coop<\/a><br>web <a title=\"EBM L'Alegria\" href=\"http:\/\/ebmlalegria.wordpress.com\/\" target=\"_blank\" rel=\"noopener noreferrer\">www.ebmlalegria.wordpress.com<\/a><br><em>P\u00fablic<\/em><\/p>\n\n\n\n<h5 class=\"wp-block-heading\"><strong>Escola Bressol Municipal Petit Mamut (08060344)<\/strong><\/h5>\n\n\n\n<p>c. del Riu, 59<br>08620 &#8211; Sant Vicen\u00e7 dels Horts<br>Tel\u00e8fon 936564828<br>Correu: &nbsp;<a href=\"mailto:ebmpetitmamut@svh.cat\" target=\"_blank\" rel=\"noopener noreferrer\">ebmpetitmamut@svh.cat<\/a><br><em>P\u00fablic<\/em><\/p>\n\n\n\n<h5 class=\"wp-block-heading\"><strong>Patito Feo (08048393)<\/strong><\/h5>\n\n\n\n<p>c.Nou, 54<br>08620 &#8211; Sant Vicen\u00e7 dels Horts<br>Tel\u00e8fon 936565712<br><em>Privat <\/em><\/p>\n\n\n\n<h5 class=\"wp-block-heading\"><strong>Patufet (08052268)<\/strong><\/h5>\n\n\n\n<p>c. Comer\u00e7, 109<br>08620 &#8211; Sant Vicen\u00e7 dels Horts<br>Tel\u00e8fon 936563075<br>correu <a href=\"mailto:\" target=\"_blank\" rel=\"noopener noreferrer\">info@llardinfantspatufet.com<\/a><br><em>Privat<\/em><\/p>\n\n\n\n<h3 class=\"wp-block-heading\">Altres<\/h3>\n\n\n\n<h5 class=\"wp-block-heading\"><strong>Col\u00b7lectiu de Cultura Popular (08960209)<\/strong><\/h5>\n\n\n\n<p>C\/ Linares, 2<br>08620 &#8211; Sant Vicen\u00e7 dels Horts<br>Tel\u00e8fon 936561806<\/p>\n\n\n\n<h3 class=\"wp-block-heading has-ast-global-color-0-color has-text-color has-link-color wp-elements-c7aaeb87daed9caec74bde469700e1ca\">Centres de Formaci\u00f3 d&#8217;Adults<\/h3>\n\n\n\n<h5 class=\"wp-block-heading\"><strong>CFA Garrosa (08055440)<\/strong><\/h5>\n\n\n\n<p>Ptg. Pau Vila, 7<br>08620 &#8211; Sant Vicen\u00e7 dels Horts<br>Tel\u00e8fon 936566951 &#8211; Fax 936566951<br>correu-e a8055440@xtec.cat<br>web <a href=\"https:\/\/agora.xtec.cat\/cfa-garrosa\/\" target=\"_blank\" rel=\"noopener noreferrer\">agora.xtec.cat\/cfa-garrosa\/<\/a><br><em>P\u00fablic<\/em><\/p>\n<\/div>\n<\/div>\n","protected":false},"excerpt":{"rendered":"<p>Centres d&#8217;educaci\u00f3 infantil i prim\u00e0ria Escola Joan Juncadella (08028667) ctra. de Sant Boi, 51-5508620 &#8211; Sant Vicen\u00e7 dels HortsTel\u00e8fon 936724851 &#8211; Fax 936569326correu-e a8028667@xtec.catweb agora.xtec.cat\/ceipjuncadella\/P\u00fablic Escola La Gu\u00e0rdia (08038284) c. Matar\u00f3, 26-3008620 &#8211; Sant Vicen\u00e7 dels HortsTel\u00e8fon 936561295 &#8211; Fax 936561295correu-e a8038284@xtec.catweb agora.xtec.cat\/escolalaguardia\/P\u00fablic Escola La Vinyala (08028591) c. Sant Josep, 9908620 &#8211; Sant Vicen\u00e7 dels [&hellip;]<\/p>\n","protected":false},"author":1,"featured_media":0,"parent":1527,"menu_order":50,"comment_status":"closed","ping_status":"closed","template":"page-templates\/side-menu.php","meta":{"_bbp_topic_count":0,"_bbp_reply_count":0,"_bbp_total_topic_count":0,"_bbp_total_reply_count":0,"_bbp_voice_count":0,"_bbp_anonymous_reply_count":0,"_bbp_topic_count_hidden":0,"_bbp_reply_count_hidden":0,"_bbp_forum_subforum_count":0,"site-sidebar-layout":"default","site-content-layout":"","ast-site-content-layout":"default","site-content-style":"default","site-sidebar-style":"default","ast-global-header-display":"","ast-banner-title-visibility":"","ast-main-header-display":"","ast-hfb-above-header-display":"","ast-hfb-below-header-display":"","ast-hfb-mobile-header-display":"","site-post-title":"","ast-breadcrumbs-content":"","ast-featured-img":"","footer-sml-layout":"","theme-transparent-header-meta":"","adv-header-id-meta":"","stick-header-meta":"","header-above-stick-meta":"","header-main-stick-meta":"","header-below-stick-meta":"","astra-migrate-meta-layouts":"set","ast-page-background-enabled":"default","ast-page-background-meta":{"desktop":{"background-color":"var(--ast-global-color-4)","background-image":"","background-repeat":"repeat","background-position":"center center","background-size":"auto","background-attachment":"scroll","background-type":"","background-media":"","overlay-type":"","overlay-color":"","overlay-opacity":"","overlay-gradient":""},"tablet":{"background-color":"","background-image":"","background-repeat":"repeat","background-position":"center center","background-size":"auto","background-attachment":"scroll","background-type":"","background-media":"","overlay-type":"","overlay-color":"","overlay-opacity":"","overlay-gradient":""},"mobile":{"background-color":"","background-image":"","background-repeat":"repeat","background-position":"center center","background-size":"auto","background-attachment":"scroll","background-type":"","background-media":"","overlay-type":"","overlay-color":"","overlay-opacity":"","overlay-gradient":""}},"ast-content-background-meta":{"desktop":{"background-color":"var(--ast-global-color-5)","background-image":"","background-repeat":"repeat","background-position":"center center","background-size":"auto","background-attachment":"scroll","background-type":"","background-media":"","overlay-type":"","overlay-color":"","overlay-opacity":"","overlay-gradient":""},"tablet":{"background-color":"var(--ast-global-color-5)","background-image":"","background-repeat":"repeat","background-position":"center center","background-size":"auto","background-attachment":"scroll","background-type":"","background-media":"","overlay-type":"","overlay-color":"","overlay-opacity":"","overlay-gradient":""},"mobile":{"background-color":"var(--ast-global-color-5)","background-image":"","background-repeat":"repeat","background-position":"center center","background-size":"auto","background-attachment":"scroll","background-type":"","background-media":"","overlay-type":"","overlay-color":"","overlay-opacity":"","overlay-gradient":""}},"footnotes":""},"class_list":["post-1560","page","type-page","status-publish","hentry"],"post_mailing_queue_ids":[],"_links":{"self":[{"href":"https:\/\/serveiseducatius.xtec.cat\/baixllobregat6\/wp-json\/wp\/v2\/pages\/1560","targetHints":{"allow":["GET"]}}],"collection":[{"href":"https:\/\/serveiseducatius.xtec.cat\/baixllobregat6\/wp-json\/wp\/v2\/pages"}],"about":[{"href":"https:\/\/serveiseducatius.xtec.cat\/baixllobregat6\/wp-json\/wp\/v2\/types\/page"}],"author":[{"embeddable":true,"href":"https:\/\/serveiseducatius.xtec.cat\/baixllobregat6\/wp-json\/wp\/v2\/users\/1"}],"replies":[{"embeddable":true,"href":"https:\/\/serveiseducatius.xtec.cat\/baixllobregat6\/wp-json\/wp\/v2\/comments?post=1560"}],"version-history":[{"count":6,"href":"https:\/\/serveiseducatius.xtec.cat\/baixllobregat6\/wp-json\/wp\/v2\/pages\/1560\/revisions"}],"predecessor-version":[{"id":32296,"href":"https:\/\/serveiseducatius.xtec.cat\/baixllobregat6\/wp-json\/wp\/v2\/pages\/1560\/revisions\/32296"}],"up":[{"embeddable":true,"href":"https:\/\/serveiseducatius.xtec.cat\/baixllobregat6\/wp-json\/wp\/v2\/pages\/1527"}],"wp:attachment":[{"href":"https:\/\/serveiseducatius.xtec.cat\/baixllobregat6\/wp-json\/wp\/v2\/media?parent=1560"}],"curies":[{"name":"wp","href":"https:\/\/api.w.org\/{rel}","templated":true}]}}