{"id":19079,"date":"2021-05-18T11:02:59","date_gmt":"2021-05-18T09:02:59","guid":{"rendered":"http:\/\/serveiseducatius.xtec.cat\/baixllobregat5\/?page_id=19079"},"modified":"2023-09-04T13:58:55","modified_gmt":"2023-09-04T11:58:55","slug":"recursos-socials-i-de-lleure","status":"publish","type":"page","link":"https:\/\/serveiseducatius.xtec.cat\/baixllobregat5\/recursos-socials-i-de-lleure\/","title":{"rendered":"Recursos socials i de lleure"},"content":{"rendered":"<h4 style=\"text-align: left;\"><strong>CORNELL\u00c0<\/strong><\/h4>\n<p>&nbsp;<\/p>\n<p><strong><span style=\"color: #ff0000;\">LLEURE<\/span><\/strong><\/p>\n<table style=\"border-style: none; height: 174px; width: 73.6378%;\" width=\"613\">\n<tbody>\n<tr>\n<td style=\"width: 49.3443%;\"><a href=\"https:\/\/www.sanfeliu-santildefons.org\/\" target=\"_blank\" rel=\"noopener noreferrer\"><img loading=\"lazy\" decoding=\"async\" class=\"wp-image-19081 aligncenter\" src=\"https:\/\/serveiseducatius.xtec.cat\/baixllobregat5\/wp-content\/uploads\/usu1180\/2021\/05\/club-sant-feliu.jpg\" alt=\"\" width=\"182\" height=\"75\" \/><\/a><\/td>\n<td style=\"width: 49.6721%;\"><a href=\"https:\/\/www.ceijgavina.org\/\" target=\"_blank\" rel=\"noopener noreferrer\"><img loading=\"lazy\" decoding=\"async\" class=\"wp-image-19085 aligncenter\" src=\"https:\/\/serveiseducatius.xtec.cat\/baixllobregat5\/wp-content\/uploads\/usu1180\/2021\/05\/gavina.jpg\" alt=\"\" width=\"178\" height=\"55\" srcset=\"https:\/\/serveiseducatius.xtec.cat\/baixllobregat5\/wp-content\/uploads\/usu1180\/2021\/05\/gavina.jpg 403w, https:\/\/serveiseducatius.xtec.cat\/baixllobregat5\/wp-content\/uploads\/usu1180\/2021\/05\/gavina-300x93.jpg 300w\" sizes=\"auto, (max-width: 178px) 100vw, 178px\" \/><\/a><\/td>\n<\/tr>\n<tr>\n<td style=\"width: 49.3443%;\"><a href=\"https:\/\/www.facebook.com\/esplaimowgli\/\" target=\"_blank\" rel=\"noopener noreferrer\"><img loading=\"lazy\" decoding=\"async\" class=\"wp-image-19141 aligncenter\" src=\"https:\/\/serveiseducatius.xtec.cat\/baixllobregat5\/wp-content\/uploads\/usu1180\/2021\/05\/MOWGLI.jpg\" alt=\"\" width=\"170\" height=\"113\" srcset=\"https:\/\/serveiseducatius.xtec.cat\/baixllobregat5\/wp-content\/uploads\/usu1180\/2021\/05\/MOWGLI.jpg 534w, https:\/\/serveiseducatius.xtec.cat\/baixllobregat5\/wp-content\/uploads\/usu1180\/2021\/05\/MOWGLI-300x200.jpg 300w\" sizes=\"auto, (max-width: 170px) 100vw, 170px\" \/><\/a><\/td>\n<td style=\"width: 49.6721%;\"><a href=\"https:\/\/fontsanta.fundesplai.org\/\" target=\"_blank\" rel=\"noopener noreferrer\"><img loading=\"lazy\" decoding=\"async\" class=\"wp-image-19143 aligncenter\" src=\"https:\/\/serveiseducatius.xtec.cat\/baixllobregat5\/wp-content\/uploads\/usu1180\/2021\/05\/FUNDESPLAI.jpg\" alt=\"\" width=\"189\" height=\"56\" srcset=\"https:\/\/serveiseducatius.xtec.cat\/baixllobregat5\/wp-content\/uploads\/usu1180\/2021\/05\/FUNDESPLAI.jpg 350w, https:\/\/serveiseducatius.xtec.cat\/baixllobregat5\/wp-content\/uploads\/usu1180\/2021\/05\/FUNDESPLAI-300x89.jpg 300w\" sizes=\"auto, (max-width: 189px) 100vw, 189px\" \/><\/a><\/td>\n<\/tr>\n<tr>\n<td style=\"width: 49.3443%;\"><a href=\"https:\/\/gesplaivolivol.wordpress.com\/\" target=\"_blank\" rel=\"noopener noreferrer\"><img loading=\"lazy\" decoding=\"async\" class=\"wp-image-19145 aligncenter\" src=\"https:\/\/serveiseducatius.xtec.cat\/baixllobregat5\/wp-content\/uploads\/usu1180\/2021\/05\/vol.png\" alt=\"\" width=\"89\" height=\"89\" srcset=\"https:\/\/serveiseducatius.xtec.cat\/baixllobregat5\/wp-content\/uploads\/usu1180\/2021\/05\/vol.png 200w, https:\/\/serveiseducatius.xtec.cat\/baixllobregat5\/wp-content\/uploads\/usu1180\/2021\/05\/vol-150x150.png 150w\" sizes=\"auto, (max-width: 89px) 100vw, 89px\" \/><\/a><\/p>\n<p><a href=\"https:\/\/esplaivolivol.wordpress.com\/\" target=\"_blank\" rel=\"noopener noreferrer\">\u00a0 \u00a0 \u00a0 \u00a0 \u00a0 \u00a0 \u00a0 \u00a0 \u00a0 \u00a0 \u00a0 \u00a0 \u00a0 Esplai Vol i Vol<\/a><\/td>\n<td style=\"width: 49.6721%;\"><a href=\"http:\/\/canpadro.blogspot.com\/\" target=\"_blank\" rel=\"noopener noreferrer\"><img loading=\"lazy\" decoding=\"async\" class=\"wp-image-19146 alignleft\" src=\"https:\/\/serveiseducatius.xtec.cat\/baixllobregat5\/wp-content\/uploads\/usu1180\/2021\/05\/CAN-PADRO.jpg\" alt=\"\" width=\"205\" height=\"55\" srcset=\"https:\/\/serveiseducatius.xtec.cat\/baixllobregat5\/wp-content\/uploads\/usu1180\/2021\/05\/CAN-PADRO.jpg 841w, https:\/\/serveiseducatius.xtec.cat\/baixllobregat5\/wp-content\/uploads\/usu1180\/2021\/05\/CAN-PADRO-300x81.jpg 300w, https:\/\/serveiseducatius.xtec.cat\/baixllobregat5\/wp-content\/uploads\/usu1180\/2021\/05\/CAN-PADRO-768x206.jpg 768w\" sizes=\"auto, (max-width: 205px) 100vw, 205px\" \/><\/a><\/td>\n<\/tr>\n<tr>\n<td style=\"width: 49.3443%;\">&nbsp;<\/p>\n<p><a href=\"https:\/\/www.cornella.cat\/ca\/viure-a-cornella\/cornella-humana\/politiques-de-familia\/esplais\/esplais\" target=\"_blank\" rel=\"noopener noreferrer\"><strong>MIJAC ELS ESQUIROLS (Moviment Infantil i Juvenil d\u2019Acci\u00f3 Cat\u00f2lica)<\/strong><\/a><\/td>\n<td style=\"width: 49.6721%;\"><a href=\"https:\/\/escolaesportivasocialcornella.cat\/\" target=\"_blank\" rel=\"noopener\"><img loading=\"lazy\" decoding=\"async\" class=\"size-full wp-image-19863 alignright\" src=\"https:\/\/serveiseducatius.xtec.cat\/baixllobregat5\/wp-content\/uploads\/usu1180\/2021\/10\/escola-esportiva.png\" alt=\"\" width=\"267\" height=\"189\" \/><\/a><\/td>\n<\/tr>\n<\/tbody>\n<\/table>\n<p>&nbsp;<\/p>\n<p><strong style=\"color: #ff0000; font-family: inherit; font-size: 1em;\">SERVEIS SOCIALS B\u00c0SICS<\/strong><\/p>\n<p>&nbsp;<\/p>\n<p><a href=\"https:\/\/ajuntament.cornella.cat\/directori\/Default.aspx?idfill=43\" target=\"_blank\" rel=\"noopener noreferrer\"><img loading=\"lazy\" decoding=\"async\" class=\"wp-image-19147 alignleft\" src=\"https:\/\/serveiseducatius.xtec.cat\/baixllobregat5\/wp-content\/uploads\/usu1180\/2021\/05\/social.png\" alt=\"\" width=\"156\" height=\"117\" srcset=\"https:\/\/serveiseducatius.xtec.cat\/baixllobregat5\/wp-content\/uploads\/usu1180\/2021\/05\/social.png 400w, https:\/\/serveiseducatius.xtec.cat\/baixllobregat5\/wp-content\/uploads\/usu1180\/2021\/05\/social-300x225.png 300w, https:\/\/serveiseducatius.xtec.cat\/baixllobregat5\/wp-content\/uploads\/usu1180\/2021\/05\/social-200x150.png 200w\" sizes=\"auto, (max-width: 156px) 100vw, 156px\" \/><\/a><\/p>\n<p>&nbsp;<\/p>\n<p><a href=\"https:\/\/ajuntament.cornella.cat\/directori\/Default.aspx?idfill=43\" target=\"_blank\" rel=\"noopener noreferrer\">Llistat equips b\u00e0sics d&#8217;atenci\u00f3 social Cornell\u00e0 de Llobregat(EBASP)<\/a><\/p>\n<p>&nbsp;<\/p>\n<p>&nbsp;<\/p>\n<p><strong><span style=\"color: #ff0000;\">SERVEIS SOCIALS ESPEC\u00cdFICS<\/span><\/strong><\/p>\n<table class=\" alignleft\" style=\"height: 293px; width: 738px;\" width=\"738\">\n<tbody>\n<tr>\n<td style=\"width: 365.6px;\"><a style=\"color: #2795b6;\" href=\"https:\/\/www.cornella.cat\/es\/vivir-en-cornella\/igualdad-inclusion-y-diversidad\/accion-social\/proyectos-comunitarios\/botiga-solidaria\" target=\"_blank\" rel=\"noopener noreferrer\">\u00a0 \u00a0 \u00a0 \u00a0 \u00a0 \u00a0 \u00a0 \u00a0 \u00a0BOTIGA SOLID\u00c0RIA (CARITAS<\/a><a href=\"https:\/\/www.cornella.cat\/es\/vivir-en-cornella\/igualdad-inclusion-y-diversidad\/accion-social\/proyectos-comunitarios\/botiga-solidaria\" target=\"_blank\" rel=\"noopener noreferrer\"><img loading=\"lazy\" decoding=\"async\" class=\"wp-image-19149 aligncenter\" src=\"https:\/\/serveiseducatius.xtec.cat\/baixllobregat5\/wp-content\/uploads\/usu1180\/2021\/05\/botiga.png\" alt=\"\" width=\"99\" height=\"99\" srcset=\"https:\/\/serveiseducatius.xtec.cat\/baixllobregat5\/wp-content\/uploads\/usu1180\/2021\/05\/botiga.png 200w, https:\/\/serveiseducatius.xtec.cat\/baixllobregat5\/wp-content\/uploads\/usu1180\/2021\/05\/botiga-150x150.png 150w\" sizes=\"auto, (max-width: 99px) 100vw, 99px\" \/><\/a><\/td>\n<td style=\"width: 365.6px;\">\u00a0\u00a0 \u00a0\u00a0 \u00a0\u00a0 \u00a0\u00a0 \u00a0\u00a0 \u00a0\u00a0 \u00a0\u00a0<a href=\"https:\/\/caritas.barcelona\/familia-i-infancia\/projecte-reforc-educatiu\/\" target=\"_blank\" rel=\"noopener noreferrer\">REFOR\u00c7 EDUCATIU (CARITAS)<\/a><a href=\"https:\/\/caritas.barcelona\/familia-i-infancia\/projecte-reforc-educatiu\/\" target=\"_blank\" rel=\"noopener noreferrer\"><img loading=\"lazy\" decoding=\"async\" class=\"wp-image-19150 aligncenter\" src=\"https:\/\/serveiseducatius.xtec.cat\/baixllobregat5\/wp-content\/uploads\/usu1180\/2021\/05\/caritas.png\" alt=\"\" width=\"97\" height=\"97\" srcset=\"https:\/\/serveiseducatius.xtec.cat\/baixllobregat5\/wp-content\/uploads\/usu1180\/2021\/05\/caritas.png 280w, https:\/\/serveiseducatius.xtec.cat\/baixllobregat5\/wp-content\/uploads\/usu1180\/2021\/05\/caritas-150x150.png 150w\" sizes=\"auto, (max-width: 97px) 100vw, 97px\" \/><\/a><\/td>\n<\/tr>\n<tr>\n<td style=\"width: 365.6px;\"><a href=\"https:\/\/eduvic.coop\/\" target=\"_blank\" rel=\"noopener noreferrer\"><img loading=\"lazy\" decoding=\"async\" class=\"wp-image-19151 aligncenter\" src=\"https:\/\/serveiseducatius.xtec.cat\/baixllobregat5\/wp-content\/uploads\/usu1180\/2021\/05\/eduvic.png\" alt=\"\" width=\"193\" height=\"71\" \/><\/a><\/td>\n<td style=\"width: 365.6px;\"><strong><a href=\"https:\/\/www.cornella.cat\/ca\/viure-a-cornella\/cornella-humana\/politiques-de-familia\/espais-de-formacio-i-joc-per-a-les-families\/servei-dorientacio-i-acompanyament-a-les-families\/servei-dorientacio-i-acompanyament-a-les-families-soaf\" target=\"_blank\" rel=\"noopener noreferrer\">\u00a0 \u00a0 \u00a0 \u00a0 \u00a0 \u00a0 \u00a0 \u00a0 \u00a0 \u00a0 \u00a0 \u00a0 SERVEI D\u2019ORIENTACI\u00d3\u00a0 \u00a0 \u00a0 \u00a0 \u00a0 \u00a0 \u00a0 \u00a0 \u00a0 \u00a0 \u00a0 \u00a0 \u00a0 \u00a0 \u00a0 I ACOMPANYAMENT A LES FAM\u00cdLIES (SOAF)<\/a><a href=\"https:\/\/www.cornella.cat\/ca\/viure-a-cornella\/cornella-humana\/politiques-de-familia\/espais-de-formacio-i-joc-per-a-les-families\/servei-dorientacio-i-acompanyament-a-les-families\/servei-dorientacio-i-acompanyament-a-les-families-soaf\"><img loading=\"lazy\" decoding=\"async\" class=\" wp-image-19152 alignleft\" src=\"https:\/\/serveiseducatius.xtec.cat\/baixllobregat5\/wp-content\/uploads\/usu1180\/2021\/05\/soaf.png\" alt=\"\" width=\"176\" height=\"117\" srcset=\"https:\/\/serveiseducatius.xtec.cat\/baixllobregat5\/wp-content\/uploads\/usu1180\/2021\/05\/soaf.png 600w, https:\/\/serveiseducatius.xtec.cat\/baixllobregat5\/wp-content\/uploads\/usu1180\/2021\/05\/soaf-300x200.png 300w\" sizes=\"auto, (max-width: 176px) 100vw, 176px\" \/><\/a><\/strong><\/td>\n<\/tr>\n<\/tbody>\n<\/table>\n<p>&nbsp;<\/p>\n<p>&nbsp;<\/p>\n<p>&nbsp;<\/p>\n<p>&nbsp;<\/p>\n<p>&nbsp;<\/p>\n<p>&nbsp;<\/p>\n<p>&nbsp;<\/p>\n<p>&nbsp;<\/p>\n<h4><strong><br \/>\nSANT JOAN DESP\u00cd<\/strong><\/h4>\n<p>&nbsp;<\/p>\n<p>&nbsp;<\/p>\n<p><strong><span style=\"color: #ff0000;\">LLEURE<\/span><\/strong><\/p>\n<table style=\"border-style: none; height: 174px;\" width=\"613\">\n<tbody>\n<tr>\n<td style=\"width: 302.4px;\"><a href=\"http:\/\/www.esplaielnus.org\"><img loading=\"lazy\" decoding=\"async\" class=\"alignnone size-full wp-image-19631\" src=\"https:\/\/serveiseducatius.xtec.cat\/baixllobregat5\/wp-content\/uploads\/usu1180\/2021\/06\/El-nus.png\" alt=\"\" width=\"496\" height=\"259\" srcset=\"https:\/\/serveiseducatius.xtec.cat\/baixllobregat5\/wp-content\/uploads\/usu1180\/2021\/06\/El-nus.png 496w, https:\/\/serveiseducatius.xtec.cat\/baixllobregat5\/wp-content\/uploads\/usu1180\/2021\/06\/El-nus-300x157.png 300w\" sizes=\"auto, (max-width: 496px) 100vw, 496px\" \/><\/a><\/td>\n<td style=\"width: 305.6px;\"><a href=\"http:\/\/www.esplaieltricicle.org\"><img loading=\"lazy\" decoding=\"async\" class=\"alignnone size-full wp-image-19629\" src=\"https:\/\/serveiseducatius.xtec.cat\/baixllobregat5\/wp-content\/uploads\/usu1180\/2021\/06\/El-tricicle.png\" alt=\"\" width=\"350\" height=\"104\" srcset=\"https:\/\/serveiseducatius.xtec.cat\/baixllobregat5\/wp-content\/uploads\/usu1180\/2021\/06\/El-tricicle.png 350w, https:\/\/serveiseducatius.xtec.cat\/baixllobregat5\/wp-content\/uploads\/usu1180\/2021\/06\/El-tricicle-300x89.png 300w\" sizes=\"auto, (max-width: 350px) 100vw, 350px\" \/><\/a><\/td>\n<\/tr>\n<tr>\n<td style=\"width: 302.4px;\"><a href=\"https:\/\/sites.google.com\/view\/esplaielcastanyot\"><img loading=\"lazy\" decoding=\"async\" class=\"alignnone size-full wp-image-19630\" src=\"https:\/\/serveiseducatius.xtec.cat\/baixllobregat5\/wp-content\/uploads\/usu1180\/2021\/06\/El-castanyot.png\" alt=\"\" width=\"337\" height=\"226\" srcset=\"https:\/\/serveiseducatius.xtec.cat\/baixllobregat5\/wp-content\/uploads\/usu1180\/2021\/06\/El-castanyot.png 337w, https:\/\/serveiseducatius.xtec.cat\/baixllobregat5\/wp-content\/uploads\/usu1180\/2021\/06\/El-castanyot-300x201.png 300w\" sizes=\"auto, (max-width: 337px) 100vw, 337px\" \/><\/a><\/td>\n<td style=\"width: 305.6px;\"><\/td>\n<\/tr>\n<tr>\n<td style=\"width: 302.4px;\"><a href=\"https:\/\/sjdespi.cat\/ajuntament\/equipaments\/centre-civic-les-planes\">CENTRE C\u00cdVIC LES PLANES<\/a><\/p>\n<p><a href=\"https:\/\/sjdespi.cat\/ajuntament\/equipaments\/centre-civic-les-planes\"><img loading=\"lazy\" decoding=\"async\" class=\"alignnone size-full wp-image-19632\" src=\"https:\/\/serveiseducatius.xtec.cat\/baixllobregat5\/wp-content\/uploads\/usu1180\/2021\/06\/Centre-C\u00edvic-Les-planes.png\" alt=\"\" width=\"567\" height=\"378\" srcset=\"https:\/\/serveiseducatius.xtec.cat\/baixllobregat5\/wp-content\/uploads\/usu1180\/2021\/06\/Centre-C\u00edvic-Les-planes.png 567w, https:\/\/serveiseducatius.xtec.cat\/baixllobregat5\/wp-content\/uploads\/usu1180\/2021\/06\/Centre-C\u00edvic-Les-planes-300x200.png 300w\" sizes=\"auto, (max-width: 567px) 100vw, 567px\" \/><\/a><\/td>\n<td style=\"width: 305.6px;\"><a href=\"https:\/\/sjdespi.cat\/ajuntament\/equipaments\/centre-civic-sant-pancrac\">CENTRE C\u00cdVIC SANT PANCRA\u00c7<\/a><\/p>\n<p><a href=\"https:\/\/sjdespi.cat\/ajuntament\/equipaments\/centre-civic-sant-pancrac\"><img loading=\"lazy\" decoding=\"async\" class=\"alignnone size-full wp-image-19633\" src=\"https:\/\/serveiseducatius.xtec.cat\/baixllobregat5\/wp-content\/uploads\/usu1180\/2021\/06\/Centre-C\u00edvic-Sant-Pancra\u00e7.png\" alt=\"\" width=\"567\" height=\"425\" srcset=\"https:\/\/serveiseducatius.xtec.cat\/baixllobregat5\/wp-content\/uploads\/usu1180\/2021\/06\/Centre-C\u00edvic-Sant-Pancra\u00e7.png 567w, https:\/\/serveiseducatius.xtec.cat\/baixllobregat5\/wp-content\/uploads\/usu1180\/2021\/06\/Centre-C\u00edvic-Sant-Pancra\u00e7-300x225.png 300w, https:\/\/serveiseducatius.xtec.cat\/baixllobregat5\/wp-content\/uploads\/usu1180\/2021\/06\/Centre-C\u00edvic-Sant-Pancra\u00e7-200x150.png 200w\" sizes=\"auto, (max-width: 567px) 100vw, 567px\" \/><\/a><\/td>\n<\/tr>\n<\/tbody>\n<\/table>\n<p>&nbsp;<\/p>\n<p><strong style=\"color: #ff0000; font-family: inherit; font-size: 1em;\">SERVEIS SOCIALS B\u00c0SICS<\/strong><\/p>\n<table style=\"border-style: none; height: 174px;\" width=\"613\">\n<tbody>\n<tr>\n<td style=\"width: 303px;\"><a href=\"https:\/\/sjdespi.cat\/ajuntament\/equipaments\/centre-civic-les-planes\">EBASP LES PLANES<\/a><\/p>\n<p><a href=\"https:\/\/sjdespi.cat\/ajuntament\/equipaments\/centre-civic-les-planes\"><img loading=\"lazy\" decoding=\"async\" class=\"alignnone size-full wp-image-19632\" src=\"https:\/\/serveiseducatius.xtec.cat\/baixllobregat5\/wp-content\/uploads\/usu1180\/2021\/06\/Centre-C\u00edvic-Les-planes.png\" alt=\"\" width=\"567\" height=\"378\" srcset=\"https:\/\/serveiseducatius.xtec.cat\/baixllobregat5\/wp-content\/uploads\/usu1180\/2021\/06\/Centre-C\u00edvic-Les-planes.png 567w, https:\/\/serveiseducatius.xtec.cat\/baixllobregat5\/wp-content\/uploads\/usu1180\/2021\/06\/Centre-C\u00edvic-Les-planes-300x200.png 300w\" sizes=\"auto, (max-width: 567px) 100vw, 567px\" \/><\/a><\/td>\n<td style=\"width: 304px;\"><a href=\"https:\/\/sjdespi.cat\/ajuntament\/equipaments\/centre-civic-sant-pancrac\">EBASP SANT PANCRA\u00c7<\/a><\/p>\n<p><a href=\"https:\/\/sjdespi.cat\/ajuntament\/equipaments\/centre-civic-sant-pancrac\"><img loading=\"lazy\" decoding=\"async\" class=\"alignnone size-full wp-image-19633\" src=\"https:\/\/serveiseducatius.xtec.cat\/baixllobregat5\/wp-content\/uploads\/usu1180\/2021\/06\/Centre-C\u00edvic-Sant-Pancra\u00e7.png\" alt=\"\" width=\"567\" height=\"425\" srcset=\"https:\/\/serveiseducatius.xtec.cat\/baixllobregat5\/wp-content\/uploads\/usu1180\/2021\/06\/Centre-C\u00edvic-Sant-Pancra\u00e7.png 567w, https:\/\/serveiseducatius.xtec.cat\/baixllobregat5\/wp-content\/uploads\/usu1180\/2021\/06\/Centre-C\u00edvic-Sant-Pancra\u00e7-300x225.png 300w, https:\/\/serveiseducatius.xtec.cat\/baixllobregat5\/wp-content\/uploads\/usu1180\/2021\/06\/Centre-C\u00edvic-Sant-Pancra\u00e7-200x150.png 200w\" sizes=\"auto, (max-width: 567px) 100vw, 567px\" \/><\/a><\/td>\n<\/tr>\n<\/tbody>\n<\/table>\n<p>&nbsp;<\/p>\n<p><strong style=\"color: #ff0000; font-family: inherit; font-size: 1em;\">SERVEIS SOCIALS ESPEC\u00cdFICS<\/strong><\/p>\n<table style=\"border-style: none; height: 174px;\" width=\"613\">\n<tbody>\n<tr>\n<td style=\"width: 303px;\"><a href=\"https:\/\/www.facebook.com\/lesformiguetescsf\/\">LES FORMIGUETES SUPORT FAMILIAR<\/a><\/p>\n<p><a href=\"https:\/\/www.facebook.com\/lesformiguetescsf\/\"><img loading=\"lazy\" decoding=\"async\" class=\"alignnone size-full wp-image-19634\" src=\"https:\/\/serveiseducatius.xtec.cat\/baixllobregat5\/wp-content\/uploads\/usu1180\/2021\/06\/Les-formiguetes-ter\u00e0pia-familiar.png\" alt=\"\" width=\"450\" height=\"338\" srcset=\"https:\/\/serveiseducatius.xtec.cat\/baixllobregat5\/wp-content\/uploads\/usu1180\/2021\/06\/Les-formiguetes-ter\u00e0pia-familiar.png 450w, https:\/\/serveiseducatius.xtec.cat\/baixllobregat5\/wp-content\/uploads\/usu1180\/2021\/06\/Les-formiguetes-ter\u00e0pia-familiar-300x225.png 300w, https:\/\/serveiseducatius.xtec.cat\/baixllobregat5\/wp-content\/uploads\/usu1180\/2021\/06\/Les-formiguetes-ter\u00e0pia-familiar-200x150.png 200w\" sizes=\"auto, (max-width: 450px) 100vw, 450px\" \/><\/a><\/td>\n<td style=\"width: 304px;\"><a href=\"https:\/\/sjdespi.cat\/ajuntament\/equipaments\/area-serveis-la-persona\">AREA DE SERVEIS A LA PERSONA<\/a><\/p>\n<p><a href=\"https:\/\/sjdespi.cat\/ajuntament\/equipaments\/area-serveis-la-persona\"><img loading=\"lazy\" decoding=\"async\" class=\"alignnone  wp-image-19635\" src=\"https:\/\/serveiseducatius.xtec.cat\/baixllobregat5\/wp-content\/uploads\/usu1180\/2021\/06\/Area-de-servicios-a-las-personas.png\" alt=\"\" width=\"293\" height=\"208\" \/><\/a><\/td>\n<\/tr>\n<\/tbody>\n<\/table>\n<p>&nbsp;<\/p>\n<p>&nbsp;<\/p>\n","protected":false},"excerpt":{"rendered":"<p>CORNELL\u00c0 &nbsp; LLEURE \u00a0 \u00a0 \u00a0 \u00a0 \u00a0 \u00a0 \u00a0 \u00a0 \u00a0 \u00a0 \u00a0 \u00a0 \u00a0 Esplai Vol i Vol [&hellip;]<\/p>\n","protected":false},"author":190,"featured_media":0,"parent":0,"menu_order":0,"comment_status":"closed","ping_status":"closed","template":"","meta":{"_bbp_topic_count":0,"_bbp_reply_count":0,"_bbp_total_topic_count":0,"_bbp_total_reply_count":0,"_bbp_voice_count":0,"_bbp_anonymous_reply_count":0,"_bbp_topic_count_hidden":0,"_bbp_reply_count_hidden":0,"_bbp_forum_subforum_count":0,"site-sidebar-layout":"default","site-content-layout":"","ast-site-content-layout":"","site-content-style":"default","site-sidebar-style":"default","ast-global-header-display":"","ast-banner-title-visibility":"","ast-main-header-display":"","ast-hfb-above-header-display":"","ast-hfb-below-header-display":"","ast-hfb-mobile-header-display":"","site-post-title":"","ast-breadcrumbs-content":"","ast-featured-img":"","footer-sml-layout":"","theme-transparent-header-meta":"","adv-header-id-meta":"","stick-header-meta":"","header-above-stick-meta":"","header-main-stick-meta":"","header-below-stick-meta":"","astra-migrate-meta-layouts":"default","ast-page-background-enabled":"default","ast-page-background-meta":{"desktop":{"background-color":"var(--ast-global-color-4)","background-image":"","background-repeat":"repeat","background-position":"center center","background-size":"auto","background-attachment":"scroll","background-type":"","background-media":"","overlay-type":"","overlay-color":"","overlay-opacity":"","overlay-gradient":""},"tablet":{"background-color":"","background-image":"","background-repeat":"repeat","background-position":"center center","background-size":"auto","background-attachment":"scroll","background-type":"","background-media":"","overlay-type":"","overlay-color":"","overlay-opacity":"","overlay-gradient":""},"mobile":{"background-color":"","background-image":"","background-repeat":"repeat","background-position":"center center","background-size":"auto","background-attachment":"scroll","background-type":"","background-media":"","overlay-type":"","overlay-color":"","overlay-opacity":"","overlay-gradient":""}},"ast-content-background-meta":{"desktop":{"background-color":"var(--ast-global-color-5)","background-image":"","background-repeat":"repeat","background-position":"center center","background-size":"auto","background-attachment":"scroll","background-type":"","background-media":"","overlay-type":"","overlay-color":"","overlay-opacity":"","overlay-gradient":""},"tablet":{"background-color":"var(--ast-global-color-5)","background-image":"","background-repeat":"repeat","background-position":"center center","background-size":"auto","background-attachment":"scroll","background-type":"","background-media":"","overlay-type":"","overlay-color":"","overlay-opacity":"","overlay-gradient":""},"mobile":{"background-color":"var(--ast-global-color-5)","background-image":"","background-repeat":"repeat","background-position":"center center","background-size":"auto","background-attachment":"scroll","background-type":"","background-media":"","overlay-type":"","overlay-color":"","overlay-opacity":"","overlay-gradient":""}},"footnotes":""},"class_list":["post-19079","page","type-page","status-publish","hentry"],"post_mailing_queue_ids":[],"_links":{"self":[{"href":"https:\/\/serveiseducatius.xtec.cat\/baixllobregat5\/wp-json\/wp\/v2\/pages\/19079","targetHints":{"allow":["GET"]}}],"collection":[{"href":"https:\/\/serveiseducatius.xtec.cat\/baixllobregat5\/wp-json\/wp\/v2\/pages"}],"about":[{"href":"https:\/\/serveiseducatius.xtec.cat\/baixllobregat5\/wp-json\/wp\/v2\/types\/page"}],"author":[{"embeddable":true,"href":"https:\/\/serveiseducatius.xtec.cat\/baixllobregat5\/wp-json\/wp\/v2\/users\/190"}],"replies":[{"embeddable":true,"href":"https:\/\/serveiseducatius.xtec.cat\/baixllobregat5\/wp-json\/wp\/v2\/comments?post=19079"}],"version-history":[{"count":4,"href":"https:\/\/serveiseducatius.xtec.cat\/baixllobregat5\/wp-json\/wp\/v2\/pages\/19079\/revisions"}],"predecessor-version":[{"id":23530,"href":"https:\/\/serveiseducatius.xtec.cat\/baixllobregat5\/wp-json\/wp\/v2\/pages\/19079\/revisions\/23530"}],"wp:attachment":[{"href":"https:\/\/serveiseducatius.xtec.cat\/baixllobregat5\/wp-json\/wp\/v2\/media?parent=19079"}],"curies":[{"name":"wp","href":"https:\/\/api.w.org\/{rel}","templated":true}]}}