{"id":13744,"date":"2026-01-06T14:55:22","date_gmt":"2026-01-06T13:55:22","guid":{"rendered":"https:\/\/serveiseducatius.xtec.cat\/baixllobregat3\/?page_id=13744"},"modified":"2026-01-06T14:58:14","modified_gmt":"2026-01-06T13:58:14","slug":"pla-educatiu-dentorn-pee","status":"publish","type":"page","link":"https:\/\/serveiseducatius.xtec.cat\/baixllobregat3\/comunitat\/pla-educatiu-dentorn-pee\/","title":{"rendered":"Pla Educatiu d&#8217;Entorn (PEE)"},"content":{"rendered":"\n<div class=\"wp-block-getwid-tabs\" data-active-tab=\"0\"><ul class=\"wp-block-getwid-tabs__nav-links\"><\/ul>\n<div class=\"wp-block-getwid-tabs__nav-link\"><span class=\"wp-block-getwid-tabs__title-wrapper\"><a href=\"#\"><span class=\"wp-block-getwid-tabs__title\">Introducci\u00f3<\/span><\/a><\/span><\/div><div class=\"wp-block-getwid-tabs__tab-content-wrapper\"><div class=\"wp-block-getwid-tabs__tab-content\">\n<p>El Pla educatiu d&#8217;entorn \u00e9s un instrument\u00a0que\u00a0dona una resposta integrada i comunit\u00e0ria a les necessitats educatives de l&#8217;alumnat m\u00e9s enll\u00e0 de l\u2019\u00e0mbit acad\u00e8mic. Es tracta de construir una xarxa estable de suport a la comunitat educativa, que permeti un treball formatiu fora de l&#8217;entorn escolar amb la col\u00b7laboraci\u00f3 dels diferents serveis i recursos municipals i tamb\u00e9 de les altres institucions i entitats dels \u00e0mbits social, cultural i esportiu.<\/p>\n\n\n\n<p><\/p>\n<\/div><\/div>\n\n\n\n<div class=\"wp-block-getwid-tabs__nav-link\"><span class=\"wp-block-getwid-tabs__title-wrapper\"><a href=\"#\"><span class=\"wp-block-getwid-tabs__title\">Cat\u00e0leg <\/span><\/a><\/span><\/div><div class=\"wp-block-getwid-tabs__tab-content-wrapper\"><div class=\"wp-block-getwid-tabs__tab-content\">\n<p class=\"has-text-align-center\"><\/p>\n<\/div><\/div>\n\n\n\n<div class=\"wp-block-getwid-tabs__nav-link\"><span class=\"wp-block-getwid-tabs__title-wrapper\"><a href=\"#\"><span class=\"wp-block-getwid-tabs__title\">Recursos web<\/span><\/a><\/span><\/div><div class=\"wp-block-getwid-tabs__tab-content-wrapper\"><div class=\"wp-block-getwid-tabs__tab-content\">\n<p><\/p>\n\n\n\n<figure class=\"wp-block-table is-style-stripes has-small-font-size\"><table class=\"has-fixed-layout\"><tbody><tr><td class=\"has-text-align-center\" data-align=\"center\"><\/td><td class=\"has-text-align-center\" data-align=\"center\"><\/td><\/tr><tr><td class=\"has-text-align-center\" data-align=\"center\"><\/td><td class=\"has-text-align-center\" data-align=\"center\"><\/td><\/tr><tr><td class=\"has-text-align-center\" data-align=\"center\"><\/td><td class=\"has-text-align-center\" data-align=\"center\"><\/td><\/tr><tr><td class=\"has-text-align-center\" data-align=\"center\"><\/td><td class=\"has-text-align-center\" data-align=\"center\"><\/td><\/tr><tr><td class=\"has-text-align-center\" data-align=\"center\"><\/td><td class=\"has-text-align-center\" data-align=\"center\"><\/td><\/tr><tr><td class=\"has-text-align-center\" data-align=\"center\"><\/td><td class=\"has-text-align-center\" data-align=\"center\"><\/td><\/tr><tr><td class=\"has-text-align-center\" data-align=\"center\"><\/td><td class=\"has-text-align-center\" data-align=\"center\"><\/td><\/tr><\/tbody><\/table><\/figure>\n<\/div><\/div>\n\n\n\n<div class=\"wp-block-getwid-tabs__nav-link\"><span class=\"wp-block-getwid-tabs__title-wrapper\"><a href=\"#\"><span class=\"wp-block-getwid-tabs__title\">..X..<\/span><\/a><\/span><\/div><div class=\"wp-block-getwid-tabs__tab-content-wrapper\"><div class=\"wp-block-getwid-tabs__tab-content\">\n<p><\/p>\n<\/div><\/div>\n<\/div>\n\n\n\n<hr class=\"wp-block-separator has-alpha-channel-opacity is-style-default\"\/>\n\n\n\n<p class=\"has-large-font-size\">Not\u00edcies del Pla Educatiu d&#8217;Entorn<\/p>\n\n\n\n<hr class=\"wp-block-separator has-alpha-channel-opacity is-style-default\"\/>\n\n\n\n\t\t<div class=\"wp-block-getwid-recent-posts has-layout-grid\">\n\t\t\t<div class=\"wp-block-getwid-recent-posts__wrapper getwid-columns getwid-columns-3\">\n\t\t\t\t\n<article id=\"post-13440\" class=\"wp-block-getwid-recent-posts__post\">\n    <div class=\"wp-block-getwid-recent-posts__post-wrapper\">\n                    <div class=\"wp-block-getwid-recent-posts__post-thumbnail\">\n                <a href=\"https:\/\/serveiseducatius.xtec.cat\/baixllobregat3\/portada\/dia-internacional-de-les-llengues-maternes\/\"><img loading=\"lazy\" decoding=\"async\" width=\"487\" height=\"250\" src=\"https:\/\/serveiseducatius.xtec.cat\/baixllobregat3\/wp-content\/uploads\/usu1182\/2025\/02\/Imatge1.png\" class=\"attachment-medium_large size-medium_large wp-post-image\" alt=\"Dia internacional de les lleng\u00fces maternes\" srcset=\"https:\/\/serveiseducatius.xtec.cat\/baixllobregat3\/wp-content\/uploads\/usu1182\/2025\/02\/Imatge1.png 487w, https:\/\/serveiseducatius.xtec.cat\/baixllobregat3\/wp-content\/uploads\/usu1182\/2025\/02\/Imatge1-200x103.png 200w, https:\/\/serveiseducatius.xtec.cat\/baixllobregat3\/wp-content\/uploads\/usu1182\/2025\/02\/Imatge1-120x62.png 120w\" sizes=\"auto, (max-width: 487px) 100vw, 487px\" \/><\/a>\n            <\/div>\n                            <div class=\"wp-block-getwid-recent-posts__content-wrapper\">\n                                    <header class=\"wp-block-getwid-recent-posts__entry-header\">\n                                                    <h3 class=\"wp-block-getwid-recent-posts__post-title\"><a href=\"https:\/\/serveiseducatius.xtec.cat\/baixllobregat3\/portada\/dia-internacional-de-les-llengues-maternes\/\">Dia internacional de les lleng\u00fces maternes<\/a><\/h3>                                                                            <div class=\"wp-block-getwid-recent-posts__entry-meta\">\n                                                                    <span class=\"wp-block-getwid-recent-posts__post-date\">\n                                        <time datetime=\"2025-02-24T11:46:25+01:00\"><a href=\"https:\/\/serveiseducatius.xtec.cat\/baixllobregat3\/2025\/02\/24\/\">24\/02\/2025<\/a><\/time>\n                                    <\/span>\n                                                            <\/div>\n                                            <\/header>\n                                <div class=\"wp-block-getwid-recent-posts__post-content\">El passat divendres 21 de febrer, vam commemorar als centres educatius de Sant Boi el Dia internacional de les lleng\u00fces maternes, amb una proposta a nivell&hellip;<\/div>\n                \n                                    <footer class=\"wp-block-getwid-recent-posts__entry-footer\">\n                                                    <p class=\"wp-block-getwid-recent-posts__post-categories\">\n                                <a href=\"https:\/\/serveiseducatius.xtec.cat\/baixllobregat3\/categoria\/dinamitzacio\/ambitlinguistic\/\" rel=\"category tag\">\u00c0mbit ling\u00fc\u00edstic<\/a>, <a href=\"https:\/\/serveiseducatius.xtec.cat\/baixllobregat3\/categoria\/sebll3\/se_elic\/\" rel=\"category tag\">ELIC<\/a>, <a href=\"https:\/\/serveiseducatius.xtec.cat\/baixllobregat3\/categoria\/pee\/\" rel=\"category tag\">Pla educatiu d&#8217;entorn<\/a>, <a href=\"https:\/\/serveiseducatius.xtec.cat\/baixllobregat3\/categoria\/portada\/\" rel=\"category tag\">Portada SE<\/a>                            <\/p>\n                                                                    <\/footer>\n                            <\/div>\n            <\/div>\n<\/article>\n\n<article id=\"post-12384\" class=\"wp-block-getwid-recent-posts__post\">\n    <div class=\"wp-block-getwid-recent-posts__post-wrapper\">\n                            <div class=\"wp-block-getwid-recent-posts__content-wrapper\">\n                                    <header class=\"wp-block-getwid-recent-posts__entry-header\">\n                                                    <h3 class=\"wp-block-getwid-recent-posts__post-title\"><a href=\"https:\/\/serveiseducatius.xtec.cat\/baixllobregat3\/comunitat\/jornada-dorientacio-gpes-guia-personalitzada-educativa-sant-boi\/\">Jornada d\u2019orientaci\u00f3 GPeS (Guia Personalitzada educativa Sant Boi).<\/a><\/h3>                                                                            <div class=\"wp-block-getwid-recent-posts__entry-meta\">\n                                                                    <span class=\"wp-block-getwid-recent-posts__post-date\">\n                                        <time datetime=\"2022-04-08T13:25:29+02:00\"><a href=\"https:\/\/serveiseducatius.xtec.cat\/baixllobregat3\/2022\/04\/08\/\">08\/04\/2022<\/a><\/time>\n                                    <\/span>\n                                                            <\/div>\n                                            <\/header>\n                                <div class=\"wp-block-getwid-recent-posts__post-content\">Els dies 5 i 6 d&#8217;abril es va celebrar a Sant Boi, la primera jornada d&#8217;orientaci\u00f3 GPeS (Guia Personalitzada educativa Sant Boi). \u00a0La jornada va donar&hellip;<\/div>\n                \n                                    <footer class=\"wp-block-getwid-recent-posts__entry-footer\">\n                                                    <p class=\"wp-block-getwid-recent-posts__post-categories\">\n                                <a href=\"https:\/\/serveiseducatius.xtec.cat\/baixllobregat3\/categoria\/comunitat\/\" rel=\"category tag\">Comunitat<\/a>, <a href=\"https:\/\/serveiseducatius.xtec.cat\/baixllobregat3\/categoria\/sebll3\/se_crp\/\" rel=\"category tag\">CRP<\/a>, <a href=\"https:\/\/serveiseducatius.xtec.cat\/baixllobregat3\/categoria\/sebll3\/se_eap\/\" rel=\"category tag\">EAP<\/a>, <a href=\"https:\/\/serveiseducatius.xtec.cat\/baixllobregat3\/categoria\/sebll3\/se_elic\/\" rel=\"category tag\">ELIC<\/a>, <a href=\"https:\/\/serveiseducatius.xtec.cat\/baixllobregat3\/categoria\/pee\/\" rel=\"category tag\">Pla educatiu d&#8217;entorn<\/a>, <a href=\"https:\/\/serveiseducatius.xtec.cat\/baixllobregat3\/categoria\/sebll3\/\" rel=\"category tag\">SEBLL3<\/a>                            <\/p>\n                                                                    <\/footer>\n                            <\/div>\n            <\/div>\n<\/article>\n\n<article id=\"post-11987\" class=\"wp-block-getwid-recent-posts__post\">\n    <div class=\"wp-block-getwid-recent-posts__post-wrapper\">\n                    <div class=\"wp-block-getwid-recent-posts__post-thumbnail\">\n                <a href=\"https:\/\/serveiseducatius.xtec.cat\/baixllobregat3\/portada\/2n-coeduca-repte\/\"><img loading=\"lazy\" decoding=\"async\" width=\"400\" height=\"204\" src=\"https:\/\/serveiseducatius.xtec.cat\/baixllobregat3\/wp-content\/uploads\/usu1182\/2021\/12\/roldegenere01-e1642160586920.jpg\" class=\"attachment-medium_large size-medium_large wp-post-image\" alt=\"2n Coeduca-Repte\" \/><\/a>\n            <\/div>\n                            <div class=\"wp-block-getwid-recent-posts__content-wrapper\">\n                                    <header class=\"wp-block-getwid-recent-posts__entry-header\">\n                                                    <h3 class=\"wp-block-getwid-recent-posts__post-title\"><a href=\"https:\/\/serveiseducatius.xtec.cat\/baixllobregat3\/portada\/2n-coeduca-repte\/\">2n Coeduca-Repte<\/a><\/h3>                                                                            <div class=\"wp-block-getwid-recent-posts__entry-meta\">\n                                                                    <span class=\"wp-block-getwid-recent-posts__post-date\">\n                                        <time datetime=\"2021-12-14T10:56:50+01:00\"><a href=\"https:\/\/serveiseducatius.xtec.cat\/baixllobregat3\/2021\/12\/14\/\">14\/12\/2021<\/a><\/time>\n                                    <\/span>\n                                                            <\/div>\n                                            <\/header>\n                                <div class=\"wp-block-getwid-recent-posts__post-content\">Us proposem un segon repte coeducatiu! Els estereotips de g\u00e8nere, com un mecanisme socialitzador que classifica a les persones en funci\u00f3 de si neixen nenes o&hellip;<\/div>\n                \n                                    <footer class=\"wp-block-getwid-recent-posts__entry-footer\">\n                                                    <p class=\"wp-block-getwid-recent-posts__post-categories\">\n                                <a href=\"https:\/\/serveiseducatius.xtec.cat\/baixllobregat3\/categoria\/activitats-de-centre\/\" rel=\"category tag\">Activitats de centre<\/a>, <a href=\"https:\/\/serveiseducatius.xtec.cat\/baixllobregat3\/categoria\/dinamitzacio\/coeducacio\/\" rel=\"category tag\">Coeducaci\u00f3<\/a>, <a href=\"https:\/\/serveiseducatius.xtec.cat\/baixllobregat3\/categoria\/pee\/\" rel=\"category tag\">Pla educatiu d&#8217;entorn<\/a>, <a href=\"https:\/\/serveiseducatius.xtec.cat\/baixllobregat3\/categoria\/portada\/\" rel=\"category tag\">Portada SE<\/a>                            <\/p>\n                                                                    <\/footer>\n                            <\/div>\n            <\/div>\n<\/article>\n\n<article id=\"post-11281\" class=\"wp-block-getwid-recent-posts__post\">\n    <div class=\"wp-block-getwid-recent-posts__post-wrapper\">\n                    <div class=\"wp-block-getwid-recent-posts__post-thumbnail\">\n                <a href=\"https:\/\/serveiseducatius.xtec.cat\/baixllobregat3\/portada\/promotor-escolar-a-sant-boi-pmoe\/\"><img loading=\"lazy\" decoding=\"async\" width=\"768\" height=\"433\" src=\"https:\/\/serveiseducatius.xtec.cat\/baixllobregat3\/wp-content\/uploads\/usu1182\/2021\/02\/Projecte-promoci\u00f3-escolar-768x433.jpg\" class=\"attachment-medium_large size-medium_large wp-post-image\" alt=\"Promotor escolar a Sant Boi (PMOE)\" srcset=\"https:\/\/serveiseducatius.xtec.cat\/baixllobregat3\/wp-content\/uploads\/usu1182\/2021\/02\/Projecte-promoci\u00f3-escolar-768x433.jpg 768w, https:\/\/serveiseducatius.xtec.cat\/baixllobregat3\/wp-content\/uploads\/usu1182\/2021\/02\/Projecte-promoci\u00f3-escolar-120x68.jpg 120w, https:\/\/serveiseducatius.xtec.cat\/baixllobregat3\/wp-content\/uploads\/usu1182\/2021\/02\/Projecte-promoci\u00f3-escolar-e1611914195983.jpg 200w, https:\/\/serveiseducatius.xtec.cat\/baixllobregat3\/wp-content\/uploads\/usu1182\/2021\/02\/Projecte-promoci\u00f3-escolar-600x338.jpg 600w\" sizes=\"auto, (max-width: 768px) 100vw, 768px\" \/><\/a>\n            <\/div>\n                            <div class=\"wp-block-getwid-recent-posts__content-wrapper\">\n                                    <header class=\"wp-block-getwid-recent-posts__entry-header\">\n                                                    <h3 class=\"wp-block-getwid-recent-posts__post-title\"><a href=\"https:\/\/serveiseducatius.xtec.cat\/baixllobregat3\/portada\/promotor-escolar-a-sant-boi-pmoe\/\">Promotor escolar a Sant Boi (PMOE)<\/a><\/h3>                                                                            <div class=\"wp-block-getwid-recent-posts__entry-meta\">\n                                                                    <span class=\"wp-block-getwid-recent-posts__post-date\">\n                                        <time datetime=\"2021-02-01T08:00:20+01:00\"><a href=\"https:\/\/serveiseducatius.xtec.cat\/baixllobregat3\/2021\/02\/01\/\">01\/02\/2021<\/a><\/time>\n                                    <\/span>\n                                                            <\/div>\n                                            <\/header>\n                                <div class=\"wp-block-getwid-recent-posts__post-content\">El Dep. d&#8217;Educaci\u00f3 posa en marxa el Pla de Millora d\u2019Oportunitats Educatives (PMOE) mitjan\u00e7ant la Resoluci\u00f3 EDU\/2210\/2020, de 10 de setembre. La seva finalitat \u00e9s lluitar&hellip;<\/div>\n                \n                                    <footer class=\"wp-block-getwid-recent-posts__entry-footer\">\n                                                    <p class=\"wp-block-getwid-recent-posts__post-categories\">\n                                <a href=\"https:\/\/serveiseducatius.xtec.cat\/baixllobregat3\/categoria\/sebll3\/se_elic\/\" rel=\"category tag\">ELIC<\/a>, <a href=\"https:\/\/serveiseducatius.xtec.cat\/baixllobregat3\/categoria\/pee\/\" rel=\"category tag\">Pla educatiu d&#8217;entorn<\/a>, <a href=\"https:\/\/serveiseducatius.xtec.cat\/baixllobregat3\/categoria\/portada\/\" rel=\"category tag\">Portada SE<\/a>                            <\/p>\n                                                                    <\/footer>\n                            <\/div>\n            <\/div>\n<\/article>\n\n<article id=\"post-11275\" class=\"wp-block-getwid-recent-posts__post\">\n    <div class=\"wp-block-getwid-recent-posts__post-wrapper\">\n                    <div class=\"wp-block-getwid-recent-posts__post-thumbnail\">\n                <a href=\"https:\/\/serveiseducatius.xtec.cat\/baixllobregat3\/portada\/pla-de-millora-doportunitats-educatives-pmoe\/\"><img loading=\"lazy\" decoding=\"async\" width=\"140\" height=\"186\" src=\"https:\/\/serveiseducatius.xtec.cat\/baixllobregat3\/wp-content\/uploads\/usu1182\/2021\/01\/PMOE-e1611909911726.jpg\" class=\"attachment-medium_large size-medium_large wp-post-image\" alt=\"Pla de millora d\u2019oportunitats educatives (PMOE)\" \/><\/a>\n            <\/div>\n                            <div class=\"wp-block-getwid-recent-posts__content-wrapper\">\n                                    <header class=\"wp-block-getwid-recent-posts__entry-header\">\n                                                    <h3 class=\"wp-block-getwid-recent-posts__post-title\"><a href=\"https:\/\/serveiseducatius.xtec.cat\/baixllobregat3\/portada\/pla-de-millora-doportunitats-educatives-pmoe\/\">Pla de millora d\u2019oportunitats educatives (PMOE)<\/a><\/h3>                                                                            <div class=\"wp-block-getwid-recent-posts__entry-meta\">\n                                                                    <span class=\"wp-block-getwid-recent-posts__post-date\">\n                                        <time datetime=\"2021-01-29T09:48:23+01:00\"><a href=\"https:\/\/serveiseducatius.xtec.cat\/baixllobregat3\/2021\/01\/29\/\">29\/01\/2021<\/a><\/time>\n                                    <\/span>\n                                                            <\/div>\n                                            <\/header>\n                                <div class=\"wp-block-getwid-recent-posts__post-content\">El Departament d&#8217;Educaci\u00f3 posa en marxa el Pla de Millora d\u2019Oportunitats Educatives (PMOE) mitjan\u00e7ant la Resoluci\u00f3 EDU\/2210\/2020, de 10 de setembre. La finalitat d&#8217;aquest pla \u00e9s&hellip;<\/div>\n                \n                                    <footer class=\"wp-block-getwid-recent-posts__entry-footer\">\n                                                    <p class=\"wp-block-getwid-recent-posts__post-categories\">\n                                <a href=\"https:\/\/serveiseducatius.xtec.cat\/baixllobregat3\/categoria\/sebll3\/se_elic\/\" rel=\"category tag\">ELIC<\/a>, <a href=\"https:\/\/serveiseducatius.xtec.cat\/baixllobregat3\/categoria\/pee\/\" rel=\"category tag\">Pla educatiu d&#8217;entorn<\/a>, <a href=\"https:\/\/serveiseducatius.xtec.cat\/baixllobregat3\/categoria\/portada\/\" rel=\"category tag\">Portada SE<\/a>                            <\/p>\n                                                                    <\/footer>\n                            <\/div>\n            <\/div>\n<\/article>\n\n<article id=\"post-9499\" class=\"wp-block-getwid-recent-posts__post\">\n    <div class=\"wp-block-getwid-recent-posts__post-wrapper\">\n                    <div class=\"wp-block-getwid-recent-posts__post-thumbnail\">\n                <a href=\"https:\/\/serveiseducatius.xtec.cat\/baixllobregat3\/general\/cap-a-un-model-descola-plurilingue\/\"><img loading=\"lazy\" decoding=\"async\" width=\"768\" height=\"327\" src=\"https:\/\/serveiseducatius.xtec.cat\/baixllobregat3\/wp-content\/uploads\/usu1182\/2018\/05\/Pluriling\u00fcisme-768x327.jpg\" class=\"attachment-medium_large size-medium_large wp-post-image\" alt=\"Cap a un model d&#8217;escola pluriling\u00fce.\" srcset=\"https:\/\/serveiseducatius.xtec.cat\/baixllobregat3\/wp-content\/uploads\/usu1182\/2018\/05\/Pluriling\u00fcisme-768x327.jpg 768w, https:\/\/serveiseducatius.xtec.cat\/baixllobregat3\/wp-content\/uploads\/usu1182\/2018\/05\/Pluriling\u00fcisme-300x128.jpg 300w, https:\/\/serveiseducatius.xtec.cat\/baixllobregat3\/wp-content\/uploads\/usu1182\/2018\/05\/Pluriling\u00fcisme-e1528054112955.jpg 400w\" sizes=\"auto, (max-width: 768px) 100vw, 768px\" \/><\/a>\n            <\/div>\n                            <div class=\"wp-block-getwid-recent-posts__content-wrapper\">\n                                    <header class=\"wp-block-getwid-recent-posts__entry-header\">\n                                                    <h3 class=\"wp-block-getwid-recent-posts__post-title\"><a href=\"https:\/\/serveiseducatius.xtec.cat\/baixllobregat3\/general\/cap-a-un-model-descola-plurilingue\/\">Cap a un model d&#8217;escola pluriling\u00fce.<\/a><\/h3>                                                                            <div class=\"wp-block-getwid-recent-posts__entry-meta\">\n                                                                    <span class=\"wp-block-getwid-recent-posts__post-date\">\n                                        <time datetime=\"2018-05-21T21:02:16+02:00\"><a href=\"https:\/\/serveiseducatius.xtec.cat\/baixllobregat3\/2018\/05\/21\/\">21\/05\/2018<\/a><\/time>\n                                    <\/span>\n                                                            <\/div>\n                                            <\/header>\n                                <div class=\"wp-block-getwid-recent-posts__post-content\">En el marc del Seminari Coordinaci\u00f3 d&#039;especialistes de Llengua estrangera d&#039;angl\u00e8s, de la zona educativa de Baix Llobregat 3, la senyora Al\u00edcia Aguilar Sanz,Coordinadora de Lleng\u00fces&hellip;<\/div>\n                \n                                    <footer class=\"wp-block-getwid-recent-posts__entry-footer\">\n                                                    <p class=\"wp-block-getwid-recent-posts__post-categories\">\n                                <a href=\"https:\/\/serveiseducatius.xtec.cat\/baixllobregat3\/categoria\/sebll3\/se_elic\/\" rel=\"category tag\">ELIC<\/a>, <a href=\"https:\/\/serveiseducatius.xtec.cat\/baixllobregat3\/categoria\/general\/\" rel=\"category tag\">General<\/a>, <a href=\"https:\/\/serveiseducatius.xtec.cat\/baixllobregat3\/categoria\/dinamitzacio\/ambitlinguistic\/llenguesestrangeres\/\" rel=\"category tag\">Lleng\u00fces estrangeres<\/a>, <a href=\"https:\/\/serveiseducatius.xtec.cat\/baixllobregat3\/categoria\/formacio\/pfz\/\" rel=\"category tag\">Pla de formaci\u00f3 de zona<\/a>, <a href=\"https:\/\/serveiseducatius.xtec.cat\/baixllobregat3\/categoria\/pee\/\" rel=\"category tag\">Pla educatiu d&#8217;entorn<\/a>, <a href=\"https:\/\/serveiseducatius.xtec.cat\/baixllobregat3\/categoria\/portada\/\" rel=\"category tag\">Portada SE<\/a>                            <\/p>\n                                                                    <\/footer>\n                            <\/div>\n            <\/div>\n<\/article>\n\n<article id=\"post-1005\" class=\"wp-block-getwid-recent-posts__post\">\n    <div class=\"wp-block-getwid-recent-posts__post-wrapper\">\n                    <div class=\"wp-block-getwid-recent-posts__post-thumbnail\">\n                <a href=\"https:\/\/serveiseducatius.xtec.cat\/baixllobregat3\/pee\/nou-curs-amb-cultura-emprenedora-a-lescola\/\"><img loading=\"lazy\" decoding=\"async\" width=\"520\" height=\"345\" src=\"https:\/\/serveiseducatius.xtec.cat\/baixllobregat3\/wp-content\/uploads\/usu1182\/2015\/11\/culturaemprenedoraescola.jpg\" class=\"attachment-medium_large size-medium_large wp-post-image\" alt=\"Nou curs amb Cultura emprenedora a l\u2019escola\" srcset=\"https:\/\/serveiseducatius.xtec.cat\/baixllobregat3\/wp-content\/uploads\/usu1182\/2015\/11\/culturaemprenedoraescola.jpg 520w, https:\/\/serveiseducatius.xtec.cat\/baixllobregat3\/wp-content\/uploads\/usu1182\/2015\/11\/culturaemprenedoraescola-300x199.jpg 300w\" sizes=\"auto, (max-width: 520px) 100vw, 520px\" \/><\/a>\n            <\/div>\n                            <div class=\"wp-block-getwid-recent-posts__content-wrapper\">\n                                    <header class=\"wp-block-getwid-recent-posts__entry-header\">\n                                                    <h3 class=\"wp-block-getwid-recent-posts__post-title\"><a href=\"https:\/\/serveiseducatius.xtec.cat\/baixllobregat3\/pee\/nou-curs-amb-cultura-emprenedora-a-lescola\/\">Nou curs amb Cultura emprenedora a l\u2019escola<\/a><\/h3>                                                                            <div class=\"wp-block-getwid-recent-posts__entry-meta\">\n                                                                    <span class=\"wp-block-getwid-recent-posts__post-date\">\n                                        <time datetime=\"2015-11-30T00:37:53+01:00\"><a href=\"https:\/\/serveiseducatius.xtec.cat\/baixllobregat3\/2015\/11\/30\/\">30\/11\/2015<\/a><\/time>\n                                    <\/span>\n                                                            <\/div>\n                                            <\/header>\n                                <div class=\"wp-block-getwid-recent-posts__post-content\">El passat 1 d\u2019octubre, l\u2019Espai Francesca Bonnemaison va acollir la Jornada de posada en marxa del projecte Cultura emprenedora a l\u2019escola per al curs 2013-2014. Hi&hellip;<\/div>\n                \n                                    <footer class=\"wp-block-getwid-recent-posts__entry-footer\">\n                                                    <p class=\"wp-block-getwid-recent-posts__post-categories\">\n                                <a href=\"https:\/\/serveiseducatius.xtec.cat\/baixllobregat3\/categoria\/pee\/\" rel=\"category tag\">Pla educatiu d&#8217;entorn<\/a>                            <\/p>\n                                                                            <p class=\"wp-block-getwid-recent-posts__post-comments\">\n                                <a href=\"https:\/\/serveiseducatius.xtec.cat\/baixllobregat3\/pee\/nou-curs-amb-cultura-emprenedora-a-lescola\/#respond\">No hi ha comentaris<\/a>\n                            <\/p>\n                                            <\/footer>\n                            <\/div>\n            <\/div>\n<\/article>\n\t\t\t<\/div>\n\t\t<\/div>\n\t\t","protected":false},"excerpt":{"rendered":"<p>Not\u00edcies del Pla Educatiu d&#8217;Entorn<\/p>\n","protected":false},"author":29,"featured_media":1014,"parent":341,"menu_order":0,"comment_status":"closed","ping_status":"closed","template":"","meta":{"_bbp_topic_count":0,"_bbp_reply_count":0,"_bbp_total_topic_count":0,"_bbp_total_reply_count":0,"_bbp_voice_count":0,"_bbp_anonymous_reply_count":0,"_bbp_topic_count_hidden":0,"_bbp_reply_count_hidden":0,"_bbp_forum_subforum_count":0,"site-sidebar-layout":"default","site-content-layout":"","ast-site-content-layout":"","site-content-style":"default","site-sidebar-style":"default","ast-global-header-display":"","ast-banner-title-visibility":"","ast-main-header-display":"","ast-hfb-above-header-display":"","ast-hfb-below-header-display":"","ast-hfb-mobile-header-display":"","site-post-title":"","ast-breadcrumbs-content":"","ast-featured-img":"","footer-sml-layout":"","theme-transparent-header-meta":"","adv-header-id-meta":"","stick-header-meta":"","header-above-stick-meta":"","header-main-stick-meta":"","header-below-stick-meta":"","astra-migrate-meta-layouts":"default","ast-page-background-enabled":"default","ast-page-background-meta":{"desktop":{"background-color":"var(--ast-global-color-4)","background-image":"","background-repeat":"repeat","background-position":"center center","background-size":"auto","background-attachment":"scroll","background-type":"","background-media":"","overlay-type":"","overlay-color":"","overlay-opacity":"","overlay-gradient":""},"tablet":{"background-color":"","background-image":"","background-repeat":"repeat","background-position":"center center","background-size":"auto","background-attachment":"scroll","background-type":"","background-media":"","overlay-type":"","overlay-color":"","overlay-opacity":"","overlay-gradient":""},"mobile":{"background-color":"","background-image":"","background-repeat":"repeat","background-position":"center center","background-size":"auto","background-attachment":"scroll","background-type":"","background-media":"","overlay-type":"","overlay-color":"","overlay-opacity":"","overlay-gradient":""}},"ast-content-background-meta":{"desktop":{"background-color":"var(--ast-global-color-5)","background-image":"","background-repeat":"repeat","background-position":"center center","background-size":"auto","background-attachment":"scroll","background-type":"","background-media":"","overlay-type":"","overlay-color":"","overlay-opacity":"","overlay-gradient":""},"tablet":{"background-color":"var(--ast-global-color-5)","background-image":"","background-repeat":"repeat","background-position":"center center","background-size":"auto","background-attachment":"scroll","background-type":"","background-media":"","overlay-type":"","overlay-color":"","overlay-opacity":"","overlay-gradient":""},"mobile":{"background-color":"var(--ast-global-color-5)","background-image":"","background-repeat":"repeat","background-position":"center center","background-size":"auto","background-attachment":"scroll","background-type":"","background-media":"","overlay-type":"","overlay-color":"","overlay-opacity":"","overlay-gradient":""}},"footnotes":""},"class_list":["post-13744","page","type-page","status-publish","has-post-thumbnail","hentry"],"post_mailing_queue_ids":[],"_links":{"self":[{"href":"https:\/\/serveiseducatius.xtec.cat\/baixllobregat3\/wp-json\/wp\/v2\/pages\/13744","targetHints":{"allow":["GET"]}}],"collection":[{"href":"https:\/\/serveiseducatius.xtec.cat\/baixllobregat3\/wp-json\/wp\/v2\/pages"}],"about":[{"href":"https:\/\/serveiseducatius.xtec.cat\/baixllobregat3\/wp-json\/wp\/v2\/types\/page"}],"author":[{"embeddable":true,"href":"https:\/\/serveiseducatius.xtec.cat\/baixllobregat3\/wp-json\/wp\/v2\/users\/29"}],"replies":[{"embeddable":true,"href":"https:\/\/serveiseducatius.xtec.cat\/baixllobregat3\/wp-json\/wp\/v2\/comments?post=13744"}],"version-history":[{"count":1,"href":"https:\/\/serveiseducatius.xtec.cat\/baixllobregat3\/wp-json\/wp\/v2\/pages\/13744\/revisions"}],"predecessor-version":[{"id":13745,"href":"https:\/\/serveiseducatius.xtec.cat\/baixllobregat3\/wp-json\/wp\/v2\/pages\/13744\/revisions\/13745"}],"up":[{"embeddable":true,"href":"https:\/\/serveiseducatius.xtec.cat\/baixllobregat3\/wp-json\/wp\/v2\/pages\/341"}],"wp:featuredmedia":[{"embeddable":true,"href":"https:\/\/serveiseducatius.xtec.cat\/baixllobregat3\/wp-json\/wp\/v2\/media\/1014"}],"wp:attachment":[{"href":"https:\/\/serveiseducatius.xtec.cat\/baixllobregat3\/wp-json\/wp\/v2\/media?parent=13744"}],"curies":[{"name":"wp","href":"https:\/\/api.w.org\/{rel}","templated":true}]}}