{"id":13416,"date":"2021-12-02T16:24:07","date_gmt":"2021-12-02T15:24:07","guid":{"rendered":"https:\/\/serveiseducatius.xtec.cat\/baixcamp\/?page_id=13416"},"modified":"2025-02-04T14:18:26","modified_gmt":"2025-02-04T13:18:26","slug":"club-de-lectura-secundaria","status":"publish","type":"page","link":"https:\/\/serveiseducatius.xtec.cat\/baixcamp\/recursos-2\/ambit-linguistic\/club-de-lectura-secundaria\/","title":{"rendered":"Club de Lectura per Secund\u00e0ria"},"content":{"rendered":"\n<p><strong>CODI:&nbsp;<\/strong>R501<br><strong>A qui s\u2019adre\u00e7a:<\/strong><br>Educaci\u00f3 secund\u00e0ria (a partir de 12anys)<\/p>\n\n\n<p>El club de lectura pret\u00e9n ser una estrat\u00e8gia per l&#8217;animaci\u00f3 de la lectura, en aquest cas adre\u00e7ada a l&#8217;alumnat de secund\u00e0ria.<\/p>\n<p>Un dels plaers que trobem en la lectura, \u00e9s el poder intercanviar impressions amb altres persones que han llegit el mateix llibre que nosaltres, descobrir diferents punts de vista, resoldre dubtes&#8230;.. Els Clubs de Lectura, com a activitat dinamitzadora de la lectura volen acomplir aquesta funci\u00f3.<\/p>\n<p>Per aquest motiu des del CRP us volem posar a la vostra disposici\u00f3 aquest material.<\/p>\n<h6>Objectius Generals del Projecte:<\/h6>\n<ul>\n<li>Fomentar l&#8217;h\u00e0bit de lectura entre joves.<\/li>\n<li>Adquirir l&#8217;h\u00e0bit d&#8217;utilitzar la biblioteca de forma quotidiana, no nom\u00e9s per fer cerques d&#8217;informaci\u00f3, sin\u00f3 com a espai d&#8217;oci i entreteniment.<\/li>\n<\/ul>\n<h6>Material del recurs:<\/h6>\n<ul>\n<li>28 libres ( 4 exemplars de cada t\u00edtol)<\/li>\n<li>Guia did\u00e0ctica per al professorat.<\/li>\n<\/ul>\n<table style=\"border-collapse: collapse; width: 100%;\">\n<tbody>\n<tr>\n<td style=\"width: 25%;\"><img loading=\"lazy\" decoding=\"async\" class=\"aligncenter\" src=\"https:\/\/images.cdn3.buscalibre.com\/fit-in\/360x360\/52\/0d\/520d30fa7fc83e5b96606671f6ae6900.jpg\" alt=\"Libro de nador a vic. dedicado por la autora. 1\u00aa ed., laila. karrouch, ISBN 7410051. Comprar en Buscalibre\" width=\"155\" height=\"235\" \/><\/td>\n<td style=\"width: 25%;\"><img loading=\"lazy\" decoding=\"async\" class=\"aligncenter\" src=\"https:\/\/static.fnac-static.com\/multimedia\/Images\/ES\/NR\/44\/49\/00\/18756\/1540-1\/tsp20170823091746\/La-torre.jpg\" alt=\"La torre - Vicen\u00e7 Villatoro -5% en libros | FNAC\" width=\"230\" height=\"230\" \/><\/td>\n<td style=\"width: 25%;\"><img loading=\"lazy\" decoding=\"async\" class=\"aligncenter\" src=\"https:\/\/imagessl4.casadellibro.com\/a\/l\/t5\/34\/9788466110334.jpg\" alt=\"el cd diabolic-jordi sierra i fabra-9788466110334\" width=\"147\" height=\"232\" \/><\/td>\n<td style=\"width: 25%;\"><img loading=\"lazy\" decoding=\"async\" class=\"aligncenter\" src=\"https:\/\/images-na.ssl-images-amazon.com\/images\/I\/41AGRRFQMUL.jpg\" alt=\"Les ombres creixen al capvespre (BIBLIOTECA HENING MANKELL (COLUMNA)) : Mankell, Henning: Amazon.es: Libros\" width=\"146\" height=\"251\" \/><\/td>\n<\/tr>\n<tr>\n<td style=\"width: 25%;\">\n<blockquote>\n<p>&#8230;aleshores va comen\u00e7ar el proc\u00e9s d&#8217;adaptaci\u00f3 a una nova cultura i uns nous costums, per\u00f2 tamb\u00e9 es van desencadenar un seguit d&#8217;emocions que la marcarien per sempre. L&#8217;enyoran\u00e7a dels avis i els amics del Marroc, la preocupaci\u00f3 per les dificultats econ\u00f2miques, la coneixen\u00e7a de nous amics a l&#8217;escola i a l&#8217;institut, la pol\u00e8mica participaci\u00f3 en proves esportives o el racisme latent en la recerca de la primera feina s\u00f3n nom\u00e9s alguns dels episodis que la Laila, amb una enorme sensibilitat, va relatant en primera persona.<\/p>\n<\/blockquote>\n<\/td>\n<td style=\"width: 25%;\">\n<blockquote>\n<p>Valentine Eiffel, filla del gran enginyer constructor de la torre Eiffel de Par\u00eds i de l&#8217;esquelet de l&#8217;est\u00e0tua de la Llibertat de Nova York (i del pont de ferro de Girona), ens explica les perip\u00e8cies i intrigues que acompanyen la torre de Par\u00eds, des que la conceben fins que decideixen conservar-la quan era el moment que l&#8217;havien de desmuntar. Una hist\u00f2ria que transcorre enmig de grans esperances i grans fracassos de la humanitat.<\/p>\n<\/blockquote>\n<\/td>\n<td style=\"width: 25%;\">\n<blockquote>\n<p>Un jove, que viu apassionadament la m\u00fasica i vol arribar a ser una estrella del rock, acaba de rebre una not\u00edcia que l&#8217;enfonsa: la discogr\u00e0fica li torna la maqueta del que havia de ser el primer disc seu i li diu que no l&#8217;hi edita. Aquest frac\u00e0s el tanca en ell mateix: no t\u00e9 empenta per tocar, per compondre, per manifestar els seus sentiments a la noia que estima&#8230; El Senyor de la M\u00fasica, per\u00f2, l&#8217;ajudar\u00e0 a capgirar aquesta situaci\u00f3 quan li ven un CD molt especial, que l&#8217;ajudar\u00e0 a treure el bo i millor que porta dins seu.<\/p>\n<\/blockquote>\n<\/td>\n<td style=\"width: 25%;\">\n<blockquote>\n<p>En Joel vol viure una gran aventura, per\u00f2 llavors passa all\u00f2 que mai s&#8217;hauria imaginat: un autob\u00fas l&#8217;atropella, tot i que en surt il\u00b7l\u00e8s. No creu en les forces sobrenaturals, per\u00f2 considera que ha estat un miracle i que ha de fer una bona acci\u00f3 com a agra\u00efment. Per\u00f2 aviat s&#8217;adonar\u00e0 que no \u00e9s tan f\u00e0cil&#8230;<\/p>\n<\/blockquote>\n<\/td>\n<\/tr>\n<tr>\n<td style=\"width: 25%;\"><img loading=\"lazy\" decoding=\"async\" class=\"aligncenter\" src=\"https:\/\/images-na.ssl-images-amazon.com\/images\/I\/914Pb+m4pAL.jpg\" alt=\"I la mort em parlava (Llibres Infantils I Juvenils - Antaviana - Antaviana Nova) : Bag\u00e9s, Noemi: Amazon.es: Libros\" width=\"147\" height=\"221\" \/><\/td>\n<td style=\"width: 25%;\"><img loading=\"lazy\" decoding=\"async\" class=\"aligncenter\" src=\"https:\/\/imagessl9.casadellibro.com\/a\/l\/t5\/29\/9788448919429.jpg\" alt=\"L ASSASSINAT DEL PROFESSOR DE MATEMATIQUES | JORDI SIERRA I FABRA | Casa del Libro\" width=\"153\" height=\"230\" \/><\/td>\n<td style=\"width: 25%;\"><img loading=\"lazy\" decoding=\"async\" class=\"aligncenter\" src=\"https:\/\/encrypted-tbn0.gstatic.com\/images?q=tbn:ANd9GcSn1tOW0AILug7Qv-MLu3DR21TnKKxPWrogqhV-RM2m3o4uHqBQVd-3srHdjF5Nr2hoO-w&amp;usqp=CAU\" alt=\"Enigma a Internet (Llibres infantils i juvenils - Antaviana - Antaviana Blava) : Casals, Pere: Amazon.es: Libros\" width=\"147\" height=\"220\" \/><\/td>\n<td style=\"width: 25%;\">\u00a0<\/td>\n<\/tr>\n<tr>\n<td style=\"width: 25%;\">\n<blockquote>\n<div class=\"a-expander-content a-expander-partial-collapse-content a-expander-content-expanded\" aria-expanded=\"true\">Tot just acabades de traslladar a Tarragona, la doctora Olga Puig i la Txell, la seva filla de disset anys, mantenen una relaci\u00f3 dif\u00edcil i tensa. La doctora Olga, v\u00eddua del periodista \u00d2scar Dalmau, que es va ofegar en caure al mar durant una curta travessia amb el seu veler, rep la trucada inesperada d&#8217;un notari de Buenos Aires, que la cita per a la lectura de les \u00faltimes voluntats del senyor Carlos Camacho Villa. Aquesta estranya circumst\u00e0ncia fa que la relaci\u00f3 entre mare i filla es faci encara m\u00e9s insuportable. El dif\u00edcil encaix de la Txell a la nova escola es veu alleujat, per\u00f2, per la pres\u00e8ncia d&#8217;un noi comprom\u00e8s en la lluita per la just\u00edcia social, amb el qual estableix una relaci\u00f3 d&#8217;amistat. Aquesta relaci\u00f3 far\u00e0 que el pare del xicot i la mare de la Txell acabin trobant-se en situacions molt diverses.<\/div>\n<\/blockquote>\n<div class=\"a-expander-header a-expander-partial-collapse-header\">\u00a0<\/div>\n<\/td>\n<td style=\"width: 25%;\">\n<blockquote>\n<p>En Flip no sap qu\u00e8 fer perqu\u00e8 tres dels seus alumnes s&#8217;adonin que les matem\u00e0tiques s\u00f3n com un joc. Per aix\u00f2, i perqu\u00e8 no vol suspendre&#8217;ls, els proposa que resolguin en grup tot un seguit de problemes. Un bon dia en Flip \u00e9s assassinat i mor davant mateix dels nois! Per poder descobrir i capturar l&#8217;assass\u00ed del seu professor, els tres amics han de resoldre un seguit d&#8217;enigmes, jocs d&#8217;enginy, problemes i pistes que els conduiran de dret al culpable.<\/p>\n<\/blockquote>\n<\/td>\n<td style=\"width: 25%;\">\n<blockquote>\n<p>Descobreix els enigmes d&#8217;Internet amb les aventures d&#8217;en Bill, la Clara, la Hilka, en Yoshio, en Liu i en Gautam. En aquest llibre, la Marilyn -la tia d&#8217;en Bill, que \u00e9s periodista- rep uns an\u00f2nims per Internet. Els cibernois correran greus perills a San Diego i tamb\u00e9 a l&#8217;altra banda de la frontera, a M\u00e8xic, per resoldre l&#8217;enigma.Gr\u00e0cies a Internet, descobriran el cap d&#8217;una banda de blanqueig de diners.<\/p>\n<\/blockquote>\n<\/td>\n<td style=\"width: 25%;\">\u00a0<\/td>\n<\/tr>\n<\/tbody>\n<\/table>\n<h5>Si hi esteu interessats podeu veure&#8217;n la disponibilitat i fer-ne la sol\u00b7licitud al seg\u00fcent formulari:<\/h5>\n<table style=\"width: 100%;\">\n<tbody>\n<tr>\n<td style=\"width: 53.227%;\"><iframe loading=\"lazy\" style=\"border: 0;\" src=\"https:\/\/calendar.google.com\/calendar\/embed?src=c_6ah1tun5d3idvdrplncksnr8o0%40group.calendar.google.com&amp;ctz=Europe%2FParis\" width=\"600\" height=\"400\" frameborder=\"0\" scrolling=\"no\"><\/iframe><\/td>\n<td style=\"width: 11.3125%;\"><a href=\"https:\/\/forms.gle\/HCardXjBv3dJWdMZ7\"><img loading=\"lazy\" decoding=\"async\" src=\"https:\/\/serveiseducatius.xtec.cat\/baixcamp\/wp-content\/uploads\/usu950\/2018\/10\/sol\u00b7licitud-pr\u00e9stec.png\" alt=\"\" width=\"157\" height=\"77\" \/><\/a><\/td>\n<td style=\"width: 34.7353%;\"><strong>Condicions del pr\u00e9stec<\/strong>\n<p><span style=\"font-family: inherit; font-size: 1em;\">Durada: 4 setmanes aproximadament<\/span><\/p>\n<div class=\"entry-content\">\n<div class=\"entry-content\">\n<p>Per altres per\u00edodes de pr\u00e9stec, consulteu a\u00a0<a href=\"mailto:e3990102@xtec.cat\">e3990102@xtec.cat<\/a><\/p>\n<p><strong>Recollida i retorn del pr\u00e9stec:<\/strong>\u00a0de dilluns a divendres d\u201911:00h a 14:00h i de 16:00h a 18:00h<\/p>\n<p><strong>Normes d\u2019\u00fas:<\/strong><\/p>\n<p>\u00c9s responsabilitat de l\u2019usuari assegurar-se del contingut material del kit a l\u2019inici de la reserva.<br \/>Qualsevol p\u00e8rdua o desperfecte del material ser\u00e0 responsabilitat del centre educatiu, que haur\u00e0 de reposar-ho.<br \/>Cal comunicar qualsevol incid\u00e8ncia que es produeixi durant el seu \u00fas.<\/p>\n<\/div>\n<\/div>\n<\/td>\n<\/tr>\n<\/tbody>\n<\/table>","protected":false},"excerpt":{"rendered":"<p>CODI:&nbsp;R501A qui s\u2019adre\u00e7a:Educaci\u00f3 secund\u00e0ria (a partir de 12anys) El club de lectura pret\u00e9n ser una estrat\u00e8gia per l&#8217;animaci\u00f3 de la lectura, en aquest cas adre\u00e7ada a l&#8217;alumnat de secund\u00e0ria. Un dels plaers que trobem en la lectura, \u00e9s el poder intercanviar impressions amb altres persones que han llegit el mateix llibre que nosaltres, descobrir diferents [&hellip;]<\/p>\n","protected":false},"author":122,"featured_media":0,"parent":14126,"menu_order":12,"comment_status":"closed","ping_status":"closed","template":"page-templates\/side-menu.php","meta":{"_bbp_topic_count":0,"_bbp_reply_count":0,"_bbp_total_topic_count":0,"_bbp_total_reply_count":0,"_bbp_voice_count":0,"_bbp_anonymous_reply_count":0,"_bbp_topic_count_hidden":0,"_bbp_reply_count_hidden":0,"_bbp_forum_subforum_count":0,"site-sidebar-layout":"default","site-content-layout":"","ast-site-content-layout":"","site-content-style":"default","site-sidebar-style":"default","ast-global-header-display":"","ast-banner-title-visibility":"","ast-main-header-display":"","ast-hfb-above-header-display":"","ast-hfb-below-header-display":"","ast-hfb-mobile-header-display":"","site-post-title":"","ast-breadcrumbs-content":"","ast-featured-img":"","footer-sml-layout":"","theme-transparent-header-meta":"","adv-header-id-meta":"","stick-header-meta":"","header-above-stick-meta":"","header-main-stick-meta":"","header-below-stick-meta":"","astra-migrate-meta-layouts":"default","ast-page-background-enabled":"default","ast-page-background-meta":{"desktop":{"background-color":"var(--ast-global-color-4)","background-image":"","background-repeat":"repeat","background-position":"center center","background-size":"auto","background-attachment":"scroll","background-type":"","background-media":"","overlay-type":"","overlay-color":"","overlay-opacity":"","overlay-gradient":""},"tablet":{"background-color":"","background-image":"","background-repeat":"repeat","background-position":"center center","background-size":"auto","background-attachment":"scroll","background-type":"","background-media":"","overlay-type":"","overlay-color":"","overlay-opacity":"","overlay-gradient":""},"mobile":{"background-color":"","background-image":"","background-repeat":"repeat","background-position":"center center","background-size":"auto","background-attachment":"scroll","background-type":"","background-media":"","overlay-type":"","overlay-color":"","overlay-opacity":"","overlay-gradient":""}},"ast-content-background-meta":{"desktop":{"background-color":"var(--ast-global-color-5)","background-image":"","background-repeat":"repeat","background-position":"center center","background-size":"auto","background-attachment":"scroll","background-type":"","background-media":"","overlay-type":"","overlay-color":"","overlay-opacity":"","overlay-gradient":""},"tablet":{"background-color":"var(--ast-global-color-5)","background-image":"","background-repeat":"repeat","background-position":"center center","background-size":"auto","background-attachment":"scroll","background-type":"","background-media":"","overlay-type":"","overlay-color":"","overlay-opacity":"","overlay-gradient":""},"mobile":{"background-color":"var(--ast-global-color-5)","background-image":"","background-repeat":"repeat","background-position":"center center","background-size":"auto","background-attachment":"scroll","background-type":"","background-media":"","overlay-type":"","overlay-color":"","overlay-opacity":"","overlay-gradient":""}},"footnotes":""},"class_list":["post-13416","page","type-page","status-publish","hentry"],"post_mailing_queue_ids":[],"_links":{"self":[{"href":"https:\/\/serveiseducatius.xtec.cat\/baixcamp\/wp-json\/wp\/v2\/pages\/13416","targetHints":{"allow":["GET"]}}],"collection":[{"href":"https:\/\/serveiseducatius.xtec.cat\/baixcamp\/wp-json\/wp\/v2\/pages"}],"about":[{"href":"https:\/\/serveiseducatius.xtec.cat\/baixcamp\/wp-json\/wp\/v2\/types\/page"}],"author":[{"embeddable":true,"href":"https:\/\/serveiseducatius.xtec.cat\/baixcamp\/wp-json\/wp\/v2\/users\/122"}],"replies":[{"embeddable":true,"href":"https:\/\/serveiseducatius.xtec.cat\/baixcamp\/wp-json\/wp\/v2\/comments?post=13416"}],"version-history":[{"count":6,"href":"https:\/\/serveiseducatius.xtec.cat\/baixcamp\/wp-json\/wp\/v2\/pages\/13416\/revisions"}],"predecessor-version":[{"id":15783,"href":"https:\/\/serveiseducatius.xtec.cat\/baixcamp\/wp-json\/wp\/v2\/pages\/13416\/revisions\/15783"}],"up":[{"embeddable":true,"href":"https:\/\/serveiseducatius.xtec.cat\/baixcamp\/wp-json\/wp\/v2\/pages\/14126"}],"wp:attachment":[{"href":"https:\/\/serveiseducatius.xtec.cat\/baixcamp\/wp-json\/wp\/v2\/media?parent=13416"}],"curies":[{"name":"wp","href":"https:\/\/api.w.org\/{rel}","templated":true}]}}